{"id":34429,"date":"2024-06-14T07:18:31","date_gmt":"2024-06-14T05:18:31","guid":{"rendered":"https:\/\/www.entreculturas.org\/?page_id=34429"},"modified":"2025-07-14T13:53:51","modified_gmt":"2025-07-14T11:53:51","slug":"memoria","status":"publish","type":"page","link":"https:\/\/www.entreculturas.org\/gl\/memoria\/","title":{"rendered":"Memoria"},"content":{"rendered":"\n<div class=\"wp-block-cover is-light wp-block-hero inherit altura-hero-portada\" style=\"padding-top:100px;padding-right:100px;padding-bottom:100px;padding-left:100px\"><img decoding=\"async\" width=\"1500\" height=\"750\" class=\"wp-block-cover__image-background wp-image-40922 size-full\" alt=\"\" src=\"https:\/\/www.entreculturas.org\/wp-content\/uploads\/2025\/07\/foto-limpia-portada-memoria2024_MonteserinFotografia-2.jpg\" style=\"object-position:52% 42%\" data-object-fit=\"cover\" data-object-position=\"52% 42%\" srcset=\"https:\/\/www.entreculturas.org\/wp-content\/uploads\/2025\/07\/foto-limpia-portada-memoria2024_MonteserinFotografia-2.jpg 1500w, https:\/\/www.entreculturas.org\/wp-content\/uploads\/2025\/07\/foto-limpia-portada-memoria2024_MonteserinFotografia-2-300x150.jpg 300w, https:\/\/www.entreculturas.org\/wp-content\/uploads\/2025\/07\/foto-limpia-portada-memoria2024_MonteserinFotografia-2-1024x512.jpg 1024w, https:\/\/www.entreculturas.org\/wp-content\/uploads\/2025\/07\/foto-limpia-portada-memoria2024_MonteserinFotografia-2-768x384.jpg 768w\" sizes=\"(max-width: 1500px) 100vw, 1500px\" \/><span aria-hidden=\"true\" class=\"wp-block-cover__background has-background-dim-40 has-background-dim wp-block-cover__gradient-background has-background-gradient\" style=\"background-color:#FFF;background:linear-gradient(45deg,rgb(0,0,0) 0%,rgba(0,0,0,0.26) 100%)\"><\/span><div class=\"wp-block-cover__inner-container is-layout-flow wp-block-cover-is-layout-flow\">\n<div class=\"wp-block-group has-global-padding is-content-justification-left is-layout-constrained wp-container-core-group-is-layout-12dd3699 wp-block-group-is-layout-constrained\">\n<div class=\"wp-block-group has-global-padding is-content-justification-left is-layout-constrained wp-container-core-group-is-layout-d5378784 wp-block-group-is-layout-constrained\">\n<h1 class=\"wp-block-heading has-text-align-left has-white-color has-text-color\" id=\"h-informe\" style=\"margin-top:0;margin-right:0;margin-bottom:0;margin-left:0;padding-top:0px;padding-right:0;padding-bottom:0;padding-left:0\">Informe  <\/h1>\n\n\n\n<h1 class=\"wp-block-heading has-text-align-left has-white-color has-text-color\" id=\"h-anual-2024\" style=\"margin-top:0;margin-right:0;margin-bottom:0;margin-left:0;padding-top:0px;padding-right:0;padding-bottom:0;padding-left:0\">anual 2024<\/h1>\n\n\n\n<p class=\"memoria_ver_video\"><a href=\"https:\/\/youtu.be\/xFsaoT1dbfc\" target=\"_blank\" rel=\"noreferrer noopener\">Ver v\u00eddeo completo<\/a><\/p>\n<\/div>\n<\/div>\n<\/div><\/div>\n\n<div class=\"wp-block-theme-blocks-menu-flotante\" id=\"menu-flotante\"><ul>\n<li><a href=\"#memoria-cifras\">Figuras<\/a><\/li>\n\n\n\n<li><a href=\"#memoria-transparencia\">Transparencia<\/a><\/li>\n\n\n\n<li><a href=\"#memoria-destacado\">Destacados<\/a><\/li>\n\n\n\n<li><a href=\"#memoria-programas\">Programas<\/a><\/li>\n\n\n\n<li><a href=\"#memoria-donde-trabajamos\">Onde traballamos<\/a><\/li>\n<\/ul><\/div>\n\n<div class=\"wp-block-group has-global-padding is-layout-constrained wp-container-core-group-is-layout-41c06ba8 wp-block-group-is-layout-constrained\">\n<div class=\"wp-block-group is-vertical is-content-justification-center is-layout-flex wp-container-core-group-is-layout-da2ee355 wp-block-group-is-layout-flex\" style=\"padding-top:var(--wp--preset--spacing--70);padding-right:0;padding-bottom:var(--wp--preset--spacing--70);padding-left:0\">\n<figure class=\"wp-block-image size-full _corazon_\"><img decoding=\"async\" src=\"\/wp-content\/uploads\/2023\/09\/heart.svg\" alt=\"\" class=\"wp-image-220\"\/><\/figure>\n\n\n\n<p class=\"has-text-align-center text-wrap-balance nuestras-causas-portada memoria-no-movil has-gray-entreculturas-color has-text-color\" style=\"padding-right:20px;padding-left:20px;font-size:37px;font-style:normal;font-weight:700;line-height:1.1\">Consulta a memoria anual<\/p>\n<\/div>\n<\/div>\n\n<div class=\"wp-block-group memoria-no-movil has-global-padding is-layout-constrained wp-block-group-is-layout-constrained\" style=\"margin-bottom:var(--wp--preset--spacing--60)\">\n<div class=\"wp-block-columns is-layout-flex wp-container-core-columns-is-layout-28f84493 wp-block-columns-is-layout-flex\">\n<div class=\"wp-block-column columna-imagen-qs-banner is-layout-flow wp-block-column-is-layout-flow\">\n<figure class=\"wp-block-image size-full has-custom-border imagen-qs-banner no-border-radius-img-qs-banner\"><img decoding=\"async\" width=\"613\" height=\"292\" src=\"https:\/\/www.entreculturas.org\/wp-content\/uploads\/2025\/07\/mockup-informe-2024.jpg\" alt=\"\" class=\"wp-image-40897\" style=\"border-top-left-radius:15px;border-bottom-left-radius:15px\" srcset=\"https:\/\/www.entreculturas.org\/wp-content\/uploads\/2025\/07\/mockup-informe-2024.jpg 613w, https:\/\/www.entreculturas.org\/wp-content\/uploads\/2025\/07\/mockup-informe-2024-300x143.jpg 300w\" sizes=\"(max-width: 613px) 100vw, 613px\" \/><\/figure>\n<\/div>\n\n\n\n<div class=\"wp-block-column justificar-verticalmente-qs text-entorno-seguro-radio no-border-text-qs-banner-padding has-white-background-color has-background is-layout-flow wp-block-column-is-layout-flow\" style=\"padding-top:var(--wp--preset--spacing--40);padding-right:var(--wp--preset--spacing--80);padding-bottom:var(--wp--preset--spacing--40);padding-left:var(--wp--preset--spacing--80)\">\n<p><strong>Co\u00f1ece o detalle de todas as figuras, proxectos e acci\u00f3ns de cooperaci\u00f3n, sensibilizaci\u00f3n, voluntariado e incidencia pol\u00edtica<\/strong> que desenvolvemos este \u00faltimo ano en Entreculturas.<\/p>\n\n\n\n<div class=\"wp-block-buttons width-100-qs-banner is-layout-flex wp-block-buttons-is-layout-flex\" style=\"margin-top:var(--wp--preset--spacing--40)\">\n<div class=\"wp-block-button width-100-qs-banner\"><a class=\"wp-block-button__link wp-element-button\" href=\"https:\/\/www.entreculturas.org\/publicacion\/informe-anual-2024\/\" target=\"_blank\" rel=\"noreferrer noopener\">DESCARGA A MEMORIA<\/a><\/div>\n<\/div>\n<\/div>\n<\/div>\n<\/div>\n\n<div id=\"memoria-cifras\" class=\"wp-block-group group-nuestras-causas-mobile-home memoria-cifras-escritorio has-global-padding is-content-justification-center is-layout-constrained wp-container-core-group-is-layout-e7aee6d0 wp-block-group-is-layout-constrained\" style=\"margin-top:0;margin-bottom:var(--wp--preset--spacing--80);padding-right:var(--wp--preset--spacing--40);padding-left:var(--wp--preset--spacing--40)\">\n<p class=\"has-text-align-center text-wrap-balance nuestras-causas-portada has-gray-entreculturas-color has-text-color\" style=\"margin-bottom:var(--wp--preset--spacing--50);font-size:37px;font-style:normal;font-weight:700;line-height:1.1\">O noso ano en cifras<\/p>\n\n\n\n<div class=\"wp-block-group has-global-padding is-layout-constrained wp-container-core-group-is-layout-b0e29c83 wp-block-group-is-layout-constrained\" style=\"padding-top:0;padding-right:20px;padding-bottom:var(--wp--preset--spacing--60);padding-left:20px\">\n<div class=\"wp-block-columns empresas-beneficios-column is-layout-flex wp-container-core-columns-is-layout-14cf5ab5 wp-block-columns-is-layout-flex\">\n<div class=\"wp-block-column is-layout-flow wp-block-column-is-layout-flow\">\n<div class=\"wp-block-group height-100 has-white-background-color has-background is-vertical is-content-justification-stretch is-layout-flex wp-container-core-group-is-layout-f027ef41 wp-block-group-is-layout-flex\" style=\"border-radius:10px;padding-top:30px;padding-right:16px;padding-bottom:30px;padding-left:16px\">\n<div class=\"wp-block-group has-global-padding is-layout-constrained wp-block-group-is-layout-constrained\" style=\"padding-bottom:7px\">\n<figure class=\"wp-block-image aligncenter size-full is-resized\"><img decoding=\"async\" src=\"https:\/\/www.entreculturas.org\/wp-content\/uploads\/2024\/06\/proyectos.svg\" alt=\"\" class=\"wp-image-26544\" style=\"width:auto;height:60px\"\/><\/figure>\n<\/div>\n\n\n\n<p class=\"has-text-align-center\" style=\"font-size:12px\"><strong>203<\/strong> proxectos en <strong>42<\/strong> pa\u00edses<\/p>\n<\/div>\n<\/div>\n\n\n\n<div class=\"wp-block-column is-layout-flow wp-block-column-is-layout-flow\">\n<div class=\"wp-block-group height-100 has-white-background-color has-background is-vertical is-content-justification-stretch is-layout-flex wp-container-core-group-is-layout-77735e90 wp-block-group-is-layout-flex\" style=\"border-radius:10px;padding-top:28px;padding-right:16px;padding-bottom:28px;padding-left:16px\">\n<div class=\"wp-block-group has-global-padding is-layout-constrained wp-block-group-is-layout-constrained\" style=\"padding-bottom:10px\">\n<figure class=\"wp-block-image aligncenter size-full is-resized\"><img decoding=\"async\" src=\"https:\/\/www.entreculturas.org\/wp-content\/uploads\/2024\/06\/base-social.svg\" alt=\"\" class=\"wp-image-26548\" style=\"width:auto;height:60px\"\/><\/figure>\n<\/div>\n\n\n\n<p class=\"has-text-align-center\" style=\"font-size:12px\">Base social <strong>32.547<\/strong> persoas<\/p>\n<\/div>\n<\/div>\n\n\n\n<div class=\"wp-block-column is-layout-flow wp-block-column-is-layout-flow\">\n<div class=\"wp-block-group height-100 has-white-background-color has-background is-vertical is-content-justification-stretch is-layout-flex wp-container-core-group-is-layout-771c9938 wp-block-group-is-layout-flex\" style=\"border-radius:10px;padding-top:21px;padding-right:16px;padding-bottom:21px;padding-left:16px\">\n<div class=\"wp-block-group has-global-padding is-layout-constrained wp-block-group-is-layout-constrained\" style=\"padding-bottom:6px\">\n<figure class=\"wp-block-image aligncenter size-full is-resized\"><img decoding=\"async\" src=\"https:\/\/www.entreculturas.org\/wp-content\/uploads\/2024\/06\/delegaciones.svg\" alt=\"\" class=\"wp-image-26552\" style=\"width:auto;height:60px\"\/><\/figure>\n<\/div>\n\n\n\n<p class=\"has-text-align-center\" style=\"font-size:12px\"><strong>27<\/strong> delegaci\u00f3ns<br\/> <strong>13<\/strong> comunidades aut\u00f3nomas<\/p>\n<\/div>\n<\/div>\n\n\n\n<div class=\"wp-block-column is-layout-flow wp-block-column-is-layout-flow\">\n<div class=\"wp-block-group height-100 has-white-background-color has-background is-vertical is-content-justification-stretch is-layout-flex wp-container-core-group-is-layout-771c9938 wp-block-group-is-layout-flex\" style=\"border-radius:10px;padding-top:21px;padding-right:16px;padding-bottom:21px;padding-left:16px\">\n<div class=\"wp-block-group has-global-padding is-layout-constrained wp-block-group-is-layout-constrained\" style=\"padding-bottom:7px\">\n<figure class=\"wp-block-image aligncenter size-full is-resized\"><img decoding=\"async\" src=\"https:\/\/www.entreculturas.org\/wp-content\/uploads\/2024\/06\/seguidores.svg\" alt=\"\" class=\"wp-image-26561\" style=\"width:auto;height:60px\"\/><\/figure>\n<\/div>\n\n\n\n<p class=\"has-text-align-center\" style=\"font-size:12px\"><strong>125.110<\/strong> seguidores nas redes sociais<\/p>\n<\/div>\n<\/div>\n<\/div>\n\n\n\n<div class=\"wp-block-columns empresas-beneficios-column is-layout-flex wp-container-core-columns-is-layout-14cf5ab5 wp-block-columns-is-layout-flex\">\n<div class=\"wp-block-column is-layout-flow wp-block-column-is-layout-flow\">\n<div class=\"wp-block-group height-100 has-white-background-color has-background is-vertical is-content-justification-stretch is-layout-flex wp-container-core-group-is-layout-c3b46018 wp-block-group-is-layout-flex\" style=\"border-radius:10px;padding-top:30px;padding-right:16px;padding-bottom:30px;padding-left:16px\">\n<div class=\"wp-block-group has-global-padding is-layout-constrained wp-block-group-is-layout-constrained\" style=\"padding-bottom:7px\">\n<figure class=\"wp-block-image aligncenter size-full is-resized\"><img decoding=\"async\" src=\"https:\/\/www.entreculturas.org\/wp-content\/uploads\/2024\/06\/personas.svg\" alt=\"\" class=\"wp-image-26557\" style=\"width:auto;height:60px\"\/><\/figure>\n<\/div>\n\n\n\n<p class=\"has-text-align-center\" style=\"font-size:12px\"><strong>401.159<\/strong> persoas acompa\u00f1adas<\/p>\n<\/div>\n<\/div>\n\n\n\n<div class=\"wp-block-column is-layout-flow wp-block-column-is-layout-flow\">\n<div class=\"wp-block-group height-100 has-white-background-color has-background is-vertical is-content-justification-stretch is-layout-flex wp-container-core-group-is-layout-f027ef41 wp-block-group-is-layout-flex\" style=\"border-radius:10px;padding-top:30px;padding-right:16px;padding-bottom:30px;padding-left:16px\">\n<div class=\"wp-block-group has-global-padding is-layout-constrained wp-block-group-is-layout-constrained\" style=\"padding-bottom:7px;font-size:16px\">\n<figure class=\"wp-block-image aligncenter size-full is-resized\"><img decoding=\"async\" src=\"https:\/\/www.entreculturas.org\/wp-content\/uploads\/2024\/06\/educacion.svg\" alt=\"\" class=\"wp-image-26565\" style=\"width:auto;height:60px\"\/><\/figure>\n<\/div>\n\n\n\n<p class=\"has-text-align-center\" style=\"font-size:12px\"><strong>691<\/strong> centros \/ <strong>982<\/strong> profesores<br\/> <strong>16.596<\/strong> nenos e adolescentes participantes<\/p>\n<\/div>\n<\/div>\n\n\n\n<div class=\"wp-block-column is-layout-flow wp-block-column-is-layout-flow\">\n<div class=\"wp-block-group height-100 has-white-background-color has-background is-vertical is-content-justification-stretch is-layout-flex wp-container-core-group-is-layout-f027ef41 wp-block-group-is-layout-flex\" style=\"border-radius:10px;padding-top:30px;padding-right:16px;padding-bottom:30px;padding-left:16px\">\n<div class=\"wp-block-group has-global-padding is-layout-constrained wp-block-group-is-layout-constrained\" style=\"padding-bottom:7px;font-size:8px\">\n<figure class=\"wp-block-image aligncenter size-full is-resized\"><img decoding=\"async\" src=\"https:\/\/www.entreculturas.org\/wp-content\/uploads\/2024\/06\/empresas-colaboradoras.svg\" alt=\"\" class=\"wp-image-26569\" style=\"width:auto;height:60px\"\/><\/figure>\n<\/div>\n\n\n\n<p class=\"has-text-align-center\" style=\"font-size:12px\">M\u00e1is de <strong>250<\/strong> empresas e instituci\u00f3ns colaboradoras<\/p>\n<\/div>\n<\/div>\n\n\n\n<div class=\"wp-block-column is-layout-flow wp-block-column-is-layout-flow\">\n<div class=\"wp-block-group height-100 has-white-background-color has-background is-vertical is-content-justification-stretch is-layout-flex wp-container-core-group-is-layout-77735e90 wp-block-group-is-layout-flex\" style=\"border-radius:10px;padding-top:28px;padding-right:16px;padding-bottom:28px;padding-left:16px\">\n<div class=\"wp-block-group has-global-padding is-layout-constrained wp-block-group-is-layout-constrained\" style=\"padding-bottom:13px;font-size:15px\">\n<figure class=\"wp-block-image aligncenter size-full is-resized\"><img decoding=\"async\" src=\"https:\/\/www.entreculturas.org\/wp-content\/uploads\/2024\/06\/ingresos.svg\" alt=\"\" class=\"wp-image-26573\" style=\"width:auto;height:60px\"\/><\/figure>\n<\/div>\n\n\n\n<p class=\"has-text-align-center\" style=\"font-size:12px\"><strong>24.604.040 \u20ac<\/strong> recadados (53,8\u00a0% de financiamento privado)<\/p>\n<\/div>\n<\/div>\n<\/div>\n<\/div>\n<\/div>\n\n<div class=\"wp-block-group group-nuestras-causas-mobile-home memoria-cifras-movil has-global-padding is-content-justification-center is-layout-constrained wp-container-core-group-is-layout-e7aee6d0 wp-block-group-is-layout-constrained\" style=\"margin-top:0;margin-bottom:var(--wp--preset--spacing--80);padding-right:var(--wp--preset--spacing--40);padding-left:var(--wp--preset--spacing--40)\">\n<p class=\"has-text-align-center text-wrap-balance nuestras-causas-portada has-gray-entreculturas-color has-text-color\" style=\"margin-bottom:var(--wp--preset--spacing--50);font-size:37px;font-style:normal;font-weight:700;line-height:1.1\">O noso ano en cifras<\/p>\n\n\n\n<div class=\"wp-block-group carrusel0 has-global-padding is-layout-constrained wp-block-group-is-layout-constrained\">\n<div class=\"wp-block-group empresas-beneficios carrusel1 has-global-padding is-layout-constrained wp-container-core-group-is-layout-4106dc13 wp-block-group-is-layout-constrained\" style=\"padding-right:20px;padding-bottom:var(--wp--preset--spacing--60);padding-left:20px\">\n<div class=\"wp-block-columns is-not-stacked-on-mobile carrusel2 is-layout-flex wp-container-core-columns-is-layout-14cf5ab5 wp-block-columns-is-layout-flex\">\n<div class=\"wp-block-column is-layout-flow wp-block-column-is-layout-flow\">\n<div class=\"wp-block-group has-white-background-color has-background is-vertical is-content-justification-stretch is-layout-flex wp-container-core-group-is-layout-f027ef41 wp-block-group-is-layout-flex\" style=\"border-radius:10px;padding-top:30px;padding-right:16px;padding-bottom:30px;padding-left:16px\">\n<div class=\"wp-block-group _cifras_movil_ has-global-padding is-layout-constrained wp-block-group-is-layout-constrained\" style=\"padding-bottom:7px\">\n<figure class=\"wp-block-image aligncenter size-full is-resized\"><img decoding=\"async\" src=\"https:\/\/www.entreculturas.org\/wp-content\/uploads\/2024\/06\/proyectos.svg\" alt=\"\" class=\"wp-image-26544\" style=\"width:auto;height:60px\"\/><\/figure>\n\n\n\n<p class=\"has-text-align-center\" style=\"font-size:12px\"><strong>203<\/strong> proxectos<br\/> <strong>42<\/strong> pa\u00edses<\/p>\n<\/div>\n<\/div>\n<\/div>\n\n\n\n<div class=\"wp-block-column is-layout-flow wp-block-column-is-layout-flow\">\n<div class=\"wp-block-group has-white-background-color has-background is-vertical is-content-justification-stretch is-layout-flex wp-container-core-group-is-layout-4e3698c1 wp-block-group-is-layout-flex\" style=\"border-radius:10px;padding-top:23px;padding-right:16px;padding-bottom:23px;padding-left:16px\">\n<div class=\"wp-block-group _cifras_movil_ has-global-padding is-layout-constrained wp-block-group-is-layout-constrained\" style=\"padding-bottom:10px\">\n<figure class=\"wp-block-image aligncenter size-full is-resized\"><img decoding=\"async\" src=\"https:\/\/www.entreculturas.org\/wp-content\/uploads\/2024\/06\/base-social.svg\" alt=\"\" class=\"wp-image-26548\" style=\"width:auto;height:60px\"\/><\/figure>\n\n\n\n<p class=\"has-text-align-center\" style=\"font-size:12px\">Base social <strong><strong>32.547<\/strong><\/strong> persoas<\/p>\n<\/div>\n<\/div>\n<\/div>\n\n\n\n<div class=\"wp-block-column is-layout-flow wp-block-column-is-layout-flow\">\n<div class=\"wp-block-group height-100 has-white-background-color has-background is-vertical is-content-justification-stretch is-layout-flex wp-container-core-group-is-layout-d3684a61 wp-block-group-is-layout-flex\" style=\"border-radius:10px;padding-top:19px;padding-right:16px;padding-bottom:19px;padding-left:16px\">\n<div class=\"wp-block-group _cifras_movil_ has-global-padding is-layout-constrained wp-block-group-is-layout-constrained\" style=\"padding-bottom:6px\">\n<figure class=\"wp-block-image aligncenter size-full is-resized\"><img decoding=\"async\" src=\"https:\/\/www.entreculturas.org\/wp-content\/uploads\/2024\/06\/delegaciones.svg\" alt=\"\" class=\"wp-image-26552\" style=\"width:auto;height:60px\"\/><\/figure>\n\n\n\n<p class=\"has-text-align-center\" style=\"font-size:12px\"><strong>27<\/strong> Delegaci\u00f3ns<br\/> <strong>13<\/strong> comunidades aut\u00f3nomas<\/p>\n<\/div>\n<\/div>\n<\/div>\n\n\n\n<div class=\"wp-block-column is-layout-flow wp-block-column-is-layout-flow\">\n<div class=\"wp-block-group height-100 has-white-background-color has-background is-vertical is-content-justification-stretch is-layout-flex wp-container-core-group-is-layout-a9d43e9a wp-block-group-is-layout-flex\" style=\"border-radius:10px;padding-top:24px;padding-right:16px;padding-bottom:30px;padding-left:16px\">\n<div class=\"wp-block-group _cifras_movil_ has-global-padding is-layout-constrained wp-block-group-is-layout-constrained\" style=\"padding-bottom:7px\">\n<figure class=\"wp-block-image aligncenter size-full is-resized\"><img decoding=\"async\" src=\"https:\/\/www.entreculturas.org\/wp-content\/uploads\/2024\/06\/seguidores.svg\" alt=\"\" class=\"wp-image-26561\" style=\"width:auto;height:60px\"\/><\/figure>\n\n\n\n<p class=\"has-text-align-center\" style=\"font-size:12px\"><strong><strong>401.159<\/strong><\/strong> Persoas acompa\u00f1adas<\/p>\n<\/div>\n<\/div>\n<\/div>\n\n\n\n<div class=\"wp-block-column is-layout-flow wp-block-column-is-layout-flow\">\n<div class=\"wp-block-group height-100 has-white-background-color has-background is-vertical is-content-justification-stretch is-layout-flex wp-container-core-group-is-layout-d789077f wp-block-group-is-layout-flex\" style=\"border-radius:10px;padding-top:25px;padding-right:16px;padding-bottom:30px;padding-left:16px\">\n<div class=\"wp-block-group _cifras_movil_ has-global-padding is-layout-constrained wp-block-group-is-layout-constrained\" style=\"padding-bottom:7px;font-size:16px\">\n<figure class=\"wp-block-image aligncenter size-full is-resized\"><img decoding=\"async\" src=\"https:\/\/www.entreculturas.org\/wp-content\/uploads\/2024\/06\/personas.svg\" alt=\"\" class=\"wp-image-26557\" style=\"width:auto;height:60px\"\/><\/figure>\n\n\n\n<p class=\"has-text-align-center\" style=\"font-size:12px\"><strong><strong>691<\/strong><\/strong> Centros. <strong><strong>982<\/strong><\/strong> Profesores<br\/> <strong><strong>16.596<\/strong><\/strong> nenos e adolescentes<\/p>\n<\/div>\n<\/div>\n<\/div>\n\n\n\n<div class=\"wp-block-column is-layout-flow wp-block-column-is-layout-flow\">\n<div class=\"wp-block-group height-100 has-white-background-color has-background is-vertical is-content-justification-stretch is-layout-flex wp-container-core-group-is-layout-d3684a61 wp-block-group-is-layout-flex\" style=\"border-radius:10px;padding-top:19px;padding-right:16px;padding-bottom:19px;padding-left:16px\">\n<div id=\"_cifras_movil_\" class=\"wp-block-group _cifras_movil_ has-global-padding is-layout-constrained wp-block-group-is-layout-constrained\" style=\"padding-bottom:7px\">\n<figure class=\"wp-block-image aligncenter size-full is-resized\"><img decoding=\"async\" src=\"https:\/\/www.entreculturas.org\/wp-content\/uploads\/2024\/06\/educacion.svg\" alt=\"\" class=\"wp-image-26565\" style=\"width:auto;height:60px\"\/><\/figure>\n\n\n\n<p class=\"has-text-align-center\" style=\"font-size:12px\"><strong><strong>125.110<\/strong><\/strong> seguidores nas redes sociais<\/p>\n<\/div>\n<\/div>\n<\/div>\n\n\n\n<div class=\"wp-block-column is-layout-flow wp-block-column-is-layout-flow\">\n<div class=\"wp-block-group height-100 has-white-background-color has-background is-vertical is-content-justification-stretch is-layout-flex wp-container-core-group-is-layout-a9d43e9a wp-block-group-is-layout-flex\" style=\"border-radius:10px;padding-top:24px;padding-right:16px;padding-bottom:30px;padding-left:16px\">\n<div class=\"wp-block-group _cifras_movil_ has-global-padding is-layout-constrained wp-block-group-is-layout-constrained\" style=\"padding-bottom:7px;font-size:8px\">\n<figure class=\"wp-block-image aligncenter size-full is-resized\"><img decoding=\"async\" src=\"https:\/\/www.entreculturas.org\/wp-content\/uploads\/2024\/06\/empresas-colaboradoras.svg\" alt=\"\" class=\"wp-image-26569\" style=\"width:auto;height:60px\"\/><\/figure>\n\n\n\n<p class=\"has-text-align-center\" style=\"font-size:12px\">M\u00e1is de <strong>250<\/strong> empresas colaboradoras<\/p>\n<\/div>\n<\/div>\n<\/div>\n\n\n\n<div class=\"wp-block-column is-layout-flow wp-block-column-is-layout-flow\">\n<div class=\"wp-block-group height-100 has-white-background-color has-background is-vertical is-content-justification-stretch is-layout-flex wp-container-core-group-is-layout-b7235019 wp-block-group-is-layout-flex\" style=\"border-radius:10px;padding-top:32px;padding-right:16px;padding-bottom:18px;padding-left:16px\">\n<div class=\"wp-block-group _cifras_movil_ has-global-padding is-layout-constrained wp-block-group-is-layout-constrained\" style=\"padding-bottom:13px;font-size:15px\">\n<figure class=\"wp-block-image aligncenter size-full is-resized _cifras_movil_\"><img decoding=\"async\" src=\"https:\/\/www.entreculturas.org\/wp-content\/uploads\/2024\/06\/ingresos.svg\" alt=\"\" class=\"wp-image-26573\" style=\"width:auto;height:60px\"\/><\/figure>\n\n\n\n<p class=\"has-text-align-center\" style=\"font-size:12px\"><strong><strong>24.604.040 \u20ac<\/strong><\/strong> de ingresos (53,8\u00a0% de financiamento privado)<\/p>\n<\/div>\n<\/div>\n<\/div>\n<\/div>\n\n\n\n<div class=\"carousel-indicators\">\n    <span class=\"indicator active\" data-slide=\"0\"><\/span>\n    <span class=\"indicator\" data-slide=\"1\"><\/span>\n    <span class=\"indicator\" data-slide=\"2\"><\/span>\n    <span class=\"indicator\" data-slide=\"3\"><\/span>\n    <span class=\"indicator\" data-slide=\"4\"><\/span>\n    <span class=\"indicator\" data-slide=\"5\"><\/span>\n    <span class=\"indicator\" data-slide=\"6\"><\/span>\n    <span class=\"indicator\" data-slide=\"7\"><\/span>\n<\/div>\n\n\n<script>\ndocument.addEventListener(\"DOMContentLoaded\", () => {\n\n    \/\/CARRUSEL\n    const indicators = document.querySelectorAll('.indicator');\n    const carouselInner = document.querySelector('.carrusel2');\n\n    let activeIndex = 0;\n\n    indicators.forEach((indicator, index) => {\n        indicator.addEventListener('click', function () {\n            indicators[activeIndex].classList.remove('active');\n            indicator.classList.add('active');\n            activeIndex = index;\n            carouselInner.style.transform = `translateX(-${index * 107}%)`;\n        });\n    });\n\n    \/\/ Variables para seguimiento de eventos de deslizamiento y arrastre\n    let startX, endX, isDragging = false;\n\n    \/\/ Funci\u00f3n para manejar el inicio del deslizamiento\n    const handleTouchStart = (e) => {\n        startX = e.touches[0].clientX;\n    };\n\n    const handleMouseDown = (e) => {\n        startX = e.clientX;\n        isDragging = true;\n    };\n\n    \/\/ Funci\u00f3n para manejar el final del deslizamiento\n    const handleTouchEnd = (e) => {\n        endX = e.changedTouches[0].clientX;\n        handleSwipe();\n    };\n\n    const handleMouseUp = (e) => {\n        if (isDragging) {\n            endX = e.clientX;\n            isDragging = false;\n            handleSwipe();\n        }\n    };\n\n    const handleMouseMove = (e) => {\n        if (isDragging) {\n            endX = e.clientX;\n        }\n    };\n\n    \/\/ Funci\u00f3n para manejar la l\u00f3gica de deslizamiento\n    const handleSwipe = () => {\n        if (startX > endX + 50) {\n            \/\/ Deslizar hacia la izquierda\n            if (activeIndex < indicators.length - 1) {\n                activeIndex++;\n            }\n        } else if (startX < endX - 50) {\n            \/\/ Deslizar hacia la derecha\n            if (activeIndex > 0) {\n                activeIndex--;\n            }\n        }\n        updateCarousel();\n    };\n\n    \/\/ Funci\u00f3n para actualizar el carrusel\n    const updateCarousel = () => {\n        indicators.forEach((indicator, index) => {\n            indicator.classList.toggle('active', index === activeIndex);\n        });\n        carouselInner.style.transform = `translateX(-${activeIndex * 107}%)`;\n    };\n\n    \/\/ Agregar los eventos de deslizamiento al contenedor del carrusel\n    carouselInner.addEventListener('touchstart', handleTouchStart);\n    carouselInner.addEventListener('touchend', handleTouchEnd);\n    carouselInner.addEventListener('mousedown', handleMouseDown);\n    carouselInner.addEventListener('mouseup', handleMouseUp);\n    carouselInner.addEventListener('mousemove', handleMouseMove);\n    carouselInner.addEventListener('mouseleave', handleMouseUp); \/\/ Para manejar caso en el que el cursor salga del \u00e1rea\n\n});\n<\/script>\n<\/div>\n<\/div>\n<\/div>\n\n<div id=\"memoria-transparencia\" class=\"wp-block-group has-global-padding is-layout-constrained wp-block-group-is-layout-constrained\">\n<p class=\"has-text-align-center text-wrap-balance nuestras-causas-portada has-gray-entreculturas-color has-text-color\" style=\"margin-bottom:var(--wp--preset--spacing--50);font-size:37px;font-style:normal;font-weight:700;line-height:1.1\">Transparencia e responsabilidade<\/p>\n\n\n\n<div class=\"wp-block-group _transparencia has-global-padding is-layout-constrained wp-block-group-is-layout-constrained\" style=\"margin-bottom:var(--wp--preset--spacing--40)\">\n<div class=\"wp-block-columns is-layout-flex wp-container-core-columns-is-layout-f5a44f5b wp-block-columns-is-layout-flex\">\n<div class=\"wp-block-column is-layout-flow wp-block-column-is-layout-flow\">\n<div class=\"wp-block-group has-white-background-color has-background is-vertical is-content-justification-stretch is-layout-flex wp-container-core-group-is-layout-353c4f5a wp-block-group-is-layout-flex\">\n<p class=\"has-text-align-center text-wrap-balance nuestras-causas-portada\" style=\"margin-bottom:var(--wp--preset--spacing--40);font-size:36px\">Orixe dos recursos<\/p>\n\n\n\n<div class=\"wp-block-group has-global-padding is-layout-constrained wp-block-group-is-layout-constrained\">\n<figure class=\"wp-block-image aligncenter size-full\"><img decoding=\"async\" width=\"1210\" height=\"682\" src=\"https:\/\/www.entreculturas.org\/wp-content\/uploads\/2025\/07\/Origen-2024.png\" alt=\"\" class=\"wp-image-40370\" srcset=\"https:\/\/www.entreculturas.org\/wp-content\/uploads\/2025\/07\/Origen-2024.png 1210w, https:\/\/www.entreculturas.org\/wp-content\/uploads\/2025\/07\/Origen-2024-300x169.png 300w, https:\/\/www.entreculturas.org\/wp-content\/uploads\/2025\/07\/Origen-2024-1024x577.png 1024w, https:\/\/www.entreculturas.org\/wp-content\/uploads\/2025\/07\/Origen-2024-768x433.png 768w\" sizes=\"(max-width: 1210px) 100vw, 1210px\" \/><\/figure>\n<\/div>\n<\/div>\n<\/div>\n\n\n\n<div class=\"wp-block-column is-layout-flow wp-block-column-is-layout-flow\">\n<div class=\"wp-block-group has-white-background-color has-background is-vertical is-content-justification-stretch is-layout-flex wp-container-core-group-is-layout-353c4f5a wp-block-group-is-layout-flex\">\n<p class=\"has-text-align-center text-wrap-balance nuestras-causas-portada\" style=\"margin-bottom:var(--wp--preset--spacing--40);font-size:36px\">Destino dos recursos<\/p>\n\n\n\n<div class=\"wp-block-group has-global-padding is-layout-constrained wp-block-group-is-layout-constrained\">\n<figure class=\"wp-block-image aligncenter size-full\"><img decoding=\"async\" width=\"1055\" height=\"522\" src=\"https:\/\/www.entreculturas.org\/wp-content\/uploads\/2025\/07\/destino-2024.png\" alt=\"\" class=\"wp-image-40375\" srcset=\"https:\/\/www.entreculturas.org\/wp-content\/uploads\/2025\/07\/destino-2024.png 1055w, https:\/\/www.entreculturas.org\/wp-content\/uploads\/2025\/07\/destino-2024-300x148.png 300w, https:\/\/www.entreculturas.org\/wp-content\/uploads\/2025\/07\/destino-2024-1024x507.png 1024w, https:\/\/www.entreculturas.org\/wp-content\/uploads\/2025\/07\/destino-2024-768x380.png 768w\" sizes=\"(max-width: 1055px) 100vw, 1055px\" \/><\/figure>\n<\/div>\n<\/div>\n<\/div>\n<\/div>\n<\/div>\n\n\n\n<div class=\"wp-block-group has-global-padding is-layout-constrained wp-container-core-group-is-layout-4116bd97 wp-block-group-is-layout-constrained\" style=\"margin-top:var(--wp--preset--spacing--70);margin-bottom:var(--wp--preset--spacing--70);padding-right:20px;padding-left:20px\">\n<div class=\"wp-block-group _desglose has-white-background-color has-background has-global-padding is-layout-constrained wp-container-core-group-is-layout-c8ee93ac wp-block-group-is-layout-constrained\" style=\"padding-right:var(--wp--preset--spacing--70);padding-left:var(--wp--preset--spacing--70)\">\n<h2 class=\"wp-block-heading has-text-align-center font-size-20\" id=\"h-desglose-de-los-gastos-de-mision\" style=\"margin-bottom:var(--wp--preset--spacing--60);font-size:40px\"><strong>Desglose dos gastos da misi\u00f3n<\/strong><\/h2>\n\n\n\n<div class=\"wp-block-columns _desglose is-layout-flex wp-container-core-columns-is-layout-28f84493 wp-block-columns-is-layout-flex\">\n<div class=\"wp-block-column _desglose is-layout-flow wp-block-column-is-layout-flow\" style=\"padding-right:var(--wp--preset--spacing--30)\">\n<div class=\"wp-block-group has-global-padding is-layout-constrained wp-block-group-is-layout-constrained\">\n<figure class=\"wp-block-image size-full\"><img decoding=\"async\" width=\"1240\" height=\"437\" src=\"https:\/\/www.entreculturas.org\/wp-content\/uploads\/2025\/07\/destino-2024_por-tipo-de-actividad.png\" alt=\"\" class=\"wp-image-40380\" srcset=\"https:\/\/www.entreculturas.org\/wp-content\/uploads\/2025\/07\/destino-2024_por-tipo-de-actividad.png 1240w, https:\/\/www.entreculturas.org\/wp-content\/uploads\/2025\/07\/destino-2024_por-tipo-de-actividad-300x106.png 300w, https:\/\/www.entreculturas.org\/wp-content\/uploads\/2025\/07\/destino-2024_por-tipo-de-actividad-1024x361.png 1024w, https:\/\/www.entreculturas.org\/wp-content\/uploads\/2025\/07\/destino-2024_por-tipo-de-actividad-768x271.png 768w\" sizes=\"(max-width: 1240px) 100vw, 1240px\" \/><\/figure>\n<\/div>\n<\/div>\n\n\n\n<div class=\"wp-block-column is-vertically-aligned-center _desglose is-layout-flow wp-block-column-is-layout-flow\" style=\"padding-left:var(--wp--preset--spacing--30)\">\n<div class=\"wp-block-group has-global-padding is-layout-constrained wp-block-group-is-layout-constrained\">\n<figure class=\"wp-block-image aligncenter size-full\"><img decoding=\"async\" width=\"1240\" height=\"530\" src=\"https:\/\/www.entreculturas.org\/wp-content\/uploads\/2025\/07\/destino-2024_por-causa.png\" alt=\"\" class=\"wp-image-40385\" srcset=\"https:\/\/www.entreculturas.org\/wp-content\/uploads\/2025\/07\/destino-2024_por-causa.png 1240w, https:\/\/www.entreculturas.org\/wp-content\/uploads\/2025\/07\/destino-2024_por-causa-300x128.png 300w, https:\/\/www.entreculturas.org\/wp-content\/uploads\/2025\/07\/destino-2024_por-causa-1024x438.png 1024w, https:\/\/www.entreculturas.org\/wp-content\/uploads\/2025\/07\/destino-2024_por-causa-768x328.png 768w\" sizes=\"(max-width: 1240px) 100vw, 1240px\" \/><\/figure>\n<\/div>\n<\/div>\n<\/div>\n<\/div>\n<\/div>\n<\/div>\n\n<div id=\"memoria-destacado\" class=\"wp-block-group has-global-padding is-layout-constrained wp-container-core-group-is-layout-b74f2a4b wp-block-group-is-layout-constrained\" style=\"padding-right:20px;padding-left:20px\">\n<div class=\"wp-block-group is-vertical is-content-justification-center is-layout-flex wp-container-core-group-is-layout-da2ee355 wp-block-group-is-layout-flex\" style=\"padding-top:var(--wp--preset--spacing--70);padding-right:0;padding-bottom:var(--wp--preset--spacing--70);padding-left:0\">\n<p class=\"has-text-align-center text-wrap-balance nuestras-causas-portada has-gray-entreculturas-color has-text-color\" style=\"padding-right:20px;padding-left:20px;font-size:37px;font-style:normal;font-weight:700;line-height:1.1\">Destacados das nosas causas en 2024<\/p>\n<\/div>\n\n\n\n<div class=\"wp-block-theme-blocks-accordion\" style=\"background-color:#ffffff;color:#1E1129\" data-enable-expiration-logic=\"false\" data-show-open=\"false\"><div class=\"envolve-accordion\"><div class=\"accordion-pretitle-div\"><\/div><div class=\"accordion-header\"><div class=\"accordion-icon\"><img decoding=\"async\" src=\"\/wp-content\/uploads\/2023\/09\/corazon_entrecult.svg\" alt=\"\u00cdcono de coraz\u00f3n\"\/><\/div><h4 class=\"accordion-toggle\">Derecho a la educaci\u00f3n<\/h4><svg class=\"accordion-arrow\" xmlns=\"http:\/\/www.w3.org\/2000\/svg\" width=\"16\" height=\"16\" viewBox=\"0 0 16 16\" fill=\"none\"><path class=\"arrow-path\" d=\"M14.364 5.293C14.1764 5.10553 13.9221 5.00021 13.657 5.00021C13.3918 5.00021 13.1375 5.10553 12.95 5.293L7.99995 10.243L3.04995 5.293C2.86135 5.11084 2.60875 5.01005 2.34655 5.01233C2.08435 5.0146 1.83354 5.11977 1.64813 5.30518C1.46273 5.49059 1.35756 5.7414 1.35528 6.0036C1.353 6.2658 1.45379 6.5184 1.63595 6.707L7.29295 12.364C7.48048 12.5515 7.73479 12.6568 7.99995 12.6568C8.26512 12.6568 8.51942 12.5515 8.70695 12.364L14.364 6.707C14.5514 6.51947 14.6567 6.26516 14.6567 6C14.6567 5.73484 14.5514 5.48053 14.364 5.293Z\" fill=\"#818181\"><\/path><\/svg><\/div><\/div><div class=\"accordion-content\">\n<p>En 2024 asistimos a unha nova subida da cifra de nenos e nenas sen escolarizar, alcanzando os 250 mill\u00f3ns. Un ano m\u00e1is, a reduci\u00f3n mundial do gasto p\u00fablico en educaci\u00f3n puxo en perigo a consecuci\u00f3n do 4\u00ba dos Obxectivos de Desenvolvemento Sostible, algo sobre o que incidimos desde <strong>\u201cLa Silla Roja\u201d<\/strong>, a <strong>Campa\u00f1a Mundial pola Educaci\u00f3n<\/strong> e a campa\u00f1a \u201c<strong>Polo Dereito \u00e1 Aprendizaxe\u201d<\/strong> de Fe e Alegr\u00eda Internacional; e unha deriva que contribu\u00edmos a contrarrestar destinando o 40% dos nosos fondos de misi\u00f3n a proxectos educativos en Am\u00e9rica Latina, \u00c1frica, Asia e Europa, destacando, entre outros, o programa <strong>\u201cXerando Oportunidades (GO)\u201d<\/strong>, xunto a Inditex, e o convenio <strong>\u201cCara a un Mundo Dixital e Sostible\u201d<\/strong>, con Accenture. <\/p>\n\n\n\n<div style=\"height:12px\" aria-hidden=\"true\" class=\"wp-block-spacer\"><\/div>\n\n\n\n<p>Desde o <strong>Movemento 4.7<\/strong> -plataforma que impulsamos con Alboan, InteRed e ONGAWA, co apoio da AECID-, monitoreamos os avances das administraci\u00f3ns p\u00fablicas espa\u00f1olas en materia de Educaci\u00f3n para o Desenvolvemento Sostible e a Cidadan\u00eda Global.<\/p>\n\n\n<style type=\"text\/css\">\n#foogallery-gallery-26074 .fg-image { width: 200px; }\n#foogallery-gallery-26074 { --fg-gutter: 25px; }<\/style>\n\t\t\t<div class=\"foogallery foogallery-container foogallery-default foogallery-lightbox-foogallery fg-center fg-m-col1 fg-default fg-ready fg-light fg-loaded-fade-in fg-caption-hover fg-hover-fade fg-light-overlays fg-c-c\" id=\"foogallery-gallery-26074\" data-foogallery=\"{&quot;item&quot;:{&quot;showCaptionTitle&quot;:true,&quot;showCaptionDescription&quot;:true,&quot;maxCaptionLength&quot;:0,&quot;maxDescriptionLength&quot;:0},&quot;lazy&quot;:true}\" data-foogallery-lightbox=\"{&quot;thumbs&quot;:&quot;bottom&quot;,&quot;thumbsCaptions&quot;:false,&quot;thumbsBestFit&quot;:false,&quot;thumbsSmall&quot;:false,&quot;thumbsCaptionsAlign&quot;:&quot;default&quot;,&quot;info&quot;:&quot;bottom&quot;,&quot;infoVisible&quot;:true,&quot;infoOverlay&quot;:true,&quot;infoAlign&quot;:&quot;default&quot;,&quot;transition&quot;:&quot;fade&quot;,&quot;hoverButtons&quot;:false,&quot;fitMedia&quot;:false,&quot;noScrollbars&quot;:true,&quot;preserveButtonSpace&quot;:true,&quot;buttons&quot;:{&quot;fullscreen&quot;:true,&quot;info&quot;:true,&quot;thumbs&quot;:false},&quot;video&quot;:{&quot;autoPlay&quot;:true}}\" style=\"--fg-title-line-clamp: 0; --fg-description-line-clamp: 0;\" >\n\t<div class=\"fg-item fg-type-image fg-idle\"><figure class=\"fg-item-inner\"><a href=\"https:\/\/www.entreculturas.org\/wp-content\/uploads\/2024\/06\/DSC00368_NEPAL_JaimeMurciego-scaled.jpg\" data-attachment-id=\"40396\" data-type=\"image\" class=\"fg-thumb\"><span class=\"fg-image-wrap\"><img decoding=\"async\" width=\"200\" height=\"200\" class=\"skip-lazy fg-image\" data-no-lazy=\"1\" data-src-fg=\"https:\/\/www.entreculturas.org\/wp-content\/uploads\/cache\/2024\/06\/DSC00368_NEPAL_JaimeMurciego-scaled\/982745985.jpg\" src=\"data:image\/svg+xml,%3Csvg%20xmlns%3D%22http%3A%2F%2Fwww.w3.org%2F2000%2Fsvg%22%20width%3D%22200%22%20height%3D%22200%22%20viewBox%3D%220%200%20200%20200%22%3E%3C%2Fsvg%3E\" loading=\"eager\"><\/span><span class=\"fg-image-overlay\"><\/span><\/a><\/figure><div class=\"fg-loader\"><\/div><\/div><div class=\"fg-item fg-type-image fg-idle\"><figure class=\"fg-item-inner\"><a href=\"https:\/\/www.entreculturas.org\/wp-content\/uploads\/2024\/06\/Secondary-Education_Kakuma_Greenlight_27_KENIA_PaulaCasado-scaled.jpg\" data-attachment-id=\"40412\" data-type=\"image\" class=\"fg-thumb\"><span class=\"fg-image-wrap\"><img decoding=\"async\" width=\"200\" height=\"200\" class=\"skip-lazy fg-image\" data-no-lazy=\"1\" data-src-fg=\"https:\/\/www.entreculturas.org\/wp-content\/uploads\/cache\/2024\/06\/Secondary-Education_Kakuma_Greenlight_27_KENIA_PaulaCasado-scaled\/4072077998.jpg\" src=\"data:image\/svg+xml,%3Csvg%20xmlns%3D%22http%3A%2F%2Fwww.w3.org%2F2000%2Fsvg%22%20width%3D%22200%22%20height%3D%22200%22%20viewBox%3D%220%200%20200%20200%22%3E%3C%2Fsvg%3E\" loading=\"eager\"><\/span><span class=\"fg-image-overlay\"><\/span><\/a><\/figure><div class=\"fg-loader\"><\/div><\/div><div class=\"fg-item fg-type-image fg-idle\"><figure class=\"fg-item-inner\"><a href=\"https:\/\/www.entreculturas.org\/wp-content\/uploads\/2024\/06\/SJA-46_PARAGUAY_Monteserin-scaled.jpg\" data-attachment-id=\"40406\" data-type=\"image\" class=\"fg-thumb\"><span class=\"fg-image-wrap\"><img decoding=\"async\" width=\"200\" height=\"200\" class=\"skip-lazy fg-image\" data-no-lazy=\"1\" data-src-fg=\"https:\/\/www.entreculturas.org\/wp-content\/uploads\/cache\/2024\/06\/SJA-46_PARAGUAY_Monteserin-scaled\/1493795973.jpg\" src=\"data:image\/svg+xml,%3Csvg%20xmlns%3D%22http%3A%2F%2Fwww.w3.org%2F2000%2Fsvg%22%20width%3D%22200%22%20height%3D%22200%22%20viewBox%3D%220%200%20200%20200%22%3E%3C%2Fsvg%3E\" loading=\"eager\"><\/span><span class=\"fg-image-overlay\"><\/span><\/a><\/figure><div class=\"fg-loader\"><\/div><\/div><\/div>\n<style type=\"text\/css\">#foogallery-gallery-26074 { margin-top: 20px;  }<\/style><\/div><\/div>\n\n\n\n<div class=\"wp-block-theme-blocks-accordion\" style=\"background-color:#ffffff;color:#1E1129\" data-enable-expiration-logic=\"false\" data-show-open=\"false\"><div class=\"envolve-accordion\"><div class=\"accordion-pretitle-div\"><\/div><div class=\"accordion-header\"><div class=\"accordion-icon\"><img decoding=\"async\" src=\"\/wp-content\/uploads\/2023\/09\/corazon_entrecult.svg\" alt=\"\u00cdcono de coraz\u00f3n\"\/><\/div><h4 class=\"accordion-toggle\">Migraci\u00f3n y refugio<\/h4><svg class=\"accordion-arrow\" xmlns=\"http:\/\/www.w3.org\/2000\/svg\" width=\"16\" height=\"16\" viewBox=\"0 0 16 16\" fill=\"none\"><path class=\"arrow-path\" d=\"M14.364 5.293C14.1764 5.10553 13.9221 5.00021 13.657 5.00021C13.3918 5.00021 13.1375 5.10553 12.95 5.293L7.99995 10.243L3.04995 5.293C2.86135 5.11084 2.60875 5.01005 2.34655 5.01233C2.08435 5.0146 1.83354 5.11977 1.64813 5.30518C1.46273 5.49059 1.35756 5.7414 1.35528 6.0036C1.353 6.2658 1.45379 6.5184 1.63595 6.707L7.29295 12.364C7.48048 12.5515 7.73479 12.6568 7.99995 12.6568C8.26512 12.6568 8.51942 12.5515 8.70695 12.364L14.364 6.707C14.5514 6.51947 14.6567 6.26516 14.6567 6C14.6567 5.73484 14.5514 5.48053 14.364 5.293Z\" fill=\"#818181\"><\/path><\/svg><\/div><\/div><div class=\"accordion-content\">\n<p>A mediados de 2024, segundo ACNUR, <strong>122,6 mill\u00f3ns de persoas<\/strong> no mundo foran desprazadas dos seus fogares por mor de conflitos, violaci\u00f3ns aos dereitos humanos ou graves alteraci\u00f3ns da orde p\u00fablica. A trav\u00e9s do Servizo Xesu\u00edta a Refuxiados, estivemos presentes en moitas das principais crises do planeta como son <strong>Sud\u00e1n<\/strong> -coa acollida a poboaci\u00f3n refuxiada en Chad e Sud\u00e1n do Sur-, <strong>R. D. do Congo<\/strong>, <strong>Ucra\u00edna<\/strong> -onde seguimos impulsando o programa \u201cOne Proposal\u201d no 2\u00ba aniversario de guerra-, <strong>Venezuela<\/strong> -e as ramificaci\u00f3ns da s\u00faa crise migratoria en Colombia, Brasil e #Ecuador- e en Oriente Medio, atendendo en <strong>L\u00edbano<\/strong> \u00e1s persoas refuxiadas de <strong>Siria<\/strong> e reclamando un cesamento do fogo para <strong>Gaza<\/strong>. <\/p>\n\n\n\n<div style=\"height:12px\" aria-hidden=\"true\" class=\"wp-block-spacer\"><\/div>\n\n\n\n<p>Desde Espa\u00f1a, quixemos sensibilizar \u00e1 cidadan\u00eda respecto a o que sup\u00f3n <strong>\u201cAprender en Perigo\u201d<\/strong> a trav\u00e9s da campa\u00f1a Escola Refuxio, e un\u00edmonos a unha vintena de organizaci\u00f3ns para reclamar un <strong>Pacto Europeo de Migraci\u00f3n e Asilo<\/strong> que priorice a protecci\u00f3n das persoas en situaci\u00f3n de desprazamento forzoso.<\/p>\n\n\n<style type=\"text\/css\">\n#foogallery-gallery-26088 .fg-image { width: 200px; }\n#foogallery-gallery-26088 { --fg-gutter: 25px; }<\/style>\n\t\t\t<div class=\"foogallery foogallery-container foogallery-default foogallery-lightbox-foogallery fg-center fg-m-col1 fg-default fg-ready fg-light fg-loaded-fade-in fg-caption-hover fg-hover-fade fg-light-overlays fg-c-c\" id=\"foogallery-gallery-26088\" data-foogallery=\"{&quot;item&quot;:{&quot;showCaptionTitle&quot;:true,&quot;showCaptionDescription&quot;:true,&quot;maxCaptionLength&quot;:0,&quot;maxDescriptionLength&quot;:0},&quot;lazy&quot;:true}\" data-foogallery-lightbox=\"{&quot;thumbs&quot;:&quot;bottom&quot;,&quot;thumbsCaptions&quot;:false,&quot;thumbsBestFit&quot;:false,&quot;thumbsSmall&quot;:false,&quot;thumbsCaptionsAlign&quot;:&quot;default&quot;,&quot;info&quot;:&quot;bottom&quot;,&quot;infoVisible&quot;:true,&quot;infoOverlay&quot;:true,&quot;infoAlign&quot;:&quot;default&quot;,&quot;transition&quot;:&quot;fade&quot;,&quot;hoverButtons&quot;:false,&quot;fitMedia&quot;:false,&quot;noScrollbars&quot;:true,&quot;preserveButtonSpace&quot;:true,&quot;buttons&quot;:{&quot;fullscreen&quot;:true,&quot;info&quot;:true,&quot;thumbs&quot;:false},&quot;video&quot;:{&quot;autoPlay&quot;:true}}\" style=\"--fg-title-line-clamp: 0; --fg-description-line-clamp: 0;\" >\n\t<div class=\"fg-item fg-type-image fg-idle\"><figure class=\"fg-item-inner\"><a href=\"https:\/\/www.entreculturas.org\/wp-content\/uploads\/2024\/06\/DSCF9902_LIBANO_Ivan-Benitez-scaled.jpg\" data-attachment-id=\"40401\" data-type=\"image\" class=\"fg-thumb\"><span class=\"fg-image-wrap\"><img decoding=\"async\" width=\"200\" height=\"200\" class=\"skip-lazy fg-image\" data-no-lazy=\"1\" data-src-fg=\"https:\/\/www.entreculturas.org\/wp-content\/uploads\/cache\/2024\/06\/DSCF9902_LIBANO_Ivan-Benitez-scaled\/343892505.jpg\" src=\"data:image\/svg+xml,%3Csvg%20xmlns%3D%22http%3A%2F%2Fwww.w3.org%2F2000%2Fsvg%22%20width%3D%22200%22%20height%3D%22200%22%20viewBox%3D%220%200%20200%20200%22%3E%3C%2Fsvg%3E\" loading=\"eager\"><\/span><span class=\"fg-image-overlay\"><\/span><\/a><\/figure><div class=\"fg-loader\"><\/div><\/div><div class=\"fg-item fg-type-image fg-idle\"><figure class=\"fg-item-inner\"><a href=\"https:\/\/www.entreculturas.org\/wp-content\/uploads\/2024\/06\/DSC01134_JesusReyes-scaled.jpg\" data-attachment-id=\"40422\" data-type=\"image\" class=\"fg-thumb\"><span class=\"fg-image-wrap\"><img decoding=\"async\" width=\"200\" height=\"200\" class=\"skip-lazy fg-image\" data-no-lazy=\"1\" data-src-fg=\"https:\/\/www.entreculturas.org\/wp-content\/uploads\/cache\/2024\/06\/DSC01134_JesusReyes-scaled\/1059376689.jpg\" src=\"data:image\/svg+xml,%3Csvg%20xmlns%3D%22http%3A%2F%2Fwww.w3.org%2F2000%2Fsvg%22%20width%3D%22200%22%20height%3D%22200%22%20viewBox%3D%220%200%20200%20200%22%3E%3C%2Fsvg%3E\" loading=\"eager\"><\/span><span class=\"fg-image-overlay\"><\/span><\/a><\/figure><div class=\"fg-loader\"><\/div><\/div><div class=\"fg-item fg-type-image fg-idle\"><figure class=\"fg-item-inner\"><a href=\"https:\/\/www.entreculturas.org\/wp-content\/uploads\/2024\/06\/3.-Cours-deducation-acceleree-Camp-Dar-Es-Salam-Sept2023.-Cr_Natalia-Sepulveda-7.jpg\" data-attachment-id=\"40417\" data-type=\"image\" class=\"fg-thumb\"><span class=\"fg-image-wrap\"><img decoding=\"async\" width=\"200\" height=\"200\" class=\"skip-lazy fg-image\" data-no-lazy=\"1\" data-src-fg=\"https:\/\/www.entreculturas.org\/wp-content\/uploads\/cache\/2024\/06\/3_-Cours-deducation-acceleree-Camp-Dar-Es-Salam-Sept2023_-Cr_Natalia-Sepulveda-7\/1796870247.jpg\" src=\"data:image\/svg+xml,%3Csvg%20xmlns%3D%22http%3A%2F%2Fwww.w3.org%2F2000%2Fsvg%22%20width%3D%22200%22%20height%3D%22200%22%20viewBox%3D%220%200%20200%20200%22%3E%3C%2Fsvg%3E\" loading=\"eager\"><\/span><span class=\"fg-image-overlay\"><\/span><\/a><\/figure><div class=\"fg-loader\"><\/div><\/div><\/div>\n<style type=\"text\/css\">#foogallery-gallery-26088 { margin-top: 20px;  }<\/style><\/div><\/div>\n\n\n\n<div class=\"wp-block-theme-blocks-accordion\" style=\"background-color:#ffffff;color:#1E1129\" data-enable-expiration-logic=\"false\" data-show-open=\"false\"><div class=\"envolve-accordion\"><div class=\"accordion-pretitle-div\"><\/div><div class=\"accordion-header\"><div class=\"accordion-icon\"><img decoding=\"async\" src=\"\/wp-content\/uploads\/2023\/09\/corazon_entrecult.svg\" alt=\"\u00cdcono de coraz\u00f3n\"\/><\/div><h4 class=\"accordion-toggle\">Justicia socioambiental<\/h4><svg class=\"accordion-arrow\" xmlns=\"http:\/\/www.w3.org\/2000\/svg\" width=\"16\" height=\"16\" viewBox=\"0 0 16 16\" fill=\"none\"><path class=\"arrow-path\" d=\"M14.364 5.293C14.1764 5.10553 13.9221 5.00021 13.657 5.00021C13.3918 5.00021 13.1375 5.10553 12.95 5.293L7.99995 10.243L3.04995 5.293C2.86135 5.11084 2.60875 5.01005 2.34655 5.01233C2.08435 5.0146 1.83354 5.11977 1.64813 5.30518C1.46273 5.49059 1.35756 5.7414 1.35528 6.0036C1.353 6.2658 1.45379 6.5184 1.63595 6.707L7.29295 12.364C7.48048 12.5515 7.73479 12.6568 7.99995 12.6568C8.26512 12.6568 8.51942 12.5515 8.70695 12.364L14.364 6.707C14.5514 6.51947 14.6567 6.26516 14.6567 6C14.6567 5.73484 14.5514 5.48053 14.364 5.293Z\" fill=\"#818181\"><\/path><\/svg><\/div><\/div><div class=\"accordion-content\">\n<p>As choivas torrenciais no estado brasileiro de <strong>R\u00edo Grande do Sul <\/strong>e as graves inundaci\u00f3ns que tiveron lugar na provincia espa\u00f1ola de <strong>Valencia<\/strong> puxeron de relevo a vulnerabilidade humana fronte ao cambio clim\u00e1tico. Ante estas cat\u00e1strofes articulamos unha resposta para ofrecer bens de primeira necesidade e apoio psicol\u00f3xico \u00e1 poboaci\u00f3n m\u00e1is afectada. <\/p>\n\n\n\n<div style=\"height:12px\" aria-hidden=\"true\" class=\"wp-block-spacer\"><\/div>\n\n\n\n<p>Grazas \u00e1 <strong>exposici\u00f3n \u201cDefensoras da Natureza\u201d<\/strong> e \u00e1 campa\u00f1a <strong>\u201cCHANGE Environment\u201d<\/strong>, promovemos a reflexi\u00f3n entre a comunidade estudantil sobre cuesti\u00f3ns como o coidado do medio ambiente e a mobilidade humana por cuesti\u00f3ns clim\u00e1ticas<strong>.<\/strong><\/p>\n\n\n\n<div style=\"height:12px\" aria-hidden=\"true\" class=\"wp-block-spacer\"><\/div>\n\n\n\n<p>Desde a Plataforma por Empresas Responsables (PER) celebramos a aprobaci\u00f3n definitiva da <strong>Directiva europea sobre Dilixencia Debida<\/strong>. <br\/><\/p>\n\n\n<style type=\"text\/css\">\n#foogallery-gallery-26101 .fg-image { width: 200px; }\n#foogallery-gallery-26101 { --fg-gutter: 25px; }<\/style>\n\t\t\t<div class=\"foogallery foogallery-container foogallery-default foogallery-lightbox-foogallery fg-center fg-m-col1 fg-default fg-ready fg-light fg-loaded-fade-in fg-caption-hover fg-hover-fade fg-light-overlays fg-c-c\" id=\"foogallery-gallery-26101\" data-foogallery=\"{&quot;item&quot;:{&quot;showCaptionTitle&quot;:true,&quot;showCaptionDescription&quot;:true,&quot;maxCaptionLength&quot;:0,&quot;maxDescriptionLength&quot;:0},&quot;lazy&quot;:true}\" data-foogallery-lightbox=\"{&quot;thumbs&quot;:&quot;bottom&quot;,&quot;thumbsCaptions&quot;:false,&quot;thumbsBestFit&quot;:false,&quot;thumbsSmall&quot;:false,&quot;thumbsCaptionsAlign&quot;:&quot;default&quot;,&quot;info&quot;:&quot;bottom&quot;,&quot;infoVisible&quot;:true,&quot;infoOverlay&quot;:true,&quot;infoAlign&quot;:&quot;default&quot;,&quot;transition&quot;:&quot;fade&quot;,&quot;hoverButtons&quot;:false,&quot;fitMedia&quot;:false,&quot;noScrollbars&quot;:true,&quot;preserveButtonSpace&quot;:true,&quot;buttons&quot;:{&quot;fullscreen&quot;:true,&quot;info&quot;:true,&quot;thumbs&quot;:false},&quot;video&quot;:{&quot;autoPlay&quot;:true}}\" style=\"--fg-title-line-clamp: 0; --fg-description-line-clamp: 0;\" >\n\t<div class=\"fg-item fg-type-image fg-idle\"><figure class=\"fg-item-inner\"><a href=\"https:\/\/www.entreculturas.org\/wp-content\/uploads\/2024\/06\/BRASIL_Tuane-Fernandes_8986-scaled.jpg\" data-caption-title=\"10 de junio de 2024 - Vila Farrapos, Rio Grande do Sul Empleados y voluntarios de la fundaci\u00f3n F\u00e9 y Alegria realizan una limpieza de varios d\u00edas despu\u00e9s de la inundaci\u00f3n. el lugar se inund\u00f3 y se perdi\u00f3 todo. Foto: Tuane Fernandes\" data-caption-desc=\"\u00a9Tuane Fern\u00e1ndes \/ Brasil\" data-attachment-id=\"40457\" data-type=\"image\" class=\"fg-thumb\"><span class=\"fg-image-wrap\"><img decoding=\"async\" title=\"10 de junio de 2024 - Vila Farrapos, Rio Grande do Sul Empleados y voluntarios de la fundaci\u00f3n F\u00e9 y Alegria realizan una limpieza de varios d\u00edas despu\u00e9s de la inundaci\u00f3n. el lugar se inund\u00f3 y se perdi\u00f3 todo. Foto: Tuane Fernandes\" width=\"200\" height=\"200\" class=\"skip-lazy fg-image\" data-no-lazy=\"1\" data-src-fg=\"https:\/\/www.entreculturas.org\/wp-content\/uploads\/cache\/2024\/06\/BRASIL_Tuane-Fernandes_8986-scaled\/1286663771.jpg\" src=\"data:image\/svg+xml,%3Csvg%20xmlns%3D%22http%3A%2F%2Fwww.w3.org%2F2000%2Fsvg%22%20width%3D%22200%22%20height%3D%22200%22%20viewBox%3D%220%200%20200%20200%22%3E%3C%2Fsvg%3E\" loading=\"eager\"><\/span><span class=\"fg-image-overlay\"><\/span><\/a><figcaption class=\"fg-caption\"><div class=\"fg-caption-inner\"><div class=\"fg-caption-title\">10 de junio de 2024 &#8211; Vila Farrapos, Rio Grande do Sul Empleados y voluntarios de la fundaci\u00f3n F\u00e9 y Alegria realizan una limpieza de varios d\u00edas despu\u00e9s de la inundaci\u00f3n. el lugar se inund\u00f3 y se perdi\u00f3 todo. Foto: Tuane Fernandes<\/div><div class=\"fg-caption-desc\">\u00a9Tuane Fern\u00e1ndes \/ Brasil<\/div><\/div><\/figcaption><\/figure><div class=\"fg-loader\"><\/div><\/div><div class=\"fg-item fg-type-image fg-idle\"><figure class=\"fg-item-inner\"><a href=\"https:\/\/www.entreculturas.org\/wp-content\/uploads\/2024\/06\/UN-Climate-Change-Habib-Samadov-scaled.jpg\" data-caption-title=\"\u00a9Habib Savadov \/ COP29\" data-attachment-id=\"40462\" data-type=\"image\" class=\"fg-thumb\"><span class=\"fg-image-wrap\"><img decoding=\"async\" title=\"\u00a9Habib Savadov \/ COP29\" width=\"200\" height=\"200\" class=\"skip-lazy fg-image\" data-no-lazy=\"1\" data-src-fg=\"https:\/\/www.entreculturas.org\/wp-content\/uploads\/cache\/2024\/06\/UN-Climate-Change-Habib-Samadov-scaled\/909057565.jpg\" src=\"data:image\/svg+xml,%3Csvg%20xmlns%3D%22http%3A%2F%2Fwww.w3.org%2F2000%2Fsvg%22%20width%3D%22200%22%20height%3D%22200%22%20viewBox%3D%220%200%20200%20200%22%3E%3C%2Fsvg%3E\" loading=\"eager\"><\/span><span class=\"fg-image-overlay\"><\/span><\/a><figcaption class=\"fg-caption\"><div class=\"fg-caption-inner\"><div class=\"fg-caption-title\">\u00a9Habib Savadov \/ COP29<\/div><\/div><\/figcaption><\/figure><div class=\"fg-loader\"><\/div><\/div><div class=\"fg-item fg-type-image fg-idle\"><figure class=\"fg-item-inner\"><a href=\"https:\/\/www.entreculturas.org\/wp-content\/uploads\/2024\/06\/VALENCIA_Jesuitas-Valencia.jpg\" data-caption-title=\"\u00a9Jesuitas Valencia\" data-attachment-id=\"40467\" data-type=\"image\" class=\"fg-thumb\"><span class=\"fg-image-wrap\"><img decoding=\"async\" title=\"\u00a9Jesuitas Valencia\" width=\"200\" height=\"200\" class=\"skip-lazy fg-image\" data-no-lazy=\"1\" data-src-fg=\"https:\/\/www.entreculturas.org\/wp-content\/uploads\/cache\/2024\/06\/VALENCIA_Jesuitas-Valencia\/703564497.jpg\" src=\"data:image\/svg+xml,%3Csvg%20xmlns%3D%22http%3A%2F%2Fwww.w3.org%2F2000%2Fsvg%22%20width%3D%22200%22%20height%3D%22200%22%20viewBox%3D%220%200%20200%20200%22%3E%3C%2Fsvg%3E\" loading=\"eager\"><\/span><span class=\"fg-image-overlay\"><\/span><\/a><figcaption class=\"fg-caption\"><div class=\"fg-caption-inner\"><div class=\"fg-caption-title\">\u00a9Jesuitas Valencia<\/div><\/div><\/figcaption><\/figure><div class=\"fg-loader\"><\/div><\/div><\/div>\n<style type=\"text\/css\">#foogallery-gallery-26101 { margin-top: 20px;  }<\/style><\/div><\/div>\n\n\n\n<div class=\"wp-block-theme-blocks-accordion\" style=\"background-color:#ffffff;color:#1E1129\" data-enable-expiration-logic=\"false\" data-show-open=\"false\"><div class=\"envolve-accordion\"><div class=\"accordion-pretitle-div\"><\/div><div class=\"accordion-header\"><div class=\"accordion-icon\"><img decoding=\"async\" src=\"\/wp-content\/uploads\/2023\/09\/corazon_entrecult.svg\" alt=\"\u00cdcono de coraz\u00f3n\"\/><\/div><h4 class=\"accordion-toggle\">Equidad de g\u00e9nero<\/h4><svg class=\"accordion-arrow\" xmlns=\"http:\/\/www.w3.org\/2000\/svg\" width=\"16\" height=\"16\" viewBox=\"0 0 16 16\" fill=\"none\"><path class=\"arrow-path\" d=\"M14.364 5.293C14.1764 5.10553 13.9221 5.00021 13.657 5.00021C13.3918 5.00021 13.1375 5.10553 12.95 5.293L7.99995 10.243L3.04995 5.293C2.86135 5.11084 2.60875 5.01005 2.34655 5.01233C2.08435 5.0146 1.83354 5.11977 1.64813 5.30518C1.46273 5.49059 1.35756 5.7414 1.35528 6.0036C1.353 6.2658 1.45379 6.5184 1.63595 6.707L7.29295 12.364C7.48048 12.5515 7.73479 12.6568 7.99995 12.6568C8.26512 12.6568 8.51942 12.5515 8.70695 12.364L14.364 6.707C14.5514 6.51947 14.6567 6.26516 14.6567 6C14.6567 5.73484 14.5514 5.48053 14.364 5.293Z\" fill=\"#818181\"><\/path><\/svg><\/div><\/div><div class=\"accordion-content\">\n<p>A perspectiva de x\u00e9nero ocupa un lugar central na nosa misi\u00f3n, tanto nas nosas acci\u00f3ns de Cidadan\u00eda (programas formativos ou promoci\u00f3n do liderado xuvenil a trav\u00e9s da <strong>Rede Violeta<\/strong>) como nos nosos proxectos de <strong>cooperaci\u00f3n e acci\u00f3n humanitaria<\/strong>. <\/p>\n\n\n\n<div style=\"height:12px\" aria-hidden=\"true\" class=\"wp-block-spacer\"><\/div>\n\n\n\n<p>En 2024 as <strong>Cholitas<\/strong> escaladoras de Bolivia compartiron por toda Espa\u00f1a a s\u00faa historia de empoderamento e liberaci\u00f3n. A bailaora espa\u00f1ola <strong>Sara Baras<\/strong> uniu a s\u00faa voz como embaixadora ao noso programa <strong>A LUZ das NENAS<\/strong>. En torno ao 8 de marzo, D\u00eda da Muller, denunciamos a vulneraci\u00f3n de dereitos que viven as mulleres que encabezan a defensa ambiental. E, a fin de crear unha contorna de traballo m\u00e1is xusto e seguro, avaliamos o 2\u00ba ano de posta en marcha do noso <strong>Plan de Igualdade<\/strong>.   <\/p>\n\n\n<style type=\"text\/css\">\n#foogallery-gallery-26114 .fg-image { width: 200px; }\n#foogallery-gallery-26114 { --fg-gutter: 25px; }<\/style>\n\t\t\t<div class=\"foogallery foogallery-container foogallery-default foogallery-lightbox-foogallery fg-center fg-m-col1 fg-default fg-ready fg-light fg-loaded-fade-in fg-caption-hover fg-hover-fade fg-light-overlays fg-c-c\" id=\"foogallery-gallery-26114\" data-foogallery=\"{&quot;item&quot;:{&quot;showCaptionTitle&quot;:true,&quot;showCaptionDescription&quot;:true,&quot;maxCaptionLength&quot;:0,&quot;maxDescriptionLength&quot;:0},&quot;lazy&quot;:true}\" data-foogallery-lightbox=\"{&quot;thumbs&quot;:&quot;bottom&quot;,&quot;thumbsCaptions&quot;:false,&quot;thumbsBestFit&quot;:false,&quot;thumbsSmall&quot;:false,&quot;thumbsCaptionsAlign&quot;:&quot;default&quot;,&quot;info&quot;:&quot;bottom&quot;,&quot;infoVisible&quot;:true,&quot;infoOverlay&quot;:true,&quot;infoAlign&quot;:&quot;default&quot;,&quot;transition&quot;:&quot;fade&quot;,&quot;hoverButtons&quot;:false,&quot;fitMedia&quot;:false,&quot;noScrollbars&quot;:true,&quot;preserveButtonSpace&quot;:true,&quot;buttons&quot;:{&quot;fullscreen&quot;:true,&quot;info&quot;:true,&quot;thumbs&quot;:false},&quot;video&quot;:{&quot;autoPlay&quot;:true}}\" style=\"--fg-title-line-clamp: 0; --fg-description-line-clamp: 0;\" >\n\t<div class=\"fg-item fg-type-image fg-idle\"><figure class=\"fg-item-inner\"><a href=\"https:\/\/www.entreculturas.org\/wp-content\/uploads\/2024\/06\/DSC09799_Jesus-Reyes-scaled.jpg\" data-caption-desc=\"\u00a9Jes\u00fas Reyes\/Entreculturas\" data-attachment-id=\"40473\" data-type=\"image\" class=\"fg-thumb\"><span class=\"fg-image-wrap\"><img decoding=\"async\" width=\"200\" height=\"200\" class=\"skip-lazy fg-image\" data-no-lazy=\"1\" data-src-fg=\"https:\/\/www.entreculturas.org\/wp-content\/uploads\/cache\/2024\/06\/DSC09799_Jesus-Reyes-scaled\/1747459853.jpg\" src=\"data:image\/svg+xml,%3Csvg%20xmlns%3D%22http%3A%2F%2Fwww.w3.org%2F2000%2Fsvg%22%20width%3D%22200%22%20height%3D%22200%22%20viewBox%3D%220%200%20200%20200%22%3E%3C%2Fsvg%3E\" loading=\"eager\"><\/span><span class=\"fg-image-overlay\"><\/span><\/a><figcaption class=\"fg-caption\"><div class=\"fg-caption-inner\"><div class=\"fg-caption-desc\">\u00a9Jes\u00fas Reyes\/Entreculturas<\/div><\/div><\/figcaption><\/figure><div class=\"fg-loader\"><\/div><\/div><div class=\"fg-item fg-type-image fg-idle\"><figure class=\"fg-item-inner\"><a href=\"https:\/\/www.entreculturas.org\/wp-content\/uploads\/2024\/06\/portada-plan-de-igualdad_entreculturas.png\" data-caption-desc=\"Portada Plan de Igualdad\" data-attachment-id=\"40478\" data-type=\"image\" class=\"fg-thumb\"><span class=\"fg-image-wrap\"><img decoding=\"async\" width=\"200\" height=\"200\" class=\"skip-lazy fg-image\" data-no-lazy=\"1\" data-src-fg=\"https:\/\/www.entreculturas.org\/wp-content\/uploads\/cache\/2024\/06\/portada-plan-de-igualdad_entreculturas\/3156005159.png\" src=\"data:image\/svg+xml,%3Csvg%20xmlns%3D%22http%3A%2F%2Fwww.w3.org%2F2000%2Fsvg%22%20width%3D%22200%22%20height%3D%22200%22%20viewBox%3D%220%200%20200%20200%22%3E%3C%2Fsvg%3E\" loading=\"eager\"><\/span><span class=\"fg-image-overlay\"><\/span><\/a><figcaption class=\"fg-caption\"><div class=\"fg-caption-inner\"><div class=\"fg-caption-desc\">Portada Plan de Igualdad<\/div><\/div><\/figcaption><\/figure><div class=\"fg-loader\"><\/div><\/div><div class=\"fg-item fg-type-image fg-idle\"><figure class=\"fg-item-inner\"><a href=\"https:\/\/www.entreculturas.org\/wp-content\/uploads\/2024\/06\/sara-sda0113_Sara-Saenz-scaled.jpg\" data-caption-desc=\"\u00a9Sara S\u00e1enz\/Volando\" data-attachment-id=\"40483\" data-type=\"image\" class=\"fg-thumb\"><span class=\"fg-image-wrap\"><img decoding=\"async\" width=\"200\" height=\"200\" class=\"skip-lazy fg-image\" data-no-lazy=\"1\" data-src-fg=\"https:\/\/www.entreculturas.org\/wp-content\/uploads\/cache\/2024\/06\/sara-sda0113_Sara-Saenz-scaled\/2338202855.jpg\" src=\"data:image\/svg+xml,%3Csvg%20xmlns%3D%22http%3A%2F%2Fwww.w3.org%2F2000%2Fsvg%22%20width%3D%22200%22%20height%3D%22200%22%20viewBox%3D%220%200%20200%20200%22%3E%3C%2Fsvg%3E\" loading=\"eager\"><\/span><span class=\"fg-image-overlay\"><\/span><\/a><figcaption class=\"fg-caption\"><div class=\"fg-caption-inner\"><div class=\"fg-caption-desc\">\u00a9Sara S\u00e1enz\/Volando<\/div><\/div><\/figcaption><\/figure><div class=\"fg-loader\"><\/div><\/div><\/div>\n<style type=\"text\/css\">#foogallery-gallery-26114 { margin-top: 20px;  }<\/style><\/div><\/div>\n\n\n\n<div class=\"wp-block-theme-blocks-accordion\" style=\"background-color:#ffffff;color:#1E1129\" data-enable-expiration-logic=\"false\" data-show-open=\"false\"><div class=\"envolve-accordion\"><div class=\"accordion-pretitle-div\"><\/div><div class=\"accordion-header\"><div class=\"accordion-icon\"><img decoding=\"async\" src=\"\/wp-content\/uploads\/2023\/09\/corazon_entrecult.svg\" alt=\"\u00cdcono de coraz\u00f3n\"\/><\/div><h4 class=\"accordion-toggle\">Participaci\u00f3n y ciudadan\u00eda global<\/h4><svg class=\"accordion-arrow\" xmlns=\"http:\/\/www.w3.org\/2000\/svg\" width=\"16\" height=\"16\" viewBox=\"0 0 16 16\" fill=\"none\"><path class=\"arrow-path\" d=\"M14.364 5.293C14.1764 5.10553 13.9221 5.00021 13.657 5.00021C13.3918 5.00021 13.1375 5.10553 12.95 5.293L7.99995 10.243L3.04995 5.293C2.86135 5.11084 2.60875 5.01005 2.34655 5.01233C2.08435 5.0146 1.83354 5.11977 1.64813 5.30518C1.46273 5.49059 1.35756 5.7414 1.35528 6.0036C1.353 6.2658 1.45379 6.5184 1.63595 6.707L7.29295 12.364C7.48048 12.5515 7.73479 12.6568 7.99995 12.6568C8.26512 12.6568 8.51942 12.5515 8.70695 12.364L14.364 6.707C14.5514 6.51947 14.6567 6.26516 14.6567 6C14.6567 5.73484 14.5514 5.48053 14.364 5.293Z\" fill=\"#818181\"><\/path><\/svg><\/div><\/div><div class=\"accordion-content\">\n<p>No <strong>9\u00ba Encontro Global da Rede Solidaria da Mocidade de Entreculturas<\/strong> m\u00e1is de 250 mozos, mozas e docentes de 11 pa\u00edses dese\u00f1aron un \u201cPlan de Acci\u00f3n de Axentes de Cambio\u201d co que abordar nas s\u00faas contornas os principais desaf\u00edos do planeta durante os pr\u00f3ximos dous anos. Tam\u00e9n no <strong>24\u00ba Encontro Anual de Entreculturas<\/strong> revisamos as nosas estratexias e reflexionamos sobre cal deb\u00eda ser a mellor maneira de constru\u00edr futuro. <\/p>\n\n\n\n<div style=\"height:12px\" aria-hidden=\"true\" class=\"wp-block-spacer\"><\/div>\n\n\n\n<p>A 13\u00aa edici\u00f3n de <strong>\u201cCorre por unha Causa\u201d<\/strong> congregou a 16.000 persoas e recadou fondos para impulsar a educaci\u00f3n dos nenos e nenas en Ucra\u00edna, Rep\u00fablica Centroafricana e Colombia.<\/p>\n\n\n\n<div style=\"height:12px\" aria-hidden=\"true\" class=\"wp-block-spacer\"><\/div>\n\n\n\n<p>O noso podcast <strong>&#8220;Voces por unha Causa&#8221;<\/strong>, conducido pola escritora e xornalista <strong>Julia Navarro<\/strong>, superou os 100 episodios tras algo m\u00e1is de dous anos de emisi\u00f3n.<\/p>\n\n\n<style type=\"text\/css\">\n#foogallery-gallery-26127 .fg-image { width: 200px; }\n#foogallery-gallery-26127 { --fg-gutter: 25px; }<\/style>\n\t\t\t<div class=\"foogallery foogallery-container foogallery-default foogallery-lightbox-foogallery fg-center fg-m-col1 fg-default fg-ready fg-light fg-loaded-fade-in fg-caption-hover fg-hover-fade fg-light-overlays fg-c-c\" id=\"foogallery-gallery-26127\" data-foogallery=\"{&quot;item&quot;:{&quot;showCaptionTitle&quot;:true,&quot;showCaptionDescription&quot;:true,&quot;maxCaptionLength&quot;:0,&quot;maxDescriptionLength&quot;:0},&quot;lazy&quot;:true}\" data-foogallery-lightbox=\"{&quot;thumbs&quot;:&quot;bottom&quot;,&quot;thumbsCaptions&quot;:false,&quot;thumbsBestFit&quot;:false,&quot;thumbsSmall&quot;:false,&quot;thumbsCaptionsAlign&quot;:&quot;default&quot;,&quot;info&quot;:&quot;bottom&quot;,&quot;infoVisible&quot;:true,&quot;infoOverlay&quot;:true,&quot;infoAlign&quot;:&quot;default&quot;,&quot;transition&quot;:&quot;fade&quot;,&quot;hoverButtons&quot;:false,&quot;fitMedia&quot;:false,&quot;noScrollbars&quot;:true,&quot;preserveButtonSpace&quot;:true,&quot;buttons&quot;:{&quot;fullscreen&quot;:true,&quot;info&quot;:true,&quot;thumbs&quot;:false},&quot;video&quot;:{&quot;autoPlay&quot;:true}}\" style=\"--fg-title-line-clamp: 0; --fg-description-line-clamp: 0;\" >\n\t<div class=\"fg-item fg-type-image fg-idle\"><figure class=\"fg-item-inner\"><a href=\"https:\/\/www.entreculturas.org\/wp-content\/uploads\/2024\/06\/DSC00358_MarcosGarcia-scaled.jpg\" data-caption-desc=\"\u00a9Marcos Garc\u00eda\/Entreculturas\" data-attachment-id=\"40493\" data-type=\"image\" class=\"fg-thumb\"><span class=\"fg-image-wrap\"><img decoding=\"async\" width=\"200\" height=\"200\" class=\"skip-lazy fg-image\" data-no-lazy=\"1\" data-src-fg=\"https:\/\/www.entreculturas.org\/wp-content\/uploads\/cache\/2024\/06\/DSC00358_MarcosGarcia-scaled\/3247985969.jpg\" src=\"data:image\/svg+xml,%3Csvg%20xmlns%3D%22http%3A%2F%2Fwww.w3.org%2F2000%2Fsvg%22%20width%3D%22200%22%20height%3D%22200%22%20viewBox%3D%220%200%20200%20200%22%3E%3C%2Fsvg%3E\" loading=\"eager\"><\/span><span class=\"fg-image-overlay\"><\/span><\/a><figcaption class=\"fg-caption\"><div class=\"fg-caption-inner\"><div class=\"fg-caption-desc\">\u00a9Marcos Garc\u00eda\/Entreculturas<\/div><\/div><\/figcaption><\/figure><div class=\"fg-loader\"><\/div><\/div><div class=\"fg-item fg-type-image fg-idle\"><figure class=\"fg-item-inner\"><a href=\"https:\/\/www.entreculturas.org\/wp-content\/uploads\/2024\/06\/Fotografia-oficial-2024-\u00a9Alvaro-Laro-Lorca-Entreculturas.jpg\" data-caption-desc=\"\u00a9Entreculturas M\u00e1laga\" data-attachment-id=\"40498\" data-type=\"image\" class=\"fg-thumb\"><span class=\"fg-image-wrap\"><img decoding=\"async\" width=\"200\" height=\"200\" class=\"skip-lazy fg-image\" data-no-lazy=\"1\" data-src-fg=\"https:\/\/www.entreculturas.org\/wp-content\/uploads\/cache\/2024\/06\/Fotografia-oficial-2024-\u00a9Alvaro-Laro-Lorca-Entreculturas\/1266146057.jpg\" src=\"data:image\/svg+xml,%3Csvg%20xmlns%3D%22http%3A%2F%2Fwww.w3.org%2F2000%2Fsvg%22%20width%3D%22200%22%20height%3D%22200%22%20viewBox%3D%220%200%20200%20200%22%3E%3C%2Fsvg%3E\" loading=\"eager\"><\/span><span class=\"fg-image-overlay\"><\/span><\/a><figcaption class=\"fg-caption\"><div class=\"fg-caption-inner\"><div class=\"fg-caption-desc\">\u00a9Entreculturas M\u00e1laga<\/div><\/div><\/figcaption><\/figure><div class=\"fg-loader\"><\/div><\/div><\/div>\n<style type=\"text\/css\">#foogallery-gallery-26127 { margin-top: 20px;  }<\/style><\/div><\/div>\n<\/div>\n\n<div id=\"memoria-programas\" class=\"wp-block-group has-global-padding is-layout-constrained wp-container-core-group-is-layout-4383d167 wp-block-group-is-layout-constrained\">\n<div class=\"wp-block-group is-vertical is-content-justification-center is-layout-flex wp-container-core-group-is-layout-da2ee355 wp-block-group-is-layout-flex\" style=\"padding-top:var(--wp--preset--spacing--70);padding-right:0;padding-bottom:var(--wp--preset--spacing--70);padding-left:0\">\n<figure class=\"wp-block-image size-full\"><img decoding=\"async\" src=\"\/wp-content\/uploads\/2023\/09\/heart.svg\" alt=\"\" class=\"wp-image-220\"\/><\/figure>\n\n\n\n<p class=\"has-text-align-center text-wrap-balance nuestras-causas-portada has-gray-entreculturas-color has-text-color\" style=\"padding-right:20px;padding-left:20px;font-size:37px;font-style:normal;font-weight:700;line-height:1.1\">Os nosos convenios e programas<\/p>\n\n\n\n<p class=\"has-text-align-center _texto_convenio has-gray-entreculturas-color has-text-color\" style=\"padding-right:20px;padding-left:20px;font-size:15px;font-style:normal;font-weight:300;line-height:1.1\">Cada ano traballamos para tratar de solucionar problemas educativos com\u00fans a varios pa\u00edses a trav\u00e9s de programas que se desenvolven grazas ao apoio de empresas ou outras instituci\u00f3ns. A maior\u00eda deles son de media ou longa duraci\u00f3n e, polo tanto, conseguen acadar un gran impacto nas poboaci\u00f3ns coas que traballamos. <\/p>\n<\/div>\n<\/div>\n\n<div class=\"wp-block-group our-campaign-todas listado_carrusel has-global-padding is-layout-constrained wp-container-core-group-is-layout-bf816c8d wp-block-group-is-layout-constrained\" style=\"padding-top:20px;padding-right:20px;padding-bottom:20px;padding-left:20px\">\n<div class=\"wp-block-query is-layout-flow wp-block-query-is-layout-flow\"><ul class=\"columns-3 wp-block-post-template is-layout-grid wp-container-core-post-template-is-layout-10753265 wp-block-post-template-is-layout-grid\"><li class=\"wp-block-post post-25918 convenio type-convenio status-publish has-post-thumbnail hentry category-convenio-destacado link-pdf-https-www-laluzdelasninas-org-2\">\n\n<div class=\"wp-block-group relative our-campaign-card has-white-background-color has-background is-vertical is-content-justification-center is-nowrap is-layout-flex wp-container-core-group-is-layout-9a6310cc wp-block-group-is-layout-flex\" style=\"border-radius:15px;min-height:100%;padding-top:0;padding-right:0;padding-bottom:0;padding-left:0\"><figure class=\"alignwide card-hover height-100 camp-img wp-block-post-featured-image\"><img decoding=\"async\" width=\"1200\" height=\"680\" src=\"https:\/\/www.entreculturas.org\/wp-content\/uploads\/2024\/06\/ldn_FeyAlegria-Honduras.jpg\" class=\"attachment-post-thumbnail size-post-thumbnail wp-post-image\" alt=\"\" style=\"border-top-left-radius:15px;object-fit:cover;\" srcset=\"https:\/\/www.entreculturas.org\/wp-content\/uploads\/2024\/06\/ldn_FeyAlegria-Honduras.jpg 1200w, https:\/\/www.entreculturas.org\/wp-content\/uploads\/2024\/06\/ldn_FeyAlegria-Honduras-300x170.jpg 300w, https:\/\/www.entreculturas.org\/wp-content\/uploads\/2024\/06\/ldn_FeyAlegria-Honduras-1024x580.jpg 1024w, https:\/\/www.entreculturas.org\/wp-content\/uploads\/2024\/06\/ldn_FeyAlegria-Honduras-768x435.jpg 768w\" sizes=\"(max-width: 1200px) 100vw, 1200px\" \/><\/figure>\n\n\n<div class=\"wp-block-group our-campaign-cont is-layout-flow wp-container-core-group-is-layout-12a350ef wp-block-group-is-layout-flow\" style=\"padding-top:24px;padding-right:34px;padding-bottom:24px;padding-left:34px\">\n<div class=\"wp-block-group has-global-padding is-layout-constrained wp-block-group-is-layout-constrained\"><h4 style=\"line-height:1; margin-top:3px;margin-bottom:8px;\" class=\"has-link-color titulo-post-content our-campaign-title wp-elements-cccfa43f3bd1c48bd65367bc49585434 wp-block-post-title has-text-color has-gray-color\">LA LUZ DE LAS NI\u00d1AS<\/h4>\n\n<div class=\"our-campaign-extract wp-block-post-excerpt\"><p class=\"wp-block-post-excerpt__excerpt\">Este programa, desarrollado junto a Fe y Alegr\u00eda y el Servicio Jesuita a Refugiados, responde a los desaf\u00edos, violencias y desigualdad que viven las ni\u00f1as en contextos vulnerables de 7 pa\u00edses de \u00c1frica y Am\u00e9rica Latina-Caribe, abarcando 3 l\u00edneas de intervenci\u00f3n: prevenci\u00f3n, atenci\u00f3n y garant\u00eda de acceso educativo. <\/p><\/div><\/div>\n\n\n<div class=\"taxonomy-link-pdf link-pdf wp-block-post-terms\"><a href=\"https:\/\/www.entreculturas.org\/link-pdf\/https-www-laluzdelasninas-org-2\/\" rel=\"tag\">https:\/\/www.laluzdelasninas.org\/<\/a><\/div><\/div>\n<\/div>\n\n<\/li><li class=\"wp-block-post post-25926 convenio type-convenio status-publish has-post-thumbnail hentry category-convenio-destacado\">\n\n<div class=\"wp-block-group relative our-campaign-card has-white-background-color has-background is-vertical is-content-justification-center is-nowrap is-layout-flex wp-container-core-group-is-layout-9a6310cc wp-block-group-is-layout-flex\" style=\"border-radius:15px;min-height:100%;padding-top:0;padding-right:0;padding-bottom:0;padding-left:0\"><figure class=\"alignwide card-hover height-100 camp-img wp-block-post-featured-image\"><img decoding=\"async\" width=\"600\" height=\"338\" src=\"https:\/\/www.entreculturas.org\/wp-content\/uploads\/2024\/06\/convenios-14.jpg\" class=\"attachment-post-thumbnail size-post-thumbnail wp-post-image\" alt=\"\" style=\"border-top-left-radius:15px;object-fit:cover;\" srcset=\"https:\/\/www.entreculturas.org\/wp-content\/uploads\/2024\/06\/convenios-14.jpg 600w, https:\/\/www.entreculturas.org\/wp-content\/uploads\/2024\/06\/convenios-14-300x169.jpg 300w\" sizes=\"(max-width: 600px) 100vw, 600px\" \/><\/figure>\n\n\n<div class=\"wp-block-group our-campaign-cont is-layout-flow wp-container-core-group-is-layout-12a350ef wp-block-group-is-layout-flow\" style=\"padding-top:24px;padding-right:34px;padding-bottom:24px;padding-left:34px\">\n<div class=\"wp-block-group has-global-padding is-layout-constrained wp-block-group-is-layout-constrained\"><h4 style=\"line-height:1; margin-top:3px;margin-bottom:8px;\" class=\"has-link-color titulo-post-content our-campaign-title wp-elements-cccfa43f3bd1c48bd65367bc49585434 wp-block-post-title has-text-color has-gray-color\">PROTECCI\u00d3N PARA LA POBLACI\u00d3N REFUGIADA EN L\u00cdBANO<\/h4>\n\n<div class=\"our-campaign-extract wp-block-post-excerpt\"><p class=\"wp-block-post-excerpt__excerpt\">Dentro de nuestro convenio con AECID, promovemos la protecci\u00f3n integral de la ni\u00f1ez siria refugiada en L\u00edbano. Desde las 7 escuelas de Baalbek, Bar Elias y Burj Hammoud donde trabajamos con el JRS, facilitamos el acceso a una educaci\u00f3n gratuita de calidad, alimentaci\u00f3n, ropa de abrigo y apoyo psicosocial. <\/p><\/div><\/div>\n\n\n<\/div>\n<\/div>\n\n<\/li><li class=\"wp-block-post post-40577 convenio type-convenio status-publish has-post-thumbnail hentry category-convenio-destacado\">\n\n<div class=\"wp-block-group relative our-campaign-card has-white-background-color has-background is-vertical is-content-justification-center is-nowrap is-layout-flex wp-container-core-group-is-layout-9a6310cc wp-block-group-is-layout-flex\" style=\"border-radius:15px;min-height:100%;padding-top:0;padding-right:0;padding-bottom:0;padding-left:0\"><figure class=\"alignwide card-hover height-100 camp-img wp-block-post-featured-image\"><img decoding=\"async\" width=\"1200\" height=\"680\" src=\"https:\/\/www.entreculturas.org\/wp-content\/uploads\/2025\/07\/Secondary-Education_Kakuma_KENIA_PaulaCasado.jpg\" class=\"attachment-post-thumbnail size-post-thumbnail wp-post-image\" alt=\"\" style=\"border-top-left-radius:15px;object-fit:cover;\" srcset=\"https:\/\/www.entreculturas.org\/wp-content\/uploads\/2025\/07\/Secondary-Education_Kakuma_KENIA_PaulaCasado.jpg 1200w, https:\/\/www.entreculturas.org\/wp-content\/uploads\/2025\/07\/Secondary-Education_Kakuma_KENIA_PaulaCasado-300x170.jpg 300w, https:\/\/www.entreculturas.org\/wp-content\/uploads\/2025\/07\/Secondary-Education_Kakuma_KENIA_PaulaCasado-1024x580.jpg 1024w, https:\/\/www.entreculturas.org\/wp-content\/uploads\/2025\/07\/Secondary-Education_Kakuma_KENIA_PaulaCasado-768x435.jpg 768w\" sizes=\"(max-width: 1200px) 100vw, 1200px\" \/><\/figure>\n\n\n<div class=\"wp-block-group our-campaign-cont is-layout-flow wp-container-core-group-is-layout-12a350ef wp-block-group-is-layout-flow\" style=\"padding-top:24px;padding-right:34px;padding-bottom:24px;padding-left:34px\">\n<div class=\"wp-block-group has-global-padding is-layout-constrained wp-block-group-is-layout-constrained\"><h4 style=\"line-height:1; margin-top:3px;margin-bottom:8px;\" class=\"has-link-color titulo-post-content our-campaign-title wp-elements-cccfa43f3bd1c48bd65367bc49585434 wp-block-post-title has-text-color has-gray-color\">Educaci\u00f3n en emergencia en Kenia<\/h4>\n\n<div class=\"our-campaign-extract wp-block-post-excerpt\"><p class=\"wp-block-post-excerpt__excerpt\">Ante las recientes crisis humanitarias acaecidas en la regi\u00f3n, Kenia ha recibido un flujo masivo de personas desplazadas de manera forzada. Este programa, apoyado por la DG ECHO, busca mejorar el acceso a la educaci\u00f3n primaria y secundaria de calidad de ni\u00f1os, ni\u00f1as y j\u00f3venes desplazados en Kakuma y Dadaab. <\/p><\/div><\/div>\n\n\n<\/div>\n<\/div>\n\n<\/li><\/ul>\n\n\n\n\n<script>document.addEventListener('DOMContentLoaded', () => {\n  const adjustCardText = () => {\n    const cards = document.querySelectorAll('.our-campaign-card');\n\n    cards.forEach(card => {\n      const title = card.querySelector('.our-campaign-title a');\n      const extract = card.querySelector('.our-campaign-extract p');\n      \n      const lineHeight = parseInt(window.getComputedStyle(title).lineHeight);\n      const titleLines = Math.ceil(title.scrollHeight \/ lineHeight);\n       \n      let totalLines;\n      if (window.innerWidth <= 380) {\n        totalLines = 7;\n      }\n        else if (window.innerWidth <= 480) {\n        totalLines = 7;\n        }\n        else if (window.innerWidth <= 650) {\n        totalLines = 5;\n        }\n        else if (window.innerWidth <= 768) {\n        totalLines = 5;\n        }\n        else if (window.innerWidth <= 1024) {\n        totalLines = 13;\n        }\n\n      const extractLines = totalLines - titleLines;\n      extract.style.WebkitLineClamp = extractLines.toString();\n      extract.style.lineClamp = extractLines.toString();\n    });\n  };\n\n  adjustCardText();\n  window.addEventListener('resize', adjustCardText);\n});\n\n<\/script>\n\n\n\n<script>document.addEventListener(\"DOMContentLoaded\", function() {\n  var lista = document.querySelector('.our-campaign-todas ul');\n  var elementosLi = lista.querySelectorAll('li');\n\n  \/\/ Comprobar si la cantidad de elementos li es impar\n  if (elementosLi.length % 2 !== 0) {\n    \/\/ Obtener el \u00faltimo elemento li\n    var ultimoElementoLi = elementosLi[elementosLi.length - 1];\n    \n    \/\/ Agregar una clase especial al \u00faltimo elemento\n    ultimoElementoLi.classList.add('estilos-impar');\n  }\n});\n\n<\/script>\n\n\n\n<div class=\"listado-indicators\">\n    <span class=\"listado-indicator active\" data-slide=\"0\"><\/span>\n    <span class=\"listado-indicator\" data-slide=\"1\"><\/span>\n    <span class=\"listado-indicator\" data-slide=\"2\"><\/span>\n<\/div>\n\n<script>\ndocument.addEventListener(\"DOMContentLoaded\", () => {\n\n    \/\/CARRUSEL\n    const indicators_l = document.querySelectorAll('.listado-indicator');\n    const carouselInner_l = document.querySelector('.is-layout-grid');\n\n    let activeIndex_l = 0;\n\n    indicators_l.forEach((indicator_l, index_l) => {\n        indicator_l.addEventListener('click', function () {\n            indicators_l[activeIndex_l].classList.remove('active');\n            indicator_l.classList.add('active');\n            activeIndex_l = index_l;\n            carouselInner_l.style.transform = `translateX(-${index_l * 102}%)`;\n        });\n    });\n\n\n\n\n});\n<\/script>\n<\/div>\n<\/div>\n\n<div class=\"wp-block-group margin-card-home-mobile has-global-padding is-layout-constrained wp-container-core-group-is-layout-01082355 wp-block-group-is-layout-constrained\" style=\"margin-top:0;margin-bottom:0px\">\n<div class=\"wp-block-group wp-block-slider is-nowrap is-layout-flex wp-container-core-group-is-layout-27f34ae5 wp-block-group-is-layout-flex\" style=\"margin-top:var(--wp--preset--spacing--30);margin-bottom:var(--wp--preset--spacing--80)\">\n<div class=\"wp-block-group relative card-home card-hover js-scroll fade-in-bottom-5 has-white-background-color has-background is-vertical is-content-justification-center is-nowrap is-layout-flex wp-container-core-group-is-layout-e1898f86 wp-block-group-is-layout-flex block-visibility-hide-large-screen block-visibility-hide-medium-screen\" style=\"border-top-left-radius:15px;border-bottom-left-radius:15px;border-bottom-right-radius:15px;padding-top:0;padding-right:0;padding-bottom:var(--wp--preset--spacing--60);padding-left:0\">\n<a href=\"https:\/\/jrs.net\/es\/pais\/libano\/\" target=\"_blank\" style=\"text-decoration:none;color:#2e2d2c\" rel=\"noopener\">\n<\/a>\n\n\n<figure class=\"wp-block-image size-full has-custom-border image-card-hover noticia-mobile-home-img width-100\"><img decoding=\"async\" width=\"1200\" height=\"680\" src=\"https:\/\/www.entreculturas.org\/wp-content\/uploads\/2025\/07\/education-activities_LIBANO-Francesco-Malavolta.jpg\" alt=\"\" class=\"wp-image-40526\" style=\"border-top-left-radius:15px;border-top-right-radius:15px;border-bottom-left-radius:0px;border-bottom-right-radius:0px\" srcset=\"https:\/\/www.entreculturas.org\/wp-content\/uploads\/2025\/07\/education-activities_LIBANO-Francesco-Malavolta.jpg 1200w, https:\/\/www.entreculturas.org\/wp-content\/uploads\/2025\/07\/education-activities_LIBANO-Francesco-Malavolta-300x170.jpg 300w, https:\/\/www.entreculturas.org\/wp-content\/uploads\/2025\/07\/education-activities_LIBANO-Francesco-Malavolta-1024x580.jpg 1024w, https:\/\/www.entreculturas.org\/wp-content\/uploads\/2025\/07\/education-activities_LIBANO-Francesco-Malavolta-768x435.jpg 768w\" sizes=\"(max-width: 1200px) 100vw, 1200px\" \/><figcaption class=\"wp-element-caption\">\u00a9Francesco Malavolta \/ JRS L\u00edbano<\/figcaption><\/figure>\n\n\n\n<div class=\"wp-block-group has-global-padding is-layout-constrained wp-container-core-group-is-layout-4bf2bd6a wp-block-group-is-layout-constrained\" style=\"padding-right:var(--wp--preset--spacing--60);padding-left:var(--wp--preset--spacing--60)\">\n<h4 class=\"wp-block-heading has-gray-entreculturas-color has-text-color\" id=\"h-proteccion-para-la-poblacion-refugiada-en-libano\">PROTECCI\u00d3N PARA A POBOACI\u00d3N REFUXIADA NO L\u00cdBANO<\/h4>\n\n\n\n<p>Como parte do noso acordo coa AECID, promovemos a protecci\u00f3n integral dos nenos refuxiados sirios no L\u00edbano. Dende as sete escolas de Baalbek, Bar Elias e Burj Hammoud onde traballamos co JRS, proporcionamos a 3.402 nenos acceso a unha educaci\u00f3n gratu\u00edta e de calidade, proporcion\u00e1ndolles tam\u00e9n alimentos, roupa de abrigo, material escolar e apoio psicosocial. <\/p>\n\n\n\n<button class=\"wp-block-button__link wp-element-button\">Co\u00f1ece o programa<\/button>\n<\/div>\n\n\n\n\n<\/div>\n\n\n\n<div class=\"wp-block-group relative card-home card-hover js-scroll fade-in-bottom-5 has-white-background-color has-background is-vertical is-content-justification-center is-nowrap is-layout-flex wp-container-core-group-is-layout-e1898f86 wp-block-group-is-layout-flex block-visibility-hide-large-screen block-visibility-hide-medium-screen\" style=\"border-top-left-radius:15px;border-bottom-left-radius:15px;border-bottom-right-radius:15px;padding-top:0;padding-right:0;padding-bottom:var(--wp--preset--spacing--60);padding-left:0\">\n<a href=\"https:\/\/www.entreculturas.org\/gl\/a-luz-das-nenas\/\" target=\"_blank\" style=\"text-decoration:none;color:#2e2d2c\" rel=\"noopener\">\n<\/a>\n\n\n<figure class=\"wp-block-image size-full has-custom-border image-card-hover noticia-mobile-home-img width-100\"><img decoding=\"async\" width=\"1200\" height=\"680\" src=\"https:\/\/www.entreculturas.org\/wp-content\/uploads\/2025\/07\/Sensibilizacion-comunitaria-LdN-taller-poesia_NataliaSepulveda.jpg\" alt=\"\" class=\"wp-image-40521\" style=\"border-top-left-radius:15px;border-top-right-radius:15px;border-bottom-left-radius:0px;border-bottom-right-radius:0px;object-fit:cover\" srcset=\"https:\/\/www.entreculturas.org\/wp-content\/uploads\/2025\/07\/Sensibilizacion-comunitaria-LdN-taller-poesia_NataliaSepulveda.jpg 1200w, https:\/\/www.entreculturas.org\/wp-content\/uploads\/2025\/07\/Sensibilizacion-comunitaria-LdN-taller-poesia_NataliaSepulveda-300x170.jpg 300w, https:\/\/www.entreculturas.org\/wp-content\/uploads\/2025\/07\/Sensibilizacion-comunitaria-LdN-taller-poesia_NataliaSepulveda-1024x580.jpg 1024w, https:\/\/www.entreculturas.org\/wp-content\/uploads\/2025\/07\/Sensibilizacion-comunitaria-LdN-taller-poesia_NataliaSepulveda-768x435.jpg 768w\" sizes=\"(max-width: 1200px) 100vw, 1200px\" \/><figcaption class=\"wp-element-caption\">\u00a9 Natalia Sep\u00falveda \/ Chad<\/figcaption><\/figure>\n\n\n\n<div class=\"wp-block-group has-global-padding is-layout-constrained wp-container-core-group-is-layout-4bf2bd6a wp-block-group-is-layout-constrained\" style=\"padding-right:var(--wp--preset--spacing--60);padding-left:var(--wp--preset--spacing--60)\">\n<h4 class=\"wp-block-heading has-gray-entreculturas-color has-text-color\" id=\"h-la-luz-de-las-ninas\">A LUZ DAS NENAS<\/h4>\n\n\n\n<p>Este programa, desenvolvido en colaboraci\u00f3n con Fe y Alegr\u00eda e o Servizo Xesu\u00edta a Refuxiados, aborda os desaf\u00edos, a violencia e a desigualdade que experimentan as nenas en contextos vulnerables en sete pa\u00edses de \u00c1frica e Am\u00e9rica Latina e o Caribe. Abarca tres li\u00f1as de intervenci\u00f3n: prevenci\u00f3n, atenci\u00f3n e garant\u00eda do acceso \u00e1 educaci\u00f3n.<\/p>\n\n\n\n<button class=\"wp-block-button__link wp-element-button\">Co\u00f1ece o programa<\/button>\n<\/div>\n\n\n\n\n<\/div>\n\n\n\n<div class=\"wp-block-group relative card-home card-hover js-scroll fade-in-bottom-5 has-white-background-color has-background is-vertical is-content-justification-center is-nowrap is-layout-flex wp-container-core-group-is-layout-e1898f86 wp-block-group-is-layout-flex block-visibility-hide-large-screen block-visibility-hide-medium-screen\" style=\"border-top-left-radius:15px;border-bottom-left-radius:15px;border-bottom-right-radius:15px;padding-top:0;padding-right:0;padding-bottom:var(--wp--preset--spacing--60);padding-left:0\">\n<a href=\"https:\/\/www.entreculturas.org\/noticia\/visita-a-kakuma-educacion-en-emergencias-junto-a-jrs-kenia\/\" target=\"_blank\" style=\"text-decoration:none;color:#2e2d2c\" rel=\"noopener\">\n<\/a>\n\n\n<figure class=\"wp-block-image size-full is-resized has-custom-border image-card-hover noticia-mobile-home-img width-100\"><img decoding=\"async\" width=\"1200\" height=\"680\" src=\"https:\/\/www.entreculturas.org\/wp-content\/uploads\/2025\/07\/Secondary-Education_Kakuma_KENIA_PaulaCasado.jpg\" alt=\"\" class=\"wp-image-40516\" style=\"border-top-left-radius:15px;border-top-right-radius:15px;border-bottom-left-radius:0px;border-bottom-right-radius:0px;width:329px;height:auto\" srcset=\"https:\/\/www.entreculturas.org\/wp-content\/uploads\/2025\/07\/Secondary-Education_Kakuma_KENIA_PaulaCasado.jpg 1200w, https:\/\/www.entreculturas.org\/wp-content\/uploads\/2025\/07\/Secondary-Education_Kakuma_KENIA_PaulaCasado-300x170.jpg 300w, https:\/\/www.entreculturas.org\/wp-content\/uploads\/2025\/07\/Secondary-Education_Kakuma_KENIA_PaulaCasado-1024x580.jpg 1024w, https:\/\/www.entreculturas.org\/wp-content\/uploads\/2025\/07\/Secondary-Education_Kakuma_KENIA_PaulaCasado-768x435.jpg 768w\" sizes=\"(max-width: 1200px) 100vw, 1200px\" \/><figcaption class=\"wp-element-caption\">\u00a9Paula Casado \/ JRS Kenya<\/figcaption><\/figure>\n\n\n\n<div class=\"wp-block-group has-global-padding is-layout-constrained wp-container-core-group-is-layout-4bf2bd6a wp-block-group-is-layout-constrained\" style=\"padding-right:var(--wp--preset--spacing--60);padding-left:var(--wp--preset--spacing--60)\">\n<h4 class=\"wp-block-heading has-gray-entreculturas-color has-text-color\" id=\"h-educacion-en-emergencia-en-kenia\">EDUCACI\u00d3N DE EMERXENCIA EN QUENIA<\/h4>\n\n\n\n<p>En resposta \u00e1s recentes crises humanitarias na rexi\u00f3n, Kenya recibiu unha afluencia masiva de persoas desprazadas forzosamente. Este programa, apoiado pola DG ECHO, busca mellorar o acceso a unha educaci\u00f3n primaria e secundaria de calidade para nenos e mozos desprazados en Kakuma e Dadaab. <\/p>\n\n\n\n<button class=\"wp-block-button__link wp-element-button\">Co\u00f1ece o programa<\/button>\n<\/div>\n\n\n\n\n<\/div>\n<\/div>\n<\/div>\n\n<div class=\"wp-block-group has-global-padding is-layout-constrained wp-block-group-is-layout-constrained\" style=\"margin-top:0px\">\n<div class=\"wp-block-group has-global-padding is-layout-constrained wp-container-core-group-is-layout-eb7ae2ce wp-block-group-is-layout-constrained\" style=\"margin-top:0px;margin-bottom:var(--wp--preset--spacing--80);padding-right:20px;padding-left:20px\">\n<div class=\"wp-block-buttons is-content-justification-center is-layout-flex wp-container-core-buttons-is-layout-d8c0be80 wp-block-buttons-is-layout-flex\" style=\"margin-top:var(--wp--preset--spacing--40)\">\n<div class=\"wp-block-button button-hover-gris _ver_programas\"><a class=\"wp-block-button__link has-redbright-color has-white-background-color has-text-color has-background wp-element-button\" href=\"https:\/\/www.entreculturas.org\/gl\/?page_id=37910\" style=\"border-width:2px\" target=\"_blank\" rel=\"noreferrer noopener\">consulta todos os nosos programas e proxectos<\/a><\/div>\n<\/div>\n<\/div>\n<\/div>\n\n<div id=\"memoria-donde-trabajamos\" class=\"wp-block-group relative overflow-hidden map-full has-white-background-color has-background has-global-padding is-layout-constrained wp-block-group-is-layout-constrained\" style=\"margin-top:0;margin-bottom:var(--wp--preset--spacing--70);padding-top:var(--wp--preset--spacing--40)\">\n<div class=\"wp-block-group has-global-padding is-layout-constrained wp-container-core-group-is-layout-8915bd51 wp-block-group-is-layout-constrained block-visibility-hide-large-screen block-visibility-hide-medium-screen\" style=\"margin-bottom:var(--wp--preset--spacing--60);padding-right:var(--wp--preset--spacing--60);padding-left:var(--wp--preset--spacing--60)\">\n<h2 class=\"wp-block-heading has-text-align-center has-x-large-font-size\" id=\"h-donde-trabajamos\" style=\"margin-bottom:var(--wp--preset--spacing--30)\">Onde traballamos<\/h2>\n\n\n\n<p class=\"has-text-align-left\" style=\"padding-right:0;padding-left:0\">En Entreculturas realizamos proxectos de cooperaci\u00f3n ao desenvolvemento, acci\u00f3n humanitaria, cidadan\u00eda e acci\u00f3n social vinculados \u00e1s nosas 5 causas.<br\/><br\/> <strong>Fai clic en cada punto para obter informaci\u00f3n:<\/strong><\/p>\n<\/div>\n\n\n\n<div class=\"wp-block-group absolute left-1\/2 -translate-x-1\/2 z-10 text-wrap-balance has-global-padding is-layout-constrained wp-container-core-group-is-layout-ddb9d25f wp-block-group-is-layout-constrained block-visibility-hide-small-screen\">\n<h2 class=\"wp-block-heading has-text-align-center\" id=\"h-donde-trabajamos-0\">Onde traballamos<\/h2>\n\n\n\n<p class=\"has-text-align-center has-medium-font-size\" style=\"padding-right:0;padding-left:0\">En Entreculturas realizamos proxectos de cooperaci\u00f3n ao desenvolvemento, acci\u00f3n humanitaria, cidadan\u00eda e acci\u00f3n social vinculados \u00e1s nosas 5 causas.<br\/><br\/><\/p>\n\n\n\n<p class=\"has-text-align-center\"><strong>Fai clic en cada punto para obter informaci\u00f3n:<\/strong><\/p>\n<\/div>\n\n\n\r\n<section\r\n\tclass=\"wp-block-theme-blocks-mapa-full wp-block-theme-blocks-mapa-full\">\r\n\t<script>\r\n\t\tconst points = [{\"name\":\"P\\u00e9rou\",\"link\":\"https:\\\/\\\/www.entreculturas.org\\\/fr\\\/pais\\\/peru-la-luz-de-las-ninas\\\/\",\"active\":false,\"visible\":true,\"txt_informacion\":\"M\\u00e1is informaci\\u00f3n\",\"txt_proyecto\":\"Proxecto\",\"txt_personas\":\"Persoas acompa\\u00f1adas\",\"txt_organizaciones\":\"Organizaci\\u00f3ns colaboradoras\",\"txt_todas\":\"Todas as causas\",\"projects\":0,\"funding\":0,\"accompanied_persons\":0,\"ubicacion_campo\":\"top\",\"margen_superior\":-30,\"margen_izquierda\":0,\"latitud\":-9.189966999999999330839273170568048954010009765625,\"longitud\":-70.01515200000000049840309657156467437744140625,\"ampliar_informacion\":\"No\"},{\"name\":\"Per\\u00fa\",\"link\":\"https:\\\/\\\/www.entreculturas.org\\\/gl\\\/pais\\\/peru-la-luz-de-las-ninas\\\/\",\"active\":false,\"visible\":true,\"txt_informacion\":\"M\\u00e1is informaci\\u00f3n\",\"txt_proyecto\":\"Proxecto\",\"txt_personas\":\"Persoas acompa\\u00f1adas\",\"txt_organizaciones\":\"Organizaci\\u00f3ns colaboradoras\",\"txt_todas\":\"Todas as causas\",\"projects\":0,\"funding\":0,\"accompanied_persons\":0,\"ubicacion_campo\":\"top\",\"margen_superior\":-30,\"margen_izquierda\":0,\"latitud\":-9.189966999999999330839273170568048954010009765625,\"longitud\":-70.01515200000000049840309657156467437744140625,\"ampliar_informacion\":\"No\"},{\"name\":\"Peru\",\"link\":\"https:\\\/\\\/www.entreculturas.org\\\/en\\\/pais\\\/peru-la-luz-de-las-ninas\\\/\",\"active\":false,\"visible\":true,\"txt_informacion\":\"M\\u00e1is informaci\\u00f3n\",\"txt_proyecto\":\"Proxecto\",\"txt_personas\":\"Persoas acompa\\u00f1adas\",\"txt_organizaciones\":\"Organizaci\\u00f3ns colaboradoras\",\"txt_todas\":\"Todas as causas\",\"projects\":0,\"funding\":0,\"accompanied_persons\":0,\"ubicacion_campo\":\"top\",\"margen_superior\":-30,\"margen_izquierda\":0,\"latitud\":-9.189966999999999330839273170568048954010009765625,\"longitud\":-70.01515200000000049840309657156467437744140625,\"ampliar_informacion\":\"No\"},{\"name\":\"Per\\u00fa\",\"link\":\"https:\\\/\\\/www.entreculturas.org\\\/ca\\\/pais\\\/peru-la-luz-de-las-ninas\\\/\",\"active\":false,\"visible\":true,\"txt_informacion\":\"M\\u00e1is informaci\\u00f3n\",\"txt_proyecto\":\"Proxecto\",\"txt_personas\":\"Persoas acompa\\u00f1adas\",\"txt_organizaciones\":\"Organizaci\\u00f3ns colaboradoras\",\"txt_todas\":\"Todas as causas\",\"projects\":0,\"funding\":0,\"accompanied_persons\":0,\"ubicacion_campo\":\"top\",\"margen_superior\":-30,\"margen_izquierda\":0,\"latitud\":-9.189966999999999330839273170568048954010009765625,\"longitud\":-70.01515200000000049840309657156467437744140625,\"ampliar_informacion\":\"No\"},{\"name\":\"Per\\u00fa\",\"link\":\"https:\\\/\\\/www.entreculturas.org\\\/pais\\\/peru-la-luz-de-las-ninas\\\/\",\"active\":false,\"visible\":true,\"txt_informacion\":\"M\\u00e1is informaci\\u00f3n\",\"txt_proyecto\":\"Proxecto\",\"txt_personas\":\"Persoas acompa\\u00f1adas\",\"txt_organizaciones\":\"Organizaci\\u00f3ns colaboradoras\",\"txt_todas\":\"Todas as causas\",\"projects\":0,\"funding\":0,\"accompanied_persons\":0,\"ubicacion_campo\":\"top\",\"margen_superior\":-30,\"margen_izquierda\":0,\"ampliar_informacion\":\"No\",\"latitud\":-9.189966999999999330839273170568048954010009765625,\"longitud\":-70.01515200000000049840309657156467437744140625},{\"name\":\"Soudan du Sud\",\"link\":\"https:\\\/\\\/www.entreculturas.org\\\/fr\\\/pais\\\/sudan-del-sur-la-luz-de-las-ninas\\\/\",\"active\":false,\"visible\":true,\"txt_informacion\":\"M\\u00e1is informaci\\u00f3n\",\"txt_proyecto\":\"Proxecto\",\"txt_personas\":\"Persoas acompa\\u00f1adas\",\"txt_organizaciones\":\"Organizaci\\u00f3ns colaboradoras\",\"txt_todas\":\"Todas as causas\",\"projects\":0,\"funding\":0,\"accompanied_persons\":0,\"ubicacion_campo\":\"top\",\"margen_superior\":-30,\"margen_izquierda\":0,\"latitud\":20.876999999999998891553332214243710041046142578125,\"longitud\":30.306999999999998607336237910203635692596435546875,\"ampliar_informacion\":\"No\"},{\"name\":\"Sud\\u00e1n do Sur\",\"link\":\"https:\\\/\\\/www.entreculturas.org\\\/gl\\\/pais\\\/sudan-del-sur-la-luz-de-las-ninas\\\/\",\"active\":false,\"visible\":true,\"txt_informacion\":\"M\\u00e1is informaci\\u00f3n\",\"txt_proyecto\":\"Proxecto\",\"txt_personas\":\"Persoas acompa\\u00f1adas\",\"txt_organizaciones\":\"Organizaci\\u00f3ns colaboradoras\",\"txt_todas\":\"Todas as causas\",\"projects\":0,\"funding\":0,\"accompanied_persons\":0,\"ubicacion_campo\":\"top\",\"margen_superior\":-30,\"margen_izquierda\":0,\"latitud\":20.876999999999998891553332214243710041046142578125,\"longitud\":30.306999999999998607336237910203635692596435546875,\"ampliar_informacion\":\"No\"},{\"name\":\"South Sudan\",\"link\":\"https:\\\/\\\/www.entreculturas.org\\\/en\\\/pais\\\/sudan-del-sur-la-luz-de-las-ninas\\\/\",\"active\":false,\"visible\":true,\"txt_informacion\":\"M\\u00e1is informaci\\u00f3n\",\"txt_proyecto\":\"Proxecto\",\"txt_personas\":\"Persoas acompa\\u00f1adas\",\"txt_organizaciones\":\"Organizaci\\u00f3ns colaboradoras\",\"txt_todas\":\"Todas as causas\",\"projects\":0,\"funding\":0,\"accompanied_persons\":0,\"ubicacion_campo\":\"top\",\"margen_superior\":-30,\"margen_izquierda\":0,\"latitud\":20.876999999999998891553332214243710041046142578125,\"longitud\":30.306999999999998607336237910203635692596435546875,\"ampliar_informacion\":\"No\"},{\"name\":\"Sud\\u00e1n del Sur\",\"link\":\"https:\\\/\\\/www.entreculturas.org\\\/ca\\\/pais\\\/sudan-del-sur-la-luz-de-las-ninas\\\/\",\"active\":false,\"visible\":true,\"txt_informacion\":\"M\\u00e1is informaci\\u00f3n\",\"txt_proyecto\":\"Proxecto\",\"txt_personas\":\"Persoas acompa\\u00f1adas\",\"txt_organizaciones\":\"Organizaci\\u00f3ns colaboradoras\",\"txt_todas\":\"Todas as causas\",\"projects\":0,\"funding\":0,\"accompanied_persons\":0,\"ubicacion_campo\":\"top\",\"margen_superior\":-30,\"margen_izquierda\":0,\"latitud\":20.876999999999998891553332214243710041046142578125,\"longitud\":30.306999999999998607336237910203635692596435546875,\"ampliar_informacion\":\"No\"},{\"name\":\"Sud\\u00e1n del Sur\",\"link\":\"https:\\\/\\\/www.entreculturas.org\\\/pais\\\/sudan-del-sur-la-luz-de-las-ninas\\\/\",\"active\":false,\"visible\":true,\"txt_informacion\":\"M\\u00e1is informaci\\u00f3n\",\"txt_proyecto\":\"Proxecto\",\"txt_personas\":\"Persoas acompa\\u00f1adas\",\"txt_organizaciones\":\"Organizaci\\u00f3ns colaboradoras\",\"txt_todas\":\"Todas as causas\",\"projects\":0,\"funding\":0,\"accompanied_persons\":0,\"ubicacion_campo\":\"top\",\"margen_superior\":-30,\"margen_izquierda\":0,\"ampliar_informacion\":\"No\",\"latitud\":20.876999999999998891553332214243710041046142578125,\"longitud\":30.306999999999998607336237910203635692596435546875},{\"name\":\"Kenia\",\"link\":\"https:\\\/\\\/www.entreculturas.org\\\/fr\\\/pais\\\/kenia-la-luz-de-las-ninas\\\/\",\"active\":false,\"visible\":true,\"txt_informacion\":\"M\\u00e1is informaci\\u00f3n\",\"txt_proyecto\":\"Proxecto\",\"txt_personas\":\"Persoas acompa\\u00f1adas\",\"txt_organizaciones\":\"Organizaci\\u00f3ns colaboradoras\",\"txt_todas\":\"Todas as causas\",\"projects\":0,\"funding\":0,\"accompanied_persons\":0,\"ubicacion_campo\":\"top\",\"margen_superior\":-30,\"margen_izquierda\":0,\"latitud\":7.02355899999999966354380376287735998630523681640625,\"longitud\":35.906193000000001802618498913943767547607421875,\"ampliar_informacion\":\"No\"},{\"name\":\"Kenya\",\"link\":\"https:\\\/\\\/www.entreculturas.org\\\/en\\\/pais\\\/kenia-la-luz-de-las-ninas\\\/\",\"active\":false,\"visible\":true,\"txt_informacion\":\"M\\u00e1is informaci\\u00f3n\",\"txt_proyecto\":\"Proxecto\",\"txt_personas\":\"Persoas acompa\\u00f1adas\",\"txt_organizaciones\":\"Organizaci\\u00f3ns colaboradoras\",\"txt_todas\":\"Todas as causas\",\"projects\":0,\"funding\":0,\"accompanied_persons\":0,\"ubicacion_campo\":\"top\",\"margen_superior\":-30,\"margen_izquierda\":0,\"latitud\":7.02355899999999966354380376287735998630523681640625,\"longitud\":35.906193000000001802618498913943767547607421875,\"ampliar_informacion\":\"No\"},{\"name\":\"Quenia\",\"link\":\"https:\\\/\\\/www.entreculturas.org\\\/gl\\\/pais\\\/kenia-la-luz-de-las-ninas\\\/\",\"active\":false,\"visible\":true,\"txt_informacion\":\"M\\u00e1is informaci\\u00f3n\",\"txt_proyecto\":\"Proxecto\",\"txt_personas\":\"Persoas acompa\\u00f1adas\",\"txt_organizaciones\":\"Organizaci\\u00f3ns colaboradoras\",\"txt_todas\":\"Todas as causas\",\"projects\":0,\"funding\":0,\"accompanied_persons\":0,\"ubicacion_campo\":\"top\",\"margen_superior\":-30,\"margen_izquierda\":0,\"latitud\":7.02355899999999966354380376287735998630523681640625,\"longitud\":35.906193000000001802618498913943767547607421875,\"ampliar_informacion\":\"No\"},{\"name\":\"Kenia\",\"link\":\"https:\\\/\\\/www.entreculturas.org\\\/ca\\\/pais\\\/kenia-la-luz-de-las-ninas\\\/\",\"active\":false,\"visible\":true,\"txt_informacion\":\"M\\u00e1is informaci\\u00f3n\",\"txt_proyecto\":\"Proxecto\",\"txt_personas\":\"Persoas acompa\\u00f1adas\",\"txt_organizaciones\":\"Organizaci\\u00f3ns colaboradoras\",\"txt_todas\":\"Todas as causas\",\"projects\":0,\"funding\":0,\"accompanied_persons\":0,\"ubicacion_campo\":\"top\",\"margen_superior\":-30,\"margen_izquierda\":0,\"latitud\":7.02355899999999966354380376287735998630523681640625,\"longitud\":35.906193000000001802618498913943767547607421875,\"ampliar_informacion\":\"No\"},{\"name\":\"Kenia\",\"link\":\"https:\\\/\\\/www.entreculturas.org\\\/pais\\\/kenia-la-luz-de-las-ninas\\\/\",\"active\":false,\"visible\":true,\"txt_informacion\":\"M\\u00e1is informaci\\u00f3n\",\"txt_proyecto\":\"Proxecto\",\"txt_personas\":\"Persoas acompa\\u00f1adas\",\"txt_organizaciones\":\"Organizaci\\u00f3ns colaboradoras\",\"txt_todas\":\"Todas as causas\",\"projects\":0,\"funding\":0,\"accompanied_persons\":0,\"ubicacion_campo\":\"top\",\"margen_superior\":-30,\"margen_izquierda\":0,\"ampliar_informacion\":\"No\",\"latitud\":7.02355899999999966354380376287735998630523681640625,\"longitud\":35.906193000000001802618498913943767547607421875},{\"name\":\"Ouganda\",\"link\":\"https:\\\/\\\/www.entreculturas.org\\\/fr\\\/pais\\\/uganda-la-luz-de-las-ninas\\\/\",\"active\":false,\"visible\":true,\"txt_informacion\":\"M\\u00e1is informaci\\u00f3n\",\"txt_proyecto\":\"Proxecto\",\"txt_personas\":\"Persoas acompa\\u00f1adas\",\"txt_organizaciones\":\"Organizaci\\u00f3ns colaboradoras\",\"txt_todas\":\"Todas as causas\",\"projects\":0,\"funding\":0,\"accompanied_persons\":0,\"ubicacion_campo\":\"top\",\"margen_superior\":-30,\"margen_izquierda\":0,\"latitud\":8.9478899999999992331822795676998794078826904296875,\"longitud\":33.74273600000000072896000347100198268890380859375,\"ampliar_informacion\":\"No\"},{\"name\":\"Uganda\",\"link\":\"https:\\\/\\\/www.entreculturas.org\\\/en\\\/pais\\\/uganda-la-luz-de-las-ninas\\\/\",\"active\":false,\"visible\":true,\"txt_informacion\":\"M\\u00e1is informaci\\u00f3n\",\"txt_proyecto\":\"Proxecto\",\"txt_personas\":\"Persoas acompa\\u00f1adas\",\"txt_organizaciones\":\"Organizaci\\u00f3ns colaboradoras\",\"txt_todas\":\"Todas as causas\",\"projects\":0,\"funding\":0,\"accompanied_persons\":0,\"ubicacion_campo\":\"top\",\"margen_superior\":-30,\"margen_izquierda\":0,\"latitud\":8.9478899999999992331822795676998794078826904296875,\"longitud\":33.74273600000000072896000347100198268890380859375,\"ampliar_informacion\":\"No\"},{\"name\":\"Uganda\",\"link\":\"https:\\\/\\\/www.entreculturas.org\\\/gl\\\/pais\\\/uganda-la-luz-de-las-ninas\\\/\",\"active\":false,\"visible\":true,\"txt_informacion\":\"M\\u00e1is informaci\\u00f3n\",\"txt_proyecto\":\"Proxecto\",\"txt_personas\":\"Persoas acompa\\u00f1adas\",\"txt_organizaciones\":\"Organizaci\\u00f3ns colaboradoras\",\"txt_todas\":\"Todas as causas\",\"projects\":0,\"funding\":0,\"accompanied_persons\":0,\"ubicacion_campo\":\"top\",\"margen_superior\":-30,\"margen_izquierda\":0,\"latitud\":8.9478899999999992331822795676998794078826904296875,\"longitud\":33.74273600000000072896000347100198268890380859375,\"ampliar_informacion\":\"No\"},{\"name\":\"Uganda\",\"link\":\"https:\\\/\\\/www.entreculturas.org\\\/ca\\\/pais\\\/uganda-la-luz-de-las-ninas\\\/\",\"active\":false,\"visible\":true,\"txt_informacion\":\"M\\u00e1is informaci\\u00f3n\",\"txt_proyecto\":\"Proxecto\",\"txt_personas\":\"Persoas acompa\\u00f1adas\",\"txt_organizaciones\":\"Organizaci\\u00f3ns colaboradoras\",\"txt_todas\":\"Todas as causas\",\"projects\":0,\"funding\":0,\"accompanied_persons\":0,\"ubicacion_campo\":\"top\",\"margen_superior\":-30,\"margen_izquierda\":0,\"latitud\":8.9478899999999992331822795676998794078826904296875,\"longitud\":33.74273600000000072896000347100198268890380859375,\"ampliar_informacion\":\"No\"},{\"name\":\"Uganda\",\"link\":\"https:\\\/\\\/www.entreculturas.org\\\/pais\\\/uganda-la-luz-de-las-ninas\\\/\",\"active\":false,\"visible\":true,\"txt_informacion\":\"M\\u00e1is informaci\\u00f3n\",\"txt_proyecto\":\"Proxecto\",\"txt_personas\":\"Persoas acompa\\u00f1adas\",\"txt_organizaciones\":\"Organizaci\\u00f3ns colaboradoras\",\"txt_todas\":\"Todas as causas\",\"projects\":0,\"funding\":0,\"accompanied_persons\":0,\"ubicacion_campo\":\"top\",\"margen_superior\":-30,\"margen_izquierda\":0,\"ampliar_informacion\":\"No\",\"latitud\":8.9478899999999992331822795676998794078826904296875,\"longitud\":33.74273600000000072896000347100198268890380859375},{\"name\":\"Ethiopie\",\"link\":\"https:\\\/\\\/www.entreculturas.org\\\/fr\\\/pais\\\/etiopia-la-luz-de-las-ninas\\\/\",\"active\":false,\"visible\":true,\"txt_informacion\":\"M\\u00e1is informaci\\u00f3n\",\"txt_proyecto\":\"Proxecto\",\"txt_personas\":\"Persoas acompa\\u00f1adas\",\"txt_organizaciones\":\"Organizaci\\u00f3ns colaboradoras\",\"txt_todas\":\"Todas as causas\",\"projects\":0,\"funding\":0,\"accompanied_persons\":0,\"ubicacion_campo\":\"top\",\"margen_superior\":-30,\"margen_izquierda\":0,\"latitud\":14.144999999999999573674358543939888477325439453125,\"longitud\":34.48967300000000335558070219121873378753662109375,\"ampliar_informacion\":\"No\"},{\"name\":\"Etiop\\u00eda\",\"link\":\"https:\\\/\\\/www.entreculturas.org\\\/gl\\\/pais\\\/etiopia-la-luz-de-las-ninas\\\/\",\"active\":false,\"visible\":true,\"txt_informacion\":\"M\\u00e1is informaci\\u00f3n\",\"txt_proyecto\":\"Proxecto\",\"txt_personas\":\"Persoas acompa\\u00f1adas\",\"txt_organizaciones\":\"Organizaci\\u00f3ns colaboradoras\",\"txt_todas\":\"Todas as causas\",\"projects\":0,\"funding\":0,\"accompanied_persons\":0,\"ubicacion_campo\":\"top\",\"margen_superior\":-30,\"margen_izquierda\":0,\"latitud\":14.144999999999999573674358543939888477325439453125,\"longitud\":34.48967300000000335558070219121873378753662109375,\"ampliar_informacion\":\"No\"},{\"name\":\"Ethiopia\",\"link\":\"https:\\\/\\\/www.entreculturas.org\\\/en\\\/pais\\\/etiopia-la-luz-de-las-ninas\\\/\",\"active\":false,\"visible\":true,\"txt_informacion\":\"M\\u00e1is informaci\\u00f3n\",\"txt_proyecto\":\"Proxecto\",\"txt_personas\":\"Persoas acompa\\u00f1adas\",\"txt_organizaciones\":\"Organizaci\\u00f3ns colaboradoras\",\"txt_todas\":\"Todas as causas\",\"projects\":0,\"funding\":0,\"accompanied_persons\":0,\"ubicacion_campo\":\"top\",\"margen_superior\":-30,\"margen_izquierda\":0,\"latitud\":14.144999999999999573674358543939888477325439453125,\"longitud\":34.48967300000000335558070219121873378753662109375,\"ampliar_informacion\":\"No\"},{\"name\":\"Etiop\\u00eda\",\"link\":\"https:\\\/\\\/www.entreculturas.org\\\/ca\\\/pais\\\/etiopia-la-luz-de-las-ninas\\\/\",\"active\":false,\"visible\":true,\"txt_informacion\":\"M\\u00e1is informaci\\u00f3n\",\"txt_proyecto\":\"Proxecto\",\"txt_personas\":\"Persoas acompa\\u00f1adas\",\"txt_organizaciones\":\"Organizaci\\u00f3ns colaboradoras\",\"txt_todas\":\"Todas as causas\",\"projects\":0,\"funding\":0,\"accompanied_persons\":0,\"ubicacion_campo\":\"top\",\"margen_superior\":-30,\"margen_izquierda\":0,\"latitud\":14.144999999999999573674358543939888477325439453125,\"longitud\":34.48967300000000335558070219121873378753662109375,\"ampliar_informacion\":\"No\"},{\"name\":\"Etiop\\u00eda\",\"link\":\"https:\\\/\\\/www.entreculturas.org\\\/pais\\\/etiopia-la-luz-de-las-ninas\\\/\",\"active\":false,\"visible\":true,\"txt_informacion\":\"M\\u00e1is informaci\\u00f3n\",\"txt_proyecto\":\"Proxecto\",\"txt_personas\":\"Persoas acompa\\u00f1adas\",\"txt_organizaciones\":\"Organizaci\\u00f3ns colaboradoras\",\"txt_todas\":\"Todas as causas\",\"projects\":0,\"funding\":0,\"accompanied_persons\":0,\"ubicacion_campo\":\"top\",\"margen_superior\":-30,\"margen_izquierda\":0,\"ampliar_informacion\":\"No\",\"latitud\":14.144999999999999573674358543939888477325439453125,\"longitud\":34.48967300000000335558070219121873378753662109375},{\"name\":\"Honduras\",\"link\":\"https:\\\/\\\/www.entreculturas.org\\\/fr\\\/pais\\\/honduras-la-luz-de-las-ninas\\\/\",\"active\":false,\"visible\":true,\"txt_informacion\":\"M\\u00e1is informaci\\u00f3n\",\"txt_proyecto\":\"Proxecto\",\"txt_personas\":\"Persoas acompa\\u00f1adas\",\"txt_organizaciones\":\"Organizaci\\u00f3ns colaboradoras\",\"txt_todas\":\"Todas as causas\",\"projects\":0,\"funding\":0,\"accompanied_persons\":0,\"ubicacion_campo\":\"top\",\"margen_superior\":-30,\"margen_izquierda\":0,\"latitud\":22.19999899999999826150087756104767322540283203125,\"longitud\":-83.241905000000002701199264265596866607666015625,\"ampliar_informacion\":\"No\"},{\"name\":\"Honduras\",\"link\":\"https:\\\/\\\/www.entreculturas.org\\\/gl\\\/pais\\\/honduras-la-luz-de-las-ninas\\\/\",\"active\":false,\"visible\":true,\"txt_informacion\":\"M\\u00e1is informaci\\u00f3n\",\"txt_proyecto\":\"Proxecto\",\"txt_personas\":\"Persoas acompa\\u00f1adas\",\"txt_organizaciones\":\"Organizaci\\u00f3ns colaboradoras\",\"txt_todas\":\"Todas as causas\",\"projects\":0,\"funding\":0,\"accompanied_persons\":0,\"ubicacion_campo\":\"top\",\"margen_superior\":-30,\"margen_izquierda\":0,\"latitud\":22.19999899999999826150087756104767322540283203125,\"longitud\":-83.241905000000002701199264265596866607666015625,\"ampliar_informacion\":\"No\"},{\"name\":\"Honduras\",\"link\":\"https:\\\/\\\/www.entreculturas.org\\\/en\\\/pais\\\/honduras-la-luz-de-las-ninas\\\/\",\"active\":false,\"visible\":true,\"txt_informacion\":\"M\\u00e1is informaci\\u00f3n\",\"txt_proyecto\":\"Proxecto\",\"txt_personas\":\"Persoas acompa\\u00f1adas\",\"txt_organizaciones\":\"Organizaci\\u00f3ns colaboradoras\",\"txt_todas\":\"Todas as causas\",\"projects\":0,\"funding\":0,\"accompanied_persons\":0,\"ubicacion_campo\":\"top\",\"margen_superior\":-30,\"margen_izquierda\":0,\"latitud\":22.19999899999999826150087756104767322540283203125,\"longitud\":-83.241905000000002701199264265596866607666015625,\"ampliar_informacion\":\"No\"},{\"name\":\"Hondures\",\"link\":\"https:\\\/\\\/www.entreculturas.org\\\/ca\\\/pais\\\/honduras-la-luz-de-las-ninas\\\/\",\"active\":false,\"visible\":true,\"txt_informacion\":\"M\\u00e1is informaci\\u00f3n\",\"txt_proyecto\":\"Proxecto\",\"txt_personas\":\"Persoas acompa\\u00f1adas\",\"txt_organizaciones\":\"Organizaci\\u00f3ns colaboradoras\",\"txt_todas\":\"Todas as causas\",\"projects\":0,\"funding\":0,\"accompanied_persons\":0,\"ubicacion_campo\":\"top\",\"margen_superior\":-30,\"margen_izquierda\":0,\"latitud\":22.19999899999999826150087756104767322540283203125,\"longitud\":-83.241905000000002701199264265596866607666015625,\"ampliar_informacion\":\"No\"},{\"name\":\"Honduras\",\"link\":\"https:\\\/\\\/www.entreculturas.org\\\/pais\\\/honduras-la-luz-de-las-ninas\\\/\",\"active\":false,\"visible\":true,\"txt_informacion\":\"M\\u00e1is informaci\\u00f3n\",\"txt_proyecto\":\"Proxecto\",\"txt_personas\":\"Persoas acompa\\u00f1adas\",\"txt_organizaciones\":\"Organizaci\\u00f3ns colaboradoras\",\"txt_todas\":\"Todas as causas\",\"projects\":0,\"funding\":0,\"accompanied_persons\":0,\"ubicacion_campo\":\"top\",\"margen_superior\":-30,\"margen_izquierda\":0,\"ampliar_informacion\":\"No\",\"latitud\":22.19999899999999826150087756104767322540283203125,\"longitud\":-83.241905000000002701199264265596866607666015625},{\"name\":\"Nicaragua\",\"link\":\"https:\\\/\\\/www.entreculturas.org\\\/fr\\\/pais\\\/nicaragua-la-luz-de-las-ninas\\\/\",\"active\":false,\"visible\":true,\"txt_informacion\":\"M\\u00e1is informaci\\u00f3n\",\"txt_proyecto\":\"Proxecto\",\"txt_personas\":\"Persoas acompa\\u00f1adas\",\"txt_organizaciones\":\"Organizaci\\u00f3ns colaboradoras\",\"txt_todas\":\"Todas as causas\",\"projects\":0,\"funding\":0,\"accompanied_persons\":0,\"ubicacion_campo\":\"top\",\"margen_superior\":-30,\"margen_izquierda\":0,\"latitud\":13.865415999999999741021383670158684253692626953125,\"longitud\":-80.2072289999999981091605150140821933746337890625,\"ampliar_informacion\":\"No\"},{\"name\":\"Nicaragua\",\"link\":\"https:\\\/\\\/www.entreculturas.org\\\/en\\\/pais\\\/nicaragua-la-luz-de-las-ninas\\\/\",\"active\":false,\"visible\":true,\"txt_informacion\":\"M\\u00e1is informaci\\u00f3n\",\"txt_proyecto\":\"Proxecto\",\"txt_personas\":\"Persoas acompa\\u00f1adas\",\"txt_organizaciones\":\"Organizaci\\u00f3ns colaboradoras\",\"txt_todas\":\"Todas as causas\",\"projects\":0,\"funding\":0,\"accompanied_persons\":0,\"ubicacion_campo\":\"top\",\"margen_superior\":-30,\"margen_izquierda\":0,\"latitud\":13.865415999999999741021383670158684253692626953125,\"longitud\":-80.2072289999999981091605150140821933746337890625,\"ampliar_informacion\":\"No\"},{\"name\":\"Nicaragua\",\"link\":\"https:\\\/\\\/www.entreculturas.org\\\/gl\\\/pais\\\/nicaragua-la-luz-de-las-ninas\\\/\",\"active\":false,\"visible\":true,\"txt_informacion\":\"M\\u00e1is informaci\\u00f3n\",\"txt_proyecto\":\"Proxecto\",\"txt_personas\":\"Persoas acompa\\u00f1adas\",\"txt_organizaciones\":\"Organizaci\\u00f3ns colaboradoras\",\"txt_todas\":\"Todas as causas\",\"projects\":0,\"funding\":0,\"accompanied_persons\":0,\"ubicacion_campo\":\"top\",\"margen_superior\":-30,\"margen_izquierda\":0,\"latitud\":13.865415999999999741021383670158684253692626953125,\"longitud\":-80.2072289999999981091605150140821933746337890625,\"ampliar_informacion\":\"No\"},{\"name\":\"Nicaragua\",\"link\":\"https:\\\/\\\/www.entreculturas.org\\\/ca\\\/pais\\\/nicaragua-la-luz-de-las-ninas\\\/\",\"active\":false,\"visible\":true,\"txt_informacion\":\"M\\u00e1is informaci\\u00f3n\",\"txt_proyecto\":\"Proxecto\",\"txt_personas\":\"Persoas acompa\\u00f1adas\",\"txt_organizaciones\":\"Organizaci\\u00f3ns colaboradoras\",\"txt_todas\":\"Todas as causas\",\"projects\":0,\"funding\":0,\"accompanied_persons\":0,\"ubicacion_campo\":\"top\",\"margen_superior\":-30,\"margen_izquierda\":0,\"latitud\":13.865415999999999741021383670158684253692626953125,\"longitud\":-80.2072289999999981091605150140821933746337890625,\"ampliar_informacion\":\"No\"},{\"name\":\"Nicaragua\",\"link\":\"https:\\\/\\\/www.entreculturas.org\\\/pais\\\/nicaragua-la-luz-de-las-ninas\\\/\",\"active\":false,\"visible\":true,\"txt_informacion\":\"M\\u00e1is informaci\\u00f3n\",\"txt_proyecto\":\"Proxecto\",\"txt_personas\":\"Persoas acompa\\u00f1adas\",\"txt_organizaciones\":\"Organizaci\\u00f3ns colaboradoras\",\"txt_todas\":\"Todas as causas\",\"projects\":0,\"funding\":0,\"accompanied_persons\":0,\"ubicacion_campo\":\"top\",\"margen_superior\":-30,\"margen_izquierda\":0,\"ampliar_informacion\":\"No\",\"latitud\":13.865415999999999741021383670158684253692626953125,\"longitud\":-80.2072289999999981091605150140821933746337890625},{\"name\":\"R\\u00e9publique dominicaine\",\"link\":\"https:\\\/\\\/www.entreculturas.org\\\/fr\\\/pais\\\/r-dominicana-la-luz-de-las-ninas\\\/\",\"active\":false,\"visible\":true,\"txt_informacion\":\"M\\u00e1is informaci\\u00f3n\",\"txt_proyecto\":\"Proxecto\",\"txt_personas\":\"Persoas acompa\\u00f1adas\",\"txt_organizaciones\":\"Organizaci\\u00f3ns colaboradoras\",\"txt_todas\":\"Todas as causas\",\"projects\":0,\"funding\":0,\"accompanied_persons\":0,\"ubicacion_campo\":\"top\",\"margen_superior\":-30,\"margen_izquierda\":0,\"latitud\":20.735693000000001262606019736267626285552978515625,\"longitud\":-64.1626509999999967703843140043318271636962890625,\"ampliar_informacion\":\"No\"},{\"name\":\"Dominican Republic\",\"link\":\"https:\\\/\\\/www.entreculturas.org\\\/en\\\/pais\\\/r-dominicana-la-luz-de-las-ninas\\\/\",\"active\":false,\"visible\":true,\"txt_informacion\":\"M\\u00e1is informaci\\u00f3n\",\"txt_proyecto\":\"Proxecto\",\"txt_personas\":\"Persoas acompa\\u00f1adas\",\"txt_organizaciones\":\"Organizaci\\u00f3ns colaboradoras\",\"txt_todas\":\"Todas as causas\",\"projects\":0,\"funding\":0,\"accompanied_persons\":0,\"ubicacion_campo\":\"top\",\"margen_superior\":-30,\"margen_izquierda\":0,\"latitud\":20.735693000000001262606019736267626285552978515625,\"longitud\":-64.1626509999999967703843140043318271636962890625,\"ampliar_informacion\":\"No\"},{\"name\":\"R. Dominicana\",\"link\":\"https:\\\/\\\/www.entreculturas.org\\\/gl\\\/pais\\\/r-dominicana-la-luz-de-las-ninas\\\/\",\"active\":false,\"visible\":true,\"txt_informacion\":\"M\\u00e1is informaci\\u00f3n\",\"txt_proyecto\":\"Proxecto\",\"txt_personas\":\"Persoas acompa\\u00f1adas\",\"txt_organizaciones\":\"Organizaci\\u00f3ns colaboradoras\",\"txt_todas\":\"Todas as causas\",\"projects\":0,\"funding\":0,\"accompanied_persons\":0,\"ubicacion_campo\":\"top\",\"margen_superior\":-30,\"margen_izquierda\":0,\"latitud\":20.735693000000001262606019736267626285552978515625,\"longitud\":-64.1626509999999967703843140043318271636962890625,\"ampliar_informacion\":\"No\"},{\"name\":\"Rep\\u00fablica Dominicana\",\"link\":\"https:\\\/\\\/www.entreculturas.org\\\/ca\\\/pais\\\/r-dominicana-la-luz-de-las-ninas\\\/\",\"active\":false,\"visible\":true,\"txt_informacion\":\"M\\u00e1is informaci\\u00f3n\",\"txt_proyecto\":\"Proxecto\",\"txt_personas\":\"Persoas acompa\\u00f1adas\",\"txt_organizaciones\":\"Organizaci\\u00f3ns colaboradoras\",\"txt_todas\":\"Todas as causas\",\"projects\":0,\"funding\":0,\"accompanied_persons\":0,\"ubicacion_campo\":\"top\",\"margen_superior\":-30,\"margen_izquierda\":0,\"latitud\":20.735693000000001262606019736267626285552978515625,\"longitud\":-64.1626509999999967703843140043318271636962890625,\"ampliar_informacion\":\"No\"},{\"name\":\"R. Dominicana\",\"link\":\"https:\\\/\\\/www.entreculturas.org\\\/pais\\\/r-dominicana-la-luz-de-las-ninas\\\/\",\"active\":false,\"visible\":true,\"txt_informacion\":\"M\\u00e1is informaci\\u00f3n\",\"txt_proyecto\":\"Proxecto\",\"txt_personas\":\"Persoas acompa\\u00f1adas\",\"txt_organizaciones\":\"Organizaci\\u00f3ns colaboradoras\",\"txt_todas\":\"Todas as causas\",\"projects\":0,\"funding\":0,\"accompanied_persons\":0,\"ubicacion_campo\":\"top\",\"margen_superior\":-30,\"margen_izquierda\":0,\"ampliar_informacion\":\"No\",\"latitud\":20.735693000000001262606019736267626285552978515625,\"longitud\":-64.1626509999999967703843140043318271636962890625},{\"name\":\"R.D. du Congo\",\"link\":\"https:\\\/\\\/www.entreculturas.org\\\/fr\\\/pais\\\/r-d-del-congo-la-luz-de-las-ninas\\\/\",\"active\":false,\"visible\":true,\"txt_informacion\":\"M\\u00e1is informaci\\u00f3n\",\"txt_proyecto\":\"Proxecto\",\"txt_personas\":\"Persoas acompa\\u00f1adas\",\"txt_organizaciones\":\"Organizaci\\u00f3ns colaboradoras\",\"txt_todas\":\"Todas as causas\",\"projects\":0,\"funding\":0,\"accompanied_persons\":0,\"ubicacion_campo\":\"top\",\"margen_superior\":-30,\"margen_izquierda\":0,\"latitud\":-4.0383329999999997284021446830593049526214599609375,\"longitud\":21.758663999999999560941432719118893146514892578125,\"ampliar_informacion\":\"No\"},{\"name\":\"Democratic Republic of the Congo\",\"link\":\"https:\\\/\\\/www.entreculturas.org\\\/en\\\/pais\\\/r-d-del-congo-la-luz-de-las-ninas\\\/\",\"active\":false,\"visible\":true,\"txt_informacion\":\"M\\u00e1is informaci\\u00f3n\",\"txt_proyecto\":\"Proxecto\",\"txt_personas\":\"Persoas acompa\\u00f1adas\",\"txt_organizaciones\":\"Organizaci\\u00f3ns colaboradoras\",\"txt_todas\":\"Todas as causas\",\"projects\":0,\"funding\":0,\"accompanied_persons\":0,\"ubicacion_campo\":\"top\",\"margen_superior\":-30,\"margen_izquierda\":0,\"latitud\":-4.0383329999999997284021446830593049526214599609375,\"longitud\":21.758663999999999560941432719118893146514892578125,\"ampliar_informacion\":\"No\"},{\"name\":\"R.D. do Congo\",\"link\":\"https:\\\/\\\/www.entreculturas.org\\\/gl\\\/pais\\\/r-d-del-congo-la-luz-de-las-ninas\\\/\",\"active\":false,\"visible\":true,\"txt_informacion\":\"M\\u00e1is informaci\\u00f3n\",\"txt_proyecto\":\"Proxecto\",\"txt_personas\":\"Persoas acompa\\u00f1adas\",\"txt_organizaciones\":\"Organizaci\\u00f3ns colaboradoras\",\"txt_todas\":\"Todas as causas\",\"projects\":0,\"funding\":0,\"accompanied_persons\":0,\"ubicacion_campo\":\"top\",\"margen_superior\":-30,\"margen_izquierda\":0,\"latitud\":-4.0383329999999997284021446830593049526214599609375,\"longitud\":21.758663999999999560941432719118893146514892578125,\"ampliar_informacion\":\"No\"},{\"name\":\"R.D. del Congo\",\"link\":\"https:\\\/\\\/www.entreculturas.org\\\/ca\\\/pais\\\/r-d-del-congo-la-luz-de-las-ninas\\\/\",\"active\":false,\"visible\":true,\"txt_informacion\":\"M\\u00e1is informaci\\u00f3n\",\"txt_proyecto\":\"Proxecto\",\"txt_personas\":\"Persoas acompa\\u00f1adas\",\"txt_organizaciones\":\"Organizaci\\u00f3ns colaboradoras\",\"txt_todas\":\"Todas as causas\",\"projects\":0,\"funding\":0,\"accompanied_persons\":0,\"ubicacion_campo\":\"top\",\"margen_superior\":-30,\"margen_izquierda\":0,\"latitud\":-4.0383329999999997284021446830593049526214599609375,\"longitud\":21.758663999999999560941432719118893146514892578125,\"ampliar_informacion\":\"No\"},{\"name\":\"R.D. del Congo\",\"link\":\"https:\\\/\\\/www.entreculturas.org\\\/pais\\\/r-d-del-congo-la-luz-de-las-ninas\\\/\",\"active\":false,\"visible\":true,\"txt_informacion\":\"M\\u00e1is informaci\\u00f3n\",\"txt_proyecto\":\"Proxecto\",\"txt_personas\":\"Persoas acompa\\u00f1adas\",\"txt_organizaciones\":\"Organizaci\\u00f3ns colaboradoras\",\"txt_todas\":\"Todas as causas\",\"projects\":0,\"funding\":0,\"accompanied_persons\":0,\"ubicacion_campo\":\"top\",\"margen_superior\":-30,\"margen_izquierda\":0,\"ampliar_informacion\":\"No\",\"latitud\":-4.0383329999999997284021446830593049526214599609375,\"longitud\":21.758663999999999560941432719118893146514892578125},{\"name\":\"Guatemala\",\"link\":\"https:\\\/\\\/www.entreculturas.org\\\/fr\\\/pais\\\/guatemala-la-luz-de-las-ninas\\\/\",\"active\":false,\"visible\":true,\"txt_informacion\":\"M\\u00e1is informaci\\u00f3n\",\"txt_proyecto\":\"Proxecto\",\"txt_personas\":\"Persoas acompa\\u00f1adas\",\"txt_organizaciones\":\"Organizaci\\u00f3ns colaboradoras\",\"txt_todas\":\"Todas as causas\",\"projects\":0,\"funding\":0,\"accompanied_persons\":0,\"ubicacion_campo\":\"top\",\"margen_superior\":-30,\"margen_izquierda\":0,\"latitud\":19.78347099999999869623934500850737094879150390625,\"longitud\":-87.230759000000006153641152195632457733154296875,\"ampliar_informacion\":\"No\"},{\"name\":\"Guatemala\",\"link\":\"https:\\\/\\\/www.entreculturas.org\\\/en\\\/pais\\\/guatemala-la-luz-de-las-ninas\\\/\",\"active\":false,\"visible\":true,\"txt_informacion\":\"M\\u00e1is informaci\\u00f3n\",\"txt_proyecto\":\"Proxecto\",\"txt_personas\":\"Persoas acompa\\u00f1adas\",\"txt_organizaciones\":\"Organizaci\\u00f3ns colaboradoras\",\"txt_todas\":\"Todas as causas\",\"projects\":0,\"funding\":0,\"accompanied_persons\":0,\"ubicacion_campo\":\"top\",\"margen_superior\":-30,\"margen_izquierda\":0,\"latitud\":19.78347099999999869623934500850737094879150390625,\"longitud\":-87.230759000000006153641152195632457733154296875,\"ampliar_informacion\":\"No\"},{\"name\":\"Guatemala\",\"link\":\"https:\\\/\\\/www.entreculturas.org\\\/gl\\\/pais\\\/guatemala-la-luz-de-las-ninas\\\/\",\"active\":false,\"visible\":true,\"txt_informacion\":\"M\\u00e1is informaci\\u00f3n\",\"txt_proyecto\":\"Proxecto\",\"txt_personas\":\"Persoas acompa\\u00f1adas\",\"txt_organizaciones\":\"Organizaci\\u00f3ns colaboradoras\",\"txt_todas\":\"Todas as causas\",\"projects\":0,\"funding\":0,\"accompanied_persons\":0,\"ubicacion_campo\":\"top\",\"margen_superior\":-30,\"margen_izquierda\":0,\"latitud\":19.78347099999999869623934500850737094879150390625,\"longitud\":-87.230759000000006153641152195632457733154296875,\"ampliar_informacion\":\"No\"},{\"name\":\"Guatemala\",\"link\":\"https:\\\/\\\/www.entreculturas.org\\\/ca\\\/pais\\\/guatemala-la-luz-de-las-ninas\\\/\",\"active\":false,\"visible\":true,\"txt_informacion\":\"M\\u00e1is informaci\\u00f3n\",\"txt_proyecto\":\"Proxecto\",\"txt_personas\":\"Persoas acompa\\u00f1adas\",\"txt_organizaciones\":\"Organizaci\\u00f3ns colaboradoras\",\"txt_todas\":\"Todas as causas\",\"projects\":0,\"funding\":0,\"accompanied_persons\":0,\"ubicacion_campo\":\"top\",\"margen_superior\":-30,\"margen_izquierda\":0,\"latitud\":19.78347099999999869623934500850737094879150390625,\"longitud\":-87.230759000000006153641152195632457733154296875,\"ampliar_informacion\":\"No\"},{\"name\":\"Guatemala\",\"link\":\"https:\\\/\\\/www.entreculturas.org\\\/pais\\\/guatemala-la-luz-de-las-ninas\\\/\",\"active\":false,\"visible\":true,\"txt_informacion\":\"M\\u00e1is informaci\\u00f3n\",\"txt_proyecto\":\"Proxecto\",\"txt_personas\":\"Persoas acompa\\u00f1adas\",\"txt_organizaciones\":\"Organizaci\\u00f3ns colaboradoras\",\"txt_todas\":\"Todas as causas\",\"projects\":0,\"funding\":0,\"accompanied_persons\":0,\"ubicacion_campo\":\"top\",\"margen_superior\":-30,\"margen_izquierda\":0,\"ampliar_informacion\":\"No\",\"latitud\":19.78347099999999869623934500850737094879150390625,\"longitud\":-87.230759000000006153641152195632457733154296875},{\"name\":\"El Salvador\",\"link\":\"https:\\\/\\\/www.entreculturas.org\\\/fr\\\/pais\\\/el-salvador-la-luz-de-las-ninas\\\/\",\"active\":false,\"visible\":true,\"txt_informacion\":\"M\\u00e1is informaci\\u00f3n\",\"txt_proyecto\":\"Proxecto\",\"txt_personas\":\"Persoas acompa\\u00f1adas\",\"txt_organizaciones\":\"Organizaci\\u00f3ns colaboradoras\",\"txt_todas\":\"Todas as causas\",\"projects\":0,\"funding\":0,\"accompanied_persons\":0,\"ubicacion_campo\":\"top\",\"margen_superior\":-30,\"margen_izquierda\":0,\"latitud\":15.7941850000000005849187800777144730091094970703125,\"longitud\":-83.8965299999999984947862685658037662506103515625,\"ampliar_informacion\":\"No\"},{\"name\":\"El Salvador\",\"link\":\"https:\\\/\\\/www.entreculturas.org\\\/en\\\/pais\\\/el-salvador-la-luz-de-las-ninas\\\/\",\"active\":false,\"visible\":true,\"txt_informacion\":\"M\\u00e1is informaci\\u00f3n\",\"txt_proyecto\":\"Proxecto\",\"txt_personas\":\"Persoas acompa\\u00f1adas\",\"txt_organizaciones\":\"Organizaci\\u00f3ns colaboradoras\",\"txt_todas\":\"Todas as causas\",\"projects\":0,\"funding\":0,\"accompanied_persons\":0,\"ubicacion_campo\":\"top\",\"margen_superior\":-30,\"margen_izquierda\":0,\"latitud\":15.7941850000000005849187800777144730091094970703125,\"longitud\":-83.8965299999999984947862685658037662506103515625,\"ampliar_informacion\":\"No\"},{\"name\":\"O Salvador\",\"link\":\"https:\\\/\\\/www.entreculturas.org\\\/gl\\\/pais\\\/el-salvador-la-luz-de-las-ninas\\\/\",\"active\":false,\"visible\":true,\"txt_informacion\":\"M\\u00e1is informaci\\u00f3n\",\"txt_proyecto\":\"Proxecto\",\"txt_personas\":\"Persoas acompa\\u00f1adas\",\"txt_organizaciones\":\"Organizaci\\u00f3ns colaboradoras\",\"txt_todas\":\"Todas as causas\",\"projects\":0,\"funding\":0,\"accompanied_persons\":0,\"ubicacion_campo\":\"top\",\"margen_superior\":-30,\"margen_izquierda\":0,\"latitud\":15.7941850000000005849187800777144730091094970703125,\"longitud\":-83.8965299999999984947862685658037662506103515625,\"ampliar_informacion\":\"No\"},{\"name\":\"El Salvador\",\"link\":\"https:\\\/\\\/www.entreculturas.org\\\/ca\\\/pais\\\/el-salvador-la-luz-de-las-ninas\\\/\",\"active\":false,\"visible\":true,\"txt_informacion\":\"M\\u00e1is informaci\\u00f3n\",\"txt_proyecto\":\"Proxecto\",\"txt_personas\":\"Persoas acompa\\u00f1adas\",\"txt_organizaciones\":\"Organizaci\\u00f3ns colaboradoras\",\"txt_todas\":\"Todas as causas\",\"projects\":0,\"funding\":0,\"accompanied_persons\":0,\"ubicacion_campo\":\"top\",\"margen_superior\":-30,\"margen_izquierda\":0,\"latitud\":15.7941850000000005849187800777144730091094970703125,\"longitud\":-83.8965299999999984947862685658037662506103515625,\"ampliar_informacion\":\"No\"},{\"name\":\"El Salvador\",\"link\":\"https:\\\/\\\/www.entreculturas.org\\\/pais\\\/el-salvador-la-luz-de-las-ninas\\\/\",\"active\":false,\"visible\":true,\"txt_informacion\":\"M\\u00e1is informaci\\u00f3n\",\"txt_proyecto\":\"Proxecto\",\"txt_personas\":\"Persoas acompa\\u00f1adas\",\"txt_organizaciones\":\"Organizaci\\u00f3ns colaboradoras\",\"txt_todas\":\"Todas as causas\",\"projects\":0,\"funding\":0,\"accompanied_persons\":0,\"ubicacion_campo\":\"top\",\"margen_superior\":-30,\"margen_izquierda\":0,\"ampliar_informacion\":\"No\",\"latitud\":15.7941850000000005849187800777144730091094970703125,\"longitud\":-83.8965299999999984947862685658037662506103515625},{\"name\":\"Ha\\u00efti\",\"link\":\"https:\\\/\\\/www.entreculturas.org\\\/fr\\\/pais\\\/haiti-la-luz-de-las-ninas\\\/\",\"active\":false,\"visible\":true,\"txt_informacion\":\"M\\u00e1is informaci\\u00f3n\",\"txt_proyecto\":\"Proxecto\",\"txt_personas\":\"Persoas acompa\\u00f1adas\",\"txt_organizaciones\":\"Organizaci\\u00f3ns colaboradoras\",\"txt_todas\":\"Todas as causas\",\"projects\":0,\"funding\":0,\"accompanied_persons\":0,\"ubicacion_campo\":\"top\",\"margen_superior\":-30,\"margen_izquierda\":0,\"latitud\":20.9711870000000004665707820095121860504150390625,\"longitud\":-68.7852149999999937790562398731708526611328125,\"ampliar_informacion\":\"No\"},{\"name\":\"Haiti\",\"link\":\"https:\\\/\\\/www.entreculturas.org\\\/en\\\/pais\\\/haiti-la-luz-de-las-ninas\\\/\",\"active\":false,\"visible\":true,\"txt_informacion\":\"M\\u00e1is informaci\\u00f3n\",\"txt_proyecto\":\"Proxecto\",\"txt_personas\":\"Persoas acompa\\u00f1adas\",\"txt_organizaciones\":\"Organizaci\\u00f3ns colaboradoras\",\"txt_todas\":\"Todas as causas\",\"projects\":0,\"funding\":0,\"accompanied_persons\":0,\"ubicacion_campo\":\"top\",\"margen_superior\":-30,\"margen_izquierda\":0,\"latitud\":20.9711870000000004665707820095121860504150390625,\"longitud\":-68.7852149999999937790562398731708526611328125,\"ampliar_informacion\":\"No\"},{\"name\":\"Hait\\u00ed\",\"link\":\"https:\\\/\\\/www.entreculturas.org\\\/gl\\\/pais\\\/haiti-la-luz-de-las-ninas\\\/\",\"active\":false,\"visible\":true,\"txt_informacion\":\"M\\u00e1is informaci\\u00f3n\",\"txt_proyecto\":\"Proxecto\",\"txt_personas\":\"Persoas acompa\\u00f1adas\",\"txt_organizaciones\":\"Organizaci\\u00f3ns colaboradoras\",\"txt_todas\":\"Todas as causas\",\"projects\":0,\"funding\":0,\"accompanied_persons\":0,\"ubicacion_campo\":\"top\",\"margen_superior\":-30,\"margen_izquierda\":0,\"latitud\":20.9711870000000004665707820095121860504150390625,\"longitud\":-68.7852149999999937790562398731708526611328125,\"ampliar_informacion\":\"No\"},{\"name\":\"Hait\\u00ed\",\"link\":\"https:\\\/\\\/www.entreculturas.org\\\/ca\\\/pais\\\/haiti-la-luz-de-las-ninas\\\/\",\"active\":false,\"visible\":true,\"txt_informacion\":\"M\\u00e1is informaci\\u00f3n\",\"txt_proyecto\":\"Proxecto\",\"txt_personas\":\"Persoas acompa\\u00f1adas\",\"txt_organizaciones\":\"Organizaci\\u00f3ns colaboradoras\",\"txt_todas\":\"Todas as causas\",\"projects\":0,\"funding\":0,\"accompanied_persons\":0,\"ubicacion_campo\":\"top\",\"margen_superior\":-30,\"margen_izquierda\":0,\"latitud\":20.9711870000000004665707820095121860504150390625,\"longitud\":-68.7852149999999937790562398731708526611328125,\"ampliar_informacion\":\"No\"},{\"name\":\"Hait\\u00ed\",\"link\":\"https:\\\/\\\/www.entreculturas.org\\\/pais\\\/haiti-la-luz-de-las-ninas\\\/\",\"active\":false,\"visible\":true,\"txt_informacion\":\"M\\u00e1is informaci\\u00f3n\",\"txt_proyecto\":\"Proxecto\",\"txt_personas\":\"Persoas acompa\\u00f1adas\",\"txt_organizaciones\":\"Organizaci\\u00f3ns colaboradoras\",\"txt_todas\":\"Todas as causas\",\"projects\":0,\"funding\":0,\"accompanied_persons\":0,\"ubicacion_campo\":\"top\",\"margen_superior\":-30,\"margen_izquierda\":0,\"ampliar_informacion\":\"No\",\"latitud\":20.9711870000000004665707820095121860504150390625,\"longitud\":-68.7852149999999937790562398731708526611328125},{\"name\":\"\\u00c9quateur\",\"link\":\"https:\\\/\\\/www.entreculturas.org\\\/fr\\\/pais\\\/ecuador-la-luz-de-las-ninas\\\/\",\"active\":false,\"visible\":true,\"txt_informacion\":\"M\\u00e1is informaci\\u00f3n\",\"txt_proyecto\":\"Proxecto\",\"txt_personas\":\"Persoas acompa\\u00f1adas\",\"txt_organizaciones\":\"Organizaci\\u00f3ns colaboradoras\",\"txt_todas\":\"Todas as causas\",\"projects\":0,\"funding\":0,\"accompanied_persons\":0,\"ubicacion_campo\":\"top\",\"margen_superior\":-30,\"margen_izquierda\":0,\"latitud\":-1.831239000000000061163518694229423999786376953125,\"longitud\":-74.1834060000000050649759941734373569488525390625,\"ampliar_informacion\":\"No\"},{\"name\":\"Ecuador\",\"link\":\"https:\\\/\\\/www.entreculturas.org\\\/en\\\/pais\\\/ecuador-la-luz-de-las-ninas\\\/\",\"active\":false,\"visible\":true,\"txt_informacion\":\"M\\u00e1is informaci\\u00f3n\",\"txt_proyecto\":\"Proxecto\",\"txt_personas\":\"Persoas acompa\\u00f1adas\",\"txt_organizaciones\":\"Organizaci\\u00f3ns colaboradoras\",\"txt_todas\":\"Todas as causas\",\"projects\":0,\"funding\":0,\"accompanied_persons\":0,\"ubicacion_campo\":\"top\",\"margen_superior\":-30,\"margen_izquierda\":0,\"latitud\":-1.831239000000000061163518694229423999786376953125,\"longitud\":-74.1834060000000050649759941734373569488525390625,\"ampliar_informacion\":\"No\"},{\"name\":\"Ecuador\",\"link\":\"https:\\\/\\\/www.entreculturas.org\\\/ca\\\/pais\\\/ecuador-la-luz-de-las-ninas\\\/\",\"active\":false,\"visible\":true,\"txt_informacion\":\"M\\u00e1is informaci\\u00f3n\",\"txt_proyecto\":\"Proxecto\",\"txt_personas\":\"Persoas acompa\\u00f1adas\",\"txt_organizaciones\":\"Organizaci\\u00f3ns colaboradoras\",\"txt_todas\":\"Todas as causas\",\"projects\":0,\"funding\":0,\"accompanied_persons\":0,\"ubicacion_campo\":\"top\",\"margen_superior\":-30,\"margen_izquierda\":0,\"latitud\":-1.831239000000000061163518694229423999786376953125,\"longitud\":-74.1834060000000050649759941734373569488525390625,\"ampliar_informacion\":\"No\"},{\"name\":\"Ecuador\",\"link\":\"https:\\\/\\\/www.entreculturas.org\\\/gl\\\/pais\\\/ecuador-la-luz-de-las-ninas\\\/\",\"active\":false,\"visible\":true,\"txt_informacion\":\"M\\u00e1is informaci\\u00f3n\",\"txt_proyecto\":\"Proxecto\",\"txt_personas\":\"Persoas acompa\\u00f1adas\",\"txt_organizaciones\":\"Organizaci\\u00f3ns colaboradoras\",\"txt_todas\":\"Todas as causas\",\"projects\":0,\"funding\":0,\"accompanied_persons\":0,\"ubicacion_campo\":\"top\",\"margen_superior\":-30,\"margen_izquierda\":0,\"latitud\":-1.831239000000000061163518694229423999786376953125,\"longitud\":-74.1834060000000050649759941734373569488525390625,\"ampliar_informacion\":\"No\"},{\"name\":\"Ecuador\",\"link\":\"https:\\\/\\\/www.entreculturas.org\\\/pais\\\/ecuador-la-luz-de-las-ninas\\\/\",\"active\":false,\"visible\":true,\"txt_informacion\":\"M\\u00e1is informaci\\u00f3n\",\"txt_proyecto\":\"Proxecto\",\"txt_personas\":\"Persoas acompa\\u00f1adas\",\"txt_organizaciones\":\"Organizaci\\u00f3ns colaboradoras\",\"txt_todas\":\"Todas as causas\",\"projects\":0,\"funding\":0,\"accompanied_persons\":0,\"ubicacion_campo\":\"top\",\"margen_superior\":-30,\"margen_izquierda\":0,\"ampliar_informacion\":\"No\",\"latitud\":-1.831239000000000061163518694229423999786376953125,\"longitud\":-74.1834060000000050649759941734373569488525390625},{\"name\":\"Tchad\",\"link\":\"https:\\\/\\\/www.entreculturas.org\\\/fr\\\/pais\\\/chad-la-luz-de-las-ninas\\\/\",\"active\":false,\"visible\":true,\"txt_informacion\":\"M\\u00e1is informaci\\u00f3n\",\"txt_proyecto\":\"Proxecto\",\"txt_personas\":\"Persoas acompa\\u00f1adas\",\"txt_organizaciones\":\"Organizaci\\u00f3ns colaboradoras\",\"txt_todas\":\"Todas as causas\",\"projects\":0,\"funding\":0,\"accompanied_persons\":0,\"ubicacion_campo\":\"top\",\"margen_superior\":-30,\"margen_izquierda\":0,\"latitud\":18.4541660000000007357812137342989444732666015625,\"longitud\":15.7322070000000007183871275628916919231414794921875,\"ampliar_informacion\":\"No\"},{\"name\":\"Chad\",\"link\":\"https:\\\/\\\/www.entreculturas.org\\\/en\\\/pais\\\/chad-la-luz-de-las-ninas\\\/\",\"active\":false,\"visible\":true,\"txt_informacion\":\"M\\u00e1is informaci\\u00f3n\",\"txt_proyecto\":\"Proxecto\",\"txt_personas\":\"Persoas acompa\\u00f1adas\",\"txt_organizaciones\":\"Organizaci\\u00f3ns colaboradoras\",\"txt_todas\":\"Todas as causas\",\"projects\":0,\"funding\":0,\"accompanied_persons\":0,\"ubicacion_campo\":\"top\",\"margen_superior\":-30,\"margen_izquierda\":0,\"latitud\":18.4541660000000007357812137342989444732666015625,\"longitud\":15.7322070000000007183871275628916919231414794921875,\"ampliar_informacion\":\"No\"},{\"name\":\"Chad\",\"link\":\"https:\\\/\\\/www.entreculturas.org\\\/ca\\\/pais\\\/chad-la-luz-de-las-ninas\\\/\",\"active\":false,\"visible\":true,\"txt_informacion\":\"M\\u00e1is informaci\\u00f3n\",\"txt_proyecto\":\"Proxecto\",\"txt_personas\":\"Persoas acompa\\u00f1adas\",\"txt_organizaciones\":\"Organizaci\\u00f3ns colaboradoras\",\"txt_todas\":\"Todas as causas\",\"projects\":0,\"funding\":0,\"accompanied_persons\":0,\"ubicacion_campo\":\"top\",\"margen_superior\":-30,\"margen_izquierda\":0,\"latitud\":18.4541660000000007357812137342989444732666015625,\"longitud\":15.7322070000000007183871275628916919231414794921875,\"ampliar_informacion\":\"No\"},{\"name\":\"Chad\",\"link\":\"https:\\\/\\\/www.entreculturas.org\\\/gl\\\/pais\\\/chad-la-luz-de-las-ninas\\\/\",\"active\":false,\"visible\":true,\"txt_informacion\":\"M\\u00e1is informaci\\u00f3n\",\"txt_proyecto\":\"Proxecto\",\"txt_personas\":\"Persoas acompa\\u00f1adas\",\"txt_organizaciones\":\"Organizaci\\u00f3ns colaboradoras\",\"txt_todas\":\"Todas as causas\",\"projects\":0,\"funding\":0,\"accompanied_persons\":0,\"ubicacion_campo\":\"top\",\"margen_superior\":-30,\"margen_izquierda\":0,\"latitud\":18.4541660000000007357812137342989444732666015625,\"longitud\":15.7322070000000007183871275628916919231414794921875,\"ampliar_informacion\":\"No\"},{\"name\":\"Chad\",\"link\":\"https:\\\/\\\/www.entreculturas.org\\\/pais\\\/chad-la-luz-de-las-ninas\\\/\",\"active\":false,\"visible\":true,\"txt_informacion\":\"M\\u00e1is informaci\\u00f3n\",\"txt_proyecto\":\"Proxecto\",\"txt_personas\":\"Persoas acompa\\u00f1adas\",\"txt_organizaciones\":\"Organizaci\\u00f3ns colaboradoras\",\"txt_todas\":\"Todas as causas\",\"projects\":0,\"funding\":0,\"accompanied_persons\":0,\"ubicacion_campo\":\"top\",\"margen_superior\":-30,\"margen_izquierda\":0,\"ampliar_informacion\":\"No\",\"latitud\":18.4541660000000007357812137342989444732666015625,\"longitud\":15.7322070000000007183871275628916919231414794921875},{\"name\":\"Uruguay\",\"link\":\"https:\\\/\\\/www.entreculturas.org\\\/gl\\\/pais\\\/uruguay\\\/\",\"active\":false,\"visible\":true,\"txt_informacion\":\"M\\u00e1is informaci\\u00f3n\",\"txt_proyecto\":\"Proxecto\",\"txt_personas\":\"Persoas acompa\\u00f1adas\",\"txt_organizaciones\":\"Organizaci\\u00f3ns colaboradoras\",\"txt_todas\":\"Todas as causas\",\"x\":409,\"y\":602,\"causes\":[\"Educaci\\u00f3n\",\"G\\u00e9nero\",\"Justicia medioambiental\"],\"projects\":5,\"funding\":212720,\"accompanied_persons\":988,\"partner_organizations\":[{\"term_id\":298,\"name\":\"Fe y Alegr\\u00eda Uruguay\",\"slug\":\"fe-y-alegria-uruguay\",\"term_group\":0,\"term_taxonomy_id\":298,\"taxonomy\":\"partner_organizations\",\"description\":\"\",\"parent\":0,\"count\":2,\"filter\":\"raw\"}],\"imagen\":\"https:\\\/\\\/www.entreculturas.org\\\/wp-content\\\/uploads\\\/2024\\\/01\\\/Uruguay-Fe-y-Alegri\\u0301a-Uruguay-4-1.jpg\",\"ubicacion_campo\":\"top\",\"margen_superior\":-30,\"margen_izquierda\":0,\"latitud\":-32.9623509999999981801011017523705959320068359375,\"longitud\":-55.94266900000000219961293623782694339752197265625,\"ampliar_informacion\":\"Si\"},{\"name\":\"Siria\",\"link\":\"https:\\\/\\\/www.entreculturas.org\\\/gl\\\/pais\\\/libano-2\\\/\",\"active\":false,\"visible\":true,\"txt_informacion\":\"M\\u00e1is informaci\\u00f3n\",\"txt_proyecto\":\"Proxecto\",\"txt_personas\":\"Persoas acompa\\u00f1adas\",\"txt_organizaciones\":\"Organizaci\\u00f3ns colaboradoras\",\"txt_todas\":\"Todas as causas\",\"x\":765,\"y\":295,\"causes\":[\"Educaci\\u00f3n\",\"G\\u00e9nero\",\"Migraci\\u00f3n y refugio\",\"Participaci\\u00f3n y ciudadan\\u00eda global\"],\"projects\":1,\"funding\":1735584,\"accompanied_persons\":26469,\"partner_organizations\":[{\"term_id\":263,\"name\":\"Compa\\u00f1\\u00eda de Jes\\u00fas - Provincia de L\\u00edbano\",\"slug\":\"compania-de-jesus-provincia-de-libano\",\"term_group\":0,\"term_taxonomy_id\":263,\"taxonomy\":\"partner_organizations\",\"description\":\"\",\"parent\":0,\"count\":2,\"filter\":\"raw\"}],\"imagen\":\"https:\\\/\\\/www.entreculturas.org\\\/wp-content\\\/uploads\\\/2023\\\/12\\\/Bourj-Hammoud-FVDL-Centre3-2016nov.jpg\",\"ubicacion_campo\":\"top\",\"margen_superior\":-30,\"margen_izquierda\":0,\"latitud\":36.47496699999999947294782032258808612823486328125,\"longitud\":37.02175799999999838973963051103055477142333984375,\"ampliar_informacion\":\"Si\"},{\"name\":\"Internacional\",\"link\":\"https:\\\/\\\/www.entreculturas.org\\\/gl\\\/pais\\\/internacional\\\/\",\"active\":false,\"visible\":true,\"txt_informacion\":\"M\\u00e1is informaci\\u00f3n\",\"txt_proyecto\":\"Proxecto\",\"txt_personas\":\"Persoas acompa\\u00f1adas\",\"txt_organizaciones\":\"Organizaci\\u00f3ns colaboradoras\",\"txt_todas\":\"Todas as causas\",\"x\":501,\"y\":202,\"causes\":[\"Educaci\\u00f3n\"],\"projects\":3,\"funding\":135000,\"accompanied_persons\":94,\"partner_organizations\":[{\"term_id\":306,\"name\":\"Federaci\\u00f3n Internacional Fe y Alegr\\u00eda\",\"slug\":\"federacion-internacional-fe-y-alegria\",\"term_group\":0,\"term_taxonomy_id\":306,\"taxonomy\":\"partner_organizations\",\"description\":\"\",\"parent\":0,\"count\":2,\"filter\":\"raw\"},{\"term_id\":304,\"name\":\"Oficina Internacional del Servicio Jesuita a Refugiados\",\"slug\":\"oficina-internacional-del-servicio-jesuita-a-refugiados\",\"term_group\":0,\"term_taxonomy_id\":304,\"taxonomy\":\"partner_organizations\",\"description\":\"\",\"parent\":0,\"count\":2,\"filter\":\"raw\"}],\"imagen\":\"https:\\\/\\\/www.entreculturas.org\\\/wp-content\\\/uploads\\\/2024\\\/02\\\/placeholder04.png\",\"ubicacion_campo\":\"top\",\"margen_superior\":-30,\"margen_izquierda\":0,\"latitud\":4.66569500000000036976643968955613672733306884765625,\"longitud\":20.52956199999999853389454074203968048095703125,\"ampliar_informacion\":\"Si\"},{\"name\":\"Mozambique\",\"link\":\"https:\\\/\\\/www.entreculturas.org\\\/gl\\\/pais\\\/mozambique\\\/\",\"active\":false,\"visible\":true,\"txt_informacion\":\"M\\u00e1is informaci\\u00f3n\",\"txt_proyecto\":\"Proxecto\",\"txt_personas\":\"Persoas acompa\\u00f1adas\",\"txt_organizaciones\":\"Organizaci\\u00f3ns colaboradoras\",\"txt_todas\":\"Todas as causas\",\"x\":757,\"y\":403,\"causes\":[\"Educaci\\u00f3n\",\"Justicia medioambiental\",\"Migraci\\u00f3n y refugio\",\"Participaci\\u00f3n y ciudadan\\u00eda global\"],\"projects\":0,\"funding\":0,\"accompanied_persons\":0,\"partner_organizations\":[{\"term_id\":464,\"name\":\"Compa\\u00f1\\u00eda de Jes\\u00fas \\\/ Silveria House\",\"slug\":\"compania-de-jesus-silveria-house\",\"term_group\":0,\"term_taxonomy_id\":464,\"taxonomy\":\"partner_organizations\",\"description\":\"\",\"parent\":0,\"count\":1,\"filter\":\"raw\"}],\"imagen\":\"https:\\\/\\\/www.entreculturas.org\\\/wp-content\\\/uploads\\\/2024\\\/01\\\/Mozambique_LucaFabris-2.jpg\",\"ubicacion_campo\":\"top\",\"margen_superior\":-30,\"margen_izquierda\":0,\"latitud\":-14.923629999999999284909790731035172939300537109375,\"longitud\":29.986236000000001666876414674334228038787841796875,\"ampliar_informacion\":\"Si\"},{\"name\":\"Regional Am\\u00e9rica\",\"link\":\"https:\\\/\\\/www.entreculturas.org\\\/gl\\\/pais\\\/regional-america\\\/\",\"active\":false,\"visible\":true,\"txt_informacion\":\"M\\u00e1is informaci\\u00f3n\",\"txt_proyecto\":\"Proxecto\",\"txt_personas\":\"Persoas acompa\\u00f1adas\",\"txt_organizaciones\":\"Organizaci\\u00f3ns colaboradoras\",\"txt_todas\":\"Todas as causas\",\"x\":393,\"y\":505,\"causes\":[\"Educaci\\u00f3n\",\"G\\u00e9nero\",\"Justicia medioambiental\",\"Migraci\\u00f3n y refugio\",\"Participaci\\u00f3n y ciudadan\\u00eda global\"],\"projects\":9,\"funding\":378004,\"accompanied_persons\":46156,\"partner_organizations\":[{\"term_id\":305,\"name\":\"Oficina Centroamericana de Fe y Alegr\\u00eda\",\"slug\":\"oficina-centroamericana-de-fe-y-alegria\",\"term_group\":0,\"term_taxonomy_id\":305,\"taxonomy\":\"partner_organizations\",\"description\":\"\",\"parent\":0,\"count\":1,\"filter\":\"raw\"},{\"term_id\":306,\"name\":\"Federaci\\u00f3n Internacional Fe y Alegr\\u00eda\",\"slug\":\"federacion-internacional-fe-y-alegria\",\"term_group\":0,\"term_taxonomy_id\":306,\"taxonomy\":\"partner_organizations\",\"description\":\"\",\"parent\":0,\"count\":2,\"filter\":\"raw\"},{\"term_id\":307,\"name\":\"Consejo Indigenista Misionero (CIMI)\",\"slug\":\"consejo-indigenista-misionero-cimi\",\"term_group\":0,\"term_taxonomy_id\":307,\"taxonomy\":\"partner_organizations\",\"description\":\"\",\"parent\":0,\"count\":1,\"filter\":\"raw\"},{\"term_id\":209,\"name\":\"Fe y Alegr\\u00eda Bolivia\",\"slug\":\"fe-y-alegria-bolivia\",\"term_group\":0,\"term_taxonomy_id\":209,\"taxonomy\":\"partner_organizations\",\"description\":\"\",\"parent\":0,\"count\":1,\"filter\":\"raw\"}],\"imagen\":\"https:\\\/\\\/www.entreculturas.org\\\/wp-content\\\/uploads\\\/2024\\\/02\\\/placeholder04.png\",\"ubicacion_campo\":\"top\",\"margen_superior\":-30,\"margen_izquierda\":0,\"latitud\":8.78319499999999919737092568539083003997802734375,\"longitud\":-55.491477000000003272361936978995800018310546875,\"ampliar_informacion\":\"Si\"},{\"name\":\"Regional \\u00c1frica\",\"link\":\"https:\\\/\\\/www.entreculturas.org\\\/gl\\\/pais\\\/regional-africa\\\/\",\"active\":false,\"visible\":true,\"txt_informacion\":\"M\\u00e1is informaci\\u00f3n\",\"txt_proyecto\":\"Proxecto\",\"txt_personas\":\"Persoas acompa\\u00f1adas\",\"txt_organizaciones\":\"Organizaci\\u00f3ns colaboradoras\",\"txt_todas\":\"Todas as causas\",\"x\":688,\"y\":385,\"causes\":[\"Educaci\\u00f3n\",\"G\\u00e9nero\",\"Justicia medioambiental\",\"Migraci\\u00f3n y refugio\",\"Participaci\\u00f3n y ciudadan\\u00eda global\"],\"projects\":1,\"funding\":238515,\"accompanied_persons\":100,\"partner_organizations\":[{\"term_id\":304,\"name\":\"Oficina Internacional del Servicio Jesuita a Refugiados\",\"slug\":\"oficina-internacional-del-servicio-jesuita-a-refugiados\",\"term_group\":0,\"term_taxonomy_id\":304,\"taxonomy\":\"partner_organizations\",\"description\":\"\",\"parent\":0,\"count\":2,\"filter\":\"raw\"}],\"imagen\":\"https:\\\/\\\/www.entreculturas.org\\\/wp-content\\\/uploads\\\/2024\\\/02\\\/placeholder04.png\",\"ubicacion_campo\":\"top\",\"margen_superior\":-30,\"margen_izquierda\":0,\"latitud\":-8.78319499999999919737092568539083003997802734375,\"longitud\":34.508522999999996727638063021004199981689453125,\"ampliar_informacion\":\"Si\"},{\"name\":\"Venezuela\",\"link\":\"https:\\\/\\\/www.entreculturas.org\\\/gl\\\/pais\\\/venezuela\\\/\",\"active\":false,\"visible\":true,\"txt_informacion\":\"M\\u00e1is informaci\\u00f3n\",\"txt_proyecto\":\"Proxecto\",\"txt_personas\":\"Persoas acompa\\u00f1adas\",\"txt_organizaciones\":\"Organizaci\\u00f3ns colaboradoras\",\"txt_todas\":\"Todas as causas\",\"x\":368,\"y\":429,\"causes\":[\"Educaci\\u00f3n\",\"Justicia medioambiental\",\"Migraci\\u00f3n y refugio\",\"Participaci\\u00f3n y ciudadan\\u00eda global\"],\"projects\":9,\"funding\":1691138,\"accompanied_persons\":16506,\"partner_organizations\":[{\"term_id\":302,\"name\":\"JRS Venezuela\",\"slug\":\"jrs-venezuela\",\"term_group\":0,\"term_taxonomy_id\":302,\"taxonomy\":\"partner_organizations\",\"description\":\"\",\"parent\":0,\"count\":1,\"filter\":\"raw\"}],\"imagen\":\"https:\\\/\\\/www.entreculturas.org\\\/wp-content\\\/uploads\\\/2024\\\/01\\\/Programa-apoyo-educativo-Venezuela-2019-1.jpg\",\"ubicacion_campo\":\"top\",\"margen_superior\":-30,\"margen_izquierda\":0,\"latitud\":11.0354030000000005173887984710745513439178466796875,\"longitud\":-64.2198230000000052086761570535600185394287109375,\"ampliar_informacion\":\"Si\"},{\"name\":\"Uruguay\",\"link\":\"https:\\\/\\\/www.entreculturas.org\\\/gl\\\/pais\\\/uruguay-2\\\/\",\"active\":false,\"visible\":true,\"txt_informacion\":\"M\\u00e1is informaci\\u00f3n\",\"txt_proyecto\":\"Proxecto\",\"txt_personas\":\"Persoas acompa\\u00f1adas\",\"txt_organizaciones\":\"Organizaci\\u00f3ns colaboradoras\",\"txt_todas\":\"Todas as causas\",\"x\":409,\"y\":602,\"causes\":[\"Educaci\\u00f3n\",\"G\\u00e9nero\",\"Justicia medioambiental\"],\"projects\":5,\"funding\":212720,\"accompanied_persons\":2128,\"partner_organizations\":[{\"term_id\":298,\"name\":\"Fe y Alegr\\u00eda Uruguay\",\"slug\":\"fe-y-alegria-uruguay\",\"term_group\":0,\"term_taxonomy_id\":298,\"taxonomy\":\"partner_organizations\",\"description\":\"\",\"parent\":0,\"count\":2,\"filter\":\"raw\"}],\"imagen\":\"https:\\\/\\\/www.entreculturas.org\\\/wp-content\\\/uploads\\\/2024\\\/01\\\/Uruguay-Fe-y-Alegri\\u0301a-Uruguay-4-1.jpg\",\"ubicacion_campo\":\"top\",\"margen_superior\":-30,\"margen_izquierda\":0,\"latitud\":-26.81950199999999995270627550780773162841796875,\"longitud\":-52.65154400000000123327481560409069061279296875,\"ampliar_informacion\":\"Si\"},{\"name\":\"Uganda\",\"link\":\"https:\\\/\\\/www.entreculturas.org\\\/gl\\\/pais\\\/uganda\\\/\",\"active\":false,\"visible\":true,\"txt_informacion\":\"M\\u00e1is informaci\\u00f3n\",\"txt_proyecto\":\"Proxecto\",\"txt_personas\":\"Persoas acompa\\u00f1adas\",\"txt_organizaciones\":\"Organizaci\\u00f3ns colaboradoras\",\"txt_todas\":\"Todas as causas\",\"x\":717,\"y\":423,\"causes\":[\"Educaci\\u00f3n\",\"G\\u00e9nero\",\"Migraci\\u00f3n y refugio\",\"Participaci\\u00f3n y ciudadan\\u00eda global\"],\"projects\":2,\"funding\":46983,\"accompanied_persons\":12398,\"partner_organizations\":[{\"term_id\":295,\"name\":\"JRS Uganda\",\"slug\":\"jrs-uganda\",\"term_group\":0,\"term_taxonomy_id\":295,\"taxonomy\":\"partner_organizations\",\"description\":\"\",\"parent\":0,\"count\":1,\"filter\":\"raw\"}],\"imagen\":\"https:\\\/\\\/www.entreculturas.org\\\/wp-content\\\/uploads\\\/2024\\\/01\\\/DSC05191.jpg\",\"ubicacion_campo\":\"top\",\"margen_superior\":-30,\"margen_izquierda\":0,\"latitud\":8.9478899999999992331822795676998794078826904296875,\"longitud\":33.74273600000000072896000347100198268890380859375,\"ampliar_informacion\":\"Si\"},{\"name\":\"Ucrania\",\"link\":\"https:\\\/\\\/www.entreculturas.org\\\/gl\\\/pais\\\/ucrania\\\/\",\"active\":false,\"visible\":true,\"txt_informacion\":\"M\\u00e1is informaci\\u00f3n\",\"txt_proyecto\":\"Proxecto\",\"txt_personas\":\"Persoas acompa\\u00f1adas\",\"txt_organizaciones\":\"Organizaci\\u00f3ns colaboradoras\",\"txt_todas\":\"Todas as causas\",\"x\":740,\"y\":245,\"causes\":[\"Educaci\\u00f3n\",\"Migraci\\u00f3n y refugio\"],\"projects\":1,\"funding\":65331,\"accompanied_persons\":2348,\"partner_organizations\":[{\"term_id\":294,\"name\":\"JRS Ucrania\",\"slug\":\"jrs-ucrania\",\"term_group\":0,\"term_taxonomy_id\":294,\"taxonomy\":\"partner_organizations\",\"description\":\"\",\"parent\":0,\"count\":1,\"filter\":\"raw\"}],\"imagen\":\"https:\\\/\\\/www.entreculturas.org\\\/wp-content\\\/uploads\\\/2023\\\/05\\\/ucrania-lviv-dibujando.jpg\",\"ubicacion_campo\":\"top\",\"margen_superior\":-30,\"margen_izquierda\":0,\"latitud\":50.1885520000000013851604308001697063446044921875,\"longitud\":33.36376700000000283807821688242256641387939453125,\"ampliar_informacion\":\"Si\"},{\"name\":\"Sud\\u00e1n del Sur\",\"link\":\"https:\\\/\\\/www.entreculturas.org\\\/gl\\\/pais\\\/sudan-del-sur\\\/\",\"active\":false,\"visible\":true,\"txt_informacion\":\"M\\u00e1is informaci\\u00f3n\",\"txt_proyecto\":\"Proxecto\",\"txt_personas\":\"Persoas acompa\\u00f1adas\",\"txt_organizaciones\":\"Organizaci\\u00f3ns colaboradoras\",\"txt_todas\":\"Todas as causas\",\"x\":733,\"y\":399,\"causes\":[\"Educaci\\u00f3n\",\"Migraci\\u00f3n y refugio\"],\"projects\":2,\"funding\":52078,\"accompanied_persons\":1810,\"partner_organizations\":[{\"term_id\":291,\"name\":\"JRS Sud\\u00e1n del Sur\",\"slug\":\"jrs-sudan-del-sur\",\"term_group\":0,\"term_taxonomy_id\":291,\"taxonomy\":\"partner_organizations\",\"description\":\"\",\"parent\":0,\"count\":1,\"filter\":\"raw\"},{\"term_id\":292,\"name\":\"Compa\\u00f1\\u00eda de Jes\\u00fas - Provincia \\u00c1frica del Este\",\"slug\":\"compania-de-jesus-provincia-africa-del-este\",\"term_group\":0,\"term_taxonomy_id\":292,\"taxonomy\":\"partner_organizations\",\"description\":\"\",\"parent\":0,\"count\":1,\"filter\":\"raw\"}],\"imagen\":\"https:\\\/\\\/www.entreculturas.org\\\/wp-content\\\/uploads\\\/2024\\\/01\\\/South-Sudan___Kajo-Keji___Tipere-School__Sergi-C__mara___Entreculturas___JRS75.jpg\",\"ubicacion_campo\":\"top\",\"margen_superior\":-30,\"margen_izquierda\":0,\"latitud\":20.876999999999998891553332214243710041046142578125,\"longitud\":30.306999999999998607336237910203635692596435546875,\"ampliar_informacion\":\"Si\"},{\"name\":\"Sud\\u00e1frica\",\"link\":\"https:\\\/\\\/www.entreculturas.org\\\/gl\\\/pais\\\/sudafrica\\\/\",\"active\":false,\"visible\":true,\"txt_informacion\":\"M\\u00e1is informaci\\u00f3n\",\"txt_proyecto\":\"Proxecto\",\"txt_personas\":\"Persoas acompa\\u00f1adas\",\"txt_organizaciones\":\"Organizaci\\u00f3ns colaboradoras\",\"txt_todas\":\"Todas as causas\",\"x\":686,\"y\":556,\"causes\":[\"Educaci\\u00f3n\",\"G\\u00e9nero\",\"Migraci\\u00f3n y refugio\"],\"projects\":1,\"funding\":285501,\"accompanied_persons\":1806,\"partner_organizations\":[{\"term_id\":290,\"name\":\"JRS Sud\\u00e1frica\",\"slug\":\"jrs-sudafrica\",\"term_group\":0,\"term_taxonomy_id\":290,\"taxonomy\":\"partner_organizations\",\"description\":\"\",\"parent\":0,\"count\":1,\"filter\":\"raw\"}],\"imagen\":\"https:\\\/\\\/www.entreculturas.org\\\/wp-content\\\/uploads\\\/2024\\\/01\\\/EPGO_JRS-Sudafrica.jpg\",\"ubicacion_campo\":\"top\",\"margen_superior\":-30,\"margen_izquierda\":0,\"latitud\":-27.559481999999999146666596061550080776214599609375,\"longitud\":20.9375059999999990623109624721109867095947265625,\"ampliar_informacion\":\"Si\"},{\"name\":\"Ruman\\u00eda\",\"link\":\"https:\\\/\\\/www.entreculturas.org\\\/gl\\\/pais\\\/rumania\\\/\",\"active\":false,\"visible\":true,\"txt_informacion\":\"M\\u00e1is informaci\\u00f3n\",\"txt_proyecto\":\"Proxecto\",\"txt_personas\":\"Persoas acompa\\u00f1adas\",\"txt_organizaciones\":\"Organizaci\\u00f3ns colaboradoras\",\"txt_todas\":\"Todas as causas\",\"x\":710,\"y\":234,\"causes\":[\"Educaci\\u00f3n\",\"Migraci\\u00f3n y refugio\"],\"projects\":1,\"funding\":310689,\"accompanied_persons\":2325,\"partner_organizations\":[{\"term_id\":288,\"name\":\"JRS Ruman\\u00eda\",\"slug\":\"jrs-rumania\",\"term_group\":0,\"term_taxonomy_id\":288,\"taxonomy\":\"partner_organizations\",\"description\":\"\",\"parent\":0,\"count\":1,\"filter\":\"raw\"}],\"imagen\":\"https:\\\/\\\/www.entreculturas.org\\\/wp-content\\\/uploads\\\/2024\\\/02\\\/placeholder04.png\",\"ubicacion_campo\":\"top\",\"margen_superior\":-30,\"margen_izquierda\":0,\"latitud\":48.943161000000003468812792561948299407958984375,\"longitud\":27.96676000000000072986949817277491092681884765625,\"ampliar_informacion\":\"Si\"},{\"name\":\"Rep\\u00fablica Dominicana\",\"link\":\"https:\\\/\\\/www.entreculturas.org\\\/gl\\\/pais\\\/republica-dominicana\\\/\",\"active\":false,\"visible\":true,\"txt_informacion\":\"M\\u00e1is informaci\\u00f3n\",\"txt_proyecto\":\"Proxecto\",\"txt_personas\":\"Persoas acompa\\u00f1adas\",\"txt_organizaciones\":\"Organizaci\\u00f3ns colaboradoras\",\"txt_todas\":\"Todas as causas\",\"x\":377,\"y\":378,\"causes\":[\"Educaci\\u00f3n\",\"G\\u00e9nero\",\"Justicia medioambiental\",\"Migraci\\u00f3n y refugio\",\"Participaci\\u00f3n y ciudadan\\u00eda global\"],\"projects\":4,\"funding\":122236,\"accompanied_persons\":18845,\"partner_organizations\":[{\"term_id\":287,\"name\":\"Fe y Alegr\\u00eda Rep\\u00fablica Dominicana\",\"slug\":\"fe-y-alegria-republica-dominicana\",\"term_group\":0,\"term_taxonomy_id\":287,\"taxonomy\":\"partner_organizations\",\"description\":\"\",\"parent\":0,\"count\":1,\"filter\":\"raw\"}],\"imagen\":\"https:\\\/\\\/www.entreculturas.org\\\/wp-content\\\/uploads\\\/2024\\\/01\\\/DSC01532.jpg\",\"ubicacion_campo\":\"top\",\"margen_superior\":-30,\"margen_izquierda\":0,\"latitud\":20.735693000000001262606019736267626285552978515625,\"longitud\":-64.1626509999999967703843140043318271636962890625,\"ampliar_informacion\":\"Si\"},{\"name\":\"Rep\\u00fablica Democr\\u00e1tica Congo\",\"link\":\"https:\\\/\\\/www.entreculturas.org\\\/gl\\\/pais\\\/republica-democratica-congo\\\/\",\"active\":false,\"visible\":true,\"txt_informacion\":\"M\\u00e1is informaci\\u00f3n\",\"txt_proyecto\":\"Proxecto\",\"txt_personas\":\"Persoas acompa\\u00f1adas\",\"txt_organizaciones\":\"Organizaci\\u00f3ns colaboradoras\",\"txt_todas\":\"Todas as causas\",\"x\":666,\"y\":437,\"causes\":[\"Educaci\\u00f3n\",\"G\\u00e9nero\",\"Justicia medioambiental\",\"Migraci\\u00f3n y refugio\",\"Participaci\\u00f3n y ciudadan\\u00eda global\"],\"projects\":4,\"funding\":101901,\"accompanied_persons\":1345,\"partner_organizations\":[{\"term_id\":285,\"name\":\"Fe y Alegr\\u00eda R.D.Congo\",\"slug\":\"fe-y-alegria-r-d-congo\",\"term_group\":0,\"term_taxonomy_id\":285,\"taxonomy\":\"partner_organizations\",\"description\":\"\",\"parent\":0,\"count\":1,\"filter\":\"raw\"},{\"term_id\":286,\"name\":\"JRS R.D. Congo\",\"slug\":\"jrs-r-d-congo\",\"term_group\":0,\"term_taxonomy_id\":286,\"taxonomy\":\"partner_organizations\",\"description\":\"\",\"parent\":0,\"count\":1,\"filter\":\"raw\"}],\"imagen\":\"https:\\\/\\\/www.entreculturas.org\\\/wp-content\\\/uploads\\\/2024\\\/01\\\/IMG_9436.jpg\",\"ubicacion_campo\":\"top\",\"margen_superior\":-30,\"margen_izquierda\":0,\"latitud\":-4.0383329999999997284021446830593049526214599609375,\"longitud\":21.758663999999999560941432719118893146514892578125,\"ampliar_informacion\":\"Si\"},{\"name\":\"Polonia\",\"link\":\"https:\\\/\\\/www.entreculturas.org\\\/gl\\\/pais\\\/polonia\\\/\",\"active\":false,\"visible\":true,\"txt_informacion\":\"M\\u00e1is informaci\\u00f3n\",\"txt_proyecto\":\"Proxecto\",\"txt_personas\":\"Persoas acompa\\u00f1adas\",\"txt_organizaciones\":\"Organizaci\\u00f3ns colaboradoras\",\"txt_todas\":\"Todas as causas\",\"x\":680,\"y\":207,\"causes\":[\"Educaci\\u00f3n\",\"Migraci\\u00f3n y refugio\"],\"projects\":1,\"funding\":127470,\"accompanied_persons\":363,\"partner_organizations\":[{\"term_id\":284,\"name\":\"JRS Polonia\",\"slug\":\"jrs-polonia\",\"term_group\":0,\"term_taxonomy_id\":284,\"taxonomy\":\"partner_organizations\",\"description\":\"\",\"parent\":0,\"count\":1,\"filter\":\"raw\"}],\"imagen\":\"https:\\\/\\\/www.entreculturas.org\\\/wp-content\\\/uploads\\\/2024\\\/02\\\/placeholder04.png\",\"ubicacion_campo\":\"top\",\"margen_superior\":-30,\"margen_izquierda\":0,\"latitud\":51.9194379999999995334292179904878139495849609375,\"longitud\":19.14513600000000081990947364829480648040771484375,\"ampliar_informacion\":\"Si\"},{\"name\":\"Per\\u00fa\",\"link\":\"https:\\\/\\\/www.entreculturas.org\\\/gl\\\/pais\\\/peru\\\/\",\"active\":false,\"visible\":true,\"txt_informacion\":\"M\\u00e1is informaci\\u00f3n\",\"txt_proyecto\":\"Proxecto\",\"txt_personas\":\"Persoas acompa\\u00f1adas\",\"txt_organizaciones\":\"Organizaci\\u00f3ns colaboradoras\",\"txt_todas\":\"Todas as causas\",\"x\":325,\"y\":503,\"causes\":[\"Educaci\\u00f3n\",\"G\\u00e9nero\",\"Justicia medioambiental\",\"Participaci\\u00f3n y ciudadan\\u00eda global\"],\"projects\":23,\"funding\":2099232,\"accompanied_persons\":27007,\"imagen\":\"https:\\\/\\\/www.entreculturas.org\\\/wp-content\\\/uploads\\\/2024\\\/01\\\/Fotos-Def-Peru-438.jpg\",\"ubicacion_campo\":\"top\",\"margen_superior\":-30,\"margen_izquierda\":0,\"latitud\":-9.189966999999999330839273170568048954010009765625,\"longitud\":-70.01515200000000049840309657156467437744140625,\"ampliar_informacion\":\"Si\"},{\"name\":\"Paraguay\",\"link\":\"https:\\\/\\\/www.entreculturas.org\\\/gl\\\/pais\\\/paraguay\\\/\",\"active\":false,\"visible\":true,\"txt_informacion\":\"M\\u00e1is informaci\\u00f3n\",\"txt_proyecto\":\"Proxecto\",\"txt_personas\":\"Persoas acompa\\u00f1adas\",\"txt_organizaciones\":\"Organizaci\\u00f3ns colaboradoras\",\"txt_todas\":\"Todas as causas\",\"x\":407,\"y\":562,\"causes\":[\"Educaci\\u00f3n\",\"Justicia medioambiental\",\"Participaci\\u00f3n y ciudadan\\u00eda global\"],\"projects\":5,\"funding\":178763,\"accompanied_persons\":3919,\"partner_organizations\":[{\"term_id\":278,\"name\":\"Fe y Alegr\\u00eda Paraguay\",\"slug\":\"fe-y-alegria-paraguay\",\"term_group\":0,\"term_taxonomy_id\":278,\"taxonomy\":\"partner_organizations\",\"description\":\"\",\"parent\":0,\"count\":1,\"filter\":\"raw\"},{\"term_id\":279,\"name\":\"Centro de Estudios Paraguayos Antonio Guasch (CEPAG)\",\"slug\":\"centro-de-estudios-paraguayos-antonio-guasch-cepag\",\"term_group\":0,\"term_taxonomy_id\":279,\"taxonomy\":\"partner_organizations\",\"description\":\"\",\"parent\":0,\"count\":1,\"filter\":\"raw\"}],\"imagen\":\"https:\\\/\\\/www.entreculturas.org\\\/wp-content\\\/uploads\\\/2024\\\/01\\\/SJA-54.jpg\",\"ubicacion_campo\":\"top\",\"margen_superior\":-30,\"margen_izquierda\":0,\"latitud\":-17.182238000000001676426109042949974536895751953125,\"longitud\":-54,\"ampliar_informacion\":\"Si\"},{\"name\":\"Panam\\u00e1\",\"link\":\"https:\\\/\\\/www.entreculturas.org\\\/gl\\\/pais\\\/panama\\\/\",\"active\":false,\"visible\":true,\"txt_informacion\":\"M\\u00e1is informaci\\u00f3n\",\"txt_proyecto\":\"Proxecto\",\"txt_personas\":\"Persoas acompa\\u00f1adas\",\"txt_organizaciones\":\"Organizaci\\u00f3ns colaboradoras\",\"txt_todas\":\"Todas as causas\",\"x\":344,\"y\":420,\"causes\":[\"Educaci\\u00f3n\",\"Justicia medioambiental\"],\"projects\":1,\"funding\":41240,\"accompanied_persons\":114,\"partner_organizations\":[{\"term_id\":277,\"name\":\"Fe y Alegr\\u00eda Panam\\u00e1\",\"slug\":\"fe-y-alegria-panama\",\"term_group\":0,\"term_taxonomy_id\":277,\"taxonomy\":\"partner_organizations\",\"description\":\"\",\"parent\":0,\"count\":1,\"filter\":\"raw\"}],\"imagen\":\"https:\\\/\\\/www.entreculturas.org\\\/wp-content\\\/uploads\\\/2024\\\/01\\\/IMG_1823.jpg\",\"ubicacion_campo\":\"top\",\"margen_superior\":-30,\"margen_izquierda\":0,\"latitud\":11.5379810000000002645492713782005012035369873046875,\"longitud\":-76.78212700000000268119038082659244537353515625,\"ampliar_informacion\":\"Si\"},{\"name\":\"Nicaragua\",\"link\":\"https:\\\/\\\/www.entreculturas.org\\\/gl\\\/pais\\\/nicaragua\\\/\",\"active\":false,\"visible\":true,\"txt_informacion\":\"M\\u00e1is informaci\\u00f3n\",\"txt_proyecto\":\"Proxecto\",\"txt_personas\":\"Persoas acompa\\u00f1adas\",\"txt_organizaciones\":\"Organizaci\\u00f3ns colaboradoras\",\"txt_todas\":\"Todas as causas\",\"x\":317,\"y\":405,\"causes\":[\"Educaci\\u00f3n\",\"G\\u00e9nero\",\"Justicia medioambiental\"],\"projects\":7,\"funding\":897940,\"accompanied_persons\":20778,\"partner_organizations\":[{\"term_id\":276,\"name\":\"Fe y Alegr\\u00eda Nicaragua\",\"slug\":\"fe-y-alegria-nicaragua\",\"term_group\":0,\"term_taxonomy_id\":276,\"taxonomy\":\"partner_organizations\",\"description\":\"\",\"parent\":0,\"count\":1,\"filter\":\"raw\"}],\"imagen\":\"https:\\\/\\\/www.entreculturas.org\\\/wp-content\\\/uploads\\\/2024\\\/01\\\/Colegio-San-Ignacio-de-Loyola-Fe-y-Alegri\\u0301a.-Somotillo.-Nicaragua.jpg\",\"ubicacion_campo\":\"top\",\"margen_superior\":-30,\"margen_izquierda\":0,\"latitud\":13.865415999999999741021383670158684253692626953125,\"longitud\":-80.2072289999999981091605150140821933746337890625,\"ampliar_informacion\":\"Si\"},{\"name\":\"Nepal\",\"link\":\"https:\\\/\\\/www.entreculturas.org\\\/gl\\\/pais\\\/nepal\\\/\",\"active\":false,\"visible\":true,\"txt_informacion\":\"M\\u00e1is informaci\\u00f3n\",\"txt_proyecto\":\"Proxecto\",\"txt_personas\":\"Persoas acompa\\u00f1adas\",\"txt_organizaciones\":\"Organizaci\\u00f3ns colaboradoras\",\"txt_todas\":\"Todas as causas\",\"x\":934,\"y\":303,\"causes\":[\"Educaci\\u00f3n\",\"G\\u00e9nero\",\"Justicia medioambiental\"],\"partner_organizations\":[{\"term_id\":275,\"name\":\"Nepal Jesuit Social Institute\",\"slug\":\"nepal-jesuit-social-institute\",\"term_group\":0,\"term_taxonomy_id\":275,\"taxonomy\":\"partner_organizations\",\"description\":\"\",\"parent\":0,\"count\":1,\"filter\":\"raw\"}],\"imagen\":\"https:\\\/\\\/www.entreculturas.org\\\/wp-content\\\/uploads\\\/2024\\\/01\\\/NepalJesuitSocialInstitute1.jpg\",\"ubicacion_campo\":\"top\",\"margen_superior\":-30,\"margen_izquierda\":0,\"latitud\":23.394856999999998237171894288621842861175537109375,\"longitud\":74.124008000000003448803909122943878173828125,\"projects\":0,\"funding\":0,\"accompanied_persons\":0,\"ampliar_informacion\":\"Si\"},{\"name\":\"Moldavia\",\"link\":\"https:\\\/\\\/www.entreculturas.org\\\/gl\\\/pais\\\/moldavia\\\/\",\"active\":false,\"visible\":true,\"txt_informacion\":\"M\\u00e1is informaci\\u00f3n\",\"txt_proyecto\":\"Proxecto\",\"txt_personas\":\"Persoas acompa\\u00f1adas\",\"txt_organizaciones\":\"Organizaci\\u00f3ns colaboradoras\",\"txt_todas\":\"Todas as causas\",\"x\":703,\"y\":248,\"causes\":[\"Educaci\\u00f3n\",\"Migraci\\u00f3n y refugio\"],\"projects\":1,\"funding\":32555,\"accompanied_persons\":533,\"partner_organizations\":[{\"term_id\":272,\"name\":\"Concordia\",\"slug\":\"concordia\",\"term_group\":0,\"term_taxonomy_id\":272,\"taxonomy\":\"partner_organizations\",\"description\":\"\",\"parent\":0,\"count\":1,\"filter\":\"raw\"}],\"imagen\":\"https:\\\/\\\/www.entreculturas.org\\\/wp-content\\\/uploads\\\/2024\\\/02\\\/placeholder04.png\",\"ubicacion_campo\":\"top\",\"margen_superior\":-30,\"margen_izquierda\":0,\"latitud\":45.41163099999999985811882652342319488525390625,\"longitud\":24.369885000000000019326762412674725055694580078125,\"ampliar_informacion\":\"Si\"},{\"name\":\"M\\u00e9xico\",\"link\":\"https:\\\/\\\/www.entreculturas.org\\\/gl\\\/pais\\\/mexico\\\/\",\"active\":false,\"visible\":true,\"txt_informacion\":\"M\\u00e1is informaci\\u00f3n\",\"txt_proyecto\":\"Proxecto\",\"txt_personas\":\"Persoas acompa\\u00f1adas\",\"txt_organizaciones\":\"Organizaci\\u00f3ns colaboradoras\",\"txt_todas\":\"Todas as causas\",\"x\":260,\"y\":373,\"causes\":[\"G\\u00e9nero\",\"Justicia medioambiental\",\"Migraci\\u00f3n y refugio\"],\"projects\":5,\"funding\":475431,\"accompanied_persons\":9901,\"partner_organizations\":[{\"term_id\":270,\"name\":\"Fundaci\\u00f3n San Ignacio de Loyola A.C\",\"slug\":\"fundacion-san-ignacio-de-loyola-a-c\",\"term_group\":0,\"term_taxonomy_id\":270,\"taxonomy\":\"partner_organizations\",\"description\":\"\",\"parent\":0,\"count\":1,\"filter\":\"raw\"},{\"term_id\":271,\"name\":\"Trotasue\\u00f1os JRS M\\u00e9xico\",\"slug\":\"trotasuenos-jrs-mexico\",\"term_group\":0,\"term_taxonomy_id\":271,\"taxonomy\":\"partner_organizations\",\"description\":\"\",\"parent\":0,\"count\":1,\"filter\":\"raw\"}],\"imagen\":\"https:\\\/\\\/www.entreculturas.org\\\/wp-content\\\/uploads\\\/2023\\\/12\\\/Frontera-Mexico-Iva\\u0301n-Beni\\u0301tez.jpg\",\"ubicacion_campo\":\"top\",\"margen_superior\":-30,\"margen_izquierda\":0,\"latitud\":23.63450100000000020372681319713592529296875,\"longitud\":-95.552784000000002606611815281212329864501953125,\"ampliar_informacion\":\"Si\"},{\"name\":\"Marruecos\",\"link\":\"https:\\\/\\\/www.entreculturas.org\\\/gl\\\/pais\\\/marruecos\\\/\",\"active\":false,\"visible\":true,\"txt_informacion\":\"M\\u00e1is informaci\\u00f3n\",\"txt_proyecto\":\"Proxecto\",\"txt_personas\":\"Persoas acompa\\u00f1adas\",\"txt_organizaciones\":\"Organizaci\\u00f3ns colaboradoras\",\"txt_todas\":\"Todas as causas\",\"x\":583,\"y\":294,\"causes\":[\"G\\u00e9nero\",\"Migraci\\u00f3n y refugio\",\"Participaci\\u00f3n y ciudadan\\u00eda global\"],\"projects\":4,\"funding\":628658,\"accompanied_persons\":11869,\"partner_organizations\":[{\"term_id\":267,\"name\":\"Caritas Marruecos\",\"slug\":\"caritas-marruecos\",\"term_group\":0,\"term_taxonomy_id\":267,\"taxonomy\":\"partner_organizations\",\"description\":\"\",\"parent\":0,\"count\":1,\"filter\":\"raw\"},{\"term_id\":268,\"name\":\"Delegaci\\u00f3n Diocesana de Migraciones\",\"slug\":\"delegacion-diocesana-de-migraciones\",\"term_group\":0,\"term_taxonomy_id\":268,\"taxonomy\":\"partner_organizations\",\"description\":\"\",\"parent\":0,\"count\":1,\"filter\":\"raw\"},{\"term_id\":269,\"name\":\"Centro Baraka\",\"slug\":\"centro-baraka\",\"term_group\":0,\"term_taxonomy_id\":269,\"taxonomy\":\"partner_organizations\",\"description\":\"\",\"parent\":0,\"count\":1,\"filter\":\"raw\"}],\"imagen\":\"https:\\\/\\\/www.entreculturas.org\\\/wp-content\\\/uploads\\\/2023\\\/12\\\/Marruecos4.webp\",\"ubicacion_campo\":\"top\",\"margen_superior\":-30,\"margen_izquierda\":0,\"latitud\":32.7917020000000007939888746477663516998291015625,\"longitud\":-2.092620000000000146656020660884678363800048828125,\"ampliar_informacion\":\"Si\"},{\"name\":\"Malaui\",\"link\":\"https:\\\/\\\/www.entreculturas.org\\\/gl\\\/pais\\\/malaui\\\/\",\"active\":false,\"visible\":true,\"txt_informacion\":\"M\\u00e1is informaci\\u00f3n\",\"txt_proyecto\":\"Proxecto\",\"txt_personas\":\"Persoas acompa\\u00f1adas\",\"txt_organizaciones\":\"Organizaci\\u00f3ns colaboradoras\",\"txt_todas\":\"Todas as causas\",\"x\":745,\"y\":473,\"causes\":[\"Educaci\\u00f3n\",\"G\\u00e9nero\",\"Justicia medioambiental\",\"Migraci\\u00f3n y refugio\"],\"projects\":1,\"funding\":31757,\"accompanied_persons\":4747,\"partner_organizations\":[{\"term_id\":266,\"name\":\"JRS Malaui\",\"slug\":\"jrs-malaui\",\"term_group\":0,\"term_taxonomy_id\":266,\"taxonomy\":\"partner_organizations\",\"description\":\"\",\"parent\":0,\"count\":1,\"filter\":\"raw\"}],\"imagen\":\"https:\\\/\\\/www.entreculturas.org\\\/wp-content\\\/uploads\\\/2023\\\/12\\\/IMG_7661.jpg\",\"ubicacion_campo\":\"top\",\"margen_superior\":-30,\"margen_izquierda\":0,\"latitud\":1.2543079999999999785131876706145703792572021484375,\"longitud\":31.301525000000001597300069988705217838287353515625,\"ampliar_informacion\":\"Si\"},{\"name\":\"Madagascar\",\"link\":\"https:\\\/\\\/www.entreculturas.org\\\/gl\\\/pais\\\/madagascar\\\/\",\"active\":false,\"visible\":true,\"txt_informacion\":\"M\\u00e1is informaci\\u00f3n\",\"txt_proyecto\":\"Proxecto\",\"txt_personas\":\"Persoas acompa\\u00f1adas\",\"txt_organizaciones\":\"Organizaci\\u00f3ns colaboradoras\",\"txt_todas\":\"Todas as causas\",\"x\":795,\"y\":492,\"causes\":[\"Educaci\\u00f3n\"],\"projects\":1,\"funding\":25946,\"partner_organizations\":[{\"term_id\":264,\"name\":\"Fe y Alegr\\u00eda Madagascar\",\"slug\":\"fe-y-alegria-madagascar\",\"term_group\":0,\"term_taxonomy_id\":264,\"taxonomy\":\"partner_organizations\",\"description\":\"\",\"parent\":0,\"count\":1,\"filter\":\"raw\"}],\"imagen\":\"https:\\\/\\\/www.entreculturas.org\\\/wp-content\\\/uploads\\\/2023\\\/12\\\/IMG_0615.jpg\",\"ubicacion_campo\":\"top\",\"margen_superior\":-30,\"margen_izquierda\":0,\"latitud\":-18.766946999999998269004208850674331188201904296875,\"longitud\":41.8691069999999996298356563784182071685791015625,\"accompanied_persons\":0,\"ampliar_informacion\":\"Si\"},{\"name\":\"L\\u00edbano\",\"link\":\"https:\\\/\\\/www.entreculturas.org\\\/gl\\\/pais\\\/libano\\\/\",\"active\":false,\"visible\":true,\"txt_informacion\":\"M\\u00e1is informaci\\u00f3n\",\"txt_proyecto\":\"Proxecto\",\"txt_personas\":\"Persoas acompa\\u00f1adas\",\"txt_organizaciones\":\"Organizaci\\u00f3ns colaboradoras\",\"txt_todas\":\"Todas as causas\",\"x\":751,\"y\":284,\"causes\":[\"Educaci\\u00f3n\",\"G\\u00e9nero\",\"Migraci\\u00f3n y refugio\",\"Participaci\\u00f3n y ciudadan\\u00eda global\"],\"projects\":3,\"funding\":1001621,\"accompanied_persons\":4267,\"partner_organizations\":[{\"term_id\":263,\"name\":\"Compa\\u00f1\\u00eda de Jes\\u00fas - Provincia de L\\u00edbano\",\"slug\":\"compania-de-jesus-provincia-de-libano\",\"term_group\":0,\"term_taxonomy_id\":263,\"taxonomy\":\"partner_organizations\",\"description\":\"\",\"parent\":0,\"count\":2,\"filter\":\"raw\"}],\"imagen\":\"https:\\\/\\\/www.entreculturas.org\\\/wp-content\\\/uploads\\\/2023\\\/12\\\/Bourj-Hammoud-FVDL-Centre3-2016nov.jpg\",\"ubicacion_campo\":\"top\",\"margen_superior\":-30,\"margen_izquierda\":0,\"latitud\":34.52732300000000265072230831719934940338134765625,\"longitud\":33.9814870000000013305907486937940120697021484375,\"ampliar_informacion\":\"Si\"},{\"name\":\"Kenia\",\"link\":\"https:\\\/\\\/www.entreculturas.org\\\/gl\\\/pais\\\/kenia\\\/\",\"active\":false,\"visible\":true,\"txt_informacion\":\"M\\u00e1is informaci\\u00f3n\",\"txt_proyecto\":\"Proxecto\",\"txt_personas\":\"Persoas acompa\\u00f1adas\",\"txt_organizaciones\":\"Organizaci\\u00f3ns colaboradoras\",\"txt_todas\":\"Todas as causas\",\"x\":773,\"y\":413,\"causes\":[\"Educaci\\u00f3n\",\"G\\u00e9nero\",\"Migraci\\u00f3n y refugio\",\"Participaci\\u00f3n y ciudadan\\u00eda global\"],\"projects\":3,\"funding\":251085,\"accompanied_persons\":1068,\"partner_organizations\":[{\"term_id\":261,\"name\":\"JRS Kenia\",\"slug\":\"jrs-kenia\",\"term_group\":0,\"term_taxonomy_id\":261,\"taxonomy\":\"partner_organizations\",\"description\":\"\",\"parent\":0,\"count\":1,\"filter\":\"raw\"},{\"term_id\":262,\"name\":\"St. Joseph the Worker Church\",\"slug\":\"st-joseph-the-worker-church\",\"term_group\":0,\"term_taxonomy_id\":262,\"taxonomy\":\"partner_organizations\",\"description\":\"\",\"parent\":0,\"count\":1,\"filter\":\"raw\"}],\"imagen\":\"https:\\\/\\\/www.entreculturas.org\\\/wp-content\\\/uploads\\\/2023\\\/12\\\/Secondary-Education_Kakuma_Tumaini_34.jpg\",\"ubicacion_campo\":\"top\",\"margen_superior\":-30,\"margen_izquierda\":0,\"latitud\":7.02355899999999966354380376287735998630523681640625,\"longitud\":35.906193000000001802618498913943767547607421875,\"ampliar_informacion\":\"Si\"},{\"name\":\"India\",\"link\":\"https:\\\/\\\/www.entreculturas.org\\\/gl\\\/pais\\\/india\\\/\",\"active\":false,\"visible\":true,\"txt_informacion\":\"M\\u00e1is informaci\\u00f3n\",\"txt_proyecto\":\"Proxecto\",\"txt_personas\":\"Persoas acompa\\u00f1adas\",\"txt_organizaciones\":\"Organizaci\\u00f3ns colaboradoras\",\"txt_todas\":\"Todas as causas\",\"x\":916,\"y\":324,\"causes\":[\"Justicia medioambiental\"],\"projects\":1,\"partner_organizations\":[{\"term_id\":259,\"name\":\"JRS India\",\"slug\":\"jrs-india\",\"term_group\":0,\"term_taxonomy_id\":259,\"taxonomy\":\"partner_organizations\",\"description\":\"\",\"parent\":0,\"count\":1,\"filter\":\"raw\"},{\"term_id\":260,\"name\":\"JRS International Office\",\"slug\":\"jrs-international-office\",\"term_group\":0,\"term_taxonomy_id\":260,\"taxonomy\":\"partner_organizations\",\"description\":\"\",\"parent\":0,\"count\":1,\"filter\":\"raw\"}],\"imagen\":\"https:\\\/\\\/www.entreculturas.org\\\/wp-content\\\/uploads\\\/2023\\\/12\\\/2018-India-Kalangarai-2.jpg\",\"ubicacion_campo\":\"top\",\"margen_superior\":-30,\"margen_izquierda\":0,\"latitud\":20.593683999999999656438376405276358127593994140625,\"longitud\":73.9628799999999984038367983885109424591064453125,\"funding\":0,\"accompanied_persons\":0,\"ampliar_informacion\":\"Si\"},{\"name\":\"Hungr\\u00eda\",\"link\":\"https:\\\/\\\/www.entreculturas.org\\\/gl\\\/pais\\\/hungria\\\/\",\"active\":false,\"visible\":true,\"txt_informacion\":\"M\\u00e1is informaci\\u00f3n\",\"txt_proyecto\":\"Proxecto\",\"txt_personas\":\"Persoas acompa\\u00f1adas\",\"txt_organizaciones\":\"Organizaci\\u00f3ns colaboradoras\",\"txt_todas\":\"Todas as causas\",\"x\":676,\"y\":234,\"causes\":[\"Educaci\\u00f3n\",\"Migraci\\u00f3n y refugio\"],\"projects\":1,\"funding\":41573,\"accompanied_persons\":189,\"partner_organizations\":[{\"term_id\":258,\"name\":\"JRS Hungr\\u00eda\",\"slug\":\"jrs-hungria\",\"term_group\":0,\"term_taxonomy_id\":258,\"taxonomy\":\"partner_organizations\",\"description\":\"\",\"parent\":0,\"count\":1,\"filter\":\"raw\"}],\"imagen\":\"https:\\\/\\\/www.entreculturas.org\\\/wp-content\\\/uploads\\\/2023\\\/12\\\/MG_2423.jpg\",\"ubicacion_campo\":\"top\",\"margen_superior\":-30,\"margen_izquierda\":0,\"latitud\":44.16249400000000235877450904808938503265380859375,\"longitud\":20.5033039999999999736246536485850811004638671875,\"ampliar_informacion\":\"Si\"},{\"name\":\"Honduras\",\"link\":\"https:\\\/\\\/www.entreculturas.org\\\/gl\\\/pais\\\/honduras\\\/\",\"active\":false,\"visible\":true,\"txt_informacion\":\"M\\u00e1is informaci\\u00f3n\",\"txt_proyecto\":\"Proxecto\",\"txt_personas\":\"Persoas acompa\\u00f1adas\",\"txt_organizaciones\":\"Organizaci\\u00f3ns colaboradoras\",\"txt_todas\":\"Todas as causas\",\"x\":322,\"y\":390,\"causes\":[\"Educaci\\u00f3n\",\"G\\u00e9nero\",\"Justicia medioambiental\",\"Migraci\\u00f3n y refugio\",\"Participaci\\u00f3n y ciudadan\\u00eda global\"],\"projects\":4,\"funding\":342059,\"accompanied_persons\":3567,\"partner_organizations\":[{\"term_id\":243,\"name\":\"Fe y Alegr\\u00eda Honduras\",\"slug\":\"fe-y-alegria-honduras\",\"term_group\":0,\"term_taxonomy_id\":243,\"taxonomy\":\"partner_organizations\",\"description\":\"\",\"parent\":0,\"count\":1,\"filter\":\"raw\"},{\"term_id\":244,\"name\":\"Parroquia Santiago de Yoro\",\"slug\":\"parroquia-santiago-de-yoro\",\"term_group\":0,\"term_taxonomy_id\":244,\"taxonomy\":\"partner_organizations\",\"description\":\"\",\"parent\":0,\"count\":1,\"filter\":\"raw\"}],\"imagen\":\"https:\\\/\\\/www.entreculturas.org\\\/wp-content\\\/uploads\\\/2023\\\/12\\\/IMG_3375.jpg\",\"ubicacion_campo\":\"top\",\"margen_superior\":-30,\"margen_izquierda\":0,\"latitud\":22.19999899999999826150087756104767322540283203125,\"longitud\":-83.241905000000002701199264265596866607666015625,\"ampliar_informacion\":\"Si\"},{\"name\":\"Hait\\u00ed\",\"link\":\"https:\\\/\\\/www.entreculturas.org\\\/gl\\\/pais\\\/haiti\\\/\",\"active\":false,\"visible\":true,\"txt_informacion\":\"M\\u00e1is informaci\\u00f3n\",\"txt_proyecto\":\"Proxecto\",\"txt_personas\":\"Persoas acompa\\u00f1adas\",\"txt_organizaciones\":\"Organizaci\\u00f3ns colaboradoras\",\"txt_todas\":\"Todas as causas\",\"x\":362,\"y\":375,\"causes\":[\"Educaci\\u00f3n\"],\"projects\":6,\"funding\":129.263000000000005229594535194337368011474609375,\"accompanied_persons\":968,\"partner_organizations\":[{\"term_id\":241,\"name\":\"Fe y Alegr\\u00eda Hait\\u00ed\",\"slug\":\"fe-y-alegria-haiti\",\"term_group\":0,\"term_taxonomy_id\":241,\"taxonomy\":\"partner_organizations\",\"description\":\"\",\"parent\":0,\"count\":1,\"filter\":\"raw\"},{\"term_id\":242,\"name\":\"Compa\\u00f1\\u00eda de Jes\\u00fas - Provincia de Haiti (Canad\\u00e1)\",\"slug\":\"compania-de-jesus-provincia-de-haiti-canada\",\"term_group\":0,\"term_taxonomy_id\":242,\"taxonomy\":\"partner_organizations\",\"description\":\"\",\"parent\":0,\"count\":1,\"filter\":\"raw\"}],\"imagen\":\"https:\\\/\\\/www.entreculturas.org\\\/wp-content\\\/uploads\\\/2023\\\/12\\\/IMG_9532.jpg\",\"ubicacion_campo\":\"top\",\"margen_superior\":-30,\"margen_izquierda\":0,\"latitud\":20.9711870000000004665707820095121860504150390625,\"longitud\":-68.2852149999999937790562398731708526611328125,\"ampliar_informacion\":\"Si\"},{\"name\":\"Guinea Conakry\",\"link\":\"https:\\\/\\\/www.entreculturas.org\\\/gl\\\/pais\\\/guinea-conakry\\\/\",\"active\":false,\"visible\":true,\"txt_informacion\":\"M\\u00e1is informaci\\u00f3n\",\"txt_proyecto\":\"Proxecto\",\"txt_personas\":\"Persoas acompa\\u00f1adas\",\"txt_organizaciones\":\"Organizaci\\u00f3ns colaboradoras\",\"txt_todas\":\"Todas as causas\",\"x\":562,\"y\":384,\"causes\":[\"Educaci\\u00f3n\"],\"partner_organizations\":[{\"term_id\":240,\"name\":\"Fe y Alegr\\u00eda Guinea\",\"slug\":\"fe-y-alegria-guinea\",\"term_group\":0,\"term_taxonomy_id\":240,\"taxonomy\":\"partner_organizations\",\"description\":\"\",\"parent\":0,\"count\":1,\"filter\":\"raw\"}],\"imagen\":\"https:\\\/\\\/www.entreculturas.org\\\/wp-content\\\/uploads\\\/2024\\\/02\\\/placeholder04.png\",\"ubicacion_campo\":\"top\",\"margen_superior\":-30,\"margen_izquierda\":0,\"latitud\":9.945586999999999733290678705088794231414794921875,\"longitud\":-9.696645000000000180762071977369487285614013671875,\"projects\":0,\"funding\":0,\"accompanied_persons\":0,\"ampliar_informacion\":\"Si\"},{\"name\":\"Guatemala\",\"link\":\"https:\\\/\\\/www.entreculturas.org\\\/gl\\\/pais\\\/guatemala\\\/\",\"active\":false,\"visible\":true,\"txt_informacion\":\"M\\u00e1is informaci\\u00f3n\",\"txt_proyecto\":\"Proxecto\",\"txt_personas\":\"Persoas acompa\\u00f1adas\",\"txt_organizaciones\":\"Organizaci\\u00f3ns colaboradoras\",\"txt_todas\":\"Todas as causas\",\"x\":295,\"y\":391,\"causes\":[\"Educaci\\u00f3n\",\"G\\u00e9nero\",\"Justicia medioambiental\"],\"projects\":12,\"funding\":204032,\"accompanied_persons\":3212,\"partner_organizations\":[{\"term_id\":238,\"name\":\"Fe y Alegr\\u00eda Guatemala\",\"slug\":\"fe-y-alegria-guatemala\",\"term_group\":0,\"term_taxonomy_id\":238,\"taxonomy\":\"partner_organizations\",\"description\":\"\",\"parent\":0,\"count\":1,\"filter\":\"raw\"},{\"term_id\":239,\"name\":\"Puente de Paz\",\"slug\":\"puente-de-paz\",\"term_group\":0,\"term_taxonomy_id\":239,\"taxonomy\":\"partner_organizations\",\"description\":\"\",\"parent\":0,\"count\":1,\"filter\":\"raw\"}],\"imagen\":\"https:\\\/\\\/www.entreculturas.org\\\/wp-content\\\/uploads\\\/2023\\\/12\\\/IMG_1988.jpg\",\"ubicacion_campo\":\"top\",\"margen_superior\":-30,\"margen_izquierda\":0,\"latitud\":19.78347099999999869623934500850737094879150390625,\"longitud\":-87.230759000000006153641152195632457733154296875,\"ampliar_informacion\":\"Si\"},{\"name\":\"Filipinas\",\"link\":\"https:\\\/\\\/www.entreculturas.org\\\/gl\\\/pais\\\/filipinas\\\/\",\"active\":false,\"visible\":true,\"txt_informacion\":\"M\\u00e1is informaci\\u00f3n\",\"txt_proyecto\":\"Proxecto\",\"txt_personas\":\"Persoas acompa\\u00f1adas\",\"txt_organizaciones\":\"Organizaci\\u00f3ns colaboradoras\",\"txt_todas\":\"Todas as causas\",\"x\":1083,\"y\":374,\"causes\":[\"Justicia medioambiental\"],\"projects\":1,\"funding\":0,\"accompanied_persons\":0,\"partner_organizations\":[{\"term_id\":236,\"name\":\"ESSC\",\"slug\":\"essc\",\"term_group\":0,\"term_taxonomy_id\":236,\"taxonomy\":\"partner_organizations\",\"description\":\"\",\"parent\":0,\"count\":1,\"filter\":\"raw\"},{\"term_id\":237,\"name\":\"SLB\",\"slug\":\"slb\",\"term_group\":0,\"term_taxonomy_id\":237,\"taxonomy\":\"partner_organizations\",\"description\":\"\",\"parent\":0,\"count\":1,\"filter\":\"raw\"}],\"imagen\":\"https:\\\/\\\/www.entreculturas.org\\\/wp-content\\\/uploads\\\/2023\\\/12\\\/DSC03839.jpg\",\"ubicacion_campo\":\"top\",\"margen_superior\":-30,\"margen_izquierda\":0,\"latitud\":16,\"longitud\":113.7740170000000006211848813109099864959716796875,\"ampliar_informacion\":\"Si\"},{\"name\":\"Etiop\\u00eda\",\"link\":\"https:\\\/\\\/www.entreculturas.org\\\/gl\\\/pais\\\/etiopia\\\/\",\"active\":false,\"visible\":true,\"txt_informacion\":\"M\\u00e1is informaci\\u00f3n\",\"txt_proyecto\":\"Proxecto\",\"txt_personas\":\"Persoas acompa\\u00f1adas\",\"txt_organizaciones\":\"Organizaci\\u00f3ns colaboradoras\",\"txt_todas\":\"Todas as causas\",\"x\":757,\"y\":385,\"causes\":[\"Educaci\\u00f3n\",\"G\\u00e9nero\",\"Migraci\\u00f3n y refugio\"],\"projects\":3,\"funding\":210171,\"accompanied_persons\":3401,\"partner_organizations\":[{\"term_id\":235,\"name\":\"JRS Etiop\\u00eda\",\"slug\":\"jrs-etiopia\",\"term_group\":0,\"term_taxonomy_id\":235,\"taxonomy\":\"partner_organizations\",\"description\":\"\",\"parent\":0,\"count\":1,\"filter\":\"raw\"}],\"imagen\":\"https:\\\/\\\/www.entreculturas.org\\\/wp-content\\\/uploads\\\/2023\\\/11\\\/DSCF0475.jpg\",\"ubicacion_campo\":\"top\",\"margen_superior\":-30,\"margen_izquierda\":0,\"latitud\":14.144999999999999573674358543939888477325439453125,\"longitud\":34.48967300000000335558070219121873378753662109375,\"ampliar_informacion\":\"Si\"},{\"name\":\"Eslovaquia\",\"link\":\"https:\\\/\\\/www.entreculturas.org\\\/gl\\\/pais\\\/eslovaquia\\\/\",\"active\":false,\"visible\":true,\"txt_informacion\":\"M\\u00e1is informaci\\u00f3n\",\"txt_proyecto\":\"Proxecto\",\"txt_personas\":\"Persoas acompa\\u00f1adas\",\"txt_organizaciones\":\"Organizaci\\u00f3ns colaboradoras\",\"txt_todas\":\"Todas as causas\",\"x\":683,\"y\":220,\"causes\":[\"Educaci\\u00f3n\",\"Migraci\\u00f3n y refugio\"],\"projects\":1,\"funding\":16625,\"accompanied_persons\":208,\"partner_organizations\":[{\"term_id\":224,\"name\":\"Compa\\u00f1\\u00eda de Jes\\u00fas - Provincia de Eslovaquia\",\"slug\":\"compania-de-jesus-provincia-de-eslovaquia\",\"term_group\":0,\"term_taxonomy_id\":224,\"taxonomy\":\"partner_organizations\",\"description\":\"\",\"parent\":0,\"count\":1,\"filter\":\"raw\"}],\"imagen\":\"https:\\\/\\\/www.entreculturas.org\\\/wp-content\\\/uploads\\\/2024\\\/02\\\/placeholder04.png\",\"ubicacion_campo\":\"top\",\"margen_superior\":-30,\"margen_izquierda\":0,\"latitud\":48.669026000000002341039362363517284393310546875,\"longitud\":16,\"ampliar_informacion\":\"Si\"},{\"name\":\"El Salvador\",\"link\":\"https:\\\/\\\/www.entreculturas.org\\\/gl\\\/pais\\\/el-salvador\\\/\",\"active\":false,\"visible\":true,\"txt_informacion\":\"M\\u00e1is informaci\\u00f3n\",\"txt_proyecto\":\"Proxecto\",\"txt_personas\":\"Persoas acompa\\u00f1adas\",\"txt_organizaciones\":\"Organizaci\\u00f3ns colaboradoras\",\"txt_todas\":\"Todas as causas\",\"x\":305,\"y\":401,\"causes\":[\"Educaci\\u00f3n\",\"G\\u00e9nero\",\"Justicia medioambiental\",\"Migraci\\u00f3n y refugio\"],\"projects\":6,\"funding\":258965,\"accompanied_persons\":2485,\"partner_organizations\":[{\"term_id\":223,\"name\":\"Fe y Alegr\\u00eda El Salvador\",\"slug\":\"fe-y-alegria-el-salvador\",\"term_group\":0,\"term_taxonomy_id\":223,\"taxonomy\":\"partner_organizations\",\"description\":\"\",\"parent\":0,\"count\":1,\"filter\":\"raw\"}],\"imagen\":\"https:\\\/\\\/www.entreculturas.org\\\/wp-content\\\/uploads\\\/2023\\\/11\\\/IMG_5630.jpg\",\"ubicacion_campo\":\"top\",\"margen_superior\":-30,\"margen_izquierda\":0,\"latitud\":15.7941850000000005849187800777144730091094970703125,\"longitud\":-83.8965299999999984947862685658037662506103515625,\"ampliar_informacion\":\"Si\"},{\"name\":\"Ecuador\",\"link\":\"https:\\\/\\\/www.entreculturas.org\\\/gl\\\/pais\\\/ecuador\\\/\",\"active\":false,\"visible\":true,\"txt_informacion\":\"M\\u00e1is informaci\\u00f3n\",\"txt_proyecto\":\"Proxecto\",\"txt_personas\":\"Persoas acompa\\u00f1adas\",\"txt_organizaciones\":\"Organizaci\\u00f3ns colaboradoras\",\"txt_todas\":\"Todas as causas\",\"x\":325,\"y\":465,\"causes\":[\"Educaci\\u00f3n\",\"G\\u00e9nero\",\"Justicia medioambiental\",\"Migraci\\u00f3n y refugio\",\"Participaci\\u00f3n y ciudadan\\u00eda global\"],\"projects\":12,\"funding\":1237363,\"accompanied_persons\":7505,\"imagen\":\"https:\\\/\\\/www.entreculturas.org\\\/wp-content\\\/uploads\\\/2023\\\/12\\\/Entreculturas-Ecuador-69.jpg\",\"ubicacion_campo\":\"top\",\"margen_superior\":-30,\"margen_izquierda\":0,\"latitud\":-1.831239000000000061163518694229423999786376953125,\"longitud\":-74.1834060000000050649759941734373569488525390625,\"ampliar_informacion\":\"Si\"},{\"name\":\"Cuba\",\"link\":\"https:\\\/\\\/www.entreculturas.org\\\/gl\\\/pais\\\/cuba\\\/\",\"active\":false,\"visible\":true,\"txt_informacion\":\"M\\u00e1is informaci\\u00f3n\",\"txt_proyecto\":\"Proxecto\",\"txt_personas\":\"Persoas acompa\\u00f1adas\",\"txt_organizaciones\":\"Organizaci\\u00f3ns colaboradoras\",\"txt_todas\":\"Todas as causas\",\"x\":332,\"y\":363,\"projects\":1,\"funding\":0,\"accompanied_persons\":0,\"partner_organizations\":[{\"term_id\":220,\"name\":\"Compa\\u00f1\\u00eda de Jes\\u00fas en Cuba\",\"slug\":\"compania-de-jesus-en-cuba\",\"term_group\":0,\"term_taxonomy_id\":220,\"taxonomy\":\"partner_organizations\",\"description\":\"\",\"parent\":0,\"count\":1,\"filter\":\"raw\"}],\"imagen\":\"https:\\\/\\\/www.entreculturas.org\\\/wp-content\\\/uploads\\\/2024\\\/02\\\/placeholder04.png\",\"ubicacion_campo\":\"top\",\"margen_superior\":-30,\"margen_izquierda\":0,\"latitud\":23.52175700000000091449692263267934322357177734375,\"longitud\":-74.7811669999999963920345180667936801910400390625,\"ampliar_informacion\":\"Si\"},{\"name\":\"Colombia\",\"link\":\"https:\\\/\\\/www.entreculturas.org\\\/gl\\\/pais\\\/colombia\\\/\",\"active\":false,\"visible\":true,\"txt_informacion\":\"M\\u00e1is informaci\\u00f3n\",\"txt_proyecto\":\"Proxecto\",\"txt_personas\":\"Persoas acompa\\u00f1adas\",\"txt_organizaciones\":\"Organizaci\\u00f3ns colaboradoras\",\"txt_todas\":\"Todas as causas\",\"x\":347,\"y\":447,\"causes\":[\"Educaci\\u00f3n\",\"G\\u00e9nero\",\"Justicia medioambiental\",\"Migraci\\u00f3n y refugio\",\"Participaci\\u00f3n y ciudadan\\u00eda global\"],\"projects\":7,\"funding\":1237363,\"accompanied_persons\":13677,\"partner_organizations\":[{\"term_id\":219,\"name\":\"Fe y Alegr\\u00eda Colombia\",\"slug\":\"fe-y-alegria-colombia\",\"term_group\":0,\"term_taxonomy_id\":219,\"taxonomy\":\"partner_organizations\",\"description\":\"\",\"parent\":0,\"count\":1,\"filter\":\"raw\"},{\"term_id\":462,\"name\":\"JRS Colombia\",\"slug\":\"jrs-colombia\",\"term_group\":0,\"term_taxonomy_id\":462,\"taxonomy\":\"partner_organizations\",\"description\":\"\",\"parent\":0,\"count\":1,\"filter\":\"raw\"},{\"term_id\":463,\"name\":\"CINEP\",\"slug\":\"cinep\",\"term_group\":0,\"term_taxonomy_id\":463,\"taxonomy\":\"partner_organizations\",\"description\":\"\",\"parent\":0,\"count\":1,\"filter\":\"raw\"}],\"imagen\":\"https:\\\/\\\/www.entreculturas.org\\\/wp-content\\\/uploads\\\/2023\\\/11\\\/IMG_0031.jpg\",\"ubicacion_campo\":\"top\",\"margen_superior\":-30,\"margen_izquierda\":0,\"latitud\":6.57086799999999993104893292183987796306610107421875,\"longitud\":-69.2973329999999947403921396471560001373291015625,\"ampliar_informacion\":\"Si\"},{\"name\":\"Chile\",\"link\":\"https:\\\/\\\/www.entreculturas.org\\\/gl\\\/pais\\\/chile\\\/\",\"active\":false,\"visible\":true,\"txt_informacion\":\"M\\u00e1is informaci\\u00f3n\",\"txt_proyecto\":\"Proxecto\",\"txt_personas\":\"Persoas acompa\\u00f1adas\",\"txt_organizaciones\":\"Organizaci\\u00f3ns colaboradoras\",\"txt_todas\":\"Todas as causas\",\"x\":355,\"y\":585,\"causes\":[\"Educaci\\u00f3n\",\"Justicia medioambiental\"],\"projects\":1,\"funding\":55495,\"accompanied_persons\":74,\"imagen\":\"https:\\\/\\\/www.entreculturas.org\\\/wp-content\\\/uploads\\\/2023\\\/12\\\/Judith-Santano-Chile.jpg\",\"ubicacion_campo\":\"top\",\"margen_superior\":-30,\"margen_izquierda\":0,\"latitud\":-29.675146999999999053443389129824936389923095703125,\"longitud\":-66.542968999999999368810676969587802886962890625,\"ampliar_informacion\":\"Si\"},{\"name\":\"Chad\",\"link\":\"https:\\\/\\\/www.entreculturas.org\\\/gl\\\/pais\\\/chad\\\/\",\"active\":false,\"visible\":true,\"txt_informacion\":\"M\\u00e1is informaci\\u00f3n\",\"txt_proyecto\":\"Proxecto\",\"txt_personas\":\"Persoas acompa\\u00f1adas\",\"txt_organizaciones\":\"Organizaci\\u00f3ns colaboradoras\",\"txt_todas\":\"Todas as causas\",\"x\":677,\"y\":369,\"causes\":[\"Educaci\\u00f3n\",\"G\\u00e9nero\",\"Migraci\\u00f3n y refugio\"],\"projects\":9,\"funding\":812428,\"accompanied_persons\":32696,\"partner_organizations\":[{\"term_id\":217,\"name\":\"Fe y Alegr\\u00eda Chad\",\"slug\":\"fe-y-alegria-chad\",\"term_group\":0,\"term_taxonomy_id\":217,\"taxonomy\":\"partner_organizations\",\"description\":\"\",\"parent\":0,\"count\":1,\"filter\":\"raw\"},{\"term_id\":214,\"name\":\"JRS\",\"slug\":\"jrs\",\"term_group\":0,\"term_taxonomy_id\":214,\"taxonomy\":\"partner_organizations\",\"description\":\"\",\"parent\":0,\"count\":2,\"filter\":\"raw\"}],\"imagen\":\"https:\\\/\\\/www.entreculturas.org\\\/wp-content\\\/uploads\\\/2023\\\/12\\\/IMG_17142.jpg\",\"ubicacion_campo\":\"top\",\"margen_superior\":-30,\"margen_izquierda\":0,\"latitud\":18.4541660000000007357812137342989444732666015625,\"longitud\":15.7322070000000007183871275628916919231414794921875,\"ampliar_informacion\":\"Si\"},{\"name\":\"Camer\\u00fan\",\"link\":\"https:\\\/\\\/www.entreculturas.org\\\/gl\\\/pais\\\/camerun\\\/\",\"active\":false,\"visible\":true,\"txt_informacion\":\"M\\u00e1is informaci\\u00f3n\",\"txt_proyecto\":\"Proxecto\",\"txt_personas\":\"Persoas acompa\\u00f1adas\",\"txt_organizaciones\":\"Organizaci\\u00f3ns colaboradoras\",\"txt_todas\":\"Todas as causas\",\"x\":657,\"y\":397,\"causes\":[\"G\\u00e9nero\"],\"projects\":0,\"funding\":0,\"accompanied_persons\":0,\"imagen\":\"https:\\\/\\\/www.entreculturas.org\\\/wp-content\\\/uploads\\\/2023\\\/11\\\/9.-profesora.-Linda-Revilla.-Primary-School-Etoug-Ebe.-Natalia-Sepu\\u0301lveda-Reina.jpg\",\"ubicacion_campo\":\"top\",\"margen_superior\":-30,\"margen_izquierda\":0,\"latitud\":7.36972200000000032815705708344466984272003173828125,\"longitud\":12.3547220000000006479012881754897534847259521484375,\"ampliar_informacion\":\"Si\"},{\"name\":\"Camboya\",\"link\":\"https:\\\/\\\/www.entreculturas.org\\\/gl\\\/pais\\\/camboya\\\/\",\"active\":false,\"visible\":true,\"txt_informacion\":\"M\\u00e1is informaci\\u00f3n\",\"txt_proyecto\":\"Proxecto\",\"txt_personas\":\"Persoas acompa\\u00f1adas\",\"txt_organizaciones\":\"Organizaci\\u00f3ns colaboradoras\",\"txt_todas\":\"Todas as causas\",\"x\":1019,\"y\":370,\"causes\":[\"Educaci\\u00f3n\"],\"projects\":1,\"funding\":10000,\"accompanied_persons\":1660,\"partner_organizations\":[{\"term_id\":215,\"name\":\"Prefectura de Battambang\",\"slug\":\"prefectura-de-battambang\",\"term_group\":0,\"term_taxonomy_id\":215,\"taxonomy\":\"partner_organizations\",\"description\":\"\",\"parent\":0,\"count\":1,\"filter\":\"raw\"},{\"term_id\":216,\"name\":\"Fe y Alegr\\u00eda Camboya\",\"slug\":\"fe-y-alegria-camboya\",\"term_group\":0,\"term_taxonomy_id\":216,\"taxonomy\":\"partner_organizations\",\"description\":\"\",\"parent\":0,\"count\":1,\"filter\":\"raw\"}],\"imagen\":\"https:\\\/\\\/www.entreculturas.org\\\/wp-content\\\/uploads\\\/2023\\\/11\\\/FeyAlegria-Camboya7.jpg\",\"ubicacion_campo\":\"top\",\"margen_superior\":-30,\"margen_izquierda\":0,\"latitud\":15.565678999999999376768755610100924968719482421875,\"longitud\":98.990962999999993598976288922131061553955078125,\"ampliar_informacion\":\"Si\"},{\"name\":\"Burundi\",\"link\":\"https:\\\/\\\/www.entreculturas.org\\\/gl\\\/pais\\\/burundi\\\/\",\"active\":false,\"visible\":true,\"txt_informacion\":\"M\\u00e1is informaci\\u00f3n\",\"txt_proyecto\":\"Proxecto\",\"txt_personas\":\"Persoas acompa\\u00f1adas\",\"txt_organizaciones\":\"Organizaci\\u00f3ns colaboradoras\",\"txt_todas\":\"Todas as causas\",\"x\":738,\"y\":421,\"causes\":[\"Educaci\\u00f3n\"],\"projects\":1,\"funding\":11000,\"accompanied_persons\":24287,\"partner_organizations\":[{\"term_id\":214,\"name\":\"JRS\",\"slug\":\"jrs\",\"term_group\":0,\"term_taxonomy_id\":214,\"taxonomy\":\"partner_organizations\",\"description\":\"\",\"parent\":0,\"count\":2,\"filter\":\"raw\"}],\"imagen\":\"https:\\\/\\\/www.entreculturas.org\\\/wp-content\\\/uploads\\\/2024\\\/01\\\/IMG_9160.jpg\",\"ubicacion_campo\":\"top\",\"margen_superior\":-30,\"margen_izquierda\":0,\"latitud\":-3.3730560000000000542286215932108461856842041015625,\"longitud\":29.9188860000000005356923793442547321319580078125,\"ampliar_informacion\":\"Si\"},{\"name\":\"Brasil\",\"link\":\"https:\\\/\\\/www.entreculturas.org\\\/gl\\\/pais\\\/brasil\\\/\",\"active\":false,\"visible\":true,\"txt_informacion\":\"M\\u00e1is informaci\\u00f3n\",\"txt_proyecto\":\"Proxecto\",\"txt_personas\":\"Persoas acompa\\u00f1adas\",\"txt_organizaciones\":\"Organizaci\\u00f3ns colaboradoras\",\"txt_todas\":\"Todas as causas\",\"x\":436,\"y\":503,\"causes\":[\"Educaci\\u00f3n\",\"Justicia medioambiental\",\"Migraci\\u00f3n y refugio\",\"Participaci\\u00f3n y ciudadan\\u00eda global\"],\"projects\":8,\"funding\":628142,\"accompanied_persons\":8199,\"imagen\":\"https:\\\/\\\/www.entreculturas.org\\\/wp-content\\\/uploads\\\/2024\\\/01\\\/MCA-45.jpg\",\"ubicacion_campo\":\"top\",\"margen_superior\":-30,\"margen_izquierda\":0,\"latitud\":-11.235003999999999990677679306827485561370849609375,\"longitud\":-41.92528200000000282443579635582864284515380859375,\"ampliar_informacion\":\"Si\"},{\"name\":\"Bolivia\",\"link\":\"https:\\\/\\\/www.entreculturas.org\\\/gl\\\/pais\\\/bolivia\\\/\",\"active\":false,\"visible\":true,\"txt_informacion\":\"M\\u00e1is informaci\\u00f3n\",\"txt_proyecto\":\"Proxecto\",\"txt_personas\":\"Persoas acompa\\u00f1adas\",\"txt_organizaciones\":\"Organizaci\\u00f3ns colaboradoras\",\"txt_todas\":\"Todas as causas\",\"x\":375,\"y\":515,\"causes\":[\"Educaci\\u00f3n\",\"G\\u00e9nero\",\"Justicia medioambiental\"],\"projects\":9,\"funding\":1036208,\"accompanied_persons\":34989,\"imagen\":\"https:\\\/\\\/www.entreculturas.org\\\/wp-content\\\/uploads\\\/2024\\\/01\\\/40_Aula_regular_en_UE_Fe_y_Alegria_Cuerpo_de_Cristo_El_Alto_La_Paz_Bolivia.jpg\",\"ubicacion_campo\":\"top\",\"margen_superior\":-30,\"margen_izquierda\":0,\"latitud\":-14.2901539999999993568735590088181197643280029296875,\"longitud\":-61.58865300000000075897332862950861454010009765625,\"ampliar_informacion\":\"Si\"},{\"name\":\"Argentina\",\"link\":\"https:\\\/\\\/www.entreculturas.org\\\/gl\\\/pais\\\/argentina\\\/\",\"active\":false,\"visible\":true,\"txt_informacion\":\"M\\u00e1is informaci\\u00f3n\",\"txt_proyecto\":\"Proxecto\",\"txt_personas\":\"Persoas acompa\\u00f1adas\",\"txt_organizaciones\":\"Organizaci\\u00f3ns colaboradoras\",\"txt_todas\":\"Todas as causas\",\"x\":390,\"y\":586,\"causes\":[\"Educaci\\u00f3n\",\"G\\u00e9nero\",\"Justicia medioambiental\",\"Participaci\\u00f3n y ciudadan\\u00eda global\"],\"projects\":5,\"funding\":471244,\"accompanied_persons\":9898,\"imagen\":\"https:\\\/\\\/www.entreculturas.org\\\/wp-content\\\/uploads\\\/2024\\\/01\\\/Bella-Vista-10.jpg\",\"ubicacion_campo\":\"top\",\"margen_superior\":-30,\"margen_izquierda\":0,\"latitud\":-34.60372199999999764941094326786696910858154296875,\"longitud\":-60.3815919999999977108018356375396251678466796875,\"ampliar_informacion\":\"Si\"},{\"name\":\"Espanya\",\"link\":\"https:\\\/\\\/www.entreculturas.org\\\/ca\\\/pais\\\/espanya\\\/\",\"active\":false,\"visible\":true,\"txt_informacion\":\"M\\u00e1is informaci\\u00f3n\",\"txt_proyecto\":\"Proxecto\",\"txt_personas\":\"Persoas acompa\\u00f1adas\",\"txt_organizaciones\":\"Organizaci\\u00f3ns colaboradoras\",\"txt_todas\":\"Todas as causas\",\"x\":599,\"y\":263,\"imagen\":\"https:\\\/\\\/www.entreculturas.org\\\/wp-content\\\/uploads\\\/2024\\\/02\\\/placeholder04.png\",\"projects\":0,\"funding\":0,\"accompanied_persons\":0,\"partner_organizations\":[{\"term_id\":666,\"name\":\"EDUCSI\",\"slug\":\"educsi-ca\",\"term_group\":0,\"term_taxonomy_id\":666,\"taxonomy\":\"partner_organizations\",\"description\":\"\",\"parent\":0,\"count\":1,\"filter\":\"raw\"},{\"term_id\":667,\"name\":\"Fundaci\\u00f3n Manresa\",\"slug\":\"fundacion-manresa-ca\",\"term_group\":0,\"term_taxonomy_id\":667,\"taxonomy\":\"partner_organizations\",\"description\":\"\",\"parent\":0,\"count\":1,\"filter\":\"raw\"},{\"term_id\":668,\"name\":\"Fundaci\\u00f3n Radio ECCA Canarias\",\"slug\":\"fundacion-radio-ecca-canarias-ca\",\"term_group\":0,\"term_taxonomy_id\":668,\"taxonomy\":\"partner_organizations\",\"description\":\"\",\"parent\":0,\"count\":1,\"filter\":\"raw\"},{\"term_id\":669,\"name\":\"Pueblos Unidos\",\"slug\":\"pueblos-unidos-ca\",\"term_group\":0,\"term_taxonomy_id\":669,\"taxonomy\":\"partner_organizations\",\"description\":\"\",\"parent\":0,\"count\":1,\"filter\":\"raw\"},{\"term_id\":670,\"name\":\"Fundaci\\u00f3n SAFA\",\"slug\":\"fundacion-safa-ca\",\"term_group\":0,\"term_taxonomy_id\":670,\"taxonomy\":\"partner_organizations\",\"description\":\"\",\"parent\":0,\"count\":1,\"filter\":\"raw\"},{\"term_id\":671,\"name\":\"Amoverse\",\"slug\":\"amoverse-ca\",\"term_group\":0,\"term_taxonomy_id\":671,\"taxonomy\":\"partner_organizations\",\"description\":\"\",\"parent\":0,\"count\":1,\"filter\":\"raw\"},{\"term_id\":672,\"name\":\"Atalaya\",\"slug\":\"atalaya-ca\",\"term_group\":0,\"term_taxonomy_id\":672,\"taxonomy\":\"partner_organizations\",\"description\":\"\",\"parent\":0,\"count\":1,\"filter\":\"raw\"},{\"term_id\":673,\"name\":\"Red Incola\",\"slug\":\"red-incola-ca\",\"term_group\":0,\"term_taxonomy_id\":673,\"taxonomy\":\"partner_organizations\",\"description\":\"\",\"parent\":0,\"count\":1,\"filter\":\"raw\"},{\"term_id\":674,\"name\":\"Nazaret\",\"slug\":\"nazaret-ca\",\"term_group\":0,\"term_taxonomy_id\":674,\"taxonomy\":\"partner_organizations\",\"description\":\"\",\"parent\":0,\"count\":1,\"filter\":\"raw\"}],\"ubicacion_campo\":\"top\",\"margen_superior\":-30,\"margen_izquierda\":0,\"latitud\":40.32050600000000173395164893008768558502197265625,\"longitud\":-4.001962999999999937017491902224719524383544921875,\"ampliar_informacion\":\"Si\",\"causes\":[\"Educaci\\u00f3n\",\"G\\u00e9nero\",\"Justicia medioambiental\",\"Migraci\\u00f3n y refugio\",\"Participaci\\u00f3n y ciudadan\\u00eda global\"]},{\"name\":\"Espa\\u00f1a\",\"link\":\"https:\\\/\\\/www.entreculturas.org\\\/gl\\\/pais\\\/espana\\\/\",\"active\":false,\"visible\":true,\"txt_informacion\":\"M\\u00e1is informaci\\u00f3n\",\"txt_proyecto\":\"Proxecto\",\"txt_personas\":\"Persoas acompa\\u00f1adas\",\"txt_organizaciones\":\"Organizaci\\u00f3ns colaboradoras\",\"txt_todas\":\"Todas as causas\",\"x\":599,\"y\":263,\"projects\":50,\"causes\":[\"Educaci\\u00f3n\",\"G\\u00e9nero\",\"Justicia medioambiental\",\"Migraci\\u00f3n y refugio\",\"Participaci\\u00f3n y ciudadan\\u00eda global\"],\"funding\":1622004,\"accompanied_persons\":28496,\"partner_organizations\":[{\"term_id\":225,\"name\":\"EDUCSI\",\"slug\":\"educsi\",\"term_group\":0,\"term_taxonomy_id\":225,\"taxonomy\":\"partner_organizations\",\"description\":\"\",\"parent\":0,\"count\":1,\"filter\":\"raw\"},{\"term_id\":226,\"name\":\"Fundaci\\u00f3n Manresa\",\"slug\":\"fundacion-manresa\",\"term_group\":0,\"term_taxonomy_id\":226,\"taxonomy\":\"partner_organizations\",\"description\":\"\",\"parent\":0,\"count\":1,\"filter\":\"raw\"},{\"term_id\":227,\"name\":\"Fundaci\\u00f3n Radio ECCA Canarias\",\"slug\":\"fundacion-radio-ecca-canarias\",\"term_group\":0,\"term_taxonomy_id\":227,\"taxonomy\":\"partner_organizations\",\"description\":\"\",\"parent\":0,\"count\":1,\"filter\":\"raw\"},{\"term_id\":228,\"name\":\"Pueblos Unidos\",\"slug\":\"pueblos-unidos\",\"term_group\":0,\"term_taxonomy_id\":228,\"taxonomy\":\"partner_organizations\",\"description\":\"\",\"parent\":0,\"count\":1,\"filter\":\"raw\"},{\"term_id\":230,\"name\":\"Fundaci\\u00f3n SAFA\",\"slug\":\"fundacion-safa\",\"term_group\":0,\"term_taxonomy_id\":230,\"taxonomy\":\"partner_organizations\",\"description\":\"\",\"parent\":0,\"count\":1,\"filter\":\"raw\"},{\"term_id\":231,\"name\":\"Amoverse\",\"slug\":\"amoverse\",\"term_group\":0,\"term_taxonomy_id\":231,\"taxonomy\":\"partner_organizations\",\"description\":\"\",\"parent\":0,\"count\":1,\"filter\":\"raw\"},{\"term_id\":232,\"name\":\"Atalaya\",\"slug\":\"atalaya\",\"term_group\":0,\"term_taxonomy_id\":232,\"taxonomy\":\"partner_organizations\",\"description\":\"\",\"parent\":0,\"count\":1,\"filter\":\"raw\"},{\"term_id\":233,\"name\":\"Red Incola\",\"slug\":\"red-incola\",\"term_group\":0,\"term_taxonomy_id\":233,\"taxonomy\":\"partner_organizations\",\"description\":\"\",\"parent\":0,\"count\":1,\"filter\":\"raw\"},{\"term_id\":234,\"name\":\"Nazaret\",\"slug\":\"nazaret\",\"term_group\":0,\"term_taxonomy_id\":234,\"taxonomy\":\"partner_organizations\",\"description\":\"\",\"parent\":0,\"count\":1,\"filter\":\"raw\"}],\"imagen\":\"https:\\\/\\\/www.entreculturas.org\\\/wp-content\\\/uploads\\\/2024\\\/02\\\/placeholder04.png\",\"ubicacion_campo\":\"top\",\"margen_superior\":-30,\"margen_izquierda\":0,\"latitud\":40.32050600000000173395164893008768558502197265625,\"longitud\":-4.001962999999999937017491902224719524383544921875,\"ampliar_informacion\":\"Si\"}];\r\n\t<\/script>\r\n\r\n\t\r\n\r\n\t<div>\r\n\t\t<!--<div class=\"map-filter-causes\">\r\n\t\t\t <svg xmlns=\"http:\/\/www.w3.org\/2000\/svg\" width=\"20\" height=\"20\" viewBox=\"0 0 20 20\" fill=\"none\">\r\n\t\t\t\t<path d=\"M18.1249 17.2413L13.4049 12.5213C14.5391 11.1596 15.1047 9.41303 14.9841 7.64495C14.8634 5.87687 14.0657 4.22338 12.7569 3.02846C11.4482 1.83354 9.7291 1.18918 7.95736 1.22944C6.18562 1.2697 4.49761 1.99147 3.24448 3.2446C1.99134 4.49773 1.26958 6.18574 1.22932 7.95748C1.18906 9.72922 1.83341 11.4483 3.02834 12.757C4.22326 14.0658 5.87675 14.8635 7.64483 14.9842C9.41291 15.1049 11.1595 14.5393 12.5211 13.405L17.2411 18.125L18.1249 17.2413ZM2.49989 8.12501C2.49989 7.01249 2.82979 5.92496 3.44787 4.99993C4.06596 4.0749 4.94446 3.35393 5.97229 2.92819C7.00013 2.50245 8.13113 2.39105 9.22227 2.60809C10.3134 2.82514 11.3157 3.36087 12.1024 4.14754C12.889 4.93421 13.4248 5.93649 13.6418 7.02763C13.8588 8.11877 13.7475 9.24977 13.3217 10.2776C12.896 11.3054 12.175 12.1839 11.25 12.802C10.3249 13.4201 9.23741 13.75 8.12489 13.75C6.63355 13.7484 5.20377 13.1552 4.14924 12.1007C3.09471 11.0461 2.50154 9.61635 2.49989 8.12501Z\" fill=\"#E30600\"\/>\r\n\t\t\t<\/svg> \r\n\t\t\t<select id=\"map-filter-causes\">\r\n\t\t\t\t<option value=''>\r\n\t\t\t\t\tBuscar por causa\r\n\t\t\t\t<\/option>\r\n\t\t\t\t\t\t\t\t\t<option>Educaci\u00f3n<\/option>\r\n\t\t\t\t\t\t\t\t\t<option>Migraci\u00f3n e refuxio<\/option>\r\n\t\t\t\t\t\t\t\t\t<option>Participaci\u00f3n e cidadan\u00eda global<\/option>\r\n\t\t\t\t\t\t\t\t\t<option>X\u00e9nero<\/option>\r\n\t\t\t\t\t\t\t\t\t<option>Xustiza ambiental<\/option>\r\n\t\t\t\t\t\t\t<\/select>\r\n\t\t<\/div>-->\r\n\t\t<div class=\"map-filter-causes\">\r\n\t\t\t<div class=\"custom-dropdown\">\r\n\t\t\t\t<div class=\"selected-option\">\r\n\t\t\t\t\t<img decoding=\"async\" src=\"https:\/\/www.entreculturas.org\/wp-content\/themes\/entreculturas\/assets\/images\/search.svg\" alt=\"arrow-down\">\r\n\t\t\t\t\t<span class=\"selected-title\">Busca por causa<\/span>\r\n\t\t\t\t<\/div>\r\n\t\t\t\t<ul class=\"dropdown-list\">\r\n\t\t\t\t\t<li>Todas as causas<\/li>\r\n\t\t\t\t\t\t\t\t\t\t\t<li>Educaci\u00f3n<\/li>\r\n\t\t\t\t\t\t\t\t\t\t\t<li>Migraci\u00f3n e refuxio<\/li>\r\n\t\t\t\t\t\t\t\t\t\t\t<li>Participaci\u00f3n e cidadan\u00eda global<\/li>\r\n\t\t\t\t\t\t\t\t\t\t\t<li>X\u00e9nero<\/li>\r\n\t\t\t\t\t\t\t\t\t\t\t<li>Xustiza ambiental<\/li>\r\n\t\t\t\t\t\t\t\t\t<\/ul>\r\n\t\t\t<\/div>\r\n\t\t<\/div>\r\n\r\n\t\t<canvas\r\n\t\t\tid='canvas' \r\n\t\t\twidth=\"2880\"\r\n\t\t\theight=\"716\"\r\n\t\t><\/canvas>\r\n\r\n\t\t<div id=\"modal\" class='modal'><\/div>\r\n\r\n\t\t<div class='controls'>\r\n\t\t\t<button id='minus'>\r\n\t\t\t<svg xmlns=\"http:\/\/www.w3.org\/2000\/svg\" width=\"50\" height=\"50\" viewBox=\"0 0 50 50\" fill=\"none\">\r\n\t\t\t\t<path d=\"M16 25H34\" stroke=\"white\" stroke-width=\"2.1\" stroke-linecap=\"round\" \/>\r\n\t\t\t<\/svg>\r\n\t\t\t<\/button>\r\n\t\t\t<button id='plus' style='margin-right: 30px;'>\r\n\t\t\t<svg xmlns=\"http:\/\/www.w3.org\/2000\/svg\" width=\"24\" height=\"24\" viewBox=\"0 0 24 24\" fill=\"none\">\r\n\t\t\t\t<path d=\"M10.8455 12.9534L3.46791 12.9534C3.19187 12.9534 2.94721 12.8468 2.73391 12.6335C2.52062 12.4202 2.41397 12.1755 2.41397 11.8995C2.41397 11.6235 2.52062 11.3788 2.73391 11.1655C2.94721 10.9522 3.19187 10.8456 3.46791 10.8456L10.8455 10.8456L10.8455 3.46799C10.8455 3.19195 10.9521 2.94729 11.1654 2.73399C11.3787 2.5207 11.6234 2.41405 11.8994 2.41405C12.1754 2.41405 12.4201 2.5207 12.6334 2.73399C12.8467 2.94729 12.9534 3.19195 12.9534 3.46799L12.9534 10.8456L20.3309 10.8456C20.607 10.8456 20.8516 10.9522 21.0649 11.1655C21.2782 11.3788 21.3849 11.6235 21.3849 11.8995C21.3849 12.1755 21.2782 12.4202 21.0649 12.6335C20.8516 12.8468 20.607 12.9534 20.3309 12.9534L12.9534 12.9534V20.331C12.9534 20.607 12.8467 20.8517 12.6334 21.065C12.4201 21.2783 12.1754 21.3849 11.8994 21.3849C11.6234 21.3849 11.3787 21.2783 11.1654 21.065C10.9521 20.8517 10.8455 20.607 10.8455 20.331V12.9534Z\" fill=\"white\" \/>\r\n\t\t\t<\/svg>\r\n\t\t\t<\/button>\r\n\t\t<\/div>\r\n\t<\/div>\r\n<\/section><\/div>\n\n<div class=\"wp-block-group has-global-padding is-layout-constrained wp-container-core-group-is-layout-eee0ce2b wp-block-group-is-layout-constrained\" style=\"margin-top:0;margin-bottom:var(--wp--preset--spacing--80);padding-right:20px;padding-left:20px\">\n<div class=\"wp-block-group has-red-background-color has-background is-content-justification-center is-layout-flex wp-container-core-group-is-layout-07f1826f wp-block-group-is-layout-flex\" style=\"border-radius:15px;padding-top:var(--wp--preset--spacing--60);padding-right:var(--wp--preset--spacing--60);padding-bottom:var(--wp--preset--spacing--60);padding-left:var(--wp--preset--spacing--60)\">\n<p class=\"has-text-align-center has-white-color has-text-color\" style=\"font-size:27px\"><strong>Queres ver a lista completa dos nosos proxectos?<\/strong><\/p>\n\n\n\n<div class=\"wp-block-buttons is-layout-flex wp-block-buttons-is-layout-flex\">\n<div class=\"wp-block-button is-style-outline is-style-outline--1\"><a class=\"wp-block-button__link has-white-color has-red-background-color has-text-color has-background has-border-color has-white-border-color wp-element-button\" href=\"https:\/\/www.entreculturas.org\/wp-content\/uploads\/2025\/06\/listado-proyectos-2024.pdf\" style=\"border-width:2px;font-style:normal;font-weight:600\" target=\"_blank\" rel=\"noreferrer noopener\">Descargalo<\/a><\/div>\n<\/div>\n<\/div>\n<\/div>\n\n<script>\/\/Para mostrar el mismo texto en el boton sin cambiar el enlace\n\tconst linkPdf = document.querySelectorAll('.link-pdf');\n\n\tif (linkPdf) {\n\t\tlinkPdf.forEach(link => {\n\t\t\t\/\/para que se abra en otra pesta\u00f1a\n\t\t\tlink.querySelector('a').setAttribute('target', '_blank');\n\t\t\tconst linkText = link.querySelector('a').innerText;\n\t\t\tlink.querySelector('a').setAttribute('href', linkText);\n\t\t\tlink.querySelector('a').innerText = 'CONOCE EL PROGRAMA';\n\t\t});\n\t}\n<\/script>\n","protected":false},"excerpt":{"rendered":"<p>Consulta a memoria anual Co\u00f1ece o detalle de todas as figuras, proxectos e acci\u00f3ns de cooperaci\u00f3n, sensibilizaci\u00f3n, voluntariado e incidencia pol\u00edtica que desenvolvemos este \u00faltimo ano en Entreculturas. O noso ano en cifras 203 proxectos en 42 pa\u00edses Base social 32.547 persoas 27 delegaci\u00f3ns 13 comunidades aut\u00f3nomas 125.110 seguidores nas redes sociais 401.159 persoas acompa\u00f1adas 691 centros \/ 982 profesores 16.596 nenos e adolescentes participantes M\u00e1is de 250 empresas e instituci\u00f3ns colaboradoras 24.604.040 \u20ac recadados (53,8\u00a0% de financiamento privado) O noso ano en cifras 203 proxectos 42 pa\u00edses Base social 32.547 persoas 27 Delegaci\u00f3ns 13 comunidades aut\u00f3nomas 401.159 Persoas acompa\u00f1adas 691 Centros. 982 Profesores 16.596 nenos e adolescentes 125.110 seguidores nas redes sociais M\u00e1is de 250 empresas colaboradoras 24.604.040 \u20ac de ingresos (53,8\u00a0% de financiamento privado) Transparencia e responsabilidade Orixe dos recursos Destino dos recursos Desglose dos gastos da misi\u00f3n Destacados das nosas causas en 2024 Os nosos convenios e [&hellip;]<\/p>\n","protected":false},"author":1,"featured_media":0,"parent":0,"menu_order":0,"comment_status":"closed","ping_status":"closed","template":"page-notitle","meta":{"_acf_changed":false,"footnotes":""},"class_list":["post-34429","page","type-page","status-publish","hentry"],"acf":[],"yoast_head":"<!-- This site is optimized with the Yoast SEO Premium plugin v21.6 (Yoast SEO v27.5) - https:\/\/yoast.com\/product\/yoast-seo-premium-wordpress\/ -->\n<title>Informe Anual Entreculturas 2024<\/title>\n<meta name=\"description\" content=\"En 2024, apoiamos a un total de 401.159 persoas a trav\u00e9s de 203 proxectos en 42 pa\u00edses.\" \/>\n<meta name=\"robots\" content=\"index, follow, max-snippet:-1, max-image-preview:large, max-video-preview:-1\" \/>\n<link rel=\"canonical\" href=\"https:\/\/www.entreculturas.org\/gl\/memoria\/\" \/>\n<meta property=\"og:locale\" content=\"gl_ES\" \/>\n<meta property=\"og:type\" content=\"article\" \/>\n<meta property=\"og:title\" content=\"Memoria\" \/>\n<meta property=\"og:description\" content=\"En 2024, apoiamos a un total de 401.159 persoas a trav\u00e9s de 203 proxectos en 42 pa\u00edses.\" \/>\n<meta property=\"og:url\" content=\"https:\/\/www.entreculturas.org\/gl\/memoria\/\" \/>\n<meta property=\"og:site_name\" content=\"Entreculturas\" \/>\n<meta property=\"article:publisher\" content=\"https:\/\/www.facebook.com\/entreculturas\" \/>\n<meta property=\"article:modified_time\" content=\"2025-07-14T11:53:51+00:00\" \/>\n<meta property=\"og:image\" content=\"https:\/\/www.entreculturas.org\/wp-content\/uploads\/2025\/07\/portada-informe-anual-entreculturas-2024.png\" \/>\n<meta name=\"twitter:card\" content=\"summary_large_image\" \/>\n<meta name=\"twitter:site\" content=\"@Entreculturas\" \/>\n<script type=\"application\/ld+json\" class=\"yoast-schema-graph\">{\"@context\":\"https:\\\/\\\/schema.org\",\"@graph\":[{\"@type\":\"WebPage\",\"@id\":\"https:\\\/\\\/www.entreculturas.org\\\/gl\\\/memoria\\\/\",\"url\":\"https:\\\/\\\/www.entreculturas.org\\\/gl\\\/memoria\\\/\",\"name\":\"Informe Anual Entreculturas 2024\",\"isPartOf\":{\"@id\":\"https:\\\/\\\/www.entreculturas.org\\\/gl\\\/#website\"},\"primaryImageOfPage\":{\"@id\":\"https:\\\/\\\/www.entreculturas.org\\\/gl\\\/memoria\\\/#primaryimage\"},\"image\":{\"@id\":\"https:\\\/\\\/www.entreculturas.org\\\/gl\\\/memoria\\\/#primaryimage\"},\"thumbnailUrl\":\"https:\\\/\\\/www.entreculturas.org\\\/wp-content\\\/uploads\\\/2025\\\/07\\\/foto-limpia-portada-memoria2024_MonteserinFotografia-2.jpg\",\"datePublished\":\"2024-06-14T05:18:31+00:00\",\"dateModified\":\"2025-07-14T11:53:51+00:00\",\"description\":\"En 2024, apoiamos a un total de 401.159 persoas a trav\u00e9s de 203 proxectos en 42 pa\u00edses.\",\"breadcrumb\":{\"@id\":\"https:\\\/\\\/www.entreculturas.org\\\/gl\\\/memoria\\\/#breadcrumb\"},\"inLanguage\":\"gl-ES\",\"potentialAction\":[{\"@type\":\"ReadAction\",\"target\":[\"https:\\\/\\\/www.entreculturas.org\\\/gl\\\/memoria\\\/\"]}]},{\"@type\":\"ImageObject\",\"inLanguage\":\"gl-ES\",\"@id\":\"https:\\\/\\\/www.entreculturas.org\\\/gl\\\/memoria\\\/#primaryimage\",\"url\":\"https:\\\/\\\/www.entreculturas.org\\\/wp-content\\\/uploads\\\/2025\\\/07\\\/foto-limpia-portada-memoria2024_MonteserinFotografia-2.jpg\",\"contentUrl\":\"https:\\\/\\\/www.entreculturas.org\\\/wp-content\\\/uploads\\\/2025\\\/07\\\/foto-limpia-portada-memoria2024_MonteserinFotografia-2.jpg\"},{\"@type\":\"BreadcrumbList\",\"@id\":\"https:\\\/\\\/www.entreculturas.org\\\/gl\\\/memoria\\\/#breadcrumb\",\"itemListElement\":[{\"@type\":\"ListItem\",\"position\":1,\"name\":\"Home\",\"item\":\"https:\\\/\\\/www.entreculturas.org\\\/gl\\\/\"},{\"@type\":\"ListItem\",\"position\":2,\"name\":\"Memoria\"}]},{\"@type\":\"WebSite\",\"@id\":\"https:\\\/\\\/www.entreculturas.org\\\/gl\\\/#website\",\"url\":\"https:\\\/\\\/www.entreculturas.org\\\/gl\\\/\",\"name\":\"Entreculturas\",\"description\":\"\",\"publisher\":{\"@id\":\"https:\\\/\\\/www.entreculturas.org\\\/gl\\\/#organization\"},\"alternateName\":\"Entreculturas\",\"potentialAction\":[{\"@type\":\"SearchAction\",\"target\":{\"@type\":\"EntryPoint\",\"urlTemplate\":\"https:\\\/\\\/www.entreculturas.org\\\/gl\\\/?s={search_term_string}\"},\"query-input\":{\"@type\":\"PropertyValueSpecification\",\"valueRequired\":true,\"valueName\":\"search_term_string\"}}],\"inLanguage\":\"gl-ES\"},{\"@type\":\"Organization\",\"@id\":\"https:\\\/\\\/www.entreculturas.org\\\/gl\\\/#organization\",\"name\":\"Entreculturas\",\"url\":\"https:\\\/\\\/www.entreculturas.org\\\/gl\\\/\",\"logo\":{\"@type\":\"ImageObject\",\"inLanguage\":\"gl-ES\",\"@id\":\"https:\\\/\\\/www.entreculturas.org\\\/gl\\\/#\\\/schema\\\/logo\\\/image\\\/\",\"url\":\"https:\\\/\\\/www.entreculturas.org\\\/wp-content\\\/uploads\\\/2025\\\/10\\\/ESP.svg\",\"contentUrl\":\"https:\\\/\\\/www.entreculturas.org\\\/wp-content\\\/uploads\\\/2025\\\/10\\\/ESP.svg\",\"caption\":\"Entreculturas\"},\"image\":{\"@id\":\"https:\\\/\\\/www.entreculturas.org\\\/gl\\\/#\\\/schema\\\/logo\\\/image\\\/\"},\"sameAs\":[\"https:\\\/\\\/www.facebook.com\\\/entreculturas\",\"https:\\\/\\\/x.com\\\/Entreculturas\",\"https:\\\/\\\/www.instagram.com\\\/entreculturas\\\/\",\"https:\\\/\\\/www.youtube.com\\\/user\\\/entreculturasvideo\",\"https:\\\/\\\/www.linkedin.com\\\/company\\\/fundacion-entreculturas-ngdo\\\/\",\"https:\\\/\\\/www.flickr.com\\\/photos\\\/98455522@N04\\\/albums\\\/\"]}]}<\/script>\n<!-- \/ Yoast SEO Premium plugin. -->","yoast_head_json":{"title":"Informe Anual Entreculturas 2024","description":"En 2024, apoiamos a un total de 401.159 persoas a trav\u00e9s de 203 proxectos en 42 pa\u00edses.","robots":{"index":"index","follow":"follow","max-snippet":"max-snippet:-1","max-image-preview":"max-image-preview:large","max-video-preview":"max-video-preview:-1"},"canonical":"https:\/\/www.entreculturas.org\/gl\/memoria\/","og_locale":"gl_ES","og_type":"article","og_title":"Memoria","og_description":"En 2024, apoiamos a un total de 401.159 persoas a trav\u00e9s de 203 proxectos en 42 pa\u00edses.","og_url":"https:\/\/www.entreculturas.org\/gl\/memoria\/","og_site_name":"Entreculturas","article_publisher":"https:\/\/www.facebook.com\/entreculturas","article_modified_time":"2025-07-14T11:53:51+00:00","og_image":[{"url":"https:\/\/www.entreculturas.org\/wp-content\/uploads\/2025\/07\/portada-informe-anual-entreculturas-2024.png","type":"","width":"","height":""}],"twitter_card":"summary_large_image","twitter_site":"@Entreculturas","schema":{"@context":"https:\/\/schema.org","@graph":[{"@type":"WebPage","@id":"https:\/\/www.entreculturas.org\/gl\/memoria\/","url":"https:\/\/www.entreculturas.org\/gl\/memoria\/","name":"Informe Anual Entreculturas 2024","isPartOf":{"@id":"https:\/\/www.entreculturas.org\/gl\/#website"},"primaryImageOfPage":{"@id":"https:\/\/www.entreculturas.org\/gl\/memoria\/#primaryimage"},"image":{"@id":"https:\/\/www.entreculturas.org\/gl\/memoria\/#primaryimage"},"thumbnailUrl":"https:\/\/www.entreculturas.org\/wp-content\/uploads\/2025\/07\/foto-limpia-portada-memoria2024_MonteserinFotografia-2.jpg","datePublished":"2024-06-14T05:18:31+00:00","dateModified":"2025-07-14T11:53:51+00:00","description":"En 2024, apoiamos a un total de 401.159 persoas a trav\u00e9s de 203 proxectos en 42 pa\u00edses.","breadcrumb":{"@id":"https:\/\/www.entreculturas.org\/gl\/memoria\/#breadcrumb"},"inLanguage":"gl-ES","potentialAction":[{"@type":"ReadAction","target":["https:\/\/www.entreculturas.org\/gl\/memoria\/"]}]},{"@type":"ImageObject","inLanguage":"gl-ES","@id":"https:\/\/www.entreculturas.org\/gl\/memoria\/#primaryimage","url":"https:\/\/www.entreculturas.org\/wp-content\/uploads\/2025\/07\/foto-limpia-portada-memoria2024_MonteserinFotografia-2.jpg","contentUrl":"https:\/\/www.entreculturas.org\/wp-content\/uploads\/2025\/07\/foto-limpia-portada-memoria2024_MonteserinFotografia-2.jpg"},{"@type":"BreadcrumbList","@id":"https:\/\/www.entreculturas.org\/gl\/memoria\/#breadcrumb","itemListElement":[{"@type":"ListItem","position":1,"name":"Home","item":"https:\/\/www.entreculturas.org\/gl\/"},{"@type":"ListItem","position":2,"name":"Memoria"}]},{"@type":"WebSite","@id":"https:\/\/www.entreculturas.org\/gl\/#website","url":"https:\/\/www.entreculturas.org\/gl\/","name":"Entreculturas","description":"","publisher":{"@id":"https:\/\/www.entreculturas.org\/gl\/#organization"},"alternateName":"Entreculturas","potentialAction":[{"@type":"SearchAction","target":{"@type":"EntryPoint","urlTemplate":"https:\/\/www.entreculturas.org\/gl\/?s={search_term_string}"},"query-input":{"@type":"PropertyValueSpecification","valueRequired":true,"valueName":"search_term_string"}}],"inLanguage":"gl-ES"},{"@type":"Organization","@id":"https:\/\/www.entreculturas.org\/gl\/#organization","name":"Entreculturas","url":"https:\/\/www.entreculturas.org\/gl\/","logo":{"@type":"ImageObject","inLanguage":"gl-ES","@id":"https:\/\/www.entreculturas.org\/gl\/#\/schema\/logo\/image\/","url":"https:\/\/www.entreculturas.org\/wp-content\/uploads\/2025\/10\/ESP.svg","contentUrl":"https:\/\/www.entreculturas.org\/wp-content\/uploads\/2025\/10\/ESP.svg","caption":"Entreculturas"},"image":{"@id":"https:\/\/www.entreculturas.org\/gl\/#\/schema\/logo\/image\/"},"sameAs":["https:\/\/www.facebook.com\/entreculturas","https:\/\/x.com\/Entreculturas","https:\/\/www.instagram.com\/entreculturas\/","https:\/\/www.youtube.com\/user\/entreculturasvideo","https:\/\/www.linkedin.com\/company\/fundacion-entreculturas-ngdo\/","https:\/\/www.flickr.com\/photos\/98455522@N04\/albums\/"]}]}},"_links":{"self":[{"href":"https:\/\/www.entreculturas.org\/gl\/wp-json\/wp\/v2\/pages\/34429","targetHints":{"allow":["GET"]}}],"collection":[{"href":"https:\/\/www.entreculturas.org\/gl\/wp-json\/wp\/v2\/pages"}],"about":[{"href":"https:\/\/www.entreculturas.org\/gl\/wp-json\/wp\/v2\/types\/page"}],"author":[{"embeddable":true,"href":"https:\/\/www.entreculturas.org\/gl\/wp-json\/wp\/v2\/users\/1"}],"replies":[{"embeddable":true,"href":"https:\/\/www.entreculturas.org\/gl\/wp-json\/wp\/v2\/comments?post=34429"}],"version-history":[{"count":8,"href":"https:\/\/www.entreculturas.org\/gl\/wp-json\/wp\/v2\/pages\/34429\/revisions"}],"predecessor-version":[{"id":40935,"href":"https:\/\/www.entreculturas.org\/gl\/wp-json\/wp\/v2\/pages\/34429\/revisions\/40935"}],"wp:attachment":[{"href":"https:\/\/www.entreculturas.org\/gl\/wp-json\/wp\/v2\/media?parent=34429"}],"curies":[{"name":"wp","href":"https:\/\/api.w.org\/{rel}","templated":true}]}}