{"id":28372,"date":"2024-05-29T14:31:32","date_gmt":"2024-05-29T12:31:32","guid":{"rendered":"https:\/\/www.entreculturas.org\/a-cadeira-vermella\/proxectos\/"},"modified":"2025-09-05T15:07:43","modified_gmt":"2025-09-05T13:07:43","slug":"proxectos","status":"publish","type":"page","link":"https:\/\/www.entreculturas.org\/gl\/a-cadeira-vermella\/proxectos\/","title":{"rendered":"Proxectos"},"content":{"rendered":"\n<div class=\"wp-block-group header_fijo is-content-justification-space-between is-nowrap is-layout-flex wp-container-core-group-is-layout-8fc330fe wp-block-group-is-layout-flex\" style=\"min-height:0px;margin-top:0;margin-bottom:0;padding-top:var(--wp--preset--spacing--40);padding-right:var(--wp--preset--spacing--60);padding-bottom:var(--wp--preset--spacing--40);padding-left:var(--wp--preset--spacing--60)\">\n<div class=\"wp-block-group header-contenido is-nowrap is-layout-flex wp-container-core-group-is-layout-c1740a5a wp-block-group-is-layout-flex\"><div class=\"wp-block-site-logo\"><a href=\"https:\/\/www.entreculturas.org\/gl\/\" class=\"custom-logo-link\" rel=\"home\"><img decoding=\"async\" src=\"https:\/\/www.entreculturas.org\/wp-content\/uploads\/2025\/10\/ESP.svg\" class=\"custom-logo\" alt=\"Entreculturas\" \/><\/a><\/div>\n\n\n<figure class=\"wp-block-image size-full\"><a href=\"https:\/\/www.entreculturas.org\/gl\/a-cadeira-vermella\/\"><img decoding=\"async\" src=\"https:\/\/www.entreculturas.org\/wp-content\/uploads\/2024\/07\/la-silla-roja.svg\" alt=\"\" class=\"wp-image-29041\"\/><\/a><\/figure>\n\n\n\n<div class=\"wp-block-group has-global-padding is-layout-constrained wp-container-core-group-is-layout-c5bbea69 wp-block-group-is-layout-constrained\">\n<div class=\"wp-block-group menu-row is-nowrap is-layout-flex wp-container-core-group-is-layout-c0d7094d wp-block-group-is-layout-flex\"><nav style=\"font-size:1.25rem;font-style:normal;font-weight:600;\" class=\"is-responsive items-justified-center no-wrap menu-enlaces wp-block-navigation is-horizontal is-content-justification-center is-nowrap is-layout-flex wp-container-core-navigation-is-layout-109d3c9b wp-block-navigation-is-layout-flex\" aria-label=\"Navegaci\u00f3n 2\" \n\t\t data-wp-interactive=\"core\/navigation\" data-wp-context='{\"overlayOpenedBy\":{\"click\":false,\"hover\":false,\"focus\":false},\"type\":\"overlay\",\"roleAttribute\":\"\",\"ariaLabel\":\"Men\\u00fa\"}'><button aria-haspopup=\"dialog\" aria-label=\"Abrir o men\u00fa\" class=\"wp-block-navigation__responsive-container-open\" \n\t\t\t\tdata-wp-on--click=\"actions.openMenuOnClick\"\n\t\t\t\tdata-wp-on--keydown=\"actions.handleMenuKeydown\"\n\t\t\t><svg width=\"24\" height=\"24\" xmlns=\"http:\/\/www.w3.org\/2000\/svg\" viewBox=\"0 0 24 24\"><path d=\"M5 5v1.5h14V5H5z\"><\/path><path d=\"M5 12.8h14v-1.5H5v1.5z\"><\/path><path d=\"M5 19h14v-1.5H5V19z\"><\/path><\/svg><\/button>\n\t\t\t\t<div class=\"wp-block-navigation__responsive-container\"  id=\"modal-1\" \n\t\t\t\tdata-wp-class--has-modal-open=\"state.isMenuOpen\"\n\t\t\t\tdata-wp-class--is-menu-open=\"state.isMenuOpen\"\n\t\t\t\tdata-wp-watch=\"callbacks.initMenu\"\n\t\t\t\tdata-wp-on--keydown=\"actions.handleMenuKeydown\"\n\t\t\t\tdata-wp-on--focusout=\"actions.handleMenuFocusout\"\n\t\t\t\ttabindex=\"-1\"\n\t\t\t>\n\t\t\t\t\t<div class=\"wp-block-navigation__responsive-close\" tabindex=\"-1\">\n\t\t\t\t\t\t<div class=\"wp-block-navigation__responsive-dialog\" \n\t\t\t\tdata-wp-bind--aria-modal=\"state.ariaModal\"\n\t\t\t\tdata-wp-bind--aria-label=\"state.ariaLabel\"\n\t\t\t\tdata-wp-bind--role=\"state.roleAttribute\"\n\t\t\t>\n\t\t\t\t\t\t\t<button aria-label=\"Pechar o men\u00fa\" class=\"wp-block-navigation__responsive-container-close\" \n\t\t\t\tdata-wp-on--click=\"actions.closeMenuOnClick\"\n\t\t\t><svg xmlns=\"http:\/\/www.w3.org\/2000\/svg\" viewBox=\"0 0 24 24\" width=\"24\" height=\"24\" aria-hidden=\"true\" focusable=\"false\"><path d=\"m13.06 12 6.47-6.47-1.06-1.06L12 10.94 5.53 4.47 4.47 5.53 10.94 12l-6.47 6.47 1.06 1.06L12 13.06l6.47 6.47 1.06-1.06L13.06 12Z\"><\/path><\/svg><\/button>\n\t\t\t\t\t\t\t<div class=\"wp-block-navigation__responsive-container-content\" \n\t\t\t\tdata-wp-watch=\"callbacks.focusFirstElement\"\n\t\t\t id=\"modal-1-content\">\n\t\t\t\t\t\t\t\t<ul style=\"font-size:1.25rem;font-style:normal;font-weight:600;\" class=\"wp-block-navigation__container is-responsive items-justified-center no-wrap menu-enlaces wp-block-navigation\"><li style=\"font-size: 1.25rem;\" class=\" wp-block-navigation-item wp-block-navigation-link\"><a class=\"wp-block-navigation-item__content\"  href=\"https:\/\/www.entreculturas.org\/gl\/a-cadeira-vermella\/a-campa\/\"><span class=\"wp-block-navigation-item__label\">A camp\u00e1<\/span><\/a><\/li><li style=\"font-size: 1.25rem;\" class=\" wp-block-navigation-item wp-block-navigation-link\"><a class=\"wp-block-navigation-item__content\"  href=\"https:\/\/www.entreculturas.org\/gl\/a-cadeira-vermella\/proxectos\/\"><span class=\"wp-block-navigation-item__label\">Proxectos<\/span><\/a><\/li><li style=\"font-size: 1.25rem;\" class=\" wp-block-navigation-item wp-block-navigation-link\"><a class=\"wp-block-navigation-item__content\"  href=\"https:\/\/www.entreculturas.org\/gl\/a-cadeira-vermella\/como-actuar\/\"><span class=\"wp-block-navigation-item__label\">Como Actuar<\/span><\/a><\/li><li style=\"font-size: 1.25rem;\" class=\" wp-block-navigation-item wp-block-navigation-link\"><a class=\"wp-block-navigation-item__content\"  href=\"https:\/\/www.entreculturas.org\/la-silla-roja\/recursos\/\"><span class=\"wp-block-navigation-item__label\">Recursos<\/span><\/a><\/li><style>html[dir=\"rtl\"] .wpml-language-switcher-block .wpml-ls-dropdown ul li.wp-block-navigation-submenu .wp-block-navigation-submenu__toggle img{margin-left:12px}html[dir=\"rtl\"] .wpml-language-switcher-block .wpml-ls-dropdown ul li.wp-block-navigation-submenu ul.isHorizontal li{text-align:right}html[dir=\"rtl\"] .wpml-language-switcher-block .wpml-ls-dropdown ul li.wp-block-navigation-submenu ul.isHorizontal li a img{margin-left:12px}.wpml-language-switcher-block{display:flex;box-sizing:border-box;width:100% !important}.wpml-language-switcher-block>.wp-block-navigation-item,.wpml-language-switcher-block>.wp-block-navigation-item>div{display:flex;width:100% !important}.wpml-language-switcher-block .wp-block-navigation__container{background:unset !important}.wpml-language-switcher-block .hide-arrow .wp-block-navigation__submenu-icon{display:none}.wpml-language-switcher-block .wpml-ls-dropdown .wp-block-navigation-submenu__toggle.wpml-ls-keyboard-focus ~ .wp-block-navigation__submenu-container,.wpml-language-switcher-block .wpml-ls-dropdown li.open-on-hover-click .wp-block-navigation-submenu__toggle:focus ~ .wp-block-navigation__submenu-container,.wpml-language-switcher-block .wpml-ls-dropdown li.open-on-hover-click .wp-block-navigation-submenu__toggle:focus-within ~ .wp-block-navigation__submenu-container,.wpml-language-switcher-block .wpml-ls-dropdown li.open-on-hover-click:focus-within>.wp-block-navigation__submenu-container{visibility:visible;opacity:1;display:block;overflow:visible}.wpml-language-switcher-block .wpml-ls-dropdown ul li button{padding:0}.wpml-language-switcher-block .wpml-ls-dropdown ul li button+.isHorizontal{min-width:inherit !important}.wpml-language-switcher-block .wpml-ls-dropdown ul li button+.isHorizontal li{width:inherit !important}.wpml-language-switcher-block .wpml-ls-dropdown ul li button+.isHorizontal li a{display:flex;align-items:center;min-width:max-content}.wpml-language-switcher-block .wpml-ls-dropdown ul li.wp-block-navigation-submenu ul.isHorizontal{margin:0;min-width:inherit !important}.wpml-language-switcher-block .wpml-ls-dropdown ul li.wp-block-navigation-submenu ul.isHorizontal li{width:inherit !important;text-align:left}.wpml-language-switcher-block .wpml-ls-dropdown ul li.wp-block-navigation-submenu ul.isHorizontal li a{display:flex;align-items:center;min-width:max-content}.wpml-language-switcher-block ul{list-style-type:none !important;padding:0 !important;width:100%}.wpml-language-switcher-block ul li{margin:0}.wpml-language-switcher-block ul li>a.wp-block-navigation-item__content:focus{outline:1px solid #2F7D92}.wpml-language-switcher-block ul li.is-focused{outline:1px solid #2F7D92}.wpml-language-switcher-block ul.wp-block-navigation__submenu-container{border:inherit !important;background-color:unset !important;min-width:unset !important}.wpml-language-switcher-block ul.wp-block-navigation__submenu-container .wp-block-navigation-item{border-radius:0 !important}.wpml-language-switcher-block ul.wp-block-navigation__submenu-container .wp-block-navigation-item a{display:flex;align-items:center;min-width:max-content;padding:1px}.wpml-language-switcher-block ul.horizontal-list{display:flex;flex-direction:row;align-items:center;justify-content:flex-start;margin:0 !important;gap:1em !important}.wpml-language-switcher-block ul.horizontal-list li{display:inline-block;margin:0;line-height:100%}.wpml-language-switcher-block ul.horizontal-list li a{line-height:100%}.wpml-language-switcher-block ul.center-justify{justify-content:center}.wpml-language-switcher-block ul.center-justify .wp-block-navigation-item{justify-content:center}.wpml-language-switcher-block ul.right-justify{justify-content:right}.wpml-language-switcher-block ul.right-justify .wp-block-navigation-item{justify-content:right}.wpml-language-switcher-block ul.space_between-justify{justify-content:space-between}.wpml-language-switcher-block ul.space_between-justify li>div{white-space:nowrap}.wpml-language-switcher-block .hasHoverColor:hover{color:var(--hover-color) !important}.wpml-language-switcher-block .hasHoverBackgroundColor:hover{background-color:var(--hover-background-color) !important}.wpml-language-switcher-block ul.isHorizontal{padding-left:0;list-style:none}.wpml-language-switcher-block ul.isHorizontal li{display:inline;margin-left:0}.wpml-language-switcher-block ul.isHorizontal li div{display:inline-block}.wpml-language-switcher-block ul.hasSpacing.isHorizontal li:not(:last-child){margin-right:var(--language-spacing) !important}.wpml-language-switcher-block ul.hasSpacing.isVertical li:not(:last-child){margin-bottom:var(--language-spacing) !important}.wpml-language-switcher-block ul.hasSpacing.isVertical .wp-block-navigation-item>div,.wpml-language-switcher-block ul.hasSpacing.isVertical .wp-block-navigation-item>div>a{display:inline-flex;align-items:center}.wpml-language-switcher-block .hasHoverColor:hover{color:var(--hover-color) !important}.wpml-language-switcher-block .hasHoverBackgroundColor:hover{background-color:var(--hover-background-color) !important}.wpml-language-switcher-block .hasFontSize{font-size:var(--font-size) !important}.wpml-language-switcher-block .hasLetterSpacing{letter-spacing:var(--letter-spacing) !important}.wpml-language-switcher-block .hasTextTransform{text-transform:var(--text-transform) !important}.wpml-language-switcher-block .hasFontFamily{font-family:var(--font-family) !important}.wpml-ls-flag{display:inline-block}.wpml-ls-flag-style-btn{border:0px transparent;padding-top:3px !important}.wpml-ls-flag-style-btn.black-bg{background-color:black}.wpml-ls-flag-style-btn.transparent-bg{background-color:transparent}.wpml-ls-control-row{border:solid 1px #949494;border-radius:2px;margin-bottom:8px}.wpml-ls-control-row-with-padding{padding:1px}.wpml-ls-number-control{max-width:100%;width:100%}.wpml-ls-slider-control-alert{margin-top:5px !important}.wpml-ls-slider .ant-slider-track{background-color:#3858E9}.wpml-ls-slider .ant-slider-handle{border:solid 1px black}.wpml-ls-control-blue{color:#2F7D92}.wpml-ls-number-with-unit-select select{color:#2F7D92;font-weight:700}.wpml-ls-control-grey{color:#757575}.wpml-ls-control-bg-grey{background-color:#a6a6a6}.wpml-ls-control-font{font-family:\"SF Pro Text\", sans-serif;font-style:normal;font-weight:400 !important;font-size:13px !important;line-height:140% !important}.wpml-ls-option-btn-col{padding:0.5px}.wpml-ls-no-borders{border:none}.ant-col-8.wpml-ls-option-btn-col{display:inline-flex}.wpml-ls-three-btn-row .wpml-ls-option-btn-wrap{padding-top:8px;padding-bottom:8px;white-space:normal;word-break:break-word}.wpml-ls-three-btn-row .ant-btn-no-height-less-padding{height:unset;padding-right:10px;padding-left:10px}.wpml-ls-full-width{width:100%}.wpml-ls-toggle-control .components-form-toggle.is-checked>.components-form-toggle__track{background-color:#2F7D92;border-color:#2F7D92}.wpml-ls-toggle-control .components-form-toggle.is-checked>.components-form-toggle__thumb{background-color:white}.wpml-ls-toggle-control .components-form-toggle>.components-form-toggle__track{background-color:white;border-color:#373737}.wpml-ls-toggle-control .components-form-toggle>.components-form-toggle__thumb{background-color:#373737}.ant-select-dropdown{min-width:45px !important;max-width:45px !important;width:45px !important}.wpml-ls-color-control{border:1px solid #DDDDDD;border-bottom:0px;padding:10px;box-sizing:border-box}.wpml-ls-color-control.wpml-ls-with-bottom-border{border-bottom:1px solid #DDDDDD}.wpml-ls-color-control .wpml-ls-icon-no-color:hover{cursor:pointer}.wpml-ls-color-control .component-color-indicator{width:25px;height:25px;box-shadow:0px 0px 2px 1px lightgrey}.wpml-ls-color-control .component-color-indicator:hover{cursor:pointer}.wpml-ls-color-control .wpml-ls-color-title{top:3px}.wpml-ls-dimension-control{border-top:solid 1px #e0e0e0}.wpml-ls-dimension-control .components-panel__arrow{visibility:hidden}.wpml-ls-panel-settings-dropdown-container{position:absolute;right:0px}.wpml-ls-icon-link{width:24px;height:24px;top:3px;border-radius:2px}.ant-input-number-handler-wrap{display:none !important}.ant-input-number-input{padding-right:0px !important;padding-left:3px !important}.block-editor-contrast-checker+.block-editor-contrast-checker{display:none}.current-language-item{display:flex;align-items:center;min-height:30px}.current-language-item .wp-block-navigation-item__content>div{display:flex;align-items:center}.wpml-ls-fontLetterCase-control button.components-button.has-icon{margin-right:0 !important;min-width:30px !important;height:30px !important}.wpml-ls-fontLetterSpacing-control div.components-input-control__container{top:4px}[data-wpml='language-item']:first-of-type{margin-top:5px !important}.wpml-ls-dimension-panel .components-panel__arrow{display:none}.wpml-ls-typography-panel .components-panel__arrow{display:none}.wpml-ls-panel-settings-dropdown-container>div>button>span.anticon-more{font-size:large;margin-right:10px}.wpml-ls-panel-settings-dropdown-container>div>button>span.anticon-plus{font-size:medium;margin-right:10px}.wpml-ls-color-panel .wpml-ls-color-panel-wrap button.components-button:focus{outline:2px solid #2F7D92;color:#2F7D92}.wpml-ls-color-panel .wpml-ls-color-panel-wrap button.components-button:hover{color:#2F7D92 !important}.wpml-ls-option-btn-wrap:focus{outline:4px solid #2F7D92}.wpml-ls-option-btn-wrap:hover:not(.wpml-ls-option-btn-wrap[data-selected=\"true\"]){outline:2px solid #2F7D92;color:#2F7D92 !important}.wpml-ls-toggle-control .components-toggle-control__label:hover{color:#2F7D92}.components-input-control__container:hover .components-input-control__backdrop{border-color:#2F7D92 !important}input.components-input-control__input:focus ~ .components-input-control__backdrop{outline:2px solid #2F7D92 !important}.components-toggle-group-control[role=\"radiogroup\"]:hover{border-color:#2F7D92}.components-toggle-group-control[role=\"radiogroup\"] .components-toggle-group-control-option-base[role=\"radio\"]:hover{color:#2F7D92}.components-toggle-group-control[role=\"radiogroup\"] .components-toggle-group-control-option-base[role=\"radio\"]:focus{color:#2F7D92;outline:2px solid #2F7D92}.ant-slider .ant-slider-handle:not(.ant-tooltip-open){background-color:#2F7D92 !important;border-color:#373737}.ant-slider:hover .ant-slider-handle:not(.ant-tooltip-open),.ant-slider .ant-slider-handle:focus{background-color:#373737 !important;border-color:#2F7D92}.wpml-ls-typography-panel .components-panel__body .ant-col{margin-bottom:12px}.wpml-ls-fontSize-control div[aria-label=\"Font size\"]{margin-bottom:12px}.wpml-ls-fontSize-control .wpml-ls-fontLetterSpacing-control{display:grid;place-items:center;align-self:center}\n\n.wp-block-navigation.is-content-justification-space-between .wp-block-page-list{display:contents}.wp-block-navigation.is-content-justification-space-between .wpml-language-switcher-navigation-block,.wp-block-navigation.is-content-justification-space-between [data-type='wpml\/navigation-language-switcher']{display:contents !important}.wp-block-navigation.is-content-justification-space-between .wpml-language-switcher-navigation-block .wp-block-navigation-item,.wp-block-navigation.is-content-justification-space-between [data-type='wpml\/navigation-language-switcher'] .wp-block-navigation-item{display:contents}.wp-block-navigation.is-content-justification-space-between .wpml-language-switcher-navigation-block .wp-block-navigation-item>div,.wp-block-navigation.is-content-justification-space-between .wpml-language-switcher-navigation-block .wp-block-navigation-item .horizontal-list,.wp-block-navigation.is-content-justification-space-between [data-type='wpml\/navigation-language-switcher'] .wp-block-navigation-item>div,.wp-block-navigation.is-content-justification-space-between [data-type='wpml\/navigation-language-switcher'] .wp-block-navigation-item .horizontal-list{display:contents}.wp-block-navigation.is-content-justification-space-between .wpml-language-switcher-navigation-block .wp-block-navigation-item>div li.wp-block-navigation-item,.wp-block-navigation.is-content-justification-space-between .wpml-language-switcher-navigation-block .wp-block-navigation-item .horizontal-list li.wp-block-navigation-item,.wp-block-navigation.is-content-justification-space-between [data-type='wpml\/navigation-language-switcher'] .wp-block-navigation-item>div li.wp-block-navigation-item,.wp-block-navigation.is-content-justification-space-between [data-type='wpml\/navigation-language-switcher'] .wp-block-navigation-item .horizontal-list li.wp-block-navigation-item{display:flex}.wp-block-navigation .wpml-block-navigation-language-switcher,.wp-block-navigation [data-type='wpml\/navigation-language-switcher']{display:flex !important;flex-direction:var(--navigation-layout-direction, initial);justify-content:var(--navigation-layout-justify, initial);align-items:var(--navigation-layout-align, initial);flex-wrap:var(--navigation-layout-wrap, wrap);background-color:inherit;gap:inherit;margin:0;width:fit-content;max-width:fit-content}.wp-block-navigation.items-justified-space-between .wpml-language-switcher-navigation-block.wpml-ls-dropdown{flex:inherit;display:flex !important}.wp-block-navigation.items-justified-space-between .wpml-language-switcher-navigation-block.wpml-ls-list{flex:inherit;display:contents !important}.wp-block-navigation.items-justified-space-between .wpml-block-navigation-language-switcher.wpml-ls-dropdown,.wp-block-navigation.items-justified-space-between [data-type='wpml\/navigation-language-switcher']{flex:inherit;display:flex !important}.wp-block-navigation.items-justified-space-between .wpml-block-navigation-language-switcher.wpml-ls-list,.wp-block-navigation.items-justified-space-between [data-type='wpml\/navigation-language-switcher']{flex:inherit;display:contents !important}.wp-block-navigation .wpml-block-navigation-item{background-color:inherit}.wp-block-navigation .wpml-block-navigation-item .current-language-item .wp-block-navigation-item__content>div{display:flex;align-items:center}.wp-block-navigation__submenu-container li{margin:0}.wp-block-navigation .wpml-language-switcher-navigation-block{width:unset !important;flex:initial !important}.wp-block-navigation .wpml-language-switcher-navigation-block .hide-arrow .wp-block-navigation__submenu-icon{display:none}.wp-block-navigation .wpml-language-switcher-navigation-block ul li a{display:flex;align-items:center}.wp-block-navigation .wpml-language-switcher-navigation-block ul.horizontal-list{display:flex;flex-direction:row;align-items:center;justify-content:flex-start;margin:0 !important;gap:1.5em !important}.wp-block-navigation .wpml-language-switcher-navigation-block ul.horizontal-list li{display:inline-block;line-height:100%}.wp-block-navigation .wpml-language-switcher-navigation-block ul.horizontal-list li a,.wp-block-navigation .wpml-language-switcher-navigation-block ul.horizontal-list li div{line-height:100%;display:inline-flex;align-items:center}\n\n<\/style><div id=\"\" class=\"wpml-language-switcher-navigation-block wpml-ls-dropdown\"><div class=\"block-editor-block-list__block wp-block wp-block-navigation-item has-link has-child wp-block-navigation-submenu\"><div class=\"wpml-ls-dropdown open-on-hover-click \"><ul class=\"wp-block-navigation__container\"><li class=\"wp-block-navigation-item has-child wp-block-navigation-submenu open-on-hover-click\" onclick=\"(()=&gt;{const ariaExpanded = this.children[0].getAttribute('aria-expanded');\n\t\t\t\t\tthis.children[0].setAttribute('aria-expanded', ariaExpanded === 'true' ? 'false' : 'true');})(this);\"><div class=\"wp-block-navigation-item__content wp-block-navigation-submenu__toggle\" aria-expanded=\"false\"><span class=\"current-language-item\" style=\"display:flex;cursor:pointer\" data-wpml=\"current-language-item\"><div style=\"display:inline-block\" class=\"wp-block-navigation-item__content\"><div><img decoding=\"async\" alt=\"wpml-ls-flag\" class=\"wpml-ls-flag\" src=\"https:\/\/www.entreculturas.org\/wp-content\/plugins\/sitepress-multilingual-cms\/res\/flags\/gl.svg\" style=\"margin-right:4px;width:18px;height:12px;border-radius:0%;object-fit:unset\" size=\"24\" data-wpml=\"flag-url\"><span data-wpml=\"label\" data-wpml-label-type=\"native\" class=\"wp-block-navigation-item__label \">GAL<\/span><\/div><\/div><span class=\"wp-block-navigation__submenu-icon\"><svg xmlns=\"http:\/\/www.w3.org\/2000\/svg\" width=\"12\" height=\"12\" viewbox=\"0 0 12 12\" fill=\"none\" aria-hidden=\"true\" focusable=\"false\"><path d=\"M1.50002 4L6.00002 8L10.5 4\" stroke-width=\"1.5\"><\/path><\/svg><\/span><\/span><\/div><ul class=\"wp-block-navigation__submenu-container isHorizontal\" style=\"flex-wrap:nowrap\" data-is-drop-zone=\"true\"><li class=\"wp-block-navigation-item \" data-wpml=\"language-item\"><div><a class=\"wp-block-navigation-item__content\" data-wpml=\"link\" href=\"https:\/\/www.entreculturas.org\/ca\/\" aria-label=\"Switch to CAT\"><img decoding=\"async\" alt=\"wpml-ls-flag\" class=\"wpml-ls-flag\" src=\"https:\/\/www.entreculturas.org\/wp-content\/plugins\/sitepress-multilingual-cms\/res\/flags\/ca.svg\" style=\"margin-right:4px;width:18px;height:12px;border-radius:0%;object-fit:unset\" size=\"24\" data-wpml=\"flag-url\"><span data-wpml=\"label\" data-wpml-label-type=\"native\" class=\"wp-block-navigation-item__label \">CAT<\/span><\/a><\/div><\/li><li class=\"wp-block-navigation-item \" data-wpml=\"language-item\"><div><a class=\"wp-block-navigation-item__content\" data-wpml=\"link\" href=\"https:\/\/www.entreculturas.org\/en\/\" aria-label=\"Switch to ENG\"><img decoding=\"async\" alt=\"wpml-ls-flag\" class=\"wpml-ls-flag\" src=\"https:\/\/www.entreculturas.org\/wp-content\/plugins\/sitepress-multilingual-cms\/res\/flags\/en.svg\" style=\"margin-right:4px;width:18px;height:12px;border-radius:0%;object-fit:unset\" size=\"24\" data-wpml=\"flag-url\"><span data-wpml=\"label\" data-wpml-label-type=\"native\" class=\"wp-block-navigation-item__label \">ENG<\/span><\/a><\/div><\/li><li class=\"wp-block-navigation-item \" data-wpml=\"language-item\"><div><a class=\"wp-block-navigation-item__content\" data-wpml=\"link\" href=\"https:\/\/www.entreculturas.org\/\" aria-label=\"Switch to ESP\"><img decoding=\"async\" alt=\"wpml-ls-flag\" class=\"wpml-ls-flag\" src=\"https:\/\/www.entreculturas.org\/wp-content\/plugins\/sitepress-multilingual-cms\/res\/flags\/es.svg\" style=\"margin-right:4px;width:18px;height:12px;border-radius:0%;object-fit:unset\" size=\"24\" data-wpml=\"flag-url\"><span data-wpml=\"label\" data-wpml-label-type=\"native\" class=\"wp-block-navigation-item__label \">ESP<\/span><\/a><\/div><\/li><li class=\"wp-block-navigation-item \" data-wpml=\"language-item\"><div><a class=\"wp-block-navigation-item__content\" data-wpml=\"link\" href=\"https:\/\/www.entreculturas.org\/fr\/\" aria-label=\"Switch to FRA\"><img decoding=\"async\" alt=\"wpml-ls-flag\" class=\"wpml-ls-flag\" src=\"https:\/\/www.entreculturas.org\/wp-content\/plugins\/sitepress-multilingual-cms\/res\/flags\/fr.svg\" style=\"margin-right:4px;width:18px;height:12px;border-radius:0%;object-fit:unset\" size=\"24\" data-wpml=\"flag-url\"><span data-wpml=\"label\" data-wpml-label-type=\"native\" class=\"wp-block-navigation-item__label \">FRA<\/span><\/a><\/div><\/li><\/ul><\/li><\/ul><\/div><\/div><\/div>\n<\/ul>\n\t\t\t\t\t\t\t<\/div>\n\t\t\t\t\t\t<\/div>\n\t\t\t\t\t<\/div>\n\t\t\t\t<\/div><\/nav>\n\n\n<div class=\"wp-block-buttons header-socio is-content-justification-left is-nowrap is-layout-flex wp-container-core-buttons-is-layout-fc9f69e7 wp-block-buttons-is-layout-flex block-visibility-hide-medium-screen block-visibility-hide-small-screen\">\n<div class=\"wp-block-button is-style-fill\"><a class=\"wp-block-button__link has-red-logo-background-color has-background wp-element-button\" href=\"https:\/\/www.entreculturas.org\/gl\/faite-membro-the-red-chair\/\" style=\"border-radius:5px\" target=\"_blank\" rel=\"noreferrer noopener\">facerse socio<\/a><\/div>\n<\/div>\n<\/div>\n<\/div>\n<\/div>\n<\/div>\n\n\n\n<style>.header_fijo {\n    position:sticky;\ntop: 0 !important;\nleft:0 !important;\nright: 0 !important;\nwidth: 100% !important;\nbackground: #ffffff;\nmargin-left: 0px !important;\nmargin-right: 0px !important;\nz-index: 10;\n}\n\n.wp-block-post-title{\ndisplay:none\n}\n\n.header-contenido{\nmargin: 0 auto !important;\ntext-align:center !important;\n}\n \n.site-header {\n   display: none;\n}\n \n.altura-hero-portada {\nwidth:100% !important;\n}\n \n.menu-enlaces li:nth-child(2) {\nborder-bottom: 2px solid var(--wp--preset--color--red) !important;\n}\n \n.wp-block-navigation__submenu-container {\nmargin-top: -10px !important;\n}\n \nheader .wp-block-navigation .wp-block-navigation-item__content.wp-block-navigation-item__content span:hover,\nheader .wp-block-navigation .has-child .wp-block-navigation__submenu-container .wp-block-navigation-item__label:hover, .wp-block-navigation__container .wp-block-navigation-item__label:hover {\n   border-bottom: 2px solid var(--wp--preset--color--red) !important;\n}\n\n\n \n.header-socio .wp-block-button__link:hover {\n   background: #000000 !important;\n}\n \n.wp-block-group.is-content-justification-space-between.is-nowrap.is-layout-flex.wp-container-core-group-is-layout-9.wp-block-group-is-layout-flex {\n    width: 100%;\n    position: -webkit-sticky; \/* Para Safari *\/\n    position: sticky;\n    top: 0;\n    left: 0;\n    z-index: 9999; \/* Asegura que la capa se mantenga sobre otros elementos *\/\n}\n<\/style>\n\n\n\n<script>document.addEventListener('DOMContentLoaded', function () {\n            \/\/ Lista de clases en el orden especificado\n            const clasesObjetivo = [\n                'entry-content',\n                'wp-block-post-content',\n                'has-global-padding',\n                'is-layout-constrained',\n                'wp-container-core-post-content-is-layout-1',\n                'wp-block-post-content-is-layout-constrained'\n            ];\n \n            \/\/ Selecciona todos los divs en el documento\n            const divs = document.querySelectorAll('div');\n \n            divs.forEach(div => {\n                \/\/ Obt\u00e9n las clases del div\n                const clasesDiv = Array.from(div.classList);\n \n                \/\/ Comprueba si las clases del div coinciden con las clases objetivo en el orden especificado\n                if (clasesDiv.length === clasesObjetivo.length && clasesDiv.every((clase, index) => clase === clasesObjetivo[index])) {\n                    \/\/ Si coinciden, elimina todas las clases\n                    div.className = '';\n                }\n            });\n        });\n<\/script>\n\n\n\n<div class=\"wp-block-group has-global-padding is-layout-constrained wp-container-core-group-is-layout-06355609 wp-block-group-is-layout-constrained\" style=\"margin-top:0;margin-bottom:0;padding-top:var(--wp--preset--spacing--40);padding-right:var(--wp--preset--spacing--40);padding-bottom:var(--wp--preset--spacing--70);padding-left:var(--wp--preset--spacing--40)\">\n<div class=\"wp-block-group has-global-padding is-layout-constrained wp-container-core-group-is-layout-4591d9a1 wp-block-group-is-layout-constrained\" style=\"padding-top:var(--wp--preset--spacing--40)\">\n<figure class=\"wp-block-image aligncenter size-full\"><img decoding=\"async\" src=\"https:\/\/www.entreculturas.org\/wp-content\/uploads\/2023\/09\/corazon_entrecult.svg\" alt=\"\" class=\"wp-image-588\"\/><\/figure>\n<\/div>\n<\/div>\n\n\n\n<div class=\"wp-block-group has-global-padding is-layout-constrained wp-container-core-group-is-layout-21088a30 wp-block-group-is-layout-constrained\" style=\"padding-right:0;padding-left:0\">\n<div class=\"wp-block-group has-white-background-color has-background is-vertical is-content-justification-center is-layout-flex wp-container-core-group-is-layout-da2ee355 wp-block-group-is-layout-flex\" style=\"padding-top:var(--wp--preset--spacing--70);padding-right:0;padding-bottom:var(--wp--preset--spacing--70);padding-left:0\">\n<div class=\"wp-block-group has-global-padding is-layout-constrained wp-container-core-group-is-layout-57f02d46 wp-block-group-is-layout-constrained\" style=\"padding-right:var(--wp--preset--spacing--40);padding-left:var(--wp--preset--spacing--40)\">\n<p class=\"has-text-align-center has-open-sans-font-family\" style=\"margin-bottom:var(--wp--preset--spacing--40);font-size:40px;line-height:1.1\"><strong>DEFENDEMOS O DEREITO \u00c1 APRENDITAXE<\/strong><\/p>\n\n\n\n<p>Desde Entreculturas traballamos da man cos nosos socios locais acompa\u00f1ando, formando e atendendo \u00e1 poboaci\u00f3n m\u00e1is vulnerable dos pa\u00edses onde estamos presentes. A trav\u00e9s dos nosos proxectos, centramos os nosos esforzos en ofrecerlles unha educaci\u00f3n de calidade que lles permita acceder a un futuro digno. Traballamos en:<br>Formaci\u00f3n e remuneraci\u00f3n de docentes.<\/p>\n\n\n\n<ul class=\"wp-block-list\">\n<li>Mellora de infraestrutura.<\/li>\n\n\n\n<li>Material escolar.<\/li>\n\n\n\n<li>Foco especial en nenas para que accedan e permanezan na escola.<\/li>\n\n\n\n<li>Sensibilizaci\u00f3n das comunidades sobre a importancia da educaci\u00f3n na infancia.<\/li>\n<\/ul>\n<\/div>\n<\/div>\n<\/div>\n\n\n\n<div class=\"wp-block-group has-global-padding is-layout-constrained wp-container-core-group-is-layout-f3e3bc7f wp-block-group-is-layout-constrained\" style=\"margin-bottom:var(--wp--preset--spacing--70)\">\n<div class=\"wp-block-group is-vertical is-content-justification-center is-layout-flex wp-container-core-group-is-layout-b3d33b65 wp-block-group-is-layout-flex\" style=\"margin-top:var(--wp--preset--spacing--50);margin-bottom:var(--wp--preset--spacing--50);padding-top:0;padding-bottom:0\">\n<p class=\"has-text-align-center has-open-sans-font-family\" style=\"font-size:37px;font-style:normal;font-weight:700\">\u00bfQUE ESTAMOS A FACER?<\/p>\n<\/div>\n<\/div>\n\n\n\n<div class=\"wp-block-group has-global-padding is-layout-constrained wp-container-core-group-is-layout-12237da3 wp-block-group-is-layout-constrained\" style=\"margin-top:var(--wp--preset--spacing--60);margin-bottom:var(--wp--preset--spacing--60)\">\n<div class=\"wp-block-columns is-layout-flex wp-container-core-columns-is-layout-488e8b15 wp-block-columns-is-layout-flex\" style=\"margin-top:var(--wp--preset--spacing--50);margin-bottom:var(--wp--preset--spacing--50)\">\n<div class=\"wp-block-column is-vertically-aligned-center is-layout-flow wp-container-core-column-is-layout-8e20e5a7 wp-block-column-is-layout-flow\" style=\"padding-right:var(--wp--preset--spacing--40);padding-left:var(--wp--preset--spacing--40)\">\n<div class=\"wp-block-group has-global-padding is-layout-constrained wp-container-core-group-is-layout-be04af43 wp-block-group-is-layout-constrained\" style=\"border-radius:20px;margin-top:0;margin-bottom:0\">\n<div class=\"wp-block-group has-global-padding is-layout-constrained wp-container-core-group-is-layout-c0657e1c wp-block-group-is-layout-constrained\">\n<div class=\"wp-block-cover\" style=\"border-top-left-radius:15px;border-top-right-radius:15px\"><img decoding=\"async\" class=\"wp-block-cover__image-background wp-image-41263 size-large\" alt=\"dereito \u00e1 aprendizaxe 1\" src=\"https:\/\/www.entreculturas.org\/wp-content\/uploads\/2025\/07\/Copia-de-IMG_0115-1024x683.jpg\" data-object-fit=\"cover\"\/><span aria-hidden=\"true\" class=\"wp-block-cover__background has-gray-background-color has-background-dim\"><\/span><div class=\"wp-block-cover__inner-container has-global-padding is-layout-constrained wp-block-cover-is-layout-constrained\">\n<p class=\"has-text-align-center has-large-font-size\"><\/p>\n<\/div><\/div>\n<\/div>\n\n\n\n<div class=\"wp-block-cover is-light\" style=\"border-bottom-left-radius:10px;border-bottom-right-radius:10px;min-height:51px;aspect-ratio:unset;\"><span aria-hidden=\"true\" class=\"wp-block-cover__background has-white-background-color has-background-dim-100 has-background-dim\"><\/span><div class=\"wp-block-cover__inner-container has-global-padding is-layout-constrained wp-container-core-cover-is-layout-12243e0f wp-block-cover-is-layout-constrained\">\n<p class=\"has-text-align-left has-lightgray-color has-text-color has-link-color has-open-sans-font-family wp-elements-556f1caabe0ea9a7702cf7281b152b45\" style=\"font-size:14px;font-style:normal;font-weight:500\"><br>\u00a9 Fe y Alegr\u00eda Honduras<\/p>\n<\/div><\/div>\n<\/div>\n<\/div>\n\n\n\n<div class=\"wp-block-column is-layout-flow wp-container-core-column-is-layout-6fb5fd38 wp-block-column-is-layout-flow\" style=\"padding-right:var(--wp--preset--spacing--40);padding-left:var(--wp--preset--spacing--40)\">\n<p class=\"has-open-sans-font-family\" style=\"font-size:27px;font-style:normal;font-weight:700\">Honduras: Educaci\u00f3n e protecci\u00f3n en contextos de exclusi\u00f3n<\/p>\n\n\n\n<p class=\"has-open-sans-font-family\" style=\"font-size:19px;font-style:normal;font-weight:700\">A situaci\u00f3n<\/p>\n\n\n\n<ul class=\"wp-block-list\">\n<li>A pobreza, a violencia e a falta de oportunidades afectan gravemente a m\u00e1is do 79% dos nenos, nenas e adolescentes do pa\u00eds.<\/li>\n\n\n\n<li>Moitas nenas e adolescentes enfr\u00f3ntanse a discriminaci\u00f3n, violencia de x\u00e9nero e risco de abandono escolar. O 16% das nenas hondure\u00f1as sufriu violencia sexual antes dos 18 anos.<\/li>\n\n\n\n<li>O acceso \u00e1 educaci\u00f3n \u00e9 moi limitado, dificultando o acceso a un futuro digno.<\/li>\n<\/ul>\n\n\n\n<p class=\"has-open-sans-font-family\" style=\"font-size:19px;font-style:normal;font-weight:700\">O noso traballo<\/p>\n\n\n\n<ul class=\"wp-block-list\">\n<li>Desenvolvemos programas educativos para reducir a fenda educativa e dixital, mellorar a formaci\u00f3n docente e ofrecer itinerarios formativos e de empregabilidade.<\/li>\n\n\n\n<li>Ofrecemos programas de educaci\u00f3n t\u00e9cnica e vocacional para facilitar a inserci\u00f3n laboral da mocidade.<\/li>\n\n\n\n<li>Promovemos a autonom\u00eda econ\u00f3mica das mulleres en zonas rurais, facilitando o seu acceso a un emprego digno.<\/li>\n<\/ul>\n\n\n\n<div class=\"wp-block-buttons is-layout-flex wp-block-buttons-is-layout-flex\" style=\"margin-top:var(--wp--preset--spacing--40);margin-bottom:var(--wp--preset--spacing--40)\">\n<div class=\"wp-block-button is-style-outline is-style-outline--3\"><a class=\"wp-block-button__link has-vivid-red-color has-white-background-color has-text-color has-background has-link-color wp-element-button\" href=\"https:\/\/www.entreculturas.org\/pais\/honduras\/\" style=\"padding-right:var(--wp--preset--spacing--50);padding-left:var(--wp--preset--spacing--50)\" target=\"_blank\" rel=\"noreferrer noopener\">saber m\u00e1is<\/a><\/div>\n<\/div>\n<\/div>\n<\/div>\n<\/div>\n\n\n\n<div class=\"wp-block-group has-global-padding is-layout-constrained wp-container-core-group-is-layout-12237da3 wp-block-group-is-layout-constrained\" style=\"margin-top:var(--wp--preset--spacing--60);margin-bottom:var(--wp--preset--spacing--60)\">\n<div class=\"wp-block-columns contenedor-texto-video-campanas is-layout-flex wp-container-core-columns-is-layout-488e8b15 wp-block-columns-is-layout-flex\" style=\"margin-top:var(--wp--preset--spacing--50);margin-bottom:var(--wp--preset--spacing--50)\">\n<div class=\"wp-block-column is-vertically-aligned-center texto-campana is-layout-flow wp-container-core-column-is-layout-6fb5fd38 wp-block-column-is-layout-flow\" style=\"padding-right:var(--wp--preset--spacing--40);padding-left:var(--wp--preset--spacing--40)\">\n<p class=\"has-open-sans-font-family\" style=\"font-size:27px;font-style:normal;font-weight:700\">Chad: Defendemos o dereito \u00e1 educaci\u00f3n das nenas refuxiadas<\/p>\n\n\n\n<p class=\"has-open-sans-font-family\" style=\"font-size:19px;font-style:normal;font-weight:700\">A situaci\u00f3n<\/p>\n\n\n\n<ul class=\"wp-block-list\">\n<li>A pobreza, a falta de infraestruturas e o desprazamento forzado afectan gravemente ao acceso \u00e1 educaci\u00f3n, especialmente en zonas rurais e campos de refuxiados.<\/li>\n\n\n\n<li>As nenas sofren altas taxas de abandono escolar, motivadas polo matrimonio precoz, embarazos non desexados, sobrecarga de tarefas dom\u00e9sticas e falta de recursos.<\/li>\n\n\n\n<li>O 68% das nenas casa antes de cumprir 18 anos e s\u00f3 un 38% completa a primaria (fronte ao 49% dos nenos). Apenas un 14,1% chega \u00e1 secundaria.<\/li>\n<\/ul>\n\n\n\n<p class=\"has-open-sans-font-family\" style=\"font-size:19px;font-style:normal;font-weight:700\">O noso traballo<\/p>\n\n\n\n<ul class=\"wp-block-list\">\n<li>Prevenci\u00f3n do abandono escolar, para que as nenas poidan completar a s\u00faa educaci\u00f3n e manterse a salvo das violencias que as ameazan.<\/li>\n\n\n\n<li>Creaci\u00f3n de espazos seguros a trav\u00e9s de clubs de nenas onde poden expresar as s\u00faas preocupaci\u00f3ns e recibir apoio.<\/li>\n\n\n\n<li>Educaci\u00f3n en hixiene menstrual e sexual e apoio para que poidan desenvolver o seu potencial.<\/li>\n\n\n\n<li>Sensibilizaci\u00f3n da comunidade a trav\u00e9s de eventos e campa\u00f1as para concienciar sobre a importancia da educaci\u00f3n das nenas e a prevenci\u00f3n do matrimonio infantil.<\/li>\n<\/ul>\n\n\n\n<div class=\"wp-block-buttons is-layout-flex wp-block-buttons-is-layout-flex\">\n<div class=\"wp-block-button is-style-outline is-style-outline--4\"><a class=\"wp-block-button__link has-vivid-red-color has-white-background-color has-text-color has-background has-link-color wp-element-button\" href=\"https:\/\/www.entreculturas.org\/pais\/chad\/\" style=\"padding-right:var(--wp--preset--spacing--50);padding-left:var(--wp--preset--spacing--50)\" target=\"_blank\" rel=\"noreferrer noopener\">saber m\u00e1is<\/a><\/div>\n<\/div>\n<\/div>\n\n\n\n<div class=\"wp-block-column is-vertically-aligned-center video-campana is-layout-flow wp-block-column-is-layout-flow\" style=\"padding-right:var(--wp--preset--spacing--40);padding-left:var(--wp--preset--spacing--40)\">\n<div class=\"wp-block-group has-global-padding is-layout-constrained wp-container-core-group-is-layout-be04af43 wp-block-group-is-layout-constrained\" style=\"border-radius:20px;margin-top:0;margin-bottom:0\">\n<div class=\"wp-block-group has-global-padding is-layout-constrained wp-container-core-group-is-layout-c0657e1c wp-block-group-is-layout-constrained\">\n<div class=\"wp-block-cover\" style=\"border-top-left-radius:15px;border-top-right-radius:15px\"><img decoding=\"async\" class=\"wp-block-cover__image-background wp-image-41268 size-large\" alt=\"dereito \u00e1 aprendizaxe 2\" src=\"https:\/\/www.entreculturas.org\/wp-content\/uploads\/2025\/07\/Copia-de-Sensibilisation-des-clubs-dencadrement-des-filles_2023-2024-1-1024x767.jpg\" data-object-fit=\"cover\"\/><span aria-hidden=\"true\" class=\"wp-block-cover__background has-gray-background-color has-background-dim\"><\/span><div class=\"wp-block-cover__inner-container has-global-padding is-layout-constrained wp-block-cover-is-layout-constrained\">\n<p class=\"has-text-align-center has-large-font-size\"><\/p>\n<\/div><\/div>\n<\/div>\n\n\n\n<div class=\"wp-block-cover is-light\" style=\"border-bottom-left-radius:10px;border-bottom-right-radius:10px;min-height:51px;aspect-ratio:unset;\"><span aria-hidden=\"true\" class=\"wp-block-cover__background has-white-background-color has-background-dim-100 has-background-dim\"><\/span><div class=\"wp-block-cover__inner-container has-global-padding is-layout-constrained wp-container-core-cover-is-layout-12243e0f wp-block-cover-is-layout-constrained\">\n<p class=\"has-text-align-left has-lightgray-color has-text-color has-link-color has-open-sans-font-family wp-elements-7ca9963577db5497427a40068b089d5e\" style=\"font-size:14px;font-style:normal;font-weight:500\">\u00a9 Fe y Alegr\u00eda Chad<\/p>\n<\/div><\/div>\n<\/div>\n<\/div>\n<\/div>\n<\/div>\n\n\n\n<div class=\"wp-block-group has-global-padding is-layout-constrained wp-container-core-group-is-layout-12237da3 wp-block-group-is-layout-constrained\" style=\"margin-top:var(--wp--preset--spacing--60);margin-bottom:var(--wp--preset--spacing--60)\">\n<div class=\"wp-block-columns is-layout-flex wp-container-core-columns-is-layout-488e8b15 wp-block-columns-is-layout-flex\" style=\"margin-top:var(--wp--preset--spacing--50);margin-bottom:var(--wp--preset--spacing--50)\">\n<div class=\"wp-block-column is-vertically-aligned-center is-layout-flow wp-container-core-column-is-layout-8e20e5a7 wp-block-column-is-layout-flow\" style=\"padding-right:var(--wp--preset--spacing--40);padding-left:var(--wp--preset--spacing--40)\">\n<div class=\"wp-block-group has-global-padding is-layout-constrained wp-container-core-group-is-layout-48129516 wp-block-group-is-layout-constrained\" style=\"border-radius:20px;margin-top:0;margin-bottom:var(--wp--preset--spacing--50)\">\n<div class=\"wp-block-group has-global-padding is-layout-constrained wp-container-core-group-is-layout-c0657e1c wp-block-group-is-layout-constrained\">\n<div class=\"wp-block-cover\" style=\"border-top-left-radius:15px;border-top-right-radius:15px\"><img decoding=\"async\" class=\"wp-block-cover__image-background wp-image-41278 size-large\" alt=\"dereito \u00e1 aprendizaxe 3\" src=\"https:\/\/www.entreculturas.org\/wp-content\/uploads\/2025\/07\/DSCF9957-1024x683.jpg\" data-object-fit=\"cover\"\/><span aria-hidden=\"true\" class=\"wp-block-cover__background has-gray-background-color has-background-dim\"><\/span><div class=\"wp-block-cover__inner-container has-global-padding is-layout-constrained wp-block-cover-is-layout-constrained\">\n<p class=\"has-text-align-center has-large-font-size\"><\/p>\n<\/div><\/div>\n<\/div>\n\n\n\n<div class=\"wp-block-cover is-light\" style=\"border-bottom-left-radius:10px;border-bottom-right-radius:10px;min-height:51px;aspect-ratio:unset;\"><span aria-hidden=\"true\" class=\"wp-block-cover__background has-white-background-color has-background-dim-100 has-background-dim\"><\/span><div class=\"wp-block-cover__inner-container has-global-padding is-layout-constrained wp-container-core-cover-is-layout-12243e0f wp-block-cover-is-layout-constrained\">\n<p class=\"has-text-align-left has-lightgray-color has-text-color has-link-color has-open-sans-font-family wp-elements-9fbd69057f78aab3a6999319db8f7996\" style=\"font-size:14px;font-style:normal;font-weight:500\"><br>\u00a9 Ivan Ben\u00edtez<\/p>\n<\/div><\/div>\n<\/div>\n<\/div>\n\n\n\n<div class=\"wp-block-column is-layout-flow wp-container-core-column-is-layout-6fb5fd38 wp-block-column-is-layout-flow\" style=\"padding-right:var(--wp--preset--spacing--40);padding-left:var(--wp--preset--spacing--40)\">\n<p class=\"has-open-sans-font-family\" style=\"font-size:27px;font-style:normal;font-weight:700\">L\u00edbano: Educaci\u00f3n en contextos de crise e refuxio<\/p>\n\n\n\n<p class=\"has-open-sans-font-family\" style=\"font-size:19px;font-style:normal;font-weight:700\">A situaci\u00f3n<\/p>\n\n\n\n<ul class=\"wp-block-list\">\n<li>O pa\u00eds at\u00f3pase inmerso nunha grave crise socioecon\u00f3mica e pol\u00edtica, as\u00ed como nunha crecente tensi\u00f3n nas s\u00faas fronteiras, especialmente no sur.<\/li>\n\n\n\n<li>Tras os devastadores bombardeos en distintas cidades e nalg\u00fans barrios de Beirut, a situaci\u00f3n \u00e9 cr\u00edtica. Preto de 201.000 persoas est\u00e1n desprazadas dentro do pa\u00eds, moitas buscando refuxio en instalaci\u00f3ns temporais. Ao mesmo tempo, centos de persoas, tanto libanesas como sirias, est\u00e1n fuxindo cara a Siria para escapar dos bombardeos.<\/li>\n\n\n\n<li>O L\u00edbano xa acoll\u00eda a 1,5 mill\u00f3ns de persoas refuxiadas sirias, sendo o pa\u00eds con maior n\u00famero de refuxiados per c\u00e1pita.<\/li>\n<\/ul>\n\n\n\n<p class=\"has-open-sans-font-family\" style=\"font-size:19px;font-style:normal;font-weight:700\">O noso traballo<\/p>\n\n\n\n<ul class=\"wp-block-list\">\n<li>Traballamos para ofrecer unha resposta inmediata \u00e1s necesidades de protecci\u00f3n e educaci\u00f3n das persoas refuxiadas sirias e das comunidades de acollida no L\u00edbano.\n<ul class=\"wp-block-list\">\n<li>Ademais, desde hai m\u00e1is de 10 anos, traballamos a longo prazo para:<\/li>\n\n\n\n<li>Xerar espazos seguros de aprendizaxe e recuperaci\u00f3n para nenos e nenas.<\/li>\n\n\n\n<li>Fortalecer a capacidade das mulleres.<\/li>\n\n\n\n<li>Ofrecer servizos de sa\u00fade mental e apoio psicosocial.<\/li>\n\n\n\n<li>Garantir o acceso a servizos b\u00e1sicos.<\/li>\n<\/ul>\n<\/li>\n<\/ul>\n\n\n\n<div class=\"wp-block-buttons is-layout-flex wp-block-buttons-is-layout-flex\">\n<div class=\"wp-block-button is-style-outline is-style-outline--5\"><a class=\"wp-block-button__link has-vivid-red-color has-white-background-color has-text-color has-background has-link-color wp-element-button\" href=\"https:\/\/www.entreculturas.org\/pais\/libano\/\" style=\"padding-right:var(--wp--preset--spacing--50);padding-left:var(--wp--preset--spacing--50)\" target=\"_blank\" rel=\"noreferrer noopener\">saber m\u00e1is<\/a><\/div>\n<\/div>\n<\/div>\n<\/div>\n<\/div>\n\n\n\n<div class=\"wp-block-group has-global-padding is-layout-constrained wp-container-core-group-is-layout-12237da3 wp-block-group-is-layout-constrained\" style=\"margin-top:var(--wp--preset--spacing--60);margin-bottom:var(--wp--preset--spacing--60)\">\n<div class=\"wp-block-columns contenedor-texto-video-campanas is-layout-flex wp-container-core-columns-is-layout-488e8b15 wp-block-columns-is-layout-flex\" style=\"margin-top:var(--wp--preset--spacing--50);margin-bottom:var(--wp--preset--spacing--50)\">\n<div class=\"wp-block-column is-vertically-aligned-center texto-campana is-layout-flow wp-container-core-column-is-layout-6fb5fd38 wp-block-column-is-layout-flow\" style=\"padding-right:var(--wp--preset--spacing--40);padding-left:var(--wp--preset--spacing--40)\">\n<p class=\"has-open-sans-font-family\" style=\"font-size:27px;font-style:normal;font-weight:700\">Campa\u00f1a Dereito \u00e1 Aprendizaxe de Fe e Alegr\u00eda<\/p>\n\n\n\n<p class=\"has-open-sans-font-family\" style=\"font-size:19px;font-style:normal;font-weight:700\">A situaci\u00f3n<\/p>\n\n\n\n<ul class=\"wp-block-list\">\n<li>Desde Entreculturas, sum\u00e1monos a esta campa\u00f1a de Fe e Alegr\u00eda, coa convicci\u00f3n de que a educaci\u00f3n inclusiva e de calidade ten o poder de transformar a vida das persoas.<\/li>\n\n\n\n<li>Xunto coa Federaci\u00f3n Internacional de Fe e Alegr\u00eda queremos visibilizar as fendas de aprendizaxe que est\u00e1n impedindo que as persoas poidan desenvolver todo o seu potencial e convocar aos l\u00edderes de pol\u00edticas educativas para constru\u00edr propostas que fortalezcan o dereito a aprender.<\/li>\n<\/ul>\n\n\n\n<p class=\"has-open-sans-font-family\" style=\"font-size:19px;font-style:normal;font-weight:700\">O noso traballo<\/p>\n\n\n\n<ul class=\"wp-block-list\">\n<li>Respaldamos as seguintes premisas:\n<ul class=\"wp-block-list\">\n<li>Aprendizaxes integrais: reco\u00f1ecemos que aprender a co\u00f1ecer, a facer, a ser, a convivir e a seguir aprendendo ao longo de toda a vida \u00e9 un dereito humano fundamental.<\/li>\n\n\n\n<li>Foco no individuo titular do Dereito: defendemos que o Dereito \u00e1 Aprendizaxe vai m\u00e1is al\u00f3 das instituci\u00f3ns e estruturas educativas, centr\u00e1ndose na persoa.<\/li>\n\n\n\n<li>Calidade educativa: que facilita o desenvolvemento de proxectos de vida plena, mellora o acceso ao mundo laboral e promove a inclusi\u00f3n en sociedades xustas e igualitarias.<\/li>\n\n\n\n<li>Garant\u00eda de recursos e condici\u00f3ns: as poboaci\u00f3ns empobrecidas e exclu\u00eddas enfr\u00f3ntanse a contextos desafiantes, onde a vulnerabilidade mina o seu dereito \u00e1 educaci\u00f3n e a outros dereitos relacionados.<\/li>\n<\/ul>\n<\/li>\n<\/ul>\n\n\n\n<div class=\"wp-block-buttons is-layout-flex wp-block-buttons-is-layout-flex\">\n<div class=\"wp-block-button is-style-outline is-style-outline--6\"><a class=\"wp-block-button__link has-vivid-red-color has-white-background-color has-text-color has-background has-link-color wp-element-button\" href=\"https:\/\/www.derechoalaprendizaje.org\/la-campana\/\" style=\"padding-right:var(--wp--preset--spacing--50);padding-left:var(--wp--preset--spacing--50)\" target=\"_blank\" rel=\"noreferrer noopener\">saber m\u00e1is<\/a><\/div>\n<\/div>\n<\/div>\n\n\n\n<div class=\"wp-block-column is-vertically-aligned-center video-campana is-layout-flow wp-block-column-is-layout-flow\" style=\"padding-right:var(--wp--preset--spacing--40);padding-left:var(--wp--preset--spacing--40)\">\n<div class=\"wp-block-group has-global-padding is-layout-constrained wp-container-core-group-is-layout-be04af43 wp-block-group-is-layout-constrained\" style=\"border-radius:20px;margin-top:0;margin-bottom:0\">\n<div class=\"wp-block-group has-global-padding is-layout-constrained wp-container-core-group-is-layout-c0657e1c wp-block-group-is-layout-constrained\">\n<div class=\"wp-block-cover\" style=\"border-top-left-radius:15px;border-top-right-radius:15px\"><img decoding=\"async\" class=\"wp-block-cover__image-background wp-image-41283 size-large\" alt=\"dereito \u00e1 aprendizaxe 4\" src=\"https:\/\/www.entreculturas.org\/wp-content\/uploads\/2025\/07\/Monteserin2-1024x683.jpg\" data-object-fit=\"cover\"\/><span aria-hidden=\"true\" class=\"wp-block-cover__background has-gray-background-color has-background-dim\"><\/span><div class=\"wp-block-cover__inner-container has-global-padding is-layout-constrained wp-block-cover-is-layout-constrained\">\n<p class=\"has-text-align-center has-large-font-size\"><\/p>\n<\/div><\/div>\n<\/div>\n\n\n\n<div class=\"wp-block-cover is-light\" style=\"border-bottom-left-radius:10px;border-bottom-right-radius:10px;min-height:51px;aspect-ratio:unset;\"><span aria-hidden=\"true\" class=\"wp-block-cover__background has-white-background-color has-background-dim-100 has-background-dim\"><\/span><div class=\"wp-block-cover__inner-container has-global-padding is-layout-constrained wp-container-core-cover-is-layout-12243e0f wp-block-cover-is-layout-constrained\">\n<p class=\"has-text-align-left has-lightgray-color has-text-color has-link-color has-open-sans-font-family wp-elements-d6299e92ff8a17da1dce8b7463a76832\" style=\"font-size:14px;font-style:normal;font-weight:500\"><br>\u00a9 Monteser\u00edn Fotograf\u00eda<\/p>\n<\/div><\/div>\n<\/div>\n<\/div>\n<\/div>\n<\/div>\n\n\n\n<div class=\"wp-block-group has-white-background-color has-background has-global-padding is-layout-constrained wp-container-core-group-is-layout-baa5ca03 wp-block-group-is-layout-constrained\" style=\"border-radius:15px;margin-top:0;margin-bottom:0;padding-top:var(--wp--preset--spacing--60);padding-right:var(--wp--preset--spacing--70);padding-bottom:var(--wp--preset--spacing--60);padding-left:var(--wp--preset--spacing--70)\">\n<p class=\"has-text-align-center has-purple-color has-text-color has-x-large-font-size\"><strong>Co teu apoio transformamos vidas.<\/strong><\/p>\n\n\n\n<div class=\"wp-block-columns is-layout-flex wp-container-core-columns-is-layout-9503679e wp-block-columns-is-layout-flex\">\n<div class=\"wp-block-column is-layout-flow wp-block-column-is-layout-flow\" style=\"padding-bottom:var(--wp--preset--spacing--30)\">\n<figure class=\"wp-block-image aligncenter size-full is-resized has-custom-border donation-imagen-portada img-30\"><img decoding=\"async\" width=\"2560\" height=\"1707\" src=\"https:\/\/www.entreculturas.org\/wp-content\/uploads\/2025\/04\/Copia-de-Monteserin-Fotografia-scaled.jpg\" alt=\"\" class=\"wp-image-38534\" style=\"border-radius:15px;aspect-ratio:4\/3;object-fit:cover;width:auto;height:350px\" srcset=\"https:\/\/www.entreculturas.org\/wp-content\/uploads\/2025\/04\/Copia-de-Monteserin-Fotografia-scaled.jpg 2560w, https:\/\/www.entreculturas.org\/wp-content\/uploads\/2025\/04\/Copia-de-Monteserin-Fotografia-300x200.jpg 300w, https:\/\/www.entreculturas.org\/wp-content\/uploads\/2025\/04\/Copia-de-Monteserin-Fotografia-1024x683.jpg 1024w, https:\/\/www.entreculturas.org\/wp-content\/uploads\/2025\/04\/Copia-de-Monteserin-Fotografia-768x512.jpg 768w, https:\/\/www.entreculturas.org\/wp-content\/uploads\/2025\/04\/Copia-de-Monteserin-Fotografia-1536x1024.jpg 1536w, https:\/\/www.entreculturas.org\/wp-content\/uploads\/2025\/04\/Copia-de-Monteserin-Fotografia-2048x1365.jpg 2048w\" sizes=\"(max-width: 2560px) 100vw, 2560px\" \/><\/figure>\n\n\n\n<figure class=\"wp-block-image aligncenter size-full is-resized has-custom-border donation-imagen-portada img-80\"><img decoding=\"async\" src=\"https:\/\/www.entreculturas.org\/wp-content\/uploads\/2025\/04\/Sudan-del-Sur-Paula-Casado-JRS-Entreculturas-1-scaled.jpg\" alt=\"\" class=\"wp-image-38556\" style=\"border-radius:15px;aspect-ratio:4\/3;object-fit:cover;width:auto;height:350px\"\/><\/figure>\n\n\n\n<figure class=\"wp-block-image aligncenter size-full is-resized has-custom-border donation-imagen-portada img-150\"><img decoding=\"async\" width=\"1300\" height=\"867\" src=\"https:\/\/www.entreculturas.org\/wp-content\/uploads\/2024\/11\/Cuzco-FyA20-55Monteserin.jpg\" alt=\"ONG\" class=\"wp-image-35939\" style=\"border-radius:15px;aspect-ratio:4\/3;object-fit:cover;width:auto;height:350px\" srcset=\"https:\/\/www.entreculturas.org\/wp-content\/uploads\/2024\/11\/Cuzco-FyA20-55Monteserin.jpg 1300w, https:\/\/www.entreculturas.org\/wp-content\/uploads\/2024\/11\/Cuzco-FyA20-55Monteserin-300x200.jpg 300w, https:\/\/www.entreculturas.org\/wp-content\/uploads\/2024\/11\/Cuzco-FyA20-55Monteserin-1024x683.jpg 1024w, https:\/\/www.entreculturas.org\/wp-content\/uploads\/2024\/11\/Cuzco-FyA20-55Monteserin-768x512.jpg 768w\" sizes=\"(max-width: 1300px) 100vw, 1300px\" \/><\/figure>\n\n\n\n<figure class=\"wp-block-image aligncenter size-full is-resized has-custom-border donation-imagen-portada img-other\"><img decoding=\"async\" width=\"2560\" height=\"1707\" src=\"https:\/\/www.entreculturas.org\/wp-content\/uploads\/2024\/09\/2024-02_Venezuela_ECHO-III_-Rodolfo-Churion_-779A2541-1-scaled.jpg\" alt=\"\" class=\"wp-image-32702\" style=\"border-radius:15px;aspect-ratio:4\/3;object-fit:cover;width:auto;height:350px\" srcset=\"https:\/\/www.entreculturas.org\/wp-content\/uploads\/2024\/09\/2024-02_Venezuela_ECHO-III_-Rodolfo-Churion_-779A2541-1-scaled.jpg 2560w, https:\/\/www.entreculturas.org\/wp-content\/uploads\/2024\/09\/2024-02_Venezuela_ECHO-III_-Rodolfo-Churion_-779A2541-1-300x200.jpg 300w, https:\/\/www.entreculturas.org\/wp-content\/uploads\/2024\/09\/2024-02_Venezuela_ECHO-III_-Rodolfo-Churion_-779A2541-1-1024x683.jpg 1024w, https:\/\/www.entreculturas.org\/wp-content\/uploads\/2024\/09\/2024-02_Venezuela_ECHO-III_-Rodolfo-Churion_-779A2541-1-768x512.jpg 768w, https:\/\/www.entreculturas.org\/wp-content\/uploads\/2024\/09\/2024-02_Venezuela_ECHO-III_-Rodolfo-Churion_-779A2541-1-1536x1024.jpg 1536w, https:\/\/www.entreculturas.org\/wp-content\/uploads\/2024\/09\/2024-02_Venezuela_ECHO-III_-Rodolfo-Churion_-779A2541-1-2048x1365.jpg 2048w\" sizes=\"(max-width: 2560px) 100vw, 2560px\" \/><\/figure>\n<\/div>\n\n\n\n<div class=\"wp-block-column is-layout-flow wp-block-column-is-layout-flow\">\n<p>En Entreculturas, queremos seguir promovendo o acceso \u00e1 educaci\u00f3n e apoiando a m\u00e1is persoas en situaci\u00f3ns de vulnerabilidade.<\/p>\n\n\n\n<p class=\"colaborar-dona-portada has-purple-color has-text-color has-large-font-size\" style=\"margin-top:var(--wp--preset--spacing--30);margin-bottom:var(--wp--preset--spacing--30);font-style:normal;font-weight:700\">\u00bfC\u00f3mo quieres colaborar?<\/p>\n\n\n\n<div class=\"wp-block-columns is-not-stacked-on-mobile gap-botones-dona-portada is-layout-flex wp-container-core-columns-is-layout-658170e2 wp-block-columns-is-layout-flex\">\n<div class=\"wp-block-column is-layout-flow wp-block-column-is-layout-flow\">\n<div class=\"wp-block-buttons is-layout-flex wp-block-buttons-is-layout-flex\">\n<div class=\"wp-block-button has-custom-width wp-block-button__width-100 donate-buttons\"><a class=\"wp-block-button__link has-black-color has-white-background-color has-text-color has-background has-large-font-size has-custom-font-size wp-element-button\" style=\"border-width:2px\">30\u20ac<\/a><\/div>\n<\/div>\n<\/div>\n\n\n\n<div class=\"wp-block-column is-layout-flow wp-block-column-is-layout-flow\">\n<div class=\"wp-block-buttons is-layout-flex wp-block-buttons-is-layout-flex\">\n<div class=\"wp-block-button has-custom-width wp-block-button__width-100 donate-buttons\"><a class=\"wp-block-button__link has-black-color has-white-background-color has-text-color has-background has-large-font-size has-custom-font-size wp-element-button\" style=\"border-width:2px\">80\u20ac<\/a><\/div>\n<\/div>\n<\/div>\n\n\n\n<div class=\"wp-block-column is-layout-flow wp-block-column-is-layout-flow\">\n<div class=\"wp-block-buttons is-layout-flex wp-block-buttons-is-layout-flex\">\n<div class=\"wp-block-button has-custom-width wp-block-button__width-100 donate-buttons\"><a class=\"wp-block-button__link has-black-color has-white-background-color has-text-color has-background has-large-font-size has-custom-font-size wp-element-button\" style=\"border-width:2px\">150\u20ac<\/a><\/div>\n<\/div>\n<\/div>\n\n\n\n<div class=\"wp-block-column is-layout-flow wp-block-column-is-layout-flow\">\n<div class=\"wp-block-buttons is-layout-flex wp-block-buttons-is-layout-flex\">\n<div class=\"wp-block-button has-custom-width wp-block-button__width-100 donate-buttons button-donate-texto\"><a class=\"wp-block-button__link has-black-color has-white-background-color has-text-color has-background wp-element-button\" style=\"border-width:2px;text-transform:none\">Otra<br>Cantidad<\/a><\/div>\n<\/div>\n<\/div>\n<\/div>\n\n\n\n<p class=\"texto-donacion-portada\" style=\"margin-top:var(--wp--preset--spacing--30);margin-bottom:0\">Con <strong>80\u20ac<\/strong> conseguimos dos pupitres para dos estudiantes de educaci\u00f3n primaria en Guatemala<\/p>\n\n\n\n<div class=\"wp-block-columns is-layout-flex wp-container-core-columns-is-layout-12a0b04b wp-block-columns-is-layout-flex\" style=\"padding-top:var(--wp--preset--spacing--40)\">\n<div class=\"wp-block-column is-layout-flow wp-block-column-is-layout-flow\" style=\"flex-basis:250px\">\n<div class=\"wp-block-buttons align-center-botones-portada-dona is-layout-flex wp-block-buttons-is-layout-flex\" style=\"margin-bottom:var(--wp--preset--spacing--30)\">\n<div class=\"wp-block-button has-custom-width wp-block-button__width-75 eres-empresa\"><a class=\"wp-block-button__link has-black-color has-white-background-color has-text-color has-background has-small-font-size has-custom-font-size wp-element-button\" href=\"https:\/\/www.entreculturas.org\/gl\/empresas\/\" style=\"border-width:2px\" target=\"_blank\" rel=\"noreferrer noopener\">Es unha empresa?<\/a><\/div>\n<\/div>\n<\/div>\n\n\n\n<div class=\"wp-block-column is-layout-flow wp-block-column-is-layout-flow\">\n<div class=\"wp-block-buttons align-center-botones-portada-dona is-content-justification-left is-layout-flex wp-container-core-buttons-is-layout-b1161de5 wp-block-buttons-is-layout-flex\" style=\"margin-top:0\">\n<div class=\"wp-block-button ancho-minimo-boton-dona-portada\"><a class=\"wp-block-button__link has-border-color has-red-border-color wp-element-button\" href=\"https:\/\/www.entreculturas.org\/gl\/doa-a-cadeira-vermella\/\" style=\"border-width:2px\" target=\"_blank\" rel=\"noreferrer noopener\">QUERO DOAR <img decoding=\"async\" class=\"donate-icon\" src=\"\/wp-content\/uploads\/2023\/10\/iconocta.svg\" alt=\"Icono\"><\/a><\/div>\n<\/div>\n<\/div>\n<\/div>\n<\/div>\n<\/div>\n\n\n\n<script>\ndocument.addEventListener('DOMContentLoaded', function() {\n    const buttons = document.querySelectorAll('.donate-buttons a');\n    \/\/ NUEVO: trabajamos con <figure> de cada variante\n    const figures = document.querySelectorAll('figure.donation-imagen-portada');\n    const donationTextElement = document.querySelector('.texto-donacion-portada');  \/\/ Selecciona el elemento de texto\n    let defaultButton;\n\n    \/\/ Utilidades nuevas para mostrar\/ocultar variantes de imagen\n    function hideAllFigures() {\n        figures.forEach(fig => fig.classList.add('hidden'));\n    }\n    function showFigureByVariant(variantClass) {\n        hideAllFigures();\n        \/\/ Soporta tanto img-other como img-otra si hiciera falta\n        const cls = variantClass || (document.querySelector('figure.donation-imagen-portada.img-other') ? 'img-other' : 'img-otra');\n        const fig = document.querySelector(`figure.donation-imagen-portada.${cls}`);\n        if (fig) fig.classList.remove('hidden');\n    }\n\n    buttons.forEach(button => {\n        \/\/ Verifica si el bot\u00f3n es el de 80\u20ac\n        if(button.textContent.trim() === '80\u20ac') {\n            defaultButton = button;\n        }\n\n        button.addEventListener('click', function(event) {\n            event.preventDefault();\n\n            \/\/ Desmarca todos los botones\n            buttons.forEach(innerButton => {\n                innerButton.classList.remove('selected');\n            });\n\n            \/\/ Marca el bot\u00f3n que fue clickeado\n            this.classList.add('selected');\n\n            \/\/ Cambia la imagen (ahora por clases) y el texto seg\u00fan el bot\u00f3n seleccionado\n            switch(this.textContent.trim()) {\n                case '30\u20ac':\n                    showFigureByVariant('img-30');\n                    donationTextElement.innerHTML = 'Con <strong>30\u20ac<\/strong> conseguimos un kit b\u00e1sico de material educativo para una ni\u00f1a o un ni\u00f1o refugiado en L\u00edbano';\n                    break;\n                case '80\u20ac':\n                    showFigureByVariant('img-80');\n                    donationTextElement.innerHTML = 'Con <strong>80\u20ac<\/strong> conseguimos dos pupitres para dos estudiantes de educaci\u00f3n primaria en Guatemala';\n                    break;\n                case '150\u20ac':\n                    showFigureByVariant('img-150');\n                    donationTextElement.innerHTML = '<strong>150\u20ac<\/strong> es el coste de 1 a\u00f1o escolar en un campo de personas refugiadas en Sud\u00e1n del Sur';\n                    break;\n                default:\n                    showFigureByVariant('img-other'); \/\/ o 'img-otra' si es tu clase\n                    donationTextElement.innerHTML = 'Con tu ayuda haces posible que m\u00e1s ni\u00f1os y ni\u00f1as en situaci\u00f3n de vulnerabilidad tengan acceso a la educaci\u00f3n';\n                    break;\n            }\n        });\n    });\n\n    \/\/ Estado por defecto: marca 80\u20ac y muestra su imagen\n    hideAllFigures();\n    if (defaultButton) {\n        defaultButton.classList.add('selected');\n        showFigureByVariant('img-80');\n    }\n});\n<\/script>\n<\/div>\n\n\n\n<div class=\"wp-block-group is-content-justification-center is-nowrap is-layout-flex wp-container-core-group-is-layout-7a2cd8f2 wp-block-group-is-layout-flex\" style=\"margin-top:var(--wp--preset--spacing--80);margin-bottom:var(--wp--preset--spacing--80);padding-right:var(--wp--preset--spacing--50);padding-left:var(--wp--preset--spacing--50)\">\n<figure class=\"wp-block-image size-full\"><img decoding=\"async\" src=\"https:\/\/www.entreculturas.org\/wp-content\/uploads\/2023\/11\/logo-entreculturas-nuevo-1.svg\" alt=\"\" class=\"wp-image-1834\"\/><\/figure>\n\n\n\n<figure class=\"wp-block-image size-full\"><img decoding=\"async\" width=\"227\" height=\"84\" src=\"https:\/\/www.entreculturas.org\/wp-content\/uploads\/2024\/05\/logo-fe-alegria-rojo-1.png\" alt=\"\" class=\"wp-image-24915\"\/><\/figure>\n<\/div>\n","protected":false},"excerpt":{"rendered":"<p>DEFENDEMOS O DEREITO \u00c1 APRENDITAXE Desde Entreculturas traballamos da man cos nosos socios locais acompa\u00f1ando, formando e atendendo \u00e1 poboaci\u00f3n m\u00e1is vulnerable dos pa\u00edses onde estamos presentes. A trav\u00e9s dos nosos proxectos, centramos os nosos esforzos en ofrecerlles unha educaci\u00f3n de calidade que lles permita acceder a un futuro digno. Traballamos en:Formaci\u00f3n e remuneraci\u00f3n de docentes. \u00bfQUE ESTAMOS A FACER? Honduras: Educaci\u00f3n e protecci\u00f3n en contextos de exclusi\u00f3n A situaci\u00f3n O noso traballo Chad: Defendemos o dereito \u00e1 educaci\u00f3n das nenas refuxiadas A situaci\u00f3n O noso traballo L\u00edbano: Educaci\u00f3n en contextos de crise e refuxio A situaci\u00f3n O noso traballo Campa\u00f1a Dereito \u00e1 Aprendizaxe de Fe e Alegr\u00eda A situaci\u00f3n O noso traballo Co teu apoio transformamos vidas. En Entreculturas, queremos seguir promovendo o acceso \u00e1 educaci\u00f3n e apoiando a m\u00e1is persoas en situaci\u00f3ns de vulnerabilidade. \u00bfC\u00f3mo quieres colaborar? Con 80\u20ac conseguimos dos pupitres para dos estudiantes de educaci\u00f3n primaria [&hellip;]<\/p>\n","protected":false},"author":1,"featured_media":46937,"parent":25381,"menu_order":0,"comment_status":"closed","ping_status":"closed","template":"wp-custom-template-plantilla-la-silla-roja","meta":{"_acf_changed":false,"footnotes":""},"class_list":["post-28372","page","type-page","status-publish","has-post-thumbnail","hentry"],"acf":[],"yoast_head":"<!-- This site is optimized with the Yoast SEO Premium plugin v21.6 (Yoast SEO v27.5) - https:\/\/yoast.com\/product\/yoast-seo-premium-wordpress\/ -->\n<title>Proxectos - Entreculturas<\/title>\n<meta name=\"description\" content=\"Defendemos o dereito \u00e1 aprendizaxe en Honduras, Chad e L\u00edbano. Con Entreculturas, promovemos proxectos educativos que transforman vidas.\" \/>\n<meta name=\"robots\" content=\"index, nofollow, max-snippet:-1, max-image-preview:large, max-video-preview:-1\" \/>\n<link rel=\"canonical\" href=\"https:\/\/www.entreculturas.org\/gl\/a-cadeira-vermella\/proxectos\/\" \/>\n<meta property=\"og:locale\" content=\"gl_ES\" \/>\n<meta property=\"og:type\" content=\"article\" \/>\n<meta property=\"og:title\" content=\"Proxectos\" \/>\n<meta property=\"og:description\" content=\"Defendemos o dereito \u00e1 aprendizaxe en Honduras, Chad e L\u00edbano. Con Entreculturas, promovemos proxectos educativos que transforman vidas.\" \/>\n<meta property=\"og:url\" content=\"https:\/\/www.entreculturas.org\/gl\/a-cadeira-vermella\/proxectos\/\" \/>\n<meta property=\"og:site_name\" content=\"Entreculturas\" \/>\n<meta property=\"article:publisher\" content=\"https:\/\/www.facebook.com\/entreculturas\" \/>\n<meta property=\"article:modified_time\" content=\"2025-09-05T13:07:43+00:00\" \/>\n<meta property=\"og:image\" content=\"https:\/\/www.entreculturas.org\/wp-content\/uploads\/2025\/08\/bannerweb-1.jpg\" \/>\n\t<meta property=\"og:image:width\" content=\"773\" \/>\n\t<meta property=\"og:image:height\" content=\"490\" \/>\n\t<meta property=\"og:image:type\" content=\"image\/jpeg\" \/>\n<meta name=\"twitter:card\" content=\"summary_large_image\" \/>\n<meta name=\"twitter:site\" content=\"@Entreculturas\" \/>\n<script type=\"application\/ld+json\" class=\"yoast-schema-graph\">{\"@context\":\"https:\\\/\\\/schema.org\",\"@graph\":[{\"@type\":\"WebPage\",\"@id\":\"https:\\\/\\\/www.entreculturas.org\\\/gl\\\/a-cadeira-vermella\\\/proxectos\\\/\",\"url\":\"https:\\\/\\\/www.entreculturas.org\\\/gl\\\/a-cadeira-vermella\\\/proxectos\\\/\",\"name\":\"Proxectos - Entreculturas\",\"isPartOf\":{\"@id\":\"https:\\\/\\\/www.entreculturas.org\\\/gl\\\/#website\"},\"primaryImageOfPage\":{\"@id\":\"https:\\\/\\\/www.entreculturas.org\\\/gl\\\/a-cadeira-vermella\\\/proxectos\\\/#primaryimage\"},\"image\":{\"@id\":\"https:\\\/\\\/www.entreculturas.org\\\/gl\\\/a-cadeira-vermella\\\/proxectos\\\/#primaryimage\"},\"thumbnailUrl\":\"https:\\\/\\\/www.entreculturas.org\\\/wp-content\\\/uploads\\\/2025\\\/08\\\/bannerweb-1.jpg\",\"datePublished\":\"2024-05-29T12:31:32+00:00\",\"dateModified\":\"2025-09-05T13:07:43+00:00\",\"description\":\"Defendemos o dereito \u00e1 aprendizaxe en Honduras, Chad e L\u00edbano. Con Entreculturas, promovemos proxectos educativos que transforman vidas.\",\"breadcrumb\":{\"@id\":\"https:\\\/\\\/www.entreculturas.org\\\/gl\\\/a-cadeira-vermella\\\/proxectos\\\/#breadcrumb\"},\"inLanguage\":\"gl-ES\",\"potentialAction\":[{\"@type\":\"ReadAction\",\"target\":[\"https:\\\/\\\/www.entreculturas.org\\\/gl\\\/a-cadeira-vermella\\\/proxectos\\\/\"]}]},{\"@type\":\"ImageObject\",\"inLanguage\":\"gl-ES\",\"@id\":\"https:\\\/\\\/www.entreculturas.org\\\/gl\\\/a-cadeira-vermella\\\/proxectos\\\/#primaryimage\",\"url\":\"https:\\\/\\\/www.entreculturas.org\\\/wp-content\\\/uploads\\\/2025\\\/08\\\/bannerweb-1.jpg\",\"contentUrl\":\"https:\\\/\\\/www.entreculturas.org\\\/wp-content\\\/uploads\\\/2025\\\/08\\\/bannerweb-1.jpg\",\"width\":773,\"height\":490},{\"@type\":\"BreadcrumbList\",\"@id\":\"https:\\\/\\\/www.entreculturas.org\\\/gl\\\/a-cadeira-vermella\\\/proxectos\\\/#breadcrumb\",\"itemListElement\":[{\"@type\":\"ListItem\",\"position\":1,\"name\":\"Home\",\"item\":\"https:\\\/\\\/www.entreculturas.org\\\/gl\\\/\"},{\"@type\":\"ListItem\",\"position\":2,\"name\":\"Proxectos\"}]},{\"@type\":\"WebSite\",\"@id\":\"https:\\\/\\\/www.entreculturas.org\\\/gl\\\/#website\",\"url\":\"https:\\\/\\\/www.entreculturas.org\\\/gl\\\/\",\"name\":\"Entreculturas\",\"description\":\"\",\"publisher\":{\"@id\":\"https:\\\/\\\/www.entreculturas.org\\\/gl\\\/#organization\"},\"alternateName\":\"Entreculturas\",\"potentialAction\":[{\"@type\":\"SearchAction\",\"target\":{\"@type\":\"EntryPoint\",\"urlTemplate\":\"https:\\\/\\\/www.entreculturas.org\\\/gl\\\/?s={search_term_string}\"},\"query-input\":{\"@type\":\"PropertyValueSpecification\",\"valueRequired\":true,\"valueName\":\"search_term_string\"}}],\"inLanguage\":\"gl-ES\"},{\"@type\":\"Organization\",\"@id\":\"https:\\\/\\\/www.entreculturas.org\\\/gl\\\/#organization\",\"name\":\"Entreculturas\",\"url\":\"https:\\\/\\\/www.entreculturas.org\\\/gl\\\/\",\"logo\":{\"@type\":\"ImageObject\",\"inLanguage\":\"gl-ES\",\"@id\":\"https:\\\/\\\/www.entreculturas.org\\\/gl\\\/#\\\/schema\\\/logo\\\/image\\\/\",\"url\":\"https:\\\/\\\/www.entreculturas.org\\\/wp-content\\\/uploads\\\/2025\\\/10\\\/ESP.svg\",\"contentUrl\":\"https:\\\/\\\/www.entreculturas.org\\\/wp-content\\\/uploads\\\/2025\\\/10\\\/ESP.svg\",\"caption\":\"Entreculturas\"},\"image\":{\"@id\":\"https:\\\/\\\/www.entreculturas.org\\\/gl\\\/#\\\/schema\\\/logo\\\/image\\\/\"},\"sameAs\":[\"https:\\\/\\\/www.facebook.com\\\/entreculturas\",\"https:\\\/\\\/x.com\\\/Entreculturas\",\"https:\\\/\\\/www.instagram.com\\\/entreculturas\\\/\",\"https:\\\/\\\/www.youtube.com\\\/user\\\/entreculturasvideo\",\"https:\\\/\\\/www.linkedin.com\\\/company\\\/fundacion-entreculturas-ngdo\\\/\",\"https:\\\/\\\/www.flickr.com\\\/photos\\\/98455522@N04\\\/albums\\\/\"]}]}<\/script>\n<!-- \/ Yoast SEO Premium plugin. -->","yoast_head_json":{"title":"Proxectos - Entreculturas","description":"Defendemos o dereito \u00e1 aprendizaxe en Honduras, Chad e L\u00edbano. Con Entreculturas, promovemos proxectos educativos que transforman vidas.","robots":{"index":"index","follow":"nofollow","max-snippet":"max-snippet:-1","max-image-preview":"max-image-preview:large","max-video-preview":"max-video-preview:-1"},"canonical":"https:\/\/www.entreculturas.org\/gl\/a-cadeira-vermella\/proxectos\/","og_locale":"gl_ES","og_type":"article","og_title":"Proxectos","og_description":"Defendemos o dereito \u00e1 aprendizaxe en Honduras, Chad e L\u00edbano. Con Entreculturas, promovemos proxectos educativos que transforman vidas.","og_url":"https:\/\/www.entreculturas.org\/gl\/a-cadeira-vermella\/proxectos\/","og_site_name":"Entreculturas","article_publisher":"https:\/\/www.facebook.com\/entreculturas","article_modified_time":"2025-09-05T13:07:43+00:00","og_image":[{"width":773,"height":490,"url":"https:\/\/www.entreculturas.org\/wp-content\/uploads\/2025\/08\/bannerweb-1.jpg","type":"image\/jpeg"}],"twitter_card":"summary_large_image","twitter_site":"@Entreculturas","schema":{"@context":"https:\/\/schema.org","@graph":[{"@type":"WebPage","@id":"https:\/\/www.entreculturas.org\/gl\/a-cadeira-vermella\/proxectos\/","url":"https:\/\/www.entreculturas.org\/gl\/a-cadeira-vermella\/proxectos\/","name":"Proxectos - Entreculturas","isPartOf":{"@id":"https:\/\/www.entreculturas.org\/gl\/#website"},"primaryImageOfPage":{"@id":"https:\/\/www.entreculturas.org\/gl\/a-cadeira-vermella\/proxectos\/#primaryimage"},"image":{"@id":"https:\/\/www.entreculturas.org\/gl\/a-cadeira-vermella\/proxectos\/#primaryimage"},"thumbnailUrl":"https:\/\/www.entreculturas.org\/wp-content\/uploads\/2025\/08\/bannerweb-1.jpg","datePublished":"2024-05-29T12:31:32+00:00","dateModified":"2025-09-05T13:07:43+00:00","description":"Defendemos o dereito \u00e1 aprendizaxe en Honduras, Chad e L\u00edbano. Con Entreculturas, promovemos proxectos educativos que transforman vidas.","breadcrumb":{"@id":"https:\/\/www.entreculturas.org\/gl\/a-cadeira-vermella\/proxectos\/#breadcrumb"},"inLanguage":"gl-ES","potentialAction":[{"@type":"ReadAction","target":["https:\/\/www.entreculturas.org\/gl\/a-cadeira-vermella\/proxectos\/"]}]},{"@type":"ImageObject","inLanguage":"gl-ES","@id":"https:\/\/www.entreculturas.org\/gl\/a-cadeira-vermella\/proxectos\/#primaryimage","url":"https:\/\/www.entreculturas.org\/wp-content\/uploads\/2025\/08\/bannerweb-1.jpg","contentUrl":"https:\/\/www.entreculturas.org\/wp-content\/uploads\/2025\/08\/bannerweb-1.jpg","width":773,"height":490},{"@type":"BreadcrumbList","@id":"https:\/\/www.entreculturas.org\/gl\/a-cadeira-vermella\/proxectos\/#breadcrumb","itemListElement":[{"@type":"ListItem","position":1,"name":"Home","item":"https:\/\/www.entreculturas.org\/gl\/"},{"@type":"ListItem","position":2,"name":"Proxectos"}]},{"@type":"WebSite","@id":"https:\/\/www.entreculturas.org\/gl\/#website","url":"https:\/\/www.entreculturas.org\/gl\/","name":"Entreculturas","description":"","publisher":{"@id":"https:\/\/www.entreculturas.org\/gl\/#organization"},"alternateName":"Entreculturas","potentialAction":[{"@type":"SearchAction","target":{"@type":"EntryPoint","urlTemplate":"https:\/\/www.entreculturas.org\/gl\/?s={search_term_string}"},"query-input":{"@type":"PropertyValueSpecification","valueRequired":true,"valueName":"search_term_string"}}],"inLanguage":"gl-ES"},{"@type":"Organization","@id":"https:\/\/www.entreculturas.org\/gl\/#organization","name":"Entreculturas","url":"https:\/\/www.entreculturas.org\/gl\/","logo":{"@type":"ImageObject","inLanguage":"gl-ES","@id":"https:\/\/www.entreculturas.org\/gl\/#\/schema\/logo\/image\/","url":"https:\/\/www.entreculturas.org\/wp-content\/uploads\/2025\/10\/ESP.svg","contentUrl":"https:\/\/www.entreculturas.org\/wp-content\/uploads\/2025\/10\/ESP.svg","caption":"Entreculturas"},"image":{"@id":"https:\/\/www.entreculturas.org\/gl\/#\/schema\/logo\/image\/"},"sameAs":["https:\/\/www.facebook.com\/entreculturas","https:\/\/x.com\/Entreculturas","https:\/\/www.instagram.com\/entreculturas\/","https:\/\/www.youtube.com\/user\/entreculturasvideo","https:\/\/www.linkedin.com\/company\/fundacion-entreculturas-ngdo\/","https:\/\/www.flickr.com\/photos\/98455522@N04\/albums\/"]}]}},"_links":{"self":[{"href":"https:\/\/www.entreculturas.org\/gl\/wp-json\/wp\/v2\/pages\/28372","targetHints":{"allow":["GET"]}}],"collection":[{"href":"https:\/\/www.entreculturas.org\/gl\/wp-json\/wp\/v2\/pages"}],"about":[{"href":"https:\/\/www.entreculturas.org\/gl\/wp-json\/wp\/v2\/types\/page"}],"author":[{"embeddable":true,"href":"https:\/\/www.entreculturas.org\/gl\/wp-json\/wp\/v2\/users\/1"}],"replies":[{"embeddable":true,"href":"https:\/\/www.entreculturas.org\/gl\/wp-json\/wp\/v2\/comments?post=28372"}],"version-history":[{"count":18,"href":"https:\/\/www.entreculturas.org\/gl\/wp-json\/wp\/v2\/pages\/28372\/revisions"}],"predecessor-version":[{"id":42112,"href":"https:\/\/www.entreculturas.org\/gl\/wp-json\/wp\/v2\/pages\/28372\/revisions\/42112"}],"up":[{"embeddable":true,"href":"https:\/\/www.entreculturas.org\/gl\/wp-json\/wp\/v2\/pages\/25381"}],"wp:featuredmedia":[{"embeddable":true,"href":"https:\/\/www.entreculturas.org\/gl\/wp-json\/wp\/v2\/media\/46937"}],"wp:attachment":[{"href":"https:\/\/www.entreculturas.org\/gl\/wp-json\/wp\/v2\/media?parent=28372"}],"curies":[{"name":"wp","href":"https:\/\/api.w.org\/{rel}","templated":true}]}}