{"id":26331,"date":"2024-05-28T12:15:07","date_gmt":"2024-05-28T10:15:07","guid":{"rendered":"https:\/\/www.entreculturas.org\/faite-socio-de-empresas\/"},"modified":"2025-10-21T11:06:06","modified_gmt":"2025-10-21T09:06:06","slug":"faite-socio-de-empresas","status":"publish","type":"page","link":"https:\/\/www.entreculturas.org\/gl\/faite-socio-de-empresas\/","title":{"rendered":"Faite socio de Empresas"},"content":{"rendered":"\n<div class=\"wp-block-group alignfull has-global-padding is-layout-constrained wp-block-group-is-layout-constrained\">\n<div class=\"wp-block-columns alignfull is-layout-flex wp-container-core-columns-is-layout-28f84493 wp-block-columns-is-layout-flex\">\n<div class=\"wp-block-column is-layout-flow wp-block-column-is-layout-flow\">\n<div class=\"wp-block-cover is-light fondo_formulario_\"><img decoding=\"async\" width=\"1024\" height=\"683\" class=\"wp-block-cover__image-background wp-image-35488 size-large\" alt=\"\" src=\"https:\/\/www.entreculturas.org\/wp-content\/uploads\/2024\/11\/Copia-de-Monteserin-Fotografia-1-1024x683.jpg\" data-object-fit=\"cover\" srcset=\"https:\/\/www.entreculturas.org\/wp-content\/uploads\/2024\/11\/Copia-de-Monteserin-Fotografia-1-1024x683.jpg 1024w, https:\/\/www.entreculturas.org\/wp-content\/uploads\/2024\/11\/Copia-de-Monteserin-Fotografia-1-300x200.jpg 300w, https:\/\/www.entreculturas.org\/wp-content\/uploads\/2024\/11\/Copia-de-Monteserin-Fotografia-1-768x512.jpg 768w, https:\/\/www.entreculturas.org\/wp-content\/uploads\/2024\/11\/Copia-de-Monteserin-Fotografia-1-1536x1024.jpg 1536w, https:\/\/www.entreculturas.org\/wp-content\/uploads\/2024\/11\/Copia-de-Monteserin-Fotografia-1-2048x1365.jpg 2048w\" sizes=\"(max-width: 1024px) 100vw, 1024px\" \/><span aria-hidden=\"true\" class=\"wp-block-cover__background has-background-dim\" style=\"background-color:#c0ab9e\"><\/span><div class=\"wp-block-cover__inner-container has-global-padding is-layout-constrained wp-block-cover-is-layout-constrained\">\n<p class=\"has-text-align-right copyright_ has-large-font-size\">\u00a9 Monteser\u00edn Fotograf\u00eda<\/p>\n<\/div><\/div>\n<\/div>\n\n\n\n<div class=\"wp-block-column is-layout-flow wp-block-column-is-layout-flow\">\n<form class=\"wp-block-theme-blocks-custom-form formulario_ wp-container-content-a5fc19f1\" style=\"padding-top:var(--wp--preset--spacing--40);padding-right:0;padding-bottom:var(--wp--preset--spacing--40);padding-left:var(--wp--preset--spacing--80)\" id=\"custom_form\" action=\"\/wp-admin\/admin-post.php?action=custom_form\" method=\"post\"><input type=\"hidden\" name=\"g-recaptcha-response\" id=\"g-recaptcha-response\" value=\"\"\/><input type=\"hidden\" name=\"thanks_page\" value=\"\/hazte-socio-empresas\/\"\/><input type=\"hidden\" name=\"admin_email\" value=\"empresas@entreculturas.org\"\/>\n<div class=\"wp-block-group hidden loading_ has-global-padding is-layout-constrained wp-block-group-is-layout-constrained\">\n<div class=\"wp-block-group grid-center has-global-padding is-layout-constrained wp-block-group-is-layout-constrained\" style=\"min-height:557px\">\n<figure class=\"wp-block-image aligncenter size-full\"><img decoding=\"async\" src=\"https:\/\/www.entreculturas.org\/wp-content\/uploads\/2024\/05\/loader-entreculturas.gif\" alt=\"\" class=\"wp-image-17508\"\/><\/figure>\n\n\n\n<p class=\"has-text-align-center\">A operaci\u00f3n estase realizando.<\/p>\n\n\n\n<div class=\"wp-block-group has-global-padding is-layout-constrained wp-block-group-is-layout-constrained\" style=\"margin-top:var(--wp--preset--spacing--30);margin-bottom:var(--wp--preset--spacing--30)\">\n<p class=\"has-text-align-center\" style=\"font-size:27px\"><strong>Pode que nos leve uns segundos&#8230;.<\/strong><\/p>\n<\/div>\n<\/div>\n<\/div>\n\n\n\n<input type=\"hidden\" name=\"is_company\" value=\"1\"\/>\n\n\n\n<input type=\"hidden\" name=\"contact_source\" value=\"Formulario Socio Empresas\"\/>\n\n\n\n<input type=\"hidden\" name=\"form_type\" value=\"1\"\/>\n\n\n\n<input type=\"hidden\" name=\"custom_72\" value=\"403\"\/>\n\n\n\n<div class=\"step-container hidden\" title=\"Donaci\u00f3n\">\n<h2 class=\"wp-block-heading has-text-align-left\" id=\"h-educar-e-dar-oportunidades\">Educar \u00e9 dar oportunidades<\/h2>\n\n\n\n<section class=\"block-amount block-amount-recurrent\"><div class=\"btns-amount\"><button type=\"button\" data-id=\"1b06ab7f-190a-48b8-8342-6723d11006f2\" data-value=\"50\" class=\"btn-amount\">50\u20ac<\/button><button type=\"button\" data-id=\"4ff3884b-1089-4e9d-97f1-82bb96b39bc1\" data-value=\"150\" class=\"btn-amount\">150\u20ac<\/button><button type=\"button\" data-id=\"ed8762f4-3352-4c47-8595-1a5df3903e97\" data-value=\"300\" class=\"btn-amount\">300\u20ac<\/button><button type=\"button\" data-id=\"28faba70-0d13-438e-bea5-90afa890bf5c\" data-value=\"0\" class=\"btn-amount\"><span>Otra cantidad<\/span><\/button><\/div><div class=\"radio-recurrent\"><label><input type=\"radio\" name=\"custom_1\" value=\"monthly\"\/>Mensual<\/label><label><input type=\"radio\" name=\"custom_1\" value=\"trimestral\" checked\/>Trimestral<\/label><label><input type=\"radio\" name=\"custom_1\" value=\"yearly\"\/>Anual<\/label><\/div><p data-explain=\"1b06ab7f-190a-48b8-8342-6723d11006f2-monthly\" class=\"hidden\">Con <b>50\u20ac<\/b> mensuales \/ proporcionamos alimentaci\u00f3n para 14 ni\u00f1as y ni\u00f1os refugiados del campo de refugiados de Dzaleka, Malaui.<\/p><p data-explain=\"1b06ab7f-190a-48b8-8342-6723d11006f2-trimestral\" class=\"hidden\">Con <b>50\u20ac<\/b> mensuales \/ proporcionamos alimentaci\u00f3n para 14 ni\u00f1as y ni\u00f1os refugiados del campo de refugiados de Dzaleka, Malaui.<\/p><p data-explain=\"1b06ab7f-190a-48b8-8342-6723d11006f2-yearly\" class=\"hidden\">Con <b>50\u20ac<\/b> mensuales \/ proporcionamos alimentaci\u00f3n para 14 ni\u00f1as y ni\u00f1os refugiados del campo de refugiados de Dzaleka, Malaui.<\/p><p data-explain=\"4ff3884b-1089-4e9d-97f1-82bb96b39bc1-monthly\" class=\"hidden\">Con <b>150\u20ac<\/b> mensuales \/  brindamos atenci\u00f3n psicosocial para 18 ni\u00f1as y ni\u00f1os refugiados en L\u00edbano.<\/p><p data-explain=\"4ff3884b-1089-4e9d-97f1-82bb96b39bc1-trimestral\" class=\"hidden\">Con <b>150\u20ac<\/b> mensuales \/  brindamos atenci\u00f3n psicosocial para 18 ni\u00f1as y ni\u00f1os refugiados en L\u00edbano.<\/p><p data-explain=\"4ff3884b-1089-4e9d-97f1-82bb96b39bc1-yearly\" class=\"hidden\">Con <b>150\u20ac<\/b> mensuales \/  brindamos atenci\u00f3n psicosocial para 18 ni\u00f1as y ni\u00f1os refugiados en L\u00edbano.<\/p><p data-explain=\"ed8762f4-3352-4c47-8595-1a5df3903e97-monthly\" class=\"hidden\">Con <b>300\u20ac<\/b> mensuales \/  brindamos formaci\u00f3n t\u00e9cnica en habilidades para la empleabilidad para 20 estudiantes con discapacidad en Bolivia.<\/p><p data-explain=\"ed8762f4-3352-4c47-8595-1a5df3903e97-trimestral\" class=\"hidden\">Con <b>300\u20ac<\/b> mensuales \/  brindamos formaci\u00f3n t\u00e9cnica en habilidades para la empleabilidad para 20 estudiantes con discapacidad en Bolivia.<\/p><p data-explain=\"ed8762f4-3352-4c47-8595-1a5df3903e97-yearly\" class=\"hidden\">Con <b>300\u20ac<\/b> mensuales \/  brindamos formaci\u00f3n t\u00e9cnica en habilidades para la empleabilidad para 20 estudiantes con discapacidad en Bolivia.<\/p><p data-explain=\"28faba70-0d13-438e-bea5-90afa890bf5c-monthly\" class=\"hidden\">Con tu ayuda haces posible que m\u00e1s ni\u00f1os y ni\u00f1as en situaci\u00f3n de vulnerabilidad tengan acceso a la educaci\u00f3n.<\/p><p data-explain=\"28faba70-0d13-438e-bea5-90afa890bf5c-trimestral\" class=\"hidden\">Con tu ayuda haces posible que m\u00e1s ni\u00f1os y ni\u00f1as en situaci\u00f3n de vulnerabilidad tengan acceso a la educaci\u00f3n.<\/p><p data-explain=\"28faba70-0d13-438e-bea5-90afa890bf5c-yearly\" class=\"hidden\">Con tu ayuda haces posible que m\u00e1s ni\u00f1os y ni\u00f1as en situaci\u00f3n de vulnerabilidad tengan acceso a la educaci\u00f3n.<\/p><label class=\"label-input hidden\">Cantidad<\/label><input type=\"hidden\" name=\"amount\" pattern=\"[0-9]+\" required\/><\/section>\n\n\n\n<div class=\"wp-block-group is-nowrap is-layout-flex wp-container-core-group-is-layout-b21f7d9e wp-block-group-is-layout-flex\" style=\"margin-top:var(--wp--preset--spacing--40);margin-bottom:var(--wp--preset--spacing--40);padding-right:0;padding-left:0\">\n<div class=\"input-container\"><label>Nome da organizaci\u00f3n *<\/label><input type=\"text\" name=\"organization_name\" required\/><\/div>\n\n\n\n<div class=\"input-container\"><label>Persoa de contacto *<\/label><input type=\"text\" name=\"custom_228\" required\/><\/div>\n<\/div>\n\n\n\n<div class=\"wp-block-group is-nowrap is-layout-flex wp-container-core-group-is-layout-01c53929 wp-block-group-is-layout-flex\" style=\"margin-bottom:var(--wp--preset--spacing--40);padding-right:0;padding-left:0\">\n<div class=\"input-container\"><label>Correo electr\u00f3nico *<\/label><input type=\"email\" name=\"email\" required\/><\/div>\n\n\n\n<div class=\"input-container\"><label>Tel\u00e9fono *<\/label><input type=\"tel\" name=\"phone\" required\/><\/div>\n<\/div>\n\n\n\n<label class=\"acceptance\"><input type=\"checkbox\" required\/><span>Acepto a <a href=\"https:\/\/www.entreculturas.org\/gl\/politica-de-privacidade\/\">Pol\u00edtica de Privacidade *<\/a><\/span><\/label>\n\n\n\n<div class=\"wp-block-group has-global-padding is-layout-constrained wp-block-group-is-layout-constrained\" style=\"margin-top:var(--wp--preset--spacing--30);margin-bottom:var(--wp--preset--spacing--30)\">\n<p style=\"font-size:12px !important\">\n    Desde ENTRECULTURAS FE Y ALEGR\u00cdA ESPA\u00d1A trataremos os datos facilitados como Responsable do tratamento coa finalidade de&#8230;\n    <a href=\"javascript:void(0);\" id=\"read-more-link\">Contin\u00faa lendo<\/a>.\n<\/p>\n<p class=\"hidden\" id=\"read-more\" style=\"display: none;font-size: 12px;\">\n    &#8230;xestionar a nosa relaci\u00f3n contigo, en pos dos nosos obxectivos fundacionais, base\u00e1ndose no consentimento ou na execuci\u00f3n dun acordo. Podes exercer os teus dereitos enviando un correo electr\u00f3nico a totrabajos@entreculturas.org co asunto \u201cProtecci\u00f3n de datos\u201d.\n<\/p>\n\n\n\n<script>document.addEventListener('DOMContentLoaded', function() {\n    document.getElementById('read-more-link').addEventListener('click', function() {\n        var readMoreContent = document.getElementById('read-more');\n        readMoreContent.style.display = 'block !important'; \/\/ Intenta sobrescribir con !important\n        \/\/ Si el m\u00e9todo anterior no funciona, utiliza setAttribute\n        if (readMoreContent.style.display !== 'block') {\n            readMoreContent.setAttribute('style', 'display: block !important; font-size: 12px;');\n        } else {\n            \/\/ Si ya est\u00e1 en 'block', solo ajusta el tama\u00f1o de fuente\n            readMoreContent.style.fontSize = '12px';\n        }\n        this.style.display = 'none'; \/\/ Opcional: oculta el enlace de \"Seguir leyendo\"\n    });\n});\n<\/script>\n<\/div>\n\n\n\n<div class=\"wp-block-group is-content-justification-space-between is-nowrap is-layout-flex wp-container-core-group-is-layout-bf4533ca wp-block-group-is-layout-flex\" style=\"margin-top:var(--wp--preset--spacing--40);margin-bottom:var(--wp--preset--spacing--40)\">\n<div class=\"steps-counter\"><\/div>\n\n\n\n<button class=\"wp-block-button__link wp-element-button\">CONTINUAR<\/button>\n<\/div>\n<\/div>\n\n\n\n<div class=\"step-container hidden\" title=\"Pago\">\n<p class=\"has-large-font-size\"><strong>A s\u00faa taxa ser\u00e1<code>amount<\/code> \u20ac<\/strong><\/p>\n\n\n\n<div class=\"wp-block-group cif_empresa_ has-global-padding is-layout-constrained wp-block-group-is-layout-constrained\" style=\"margin-top:var(--wp--preset--spacing--30);margin-bottom:var(--wp--preset--spacing--30)\">\n<p><strong>Introduce os teus datos:<\/strong><\/p>\n\n\n\n<div style=\"height:1rem\" aria-hidden=\"true\" class=\"wp-block-spacer\"><\/div>\n\n\n\n<div class=\"block-nif-nie-cif\"><div class=\"input-container main\"><label>CIF *<\/label><input type=\"text\" name=\"custom_61\" required\/><\/div><div class=\"input-container hidden alternative\"><label>Documento de identidad<\/label><input type=\"text\" name=\"custom_62\"\/><\/div><div class=\"input-container\"><label><input type=\"checkbox\"\/>No tengo ni NIF ni NIE<\/label><\/div><\/div>\n<\/div>\n\n\n\n<div id=\"5\" class=\"wp-block-group iban_ has-global-padding is-layout-constrained wp-block-group-is-layout-constrained\" style=\"margin-top:var(--wp--preset--spacing--40)\">\n<div class=\"wp-block-group has-global-padding is-layout-constrained wp-block-group-is-layout-constrained\" style=\"margin-top:var(--wp--preset--spacing--40);margin-bottom:var(--wp--preset--spacing--40)\">\n<div class=\"input-container\"><label>Enderezo postal<\/label><input type=\"text\" name=\"street_address\"\/><\/div>\n<\/div>\n\n\n\n<div class=\"wp-block-group is-nowrap is-layout-flex wp-container-core-group-is-layout-b21f7d9e wp-block-group-is-layout-flex\" style=\"margin-top:var(--wp--preset--spacing--40);margin-bottom:var(--wp--preset--spacing--40);padding-right:0;padding-left:0\">\n<div class=\"block-select-countries\"><div class=\"input-container main\"><label>Pa\u00eds *<\/label><input type=\"hidden\" name=\"country_id\" id=\"country_id\" value=\"0\"\/><select name=\"country_id_aux\" id=\"country_id_aux\" required><\/select><\/div><\/div>\n\n\n\n<div class=\"input-container\"><label>Cidade<\/label><input type=\"text\" name=\"city\"\/><\/div>\n<\/div>\n\n\n\n<div class=\"wp-block-group is-nowrap is-layout-flex wp-container-core-group-is-layout-b21f7d9e wp-block-group-is-layout-flex\" style=\"margin-top:var(--wp--preset--spacing--40);margin-bottom:var(--wp--preset--spacing--40);padding-right:0;padding-left:0\">\n<div class=\"block-select-provinces\"><div class=\"input-container main\"><label>Provincia *<\/label><input type=\"hidden\" name=\"state_province_id\" id=\"state_province_id\" value=\"0\"\/><select name=\"state_province_id_aux\" id=\"state_province_id_aux\" required><\/select><\/div><\/div>\n\n\n\n<div class=\"input-container\"><label>C\u00f3digo postal<\/label><input type=\"text\" name=\"postal_code\"\/><\/div>\n<\/div>\n<\/div>\n\n\n\n<div class=\"wp-block-group payment_ has-global-padding is-layout-constrained wp-block-group-is-layout-constrained\">\n<p class=\"mbottom_\"><strong>M\u00e9todo de pago<\/strong><\/p>\n\n\n\n<div class=\"input-container\"><label>Conta bancaria (IBAN) *<\/label><input type=\"text\" name=\"custom_22\" required\/><\/div>\n<\/div>\n\n\n\n<div class=\"wp-block-group is-content-justification-space-between is-nowrap is-layout-flex wp-container-core-group-is-layout-cb46ffcb wp-block-group-is-layout-flex\">\n<div class=\"steps-counter\"><\/div>\n\n\n\n<button class=\"wp-block-button__link wp-element-button\">CONTINUAR<\/button>\n<\/div>\n<\/div>\n\n\n\n<div class=\"step-container hidden\" title=\"Confirmaci\u00f3n\" data-submit=\"true\">\n<div id=\"success\" class=\"wp-block-group grid-center has-global-padding is-layout-constrained wp-block-group-is-layout-constrained\" style=\"min-height:557px\">\n<figure class=\"wp-block-image aligncenter size-full\"><img decoding=\"async\" src=\"https:\/\/www.entreculturas.org\/wp-content\/uploads\/2024\/05\/akar-icons_circle-check.svg\" alt=\"\" class=\"wp-image-17479\"\/><\/figure>\n\n\n\n<p class=\"has-text-align-center\">Rexistr\u00e1cheste correctamente como membro.<\/p>\n\n\n\n<div class=\"wp-block-group has-global-padding is-layout-constrained wp-block-group-is-layout-constrained\" style=\"margin-top:var(--wp--preset--spacing--30);margin-bottom:var(--wp--preset--spacing--30)\">\n<p class=\"has-text-align-center\" style=\"font-size:27px\"><strong>Moitas grazas pola t\u00faa xenerosidade<\/strong><\/p>\n<\/div>\n\n\n\n<p class=\"has-text-align-center\">Da un paso m\u00e1is! S\u00edguenos nas redes sociais:<\/p>\n\n\n\n<div class=\"wp-block-group has-global-padding is-layout-constrained wp-block-group-is-layout-constrained\" style=\"margin-top:var(--wp--preset--spacing--40);margin-bottom:var(--wp--preset--spacing--40)\">\n<ul class=\"wp-block-social-links has-icon-color has-icon-background-color is-style-default is-content-justification-center is-nowrap is-layout-flex wp-container-core-social-links-layout-1 wp-block-social-links-is-layout-flex\"><li style=\"color: #ffffff; background-color: #00A995;  \" class=\"wp-social-link wp-social-link-facebook has-white-color has-turquoise-background-color wp-block-social-link\"><a rel=\"noopener nofollow\" target=\"_blank\" href=\"https:\/\/www.facebook.com\/entreculturas\" class=\"wp-block-social-link-anchor\"><svg xmlns=\"https:\/\/www.w3.org\/2000\/svg\" width=\"24\" height=\"24\" viewbox=\"0 0 24 24\" version=\"1.1\" aria-hidden=\"true\" focusable=\"false\"><path d=\"M12 2C6.5 2 2 6.5 2 12c0 5 3.7 9.1 8.4 9.9v-7H7.9V12h2.5V9.8c0-2.5 1.5-3.9 3.8-3.9 1.1 0 2.2.2 2.2.2v2.5h-1.3c-1.2 0-1.6.8-1.6 1.6V12h2.8l-.4 2.9h-2.3v7C18.3 21.1 22 17 22 12c0-5.5-4.5-10-10-10z\"><\/path><\/svg><span class=\"wp-block-social-link-label screen-reader-text\">Facebook<\/span><\/a><\/li>\n<li style=\"color: #ffffff; background-color: #00A995;  \" class=\"wp-social-link wp-social-link-twitter has-white-color has-turquoise-background-color wp-block-social-link\"><a rel=\"noopener nofollow\" target=\"_blank\" href=\"https:\/\/twitter.com\/Entreculturas\" class=\"wp-block-social-link-anchor\"><svg xmlns=\"https:\/\/www.w3.org\/2000\/svg\" width=\"24\" height=\"24\" viewbox=\"0 0 24 24\" fill=\"none\">\n<g clip-path=\"url(#clip0_10068_2593)\">\n<circle cx=\"12\" cy=\"12\" r=\"12\" fill=\"#00A995\"><\/circle>\n<g clip-path=\"url(#clip1_10068_2593)\">\n<path d=\"M16.037 6.52686H18.0039L13.7068 11.4382L18.762 18.1215H14.8038L11.7036 14.0681L8.15622 18.1215H6.18811L10.7843 12.8682L5.93481 6.52686H9.99352L12.7958 10.2318L16.037 6.52686Z\" fill=\"white\"><\/path>\n<\/g>\n<\/g>\n<defs>\n<clippath id=\"clip0_10068_2593\">\n<rect width=\"24\" height=\"24\" fill=\"white\"><\/rect>\n<\/clippath>\n<clippath id=\"clip1_10068_2593\">\n<rect width=\"14.2703\" height=\"14.2703\" fill=\"white\" transform=\"translate(5.18919 5.18896)\"><\/rect>\n<\/clippath>\n<\/defs>\n<\/svg>\n<span class=\"wp-block-social-link-label screen-reader-text\">x<\/span><\/a><\/li>\n<li style=\"color: #ffffff; background-color: #00A995;  \" class=\"wp-social-link wp-social-link-youtube has-white-color has-turquoise-background-color wp-block-social-link\"><a rel=\"noopener nofollow\" target=\"_blank\" href=\"https:\/\/www.youtube.com\/user\/entreculturasvideo\" class=\"wp-block-social-link-anchor\"><svg xmlns=\"https:\/\/www.w3.org\/2000\/svg\" width=\"24\" height=\"24\" viewbox=\"0 0 24 24\" version=\"1.1\" aria-hidden=\"true\" focusable=\"false\"><path d=\"M21.8,8.001c0,0-0.195-1.378-0.795-1.985c-0.76-0.797-1.613-0.801-2.004-0.847c-2.799-0.202-6.997-0.202-6.997-0.202 h-0.009c0,0-4.198,0-6.997,0.202C4.608,5.216,3.756,5.22,2.995,6.016C2.395,6.623,2.2,8.001,2.2,8.001S2,9.62,2,11.238v1.517 c0,1.618,0.2,3.237,0.2,3.237s0.195,1.378,0.795,1.985c0.761,0.797,1.76,0.771,2.205,0.855c1.6,0.153,6.8,0.201,6.8,0.201 s4.203-0.006,7.001-0.209c0.391-0.047,1.243-0.051,2.004-0.847c0.6-0.607,0.795-1.985,0.795-1.985s0.2-1.618,0.2-3.237v-1.517 C22,9.62,21.8,8.001,21.8,8.001z M9.935,14.594l-0.001-5.62l5.404,2.82L9.935,14.594z\"><\/path><\/svg><span class=\"wp-block-social-link-label screen-reader-text\">Youtube<\/span><\/a><\/li>\n<li style=\"color: #ffffff; background-color: #00A995;  \" class=\"wp-social-link wp-social-link-instagram has-white-color has-turquoise-background-color wp-block-social-link\"><a rel=\"noopener nofollow\" target=\"_blank\" href=\"https:\/\/www.instagram.com\/entreculturas\/\" class=\"wp-block-social-link-anchor\"><svg xmlns=\"https:\/\/www.w3.org\/2000\/svg\" width=\"24\" height=\"24\" viewbox=\"0 0 24 24\" version=\"1.1\" aria-hidden=\"true\" focusable=\"false\"><path d=\"M12,4.622c2.403,0,2.688,0.009,3.637,0.052c0.877,0.04,1.354,0.187,1.671,0.31c0.42,0.163,0.72,0.358,1.035,0.673 c0.315,0.315,0.51,0.615,0.673,1.035c0.123,0.317,0.27,0.794,0.31,1.671c0.043,0.949,0.052,1.234,0.052,3.637 s-0.009,2.688-0.052,3.637c-0.04,0.877-0.187,1.354-0.31,1.671c-0.163,0.42-0.358,0.72-0.673,1.035 c-0.315,0.315-0.615,0.51-1.035,0.673c-0.317,0.123-0.794,0.27-1.671,0.31c-0.949,0.043-1.233,0.052-3.637,0.052 s-2.688-0.009-3.637-0.052c-0.877-0.04-1.354-0.187-1.671-0.31c-0.42-0.163-0.72-0.358-1.035-0.673 c-0.315-0.315-0.51-0.615-0.673-1.035c-0.123-0.317-0.27-0.794-0.31-1.671C4.631,14.688,4.622,14.403,4.622,12 s0.009-2.688,0.052-3.637c0.04-0.877,0.187-1.354,0.31-1.671c0.163-0.42,0.358-0.72,0.673-1.035 c0.315-0.315,0.615-0.51,1.035-0.673c0.317-0.123,0.794-0.27,1.671-0.31C9.312,4.631,9.597,4.622,12,4.622 M12,3 C9.556,3,9.249,3.01,8.289,3.054C7.331,3.098,6.677,3.25,6.105,3.472C5.513,3.702,5.011,4.01,4.511,4.511 c-0.5,0.5-0.808,1.002-1.038,1.594C3.25,6.677,3.098,7.331,3.054,8.289C3.01,9.249,3,9.556,3,12c0,2.444,0.01,2.751,0.054,3.711 c0.044,0.958,0.196,1.612,0.418,2.185c0.23,0.592,0.538,1.094,1.038,1.594c0.5,0.5,1.002,0.808,1.594,1.038 c0.572,0.222,1.227,0.375,2.185,0.418C9.249,20.99,9.556,21,12,21s2.751-0.01,3.711-0.054c0.958-0.044,1.612-0.196,2.185-0.418 c0.592-0.23,1.094-0.538,1.594-1.038c0.5-0.5,0.808-1.002,1.038-1.594c0.222-0.572,0.375-1.227,0.418-2.185 C20.99,14.751,21,14.444,21,12s-0.01-2.751-0.054-3.711c-0.044-0.958-0.196-1.612-0.418-2.185c-0.23-0.592-0.538-1.094-1.038-1.594 c-0.5-0.5-1.002-0.808-1.594-1.038c-0.572-0.222-1.227-0.375-2.185-0.418C14.751,3.01,14.444,3,12,3L12,3z M12,7.378 c-2.552,0-4.622,2.069-4.622,4.622S9.448,16.622,12,16.622s4.622-2.069,4.622-4.622S14.552,7.378,12,7.378z M12,15 c-1.657,0-3-1.343-3-3s1.343-3,3-3s3,1.343,3,3S13.657,15,12,15z M16.804,6.116c-0.596,0-1.08,0.484-1.08,1.08 s0.484,1.08,1.08,1.08c0.596,0,1.08-0.484,1.08-1.08S17.401,6.116,16.804,6.116z\"><\/path><\/svg><span class=\"wp-block-social-link-label screen-reader-text\">instagram<\/span><\/a><\/li>\n<li style=\"color: #ffffff; background-color: #00A995;  \" class=\"wp-social-link wp-social-link-linkedin has-white-color has-turquoise-background-color wp-block-social-link\"><a rel=\"noopener nofollow\" target=\"_blank\" href=\"https:\/\/www.linkedin.com\/company\/fundacion-entreculturas-ngdo\/?originalSubdomain=es\" class=\"wp-block-social-link-anchor\"><svg xmlns=\"https:\/\/www.w3.org\/2000\/svg\" width=\"24\" height=\"24\" viewbox=\"0 0 24 24\" version=\"1.1\" aria-hidden=\"true\" focusable=\"false\"><path d=\"M19.7,3H4.3C3.582,3,3,3.582,3,4.3v15.4C3,20.418,3.582,21,4.3,21h15.4c0.718,0,1.3-0.582,1.3-1.3V4.3 C21,3.582,20.418,3,19.7,3z M8.339,18.338H5.667v-8.59h2.672V18.338z M7.004,8.574c-0.857,0-1.549-0.694-1.549-1.548 c0-0.855,0.691-1.548,1.549-1.548c0.854,0,1.547,0.694,1.547,1.548C8.551,7.881,7.858,8.574,7.004,8.574z M18.339,18.338h-2.669 v-4.177c0-0.996-0.017-2.278-1.387-2.278c-1.389,0-1.601,1.086-1.601,2.206v4.249h-2.667v-8.59h2.559v1.174h0.037 c0.356-0.675,1.227-1.387,2.526-1.387c2.703,0,3.203,1.779,3.203,4.092V18.338z\"><\/path><\/svg><span class=\"wp-block-social-link-label screen-reader-text\">LinkedIn<\/span><\/a><\/li>\n<li style=\"color: #ffffff; background-color: #00A995;  \" class=\"wp-social-link wp-social-link-flickr has-white-color has-turquoise-background-color wp-block-social-link\"><a rel=\"noopener nofollow\" target=\"_blank\" href=\"https:\/\/www.flickr.com\/photos\/98455522@N04\/albums\/\" class=\"wp-block-social-link-anchor\"><svg xmlns=\"https:\/\/www.w3.org\/2000\/svg\" width=\"24\" height=\"24\" viewbox=\"0 0 24 24\" version=\"1.1\" aria-hidden=\"true\" focusable=\"false\"><path d=\"M6.5,7c-2.75,0-5,2.25-5,5s2.25,5,5,5s5-2.25,5-5S9.25,7,6.5,7z M17.5,7c-2.75,0-5,2.25-5,5s2.25,5,5,5s5-2.25,5-5 S20.25,7,17.5,7z\"><\/path><\/svg><span class=\"wp-block-social-link-label screen-reader-text\">Flickr<\/span><\/a><\/li><\/ul>\n<\/div>\n<\/div>\n\n\n\n<div id=\"error\" class=\"wp-block-group grid-center hidden has-global-padding is-layout-constrained wp-block-group-is-layout-constrained\" style=\"min-height:557px\">\n<figure class=\"wp-block-image aligncenter size-full is-resized\"><img decoding=\"async\" src=\"https:\/\/www.entreculturas.org\/wp-content\/uploads\/2024\/05\/cancel-primary.svg\" alt=\"\" class=\"wp-image-17483\" style=\"width:64px;height:auto\"\/><\/figure>\n\n\n\n<p class=\"has-text-align-center\">Produciuse un erro coa doaz\u00f3n.<\/p>\n\n\n\n<div class=\"wp-block-group has-global-padding is-layout-constrained wp-block-group-is-layout-constrained\" style=\"margin-top:var(--wp--preset--spacing--30);margin-bottom:var(--wp--preset--spacing--30)\">\n<p class=\"has-text-align-center\" style=\"font-size:27px\"><strong>t\u00e9ntao de novo nuns minutos<\/strong><\/p>\n<\/div>\n\n\n\n<p><a href=\"\/\">Volver ao inicio<\/a><\/p>\n<\/div>\n<\/div>\n<\/form>\n<\/div>\n<\/div>\n<\/div>\n\n\n\n<div class=\"wp-block-group block-contacto-wrapper has-global-padding is-layout-constrained wp-block-group-is-layout-constrained\">\n<div class=\"wp-block-group rounded-shadow rounded-full has-white-background-color has-background has-global-padding is-layout-constrained wp-container-core-group-is-layout-06355609 wp-block-group-is-layout-constrained\" style=\"margin-top:0;margin-bottom:0;padding-top:var(--wp--preset--spacing--40);padding-right:var(--wp--preset--spacing--40);padding-bottom:var(--wp--preset--spacing--70);padding-left:var(--wp--preset--spacing--40)\">\n<div class=\"wp-block-group has-global-padding is-layout-constrained wp-container-core-group-is-layout-69ca767f wp-block-group-is-layout-constrained\">\n<p class=\"has-text-align-center has-din-font-family\" style=\"margin-bottom:var(--wp--preset--spacing--40);font-size:54px;line-height:1.1\"><strong>Ao unirte \u00e1 t\u00faa empresa como socio de Entreculturas ax\u00fadasnos a ofrecer educaci\u00f3n e oportunidades de futuro.<\/strong><\/p>\n\n\n\n<p>A trav\u00e9s dunha pequena contribuci\u00f3n peri\u00f3dica mensual, trimestral ou anual, impactaremos na calidade de vida e na xeraci\u00f3n de oportunidades futuras para mulleres, nenos e mozos de Am\u00e9rica Latina, Asia e \u00c1frica.<\/p>\n\n\n\n<p style=\"margin-top:var(--wp--preset--spacing--40);margin-bottom:var(--wp--preset--spacing--40)\"><strong><a href=\"https:\/\/www.entreculturas.org\/gl\/doa-empresas\/\"><\/a><a href=\"https:\/\/www.entreculturas.org\/gl\/doa-empresas\/\">Se prefires facer unha \u00fanica doaz\u00f3n, fai clic aqu\u00ed<\/a><\/strong><\/p>\n<\/div>\n<\/div>\n<\/div>\n\n\n\n<div class=\"wp-block-group has-global-padding is-layout-constrained wp-block-group-is-layout-constrained\" style=\"margin-top:var(--wp--preset--spacing--70);margin-bottom:var(--wp--preset--spacing--70)\">\n<div class=\"wp-block-group is-content-justification-center is-nowrap is-layout-flex wp-container-core-group-is-layout-94210849 wp-block-group-is-layout-flex\" style=\"margin-top:0;margin-bottom:var(--wp--preset--spacing--60)\">\n<div class=\"wp-block-group heart-divider has-global-padding is-layout-constrained wp-block-group-is-layout-constrained\">\n<figure class=\"wp-block-image size-full\"><img decoding=\"async\" src=\"https:\/\/www.entreculturas.org\/wp-content\/uploads\/2023\/09\/heart.svg\" alt=\"\" class=\"wp-image-220\"\/><\/figure>\n<\/div>\n<\/div>\n<\/div>\n\n\n\n<div class=\"wp-block-group has-global-padding is-layout-constrained wp-block-group-is-layout-constrained\" style=\"margin-bottom:var(--wp--preset--spacing--70)\">\n<div class=\"wp-block-columns is-layout-flex wp-container-core-columns-is-layout-6ab6d22f wp-block-columns-is-layout-flex\" style=\"margin-top:0px;margin-bottom:0px;padding-top:0px;padding-right:0px;padding-bottom:0px;padding-left:0px\">\n<div class=\"wp-block-column is-vertically-aligned-stretch columna-central- is-layout-flow wp-block-column-is-layout-flow\" style=\"padding-top:0;padding-right:0;padding-bottom:0;padding-left:0;flex-basis:80%\">\n<div class=\"wp-block-group move-to-left has-white-background-color has-background has-global-padding is-content-justification-center is-layout-constrained wp-container-core-group-is-layout-c459e66d wp-block-group-is-layout-constrained\" style=\"border-radius:15px;min-height:100%;padding-top:var(--wp--preset--spacing--50);padding-right:var(--wp--preset--spacing--70);padding-bottom:var(--wp--preset--spacing--30);padding-left:var(--wp--preset--spacing--70)\">\n<p class=\"has-text-align-center has-din-font-family has-large-font-size\" style=\"line-height:1;text-transform:uppercase\"><strong>PEMES CON IMPACTO<\/strong><\/p>\n\n\n\n<p class=\"has-text-align-center\">Pemes con Impacto \u00e9 un programa para pequenas e medianas empresas que <strong>apostan polo dereito \u00e1 educaci\u00f3n dos nenos m\u00e1is vulnerables, que viven en pa\u00edses<\/strong> con altos \u00edndices de pobreza e exclusi\u00f3n social.<\/p>\n<\/div>\n<\/div>\n<\/div>\n<\/div>\n\n\n\n<div class=\"wp-block-group has-global-padding is-layout-constrained wp-block-group-is-layout-constrained\">\n<h2 class=\"wp-block-heading has-text-align-center has-x-large-font-size\" id=\"h-entreculturas-en-cifras\" style=\"padding-right:20px;padding-left:20px\">Entreculturas en cifras<\/h2>\n\n\n\n<div class=\"wp-block-group has-global-padding is-layout-constrained wp-container-core-group-is-layout-eee0ce2b wp-block-group-is-layout-constrained\" style=\"margin-top:0;margin-bottom:var(--wp--preset--spacing--80);padding-right:20px;padding-left:20px\">\n<div class=\"wp-block-group padding-cifras-numero-bloque has-red-background-color has-background has-global-padding is-layout-constrained wp-container-core-group-is-layout-b4f26eae wp-block-group-is-layout-constrained\" style=\"border-radius:15px;margin-top:var(--wp--preset--spacing--30);padding-top:var(--wp--preset--spacing--30);padding-right:var(--wp--preset--spacing--60);padding-bottom:var(--wp--preset--spacing--30);padding-left:var(--wp--preset--spacing--60)\">\n<div class=\"wp-block-columns is-layout-flex wp-container-core-columns-is-layout-28f84493 wp-block-columns-is-layout-flex\">\n<div class=\"wp-block-column margen-cifras-numeros is-layout-flow wp-block-column-is-layout-flow\">\n<div class=\"wp-block-group is-vertical is-content-justification-center is-layout-flex wp-container-core-group-is-layout-ce155fab wp-block-group-is-layout-flex\">\n<p class=\"has-white-color has-text-color\" style=\"font-size:53px;font-style:normal;font-weight:900\"><\/p><p data-count=\"233\" class=\"bloque-cifras-numeros counter has-white-color has-text-color\" style=\"font-size:53px;font-style:normal;font-weight:900\">0<\/p>\n\n\n\n\n<p class=\"has-white-color has-text-color has-medium-font-size\" style=\"font-style:normal;font-weight:700\">Proxectos<\/p>\n<\/div>\n<\/div>\n\n\n\n<div class=\"wp-block-column margen-cifras-numeros is-layout-flow wp-block-column-is-layout-flow\">\n<div class=\"wp-block-group is-vertical is-content-justification-center is-layout-flex wp-container-core-group-is-layout-ce155fab wp-block-group-is-layout-flex\">\n<p class=\"has-white-color has-text-color\" style=\"font-size:53px;font-style:normal;font-weight:900\"><\/p><p data-count=\"390659\" class=\"bloque-cifras-numeros counter has-white-color has-text-color\" style=\"font-size:53px;font-style:normal;font-weight:900\">0<\/p>\n\n\n\n\n<p class=\"has-white-color has-text-color has-medium-font-size\" style=\"font-style:normal;font-weight:700\"><strong>Persoas acompa\u00f1adas<\/strong><\/p>\n<\/div>\n<\/div>\n\n\n\n<div class=\"wp-block-column margen-cifras-numeros is-layout-flow wp-block-column-is-layout-flow\">\n<div class=\"wp-block-group is-vertical is-content-justification-center is-layout-flex wp-container-core-group-is-layout-ce155fab wp-block-group-is-layout-flex\">\n<p class=\"has-white-color has-text-color\" style=\"font-size:53px;font-style:normal;font-weight:900\">\n    <\/p><p data-count=\"43\" class=\"bloque-cifras-numeros counter has-white-color has-text-color\" style=\"font-size:53px;font-style:normal;font-weight:900\">0<\/p>\n\n\n\n\n<p class=\"has-white-color has-text-color has-medium-font-size\" style=\"font-style:normal;font-weight:700\">Pa\u00edses<\/p>\n<\/div>\n<\/div>\n<\/div>\n\n\n\n<script>document.addEventListener('DOMContentLoaded', function() {\n    const counters = document.querySelectorAll('.counter');\n    const duration = 1500; \/\/ Duraci\u00f3n total de la animaci\u00f3n en milisegundos\n    const frameRate = 60; \/\/ FPS\n\n    const easeOutCubic = t => 1 - Math.pow(1 - t, 3);\n\n    const updateCount = (counter, startTime, initialCount) => {\n        const target = +counter.getAttribute('data-count');\n        const count = +counter.innerText.replace('.', '');\n        const elapsed = Date.now() - startTime;\n        const progress = Math.min(elapsed \/ duration, 1);\n        const easedProgress = easeOutCubic(progress);\n\n        \/\/ Ajustar el valor inicial de la cuenta\n        const nextCount = Math.floor(easedProgress * (target - initialCount)) + initialCount;\n\n        if (count <target) { counter.innerText = nextCount.toLocaleString('es-ES').split(',').join('.'); requestAnimationFrame(() => updateCount(counter, startTime, initialCount));\n        } else {\n            counter.innerText = target.toLocaleString('es-ES').split(',').join('.');\n        }\n    };\n    \n    const observer = new IntersectionObserver((entries) => {\n        entries.forEach(entry => {\n            if (entry.isIntersecting) {\n                const initialCount = +entry.target.innerText.replace('.', '');\n                updateCount(entry.target, Date.now(), initialCount);\n                observer.unobserve(entry.target);  \n            }\n        });\n    });\n\n    counters.forEach(counter => {\n        observer.observe(counter);\n    });\n});\n<\/script>\n<\/div>\n\n\n\n<div class=\"wp-block-buttons is-content-justification-center is-layout-flex wp-container-core-buttons-is-layout-d8c0be80 wp-block-buttons-is-layout-flex\" style=\"margin-top:var(--wp--preset--spacing--40)\">\n<div class=\"wp-block-button button-hover-gris\"><a class=\"wp-block-button__link has-redbright-color has-white-background-color has-text-color has-background wp-element-button\" href=\"https:\/\/www.entreculturas.org\/gl\/?page_id=34429\" style=\"border-width:2px\" target=\"_blank\" rel=\"noreferrer noopener\">CONSULTA A NOSA MEMORIA ANUAL<\/a><\/div>\n<\/div>\n<\/div>\n<\/div>\n\n\n\n<div class=\"wp-block-group has-global-padding is-layout-constrained wp-block-group-is-layout-constrained\" style=\"margin-top:var(--wp--preset--spacing--70);margin-bottom:var(--wp--preset--spacing--70)\">\n<div class=\"wp-block-group is-content-justification-center is-nowrap is-layout-flex wp-container-core-group-is-layout-94210849 wp-block-group-is-layout-flex\" style=\"margin-top:0;margin-bottom:var(--wp--preset--spacing--60)\">\n<div class=\"wp-block-group heart-divider has-global-padding is-layout-constrained wp-block-group-is-layout-constrained\">\n<figure class=\"wp-block-image size-full\"><img decoding=\"async\" src=\"https:\/\/www.entreculturas.org\/wp-content\/uploads\/2023\/09\/heart.svg\" alt=\"\" class=\"wp-image-220\"\/><\/figure>\n<\/div>\n<\/div>\n<\/div>\n\n\n\n<div class=\"wp-block-group has-global-padding is-layout-constrained wp-block-group-is-layout-constrained\">\n<p class=\"has-text-align-center text-wrap-balance nuestras-causas-portada has-gray-entreculturas-color has-text-color\" style=\"padding-right:20px;padding-bottom:0.5rem;padding-left:20px;font-size:37px;font-style:normal;font-weight:700;line-height:1.1\">Beneficios de unirse<\/p>\n\n\n\n<p class=\"has-text-align-center text-wrap-balance nuestras-causas-portada p2 has-gray-entreculturas-color has-text-color\" style=\"padding-right:20px;padding-bottom:var(--wp--preset--spacing--50);padding-left:20px;font-size:37px;font-style:normal;font-weight:700;line-height:1.1\">  empresas por unha causa<\/p>\n\n\n\n<p class=\"has-text-align-center beneficios-subtitle\" style=\"margin-bottom:2.6rem;font-size:20px\">Unha colaboraci\u00f3n para facer crecer a t\u00faa empresa<\/p>\n<\/div>\n\n\n\n<div class=\"wp-block-group empresas-beneficios has-global-padding is-layout-constrained wp-container-core-group-is-layout-4106dc13 wp-block-group-is-layout-constrained\" style=\"padding-right:20px;padding-bottom:var(--wp--preset--spacing--60);padding-left:20px\">\n<div class=\"wp-block-columns empresas-beneficios-column is-layout-flex wp-container-core-columns-is-layout-14cf5ab5 wp-block-columns-is-layout-flex\">\n<div class=\"wp-block-column is-layout-flow wp-block-column-is-layout-flow\">\n<div class=\"wp-block-group height-100 beneficio-pila has-white-background-color has-background is-vertical is-content-justification-stretch is-layout-flex wp-container-core-group-is-layout-f027ef41 wp-block-group-is-layout-flex\" style=\"border-radius:10px;padding-top:30px;padding-right:16px;padding-bottom:30px;padding-left:16px\">\n<div class=\"wp-block-group has-global-padding is-layout-constrained wp-block-group-is-layout-constrained\" style=\"padding-bottom:7px\">\n<figure class=\"wp-block-image aligncenter size-full\"><img decoding=\"async\" src=\"https:\/\/www.entreculturas.org\/wp-content\/uploads\/2024\/05\/Impacto-social.svg\" alt=\"\" class=\"wp-image-1629\"\/><\/figure>\n<\/div>\n\n\n\n<p class=\"has-text-align-center\" style=\"margin-bottom:4px;font-style:normal;font-weight:900\">Impacto social<\/p>\n\n\n\n<p class=\"has-text-align-center\" style=\"font-size:12px\">Ampliar o impacto social e reforzar a Responsabilidade Social Corporativa.<\/p>\n<\/div>\n<\/div>\n\n\n\n<div class=\"wp-block-column is-layout-flow wp-block-column-is-layout-flow\">\n<div class=\"wp-block-group height-100 has-white-background-color has-background is-vertical is-content-justification-stretch is-layout-flex wp-container-core-group-is-layout-4e3698c1 wp-block-group-is-layout-flex\" style=\"border-radius:10px;padding-top:23px;padding-right:16px;padding-bottom:23px;padding-left:16px\">\n<div class=\"wp-block-group has-global-padding is-layout-constrained wp-block-group-is-layout-constrained\" style=\"padding-bottom:10px\">\n<figure class=\"wp-block-image aligncenter size-full\"><img decoding=\"async\" src=\"https:\/\/www.entreculturas.org\/wp-content\/uploads\/2023\/10\/reconocimiento.svg\" alt=\"\" class=\"wp-image-1630\"\/><\/figure>\n<\/div>\n\n\n\n<p class=\"has-text-align-center\" style=\"margin-bottom:4px;font-style:normal;font-weight:900\">Reco\u00f1ecemento<\/p>\n\n\n\n<p class=\"has-text-align-center\" style=\"font-size:12px\">Colaborar cunha ONG co\u00f1ecida, seria e transparente.<\/p>\n<\/div>\n<\/div>\n\n\n\n<div class=\"wp-block-column is-layout-flow wp-block-column-is-layout-flow\">\n<div class=\"wp-block-group height-100 has-white-background-color has-background is-vertical is-content-justification-stretch is-layout-flex wp-container-core-group-is-layout-d3684a61 wp-block-group-is-layout-flex\" style=\"border-radius:10px;padding-top:19px;padding-right:16px;padding-bottom:19px;padding-left:16px\">\n<div class=\"wp-block-group has-global-padding is-layout-constrained wp-block-group-is-layout-constrained\" style=\"padding-bottom:6px\">\n<figure class=\"wp-block-image aligncenter size-full is-resized\"><img decoding=\"async\" src=\"https:\/\/www.entreculturas.org\/wp-content\/uploads\/2023\/10\/reputacion.svg\" alt=\"\" class=\"wp-image-1631\" style=\"object-fit:cover;width:63px;height:63px\"\/><\/figure>\n<\/div>\n\n\n\n<p class=\"has-text-align-center\" style=\"margin-bottom:2px;font-style:normal;font-weight:900\">Reputaci\u00f3n<\/p>\n\n\n\n<p class=\"has-text-align-center\" style=\"font-size:12px\">Impulsa a reputaci\u00f3n da t\u00faa empresa entre os teus clientes, provedores e p\u00fablico pr\u00f3ximo.<\/p>\n<\/div>\n<\/div>\n\n\n\n<div class=\"wp-block-column is-layout-flow wp-block-column-is-layout-flow\">\n<div class=\"wp-block-group height-100 has-white-background-color has-background is-vertical is-content-justification-stretch is-layout-flex wp-container-core-group-is-layout-d3684a61 wp-block-group-is-layout-flex\" style=\"border-radius:10px;padding-top:19px;padding-right:16px;padding-bottom:19px;padding-left:16px\">\n<div class=\"wp-block-group has-global-padding is-layout-constrained wp-block-group-is-layout-constrained\" style=\"padding-bottom:7px\">\n<figure class=\"wp-block-image aligncenter size-full is-resized\"><img decoding=\"async\" src=\"https:\/\/www.entreculturas.org\/wp-content\/uploads\/2023\/10\/Alcance.svg\" alt=\"\" class=\"wp-image-1632\" style=\"object-fit:cover;width:64px;height:62px\"\/><\/figure>\n<\/div>\n\n\n\n<p class=\"has-text-align-center\" style=\"margin-bottom:2px;font-style:normal;font-weight:900\">\u00c1mbito<\/p>\n\n\n\n<p class=\"has-text-align-center\" style=\"font-size:12px\">Difunde a t\u00faa participaci\u00f3n no programa nas t\u00faas canles de comunicaci\u00f3n e redes sociais.<\/p>\n<\/div>\n<\/div>\n<\/div>\n\n\n\n<div class=\"wp-block-columns empresas-beneficios-column is-layout-flex wp-container-core-columns-is-layout-14cf5ab5 wp-block-columns-is-layout-flex\">\n<div class=\"wp-block-column is-layout-flow wp-block-column-is-layout-flow\">\n<div class=\"wp-block-group height-100 has-white-background-color has-background is-vertical is-content-justification-stretch is-layout-flex wp-container-core-group-is-layout-a9d43e9a wp-block-group-is-layout-flex\" style=\"border-radius:10px;padding-top:24px;padding-right:16px;padding-bottom:30px;padding-left:16px\">\n<div class=\"wp-block-group has-global-padding is-layout-constrained wp-block-group-is-layout-constrained\" style=\"padding-bottom:7px\">\n<figure class=\"wp-block-image aligncenter size-full is-resized\"><img decoding=\"async\" src=\"https:\/\/www.entreculturas.org\/wp-content\/uploads\/2023\/11\/beneficios-fiscales.svg\" alt=\"\" class=\"wp-image-1800\" style=\"object-fit:cover;width:69px;height:60px\"\/><\/figure>\n<\/div>\n\n\n\n<p class=\"has-text-align-center\" style=\"margin-bottom:4px;font-style:normal;font-weight:900\">Beneficios fiscais<\/p>\n\n\n\n<p class=\"has-text-align-center\" style=\"font-size:12px\">Beneficia o teu negocio<br>coa correspondente deduci\u00f3n fiscal.<\/p>\n<\/div>\n<\/div>\n\n\n\n<div class=\"wp-block-column is-layout-flow wp-block-column-is-layout-flow\">\n<div class=\"wp-block-group height-100 has-white-background-color has-background is-vertical is-content-justification-stretch is-layout-flex wp-container-core-group-is-layout-d789077f wp-block-group-is-layout-flex\" style=\"border-radius:10px;padding-top:25px;padding-right:16px;padding-bottom:30px;padding-left:16px\">\n<div class=\"wp-block-group has-global-padding is-layout-constrained wp-block-group-is-layout-constrained\" style=\"padding-bottom:7px;font-size:16px\">\n<figure class=\"wp-block-image aligncenter size-full is-resized\"><img decoding=\"async\" src=\"https:\/\/www.entreculturas.org\/wp-content\/uploads\/2023\/10\/liderazgo.svg\" alt=\"\" class=\"wp-image-1634\" style=\"object-fit:cover;width:60px;height:59px\"\/><\/figure>\n<\/div>\n\n\n\n<p class=\"has-text-align-center\" style=\"margin-bottom:4px;font-style:normal;font-weight:900\">Liderado<\/p>\n\n\n\n<p class=\"has-text-align-center\" style=\"font-size:12px\">Motiva aos teus empregados<br>empresa ou comercio.<\/p>\n<\/div>\n<\/div>\n\n\n\n<div class=\"wp-block-column is-layout-flow wp-block-column-is-layout-flow\">\n<div class=\"wp-block-group height-100 has-white-background-color has-background is-vertical is-content-justification-stretch is-layout-flex wp-container-core-group-is-layout-a9d43e9a wp-block-group-is-layout-flex\" style=\"border-radius:10px;padding-top:24px;padding-right:16px;padding-bottom:30px;padding-left:16px\">\n<div class=\"wp-block-group has-global-padding is-layout-constrained wp-block-group-is-layout-constrained\" style=\"padding-bottom:7px;font-size:8px\">\n<figure class=\"wp-block-image aligncenter size-full is-resized\"><img decoding=\"async\" src=\"https:\/\/www.entreculturas.org\/wp-content\/uploads\/2023\/10\/sostenibilidad.svg\" alt=\"\" class=\"wp-image-1635\" style=\"object-fit:cover;width:84px;height:59px\"\/><\/figure>\n<\/div>\n\n\n\n<p class=\"has-text-align-center\" style=\"margin-bottom:4px;font-style:normal;font-weight:900\">Sostibilidade<\/p>\n\n\n\n<p class=\"has-text-align-center\" style=\"font-size:12px\">Fidelice os clientes a trav\u00e9s da s\u00faa implicaci\u00f3n nos Obxectivos de Desenvolvemento Sostible.<\/p>\n<\/div>\n<\/div>\n\n\n\n<div class=\"wp-block-column is-layout-flow wp-block-column-is-layout-flow\">\n<div class=\"wp-block-group height-100 has-white-background-color has-background is-vertical is-content-justification-stretch is-layout-flex wp-container-core-group-is-layout-b7235019 wp-block-group-is-layout-flex\" style=\"border-radius:10px;padding-top:32px;padding-right:16px;padding-bottom:18px;padding-left:16px\">\n<div class=\"wp-block-group has-global-padding is-layout-constrained wp-block-group-is-layout-constrained\" style=\"padding-bottom:13px;font-size:15px\">\n<figure class=\"wp-block-image aligncenter size-full is-resized\"><img decoding=\"async\" src=\"https:\/\/www.entreculturas.org\/wp-content\/uploads\/2023\/10\/visibilidad.svg\" alt=\"\" class=\"wp-image-1636\" style=\"object-fit:cover;width:84px;height:44px\"\/><\/figure>\n<\/div>\n\n\n\n<p class=\"has-text-align-center\" style=\"margin-bottom:4px;font-style:normal;font-weight:900\">Visibilidade<\/p>\n\n\n\n<p class=\"has-text-align-center\" style=\"font-size:12px\">Maior visibilidade como empresa que asume a s\u00faa responsabilidade coa sociedade.<\/p>\n<\/div>\n<\/div>\n<\/div>\n<\/div>\n\n\n\n<div class=\"wp-block-group has-global-padding is-layout-constrained wp-block-group-is-layout-constrained\">\n<div class=\"wp-block-group beneficios_ has-white-background-color has-background has-global-padding is-layout-constrained wp-container-core-group-is-layout-a596169c wp-block-group-is-layout-constrained\" style=\"border-radius:15px;padding-top:var(--wp--preset--spacing--60);padding-right:10rem;padding-bottom:var(--wp--preset--spacing--60);padding-left:10rem\">\n<h2 class=\"wp-block-heading has-text-align-center\" id=\"h-beneficios-fiscais\">Beneficios fiscais<\/h2>\n\n\n\n<div class=\"wp-block-group has-global-padding is-layout-constrained wp-container-core-group-is-layout-c0815813 wp-block-group-is-layout-constrained\" style=\"margin-top:var(--wp--preset--spacing--40)\">\n<p><strong>Se es unha persoa xur\u00eddica (empresa), podes deducir as t\u00faas achegas \u00e1s ONG.<\/strong><\/p>\n\n\n\n<ul class=\"wp-block-list\">\n<li>Se levas menos de 3 anos colaborando con Entreculturas, tes unha deduci\u00f3n fiscal do 40%.<\/li>\n\n\n\n<li>Se a t\u00faa colaboraci\u00f3n supera os 3 anos, ter\u00e1s unha deduci\u00f3n fiscal do 50%.<\/li>\n<\/ul>\n\n\n\n<p>Ademais, se resides nunha comunidade aut\u00f3noma suxeita a un determinado r\u00e9xime auton\u00f3mico ou con deduci\u00f3ns adicionais por doaz\u00f3ns a ONG, poder\u00e1s ter deduci\u00f3ns diferentes.  <\/p>\n\n\n\n<p>Lembra que, para poder comunicar no mes de xaneiro \u00e1 Axencia Tributaria o importe das t\u00faas achegas e\/ou doaz\u00f3ns, necesitamos a t\u00faa informaci\u00f3n fiscal. Se a\u00ednda non nos facilitaches a t\u00faa informaci\u00f3n, ch\u00e1manos ao 91 590 26 72 ou escr\u00edbenos a <a href=\"mailto:empresas@entreculturas.org\">companies@entreculturas.org<\/a> .  <\/p>\n<\/div>\n\n\n<\/div>\n<\/div>\n\n\n\n<h2 class=\"wp-block-heading has-text-align-center text-wrap-balance nuestras-causas-portada has-gray-color has-text-color\" id=\"h-tes-dubidas-sobre-como-e-por-que-converter-a-tua-empresa-en-socio-de-entreculturas\" style=\"margin-top:var(--wp--preset--spacing--50);margin-right:20px;margin-bottom:var(--wp--preset--spacing--40);margin-left:20px;font-size:40px\"><strong>Tes d\u00fabidas sobre como e por que converter a t\u00faa empresa en socio de Entreculturas?<\/strong><\/h2>\n\n\n\n<div class=\"wp-block-group has-global-padding is-layout-constrained wp-container-core-group-is-layout-00f901b1 wp-block-group-is-layout-constrained\" style=\"margin-bottom:var(--wp--preset--spacing--40);padding-right:20px;padding-left:20px\">\n<details class=\"wp-block-details font-size-16 is-layout-flow wp-block-details-is-layout-flow\" style=\"border-top-color:#b1b1b1;border-top-width:1px;border-bottom-color:#b1b1b1;border-bottom-width:1px;padding-top:var(--wp--preset--spacing--30);padding-bottom:var(--wp--preset--spacing--30);font-size:20px\"><summary>Cando remate todo o proceso para facer que a mi\u00f1a empresa sexa membro, que deber\u00eda pasar?<\/summary>\n<p class=\"font-size-14\" style=\"margin-top:var(--wp--preset--spacing--30);font-size:16px\">En canto remate de completar o formulario, recibir\u00e1 un correo electr\u00f3nico de confirmaci\u00f3n. Se non o recibiches podes po\u00f1erte en contacto connosco en companies@entreculturas.org ou chamando ao 915902672.<\/p>\n<\/details>\n\n\n\n<details class=\"wp-block-details font-size-16 is-layout-flow wp-block-details-is-layout-flow\" style=\"border-bottom-color:#b1b1b1;border-bottom-width:1px;margin-bottom:var(--wp--preset--spacing--30);padding-top:var(--wp--preset--spacing--30);padding-bottom:var(--wp--preset--spacing--30);font-size:20px\"><summary>Canto tempo ser\u00e1 a mi\u00f1a empresa socia de Entreculturas?<\/summary>\n<p class=\"font-size-14\" style=\"margin-top:var(--wp--preset--spacing--30);margin-bottom:0px;font-size:16px\">Ata cando queiras. Se nalg\u00fan momento a empresa non quere seguir colaborando ou quere modificar a s\u00faa cota s\u00f3 tes que chamarnos ao 915902672 ou escribirnos a companies@entreculturas.org<\/p>\n<\/details>\n\n\n\n<details class=\"wp-block-details font-size-16 is-layout-flow wp-block-details-is-layout-flow\" style=\"border-bottom-color:#b1b1b1;border-bottom-width:1px;padding-right:0;padding-bottom:var(--wp--preset--spacing--30);font-size:20px\"><summary>Recibirei informaci\u00f3n sobre a mi\u00f1a colaboraci\u00f3n?<\/summary>\n<p class=\"font-size-14\" style=\"margin-top:var(--wp--preset--spacing--30);font-size:16px\">Desde o momento en que fas socio da t\u00faa empresa e nun prazo aproximado de 15 d\u00edas, recibir\u00e1s un correo electr\u00f3nico ou carta de benvida e, a partir de ent\u00f3n, estar\u00e1s ao tanto de todas as nosas actividades, proxectos ou eventos.<\/p>\n<\/details>\n\n\n\n<details class=\"wp-block-details font-size-16 is-layout-flow wp-block-details-is-layout-flow\" style=\"border-bottom-color:#b1b1b1;border-bottom-width:1px;padding-top:var(--wp--preset--spacing--30);padding-bottom:var(--wp--preset--spacing--30);font-size:20px\"><summary>Se son socio, podo colaborar doutro xeito con Entreculturas?<\/summary>\n<p class=\"font-size-14\" style=\"margin-top:var(--wp--preset--spacing--30);margin-bottom:var(--wp--preset--spacing--30);font-size:16px\">Si! Ademais de ser socio recurrente, tam\u00e9n podes participar nas nosas campa\u00f1as espec\u00edficas ou colaborar cun proxecto ou emerxencia concreta. As\u00ed mesmo, ter\u00e1s a oportunidade de participar nas convocatorias de voluntariado que temos en Espa\u00f1a e noutros pa\u00edses onde intervemos.<br>Se tes unha empresa, podes participar en iniciativas empresariais por unha causa.<\/p>\n<\/details>\n\n\n\n<details class=\"wp-block-details font-size-16 is-layout-flow wp-block-details-is-layout-flow\" style=\"border-bottom-color:#b1b1b1;border-bottom-width:1px;padding-top:var(--wp--preset--spacing--30);padding-bottom:var(--wp--preset--spacing--30);font-size:20px\"><summary>Se a mi\u00f1a empresa \u00e9 socia, podo colaborar doutro xeito con Entreculturas?<\/summary>\n<p class=\"font-size-14\" style=\"margin-top:var(--wp--preset--spacing--30);font-size:16px\">Si! Ademais de facer unha achega recurrente como empresa colaboradora, tam\u00e9n podes participar nas nosas campa\u00f1as espec\u00edficas ou colaborar cun proxecto ou emerxencia concreta. Podes consultar m\u00e1is informaci\u00f3n sobre as diferentes posibilidades de colaboraci\u00f3n coas empresas entrando en Empresas por unha Causa.<\/p>\n<\/details>\n\n\n\n<details class=\"wp-block-details font-size-16 is-layout-flow wp-block-details-is-layout-flow\" style=\"border-bottom-color:#b1b1b1;border-bottom-width:1px;padding-top:var(--wp--preset--spacing--30);padding-bottom:var(--wp--preset--spacing--30);font-size:20px\"><summary>Como podo obter o meu certificado de desgravaci\u00f3n fiscal para a mi\u00f1a declaraci\u00f3n da renda?<\/summary>\n<p class=\"font-size-14\" style=\"margin-top:var(--wp--preset--spacing--30);margin-bottom:var(--wp--preset--spacing--30);font-size:16px\">Dende Entreculturas enviar\u00e9mosche por correo electr\u00f3nico e\/ou por correo postal o certificado de doaz\u00f3n para a bonificaci\u00f3n fiscal correspondente. Remitir\u00e9molo no mes de febreiro do seguinte exercicio de colaboraci\u00f3n.<\/p>\n<\/details>\n\n\n\n<details class=\"wp-block-details font-size-16 is-layout-flow wp-block-details-is-layout-flow\" style=\"border-bottom-color:#b1b1b1;border-bottom-width:1px;padding-top:var(--wp--preset--spacing--30);padding-bottom:var(--wp--preset--spacing--30);font-size:20px\"><summary>Cambiei a mi\u00f1a conta bancaria ou o enderezo da empresa. Como podo actualizalos?<\/summary>\n<p style=\"margin-top:var(--wp--preset--spacing--30);margin-bottom:var(--wp--preset--spacing--30);font-size:16px\">Contacta connosco e cambiar\u00e9molo ao instante. \u00c9 moi importante que nos notifique estes cambios para evitar atrasos administrativos.<br>Podes escribirnos a companies@entreculturas.org ou chamarnos ao 915902672.<\/p>\n<\/details>\n<\/div>\n\n\n\n<div class=\"wp-block-group has-global-padding is-layout-constrained wp-container-core-group-is-layout-484a3dd8 wp-block-group-is-layout-constrained\" style=\"margin-bottom:var(--wp--preset--spacing--70);padding-top:var(--wp--preset--spacing--50);padding-right:20px;padding-bottom:var(--wp--preset--spacing--50);padding-left:20px\">\n<div class=\"wp-block-columns has-white-background-color has-background is-layout-flex wp-container-core-columns-is-layout-af4a81e5 wp-block-columns-is-layout-flex\" style=\"border-radius:25px;padding-top:var(--wp--preset--spacing--70);padding-right:var(--wp--preset--spacing--40);padding-bottom:var(--wp--preset--spacing--70);padding-left:var(--wp--preset--spacing--40)\">\n<div class=\"wp-block-column is-layout-flow wp-block-column-is-layout-flow\" style=\"flex-basis:30%\">\n<div class=\"wp-block-group has-global-padding is-layout-constrained wp-block-group-is-layout-constrained\">\n<figure class=\"wp-block-image aligncenter size-full\"><img decoding=\"async\" src=\"https:\/\/www.entreculturas.org\/wp-content\/uploads\/2024\/04\/raquel-abad-empresas.png\" alt=\"\" class=\"wp-image-17565\"\/><\/figure>\n<\/div>\n<\/div>\n\n\n\n<div class=\"wp-block-column is-layout-flow wp-block-column-is-layout-flow\">\n<p class=\"contacta-conmigo-empresas has-large-font-size\" style=\"margin-bottom:var(--wp--preset--spacing--40)\"><strong>p\u00f3\u00f1ase en contacto comigo<\/strong><\/p>\n\n\n\n<p style=\"margin-bottom:var(--wp--preset--spacing--40)\">Se tes algunha d\u00fabida ou necesitas m\u00e1is informaci\u00f3n, ponte en contacto connosco.<\/p>\n\n\n\n<p style=\"margin-bottom:3px\"><strong>Raquel Abad de las Heras<\/strong> .<\/p>\n\n\n\n<p style=\"margin-bottom:3px\">Coordinador de Alianzas e Relaci\u00f3ns Institucionais<\/p>\n\n\n\n<p style=\"margin-bottom:3px\"><strong>Tel\u00e9fono: <mark style=\"background-color:rgba(0, 0, 0, 0)\" class=\"has-inline-color has-red-color\">91 590 26 72<\/mark><\/strong><\/p>\n\n\n\n<p><strong>Correo electr\u00f3nico: <a href=\"mailto:empresas@entreculturas.org\">companies@entreculturas.org<\/a><\/strong><\/p>\n<\/div>\n<\/div>\n<\/div>\n\n\n\n<div style=\"height:50px\" aria-hidden=\"true\" class=\"wp-block-spacer\"><\/div>\n","protected":false},"excerpt":{"rendered":"<p>Ao unirte \u00e1 t\u00faa empresa como socio de Entreculturas ax\u00fadasnos a ofrecer educaci\u00f3n e oportunidades de futuro. A trav\u00e9s dunha pequena contribuci\u00f3n peri\u00f3dica mensual, trimestral ou anual, impactaremos na calidade de vida e na xeraci\u00f3n de oportunidades futuras para mulleres, nenos e mozos de Am\u00e9rica Latina, Asia e \u00c1frica. Se prefires facer unha \u00fanica doaz\u00f3n, fai clic aqu\u00ed PEMES CON IMPACTO Pemes con Impacto \u00e9 un programa para pequenas e medianas empresas que apostan polo dereito \u00e1 educaci\u00f3n dos nenos m\u00e1is vulnerables, que viven en pa\u00edses con altos \u00edndices de pobreza e exclusi\u00f3n social. Beneficios de unirse empresas por unha causa Unha colaboraci\u00f3n para facer crecer a t\u00faa empresa Impacto social Ampliar o impacto social e reforzar a Responsabilidade Social Corporativa. Reco\u00f1ecemento Colaborar cunha ONG co\u00f1ecida, seria e transparente. Reputaci\u00f3n Impulsa a reputaci\u00f3n da t\u00faa empresa entre os teus clientes, provedores e p\u00fablico pr\u00f3ximo. \u00c1mbito Difunde a t\u00faa participaci\u00f3n no [&hellip;]<\/p>\n","protected":false},"author":1,"featured_media":0,"parent":0,"menu_order":0,"comment_status":"closed","ping_status":"closed","template":"","meta":{"_acf_changed":false,"footnotes":""},"class_list":["post-26331","page","type-page","status-publish","hentry"],"acf":[],"yoast_head":"<!-- This site is optimized with the Yoast SEO Premium plugin v21.6 (Yoast SEO v27.5) - https:\/\/yoast.com\/product\/yoast-seo-premium-wordpress\/ -->\n<title>Faite socio de Empresas - Entreculturas<\/title>\n<meta name=\"robots\" content=\"index, follow, max-snippet:-1, max-image-preview:large, max-video-preview:-1\" \/>\n<link rel=\"canonical\" href=\"https:\/\/www.entreculturas.org\/gl\/faite-socio-de-empresas\/\" \/>\n<meta property=\"og:locale\" content=\"gl_ES\" \/>\n<meta property=\"og:type\" content=\"article\" \/>\n<meta property=\"og:title\" content=\"Faite socio de Empresas\" \/>\n<meta property=\"og:description\" content=\"Ao unirte \u00e1 t\u00faa empresa como socio de Entreculturas ax\u00fadasnos a ofrecer educaci\u00f3n e oportunidades de futuro. A trav\u00e9s dunha pequena contribuci\u00f3n peri\u00f3dica mensual, trimestral ou anual, impactaremos na calidade de vida e na xeraci\u00f3n de oportunidades futuras para mulleres, nenos e mozos de Am\u00e9rica Latina, Asia e \u00c1frica. Se prefires facer unha \u00fanica doaz\u00f3n, fai clic aqu\u00ed PEMES CON IMPACTO Pemes con Impacto \u00e9 un programa para pequenas e medianas empresas que apostan polo dereito \u00e1 educaci\u00f3n dos nenos m\u00e1is vulnerables, que viven en pa\u00edses con altos \u00edndices de pobreza e exclusi\u00f3n social. Beneficios de unirse empresas por unha causa Unha colaboraci\u00f3n para facer crecer a t\u00faa empresa Impacto social Ampliar o impacto social e reforzar a Responsabilidade Social Corporativa. Reco\u00f1ecemento Colaborar cunha ONG co\u00f1ecida, seria e transparente. Reputaci\u00f3n Impulsa a reputaci\u00f3n da t\u00faa empresa entre os teus clientes, provedores e p\u00fablico pr\u00f3ximo. \u00c1mbito Difunde a t\u00faa participaci\u00f3n no [&hellip;]\" \/>\n<meta property=\"og:url\" content=\"https:\/\/www.entreculturas.org\/gl\/faite-socio-de-empresas\/\" \/>\n<meta property=\"og:site_name\" content=\"Entreculturas\" \/>\n<meta property=\"article:publisher\" content=\"https:\/\/www.facebook.com\/entreculturas\" \/>\n<meta property=\"article:modified_time\" content=\"2025-10-21T09:06:06+00:00\" \/>\n<meta property=\"og:image\" content=\"https:\/\/www.entreculturas.org\/wp-content\/uploads\/2024\/11\/Copia-de-Monteserin-Fotografia-1-1024x683.jpg\" \/>\n<meta name=\"twitter:card\" content=\"summary_large_image\" \/>\n<meta name=\"twitter:site\" content=\"@Entreculturas\" \/>\n<script type=\"application\/ld+json\" class=\"yoast-schema-graph\">{\"@context\":\"https:\\\/\\\/schema.org\",\"@graph\":[{\"@type\":\"WebPage\",\"@id\":\"https:\\\/\\\/www.entreculturas.org\\\/gl\\\/faite-socio-de-empresas\\\/\",\"url\":\"https:\\\/\\\/www.entreculturas.org\\\/gl\\\/faite-socio-de-empresas\\\/\",\"name\":\"Faite socio de Empresas - Entreculturas\",\"isPartOf\":{\"@id\":\"https:\\\/\\\/www.entreculturas.org\\\/gl\\\/#website\"},\"primaryImageOfPage\":{\"@id\":\"https:\\\/\\\/www.entreculturas.org\\\/gl\\\/faite-socio-de-empresas\\\/#primaryimage\"},\"image\":{\"@id\":\"https:\\\/\\\/www.entreculturas.org\\\/gl\\\/faite-socio-de-empresas\\\/#primaryimage\"},\"thumbnailUrl\":\"https:\\\/\\\/www.entreculturas.org\\\/wp-content\\\/uploads\\\/2024\\\/11\\\/Copia-de-Monteserin-Fotografia-1-1024x683.jpg\",\"datePublished\":\"2024-05-28T10:15:07+00:00\",\"dateModified\":\"2025-10-21T09:06:06+00:00\",\"breadcrumb\":{\"@id\":\"https:\\\/\\\/www.entreculturas.org\\\/gl\\\/faite-socio-de-empresas\\\/#breadcrumb\"},\"inLanguage\":\"gl-ES\",\"potentialAction\":[{\"@type\":\"ReadAction\",\"target\":[\"https:\\\/\\\/www.entreculturas.org\\\/gl\\\/faite-socio-de-empresas\\\/\"]}]},{\"@type\":\"ImageObject\",\"inLanguage\":\"gl-ES\",\"@id\":\"https:\\\/\\\/www.entreculturas.org\\\/gl\\\/faite-socio-de-empresas\\\/#primaryimage\",\"url\":\"https:\\\/\\\/www.entreculturas.org\\\/wp-content\\\/uploads\\\/2024\\\/11\\\/Copia-de-Monteserin-Fotografia-1-1024x683.jpg\",\"contentUrl\":\"https:\\\/\\\/www.entreculturas.org\\\/wp-content\\\/uploads\\\/2024\\\/11\\\/Copia-de-Monteserin-Fotografia-1-1024x683.jpg\"},{\"@type\":\"BreadcrumbList\",\"@id\":\"https:\\\/\\\/www.entreculturas.org\\\/gl\\\/faite-socio-de-empresas\\\/#breadcrumb\",\"itemListElement\":[{\"@type\":\"ListItem\",\"position\":1,\"name\":\"Home\",\"item\":\"https:\\\/\\\/www.entreculturas.org\\\/gl\\\/\"},{\"@type\":\"ListItem\",\"position\":2,\"name\":\"Faite socio de Empresas\"}]},{\"@type\":\"WebSite\",\"@id\":\"https:\\\/\\\/www.entreculturas.org\\\/gl\\\/#website\",\"url\":\"https:\\\/\\\/www.entreculturas.org\\\/gl\\\/\",\"name\":\"Entreculturas\",\"description\":\"\",\"publisher\":{\"@id\":\"https:\\\/\\\/www.entreculturas.org\\\/gl\\\/#organization\"},\"alternateName\":\"Entreculturas\",\"potentialAction\":[{\"@type\":\"SearchAction\",\"target\":{\"@type\":\"EntryPoint\",\"urlTemplate\":\"https:\\\/\\\/www.entreculturas.org\\\/gl\\\/?s={search_term_string}\"},\"query-input\":{\"@type\":\"PropertyValueSpecification\",\"valueRequired\":true,\"valueName\":\"search_term_string\"}}],\"inLanguage\":\"gl-ES\"},{\"@type\":\"Organization\",\"@id\":\"https:\\\/\\\/www.entreculturas.org\\\/gl\\\/#organization\",\"name\":\"Entreculturas\",\"url\":\"https:\\\/\\\/www.entreculturas.org\\\/gl\\\/\",\"logo\":{\"@type\":\"ImageObject\",\"inLanguage\":\"gl-ES\",\"@id\":\"https:\\\/\\\/www.entreculturas.org\\\/gl\\\/#\\\/schema\\\/logo\\\/image\\\/\",\"url\":\"https:\\\/\\\/www.entreculturas.org\\\/wp-content\\\/uploads\\\/2025\\\/10\\\/ESP.svg\",\"contentUrl\":\"https:\\\/\\\/www.entreculturas.org\\\/wp-content\\\/uploads\\\/2025\\\/10\\\/ESP.svg\",\"caption\":\"Entreculturas\"},\"image\":{\"@id\":\"https:\\\/\\\/www.entreculturas.org\\\/gl\\\/#\\\/schema\\\/logo\\\/image\\\/\"},\"sameAs\":[\"https:\\\/\\\/www.facebook.com\\\/entreculturas\",\"https:\\\/\\\/x.com\\\/Entreculturas\",\"https:\\\/\\\/www.instagram.com\\\/entreculturas\\\/\",\"https:\\\/\\\/www.youtube.com\\\/user\\\/entreculturasvideo\",\"https:\\\/\\\/www.linkedin.com\\\/company\\\/fundacion-entreculturas-ngdo\\\/\",\"https:\\\/\\\/www.flickr.com\\\/photos\\\/98455522@N04\\\/albums\\\/\"]}]}<\/script>\n<!-- \/ Yoast SEO Premium plugin. -->","yoast_head_json":{"title":"Faite socio de Empresas - Entreculturas","robots":{"index":"index","follow":"follow","max-snippet":"max-snippet:-1","max-image-preview":"max-image-preview:large","max-video-preview":"max-video-preview:-1"},"canonical":"https:\/\/www.entreculturas.org\/gl\/faite-socio-de-empresas\/","og_locale":"gl_ES","og_type":"article","og_title":"Faite socio de Empresas","og_description":"Ao unirte \u00e1 t\u00faa empresa como socio de Entreculturas ax\u00fadasnos a ofrecer educaci\u00f3n e oportunidades de futuro. A trav\u00e9s dunha pequena contribuci\u00f3n peri\u00f3dica mensual, trimestral ou anual, impactaremos na calidade de vida e na xeraci\u00f3n de oportunidades futuras para mulleres, nenos e mozos de Am\u00e9rica Latina, Asia e \u00c1frica. Se prefires facer unha \u00fanica doaz\u00f3n, fai clic aqu\u00ed PEMES CON IMPACTO Pemes con Impacto \u00e9 un programa para pequenas e medianas empresas que apostan polo dereito \u00e1 educaci\u00f3n dos nenos m\u00e1is vulnerables, que viven en pa\u00edses con altos \u00edndices de pobreza e exclusi\u00f3n social. Beneficios de unirse empresas por unha causa Unha colaboraci\u00f3n para facer crecer a t\u00faa empresa Impacto social Ampliar o impacto social e reforzar a Responsabilidade Social Corporativa. Reco\u00f1ecemento Colaborar cunha ONG co\u00f1ecida, seria e transparente. Reputaci\u00f3n Impulsa a reputaci\u00f3n da t\u00faa empresa entre os teus clientes, provedores e p\u00fablico pr\u00f3ximo. \u00c1mbito Difunde a t\u00faa participaci\u00f3n no [&hellip;]","og_url":"https:\/\/www.entreculturas.org\/gl\/faite-socio-de-empresas\/","og_site_name":"Entreculturas","article_publisher":"https:\/\/www.facebook.com\/entreculturas","article_modified_time":"2025-10-21T09:06:06+00:00","og_image":[{"url":"https:\/\/www.entreculturas.org\/wp-content\/uploads\/2024\/11\/Copia-de-Monteserin-Fotografia-1-1024x683.jpg","type":"","width":"","height":""}],"twitter_card":"summary_large_image","twitter_site":"@Entreculturas","schema":{"@context":"https:\/\/schema.org","@graph":[{"@type":"WebPage","@id":"https:\/\/www.entreculturas.org\/gl\/faite-socio-de-empresas\/","url":"https:\/\/www.entreculturas.org\/gl\/faite-socio-de-empresas\/","name":"Faite socio de Empresas - Entreculturas","isPartOf":{"@id":"https:\/\/www.entreculturas.org\/gl\/#website"},"primaryImageOfPage":{"@id":"https:\/\/www.entreculturas.org\/gl\/faite-socio-de-empresas\/#primaryimage"},"image":{"@id":"https:\/\/www.entreculturas.org\/gl\/faite-socio-de-empresas\/#primaryimage"},"thumbnailUrl":"https:\/\/www.entreculturas.org\/wp-content\/uploads\/2024\/11\/Copia-de-Monteserin-Fotografia-1-1024x683.jpg","datePublished":"2024-05-28T10:15:07+00:00","dateModified":"2025-10-21T09:06:06+00:00","breadcrumb":{"@id":"https:\/\/www.entreculturas.org\/gl\/faite-socio-de-empresas\/#breadcrumb"},"inLanguage":"gl-ES","potentialAction":[{"@type":"ReadAction","target":["https:\/\/www.entreculturas.org\/gl\/faite-socio-de-empresas\/"]}]},{"@type":"ImageObject","inLanguage":"gl-ES","@id":"https:\/\/www.entreculturas.org\/gl\/faite-socio-de-empresas\/#primaryimage","url":"https:\/\/www.entreculturas.org\/wp-content\/uploads\/2024\/11\/Copia-de-Monteserin-Fotografia-1-1024x683.jpg","contentUrl":"https:\/\/www.entreculturas.org\/wp-content\/uploads\/2024\/11\/Copia-de-Monteserin-Fotografia-1-1024x683.jpg"},{"@type":"BreadcrumbList","@id":"https:\/\/www.entreculturas.org\/gl\/faite-socio-de-empresas\/#breadcrumb","itemListElement":[{"@type":"ListItem","position":1,"name":"Home","item":"https:\/\/www.entreculturas.org\/gl\/"},{"@type":"ListItem","position":2,"name":"Faite socio de Empresas"}]},{"@type":"WebSite","@id":"https:\/\/www.entreculturas.org\/gl\/#website","url":"https:\/\/www.entreculturas.org\/gl\/","name":"Entreculturas","description":"","publisher":{"@id":"https:\/\/www.entreculturas.org\/gl\/#organization"},"alternateName":"Entreculturas","potentialAction":[{"@type":"SearchAction","target":{"@type":"EntryPoint","urlTemplate":"https:\/\/www.entreculturas.org\/gl\/?s={search_term_string}"},"query-input":{"@type":"PropertyValueSpecification","valueRequired":true,"valueName":"search_term_string"}}],"inLanguage":"gl-ES"},{"@type":"Organization","@id":"https:\/\/www.entreculturas.org\/gl\/#organization","name":"Entreculturas","url":"https:\/\/www.entreculturas.org\/gl\/","logo":{"@type":"ImageObject","inLanguage":"gl-ES","@id":"https:\/\/www.entreculturas.org\/gl\/#\/schema\/logo\/image\/","url":"https:\/\/www.entreculturas.org\/wp-content\/uploads\/2025\/10\/ESP.svg","contentUrl":"https:\/\/www.entreculturas.org\/wp-content\/uploads\/2025\/10\/ESP.svg","caption":"Entreculturas"},"image":{"@id":"https:\/\/www.entreculturas.org\/gl\/#\/schema\/logo\/image\/"},"sameAs":["https:\/\/www.facebook.com\/entreculturas","https:\/\/x.com\/Entreculturas","https:\/\/www.instagram.com\/entreculturas\/","https:\/\/www.youtube.com\/user\/entreculturasvideo","https:\/\/www.linkedin.com\/company\/fundacion-entreculturas-ngdo\/","https:\/\/www.flickr.com\/photos\/98455522@N04\/albums\/"]}]}},"_links":{"self":[{"href":"https:\/\/www.entreculturas.org\/gl\/wp-json\/wp\/v2\/pages\/26331","targetHints":{"allow":["GET"]}}],"collection":[{"href":"https:\/\/www.entreculturas.org\/gl\/wp-json\/wp\/v2\/pages"}],"about":[{"href":"https:\/\/www.entreculturas.org\/gl\/wp-json\/wp\/v2\/types\/page"}],"author":[{"embeddable":true,"href":"https:\/\/www.entreculturas.org\/gl\/wp-json\/wp\/v2\/users\/1"}],"replies":[{"embeddable":true,"href":"https:\/\/www.entreculturas.org\/gl\/wp-json\/wp\/v2\/comments?post=26331"}],"version-history":[{"count":10,"href":"https:\/\/www.entreculturas.org\/gl\/wp-json\/wp\/v2\/pages\/26331\/revisions"}],"predecessor-version":[{"id":41830,"href":"https:\/\/www.entreculturas.org\/gl\/wp-json\/wp\/v2\/pages\/26331\/revisions\/41830"}],"wp:attachment":[{"href":"https:\/\/www.entreculturas.org\/gl\/wp-json\/wp\/v2\/media?parent=26331"}],"curies":[{"name":"wp","href":"https:\/\/api.w.org\/{rel}","templated":true}]}}