{"id":21688,"date":"2023-11-07T20:14:34","date_gmt":"2023-11-07T19:14:34","guid":{"rendered":"https:\/\/www.entreculturas.org\/valoramos-o-noso-traballo\/"},"modified":"2025-09-23T11:20:45","modified_gmt":"2025-09-23T09:20:45","slug":"valoramos-o-noso-traballo","status":"publish","type":"page","link":"https:\/\/www.entreculturas.org\/gl\/valoramos-o-noso-traballo\/","title":{"rendered":"Valoramos o noso traballo"},"content":{"rendered":"\n<div class=\"wp-block-cover alignfull wp-block-hero\" style=\"padding-top:100px;padding-right:100px;padding-bottom:100px;padding-left:100px\"><img decoding=\"async\" width=\"2560\" height=\"1707\" class=\"wp-block-cover__image-background wp-image-34468\" alt=\"\" src=\"https:\/\/www.entreculturas.org\/wp-content\/uploads\/2024\/10\/Cuzco-Comunidades-10-1-scaled.jpg\" data-object-fit=\"cover\" srcset=\"https:\/\/www.entreculturas.org\/wp-content\/uploads\/2024\/10\/Cuzco-Comunidades-10-1-scaled.jpg 2560w, https:\/\/www.entreculturas.org\/wp-content\/uploads\/2024\/10\/Cuzco-Comunidades-10-1-300x200.jpg 300w, https:\/\/www.entreculturas.org\/wp-content\/uploads\/2024\/10\/Cuzco-Comunidades-10-1-1024x683.jpg 1024w, https:\/\/www.entreculturas.org\/wp-content\/uploads\/2024\/10\/Cuzco-Comunidades-10-1-768x512.jpg 768w, https:\/\/www.entreculturas.org\/wp-content\/uploads\/2024\/10\/Cuzco-Comunidades-10-1-1536x1024.jpg 1536w, https:\/\/www.entreculturas.org\/wp-content\/uploads\/2024\/10\/Cuzco-Comunidades-10-1-2048x1365.jpg 2048w\" sizes=\"(max-width: 2560px) 100vw, 2560px\" \/><span aria-hidden=\"true\" class=\"wp-block-cover__background has-gray-background-color has-background-dim-30 has-background-dim\"><\/span><div class=\"wp-block-cover__inner-container is-layout-flow wp-block-cover-is-layout-flow\">\n<div class=\"wp-block-group has-global-padding is-content-justification-left is-layout-constrained wp-container-core-group-is-layout-9afb9934 wp-block-group-is-layout-constrained\">\n<div class=\"wp-block-group has-global-padding is-content-justification-left is-layout-constrained wp-container-core-group-is-layout-d5378784 wp-block-group-is-layout-constrained\">\n<h1 class=\"wp-block-heading has-text-align-left has-white-color has-text-color\" id=\"h-valoramos-o-noso-traballo\" style=\"margin-top:0;margin-right:0;margin-bottom:0;margin-left:0;padding-top:0px;padding-right:0;padding-bottom:0;padding-left:0\">Valoramos o noso traballo<\/h1>\n\n\n\n<div class=\"wp-block-buttons is-content-justification-left is-layout-flex wp-container-core-buttons-is-layout-0bc89592 wp-block-buttons-is-layout-flex block-visibility-hide-medium-screen block-visibility-hide-small-screen\" style=\"margin-top:var(--wp--preset--spacing--40)\">\n<div class=\"wp-block-button\"><a class=\"wp-block-button__link wp-element-button\" href=\"https:\/\/www.youtube.com\/watch?v=qnPpcNeFj6M\" target=\"_blank\" rel=\"noreferrer noopener\">m\u00e1is informaci\u00f3n<\/a><\/div>\n<\/div>\n<\/div>\n\n\n\n<p class=\"cr-fotografo has-white-color has-text-color\">\u00a9 Monteser\u00edn Fotograf\u00eda<\/p>\n<\/div>\n<\/div><\/div>\n\n\n\n<div class=\"wp-block-group rounded-shadow has-white-background-color has-background has-global-padding is-layout-constrained wp-container-core-group-is-layout-06355609 wp-block-group-is-layout-constrained\" style=\"margin-top:0;margin-bottom:0;padding-top:var(--wp--preset--spacing--40);padding-right:var(--wp--preset--spacing--40);padding-bottom:var(--wp--preset--spacing--70);padding-left:var(--wp--preset--spacing--40)\">\n<div class=\"wp-block-group has-global-padding is-layout-constrained wp-container-core-group-is-layout-69ca767f wp-block-group-is-layout-constrained\">\n<p class=\"has-text-align-center has-purple-color has-text-color has-din-font-family\" style=\"margin-bottom:var(--wp--preset--spacing--40);font-size:54px;line-height:1.1\"><strong>A importancia de avaliar o que facemos<\/strong><\/p>\n\n\n\n<p class=\"font-size-14\" style=\"font-size:20px\">Avaliar \u00e9 fundamental para a aprendizaxe, a mellora e a transparencia. Avaliar ax\u00fadanos a rendir contas ante a sociedade e, fundamentalmente, l\u00e9vanos a aprender do traballo realizado, dos erros e dos \u00e9xitos. As persoas coas que traballamos merecen proxectos de calidade.<br> Por iso, en Entreculturas realizamos avaliaci\u00f3ns das nosas acci\u00f3ns de educaci\u00f3n para a cidadan\u00eda, cooperaci\u00f3n ao desenvolvemento e voluntariado. <strong>Durante a \u00faltima d\u00e9cada avaliamos arredor do 66% da actividade que realizamos a trav\u00e9s de proxectos ou programas.<\/strong><\/p>\n<\/div>\n<\/div>\n\n\n\n<div class=\"wp-block-group has-global-padding is-layout-constrained wp-container-core-group-is-layout-dfee07db wp-block-group-is-layout-constrained\" style=\"padding-top:var(--wp--preset--spacing--70);padding-right:20px;padding-bottom:var(--wp--preset--spacing--70);padding-left:20px\">\n<figure class=\"wp-block-embed is-type-video is-provider-youtube wp-block-embed-youtube wp-embed-aspect-16-9 wp-has-aspect-ratio\"><div class=\"wp-block-embed__wrapper\">\n<iframe loading=\"lazy\" title=\"C\u00f3mo evaluamos, c\u00f3mo aprendemos (con subt\u00edtulos en ingl\u00e9s)\" width=\"500\" height=\"281\" src=\"https:\/\/www.youtube.com\/embed\/qnPpcNeFj6M?feature=oembed\" frameborder=\"0\" allow=\"accelerometer; autoplay; clipboard-write; encrypted-media; gyroscope; picture-in-picture; web-share\" referrerpolicy=\"strict-origin-when-cross-origin\" allowfullscreen><\/iframe>\n<\/div><\/figure>\n<\/div>\n\n\n\n<div class=\"wp-block-group has-global-padding is-layout-constrained wp-container-core-group-is-layout-9aed3246 wp-block-group-is-layout-constrained\" style=\"padding-right:20px;padding-left:20px\">\n<p class=\"has-text-align-center\" style=\"margin-bottom:11px\">A maior parte destas avaliaci\u00f3ns son elaboradas por persoal externo, co obxectivo de garantir a validez metodol\u00f3xica e t\u00e9cnica, xunto co persoal implicado na intervenci\u00f3n.<\/p>\n\n\n\n<p class=\"has-text-align-center\">  Como parte da Federaci\u00f3n Internacional de Fe e Alegr\u00eda, Entreculturas lidera unha das redes que forman parte da Federaci\u00f3n: &#8220;Avaliaci\u00f3n e Medici\u00f3n do Impacto&#8221;. Esta iniciativa promove a investigaci\u00f3n e a avaliaci\u00f3n da nosa pr\u00e1ctica pedag\u00f3xica e promoci\u00f3n social e da cultura da avaliaci\u00f3n. P\u00f3dese atopar m\u00e1is informaci\u00f3n en  <\/p>\n\n\n\n<p class=\"has-text-align-center\"><a href=\"https:\/\/impacto.feyalegria.org\" target=\"_blank\" rel=\"noreferrer noopener\"><strong>impact.feyalegria.org<\/strong><\/a><\/p>\n<\/div>\n\n\n\n<div class=\"wp-block-group has-global-padding is-layout-constrained wp-container-core-group-is-layout-7d536e84 wp-block-group-is-layout-constrained\" style=\"padding-right:20px;padding-left:20px\">\n<div class=\"wp-block-group is-vertical is-content-justification-center is-layout-flex wp-container-core-group-is-layout-0fba7903 wp-block-group-is-layout-flex\" style=\"padding-top:var(--wp--preset--spacing--70);padding-right:0;padding-bottom:var(--wp--preset--spacing--70);padding-left:0\">\n<figure class=\"wp-block-image size-full\"><img decoding=\"async\" src=\"https:\/\/www.entreculturas.org\/wp-content\/uploads\/2023\/09\/heart.svg\" alt=\"\" class=\"wp-image-220\"\/><\/figure>\n\n\n\n<h2 class=\"wp-block-heading has-text-align-center text-wrap-balance nuestras-causas-portada has-gray-entreculturas-color has-text-color\" id=\"h-as-nosas-criticas-destacadas\" style=\"margin-top:var(--wp--preset--spacing--50);margin-bottom:0;font-size:40px\">As nosas cr\u00edticas destacadas<\/h2>\n<\/div>\n<\/div>\n\n\n\n<div class=\"wp-block-group has-global-padding is-layout-constrained wp-container-core-group-is-layout-b45cbc8d wp-block-group-is-layout-constrained\" style=\"margin-bottom:var(--wp--preset--spacing--60);padding-right:20px;padding-left:20px\">\n<div class=\"wp-block-columns is-layout-flex wp-container-core-columns-is-layout-cf05694f wp-block-columns-is-layout-flex\">\n<div class=\"wp-block-column is-layout-flow wp-block-column-is-layout-flow\">\n<div class=\"wp-block-group height-100 flex-spacebetw has-white-background-color has-background is-vertical is-content-justification-stretch is-layout-flex wp-container-core-group-is-layout-edbfc0a1 wp-block-group-is-layout-flex\" style=\"border-radius:15px;padding-top:var(--wp--preset--spacing--50);padding-right:var(--wp--preset--spacing--50);padding-bottom:var(--wp--preset--spacing--50);padding-left:var(--wp--preset--spacing--50)\">\n<p class=\"has-text-align-left nuestras-causas-portada has-din-font-family\" style=\"margin-bottom:var(--wp--preset--spacing--40);font-size:36px;font-style:normal;font-weight:700\">FICHAS DE AVALIACI\u00d3N<\/p>\n\n\n\n<p style=\"margin-bottom:var(--wp--preset--spacing--40)\">A maior\u00eda das nosas avaliaci\u00f3ns est\u00e1n elaboradas por persoal externo, para garantir a validez metodol\u00f3xica e t\u00e9cnica, coa participaci\u00f3n do persoal implicado na intervenci\u00f3n.<\/p>\n\n\n\n<div class=\"wp-block-buttons is-layout-flex wp-block-buttons-is-layout-flex\">\n<div class=\"wp-block-button\"><a class=\"wp-block-button__link wp-element-button\" href=\"https:\/\/www.entreculturas.org\/gl\/rexistros\/\" target=\"_blank\" rel=\"noreferrer noopener\">Ver ficheiros<\/a><\/div>\n<\/div>\n<\/div>\n<\/div>\n\n\n\n<div class=\"wp-block-column is-layout-flow wp-block-column-is-layout-flow\">\n<div class=\"wp-block-group height-100 flex-spacebetw has-white-background-color has-background is-vertical is-content-justification-stretch is-layout-flex wp-container-core-group-is-layout-edbfc0a1 wp-block-group-is-layout-flex\" style=\"border-radius:15px;padding-top:var(--wp--preset--spacing--50);padding-right:var(--wp--preset--spacing--50);padding-bottom:var(--wp--preset--spacing--50);padding-left:var(--wp--preset--spacing--50)\">\n<p class=\"has-text-align-left nuestras-causas-portada has-din-font-family\" style=\"margin-bottom:var(--wp--preset--spacing--40);font-size:36px;font-style:normal;font-weight:700\">CADERNOS DE AVALIACI\u00d3N<\/p>\n\n\n\n<p style=\"margin-bottom:var(--wp--preset--spacing--40)\">Facemos cadernos de avaliaci\u00f3n das intervenci\u00f3ns m\u00e1is salientables co obxectivo de traballar os resultados e recomendaci\u00f3ns do noso traballo.<\/p>\n\n\n\n<div class=\"wp-block-buttons is-layout-flex wp-block-buttons-is-layout-flex\">\n<div class=\"wp-block-button\"><a class=\"wp-block-button__link wp-element-button\" href=\"https:\/\/www.entreculturas.org\/?s=&amp;post_type=publicacion&amp;format=evaluaciones\" target=\"_blank\" rel=\"noreferrer noopener\">VER CADERNOS<\/a><\/div>\n<\/div>\n<\/div>\n<\/div>\n<\/div>\n<\/div>\n\n\n\n<div class=\"wp-block-group has-global-padding is-layout-constrained wp-container-core-group-is-layout-cc019cf6 wp-block-group-is-layout-constrained\" style=\"margin-bottom:var(--wp--preset--spacing--70);padding-right:20px;padding-left:20px\">\n<div class=\"wp-block-columns is-layout-flex wp-container-core-columns-is-layout-cf05694f wp-block-columns-is-layout-flex\">\n<div class=\"wp-block-column is-layout-flow wp-block-column-is-layout-flow\">\n<figure class=\"wp-block-embed is-type-video is-provider-youtube wp-block-embed-youtube wp-embed-aspect-16-9 wp-has-aspect-ratio\"><div class=\"wp-block-embed__wrapper\">\n<iframe loading=\"lazy\" title=\"Educaci\u00f3n de calidad, #Educaci\u00f3nComprometida\" width=\"500\" height=\"281\" src=\"https:\/\/www.youtube.com\/embed\/YyEZnligXpw?feature=oembed\" frameborder=\"0\" allow=\"accelerometer; autoplay; clipboard-write; encrypted-media; gyroscope; picture-in-picture; web-share\" referrerpolicy=\"strict-origin-when-cross-origin\" allowfullscreen><\/iframe>\n<\/div><\/figure>\n<\/div>\n\n\n\n<div class=\"wp-block-column is-layout-flow wp-block-column-is-layout-flow\">\n<figure class=\"wp-block-embed is-type-video is-provider-youtube wp-block-embed-youtube wp-embed-aspect-16-9 wp-has-aspect-ratio\"><div class=\"wp-block-embed__wrapper\">\n<iframe loading=\"lazy\" title=\"V\u00eddeo resumen del Convenio de Educaci\u00f3n Transformadora\" width=\"500\" height=\"281\" src=\"https:\/\/www.youtube.com\/embed\/x54VQW4O7NA?feature=oembed\" frameborder=\"0\" allow=\"accelerometer; autoplay; clipboard-write; encrypted-media; gyroscope; picture-in-picture; web-share\" referrerpolicy=\"strict-origin-when-cross-origin\" allowfullscreen><\/iframe>\n<\/div><\/figure>\n<\/div>\n<\/div>\n<\/div>\n\n\n\n<div class=\"wp-block-group has-global-padding is-layout-constrained wp-container-core-group-is-layout-cc019cf6 wp-block-group-is-layout-constrained\" style=\"margin-bottom:var(--wp--preset--spacing--70);padding-right:20px;padding-left:20px\">\n<div class=\"wp-block-columns is-layout-flex wp-container-core-columns-is-layout-cf05694f wp-block-columns-is-layout-flex\">\n<div class=\"wp-block-column is-layout-flow wp-block-column-is-layout-flow\">\n<figure class=\"wp-block-embed is-type-video is-provider-youtube wp-block-embed-youtube wp-embed-aspect-16-9 wp-has-aspect-ratio\"><div class=\"wp-block-embed__wrapper\">\n<iframe loading=\"lazy\" title=\"Educar Personas, Generar Oportunidades III\" width=\"500\" height=\"281\" src=\"https:\/\/www.youtube.com\/embed\/zvIZqyIK8I8?feature=oembed\" frameborder=\"0\" allow=\"accelerometer; autoplay; clipboard-write; encrypted-media; gyroscope; picture-in-picture; web-share\" referrerpolicy=\"strict-origin-when-cross-origin\" allowfullscreen><\/iframe>\n<\/div><\/figure>\n<\/div>\n<\/div>\n<\/div>\n\n\n\n<div class=\"wp-block-group has-global-padding is-layout-constrained wp-container-core-group-is-layout-5acd9bea wp-block-group-is-layout-constrained\" style=\"margin-bottom:var(--wp--preset--spacing--70);padding-right:20px;padding-left:20px\">\n<section class=\"accordion__block\"><input type=\"checkbox\" id=\"9w2hpz4vdja0kud0djhxcv\" class=\"accordion__checkbox\"\/><label for=\"9w2hpz4vdja0kud0djhxcv\" class=\"wp-block-theme-blocks-newsletter has-white-color has-red-background-color has-text-color has-background\"><p>Queres recibir informaci\u00f3n?<\/p><a class=\"wp-block-button__link has-white-color has-red-background-color has-text-color has-background has-border-color has-white-border-color wp-element-button\" style=\"border-width:2px\">Subscr\u00edbete ao bolet\u00edn<\/a><\/label><div class=\"accordion__content\">\n<div class=\"wp-block-group has-global-padding is-layout-constrained wp-container-core-group-is-layout-98a4a1e3 wp-block-group-is-layout-constrained\" style=\"margin-top:0;margin-bottom:var(--wp--preset--spacing--80)\">\n<div class=\"wp-block-group has-white-background-color has-background has-global-padding is-layout-constrained wp-block-group-is-layout-constrained\">\n<h2 class=\"wp-block-heading has-text-align-center font-size-20\" id=\"h-subscribete-ao-boletin\">Subscr\u00edbete ao bolet\u00edn<\/h2>\n\n\n\n<div class=\"wp-block-group block-contacto is-content-justification-left is-nowrap is-layout-flex wp-container-core-group-is-layout-d8ee05ca wp-block-group-is-layout-flex\" style=\"padding-right:var(--wp--preset--spacing--70);padding-left:var(--wp--preset--spacing--70)\">\n<div class=\"wp-block-group has-global-padding is-layout-constrained wp-block-group-is-layout-constrained block-visibility-hide-medium-screen block-visibility-hide-small-screen\" style=\"padding-top:var(--wp--preset--spacing--50);padding-bottom:var(--wp--preset--spacing--50)\">\n<figure class=\"wp-block-image size-large has-custom-border wp-container-content-b99e70a5 block-visibility-hide-medium-screen block-visibility-hide-small-screen\"><img decoding=\"async\" width=\"1024\" height=\"683\" src=\"https:\/\/www.entreculturas.org\/wp-content\/uploads\/2024\/10\/Cuzco-FyA21-41-1024x683.jpg\" alt=\"\" class=\"wp-image-34482\" style=\"border-radius:12px\" srcset=\"https:\/\/www.entreculturas.org\/wp-content\/uploads\/2024\/10\/Cuzco-FyA21-41-1024x683.jpg 1024w, https:\/\/www.entreculturas.org\/wp-content\/uploads\/2024\/10\/Cuzco-FyA21-41-300x200.jpg 300w, https:\/\/www.entreculturas.org\/wp-content\/uploads\/2024\/10\/Cuzco-FyA21-41-768x512.jpg 768w, https:\/\/www.entreculturas.org\/wp-content\/uploads\/2024\/10\/Cuzco-FyA21-41-1536x1024.jpg 1536w, https:\/\/www.entreculturas.org\/wp-content\/uploads\/2024\/10\/Cuzco-FyA21-41-2048x1365.jpg 2048w\" sizes=\"(max-width: 1024px) 100vw, 1024px\" \/><\/figure>\n<\/div>\n\n\n\n<form style=\"padding-top:var(--wp--preset--spacing--60);padding-right:0;padding-bottom:var(--wp--preset--spacing--60);padding-left:0\" class=\"wp-block-theme-blocks-custom-form wp-container-content-a5fc19f1\" id=\"custom_form\" action=\"\/wp-admin\/admin-post.php?action=custom_form\" method=\"post\"><input type=\"hidden\" name=\"g-recaptcha-response\" id=\"g-recaptcha-response\" value=\"\"\/><input type=\"hidden\" name=\"thanks_page\" value=\"\/thank-you-page\"\/><input type=\"hidden\" name=\"groups[]\" value=\"eBoletin y Campa\u00f1as\"\/>\n<p>Se desexa recibir o noso bolet\u00edn informativo mensual e correos electr\u00f3nicos ocasionais nos que lle ofrecemos informaci\u00f3n, complete este formulario. Rexistrar\u00e9molo inmediatamente na nosa base de datos e poder\u00e1 manterse ao d\u00eda de todas as novidades.<\/p>\n\n\n\n<input type=\"hidden\" name=\"form_type\" value=\"3\"\/>\n\n\n\n<div class=\"input-container\"><label>Nome *<\/label><input type=\"text\" name=\"first_name\"\/><\/div>\n\n\n\n<div class=\"input-container\"><label>Apelidos<\/label><input type=\"text\" name=\"last_name\"\/><\/div>\n\n\n\n<div class=\"input-container\"><label>Correo electr\u00f3nico *<\/label><input type=\"email\" name=\"email\" required\/><\/div>\n\n\n\n<label class=\"acceptance\"><input type=\"checkbox\" required\/><span>Acepto la <a href=\"https:\/\/www.entreculturas.org\/es\/privacidad-entreculturas\" data-type=\"link\" data-id=\"https:\/\/www.entreculturas.org\/es\/privacidad-entreculturas\" target=\"_blank\" rel=\"noreferrer noopener\">Pol\u00edtica de Privacidade<\/a> *<\/span><\/label>\n\n\n\n<p style=\"font-size:12px !important\">\n    Desde ENTRECULTURES FE I ALEGRIA ESPANYA trataremos os datos facilitados como Responsables do tratamento coa finalidade de&#8230;    \n    <a href=\"javascript:void(0);\" id=\"read-more-link\">Seguir leyendo<\/a>.\n<\/p>\n<p class=\"hidden\" id=\"read-more\" style=\"display: none;font-size: 12px;\">\n&#8230;enviarlle o noso bolet\u00edn informativo mensual e informaci\u00f3n espec\u00edfica sobre as nosas acci\u00f3ns e campa\u00f1as, en favor dos nosos obxectivos fundacionais, baseadas no consentimento ou na execuci\u00f3n dun acordo. Pode exercer os seus dereitos enviando un correo electr\u00f3nico a datos@entreculturas.org co asunto &#8220;Protecci\u00f3n de datos&#8221;\n<\/p>\n\n\n\n<script>\ndocument.addEventListener('DOMContentLoaded', function() {\n    document.getElementById('read-more-link').addEventListener('click', function() {\n        var readMoreContent = document.getElementById('read-more');\n        readMoreContent.style.display = 'block !important'; \/\/ Intenta sobrescribir con !important\n\n        \/\/ Si el m\u00e9todo anterior no funciona, utiliza setAttribute\n        if (readMoreContent.style.display !== 'block') {\n            readMoreContent.setAttribute('style', 'display: block !important; font-size: 12px;');\n        } else {\n            \/\/ Si ya est\u00e1 en 'block', solo ajusta el tama\u00f1o de fuente\n            readMoreContent.style.fontSize = '12px';\n        }\n\n        this.style.display = 'none'; \/\/ Opcional: oculta el enlace de \"Seguir leyendo\"\n    });\n});\n<\/script>\n\n\n\n<p class=\"hidden\" id=\"read-more\" style=\"font-size:12px\">Desde ENTRECULTURAS FE Y ALEGR\u00cdA ESPA\u00d1A trataremos los datos aportados en calidad de Responsable del tratamiento con la finalidad de gestionar nuestra relaci\u00f3n contigo, en pro de nuestros objetivos fundacionales, en base al consentimiento o a la ejecuci\u00f3n de un acuerdo. Puedes ejercer tus derechos enviando un email a&nbsp;rgpd@entreculturas.org con el asunto \u201cProtecci\u00f3n de Datos\u201d.<\/p>\n\n\n\n<div class=\"wp-block-group width-70-contacto justify-center-768 is-content-justification-right is-nowrap is-layout-flex wp-container-core-group-is-layout-17124a9a wp-block-group-is-layout-flex\">\n<button class=\"wp-block-button__link wp-element-button\">Subscr\u00edbete<\/button>\n<\/div>\n<\/form>\n<\/div>\n<\/div>\n<\/div>\n<\/div><\/section>\n<\/div>\n","protected":false},"excerpt":{"rendered":"<p>A importancia de avaliar o que facemos Avaliar \u00e9 fundamental para a aprendizaxe, a mellora e a transparencia. Avaliar ax\u00fadanos a rendir contas ante a sociedade e, fundamentalmente, l\u00e9vanos a aprender do traballo realizado, dos erros e dos \u00e9xitos. As persoas coas que traballamos merecen proxectos de calidade. Por iso, en Entreculturas realizamos avaliaci\u00f3ns das nosas acci\u00f3ns de educaci\u00f3n para a cidadan\u00eda, cooperaci\u00f3n ao desenvolvemento e voluntariado. Durante a \u00faltima d\u00e9cada avaliamos arredor do 66% da actividade que realizamos a trav\u00e9s de proxectos ou programas. A maior parte destas avaliaci\u00f3ns son elaboradas por persoal externo, co obxectivo de garantir a validez metodol\u00f3xica e t\u00e9cnica, xunto co persoal implicado na intervenci\u00f3n. Como parte da Federaci\u00f3n Internacional de Fe e Alegr\u00eda, Entreculturas lidera unha das redes que forman parte da Federaci\u00f3n: &#8220;Avaliaci\u00f3n e Medici\u00f3n do Impacto&#8221;. Esta iniciativa promove a investigaci\u00f3n e a avaliaci\u00f3n da nosa pr\u00e1ctica pedag\u00f3xica e promoci\u00f3n social e [&hellip;]<\/p>\n","protected":false},"author":1,"featured_media":0,"parent":0,"menu_order":0,"comment_status":"closed","ping_status":"closed","template":"page-notitle","meta":{"_acf_changed":false,"footnotes":""},"class_list":["post-21688","page","type-page","status-publish","hentry"],"acf":[],"yoast_head":"<!-- This site is optimized with the Yoast SEO Premium plugin v21.6 (Yoast SEO v27.4) - https:\/\/yoast.com\/product\/yoast-seo-premium-wordpress\/ -->\n<title>Avaliamos os nosos proxectos para melloralos<\/title>\n<meta name=\"description\" content=\"Descubre como Entreculturas aval\u00eda os seus programas para garantir a s\u00faa eficacia e impacto social\" \/>\n<meta name=\"robots\" content=\"index, follow, max-snippet:-1, max-image-preview:large, max-video-preview:-1\" \/>\n<link rel=\"canonical\" href=\"https:\/\/www.entreculturas.org\/gl\/valoramos-o-noso-traballo\/\" \/>\n<meta property=\"og:locale\" content=\"gl_ES\" \/>\n<meta property=\"og:type\" content=\"article\" \/>\n<meta property=\"og:title\" content=\"Valoramos o noso traballo\" \/>\n<meta property=\"og:description\" content=\"Descubre como Entreculturas aval\u00eda os seus programas para garantir a s\u00faa eficacia e impacto social\" \/>\n<meta property=\"og:url\" content=\"https:\/\/www.entreculturas.org\/gl\/valoramos-o-noso-traballo\/\" \/>\n<meta property=\"og:site_name\" content=\"Entreculturas\" \/>\n<meta property=\"article:publisher\" content=\"https:\/\/www.facebook.com\/entreculturas\" \/>\n<meta property=\"article:modified_time\" content=\"2025-09-23T09:20:45+00:00\" \/>\n<meta property=\"og:image\" content=\"https:\/\/www.entreculturas.org\/wp-content\/uploads\/2024\/10\/Cuzco-Comunidades-10-1-scaled.jpg\" \/>\n<meta name=\"twitter:card\" content=\"summary_large_image\" \/>\n<meta name=\"twitter:site\" content=\"@Entreculturas\" \/>\n<script type=\"application\/ld+json\" class=\"yoast-schema-graph\">{\"@context\":\"https:\\\/\\\/schema.org\",\"@graph\":[{\"@type\":\"WebPage\",\"@id\":\"https:\\\/\\\/www.entreculturas.org\\\/gl\\\/valoramos-o-noso-traballo\\\/\",\"url\":\"https:\\\/\\\/www.entreculturas.org\\\/gl\\\/valoramos-o-noso-traballo\\\/\",\"name\":\"Avaliamos os nosos proxectos para melloralos\",\"isPartOf\":{\"@id\":\"https:\\\/\\\/www.entreculturas.org\\\/gl\\\/#website\"},\"primaryImageOfPage\":{\"@id\":\"https:\\\/\\\/www.entreculturas.org\\\/gl\\\/valoramos-o-noso-traballo\\\/#primaryimage\"},\"image\":{\"@id\":\"https:\\\/\\\/www.entreculturas.org\\\/gl\\\/valoramos-o-noso-traballo\\\/#primaryimage\"},\"thumbnailUrl\":\"https:\\\/\\\/www.entreculturas.org\\\/wp-content\\\/uploads\\\/2024\\\/10\\\/Cuzco-Comunidades-10-1-scaled.jpg\",\"datePublished\":\"2023-11-07T19:14:34+00:00\",\"dateModified\":\"2025-09-23T09:20:45+00:00\",\"description\":\"Descubre como Entreculturas aval\u00eda os seus programas para garantir a s\u00faa eficacia e impacto social\",\"breadcrumb\":{\"@id\":\"https:\\\/\\\/www.entreculturas.org\\\/gl\\\/valoramos-o-noso-traballo\\\/#breadcrumb\"},\"inLanguage\":\"gl-ES\",\"potentialAction\":[{\"@type\":\"ReadAction\",\"target\":[\"https:\\\/\\\/www.entreculturas.org\\\/gl\\\/valoramos-o-noso-traballo\\\/\"]}]},{\"@type\":\"ImageObject\",\"inLanguage\":\"gl-ES\",\"@id\":\"https:\\\/\\\/www.entreculturas.org\\\/gl\\\/valoramos-o-noso-traballo\\\/#primaryimage\",\"url\":\"https:\\\/\\\/www.entreculturas.org\\\/wp-content\\\/uploads\\\/2024\\\/10\\\/Cuzco-Comunidades-10-1-scaled.jpg\",\"contentUrl\":\"https:\\\/\\\/www.entreculturas.org\\\/wp-content\\\/uploads\\\/2024\\\/10\\\/Cuzco-Comunidades-10-1-scaled.jpg\"},{\"@type\":\"BreadcrumbList\",\"@id\":\"https:\\\/\\\/www.entreculturas.org\\\/gl\\\/valoramos-o-noso-traballo\\\/#breadcrumb\",\"itemListElement\":[{\"@type\":\"ListItem\",\"position\":1,\"name\":\"Home\",\"item\":\"https:\\\/\\\/www.entreculturas.org\\\/gl\\\/\"},{\"@type\":\"ListItem\",\"position\":2,\"name\":\"Valoramos o noso traballo\"}]},{\"@type\":\"WebSite\",\"@id\":\"https:\\\/\\\/www.entreculturas.org\\\/gl\\\/#website\",\"url\":\"https:\\\/\\\/www.entreculturas.org\\\/gl\\\/\",\"name\":\"Entreculturas\",\"description\":\"\",\"publisher\":{\"@id\":\"https:\\\/\\\/www.entreculturas.org\\\/gl\\\/#organization\"},\"alternateName\":\"Entreculturas\",\"potentialAction\":[{\"@type\":\"SearchAction\",\"target\":{\"@type\":\"EntryPoint\",\"urlTemplate\":\"https:\\\/\\\/www.entreculturas.org\\\/gl\\\/?s={search_term_string}\"},\"query-input\":{\"@type\":\"PropertyValueSpecification\",\"valueRequired\":true,\"valueName\":\"search_term_string\"}}],\"inLanguage\":\"gl-ES\"},{\"@type\":\"Organization\",\"@id\":\"https:\\\/\\\/www.entreculturas.org\\\/gl\\\/#organization\",\"name\":\"Entreculturas\",\"url\":\"https:\\\/\\\/www.entreculturas.org\\\/gl\\\/\",\"logo\":{\"@type\":\"ImageObject\",\"inLanguage\":\"gl-ES\",\"@id\":\"https:\\\/\\\/www.entreculturas.org\\\/gl\\\/#\\\/schema\\\/logo\\\/image\\\/\",\"url\":\"https:\\\/\\\/www.entreculturas.org\\\/wp-content\\\/uploads\\\/2025\\\/10\\\/ESP.svg\",\"contentUrl\":\"https:\\\/\\\/www.entreculturas.org\\\/wp-content\\\/uploads\\\/2025\\\/10\\\/ESP.svg\",\"caption\":\"Entreculturas\"},\"image\":{\"@id\":\"https:\\\/\\\/www.entreculturas.org\\\/gl\\\/#\\\/schema\\\/logo\\\/image\\\/\"},\"sameAs\":[\"https:\\\/\\\/www.facebook.com\\\/entreculturas\",\"https:\\\/\\\/x.com\\\/Entreculturas\",\"https:\\\/\\\/www.instagram.com\\\/entreculturas\\\/\",\"https:\\\/\\\/www.youtube.com\\\/user\\\/entreculturasvideo\",\"https:\\\/\\\/www.linkedin.com\\\/company\\\/fundacion-entreculturas-ngdo\\\/\",\"https:\\\/\\\/www.flickr.com\\\/photos\\\/98455522@N04\\\/albums\\\/\"]}]}<\/script>\n<!-- \/ Yoast SEO Premium plugin. -->","yoast_head_json":{"title":"Avaliamos os nosos proxectos para melloralos","description":"Descubre como Entreculturas aval\u00eda os seus programas para garantir a s\u00faa eficacia e impacto social","robots":{"index":"index","follow":"follow","max-snippet":"max-snippet:-1","max-image-preview":"max-image-preview:large","max-video-preview":"max-video-preview:-1"},"canonical":"https:\/\/www.entreculturas.org\/gl\/valoramos-o-noso-traballo\/","og_locale":"gl_ES","og_type":"article","og_title":"Valoramos o noso traballo","og_description":"Descubre como Entreculturas aval\u00eda os seus programas para garantir a s\u00faa eficacia e impacto social","og_url":"https:\/\/www.entreculturas.org\/gl\/valoramos-o-noso-traballo\/","og_site_name":"Entreculturas","article_publisher":"https:\/\/www.facebook.com\/entreculturas","article_modified_time":"2025-09-23T09:20:45+00:00","og_image":[{"url":"https:\/\/www.entreculturas.org\/wp-content\/uploads\/2024\/10\/Cuzco-Comunidades-10-1-scaled.jpg","type":"","width":"","height":""}],"twitter_card":"summary_large_image","twitter_site":"@Entreculturas","schema":{"@context":"https:\/\/schema.org","@graph":[{"@type":"WebPage","@id":"https:\/\/www.entreculturas.org\/gl\/valoramos-o-noso-traballo\/","url":"https:\/\/www.entreculturas.org\/gl\/valoramos-o-noso-traballo\/","name":"Avaliamos os nosos proxectos para melloralos","isPartOf":{"@id":"https:\/\/www.entreculturas.org\/gl\/#website"},"primaryImageOfPage":{"@id":"https:\/\/www.entreculturas.org\/gl\/valoramos-o-noso-traballo\/#primaryimage"},"image":{"@id":"https:\/\/www.entreculturas.org\/gl\/valoramos-o-noso-traballo\/#primaryimage"},"thumbnailUrl":"https:\/\/www.entreculturas.org\/wp-content\/uploads\/2024\/10\/Cuzco-Comunidades-10-1-scaled.jpg","datePublished":"2023-11-07T19:14:34+00:00","dateModified":"2025-09-23T09:20:45+00:00","description":"Descubre como Entreculturas aval\u00eda os seus programas para garantir a s\u00faa eficacia e impacto social","breadcrumb":{"@id":"https:\/\/www.entreculturas.org\/gl\/valoramos-o-noso-traballo\/#breadcrumb"},"inLanguage":"gl-ES","potentialAction":[{"@type":"ReadAction","target":["https:\/\/www.entreculturas.org\/gl\/valoramos-o-noso-traballo\/"]}]},{"@type":"ImageObject","inLanguage":"gl-ES","@id":"https:\/\/www.entreculturas.org\/gl\/valoramos-o-noso-traballo\/#primaryimage","url":"https:\/\/www.entreculturas.org\/wp-content\/uploads\/2024\/10\/Cuzco-Comunidades-10-1-scaled.jpg","contentUrl":"https:\/\/www.entreculturas.org\/wp-content\/uploads\/2024\/10\/Cuzco-Comunidades-10-1-scaled.jpg"},{"@type":"BreadcrumbList","@id":"https:\/\/www.entreculturas.org\/gl\/valoramos-o-noso-traballo\/#breadcrumb","itemListElement":[{"@type":"ListItem","position":1,"name":"Home","item":"https:\/\/www.entreculturas.org\/gl\/"},{"@type":"ListItem","position":2,"name":"Valoramos o noso traballo"}]},{"@type":"WebSite","@id":"https:\/\/www.entreculturas.org\/gl\/#website","url":"https:\/\/www.entreculturas.org\/gl\/","name":"Entreculturas","description":"","publisher":{"@id":"https:\/\/www.entreculturas.org\/gl\/#organization"},"alternateName":"Entreculturas","potentialAction":[{"@type":"SearchAction","target":{"@type":"EntryPoint","urlTemplate":"https:\/\/www.entreculturas.org\/gl\/?s={search_term_string}"},"query-input":{"@type":"PropertyValueSpecification","valueRequired":true,"valueName":"search_term_string"}}],"inLanguage":"gl-ES"},{"@type":"Organization","@id":"https:\/\/www.entreculturas.org\/gl\/#organization","name":"Entreculturas","url":"https:\/\/www.entreculturas.org\/gl\/","logo":{"@type":"ImageObject","inLanguage":"gl-ES","@id":"https:\/\/www.entreculturas.org\/gl\/#\/schema\/logo\/image\/","url":"https:\/\/www.entreculturas.org\/wp-content\/uploads\/2025\/10\/ESP.svg","contentUrl":"https:\/\/www.entreculturas.org\/wp-content\/uploads\/2025\/10\/ESP.svg","caption":"Entreculturas"},"image":{"@id":"https:\/\/www.entreculturas.org\/gl\/#\/schema\/logo\/image\/"},"sameAs":["https:\/\/www.facebook.com\/entreculturas","https:\/\/x.com\/Entreculturas","https:\/\/www.instagram.com\/entreculturas\/","https:\/\/www.youtube.com\/user\/entreculturasvideo","https:\/\/www.linkedin.com\/company\/fundacion-entreculturas-ngdo\/","https:\/\/www.flickr.com\/photos\/98455522@N04\/albums\/"]}]}},"_links":{"self":[{"href":"https:\/\/www.entreculturas.org\/gl\/wp-json\/wp\/v2\/pages\/21688","targetHints":{"allow":["GET"]}}],"collection":[{"href":"https:\/\/www.entreculturas.org\/gl\/wp-json\/wp\/v2\/pages"}],"about":[{"href":"https:\/\/www.entreculturas.org\/gl\/wp-json\/wp\/v2\/types\/page"}],"author":[{"embeddable":true,"href":"https:\/\/www.entreculturas.org\/gl\/wp-json\/wp\/v2\/users\/1"}],"replies":[{"embeddable":true,"href":"https:\/\/www.entreculturas.org\/gl\/wp-json\/wp\/v2\/comments?post=21688"}],"version-history":[{"count":5,"href":"https:\/\/www.entreculturas.org\/gl\/wp-json\/wp\/v2\/pages\/21688\/revisions"}],"predecessor-version":[{"id":42451,"href":"https:\/\/www.entreculturas.org\/gl\/wp-json\/wp\/v2\/pages\/21688\/revisions\/42451"}],"wp:attachment":[{"href":"https:\/\/www.entreculturas.org\/gl\/wp-json\/wp\/v2\/media?parent=21688"}],"curies":[{"name":"wp","href":"https:\/\/api.w.org\/{rel}","templated":true}]}}