{"id":21681,"date":"2023-09-25T14:28:41","date_gmt":"2023-09-25T12:28:41","guid":{"rendered":"https:\/\/www.entreculturas.org\/igualdade-de-xenero\/"},"modified":"2024-06-21T10:21:01","modified_gmt":"2024-06-21T08:21:01","slug":"igualdade-de-xenero","status":"publish","type":"page","link":"https:\/\/www.entreculturas.org\/gl\/igualdade-de-xenero\/","title":{"rendered":"Igualdade de x\u00e9nero"},"content":{"rendered":"\n<div class=\"wp-block-cover is-light wp-block-hero wp-duotone-unset-1\" style=\"padding-top:100px;padding-right:100px;padding-bottom:100px;padding-left:100px\"><span aria-hidden=\"true\" class=\"wp-block-cover__background has-background-dim wp-block-cover__gradient-background has-background-gradient\" style=\"background:linear-gradient(0deg,rgba(0,0,0,0.47) 2%,rgba(255,255,255,0) 100%)\"><\/span><img decoding=\"async\" width=\"1440\" height=\"647\" class=\"wp-block-cover__image-background wp-image-1232\" alt=\"\" src=\"https:\/\/www.entreculturas.org\/wp-content\/uploads\/2023\/09\/bg-2.jpg\" data-object-fit=\"cover\" srcset=\"https:\/\/www.entreculturas.org\/wp-content\/uploads\/2023\/09\/bg-2.jpg 1440w, https:\/\/www.entreculturas.org\/wp-content\/uploads\/2023\/09\/bg-2-300x135.jpg 300w, https:\/\/www.entreculturas.org\/wp-content\/uploads\/2023\/09\/bg-2-1024x460.jpg 1024w, https:\/\/www.entreculturas.org\/wp-content\/uploads\/2023\/09\/bg-2-768x345.jpg 768w\" sizes=\"(max-width: 1440px) 100vw, 1440px\" \/><div class=\"wp-block-cover__inner-container is-layout-flow wp-block-cover-is-layout-flow\">\n<div class=\"wp-block-group has-global-padding is-layout-constrained wp-container-core-group-is-layout-4dcaaabf wp-block-group-is-layout-constrained\">\n<div class=\"wp-block-group header-text-cont transicion-carga animacion-header has-global-padding is-content-justification-left is-layout-constrained wp-container-core-group-is-layout-f0dec1bb wp-block-group-is-layout-constrained\" style=\"margin-top:var(--wp--preset--spacing--80);padding-right:var(--wp--preset--spacing--60);padding-left:var(--wp--preset--spacing--60)\">\n<h1 class=\"wp-block-heading has-text-align-left causa-heading has-white-color has-text-color\" id=\"h-equidade-de-xenero\" style=\"margin-top:0;margin-right:0;margin-bottom:0;margin-left:0;padding-top:0;padding-right:0;padding-bottom:0;padding-left:0\">Equidade<br>de x\u00e9nero<\/h1>\n\n\n\n<p class=\"cr-fotografo has-white-color has-text-color\" style=\"font-size:12px\">\u00a9 Julio P\u00e9rez<\/p>\n<\/div>\n<\/div>\n<\/div><\/div>\n\n\n\n<div class=\"wp-block-group rounded-shadow has-white-background-color has-background has-global-padding is-layout-constrained wp-container-core-group-is-layout-e56de08d wp-block-group-is-layout-constrained\" style=\"margin-top:0;margin-bottom:var(--wp--preset--spacing--70);padding-top:var(--wp--preset--spacing--40);padding-right:var(--wp--preset--spacing--40);padding-bottom:var(--wp--preset--spacing--70);padding-left:var(--wp--preset--spacing--40)\">\n<div class=\"wp-block-group has-global-padding is-layout-constrained wp-container-core-group-is-layout-69ca767f wp-block-group-is-layout-constrained\">\n<p class=\"has-text-align-center has-purple-color has-text-color has-din-font-family\" style=\"margin-bottom:var(--wp--preset--spacing--40);font-size:54px;line-height:1.1\"><strong>Apostamos pola igualdade como requisito esencial para a xustiza social<\/strong><\/p>\n\n\n\n<p class=\"header-text-causa\" style=\"font-size:20px\">En Entreculturas promovemos o cambio de pautas culturais e a defensa da igualdade de x\u00e9nero como dereito humano fundamental e estratexia privilexiada para constru\u00edr a paz e o desenvolvemento.<br><br>A trav\u00e9s dos nosos programas, xunto coas nosas organizaci\u00f3ns colaboradoras, como Fe e Alegr\u00eda e o Servizo Xesuita para os Refuxiados (JRS), prestamos especial atenci\u00f3n \u00e1s mulleres e nenas, que se enfrontan a unha maior desigualdade e vulnerabilidade polo feito de ser mulleres, e traballamos mediante proxectos espec\u00edficos para protexelos da violencia, fomentando a s\u00faa participaci\u00f3n e promovendo o seu desenvolvemento, utilizando a educaci\u00f3n como ferramenta fundamental.<\/p>\n<\/div>\n<\/div>\n\n\n\n<div class=\"wp-block-group no-margin has-global-padding is-layout-constrained wp-container-core-group-is-layout-dca30ccb wp-block-group-is-layout-constrained\" style=\"margin-top:0;margin-bottom:0\">\n<h3 class=\"wp-block-heading has-text-align-center all-caps-text text-28 has-red-color has-text-color\" id=\"h-en-que-nos-centramos\" style=\"font-size:4.3rem\">En que nos centramos:<\/h3>\n\n\n\n<div class=\"wp-block-group has-global-padding is-layout-constrained wp-block-group-is-layout-constrained\">\n<div class=\"wp-block-columns no-gap m-top-20 no-m-b is-layout-flex wp-container-core-columns-is-layout-eb202c1e wp-block-columns-is-layout-flex\" style=\"margin-top:var(--wp--preset--spacing--60);margin-bottom:var(--wp--preset--spacing--60);padding-right:0;padding-left:0\">\n<div class=\"wp-block-column has-white-background-color has-background is-layout-flow wp-container-core-column-is-layout-a77db08e wp-block-column-is-layout-flow\">\n<div class=\"wp-block-group has-white-background-color has-background is-vertical is-content-justification-center is-layout-flex wp-container-core-group-is-layout-c0a9cba6 wp-block-group-is-layout-flex\" style=\"padding-top:0;padding-right:0;padding-bottom:0;padding-left:0\">\n<div class=\"wp-block-group photo-cont has-global-padding is-layout-constrained wp-block-group-is-layout-constrained\">\n<figure class=\"wp-block-image size-full\"><img decoding=\"async\" width=\"585\" height=\"275\" src=\"https:\/\/www.entreculturas.org\/wp-content\/uploads\/2023\/10\/equidad-proteccion.png\" alt=\"\" class=\"wp-image-1559\" srcset=\"https:\/\/www.entreculturas.org\/wp-content\/uploads\/2023\/10\/equidad-proteccion.png 585w, https:\/\/www.entreculturas.org\/wp-content\/uploads\/2023\/10\/equidad-proteccion-300x141.png 300w\" sizes=\"(max-width: 585px) 100vw, 585px\" \/><\/figure>\n\n\n\n<p class=\"cr-photo\">\u00a9 Laura Lora<\/p>\n<\/div>\n\n\n\n<div class=\"wp-block-group p-16 focus-causa-text has-global-padding is-layout-constrained wp-container-core-group-is-layout-32a51a63 wp-block-group-is-layout-constrained\" style=\"padding-top:var(--wp--preset--spacing--60);padding-right:var(--wp--preset--spacing--70);padding-bottom:var(--wp--preset--spacing--70);padding-left:var(--wp--preset--spacing--70)\">\n<p class=\"text-20 title-causa has-purple-color has-text-color has-din-font-family\" style=\"margin-bottom:var(--wp--preset--spacing--60);font-size:36px;line-height:1.1;text-transform:uppercase\"><strong>PROTECCI\u00d3N DAS NENAS CONTRA A VIOLENCIA E DEFENSA DOS SEUS DEREITOS<\/strong><\/p>\n\n\n\n<p>Apostamos pola escola como un espazo seguro que tam\u00e9n protexe \u00e1s nenas e adolescentes, a trav\u00e9s da prevenci\u00f3n de diferentes tipos de violencia (mutilaci\u00f3n xenital feminina, matrimonio precoz, abuso ou explotaci\u00f3n sexual). Ademais, impartimos apoio psicosocial, obradoiros de sa\u00fade sexual e reprodutiva desde un enfoque de dereitos e autoestima, acci\u00f3ns de sensibilizaci\u00f3n comunitaria e formaci\u00f3n do profesorado orientadas a desnaturalizar a violencia, identificar casos e previla. E promovemos o acceso \u00e1 educaci\u00f3n das nenas, especialmente das que se atopan en situaci\u00f3n de vulnerabilidade, e a prevenci\u00f3n do abandono escolar. Un traballo que promovemos a trav\u00e9s do noso programa <a href=\"https:\/\/www.laluzdelasninas.org\/\">La LUZ de las NI\u00d1AS<\/a> .<\/p>\n<\/div>\n<\/div>\n<\/div>\n\n\n\n<div class=\"wp-block-column has-white-background-color has-background is-layout-flow wp-container-core-column-is-layout-8a368f38 wp-block-column-is-layout-flow\">\n<div class=\"wp-block-group has-white-background-color has-background is-vertical is-content-justification-center is-layout-flex wp-container-core-group-is-layout-c0a9cba6 wp-block-group-is-layout-flex\" style=\"padding-top:0;padding-right:0;padding-bottom:0;padding-left:0\">\n<div class=\"wp-block-group photo-cont has-global-padding is-layout-constrained wp-block-group-is-layout-constrained\">\n<figure class=\"wp-block-image size-full\"><img decoding=\"async\" width=\"585\" height=\"275\" src=\"https:\/\/www.entreculturas.org\/wp-content\/uploads\/2023\/10\/equidad-formacion.png\" alt=\"\" class=\"wp-image-1558\" srcset=\"https:\/\/www.entreculturas.org\/wp-content\/uploads\/2023\/10\/equidad-formacion.png 585w, https:\/\/www.entreculturas.org\/wp-content\/uploads\/2023\/10\/equidad-formacion-300x141.png 300w\" sizes=\"(max-width: 585px) 100vw, 585px\" \/><\/figure>\n\n\n\n<p class=\"cr-photo\">\u00a9 Irene Galera<\/p>\n<\/div>\n\n\n\n<div class=\"wp-block-group p-16 focus-causa-text has-global-padding is-layout-constrained wp-container-core-group-is-layout-32a51a63 wp-block-group-is-layout-constrained\" style=\"padding-top:var(--wp--preset--spacing--60);padding-right:var(--wp--preset--spacing--70);padding-bottom:var(--wp--preset--spacing--70);padding-left:var(--wp--preset--spacing--70)\">\n<p class=\"text-20 title-causa has-purple-color has-text-color has-din-font-family\" style=\"margin-bottom:var(--wp--preset--spacing--60);font-size:36px;line-height:1.1;text-transform:uppercase\"><strong>FORMACI\u00d3N DO PROFESORADO<\/strong><\/p>\n\n\n\n<p>O papel do profesorado \u00e9 fundamental na escola, un espazo de protecci\u00f3n e formaci\u00f3n onde se promove a igualdade. En pa\u00edses como Uganda ou Chad, promovemos a integraci\u00f3n das mulleres na profesi\u00f3n docente, co obxectivo de empoderalas e formalas, e que se convertan en modelos para as nenas nas escolas.  <\/p>\n<\/div>\n<\/div>\n<\/div>\n<\/div>\n\n\n\n<div class=\"wp-block-columns no-gap no-margin is-layout-flex wp-container-core-columns-is-layout-eb202c1e wp-block-columns-is-layout-flex\" style=\"margin-top:var(--wp--preset--spacing--60);margin-bottom:var(--wp--preset--spacing--60);padding-right:0;padding-left:0\">\n<div class=\"wp-block-column has-white-background-color has-background is-layout-flow wp-container-core-column-is-layout-a77db08e wp-block-column-is-layout-flow\">\n<div class=\"wp-block-group has-white-background-color has-background is-vertical is-content-justification-center is-layout-flex wp-container-core-group-is-layout-c0a9cba6 wp-block-group-is-layout-flex\" style=\"padding-top:0;padding-right:0;padding-bottom:0;padding-left:0\">\n<div class=\"wp-block-group photo-cont has-global-padding is-layout-constrained wp-block-group-is-layout-constrained\">\n<figure class=\"wp-block-image size-full\"><img decoding=\"async\" width=\"585\" height=\"275\" src=\"https:\/\/www.entreculturas.org\/wp-content\/uploads\/2023\/10\/equidad-acompannamiento.png\" alt=\"\" class=\"wp-image-1555\" srcset=\"https:\/\/www.entreculturas.org\/wp-content\/uploads\/2023\/10\/equidad-acompannamiento.png 585w, https:\/\/www.entreculturas.org\/wp-content\/uploads\/2023\/10\/equidad-acompannamiento-300x141.png 300w\" sizes=\"(max-width: 585px) 100vw, 585px\" \/><\/figure>\n\n\n\n<p class=\"cr-photo\">\u00a9 Laura Lora<\/p>\n<\/div>\n\n\n\n<div class=\"wp-block-group p-16 focus-causa-text has-global-padding is-layout-constrained wp-container-core-group-is-layout-32a51a63 wp-block-group-is-layout-constrained\" style=\"padding-top:var(--wp--preset--spacing--60);padding-right:var(--wp--preset--spacing--70);padding-bottom:var(--wp--preset--spacing--70);padding-left:var(--wp--preset--spacing--70)\">\n<p class=\"text-20 title-causa has-purple-color has-text-color has-din-font-family\" style=\"margin-bottom:var(--wp--preset--spacing--60);font-size:36px;line-height:1.1;text-transform:uppercase\"><strong>ACOMPA\u00d1AMENTO A MULLERES MIGRANTES E REFUXIADAS<\/strong><\/p>\n\n\n\n<p>As mulleres en contextos de mobilidade forzada sofren numerosas formas de violencia e retos espec\u00edficos que se suman aos que se enfrontan por ser mulleres. Por iso, traballamos para acompa\u00f1alos tanto en orixe, tr\u00e1nsito e destino, para que vivan con seguridade e sexan donos da s\u00faa propia vida. En pa\u00edses como a Rep\u00fablica Democr\u00e1tica do Congo, Etiop\u00eda ou Sud\u00e1frica, acompa\u00f1amos \u00e1s mulleres desprazadas ofrec\u00e9ndolles apoio psicosocial, formaci\u00f3n para que se poidan protexer, formaci\u00f3n laboral e obradoiros que lles axuden a mellorar os seus medios de vida.<\/p>\n<\/div>\n<\/div>\n<\/div>\n\n\n\n<div class=\"wp-block-column has-white-background-color has-background is-layout-flow wp-container-core-column-is-layout-8a368f38 wp-block-column-is-layout-flow\">\n<div class=\"wp-block-group has-white-background-color has-background is-vertical is-content-justification-center is-layout-flex wp-container-core-group-is-layout-c0a9cba6 wp-block-group-is-layout-flex\" style=\"padding-top:0;padding-right:0;padding-bottom:0;padding-left:0\">\n<div class=\"wp-block-group photo-cont has-global-padding is-layout-constrained wp-block-group-is-layout-constrained\">\n<figure class=\"wp-block-image size-full\"><img decoding=\"async\" width=\"585\" height=\"275\" src=\"https:\/\/www.entreculturas.org\/wp-content\/uploads\/2023\/10\/equidad-coeducacion.png\" alt=\"\" class=\"wp-image-1557\" srcset=\"https:\/\/www.entreculturas.org\/wp-content\/uploads\/2023\/10\/equidad-coeducacion.png 585w, https:\/\/www.entreculturas.org\/wp-content\/uploads\/2023\/10\/equidad-coeducacion-300x141.png 300w\" sizes=\"(max-width: 585px) 100vw, 585px\" \/><\/figure>\n\n\n\n<p class=\"cr-photo\">\u00a9 Entreculturas<\/p>\n<\/div>\n\n\n\n<div class=\"wp-block-group p-16 focus-causa-text has-global-padding is-layout-constrained wp-container-core-group-is-layout-32a51a63 wp-block-group-is-layout-constrained\" style=\"padding-top:var(--wp--preset--spacing--60);padding-right:var(--wp--preset--spacing--70);padding-bottom:var(--wp--preset--spacing--70);padding-left:var(--wp--preset--spacing--70)\">\n<p class=\"text-20 title-causa has-purple-color has-text-color has-din-font-family\" style=\"margin-bottom:var(--wp--preset--spacing--60);font-size:36px;line-height:1.1;text-transform:uppercase\"><strong>COEDUCACI\u00d3N<\/strong><\/p>\n\n\n\n<p>O dese\u00f1o e implementaci\u00f3n de procesos educativos que buscan capacitar aos cidad\u00e1ns para xerar formas de relaci\u00f3n m\u00e1is xustas, equitativas e sostibles atopan un elemento fundamental no enfoque de x\u00e9nero para ser verdadeiramente transformador. Por iso apostamos pola coeducaci\u00f3n. Coeducar significa detectar todos os estereotipos asociados ao masculino e ao feminino, co\u00f1ecelos e po\u00f1er en marcha as medidas necesarias para eliminalos da nosa lingua e do noso comportamento. Co\u00f1ece os nosos materiais educativos con enfoques coeducativos na nosa <a href=\"https:\/\/redec.org\/\" target=\"_blank\" rel=\"noreferrer noopener\"><strong>web educativa REDEC.<\/strong><\/a><\/p>\n<\/div>\n<\/div>\n<\/div>\n<\/div>\n\n\n\n<div class=\"wp-block-columns no-gap no-margin is-layout-flex wp-container-core-columns-is-layout-eb202c1e wp-block-columns-is-layout-flex\" style=\"margin-top:var(--wp--preset--spacing--60);margin-bottom:var(--wp--preset--spacing--60);padding-right:0;padding-left:0\">\n<div class=\"wp-block-column is-layout-flow wp-container-core-column-is-layout-a77db08e wp-block-column-is-layout-flow\" style=\"flex-basis:25%\"><\/div>\n\n\n\n<div class=\"wp-block-column has-white-background-color has-background is-layout-flow wp-container-core-column-is-layout-a77db08e wp-block-column-is-layout-flow\" style=\"flex-basis:50%\">\n<div class=\"wp-block-group has-white-background-color has-background is-vertical is-content-justification-stretch is-layout-flex wp-container-core-group-is-layout-c3296d98 wp-block-group-is-layout-flex\" style=\"padding-top:0;padding-right:0;padding-bottom:0;padding-left:0\">\n<div class=\"wp-block-group photo-cont has-global-padding is-layout-constrained wp-block-group-is-layout-constrained\">\n<figure class=\"wp-block-image size-full\"><img decoding=\"async\" width=\"585\" height=\"275\" src=\"https:\/\/www.entreculturas.org\/wp-content\/uploads\/2023\/10\/equidad-coalicion.png\" alt=\"\" class=\"wp-image-1556\" srcset=\"https:\/\/www.entreculturas.org\/wp-content\/uploads\/2023\/10\/equidad-coalicion.png 585w, https:\/\/www.entreculturas.org\/wp-content\/uploads\/2023\/10\/equidad-coalicion-300x141.png 300w\" sizes=\"(max-width: 585px) 100vw, 585px\" \/><\/figure>\n\n\n\n<p class=\"cr-photo\">\u00a9 Entreculturas<\/p>\n<\/div>\n\n\n\n<div class=\"wp-block-group p-16 focus-causa-text has-global-padding is-layout-constrained wp-container-core-group-is-layout-32a51a63 wp-block-group-is-layout-constrained\" style=\"padding-top:var(--wp--preset--spacing--60);padding-right:var(--wp--preset--spacing--70);padding-bottom:var(--wp--preset--spacing--70);padding-left:var(--wp--preset--spacing--70)\">\n<p class=\"text-20 title-causa has-purple-color has-text-color has-din-font-family\" style=\"margin-bottom:var(--wp--preset--spacing--60);font-size:36px;line-height:1.1;text-transform:uppercase\"><strong>COALICI\u00d3N \u201cEU NON QUERO\u201d.<\/strong><\/p>\n\n\n\n<p>A trav\u00e9s da coalici\u00f3n &#8220;NO QUIERO&#8221;, formada por Entreculturas, Save the Children, Amnist\u00eda Internacional e Cooperating World, centr\u00e1monos nas diferentes formas de violencia que se exercen contra as nenas. Nos \u00faltimos anos levamos a cabo diferentes acci\u00f3ns de incidencia, denuncia e sensibilizaci\u00f3n, pedindo aos Estados que redoblen os seus esforzos para po\u00f1er fin a esta vulneraci\u00f3n dos Dereitos Humanos.<\/p>\n<\/div>\n<\/div>\n<\/div>\n\n\n\n<div class=\"wp-block-column is-layout-flow wp-container-core-column-is-layout-a77db08e wp-block-column-is-layout-flow\" style=\"flex-basis:25%\"><\/div>\n<\/div>\n<\/div>\n<\/div>\n\n\n\n<div class=\"wp-block-group has-global-padding is-layout-constrained wp-container-core-group-is-layout-41c06ba8 wp-block-group-is-layout-constrained\">\n<div class=\"wp-block-group is-vertical is-content-justification-center is-layout-flex wp-container-core-group-is-layout-da2ee355 wp-block-group-is-layout-flex\" style=\"padding-top:var(--wp--preset--spacing--70);padding-right:0;padding-bottom:var(--wp--preset--spacing--70);padding-left:0\">\n<div class=\"wp-block-group heart-divider has-global-padding is-layout-constrained wp-block-group-is-layout-constrained\">\n<figure class=\"wp-block-image size-full\"><img decoding=\"async\" src=\"https:\/\/www.entreculturas.org\/wp-content\/uploads\/2023\/09\/heart.svg\" alt=\"\" class=\"wp-image-220\"\/><\/figure>\n<\/div>\n\n\n\n<p class=\"has-text-align-center text-wrap-balance text-20 has-gray-entreculturas-color has-text-color\" style=\"font-size:2.5rem;font-style:normal;font-weight:700;line-height:1.1\">Queres colaborar cos nosos proxectos?<\/p>\n\n\n\n<div class=\"wp-block-buttons is-layout-flex wp-block-buttons-is-layout-flex\">\n<div class=\"wp-block-button is-style-fill\"><a class=\"wp-block-button__link has-white-color has-red-logo-background-color has-text-color has-background wp-element-button\" href=\"https:\/\/www.entreculturas.org\/gl\/doar\/\" target=\"_blank\" rel=\"noreferrer noopener\">Colaborar<\/a><\/div>\n<\/div>\n<\/div>\n<\/div>\n\n\n\n<div class=\"wp-block-group related-campaign has-global-padding is-layout-constrained wp-container-core-group-is-layout-18f0ced5 wp-block-group-is-layout-constrained\" style=\"margin-top:0;margin-bottom:var(--wp--preset--spacing--80);padding-right:24px;padding-left:24px\">\n<h2 class=\"wp-block-heading has-text-align-center\" id=\"h-campanas-e-accions-relacionadas\" style=\"margin-top:var(--wp--preset--spacing--70);margin-bottom:var(--wp--preset--spacing--70);font-size:1.7rem\">Campa\u00f1as e acci\u00f3ns relacionadas:<\/h2>\n\n\n\n<div class=\"wp-block-group wp-block-slider campaing-slider camp-fix is-content-justification-space-between is-nowrap is-layout-flex wp-container-core-group-is-layout-9a3dd44a wp-block-group-is-layout-flex\" style=\"margin-top:var(--wp--preset--spacing--30);margin-bottom:var(--wp--preset--spacing--80)\">\n<div class=\"wp-block-group causa-card has-white-background-color has-background wp-container-content-c1d130ea is-vertical is-content-justification-center is-nowrap is-layout-flex wp-container-core-group-is-layout-3d65aca2 wp-block-group-is-layout-flex\" style=\"border-radius:15px;padding-top:0;padding-right:0;padding-bottom:0;padding-left:0\">\n<figure class=\"wp-block-image size-full has-custom-border causa-img-card card-hover\"><img decoding=\"async\" width=\"357\" height=\"207\" src=\"https:\/\/www.entreculturas.org\/wp-content\/uploads\/2023\/09\/Rectangle-6-5.jpg\" alt=\"\" class=\"wp-image-1247\" style=\"border-top-left-radius:15px;border-top-right-radius:15px;border-bottom-left-radius:0px;border-bottom-right-radius:0px;object-fit:cover\" srcset=\"https:\/\/www.entreculturas.org\/wp-content\/uploads\/2023\/09\/Rectangle-6-5.jpg 357w, https:\/\/www.entreculturas.org\/wp-content\/uploads\/2023\/09\/Rectangle-6-5-300x174.jpg 300w\" sizes=\"(max-width: 357px) 100vw, 357px\" \/><\/figure>\n\n\n\n<div class=\"wp-block-group flex f-column f-gap-8 has-global-padding is-layout-constrained wp-block-group-is-layout-constrained\">\n<div class=\"wp-block-group causa-text-cont has-global-padding is-layout-constrained wp-container-core-group-is-layout-4bf2bd6a wp-block-group-is-layout-constrained\" style=\"padding-right:var(--wp--preset--spacing--60);padding-left:var(--wp--preset--spacing--60)\">\n<h4 class=\"wp-block-heading has-gray-entreculturas-color has-text-color\" id=\"h-a-luz-das-nenas\" style=\"margin-bottom:4px;font-size:25px\">a luz das nenas<\/h4>\n\n\n\n<p>Dende a nosa campa\u00f1a A LUZ das NENAS queremos visibilizar a desigualdade que sofren as nenas, protexelas contra a violencia, valorar a s\u00faa capacidade para elixir o seu futuro e influ\u00edr para transformar as causas desta inxustiza.<\/p>\n<\/div>\n\n\n\n<div class=\"wp-block-buttons is-content-justification-center is-layout-flex wp-container-core-buttons-is-layout-a89b3969 wp-block-buttons-is-layout-flex\">\n<div class=\"wp-block-button is-style-fill btn-res\"><a class=\"wp-block-button__link has-red-logo-background-color has-background wp-element-button\" href=\"https:\/\/www.laluzdelasninas.org\/\" style=\"padding-right:var(--wp--preset--spacing--60);padding-left:var(--wp--preset--spacing--60)\" target=\"_blank\" rel=\"noreferrer noopener\">Saber m\u00e1is<\/a><\/div>\n<\/div>\n<\/div>\n<\/div>\n\n\n\n<div class=\"wp-block-group causa-card has-white-background-color has-background is-vertical is-content-justification-center is-nowrap is-layout-flex wp-container-core-group-is-layout-3d65aca2 wp-block-group-is-layout-flex\" style=\"border-radius:15px;padding-top:0;padding-right:0;padding-bottom:0;padding-left:0\">\n<figure class=\"wp-block-image size-full has-custom-border causa-img-card card-hover\"><img decoding=\"async\" width=\"357\" height=\"217\" src=\"https:\/\/www.entreculturas.org\/wp-content\/uploads\/2023\/09\/mujeres-en-marcha.jpg\" alt=\"\" class=\"wp-image-1246\" style=\"border-top-left-radius:15px;border-top-right-radius:15px;border-bottom-left-radius:0px;border-bottom-right-radius:0px\" srcset=\"https:\/\/www.entreculturas.org\/wp-content\/uploads\/2023\/09\/mujeres-en-marcha.jpg 357w, https:\/\/www.entreculturas.org\/wp-content\/uploads\/2023\/09\/mujeres-en-marcha-300x182.jpg 300w\" sizes=\"(max-width: 357px) 100vw, 357px\" \/><\/figure>\n\n\n\n<div class=\"wp-block-group flex f-column f-gap-8 has-global-padding is-layout-constrained wp-block-group-is-layout-constrained\">\n<div class=\"wp-block-group causa-text-cont has-global-padding is-layout-constrained wp-container-core-group-is-layout-4bf2bd6a wp-block-group-is-layout-constrained\" style=\"padding-right:var(--wp--preset--spacing--60);padding-left:var(--wp--preset--spacing--60)\">\n<h4 class=\"wp-block-heading has-gray-entreculturas-color has-text-color\" id=\"h-mulleres-na-marcha\" style=\"margin-bottom:4px;font-size:25px\">MULLERES NA MARCHA<\/h4>\n\n\n\n<p>Dende Alboan e Entreculturas denunciamos as formas espec\u00edficas de violencia que sofren as mulleres migrantes e refuxiadas e reclamamos para elas unha migraci\u00f3n segura.<\/p>\n<\/div>\n\n\n\n<div class=\"wp-block-buttons is-content-justification-center is-layout-flex wp-container-core-buttons-is-layout-a89b3969 wp-block-buttons-is-layout-flex\">\n<div class=\"wp-block-button is-style-fill btn-res\"><a class=\"wp-block-button__link has-red-logo-background-color has-background wp-element-button\" href=\"https:\/\/www.mujeresenmarcha.org\/\" style=\"padding-right:var(--wp--preset--spacing--60);padding-left:var(--wp--preset--spacing--60)\" target=\"_blank\" rel=\"noreferrer noopener\">Saber m\u00e1is<\/a><\/div>\n<\/div>\n<\/div>\n<\/div>\n\n\n\n<div class=\"wp-block-group causa-card has-white-background-color has-background is-vertical is-content-justification-center is-layout-flex wp-container-core-group-is-layout-739a9954 wp-block-group-is-layout-flex\" style=\"border-radius:15px;padding-top:0;padding-right:0;padding-bottom:0;padding-left:0\">\n<figure class=\"wp-block-image size-full has-custom-border causa-img-card card-hover\"><img decoding=\"async\" width=\"357\" height=\"217\" src=\"https:\/\/www.entreculturas.org\/wp-content\/uploads\/2023\/09\/Rectangle-6-6.jpg\" alt=\"\" class=\"wp-image-1248\" style=\"border-top-left-radius:15px;border-top-right-radius:15px;border-bottom-left-radius:0px;border-bottom-right-radius:0px\" srcset=\"https:\/\/www.entreculturas.org\/wp-content\/uploads\/2023\/09\/Rectangle-6-6.jpg 357w, https:\/\/www.entreculturas.org\/wp-content\/uploads\/2023\/09\/Rectangle-6-6-300x182.jpg 300w\" sizes=\"(max-width: 357px) 100vw, 357px\" \/><\/figure>\n\n\n\n<div class=\"wp-block-group flex f-column f-gap-8 has-global-padding is-layout-constrained wp-block-group-is-layout-constrained\">\n<div class=\"wp-block-group causa-text-cont has-global-padding is-layout-constrained wp-container-core-group-is-layout-4bf2bd6a wp-block-group-is-layout-constrained\" style=\"padding-right:var(--wp--preset--spacing--60);padding-left:var(--wp--preset--spacing--60)\">\n<h4 class=\"wp-block-heading has-gray-entreculturas-color has-text-color\" id=\"h-profesores-en-africa\" style=\"margin-bottom:4px;font-size:25px\">profesores en africa<\/h4>\n\n\n\n<p>A trav\u00e9s deste programa promovemos a educaci\u00f3n superior das mulleres para que se convertan en profesoras e modelos para as nenas nos centros educativos.<\/p>\n<\/div>\n\n\n\n<div class=\"wp-block-buttons is-content-justification-center is-layout-flex wp-container-core-buttons-is-layout-a89b3969 wp-block-buttons-is-layout-flex\">\n<div class=\"wp-block-button is-style-fill btn-res\"><a class=\"wp-block-button__link has-red-logo-background-color has-background wp-element-button\" href=\"https:\/\/www.laluzdelasninas.org\/blog\/una-luz-para-las-maestras-en-africa\/\" style=\"padding-right:var(--wp--preset--spacing--60);padding-left:var(--wp--preset--spacing--60)\" target=\"_blank\" rel=\"noreferrer noopener\">Saber m\u00e1is<\/a><\/div>\n<\/div>\n<\/div>\n<\/div>\n<\/div>\n<\/div>\n\n\n\n<hr class=\"wp-block-separator has-alpha-channel-opacity wp-separator-vertical\"\/>\n\n\n\n<div class=\"wp-block-group campaign-group has-global-padding is-layout-constrained wp-container-core-group-is-layout-35358b3e wp-block-group-is-layout-constrained\" style=\"margin-top:var(--wp--preset--spacing--80);margin-bottom:var(--wp--preset--spacing--80);padding-right:var(--wp--preset--spacing--40);padding-left:var(--wp--preset--spacing--40)\">\n<div class=\"wp-block-columns cont-column is-layout-flex wp-container-core-columns-is-layout-6b276c36 wp-block-columns-is-layout-flex\">\n<div class=\"wp-block-column camp-col col-1 link-wrap has-global-padding is-layout-constrained wp-container-core-column-is-layout-36a7cf1c wp-block-column-is-layout-constrained\" style=\"padding-right:0;padding-left:0;flex-basis:240px\">\n<div class=\"wp-block-group width-cat campaign-card has-white-background-color has-background is-vertical is-content-justification-center is-nowrap is-layout-flex wp-container-core-group-is-layout-01c36357 wp-block-group-is-layout-flex\" style=\"border-radius:15px;padding-top:var(--wp--preset--spacing--30);padding-right:0;padding-bottom:var(--wp--preset--spacing--30);padding-left:0\">\n<div class=\"wp-block-group campaign-icon has-red-background-color has-background is-layout-flow wp-container-core-group-is-layout-bc2485a6 wp-block-group-is-layout-flow\" style=\"border-radius:5px;padding-top:7px;padding-right:6px;padding-bottom:7px;padding-left:7px\">\n<figure class=\"wp-block-image size-full is-resized\"><img decoding=\"async\" src=\"https:\/\/www.entreculturas.org\/wp-content\/uploads\/2023\/09\/tabler_world.svg\" alt=\"\" class=\"wp-image-253\" style=\"object-fit:cover;width:51px;height:51px\"\/><\/figure>\n<\/div>\n\n\n\n<div class=\"wp-block-buttons is-content-justification-center is-layout-flex wp-container-core-buttons-is-layout-a89b3969 wp-block-buttons-is-layout-flex\">\n<div class=\"wp-block-button is-style-outline campaign-btn is-style-outline--2\"><a class=\"wp-block-button__link has-gray-color has-text-color has-border-color has-gray-border-color wp-element-button\" href=\"https:\/\/www.entreculturas.org\/?s=&amp;post_type=noticia&amp;cause=genero\">Novas<\/a><\/div>\n<\/div>\n<\/div>\n<\/div>\n\n\n\n<div class=\"wp-block-column camp-col col-2 link-wrap has-global-padding is-layout-constrained wp-container-core-column-is-layout-36a7cf1c wp-block-column-is-layout-constrained\" style=\"padding-right:0;padding-left:0;flex-basis:240px\">\n<div class=\"wp-block-group width-cat campaign-card has-white-background-color has-background is-vertical is-content-justification-center is-nowrap is-layout-flex wp-container-core-group-is-layout-01c36357 wp-block-group-is-layout-flex\" style=\"border-radius:15px;padding-top:var(--wp--preset--spacing--30);padding-right:0;padding-bottom:var(--wp--preset--spacing--30);padding-left:0\">\n<div class=\"wp-block-group campaign-icon has-red-background-color has-background is-layout-flow wp-container-core-group-is-layout-bb520a8f wp-block-group-is-layout-flow\" style=\"border-radius:5px;padding-top:10px;padding-right:9px;padding-bottom:10px;padding-left:10px\">\n<figure class=\"wp-block-image size-full\"><img decoding=\"async\" src=\"https:\/\/www.entreculturas.org\/wp-content\/uploads\/2023\/09\/carbon_report.svg\" alt=\"\" class=\"wp-image-512\" style=\"aspect-ratio:1;object-fit:cover\"\/><\/figure>\n<\/div>\n\n\n\n<div class=\"wp-block-buttons is-content-justification-center is-layout-flex wp-container-core-buttons-is-layout-a89b3969 wp-block-buttons-is-layout-flex\">\n<div class=\"wp-block-button is-style-outline campaign-btn is-style-outline--3\"><a class=\"wp-block-button__link has-gray-color has-text-color has-border-color has-gray-border-color wp-element-button\" href=\"https:\/\/www.entreculturas.org\/?s=&amp;post_type=publicacion&amp;cause=educacion\">Informes<\/a><\/div>\n<\/div>\n<\/div>\n<\/div>\n\n\n\n<div class=\"wp-block-column camp-col col-3 link-wrap has-global-padding is-layout-constrained wp-container-core-column-is-layout-36a7cf1c wp-block-column-is-layout-constrained\" style=\"padding-right:0;padding-left:0;flex-basis:240px\">\n<div class=\"wp-block-group width-cat campaign-card has-white-background-color has-background is-vertical is-content-justification-center is-nowrap is-layout-flex wp-container-core-group-is-layout-01c36357 wp-block-group-is-layout-flex\" style=\"border-radius:15px;padding-top:var(--wp--preset--spacing--30);padding-right:0;padding-bottom:var(--wp--preset--spacing--30);padding-left:0\">\n<div class=\"wp-block-group campaign-icon has-red-background-color has-background is-layout-flow wp-container-core-group-is-layout-b662b9e6 wp-block-group-is-layout-flow\" style=\"border-radius:5px;padding-top:12px;padding-right:8px;padding-bottom:12px;padding-left:8px\">\n<figure class=\"wp-block-image size-full\"><img decoding=\"async\" src=\"https:\/\/www.entreculturas.org\/wp-content\/uploads\/2023\/09\/recurso_educativo.svg\" alt=\"\" class=\"wp-image-1239\" style=\"aspect-ratio:1;object-fit:cover\"\/><\/figure>\n<\/div>\n\n\n\n<div class=\"wp-block-buttons is-content-justification-center is-layout-flex wp-container-core-buttons-is-layout-345b854f wp-block-buttons-is-layout-flex\">\n<div class=\"wp-block-button is-style-outline whitespace-nowrap campaign-btn is-style-outline--4\"><a class=\"wp-block-button__link has-gray-color has-text-color has-border-color has-gray-border-color wp-element-button\" href=\"https:\/\/www.entreculturas.org\/?s=&amp;post_type=publicacion&amp;format=recursos-educativos\">Recursos educativos<\/a><\/div>\n<\/div>\n<\/div>\n<\/div>\n\n\n\n<div class=\"wp-block-column camp-col col-4 link-wrap has-global-padding is-layout-constrained wp-container-core-column-is-layout-36a7cf1c wp-block-column-is-layout-constrained\" style=\"padding-right:0;padding-left:0;flex-basis:240px\">\n<div class=\"wp-block-group width-cat campaign-card has-white-background-color has-background is-vertical is-content-justification-center is-nowrap is-layout-flex wp-container-core-group-is-layout-01c36357 wp-block-group-is-layout-flex\" style=\"border-radius:15px;padding-top:var(--wp--preset--spacing--30);padding-right:0;padding-bottom:var(--wp--preset--spacing--30);padding-left:0\">\n<div class=\"wp-block-group campaign-icon has-red-background-color has-background is-layout-flow wp-container-core-group-is-layout-a7997931 wp-block-group-is-layout-flow\" style=\"border-radius:5px;padding-top:9px;padding-right:9px;padding-bottom:9px;padding-left:8px\">\n<figure class=\"wp-block-image size-full\"><img decoding=\"async\" src=\"https:\/\/www.entreculturas.org\/wp-content\/uploads\/2023\/09\/Layer_1.svg\" alt=\"\" class=\"wp-image-514\" style=\"aspect-ratio:1;object-fit:cover\"\/><\/figure>\n<\/div>\n\n\n\n<div class=\"wp-block-buttons is-content-justification-center is-layout-flex wp-container-core-buttons-is-layout-a89b3969 wp-block-buttons-is-layout-flex\">\n<div class=\"wp-block-button is-style-outline campaign-btn is-style-outline--5\"><a class=\"wp-block-button__link has-gray-color has-text-color has-border-color has-gray-border-color wp-element-button\" href=\"https:\/\/www.entreculturas.org\/gl\/conece-os-nosos-proxectos\/\">Proxectos<\/a><\/div>\n<\/div>\n<\/div>\n<\/div>\n<\/div>\n\n\n\n<script>document.addEventListener(\"DOMContentLoaded\", function() {\n    const cards = document.querySelectorAll('.link-wrap');\n\n    \/\/ envolvemos cada card en un link\n    cards.forEach(card => {\n        const link = document.createElement('a');\n        link.href = card.querySelector('a').href;\n        link.classList.add('campaign-card-link');\n\n        \/\/ Mueve todo el contenido del card al link\n        while (card.firstChild) {\n            link.appendChild(card.firstChild);\n        }\n\n        \/\/ Reemplaza el card con el link\n        card.parentNode.replaceChild(link, card);\n    });\n});\n<\/script>\n<\/div>\n\n\n\n<div class=\"wp-block-group has-global-padding is-layout-constrained wp-container-core-group-is-layout-5acd9bea wp-block-group-is-layout-constrained\" style=\"margin-bottom:var(--wp--preset--spacing--70);padding-right:20px;padding-left:20px\">\n<section class=\"accordion__block\"><input type=\"checkbox\" id=\"9w2hpz4vdja0kud0djhxcv\" class=\"accordion__checkbox\"\/><label for=\"9w2hpz4vdja0kud0djhxcv\" class=\"wp-block-theme-blocks-newsletter has-white-color has-red-background-color has-text-color has-background\"><p>Queres recibir informaci\u00f3n?<\/p><a class=\"wp-block-button__link has-white-color has-red-background-color has-text-color has-background has-border-color has-white-border-color wp-element-button\" style=\"border-width:2px\">Subscr\u00edbete ao bolet\u00edn<\/a><\/label><div class=\"accordion__content\">\n<div class=\"wp-block-group has-global-padding is-layout-constrained wp-container-core-group-is-layout-98a4a1e3 wp-block-group-is-layout-constrained\" style=\"margin-top:0;margin-bottom:var(--wp--preset--spacing--80)\">\n<div class=\"wp-block-group has-white-background-color has-background has-global-padding is-layout-constrained wp-block-group-is-layout-constrained\">\n<h2 class=\"wp-block-heading has-text-align-center font-size-20\" id=\"h-subscribete-ao-boletin\">Subscr\u00edbete ao bolet\u00edn<\/h2>\n\n\n\n<div class=\"wp-block-group block-contacto is-content-justification-left is-nowrap is-layout-flex wp-container-core-group-is-layout-d8ee05ca wp-block-group-is-layout-flex\" style=\"padding-right:var(--wp--preset--spacing--70);padding-left:var(--wp--preset--spacing--70)\">\n<div class=\"wp-block-group has-global-padding is-layout-constrained wp-block-group-is-layout-constrained block-visibility-hide-medium-screen block-visibility-hide-small-screen\" style=\"padding-top:var(--wp--preset--spacing--50);padding-bottom:var(--wp--preset--spacing--50)\">\n<figure class=\"wp-block-image size-large has-custom-border wp-container-content-b99e70a5 block-visibility-hide-medium-screen block-visibility-hide-small-screen\"><img decoding=\"async\" width=\"1024\" height=\"683\" src=\"https:\/\/www.entreculturas.org\/wp-content\/uploads\/2024\/10\/Cuzco-FyA21-41-1024x683.jpg\" alt=\"\" class=\"wp-image-34482\" style=\"border-radius:12px\" srcset=\"https:\/\/www.entreculturas.org\/wp-content\/uploads\/2024\/10\/Cuzco-FyA21-41-1024x683.jpg 1024w, https:\/\/www.entreculturas.org\/wp-content\/uploads\/2024\/10\/Cuzco-FyA21-41-300x200.jpg 300w, https:\/\/www.entreculturas.org\/wp-content\/uploads\/2024\/10\/Cuzco-FyA21-41-768x512.jpg 768w, https:\/\/www.entreculturas.org\/wp-content\/uploads\/2024\/10\/Cuzco-FyA21-41-1536x1024.jpg 1536w, https:\/\/www.entreculturas.org\/wp-content\/uploads\/2024\/10\/Cuzco-FyA21-41-2048x1365.jpg 2048w\" sizes=\"(max-width: 1024px) 100vw, 1024px\" \/><\/figure>\n<\/div>\n\n\n\n<form style=\"padding-top:var(--wp--preset--spacing--60);padding-right:0;padding-bottom:var(--wp--preset--spacing--60);padding-left:0\" class=\"wp-block-theme-blocks-custom-form wp-container-content-a5fc19f1\" id=\"custom_form\" action=\"\/wp-admin\/admin-post.php?action=custom_form\" method=\"post\"><input type=\"hidden\" name=\"g-recaptcha-response\" id=\"g-recaptcha-response\" value=\"\"\/><input type=\"hidden\" name=\"thanks_page\" value=\"\/thank-you-page\"\/><input type=\"hidden\" name=\"groups[]\" value=\"eBoletin y Campa\u00f1as\"\/>\n<p>Se desexa recibir o noso bolet\u00edn informativo mensual e correos electr\u00f3nicos ocasionais nos que lle ofrecemos informaci\u00f3n, complete este formulario. Rexistrar\u00e9molo inmediatamente na nosa base de datos e poder\u00e1 manterse ao d\u00eda de todas as novidades.<\/p>\n\n\n\n<input type=\"hidden\" name=\"form_type\" value=\"3\"\/>\n\n\n\n<div class=\"input-container\"><label>Nome *<\/label><input type=\"text\" name=\"first_name\"\/><\/div>\n\n\n\n<div class=\"input-container\"><label>Apelidos<\/label><input type=\"text\" name=\"last_name\"\/><\/div>\n\n\n\n<div class=\"input-container\"><label>Correo electr\u00f3nico *<\/label><input type=\"email\" name=\"email\" required\/><\/div>\n\n\n\n<label class=\"acceptance\"><input type=\"checkbox\" required\/><span>Acepto la <a href=\"https:\/\/www.entreculturas.org\/es\/privacidad-entreculturas\" data-type=\"link\" data-id=\"https:\/\/www.entreculturas.org\/es\/privacidad-entreculturas\" target=\"_blank\" rel=\"noreferrer noopener\">Pol\u00edtica de Privacidade<\/a> *<\/span><\/label>\n\n\n\n<p style=\"font-size:12px !important\">\n    Desde ENTRECULTURES FE I ALEGRIA ESPANYA trataremos os datos facilitados como Responsables do tratamento coa finalidade de&#8230;    \n    <a href=\"javascript:void(0);\" id=\"read-more-link\">Seguir leyendo<\/a>.\n<\/p>\n<p class=\"hidden\" id=\"read-more\" style=\"display: none;font-size: 12px;\">\n&#8230;enviarlle o noso bolet\u00edn informativo mensual e informaci\u00f3n espec\u00edfica sobre as nosas acci\u00f3ns e campa\u00f1as, en favor dos nosos obxectivos fundacionais, baseadas no consentimento ou na execuci\u00f3n dun acordo. Pode exercer os seus dereitos enviando un correo electr\u00f3nico a datos@entreculturas.org co asunto &#8220;Protecci\u00f3n de datos&#8221;\n<\/p>\n\n\n\n<script>\ndocument.addEventListener('DOMContentLoaded', function() {\n    document.getElementById('read-more-link').addEventListener('click', function() {\n        var readMoreContent = document.getElementById('read-more');\n        readMoreContent.style.display = 'block !important'; \/\/ Intenta sobrescribir con !important\n\n        \/\/ Si el m\u00e9todo anterior no funciona, utiliza setAttribute\n        if (readMoreContent.style.display !== 'block') {\n            readMoreContent.setAttribute('style', 'display: block !important; font-size: 12px;');\n        } else {\n            \/\/ Si ya est\u00e1 en 'block', solo ajusta el tama\u00f1o de fuente\n            readMoreContent.style.fontSize = '12px';\n        }\n\n        this.style.display = 'none'; \/\/ Opcional: oculta el enlace de \"Seguir leyendo\"\n    });\n});\n<\/script>\n\n\n\n<p class=\"hidden\" id=\"read-more\" style=\"font-size:12px\">Desde ENTRECULTURAS FE Y ALEGR\u00cdA ESPA\u00d1A trataremos los datos aportados en calidad de Responsable del tratamiento con la finalidad de gestionar nuestra relaci\u00f3n contigo, en pro de nuestros objetivos fundacionales, en base al consentimiento o a la ejecuci\u00f3n de un acuerdo. Puedes ejercer tus derechos enviando un email a&nbsp;rgpd@entreculturas.org con el asunto \u201cProtecci\u00f3n de Datos\u201d.<\/p>\n\n\n\n<div class=\"wp-block-group width-70-contacto justify-center-768 is-content-justification-right is-nowrap is-layout-flex wp-container-core-group-is-layout-17124a9a wp-block-group-is-layout-flex\">\n<button class=\"wp-block-button__link wp-element-button\">Subscr\u00edbete<\/button>\n<\/div>\n<\/form>\n<\/div>\n<\/div>\n<\/div>\n<\/div><\/section>\n<\/div>\n\n\n","protected":false},"excerpt":{"rendered":"<p>Apostamos pola igualdade como requisito esencial para a xustiza social En Entreculturas promovemos o cambio de pautas culturais e a defensa da igualdade de x\u00e9nero como dereito humano fundamental e estratexia privilexiada para constru\u00edr a paz e o desenvolvemento. A trav\u00e9s dos nosos programas, xunto coas nosas organizaci\u00f3ns colaboradoras, como Fe e Alegr\u00eda e o Servizo Xesuita para os Refuxiados (JRS), prestamos especial atenci\u00f3n \u00e1s mulleres e nenas, que se enfrontan a unha maior desigualdade e vulnerabilidade polo feito de ser mulleres, e traballamos mediante proxectos espec\u00edficos para protexelos da violencia, fomentando a s\u00faa participaci\u00f3n e promovendo o seu desenvolvemento, utilizando a educaci\u00f3n como ferramenta fundamental. En que nos centramos: \u00a9 Laura Lora PROTECCI\u00d3N DAS NENAS CONTRA A VIOLENCIA E DEFENSA DOS SEUS DEREITOS Apostamos pola escola como un espazo seguro que tam\u00e9n protexe \u00e1s nenas e adolescentes, a trav\u00e9s da prevenci\u00f3n de diferentes tipos de violencia (mutilaci\u00f3n xenital feminina, [&hellip;]<\/p>\n","protected":false},"author":1,"featured_media":21682,"parent":0,"menu_order":0,"comment_status":"closed","ping_status":"closed","template":"page-notitle","meta":{"_acf_changed":false,"footnotes":""},"class_list":["post-21681","page","type-page","status-publish","has-post-thumbnail","hentry"],"acf":[],"yoast_head":"<!-- This site is optimized with the Yoast SEO Premium plugin v21.6 (Yoast SEO v27.4) - https:\/\/yoast.com\/product\/yoast-seo-premium-wordpress\/ -->\n<title>Igualdade de x\u00e9nero - Entreculturas<\/title>\n<meta name=\"robots\" content=\"index, follow, max-snippet:-1, max-image-preview:large, max-video-preview:-1\" \/>\n<link rel=\"canonical\" href=\"https:\/\/www.entreculturas.org\/gl\/igualdade-de-xenero\/\" \/>\n<meta property=\"og:locale\" content=\"gl_ES\" \/>\n<meta property=\"og:type\" content=\"article\" \/>\n<meta property=\"og:title\" content=\"Igualdade de x\u00e9nero\" \/>\n<meta property=\"og:description\" content=\"Apostamos pola igualdade como requisito esencial para a xustiza social En Entreculturas promovemos o cambio de pautas culturais e a defensa da igualdade de x\u00e9nero como dereito humano fundamental e estratexia privilexiada para constru\u00edr a paz e o desenvolvemento. A trav\u00e9s dos nosos programas, xunto coas nosas organizaci\u00f3ns colaboradoras, como Fe e Alegr\u00eda e o Servizo Xesuita para os Refuxiados (JRS), prestamos especial atenci\u00f3n \u00e1s mulleres e nenas, que se enfrontan a unha maior desigualdade e vulnerabilidade polo feito de ser mulleres, e traballamos mediante proxectos espec\u00edficos para protexelos da violencia, fomentando a s\u00faa participaci\u00f3n e promovendo o seu desenvolvemento, utilizando a educaci\u00f3n como ferramenta fundamental. En que nos centramos: \u00a9 Laura Lora PROTECCI\u00d3N DAS NENAS CONTRA A VIOLENCIA E DEFENSA DOS SEUS DEREITOS Apostamos pola escola como un espazo seguro que tam\u00e9n protexe \u00e1s nenas e adolescentes, a trav\u00e9s da prevenci\u00f3n de diferentes tipos de violencia (mutilaci\u00f3n xenital feminina, [&hellip;]\" \/>\n<meta property=\"og:url\" content=\"https:\/\/www.entreculturas.org\/gl\/igualdade-de-xenero\/\" \/>\n<meta property=\"og:site_name\" content=\"Entreculturas\" \/>\n<meta property=\"article:publisher\" content=\"https:\/\/www.facebook.com\/entreculturas\" \/>\n<meta property=\"article:modified_time\" content=\"2024-06-21T08:21:01+00:00\" \/>\n<meta property=\"og:image\" content=\"https:\/\/www.entreculturas.org\/wp-content\/uploads\/2023\/09\/bg-2.jpg\" \/>\n\t<meta property=\"og:image:width\" content=\"1440\" \/>\n\t<meta property=\"og:image:height\" content=\"647\" \/>\n\t<meta property=\"og:image:type\" content=\"image\/jpeg\" \/>\n<meta name=\"twitter:card\" content=\"summary_large_image\" \/>\n<meta name=\"twitter:site\" content=\"@Entreculturas\" \/>\n<script type=\"application\/ld+json\" class=\"yoast-schema-graph\">{\"@context\":\"https:\\\/\\\/schema.org\",\"@graph\":[{\"@type\":\"WebPage\",\"@id\":\"https:\\\/\\\/www.entreculturas.org\\\/gl\\\/igualdade-de-xenero\\\/\",\"url\":\"https:\\\/\\\/www.entreculturas.org\\\/gl\\\/igualdade-de-xenero\\\/\",\"name\":\"Igualdade de x\u00e9nero - Entreculturas\",\"isPartOf\":{\"@id\":\"https:\\\/\\\/www.entreculturas.org\\\/gl\\\/#website\"},\"primaryImageOfPage\":{\"@id\":\"https:\\\/\\\/www.entreculturas.org\\\/gl\\\/igualdade-de-xenero\\\/#primaryimage\"},\"image\":{\"@id\":\"https:\\\/\\\/www.entreculturas.org\\\/gl\\\/igualdade-de-xenero\\\/#primaryimage\"},\"thumbnailUrl\":\"https:\\\/\\\/www.entreculturas.org\\\/wp-content\\\/uploads\\\/2023\\\/09\\\/bg-2.jpg\",\"datePublished\":\"2023-09-25T12:28:41+00:00\",\"dateModified\":\"2024-06-21T08:21:01+00:00\",\"breadcrumb\":{\"@id\":\"https:\\\/\\\/www.entreculturas.org\\\/gl\\\/igualdade-de-xenero\\\/#breadcrumb\"},\"inLanguage\":\"gl-ES\",\"potentialAction\":[{\"@type\":\"ReadAction\",\"target\":[\"https:\\\/\\\/www.entreculturas.org\\\/gl\\\/igualdade-de-xenero\\\/\"]}]},{\"@type\":\"ImageObject\",\"inLanguage\":\"gl-ES\",\"@id\":\"https:\\\/\\\/www.entreculturas.org\\\/gl\\\/igualdade-de-xenero\\\/#primaryimage\",\"url\":\"https:\\\/\\\/www.entreculturas.org\\\/wp-content\\\/uploads\\\/2023\\\/09\\\/bg-2.jpg\",\"contentUrl\":\"https:\\\/\\\/www.entreculturas.org\\\/wp-content\\\/uploads\\\/2023\\\/09\\\/bg-2.jpg\",\"width\":1440,\"height\":647},{\"@type\":\"BreadcrumbList\",\"@id\":\"https:\\\/\\\/www.entreculturas.org\\\/gl\\\/igualdade-de-xenero\\\/#breadcrumb\",\"itemListElement\":[{\"@type\":\"ListItem\",\"position\":1,\"name\":\"Home\",\"item\":\"https:\\\/\\\/www.entreculturas.org\\\/gl\\\/\"},{\"@type\":\"ListItem\",\"position\":2,\"name\":\"Igualdade de x\u00e9nero\"}]},{\"@type\":\"WebSite\",\"@id\":\"https:\\\/\\\/www.entreculturas.org\\\/gl\\\/#website\",\"url\":\"https:\\\/\\\/www.entreculturas.org\\\/gl\\\/\",\"name\":\"Entreculturas\",\"description\":\"\",\"publisher\":{\"@id\":\"https:\\\/\\\/www.entreculturas.org\\\/gl\\\/#organization\"},\"alternateName\":\"Entreculturas\",\"potentialAction\":[{\"@type\":\"SearchAction\",\"target\":{\"@type\":\"EntryPoint\",\"urlTemplate\":\"https:\\\/\\\/www.entreculturas.org\\\/gl\\\/?s={search_term_string}\"},\"query-input\":{\"@type\":\"PropertyValueSpecification\",\"valueRequired\":true,\"valueName\":\"search_term_string\"}}],\"inLanguage\":\"gl-ES\"},{\"@type\":\"Organization\",\"@id\":\"https:\\\/\\\/www.entreculturas.org\\\/gl\\\/#organization\",\"name\":\"Entreculturas\",\"url\":\"https:\\\/\\\/www.entreculturas.org\\\/gl\\\/\",\"logo\":{\"@type\":\"ImageObject\",\"inLanguage\":\"gl-ES\",\"@id\":\"https:\\\/\\\/www.entreculturas.org\\\/gl\\\/#\\\/schema\\\/logo\\\/image\\\/\",\"url\":\"https:\\\/\\\/www.entreculturas.org\\\/wp-content\\\/uploads\\\/2025\\\/10\\\/ESP.svg\",\"contentUrl\":\"https:\\\/\\\/www.entreculturas.org\\\/wp-content\\\/uploads\\\/2025\\\/10\\\/ESP.svg\",\"caption\":\"Entreculturas\"},\"image\":{\"@id\":\"https:\\\/\\\/www.entreculturas.org\\\/gl\\\/#\\\/schema\\\/logo\\\/image\\\/\"},\"sameAs\":[\"https:\\\/\\\/www.facebook.com\\\/entreculturas\",\"https:\\\/\\\/x.com\\\/Entreculturas\",\"https:\\\/\\\/www.instagram.com\\\/entreculturas\\\/\",\"https:\\\/\\\/www.youtube.com\\\/user\\\/entreculturasvideo\",\"https:\\\/\\\/www.linkedin.com\\\/company\\\/fundacion-entreculturas-ngdo\\\/\",\"https:\\\/\\\/www.flickr.com\\\/photos\\\/98455522@N04\\\/albums\\\/\"]}]}<\/script>\n<!-- \/ Yoast SEO Premium plugin. -->","yoast_head_json":{"title":"Igualdade de x\u00e9nero - Entreculturas","robots":{"index":"index","follow":"follow","max-snippet":"max-snippet:-1","max-image-preview":"max-image-preview:large","max-video-preview":"max-video-preview:-1"},"canonical":"https:\/\/www.entreculturas.org\/gl\/igualdade-de-xenero\/","og_locale":"gl_ES","og_type":"article","og_title":"Igualdade de x\u00e9nero","og_description":"Apostamos pola igualdade como requisito esencial para a xustiza social En Entreculturas promovemos o cambio de pautas culturais e a defensa da igualdade de x\u00e9nero como dereito humano fundamental e estratexia privilexiada para constru\u00edr a paz e o desenvolvemento. A trav\u00e9s dos nosos programas, xunto coas nosas organizaci\u00f3ns colaboradoras, como Fe e Alegr\u00eda e o Servizo Xesuita para os Refuxiados (JRS), prestamos especial atenci\u00f3n \u00e1s mulleres e nenas, que se enfrontan a unha maior desigualdade e vulnerabilidade polo feito de ser mulleres, e traballamos mediante proxectos espec\u00edficos para protexelos da violencia, fomentando a s\u00faa participaci\u00f3n e promovendo o seu desenvolvemento, utilizando a educaci\u00f3n como ferramenta fundamental. En que nos centramos: \u00a9 Laura Lora PROTECCI\u00d3N DAS NENAS CONTRA A VIOLENCIA E DEFENSA DOS SEUS DEREITOS Apostamos pola escola como un espazo seguro que tam\u00e9n protexe \u00e1s nenas e adolescentes, a trav\u00e9s da prevenci\u00f3n de diferentes tipos de violencia (mutilaci\u00f3n xenital feminina, [&hellip;]","og_url":"https:\/\/www.entreculturas.org\/gl\/igualdade-de-xenero\/","og_site_name":"Entreculturas","article_publisher":"https:\/\/www.facebook.com\/entreculturas","article_modified_time":"2024-06-21T08:21:01+00:00","og_image":[{"width":1440,"height":647,"url":"https:\/\/www.entreculturas.org\/wp-content\/uploads\/2023\/09\/bg-2.jpg","type":"image\/jpeg"}],"twitter_card":"summary_large_image","twitter_site":"@Entreculturas","schema":{"@context":"https:\/\/schema.org","@graph":[{"@type":"WebPage","@id":"https:\/\/www.entreculturas.org\/gl\/igualdade-de-xenero\/","url":"https:\/\/www.entreculturas.org\/gl\/igualdade-de-xenero\/","name":"Igualdade de x\u00e9nero - Entreculturas","isPartOf":{"@id":"https:\/\/www.entreculturas.org\/gl\/#website"},"primaryImageOfPage":{"@id":"https:\/\/www.entreculturas.org\/gl\/igualdade-de-xenero\/#primaryimage"},"image":{"@id":"https:\/\/www.entreculturas.org\/gl\/igualdade-de-xenero\/#primaryimage"},"thumbnailUrl":"https:\/\/www.entreculturas.org\/wp-content\/uploads\/2023\/09\/bg-2.jpg","datePublished":"2023-09-25T12:28:41+00:00","dateModified":"2024-06-21T08:21:01+00:00","breadcrumb":{"@id":"https:\/\/www.entreculturas.org\/gl\/igualdade-de-xenero\/#breadcrumb"},"inLanguage":"gl-ES","potentialAction":[{"@type":"ReadAction","target":["https:\/\/www.entreculturas.org\/gl\/igualdade-de-xenero\/"]}]},{"@type":"ImageObject","inLanguage":"gl-ES","@id":"https:\/\/www.entreculturas.org\/gl\/igualdade-de-xenero\/#primaryimage","url":"https:\/\/www.entreculturas.org\/wp-content\/uploads\/2023\/09\/bg-2.jpg","contentUrl":"https:\/\/www.entreculturas.org\/wp-content\/uploads\/2023\/09\/bg-2.jpg","width":1440,"height":647},{"@type":"BreadcrumbList","@id":"https:\/\/www.entreculturas.org\/gl\/igualdade-de-xenero\/#breadcrumb","itemListElement":[{"@type":"ListItem","position":1,"name":"Home","item":"https:\/\/www.entreculturas.org\/gl\/"},{"@type":"ListItem","position":2,"name":"Igualdade de x\u00e9nero"}]},{"@type":"WebSite","@id":"https:\/\/www.entreculturas.org\/gl\/#website","url":"https:\/\/www.entreculturas.org\/gl\/","name":"Entreculturas","description":"","publisher":{"@id":"https:\/\/www.entreculturas.org\/gl\/#organization"},"alternateName":"Entreculturas","potentialAction":[{"@type":"SearchAction","target":{"@type":"EntryPoint","urlTemplate":"https:\/\/www.entreculturas.org\/gl\/?s={search_term_string}"},"query-input":{"@type":"PropertyValueSpecification","valueRequired":true,"valueName":"search_term_string"}}],"inLanguage":"gl-ES"},{"@type":"Organization","@id":"https:\/\/www.entreculturas.org\/gl\/#organization","name":"Entreculturas","url":"https:\/\/www.entreculturas.org\/gl\/","logo":{"@type":"ImageObject","inLanguage":"gl-ES","@id":"https:\/\/www.entreculturas.org\/gl\/#\/schema\/logo\/image\/","url":"https:\/\/www.entreculturas.org\/wp-content\/uploads\/2025\/10\/ESP.svg","contentUrl":"https:\/\/www.entreculturas.org\/wp-content\/uploads\/2025\/10\/ESP.svg","caption":"Entreculturas"},"image":{"@id":"https:\/\/www.entreculturas.org\/gl\/#\/schema\/logo\/image\/"},"sameAs":["https:\/\/www.facebook.com\/entreculturas","https:\/\/x.com\/Entreculturas","https:\/\/www.instagram.com\/entreculturas\/","https:\/\/www.youtube.com\/user\/entreculturasvideo","https:\/\/www.linkedin.com\/company\/fundacion-entreculturas-ngdo\/","https:\/\/www.flickr.com\/photos\/98455522@N04\/albums\/"]}]}},"_links":{"self":[{"href":"https:\/\/www.entreculturas.org\/gl\/wp-json\/wp\/v2\/pages\/21681","targetHints":{"allow":["GET"]}}],"collection":[{"href":"https:\/\/www.entreculturas.org\/gl\/wp-json\/wp\/v2\/pages"}],"about":[{"href":"https:\/\/www.entreculturas.org\/gl\/wp-json\/wp\/v2\/types\/page"}],"author":[{"embeddable":true,"href":"https:\/\/www.entreculturas.org\/gl\/wp-json\/wp\/v2\/users\/1"}],"replies":[{"embeddable":true,"href":"https:\/\/www.entreculturas.org\/gl\/wp-json\/wp\/v2\/comments?post=21681"}],"version-history":[{"count":2,"href":"https:\/\/www.entreculturas.org\/gl\/wp-json\/wp\/v2\/pages\/21681\/revisions"}],"predecessor-version":[{"id":26492,"href":"https:\/\/www.entreculturas.org\/gl\/wp-json\/wp\/v2\/pages\/21681\/revisions\/26492"}],"wp:featuredmedia":[{"embeddable":true,"href":"https:\/\/www.entreculturas.org\/gl\/wp-json\/wp\/v2\/media\/21682"}],"wp:attachment":[{"href":"https:\/\/www.entreculturas.org\/gl\/wp-json\/wp\/v2\/media?parent=21681"}],"curies":[{"name":"wp","href":"https:\/\/api.w.org\/{rel}","templated":true}]}}