{"id":21676,"date":"2023-10-11T15:27:00","date_gmt":"2023-10-11T13:27:00","guid":{"rendered":"https:\/\/www.entreculturas.org\/ambiente-seguro\/"},"modified":"2026-04-23T15:43:28","modified_gmt":"2026-04-23T13:43:28","slug":"ambiente-seguro","status":"publish","type":"page","link":"https:\/\/www.entreculturas.org\/gl\/ambiente-seguro\/","title":{"rendered":"Canal \u00c9tico e Entorno Seguro"},"content":{"rendered":"\n<div class=\"wp-block-cover is-light wp-block-hero\" style=\"padding-top:100px;padding-right:100px;padding-bottom:100px;padding-left:100px\"><img decoding=\"async\" width=\"1280\" height=\"721\" class=\"wp-block-cover__image-background wp-image-8768\" alt=\"\" src=\"https:\/\/www.entreculturas.org\/wp-content\/uploads\/2023\/12\/TCD01_2020_1112_Atelier-Gaoui_Credits-to-Irene-Galera-34-1.jpg\" style=\"object-position:71% 38%\" data-object-fit=\"cover\" data-object-position=\"71% 38%\" srcset=\"https:\/\/www.entreculturas.org\/wp-content\/uploads\/2023\/12\/TCD01_2020_1112_Atelier-Gaoui_Credits-to-Irene-Galera-34-1.jpg 1280w, https:\/\/www.entreculturas.org\/wp-content\/uploads\/2023\/12\/TCD01_2020_1112_Atelier-Gaoui_Credits-to-Irene-Galera-34-1-300x169.jpg 300w, https:\/\/www.entreculturas.org\/wp-content\/uploads\/2023\/12\/TCD01_2020_1112_Atelier-Gaoui_Credits-to-Irene-Galera-34-1-1024x577.jpg 1024w, https:\/\/www.entreculturas.org\/wp-content\/uploads\/2023\/12\/TCD01_2020_1112_Atelier-Gaoui_Credits-to-Irene-Galera-34-1-768x433.jpg 768w\" sizes=\"(max-width: 1280px) 100vw, 1280px\" \/><span aria-hidden=\"true\" class=\"wp-block-cover__background has-background-dim\"><\/span><div class=\"wp-block-cover__inner-container is-layout-flow wp-block-cover-is-layout-flow\">\n<div class=\"wp-block-group has-global-padding is-layout-constrained wp-container-core-group-is-layout-4dcaaabf wp-block-group-is-layout-constrained\">\n<div class=\"wp-block-group transicion-carga animacion-header has-global-padding is-content-justification-left is-layout-constrained wp-container-core-group-is-layout-aaf875ba wp-block-group-is-layout-constrained\">\n<h1 class=\"wp-block-heading has-text-align-left has-white-color has-text-color\" id=\"h-canal-etico-y-entorno-seguro\" style=\"margin-top:0;margin-right:0;margin-bottom:0;margin-left:0;padding-top:0px;padding-right:0;padding-bottom:0;padding-left:0\">Canal \u00c9tico e Entorno Seguro<\/h1>\n\n\n\n<p class=\"cr-fotografo has-white-color has-text-color\" style=\"font-size:12px\">\u00a9 Irene Galera<\/p>\n<\/div>\n<\/div>\n<\/div><\/div>\n\n<div class=\"wp-block-group has-global-padding is-layout-constrained wp-container-core-group-is-layout-bea02a06 wp-block-group-is-layout-constrained\">\n<p><br\/>En Entreculturas, fieis \u00e1 nosa misi\u00f3n de traballar pola xustiza e a transformaci\u00f3n social, temos un <strong>firme compromiso<\/strong> coa <strong>\u00e9tica<\/strong> , <strong>a integridade<\/strong> e a promoci\u00f3n dunha <strong>cultura do bo trato e a atenci\u00f3n<\/strong> que se reflicte en cada unha das nosas acci\u00f3ns.<\/p>\n<\/div>\n\n<div class=\"wp-block-group has-global-padding is-layout-constrained wp-container-core-group-is-layout-bea02a06 wp-block-group-is-layout-constrained\">\n<h2 class=\"wp-block-heading has-text-align-center encabezado-entorno-seguro has-gray-color has-text-color has-open-sans-font-family has-x-large-font-size\" id=\"h-canal-de-denuncias\" style=\"margin-top:var(--wp--preset--spacing--70);margin-bottom:var(--wp--preset--spacing--30);text-transform:none\">Canal de reclamaci\u00f3ns<\/h2>\n\n\n\n<p>Se tes co\u00f1ecemento dalgunha situaci\u00f3n na que non se estea a promover <strong>o bo trato<\/strong> ou na que unha persoa poida estar a sufrir alg\u00fan tipo de violencia; ou se tes co\u00f1ecemento dalg\u00fan tipo de mala pr\u00e1ctica, infracci\u00f3n ou irregularidade por parte de Entreculturas que poida estar a violar o <a href=\"https:\/\/www.entreculturas.org\/wp-content\/uploads\/2025\/06\/Codigo-Etico-Entreculturas.pdf\" target=\"_blank\" rel=\"noreferrer noopener\">C\u00f3digo \u00c9tico de<\/a> Entreculturas, podes denuncialo de forma confidencial a trav\u00e9s da nosa Canle de Denuncias.<\/p>\n\n\n\n<div style=\"height:23px\" aria-hidden=\"true\" class=\"wp-block-spacer\"><\/div>\n\n\n\n<div class=\"wp-block-buttons is-content-justification-center is-layout-flex wp-container-core-buttons-is-layout-066f2903 wp-block-buttons-is-layout-flex\" style=\"margin-bottom:0\">\n<div class=\"wp-block-button\"><a class=\"wp-block-button__link has-text-align-left wp-element-button\" href=\"https:\/\/0fedfc3ca66dc9459b5d.canal.h2c.app\/new-form.html\" target=\"_blank\" rel=\"noreferrer noopener\">acceder \u00e1 canal<\/a><\/div>\n<\/div>\n\n\n\n<div style=\"height:23px\" aria-hidden=\"true\" class=\"wp-block-spacer\"><\/div>\n\n\n\n<div class=\"wp-block-columns is-layout-flex wp-container-core-columns-is-layout-28f84493 wp-block-columns-is-layout-flex\">\n<div class=\"wp-block-column is-layout-flow wp-block-column-is-layout-flow\" style=\"flex-basis:100%\"><\/div>\n<\/div>\n<\/div>\n\n<div class=\"wp-block-group has-global-padding is-layout-constrained wp-container-core-group-is-layout-f36bc466 wp-block-group-is-layout-constrained\">\n<p class=\"has-medium-font-size\" style=\"margin-top:0;margin-right:var(--wp--preset--spacing--70);margin-bottom:0;margin-left:var(--wp--preset--spacing--70);padding-right:0;padding-left:0\"><br\/><\/p>\n\n\n\n<div class=\"wp-block-group has-global-padding is-layout-constrained wp-block-group-is-layout-constrained\">\n<div class=\"wp-block-columns is-layout-flex wp-container-core-columns-is-layout-cbe57604 wp-block-columns-is-layout-flex\">\n<div class=\"wp-block-column is-layout-flow wp-block-column-is-layout-flow\">\n<div class=\"wp-block-group height-100 flex-spacebetw has-white-background-color has-background is-vertical is-content-justification-stretch is-layout-flex wp-container-core-group-is-layout-2e1b5645 wp-block-group-is-layout-flex\" style=\"border-radius:15px;padding-top:0;padding-right:0;padding-bottom:0;padding-left:0\">\n<div class=\"wp-block-group has-global-padding is-layout-constrained wp-container-core-group-is-layout-7d4c1890 wp-block-group-is-layout-constrained\" style=\"padding-top:var(--wp--preset--spacing--50);padding-right:var(--wp--preset--spacing--70);padding-bottom:var(--wp--preset--spacing--50);padding-left:var(--wp--preset--spacing--70)\">\n<p class=\"has-text-align-center nuestras-causas-portada has-din-font-family\" style=\"margin-bottom:var(--wp--preset--spacing--40);font-size:30px;font-style:normal;font-weight:700;line-height:1.2\"><strong>C\u00f3digo de \u00e9tica<\/strong><br\/> de Intercultural<\/p>\n\n\n\n<p class=\"has-text-align-center\" style=\"margin-bottom:var(--wp--preset--spacing--40)\">Gu\u00eda o comportamento de todas as persoas vinculadas \u00e1 organizaci\u00f3n e establece principios claros de actuaci\u00f3n baseados na xustiza, a equidade e a corresponsabilidade.<\/p>\n\n\n\n<div class=\"wp-block-buttons is-content-justification-center is-layout-flex wp-container-core-buttons-is-layout-a89b3969 wp-block-buttons-is-layout-flex\">\n<div class=\"wp-block-button\"><a class=\"wp-block-button__link wp-element-button\" href=\"https:\/\/www.entreculturas.org\/wp-content\/uploads\/2025\/06\/Codigo-Etico-Entreculturas.pdf\" target=\"_blank\" rel=\"noreferrer noopener\">descargar o c\u00f3digo<\/a><\/div>\n<\/div>\n<\/div>\n<\/div>\n<\/div>\n\n\n\n<div class=\"wp-block-column is-layout-flow wp-block-column-is-layout-flow\">\n<div class=\"wp-block-group height-100 has-white-background-color has-background is-vertical is-content-justification-stretch is-layout-flex wp-container-core-group-is-layout-2e1b5645 wp-block-group-is-layout-flex\" style=\"border-radius:15px;padding-top:0;padding-right:0;padding-bottom:0;padding-left:0\">\n<div class=\"wp-block-group has-global-padding is-layout-constrained wp-container-core-group-is-layout-7d4c1890 wp-block-group-is-layout-constrained\" style=\"padding-top:var(--wp--preset--spacing--50);padding-right:var(--wp--preset--spacing--70);padding-bottom:var(--wp--preset--spacing--50);padding-left:var(--wp--preset--spacing--70)\">\n<p class=\"has-text-align-center nuestras-causas-portada has-din-font-family\" style=\"margin-bottom:var(--wp--preset--spacing--40);font-size:30px;font-style:normal;font-weight:700;line-height:1.2\"><strong>Pol\u00edtica de cumprimento e<\/strong><br\/> <strong>Prevenci\u00f3n de Riscos Penais<\/strong><\/p>\n\n\n\n<p class=\"has-text-align-center\" style=\"margin-bottom:var(--wp--preset--spacing--40)\">Promovemos o cumprimento legal en todas as nosas acci\u00f3ns. Esta pol\u00edtica ax\u00fadanos a previr condutas que poidan implicar riscos penais e garante que as nosas acci\u00f3ns estean ali\u00f1adas cos nosos valores. <\/p>\n\n\n\n<div class=\"wp-block-buttons is-content-justification-center is-layout-flex wp-container-core-buttons-is-layout-a89b3969 wp-block-buttons-is-layout-flex\">\n<div class=\"wp-block-button\"><a class=\"wp-block-button__link wp-element-button\" href=\"https:\/\/www.entreculturas.org\/wp-content\/uploads\/2025\/06\/Politica-de-Cumplimiento-y-Prevencion-de-Riesgos-Penales.pdf\" target=\"_blank\" rel=\"noreferrer noopener\">Descargar a pol\u00edtica<\/a><\/div>\n<\/div>\n<\/div>\n<\/div>\n<\/div>\n<\/div>\n<\/div>\n\n\n\n<div class=\"wp-block-group padding-mobile-comision-entorno-seguro has-white-background-color has-background has-global-padding is-layout-constrained wp-container-core-group-is-layout-d66d61db wp-block-group-is-layout-constrained\" style=\"border-radius:20px;margin-top:var(--wp--preset--spacing--60);margin-bottom:var(--wp--preset--spacing--60);padding-top:var(--wp--preset--spacing--30);padding-right:0rem;padding-bottom:var(--wp--preset--spacing--30);padding-left:0rem\">\n<p><strong>Promover unha cultura de respecto e coidado,<\/strong> e <strong>contornas seguras<\/strong> , \u00e9 un principio fundamental da nosa misi\u00f3n. Compromet\u00e9monos a crear espazos, actividades e relaci\u00f3ns seguras, libres de violencia, acoso e discriminaci\u00f3n. A trav\u00e9s de protocolos espec\u00edficos, formaci\u00f3n continua e canles de denuncia confidenciais, traballamos para facer do trato respectuoso unha realidade diaria.  <\/p>\n<\/div>\n<\/div>\n\n<div class=\"wp-block-group has-global-padding is-layout-constrained wp-container-core-group-is-layout-4b300062 wp-block-group-is-layout-constrained\">\n<div class=\"wp-block-columns is-not-stacked-on-mobile has-white-background-color has-background is-layout-flex wp-container-core-columns-is-layout-6428c7c4 wp-block-columns-is-layout-flex\" style=\"border-radius:10px;margin-bottom:var(--wp--preset--spacing--30);padding-top:var(--wp--preset--spacing--40);padding-right:var(--wp--preset--spacing--40);padding-bottom:var(--wp--preset--spacing--40);padding-left:var(--wp--preset--spacing--40)\">\n<div class=\"wp-block-column is-layout-flow wp-block-column-is-layout-flow\" style=\"flex-basis:6%\">\n<figure class=\"wp-block-image size-full is-resized\"><img decoding=\"async\" src=\"https:\/\/www.entreculturas.org\/wp-content\/uploads\/2023\/09\/corazon_entrecult.svg\" alt=\"\" class=\"wp-image-588\" style=\"width:30px;height:20px\"\/><\/figure>\n<\/div>\n\n\n\n<div class=\"wp-block-column is-layout-flow wp-block-column-is-layout-flow\" style=\"flex-basis:96%\">\n<p class=\"qs-margin-left-corazones\" style=\"margin-left:0\"><strong><a href=\"https:\/\/www.entreculturas.org\/wp-content\/uploads\/2025\/10\/14_Protocolo_Prevencion_Acoso.pdf\" target=\"_blank\" rel=\"noreferrer noopener\">Protocolo actualizado para a prevenci\u00f3n do acoso sexual<\/a><\/strong><\/p>\n<\/div>\n<\/div>\n\n\n\n<div class=\"wp-block-columns is-not-stacked-on-mobile has-white-background-color has-background is-layout-flex wp-container-core-columns-is-layout-6428c7c4 wp-block-columns-is-layout-flex\" style=\"border-radius:10px;margin-bottom:var(--wp--preset--spacing--30);padding-top:var(--wp--preset--spacing--40);padding-right:var(--wp--preset--spacing--40);padding-bottom:var(--wp--preset--spacing--40);padding-left:var(--wp--preset--spacing--40)\">\n<div class=\"wp-block-column is-layout-flow wp-block-column-is-layout-flow\" style=\"flex-basis:6%\">\n<figure class=\"wp-block-image size-full is-resized\"><img decoding=\"async\" src=\"https:\/\/www.entreculturas.org\/wp-content\/uploads\/2023\/09\/corazon_entrecult.svg\" alt=\"\" class=\"wp-image-588\" style=\"width:30px;height:20px\"\/><\/figure>\n<\/div>\n\n\n\n<div class=\"wp-block-column is-layout-flow wp-block-column-is-layout-flow\" style=\"flex-basis:96%\">\n<p class=\"qs-margin-left-corazones\" style=\"margin-left:0\"><strong><a href=\"https:\/\/www.entreculturas.org\/wp-content\/uploads\/2025\/10\/13_Politica-Proteccion-MAV-de-Entreculturas-definitiva.pdf\" target=\"_blank\" rel=\"noreferrer noopener\">Pol\u00edtica de protecci\u00f3n de menores e adultos vulnerables de Entreculturas<\/a><\/strong><\/p>\n<\/div>\n<\/div>\n<\/div>\n\n<div class=\"wp-block-group has-global-padding is-layout-constrained wp-container-core-group-is-layout-f36bc466 wp-block-group-is-layout-constrained\">\n<h3 class=\"wp-block-heading has-text-align-center encabezado-entorno-seguro has-red-color has-text-color has-open-sans-font-family\" id=\"h-y-formamos-parte-del-sistema-de-entorno-seguro-de-la-compania-de-jesus-en-espana\" style=\"margin-top:var(--wp--preset--spacing--70);margin-bottom:var(--wp--preset--spacing--70);font-size:35px;text-transform:none\">E formamos parte do <a href=\"https:\/\/entornoseguro.org\/\">Sistema de Ambientes Seguros<\/a> da Compa\u00f1\u00eda de Xes\u00fas en Espa\u00f1a<\/h3>\n<\/div>\n\n<div class=\"wp-block-group has-global-padding is-layout-constrained wp-container-core-group-is-layout-42a8e841 wp-block-group-is-layout-constrained\" style=\"padding-right:20px;padding-left:20px\">\n<div class=\"wp-block-columns bg-entorno-seguro-svg is-layout-flex wp-container-core-columns-is-layout-28f84493 wp-block-columns-is-layout-flex\">\n<div class=\"wp-block-column is-vertically-aligned-center bg-entorno-seguro-svg is-layout-flow wp-container-core-column-is-layout-8a368f38 wp-block-column-is-layout-flow\" style=\"flex-basis:50%\">\n<div class=\"wp-block-group has-global-padding is-layout-constrained wp-block-group-is-layout-constrained\" style=\"margin-top:2rem;margin-bottom:2rem\">\n<figure class=\"wp-block-image aligncenter size-medium is-resized imagen-entorno-seguro\"><img decoding=\"async\" width=\"300\" height=\"300\" src=\"https:\/\/www.entreculturas.org\/wp-content\/uploads\/2023\/10\/entorno-seguro-logo-300x300.png\" alt=\"\" class=\"wp-image-1529\" style=\"object-fit:cover;width:243px;height:243px\" srcset=\"https:\/\/www.entreculturas.org\/wp-content\/uploads\/2023\/10\/entorno-seguro-logo-300x300.png 300w, https:\/\/www.entreculturas.org\/wp-content\/uploads\/2023\/10\/entorno-seguro-logo-150x150.png 150w, https:\/\/www.entreculturas.org\/wp-content\/uploads\/2023\/10\/entorno-seguro-logo-768x768.png 768w, https:\/\/www.entreculturas.org\/wp-content\/uploads\/2023\/10\/entorno-seguro-logo.png 1000w\" sizes=\"(max-width: 300px) 100vw, 300px\" \/><\/figure>\n<\/div>\n<\/div>\n\n\n\n<div class=\"wp-block-column text-entorno-seguro-radio has-white-background-color has-background is-layout-flow wp-block-column-is-layout-flow\" style=\"flex-basis:50%\">\n<div class=\"wp-block-group justificar-verticalmente text-bloque-entorno-seguro has-global-padding is-content-justification-center is-layout-constrained wp-container-core-group-is-layout-67b07153 wp-block-group-is-layout-constrained\" style=\"margin-top:0;margin-bottom:0;padding-top:0;padding-right:var(--wp--preset--spacing--70);padding-bottom:0;padding-left:var(--wp--preset--spacing--70)\">\n<div style=\"height:20px\" aria-hidden=\"true\" class=\"wp-block-spacer\"><\/div>\n\n\n\n<p>En Entreculturas compartimos o decidido compromiso coa protecci\u00f3n e coidado dos menores e persoas vulnerables, as\u00ed como unha especial atenci\u00f3n \u00e1s persoas v\u00edtimas de malos tratos e \u00e1s s\u00faas familias, a trav\u00e9s do programa <a data-type=\"link\" data-id=\"https:\/\/entornoseguro.org\" href=\"https:\/\/entornoseguro.org\" target=\"_blank\" rel=\"noreferrer noopener\"><strong>Sistema de Entorno Seguro (SE)<\/strong><\/a> . O obxectivo de ES \u00e9 xerar e promover espazos, actividades e relaci\u00f3ns seguros, inclu\u00edndo numerosas acci\u00f3ns dirixidas a este fin (sensibilizaci\u00f3n, formaci\u00f3n, espazos de escoita, supervisi\u00f3n).<\/p>\n\n\n\n<div style=\"height:20px\" aria-hidden=\"true\" class=\"wp-block-spacer\"><\/div>\n<\/div>\n<\/div>\n<\/div>\n<\/div>\n\n<div class=\"wp-block-group has-global-padding is-content-justification-center is-layout-constrained wp-container-core-group-is-layout-3998d4a0 wp-block-group-is-layout-constrained\" style=\"margin-top:var(--wp--preset--spacing--60);margin-bottom:var(--wp--preset--spacing--60);padding-right:20px;padding-left:20px\">\n<div class=\"wp-block-group padding-mobile-comision-entorno-seguro has-white-background-color has-background is-vertical is-content-justification-stretch is-layout-flex wp-container-core-group-is-layout-387dbd5e wp-block-group-is-layout-flex\" style=\"border-radius:15px;margin-top:var(--wp--preset--spacing--70);margin-bottom:var(--wp--preset--spacing--70);padding-top:var(--wp--preset--spacing--70);padding-right:var(--wp--preset--spacing--80);padding-bottom:var(--wp--preset--spacing--70);padding-left:var(--wp--preset--spacing--80)\">\n<h2 class=\"wp-block-heading has-text-align-center encabezado-entorno-seguro encabezado-comision-entorno-seguro has-gray-color has-text-color has-large-font-size\" id=\"h-para-asegurar-el-cumplimiento-del-codigo-etico-asi-como-de-todas-las-politicas-y-protocolos-contamos-con-dos-comisiones-nbsp\">Para garantir o cumprimento do C\u00f3digo de \u00c9tica, as\u00ed como de todas as pol\u00edticas e protocolos, contamos con dous comit\u00e9s:  <\/h2>\n\n\n\n<p class=\"has-text-align-center\"><\/p>\n\n\n\n<div style=\"height:17px\" aria-hidden=\"true\" class=\"wp-block-spacer wp-container-content-fd0eeb70\"><\/div>\n\n\n\n<p class=\"has-text-align-left has-medium-font-size\"><strong>Comit\u00e9 de Conformidade<\/strong><\/p>\n\n\n\n<div style=\"height:17px\" aria-hidden=\"true\" class=\"wp-block-spacer wp-container-content-fd0eeb70\"><\/div>\n\n\n\n<p class=\"has-text-align-left has-medium-font-size\"><\/p>\n\n\n\n<p class=\"red-marker \"><\/p>\n\n\n\n<ul class=\"wp-block-list\">\n<li class=\"red-marker \"><strong>Beatriz de Felipe<\/strong> (Directora Financeira)<\/li>\n\n\n\n<li class=\"red-marker \"><strong>Celia Campos<\/strong> (Xefa do Departamento de Planificaci\u00f3n, Avaliaci\u00f3n e Calidade)<\/li>\n\n\n\n<li class=\"red-marker \"><strong>Sonia Fern\u00e1ndez<\/strong> (Directora de Persoas e Organizaci\u00f3n)<\/li>\n<\/ul>\n\n\n\n<div style=\"height:17px\" aria-hidden=\"true\" class=\"wp-block-spacer wp-container-content-fd0eeb70\"><\/div>\n\n\n\n<p><strong>Comit\u00e9 de Medio Ambiente Seguro<\/strong><\/p>\n\n\n\n<p><br\/><\/p>\n\n\n\n<ul class=\"wp-block-list\">\n<li class=\"red-marker \"><strong>Ainara Lete<\/strong> (voluntariado e pr\u00e1cticas)<\/li>\n\n\n\n<li class=\"red-marker \"><strong>Beatriz de Felipe<\/strong> (incumprimento do C\u00f3digo Deontol\u00f3gico)<\/li>\n\n\n\n<li class=\"red-marker \"><strong>Laura Chimini<\/strong> (xente traballadora)<\/li>\n\n\n\n<li class=\"red-marker \"><strong>Gustavo Ben\u00edtez<\/strong> (internacional)<\/li>\n\n\n\n<li class=\"red-marker \"><strong>Jessica Garc\u00eda<\/strong> (menores)<\/li>\n\n\n\n<li class=\"red-marker \"><strong>Lourdes Valenzuela<\/strong> (Comisi\u00f3n de X\u00e9nero)<\/li>\n\n\n\n<li class=\"red-marker \"><strong>Pablo Funes<\/strong> (internacional)<\/li>\n\n\n\n<li class=\"red-marker \"><strong>Sonia Fern\u00e1ndez<\/strong> (Xestora de Medio Ambiente Seguro)<\/li>\n<\/ul>\n\n\n\n<div class=\"wp-block-buttons is-content-justification-center is-layout-flex wp-container-core-buttons-is-layout-bb659de6 wp-block-buttons-is-layout-flex\" style=\"margin-top:var(--wp--preset--spacing--50)\">\n<div class=\"wp-block-button\"><a class=\"wp-block-button__link wp-element-button\" href=\"https:\/\/www.entreculturas.org\/wp-content\/uploads\/2026\/02\/CES-1.pdf\" target=\"_blank\" rel=\"noreferrer noopener\">INFORMACI\u00d3N SOBRE AS COMISI\u00d3NS<\/a><\/div>\n<\/div>\n\n\n\n<h3 class=\"wp-block-heading has-text-align-center\" id=\"h-\"><\/h3>\n<\/div>\n<\/div>\n\n<div class=\"wp-block-group has-global-padding is-layout-constrained wp-container-core-group-is-layout-bea02a06 wp-block-group-is-layout-constrained\">\n<h2 class=\"wp-block-heading has-text-align-center encabezado-entorno-seguro has-gray-color has-text-color has-open-sans-font-family has-x-large-font-size\" id=\"h-canal-de-denuncias-0\" style=\"margin-top:var(--wp--preset--spacing--70);margin-bottom:var(--wp--preset--spacing--30);text-transform:none\">Canal de reclamaci\u00f3ns<\/h2>\n\n\n\n<p>Se tes co\u00f1ecemento dalgunha situaci\u00f3n na que non se estea a promover <strong>o bo trato<\/strong> ou na que unha persoa poida estar a sufrir alg\u00fan tipo de violencia; ou se tes co\u00f1ecemento dalg\u00fan tipo de mala pr\u00e1ctica, infracci\u00f3n ou irregularidade por parte de Entreculturas que poida estar a violar o <a href=\"https:\/\/www.entreculturas.org\/wp-content\/uploads\/2025\/06\/Codigo-Etico-Entreculturas.pdf\" target=\"_blank\" rel=\"noreferrer noopener\">C\u00f3digo \u00c9tico de<\/a> Entreculturas, podes denuncialo de forma confidencial a trav\u00e9s da nosa Canle de Denuncias.<\/p>\n\n\n\n<div style=\"height:23px\" aria-hidden=\"true\" class=\"wp-block-spacer\"><\/div>\n\n\n\n<div class=\"wp-block-buttons is-content-justification-center is-layout-flex wp-container-core-buttons-is-layout-066f2903 wp-block-buttons-is-layout-flex\" style=\"margin-bottom:0\">\n<div class=\"wp-block-button\"><a class=\"wp-block-button__link has-text-align-left wp-element-button\" href=\"https:\/\/0fedfc3ca66dc9459b5d.canal.h2c.app\/new-form.html\" target=\"_blank\" rel=\"noreferrer noopener\">acceder \u00e1 canal<\/a><\/div>\n<\/div>\n\n\n\n<div style=\"height:28px\" aria-hidden=\"true\" class=\"wp-block-spacer\"><\/div>\n\n\n\n<div class=\"wp-block-columns is-layout-flex wp-container-core-columns-is-layout-28f84493 wp-block-columns-is-layout-flex\">\n<div class=\"wp-block-column is-layout-flow wp-block-column-is-layout-flow\" style=\"flex-basis:100%\">\n<div class=\"wp-block-group has-global-padding is-layout-constrained wp-block-group-is-layout-constrained\">\n<a href=\"https:\/\/www.entreculturas.org\/wp-content\/uploads\/2026\/02\/Politica-del-Sistema-Interno-de-Informacion.pdf\" target=\"_blank\" style=\"text-decoration:none;color:#2e2d2c\" rel=\"noopener\">\n<\/a>\n\n\n<div class=\"wp-block-columns is-not-stacked-on-mobile has-white-background-color has-background is-layout-flex wp-container-core-columns-is-layout-6428c7c4 wp-block-columns-is-layout-flex\" style=\"border-radius:10px;margin-bottom:var(--wp--preset--spacing--30);padding-top:var(--wp--preset--spacing--40);padding-right:var(--wp--preset--spacing--40);padding-bottom:var(--wp--preset--spacing--40);padding-left:var(--wp--preset--spacing--40)\">\n<div class=\"wp-block-column is-layout-flow wp-block-column-is-layout-flow\" style=\"flex-basis:6%\">\n<figure class=\"wp-block-image size-full is-resized\"><img decoding=\"async\" src=\"https:\/\/www.entreculturas.org\/wp-content\/uploads\/2023\/09\/corazon_entrecult.svg\" alt=\"\" class=\"wp-image-588\" style=\"width:30px;height:20px\"\/><\/figure>\n<\/div>\n\n\n\n<div class=\"wp-block-column is-layout-flow wp-block-column-is-layout-flow\" style=\"flex-basis:96%\">\n<p class=\"qs-margin-left-corazones\" style=\"margin-left:0\"><strong>Pol\u00edtica do Sistema de Informaci\u00f3n Interna<\/strong><\/p>\n<\/div>\n<\/div>\n\n\n\n\n<\/div>\n<\/div>\n<\/div>\n\n\n\n<div style=\"height:72px\" aria-hidden=\"true\" class=\"wp-block-spacer\"><\/div>\n<\/div>\n\n<h3 class=\"wp-block-heading has-text-align-center encabezado-entorno-seguro has-red-color has-text-color has-open-sans-font-family\" id=\"h-certificacion-keeping-children-safe-nbsp\" style=\"margin-top:0;margin-bottom:0;font-size:40px;text-transform:none\">Certificaci\u00f3n de Mantemento da Seguridade dos Nenos  <\/h3>\n\n<div class=\"wp-block-group has-global-padding is-content-justification-center is-layout-constrained wp-container-core-group-is-layout-e438ed8f wp-block-group-is-layout-constrained\" style=\"margin-top:0;margin-bottom:0;padding-right:20px;padding-left:20px\">\n<div class=\"wp-block-group padding-mobile-comision-entorno-seguro has-background-background-color has-background is-vertical is-content-justification-stretch is-layout-flex wp-container-core-group-is-layout-be638d37 wp-block-group-is-layout-flex\" style=\"border-radius:15px;margin-top:var(--wp--preset--spacing--30);margin-bottom:var(--wp--preset--spacing--30);padding-top:var(--wp--preset--spacing--70);padding-right:var(--wp--preset--spacing--80);padding-bottom:var(--wp--preset--spacing--70);padding-left:var(--wp--preset--spacing--80)\">\n<div class=\"wp-block-columns is-layout-flex wp-container-core-columns-is-layout-c6a03c77 wp-block-columns-is-layout-flex\" style=\"padding-right:var(--wp--preset--spacing--80);padding-left:var(--wp--preset--spacing--80)\">\n<div class=\"wp-block-column is-layout-flow wp-block-column-is-layout-flow\" style=\"flex-basis:50%\">\n<figure class=\"wp-block-image aligncenter size-full is-resized\" style=\"margin-right:0;margin-left:0\"><img decoding=\"async\" width=\"1011\" height=\"545\" src=\"https:\/\/www.entreculturas.org\/wp-content\/uploads\/2025\/07\/LOGO.png\" alt=\"\" class=\"wp-image-40295\" style=\"width:288px;height:auto\" srcset=\"https:\/\/www.entreculturas.org\/wp-content\/uploads\/2025\/07\/LOGO.png 1011w, https:\/\/www.entreculturas.org\/wp-content\/uploads\/2025\/07\/LOGO-300x162.png 300w, https:\/\/www.entreculturas.org\/wp-content\/uploads\/2025\/07\/LOGO-768x414.png 768w\" sizes=\"(max-width: 1011px) 100vw, 1011px\" \/><\/figure>\n<\/div>\n\n\n\n<div class=\"wp-block-column is-layout-flow wp-block-column-is-layout-flow\" style=\"flex-basis:50%\">\n<p>Como parte de Fe y Alegr\u00eda, contamos coa certificaci\u00f3n de Nivel 1 de Keeping Children Safe, unha organizaci\u00f3n internacional que promove os m\u00e1is altos est\u00e1ndares de seguridade para nenos e mozos en diversos contextos. Estamos no cami\u00f1o de acadar a certificaci\u00f3n de Nivel 2, que reafirma o noso compromiso cos m\u00e1is altos est\u00e1ndares internacionais de protecci\u00f3n. <br\/><\/p>\n<\/div>\n<\/div>\n\n\n\n<div style=\"height:37px\" aria-hidden=\"true\" class=\"wp-block-spacer wp-container-content-8a91f07f\"><\/div>\n\n\n\n<div class=\"wp-block-buttons is-content-justification-center is-layout-flex wp-container-core-buttons-is-layout-bb659de6 wp-block-buttons-is-layout-flex\" style=\"margin-top:var(--wp--preset--spacing--50)\">\n<div class=\"wp-block-button\"><a class=\"wp-block-button__link wp-element-button\" href=\"https:\/\/www.keepingchildrensafe.global\/\" target=\"_blank\" rel=\"noreferrer noopener\">M\u00e1is informaci\u00f3n sobre como manter a seguridade dos nenos<\/a><\/div>\n<\/div>\n<\/div>\n<\/div>\n\n<div class=\"wp-block-group has-global-padding is-layout-constrained wp-container-core-group-is-layout-b74f2a4b wp-block-group-is-layout-constrained\" style=\"padding-right:20px;padding-left:20px\">\n<div class=\"wp-block-group no-padding-entorno-seguro has-global-padding is-layout-constrained wp-block-group-is-layout-constrained\" style=\"margin-bottom:var(--wp--preset--spacing--80);padding-top:var(--wp--preset--spacing--30)\">\n<div class=\"wp-block-group has-global-padding is-layout-constrained wp-block-group-is-layout-constrained\">\n<a href=\"https:\/\/jesuitas.es\/es\/documentos\/category\/10-documentos-provincia-de-espana\" target=\"_blank\" style=\"text-decoration:none;color:#2e2d2c\" rel=\"noopener\">\n<\/a>\n\n\n<div class=\"wp-block-columns is-not-stacked-on-mobile has-white-background-color has-background is-layout-flex wp-container-core-columns-is-layout-6428c7c4 wp-block-columns-is-layout-flex\" style=\"border-radius:10px;margin-bottom:var(--wp--preset--spacing--30);padding-top:var(--wp--preset--spacing--40);padding-right:var(--wp--preset--spacing--40);padding-bottom:var(--wp--preset--spacing--40);padding-left:var(--wp--preset--spacing--40)\">\n<div class=\"wp-block-column is-layout-flow wp-block-column-is-layout-flow\" style=\"flex-basis:6%\">\n<figure class=\"wp-block-image size-full is-resized\"><img decoding=\"async\" src=\"https:\/\/www.entreculturas.org\/wp-content\/uploads\/2023\/09\/corazon_entrecult.svg\" alt=\"\" class=\"wp-image-588\" style=\"width:30px;height:20px\"\/><\/figure>\n<\/div>\n\n\n\n<div class=\"wp-block-column is-layout-flow wp-block-column-is-layout-flow\" style=\"flex-basis:96%\">\n<p class=\"qs-margin-left-corazones\" style=\"margin-left:0\"><strong>C\u00f3digo de conduta da Compa\u00f1\u00eda de Xes\u00fas<\/strong><\/p>\n<\/div>\n<\/div>\n\n\n\n\n<\/div>\n\n\n\n<div class=\"wp-block-group has-global-padding is-layout-constrained wp-block-group-is-layout-constrained\">\n<a href=\"https:\/\/www.entreculturas.org\/wp-content\/uploads\/2025\/06\/Codigo-Etico-Entreculturas.pdf\" target=\"_blank\" style=\"text-decoration:none;color:#2e2d2c\" rel=\"noopener\">\n<\/a>\n\n\n<div class=\"wp-block-columns is-not-stacked-on-mobile has-white-background-color has-background is-layout-flex wp-container-core-columns-is-layout-6428c7c4 wp-block-columns-is-layout-flex\" style=\"border-radius:10px;margin-bottom:var(--wp--preset--spacing--30);padding-top:var(--wp--preset--spacing--40);padding-right:var(--wp--preset--spacing--40);padding-bottom:var(--wp--preset--spacing--40);padding-left:var(--wp--preset--spacing--40)\">\n<div class=\"wp-block-column is-layout-flow wp-block-column-is-layout-flow\" style=\"flex-basis:6%\">\n<figure class=\"wp-block-image size-full is-resized\"><img decoding=\"async\" src=\"https:\/\/www.entreculturas.org\/wp-content\/uploads\/2023\/09\/corazon_entrecult.svg\" alt=\"\" class=\"wp-image-588\" style=\"width:30px;height:20px\"\/><\/figure>\n<\/div>\n\n\n\n<div class=\"wp-block-column is-layout-flow wp-block-column-is-layout-flow\" style=\"flex-basis:96%\">\n<p class=\"qs-margin-left-corazones\" style=\"margin-left:0\"><strong>C\u00f3digo de \u00e9tica de Entreculturas<\/strong><\/p>\n<\/div>\n<\/div>\n\n\n\n\n<\/div>\n\n\n\n<div class=\"wp-block-group has-global-padding is-layout-constrained wp-block-group-is-layout-constrained\">\n<a href=\"https:\/\/www.entreculturas.org\/wp-content\/uploads\/2025\/06\/Politica-de-Cumplimiento-y-Prevencion-de-Riesgos-Penales.pdf\" target=\"_blank\" style=\"text-decoration:none;color:#2e2d2c\" rel=\"noopener\">\n<\/a>\n\n\n<div class=\"wp-block-columns is-not-stacked-on-mobile has-white-background-color has-background is-layout-flex wp-container-core-columns-is-layout-6428c7c4 wp-block-columns-is-layout-flex\" style=\"border-radius:10px;margin-bottom:var(--wp--preset--spacing--30);padding-top:var(--wp--preset--spacing--40);padding-right:var(--wp--preset--spacing--40);padding-bottom:var(--wp--preset--spacing--40);padding-left:var(--wp--preset--spacing--40)\">\n<div class=\"wp-block-column is-layout-flow wp-block-column-is-layout-flow\" style=\"flex-basis:6%\">\n<figure class=\"wp-block-image size-full is-resized\"><img decoding=\"async\" src=\"https:\/\/www.entreculturas.org\/wp-content\/uploads\/2023\/09\/corazon_entrecult.svg\" alt=\"\" class=\"wp-image-588\" style=\"width:30px;height:20px\"\/><\/figure>\n<\/div>\n\n\n\n<div class=\"wp-block-column is-layout-flow wp-block-column-is-layout-flow\" style=\"flex-basis:96%\">\n<p class=\"qs-margin-left-corazones\" style=\"margin-left:0\"><strong>Pol\u00edtica de cumprimento e prevenci\u00f3n de riscos penais<\/strong><\/p>\n<\/div>\n<\/div>\n<\/div>\n\n\n\n<div class=\"wp-block-group has-global-padding is-layout-constrained wp-block-group-is-layout-constrained\">\n\n\n\n\n<a href=\"https:\/\/www.entreculturas.org\/wp-content\/uploads\/2025\/10\/14_Protocolo_Prevencion_Acoso.pdf\" target=\"_blank\" style=\"text-decoration:none;color:#2e2d2c\" rel=\"noopener\">\n<\/a>\n\n\n<div class=\"wp-block-columns is-not-stacked-on-mobile has-white-background-color has-background is-layout-flex wp-container-core-columns-is-layout-6428c7c4 wp-block-columns-is-layout-flex\" style=\"border-radius:10px;margin-bottom:var(--wp--preset--spacing--30);padding-top:var(--wp--preset--spacing--40);padding-right:var(--wp--preset--spacing--40);padding-bottom:var(--wp--preset--spacing--40);padding-left:var(--wp--preset--spacing--40)\">\n<div class=\"wp-block-column is-layout-flow wp-block-column-is-layout-flow\" style=\"flex-basis:6%\">\n<figure class=\"wp-block-image size-full is-resized\"><img decoding=\"async\" src=\"https:\/\/www.entreculturas.org\/wp-content\/uploads\/2023\/09\/corazon_entrecult.svg\" alt=\"\" class=\"wp-image-588\" style=\"width:30px;height:20px\"\/><\/figure>\n<\/div>\n\n\n\n<div class=\"wp-block-column is-layout-flow wp-block-column-is-layout-flow\" style=\"flex-basis:96%\">\n<p class=\"qs-margin-left-corazones\" style=\"margin-left:0\"><strong>Protocolo actualizado para a prevenci\u00f3n do acoso sexual<\/strong><\/p>\n<\/div>\n<\/div>\n\n\n\n\n<\/div>\n\n\n\n<div class=\"wp-block-group has-global-padding is-layout-constrained wp-block-group-is-layout-constrained\">\n<a href=\"https:\/\/www.entreculturas.org\/wp-content\/uploads\/2025\/10\/13_Politica-Proteccion-MAV-de-Entreculturas-definitiva.pdf\" target=\"_blank\" style=\"text-decoration:none;color:#2e2d2c\" rel=\"noopener\">\n<\/a><\/div>\n\n\n\n<div class=\"wp-block-columns is-not-stacked-on-mobile has-white-background-color has-background is-layout-flex wp-container-core-columns-is-layout-6428c7c4 wp-block-columns-is-layout-flex\" style=\"border-radius:10px;margin-bottom:var(--wp--preset--spacing--30);padding-top:var(--wp--preset--spacing--40);padding-right:var(--wp--preset--spacing--40);padding-bottom:var(--wp--preset--spacing--40);padding-left:var(--wp--preset--spacing--40)\">\n<div class=\"wp-block-column is-layout-flow wp-block-column-is-layout-flow\" style=\"flex-basis:6%\">\n<figure class=\"wp-block-image size-full is-resized\"><img decoding=\"async\" src=\"https:\/\/www.entreculturas.org\/wp-content\/uploads\/2023\/09\/corazon_entrecult.svg\" alt=\"\" class=\"wp-image-588\" style=\"width:30px;height:20px\"\/><\/figure>\n<\/div>\n\n\n\n<div class=\"wp-block-column is-layout-flow wp-block-column-is-layout-flow\" style=\"flex-basis:96%\">\n<p class=\"qs-margin-left-corazones\" style=\"margin-left:0\"><strong>Pol\u00edtica de protecci\u00f3n de menores e adultos vulnerables de Entreculturas<\/strong><\/p>\n<\/div>\n<\/div>\n\n\n\n\n\n\n\n<a href=\"https:\/\/www.entreculturas.org\/wp-content\/uploads\/2024\/02\/Guia-Entorno-Seguro-contextos-educacion-no-formal.pdf\" target=\"_blank\" style=\"text-decoration:none;color:#2e2d2c\" rel=\"noopener\">\n<\/a>\n\n\n<div class=\"wp-block-columns is-not-stacked-on-mobile has-white-background-color has-background is-layout-flex wp-container-core-columns-is-layout-6428c7c4 wp-block-columns-is-layout-flex\" style=\"border-radius:10px;margin-bottom:var(--wp--preset--spacing--30);padding-top:var(--wp--preset--spacing--40);padding-right:var(--wp--preset--spacing--40);padding-bottom:var(--wp--preset--spacing--40);padding-left:var(--wp--preset--spacing--40)\">\n<div class=\"wp-block-column is-layout-flow wp-block-column-is-layout-flow\" style=\"flex-basis:6%\">\n<figure class=\"wp-block-image size-full is-resized\"><img decoding=\"async\" src=\"https:\/\/www.entreculturas.org\/wp-content\/uploads\/2023\/09\/corazon_entrecult.svg\" alt=\"\" class=\"wp-image-588\" style=\"width:30px;height:20px\"\/><\/figure>\n<\/div>\n\n\n\n<div class=\"wp-block-column is-layout-flow wp-block-column-is-layout-flow\" style=\"flex-basis:96%\">\n<p class=\"qs-margin-left-corazones\" style=\"margin-left:0\"><strong>Gu\u00eda de medio ambiente seguro en contextos de educaci\u00f3n non formal<\/strong><\/p>\n<\/div>\n<\/div>\n\n\n\n\n\n\n\n<div class=\"wp-block-group has-global-padding is-layout-constrained wp-block-group-is-layout-constrained\" style=\"margin-top:var(--wp--preset--spacing--30);margin-bottom:var(--wp--preset--spacing--50)\">\n<a href=\"https:\/\/coordinadoraongd.org\/wp-content\/uploads\/2022\/10\/Co%CC%81digo-conducta-2022_COORDI_v3.pdf\" target=\"_blank\" style=\"text-decoration:none;color:#2e2d2c\" rel=\"noopener\">\n<\/a>\n\n\n<div class=\"wp-block-columns is-not-stacked-on-mobile has-white-background-color has-background is-layout-flex wp-container-core-columns-is-layout-6428c7c4 wp-block-columns-is-layout-flex\" style=\"border-radius:10px;margin-bottom:var(--wp--preset--spacing--30);padding-top:var(--wp--preset--spacing--40);padding-right:var(--wp--preset--spacing--40);padding-bottom:var(--wp--preset--spacing--40);padding-left:var(--wp--preset--spacing--40)\">\n<div class=\"wp-block-column is-layout-flow wp-block-column-is-layout-flow\" style=\"flex-basis:6%\">\n<figure class=\"wp-block-image size-full is-resized\"><img decoding=\"async\" src=\"https:\/\/www.entreculturas.org\/wp-content\/uploads\/2023\/09\/corazon_entrecult.svg\" alt=\"\" class=\"wp-image-588\" style=\"width:30px;height:20px\"\/><\/figure>\n<\/div>\n\n\n\n<div class=\"wp-block-column is-layout-flow wp-block-column-is-layout-flow\" style=\"flex-basis:96%\">\n<p class=\"qs-margin-left-corazones\" style=\"margin-left:0\"><strong>C\u00f3digo de conduta da coordinadora espa\u00f1ola de ONGD<\/strong><\/p>\n<\/div>\n<\/div>\n\n\n\n\n<\/div>\n<\/div>\n<\/div>\n","protected":false},"excerpt":{"rendered":"<p>En Entreculturas, fieis \u00e1 nosa misi\u00f3n de traballar pola xustiza e a transformaci\u00f3n social, temos un firme compromiso coa \u00e9tica , a integridade e a promoci\u00f3n dunha cultura do bo trato e a atenci\u00f3n que se reflicte en cada unha das nosas acci\u00f3ns. Canal de reclamaci\u00f3ns Se tes co\u00f1ecemento dalgunha situaci\u00f3n na que non se estea a promover o bo trato ou na que unha persoa poida estar a sufrir alg\u00fan tipo de violencia; ou se tes co\u00f1ecemento dalg\u00fan tipo de mala pr\u00e1ctica, infracci\u00f3n ou irregularidade por parte de Entreculturas que poida estar a violar o C\u00f3digo \u00c9tico de Entreculturas, podes denuncialo de forma confidencial a trav\u00e9s da nosa Canle de Denuncias. C\u00f3digo de \u00e9tica de Intercultural Gu\u00eda o comportamento de todas as persoas vinculadas \u00e1 organizaci\u00f3n e establece principios claros de actuaci\u00f3n baseados na xustiza, a equidade e a corresponsabilidade. Pol\u00edtica de cumprimento e Prevenci\u00f3n de Riscos Penais Promovemos [&hellip;]<\/p>\n","protected":false},"author":1,"featured_media":21679,"parent":0,"menu_order":0,"comment_status":"closed","ping_status":"closed","template":"page-notitle","meta":{"_acf_changed":false,"footnotes":""},"class_list":["post-21676","page","type-page","status-publish","has-post-thumbnail","hentry"],"acf":[],"yoast_head":"<!-- This site is optimized with the Yoast SEO Premium plugin v21.6 (Yoast SEO v27.4) - https:\/\/yoast.com\/product\/yoast-seo-premium-wordpress\/ -->\n<title>C\u00f3digo \u00c9tico da ONG Entreculturas<\/title>\n<meta name=\"description\" content=\"Co\u00f1ece o c\u00f3digo \u00e9tico e as pol\u00edticas de cumprimento da ONG Entreculturas para garantir un ambiente seguro para todos.\" \/>\n<meta name=\"robots\" content=\"index, follow, max-snippet:-1, max-image-preview:large, max-video-preview:-1\" \/>\n<link rel=\"canonical\" href=\"https:\/\/www.entreculturas.org\/gl\/ambiente-seguro\/\" \/>\n<meta property=\"og:locale\" content=\"gl_ES\" \/>\n<meta property=\"og:type\" content=\"article\" \/>\n<meta property=\"og:title\" content=\"Canal \u00c9tico e Entorno Seguro\" \/>\n<meta property=\"og:description\" content=\"Co\u00f1ece o c\u00f3digo \u00e9tico e as pol\u00edticas de cumprimento da ONG Entreculturas para garantir un ambiente seguro para todos.\" \/>\n<meta property=\"og:url\" content=\"https:\/\/www.entreculturas.org\/gl\/ambiente-seguro\/\" \/>\n<meta property=\"og:site_name\" content=\"Entreculturas\" \/>\n<meta property=\"article:publisher\" content=\"https:\/\/www.facebook.com\/entreculturas\" \/>\n<meta property=\"article:modified_time\" content=\"2026-04-23T13:43:28+00:00\" \/>\n<meta property=\"og:image\" content=\"https:\/\/www.entreculturas.org\/wp-content\/uploads\/2023\/12\/TCD01_2020_1112_Atelier-Gaoui_Credits-to-Irene-Galera-34-1.jpg\" \/>\n\t<meta property=\"og:image:width\" content=\"1280\" \/>\n\t<meta property=\"og:image:height\" content=\"721\" \/>\n\t<meta property=\"og:image:type\" content=\"image\/jpeg\" \/>\n<meta name=\"twitter:card\" content=\"summary_large_image\" \/>\n<meta name=\"twitter:site\" content=\"@Entreculturas\" \/>\n<script type=\"application\/ld+json\" class=\"yoast-schema-graph\">{\"@context\":\"https:\\\/\\\/schema.org\",\"@graph\":[{\"@type\":\"WebPage\",\"@id\":\"https:\\\/\\\/www.entreculturas.org\\\/gl\\\/ambiente-seguro\\\/\",\"url\":\"https:\\\/\\\/www.entreculturas.org\\\/gl\\\/ambiente-seguro\\\/\",\"name\":\"C\u00f3digo \u00c9tico da ONG Entreculturas\",\"isPartOf\":{\"@id\":\"https:\\\/\\\/www.entreculturas.org\\\/gl\\\/#website\"},\"primaryImageOfPage\":{\"@id\":\"https:\\\/\\\/www.entreculturas.org\\\/gl\\\/ambiente-seguro\\\/#primaryimage\"},\"image\":{\"@id\":\"https:\\\/\\\/www.entreculturas.org\\\/gl\\\/ambiente-seguro\\\/#primaryimage\"},\"thumbnailUrl\":\"https:\\\/\\\/www.entreculturas.org\\\/wp-content\\\/uploads\\\/2023\\\/12\\\/TCD01_2020_1112_Atelier-Gaoui_Credits-to-Irene-Galera-34-1.jpg\",\"datePublished\":\"2023-10-11T13:27:00+00:00\",\"dateModified\":\"2026-04-23T13:43:28+00:00\",\"description\":\"Co\u00f1ece o c\u00f3digo \u00e9tico e as pol\u00edticas de cumprimento da ONG Entreculturas para garantir un ambiente seguro para todos.\",\"breadcrumb\":{\"@id\":\"https:\\\/\\\/www.entreculturas.org\\\/gl\\\/ambiente-seguro\\\/#breadcrumb\"},\"inLanguage\":\"gl-ES\",\"potentialAction\":[{\"@type\":\"ReadAction\",\"target\":[\"https:\\\/\\\/www.entreculturas.org\\\/gl\\\/ambiente-seguro\\\/\"]}]},{\"@type\":\"ImageObject\",\"inLanguage\":\"gl-ES\",\"@id\":\"https:\\\/\\\/www.entreculturas.org\\\/gl\\\/ambiente-seguro\\\/#primaryimage\",\"url\":\"https:\\\/\\\/www.entreculturas.org\\\/wp-content\\\/uploads\\\/2023\\\/12\\\/TCD01_2020_1112_Atelier-Gaoui_Credits-to-Irene-Galera-34-1.jpg\",\"contentUrl\":\"https:\\\/\\\/www.entreculturas.org\\\/wp-content\\\/uploads\\\/2023\\\/12\\\/TCD01_2020_1112_Atelier-Gaoui_Credits-to-Irene-Galera-34-1.jpg\",\"width\":1280,\"height\":721,\"caption\":\"Fotos durante o obradoiro de cocreaci\u00f3n entre Salma Khalil, artista chadiana, e nenas refuxiadas no Chad. Unha actividade organizada por JRS e Entreculturas dentro da campa\u00f1a Luz de las Ni\u00f1as, co obxectivo de crear un libro ilustrado para nenos sobre a realidade das nenas no Chad. Cr\u00e9ditos a Irene Galera.\"},{\"@type\":\"BreadcrumbList\",\"@id\":\"https:\\\/\\\/www.entreculturas.org\\\/gl\\\/ambiente-seguro\\\/#breadcrumb\",\"itemListElement\":[{\"@type\":\"ListItem\",\"position\":1,\"name\":\"Home\",\"item\":\"https:\\\/\\\/www.entreculturas.org\\\/gl\\\/\"},{\"@type\":\"ListItem\",\"position\":2,\"name\":\"Canal \u00c9tico e Entorno Seguro\"}]},{\"@type\":\"WebSite\",\"@id\":\"https:\\\/\\\/www.entreculturas.org\\\/gl\\\/#website\",\"url\":\"https:\\\/\\\/www.entreculturas.org\\\/gl\\\/\",\"name\":\"Entreculturas\",\"description\":\"\",\"publisher\":{\"@id\":\"https:\\\/\\\/www.entreculturas.org\\\/gl\\\/#organization\"},\"alternateName\":\"Entreculturas\",\"potentialAction\":[{\"@type\":\"SearchAction\",\"target\":{\"@type\":\"EntryPoint\",\"urlTemplate\":\"https:\\\/\\\/www.entreculturas.org\\\/gl\\\/?s={search_term_string}\"},\"query-input\":{\"@type\":\"PropertyValueSpecification\",\"valueRequired\":true,\"valueName\":\"search_term_string\"}}],\"inLanguage\":\"gl-ES\"},{\"@type\":\"Organization\",\"@id\":\"https:\\\/\\\/www.entreculturas.org\\\/gl\\\/#organization\",\"name\":\"Entreculturas\",\"url\":\"https:\\\/\\\/www.entreculturas.org\\\/gl\\\/\",\"logo\":{\"@type\":\"ImageObject\",\"inLanguage\":\"gl-ES\",\"@id\":\"https:\\\/\\\/www.entreculturas.org\\\/gl\\\/#\\\/schema\\\/logo\\\/image\\\/\",\"url\":\"https:\\\/\\\/www.entreculturas.org\\\/wp-content\\\/uploads\\\/2025\\\/10\\\/ESP.svg\",\"contentUrl\":\"https:\\\/\\\/www.entreculturas.org\\\/wp-content\\\/uploads\\\/2025\\\/10\\\/ESP.svg\",\"caption\":\"Entreculturas\"},\"image\":{\"@id\":\"https:\\\/\\\/www.entreculturas.org\\\/gl\\\/#\\\/schema\\\/logo\\\/image\\\/\"},\"sameAs\":[\"https:\\\/\\\/www.facebook.com\\\/entreculturas\",\"https:\\\/\\\/x.com\\\/Entreculturas\",\"https:\\\/\\\/www.instagram.com\\\/entreculturas\\\/\",\"https:\\\/\\\/www.youtube.com\\\/user\\\/entreculturasvideo\",\"https:\\\/\\\/www.linkedin.com\\\/company\\\/fundacion-entreculturas-ngdo\\\/\",\"https:\\\/\\\/www.flickr.com\\\/photos\\\/98455522@N04\\\/albums\\\/\"]}]}<\/script>\n<!-- \/ Yoast SEO Premium plugin. -->","yoast_head_json":{"title":"C\u00f3digo \u00c9tico da ONG Entreculturas","description":"Co\u00f1ece o c\u00f3digo \u00e9tico e as pol\u00edticas de cumprimento da ONG Entreculturas para garantir un ambiente seguro para todos.","robots":{"index":"index","follow":"follow","max-snippet":"max-snippet:-1","max-image-preview":"max-image-preview:large","max-video-preview":"max-video-preview:-1"},"canonical":"https:\/\/www.entreculturas.org\/gl\/ambiente-seguro\/","og_locale":"gl_ES","og_type":"article","og_title":"Canal \u00c9tico e Entorno Seguro","og_description":"Co\u00f1ece o c\u00f3digo \u00e9tico e as pol\u00edticas de cumprimento da ONG Entreculturas para garantir un ambiente seguro para todos.","og_url":"https:\/\/www.entreculturas.org\/gl\/ambiente-seguro\/","og_site_name":"Entreculturas","article_publisher":"https:\/\/www.facebook.com\/entreculturas","article_modified_time":"2026-04-23T13:43:28+00:00","og_image":[{"width":1280,"height":721,"url":"https:\/\/www.entreculturas.org\/wp-content\/uploads\/2023\/12\/TCD01_2020_1112_Atelier-Gaoui_Credits-to-Irene-Galera-34-1.jpg","type":"image\/jpeg"}],"twitter_card":"summary_large_image","twitter_site":"@Entreculturas","schema":{"@context":"https:\/\/schema.org","@graph":[{"@type":"WebPage","@id":"https:\/\/www.entreculturas.org\/gl\/ambiente-seguro\/","url":"https:\/\/www.entreculturas.org\/gl\/ambiente-seguro\/","name":"C\u00f3digo \u00c9tico da ONG Entreculturas","isPartOf":{"@id":"https:\/\/www.entreculturas.org\/gl\/#website"},"primaryImageOfPage":{"@id":"https:\/\/www.entreculturas.org\/gl\/ambiente-seguro\/#primaryimage"},"image":{"@id":"https:\/\/www.entreculturas.org\/gl\/ambiente-seguro\/#primaryimage"},"thumbnailUrl":"https:\/\/www.entreculturas.org\/wp-content\/uploads\/2023\/12\/TCD01_2020_1112_Atelier-Gaoui_Credits-to-Irene-Galera-34-1.jpg","datePublished":"2023-10-11T13:27:00+00:00","dateModified":"2026-04-23T13:43:28+00:00","description":"Co\u00f1ece o c\u00f3digo \u00e9tico e as pol\u00edticas de cumprimento da ONG Entreculturas para garantir un ambiente seguro para todos.","breadcrumb":{"@id":"https:\/\/www.entreculturas.org\/gl\/ambiente-seguro\/#breadcrumb"},"inLanguage":"gl-ES","potentialAction":[{"@type":"ReadAction","target":["https:\/\/www.entreculturas.org\/gl\/ambiente-seguro\/"]}]},{"@type":"ImageObject","inLanguage":"gl-ES","@id":"https:\/\/www.entreculturas.org\/gl\/ambiente-seguro\/#primaryimage","url":"https:\/\/www.entreculturas.org\/wp-content\/uploads\/2023\/12\/TCD01_2020_1112_Atelier-Gaoui_Credits-to-Irene-Galera-34-1.jpg","contentUrl":"https:\/\/www.entreculturas.org\/wp-content\/uploads\/2023\/12\/TCD01_2020_1112_Atelier-Gaoui_Credits-to-Irene-Galera-34-1.jpg","width":1280,"height":721,"caption":"Fotos durante o obradoiro de cocreaci\u00f3n entre Salma Khalil, artista chadiana, e nenas refuxiadas no Chad. Unha actividade organizada por JRS e Entreculturas dentro da campa\u00f1a Luz de las Ni\u00f1as, co obxectivo de crear un libro ilustrado para nenos sobre a realidade das nenas no Chad. Cr\u00e9ditos a Irene Galera."},{"@type":"BreadcrumbList","@id":"https:\/\/www.entreculturas.org\/gl\/ambiente-seguro\/#breadcrumb","itemListElement":[{"@type":"ListItem","position":1,"name":"Home","item":"https:\/\/www.entreculturas.org\/gl\/"},{"@type":"ListItem","position":2,"name":"Canal \u00c9tico e Entorno Seguro"}]},{"@type":"WebSite","@id":"https:\/\/www.entreculturas.org\/gl\/#website","url":"https:\/\/www.entreculturas.org\/gl\/","name":"Entreculturas","description":"","publisher":{"@id":"https:\/\/www.entreculturas.org\/gl\/#organization"},"alternateName":"Entreculturas","potentialAction":[{"@type":"SearchAction","target":{"@type":"EntryPoint","urlTemplate":"https:\/\/www.entreculturas.org\/gl\/?s={search_term_string}"},"query-input":{"@type":"PropertyValueSpecification","valueRequired":true,"valueName":"search_term_string"}}],"inLanguage":"gl-ES"},{"@type":"Organization","@id":"https:\/\/www.entreculturas.org\/gl\/#organization","name":"Entreculturas","url":"https:\/\/www.entreculturas.org\/gl\/","logo":{"@type":"ImageObject","inLanguage":"gl-ES","@id":"https:\/\/www.entreculturas.org\/gl\/#\/schema\/logo\/image\/","url":"https:\/\/www.entreculturas.org\/wp-content\/uploads\/2025\/10\/ESP.svg","contentUrl":"https:\/\/www.entreculturas.org\/wp-content\/uploads\/2025\/10\/ESP.svg","caption":"Entreculturas"},"image":{"@id":"https:\/\/www.entreculturas.org\/gl\/#\/schema\/logo\/image\/"},"sameAs":["https:\/\/www.facebook.com\/entreculturas","https:\/\/x.com\/Entreculturas","https:\/\/www.instagram.com\/entreculturas\/","https:\/\/www.youtube.com\/user\/entreculturasvideo","https:\/\/www.linkedin.com\/company\/fundacion-entreculturas-ngdo\/","https:\/\/www.flickr.com\/photos\/98455522@N04\/albums\/"]}]}},"_links":{"self":[{"href":"https:\/\/www.entreculturas.org\/gl\/wp-json\/wp\/v2\/pages\/21676","targetHints":{"allow":["GET"]}}],"collection":[{"href":"https:\/\/www.entreculturas.org\/gl\/wp-json\/wp\/v2\/pages"}],"about":[{"href":"https:\/\/www.entreculturas.org\/gl\/wp-json\/wp\/v2\/types\/page"}],"author":[{"embeddable":true,"href":"https:\/\/www.entreculturas.org\/gl\/wp-json\/wp\/v2\/users\/1"}],"replies":[{"embeddable":true,"href":"https:\/\/www.entreculturas.org\/gl\/wp-json\/wp\/v2\/comments?post=21676"}],"version-history":[{"count":11,"href":"https:\/\/www.entreculturas.org\/gl\/wp-json\/wp\/v2\/pages\/21676\/revisions"}],"predecessor-version":[{"id":47776,"href":"https:\/\/www.entreculturas.org\/gl\/wp-json\/wp\/v2\/pages\/21676\/revisions\/47776"}],"wp:featuredmedia":[{"embeddable":true,"href":"https:\/\/www.entreculturas.org\/gl\/wp-json\/wp\/v2\/media\/21679"}],"wp:attachment":[{"href":"https:\/\/www.entreculturas.org\/gl\/wp-json\/wp\/v2\/media?parent=21676"}],"curies":[{"name":"wp","href":"https:\/\/api.w.org\/{rel}","templated":true}]}}