{"id":21563,"date":"2023-09-29T11:29:20","date_gmt":"2023-09-29T09:29:20","guid":{"rendered":"https:\/\/www.entreculturas.org\/sobre-nos\/"},"modified":"2025-10-14T17:12:46","modified_gmt":"2025-10-14T15:12:46","slug":"sobre-nos","status":"publish","type":"page","link":"https:\/\/www.entreculturas.org\/gl\/sobre-nos\/","title":{"rendered":"Sobre n\u00f3s?"},"content":{"rendered":"\n<div class=\"wp-block-cover is-light wp-block-hero\" style=\"padding-top:100px;padding-right:100px;padding-bottom:100px;padding-left:100px\"><img decoding=\"async\" class=\"wp-block-cover__image-background wp-image-1535\" alt=\"\" src=\"https:\/\/www.entreculturas.org\/wp-content\/uploads\/2023\/10\/bg-quienes-somos-scaled.jpg\" style=\"object-position:52% 61%\" data-object-fit=\"cover\" data-object-position=\"52% 61%\"\/><span aria-hidden=\"true\" class=\"wp-block-cover__background has-background-dim\"><\/span><div class=\"wp-block-cover__inner-container is-layout-flow wp-block-cover-is-layout-flow\">\n<div class=\"wp-block-group has-global-padding is-layout-constrained wp-container-core-group-is-layout-4dcaaabf wp-block-group-is-layout-constrained\">\n<div class=\"wp-block-group transicion-carga animacion-header has-global-padding is-content-justification-left is-layout-constrained wp-container-core-group-is-layout-aaf875ba wp-block-group-is-layout-constrained\">\n<h1 class=\"wp-block-heading has-text-align-left has-white-color has-text-color\" id=\"h-sobre-nos\" style=\"margin-top:0;margin-right:0;margin-bottom:0;margin-left:0;padding-top:0px;padding-right:0;padding-bottom:0;padding-left:0\">Sobre n\u00f3s?<\/h1>\n\n\n\n<p class=\"cr-fotografo has-white-color has-text-color\" style=\"font-size:12px\">\u00a9 Monteser\u00edn Fotograf\u00eda<\/p>\n<\/div>\n<\/div>\n<\/div><\/div>\n\n\n\n<div class=\"wp-block-group rounded-shadow has-white-background-color has-background has-global-padding is-layout-constrained wp-container-core-group-is-layout-06355609 wp-block-group-is-layout-constrained\" style=\"margin-top:0;margin-bottom:0;padding-top:var(--wp--preset--spacing--40);padding-right:var(--wp--preset--spacing--40);padding-bottom:var(--wp--preset--spacing--70);padding-left:var(--wp--preset--spacing--40)\">\n<div class=\"wp-block-group has-global-padding is-layout-constrained wp-container-core-group-is-layout-819b9014 wp-block-group-is-layout-constrained\" style=\"padding-top:0;padding-bottom:0\">\n<h3 class=\"wp-block-heading has-text-align-center encabezado-quienes-somos has-purple-color has-text-color\" id=\"h-somos-unha-ong-da-compania-de-xesus-que-defende-o-dereito-a-educacion\" style=\"margin-bottom:var(--wp--preset--spacing--30)\">Somos unha ONG da Compa\u00f1\u00eda de Xes\u00fas que defende o dereito \u00e1 educaci\u00f3n<\/h3>\n\n\n\n<p class=\"font-size-14\" style=\"font-size:20px\">A trav\u00e9s dos nosos proxectos promovemos o acceso a unha educaci\u00f3n de calidade e a igualdade de oportunidades en contextos de exclusi\u00f3n e vulnerabilidade en <strong>\u00c1frica, Am\u00e9rica Latina, Asia e Europa.<\/strong><\/p>\n\n\n\n<p class=\"font-size-14\" style=\"font-size:20px\"><br>Cremos que garantir <strong>o dereito a unha educaci\u00f3n de calidade \u00e9 o medio para o cambio e a xustiza social e un eixo transversal en cada unha das 5 causas que defendemos:<\/strong> dereito \u00e1 educaci\u00f3n, migraci\u00f3n e refuxio, igualdade de x\u00e9nero, xustiza socioambiental e participaci\u00f3n cidad\u00e1.<\/p>\n\n\n\n<p class=\"font-size-14\" style=\"font-size:20px\"><br>Para Entreculturas \u00e9 fundamental que todas as nosas actuaci\u00f3ns xeren igualdade de oportunidades e sexan responsables e transparentes con todas as persoas que nos apoian.<\/p>\n<\/div>\n<\/div>\n\n\n\n<div class=\"wp-block-group has-global-padding is-layout-constrained wp-container-core-group-is-layout-b74f2a4b wp-block-group-is-layout-constrained\" style=\"padding-right:20px;padding-left:20px\">\n<div class=\"wp-block-group has-global-padding is-layout-constrained wp-container-core-group-is-layout-940eb97b wp-block-group-is-layout-constrained\" style=\"margin-top:var(--wp--preset--spacing--70);margin-bottom:var(--wp--preset--spacing--70)\">\n<figure class=\"wp-block-image aligncenter size-full\"><img decoding=\"async\" src=\"https:\/\/www.entreculturas.org\/wp-content\/uploads\/2023\/09\/corazon_entrecult.svg\" alt=\"\" class=\"wp-image-588\"\/><\/figure>\n<\/div>\n<\/div>\n\n\n\n<div class=\"wp-block-buttons botones-post-accordion-qs ancho-desktop-qs-button is-content-justification-center is-layout-flex wp-container-core-buttons-is-layout-bb659de6 wp-block-buttons-is-layout-flex\" style=\"margin-top:var(--wp--preset--spacing--50)\">\n<div class=\"wp-block-button\"><a class=\"wp-block-button__link wp-element-button\" href=\"https:\/\/www.entreculturas.org\/wp-content\/uploads\/2023\/12\/documento_de_identidad_de_entreculturas.pdf\" target=\"_blank\" rel=\"noreferrer noopener\">Documento de Identidade Entreculturas<\/a><\/div>\n<\/div>\n\n\n\n<div class=\"wp-block-buttons botones-post-accordion-qs is-content-justification-center is-layout-flex wp-container-core-buttons-is-layout-dc4f92c6 wp-block-buttons-is-layout-flex\" style=\"margin-top:var(--wp--preset--spacing--30);margin-bottom:var(--wp--preset--spacing--50)\">\n<div class=\"wp-block-button\"><a class=\"wp-block-button__link wp-element-button\" href=\"https:\/\/www.entreculturas.org\/wp-content\/uploads\/2023\/12\/causas_comunes.pdf\" target=\"_blank\" rel=\"noreferrer noopener\">MARCO ESTRAT\u00c9XICO COM\u00daN ENTRECULTURAS E ALBOAN<\/a><\/div>\n<\/div>\n\n\n\n<div class=\"wp-block-group has-global-padding is-layout-constrained wp-container-core-group-is-layout-41c06ba8 wp-block-group-is-layout-constrained\">\n<div class=\"wp-block-group is-vertical is-content-justification-center is-layout-flex wp-container-core-group-is-layout-da2ee355 wp-block-group-is-layout-flex\" style=\"padding-top:var(--wp--preset--spacing--70);padding-right:0;padding-bottom:var(--wp--preset--spacing--70);padding-left:0\">\n<p class=\"has-text-align-center text-wrap-balance nuestras-causas-portada has-gray-entreculturas-color has-text-color\" style=\"padding-right:20px;padding-left:20px;font-size:37px;font-style:normal;font-weight:700;line-height:1.1\">As nosas causas<\/p>\n\n\n\n<p class=\"has-text-align-center font-size-14\" style=\"padding-right:20px;padding-left:20px;font-size:20px\">Apoiamos a m\u00e1is de 401.159 persoas a trav\u00e9s de m\u00e1is de 203 proxectos en 42 pa\u00edses de todo o mundo.<\/p>\n<\/div>\n<\/div>\n\n\n\n<div class=\"wp-block-group group-nuestras-causas-mobile-home has-global-padding is-content-justification-center is-layout-constrained wp-container-core-group-is-layout-e7aee6d0 wp-block-group-is-layout-constrained\" style=\"margin-top:0;margin-bottom:var(--wp--preset--spacing--80);padding-right:var(--wp--preset--spacing--40);padding-left:var(--wp--preset--spacing--40)\">\n<div class=\"wp-block-columns is-layout-flex wp-container-core-columns-is-layout-cbe57604 wp-block-columns-is-layout-flex\">\n<div class=\"wp-block-column js-scroll fade-in-bottom-5 has-global-padding is-content-justification-center is-layout-constrained wp-container-core-column-is-layout-d7a71814 wp-block-column-is-layout-constrained\" style=\"padding-right:0;padding-left:0\">\n<a href=\"https:\/\/www.entreculturas.org\/gl\/dereitos-educativos\/\" style=\"text-decoration:none;color:#2e2d2c\" rel=\"noopener\">\n<\/a>\n\n\n<div class=\"wp-block-group items-5-home nuestras-causas-mobile-home has-white-background-color has-background is-vertical is-content-justification-center is-nowrap is-layout-flex wp-container-core-group-is-layout-5d923f3c wp-block-group-is-layout-flex\" style=\"border-radius:15px;padding-top:var(--wp--preset--spacing--30);padding-right:0;padding-bottom:0;padding-left:0\">\n<div class=\"wp-block-group is-layout-flow wp-container-core-group-is-layout-1a04a515 wp-block-group-is-layout-flow\" style=\"border-radius:5px;padding-top:5px;padding-right:5px;padding-bottom:5px;padding-left:5px\">\n<figure class=\"wp-block-image aligncenter size-full is-resized imagen-items-causas\"><img decoding=\"async\" src=\"https:\/\/www.entreculturas.org\/wp-content\/uploads\/2023\/09\/educacion.svg\" alt=\"\" class=\"wp-image-1208\" style=\"object-fit:contain;width:50px;height:50px\"\/><\/figure>\n<\/div>\n\n\n\n<p class=\"has-text-align-left items-nuestras-causas has-purple-color has-text-color\" style=\"padding-top:var(--wp--preset--spacing--30);padding-right:var(--wp--preset--spacing--30);padding-bottom:0;padding-left:var(--wp--preset--spacing--30);font-size:19px\"><strong>Garant\u00eda do dereito universal a <mark style=\"background-color:rgba(0, 0, 0, 0)\" class=\"has-inline-color has-red-color\">unha educaci\u00f3n<\/mark> de calidade<\/strong><\/p>\n\n\n\n<p class=\"has-text-align-left nuestras-causas-read-more-mobile-home\">  Descubra como  <img decoding=\"async\" width=\"10\" height=\"10\" src=\"\/wp-content\/uploads\/2023\/09\/arrow-derecha.svg\" alt=\"Frecha\"\/> <\/p>\n<\/div>\n\n\n\n\n<\/div>\n\n\n\n<div class=\"wp-block-column js-scroll fade-in-bottom-5 has-global-padding is-layout-constrained wp-container-core-column-is-layout-7db9d80f wp-block-column-is-layout-constrained\" style=\"padding-right:0;padding-left:0\">\n<a href=\"https:\/\/www.entreculturas.org\/gl\/migracion-e-refuxio\/\" style=\"text-decoration:none;color:#2e2d2c\" rel=\"noopener\">\n<\/a>\n\n\n<div class=\"wp-block-group items-5-home nuestras-causas-mobile-home has-white-background-color has-background is-vertical is-content-justification-center is-nowrap is-layout-flex wp-container-core-group-is-layout-5d923f3c wp-block-group-is-layout-flex\" style=\"border-radius:15px;padding-top:var(--wp--preset--spacing--30);padding-right:0;padding-bottom:0;padding-left:0\">\n<div class=\"wp-block-group is-layout-flow wp-container-core-group-is-layout-1a04a515 wp-block-group-is-layout-flow\" style=\"border-radius:5px;padding-top:5px;padding-right:5px;padding-bottom:5px;padding-left:5px\">\n<figure class=\"wp-block-image size-full is-resized imagen-items-causas\"><img decoding=\"async\" src=\"https:\/\/www.entreculturas.org\/wp-content\/uploads\/2023\/09\/migracion-y-refugio.svg\" alt=\"\" class=\"wp-image-1207\" style=\"object-fit:contain;width:50px;height:50px\"\/><\/figure>\n<\/div>\n\n\n\n<p class=\"items-nuestras-causas has-purple-color has-text-color\" style=\"padding-top:var(--wp--preset--spacing--30);padding-right:var(--wp--preset--spacing--30);padding-bottom:0;padding-left:var(--wp--preset--spacing--30);font-size:19px\"><strong>Defensa dunha vida digna para <mark style=\"background-color:rgba(0, 0, 0, 0)\" class=\"has-inline-color has-red-color\">emigrantes e refuxiados<\/mark><\/strong><\/p>\n\n\n\n<p class=\"has-text-align-left nuestras-causas-read-more-mobile-home\">Descubra como  <img decoding=\"async\" src=\"\/wp-content\/uploads\/2023\/09\/arrow-derecha.svg\" alt=\"Frecha\" width=\"10\" height=\"10\"\/><\/p>\n<\/div>\n\n\n\n\n<\/div>\n\n\n\n<div class=\"wp-block-column js-scroll fade-in-bottom-5 has-global-padding is-layout-constrained wp-container-core-column-is-layout-7db9d80f wp-block-column-is-layout-constrained\" style=\"padding-right:0;padding-left:0\">\n<a href=\"https:\/\/www.entreculturas.org\/gl\/participacion-e-cidadania-global\/\" style=\"text-decoration:none;color:#2e2d2c\" rel=\"noopener\">\n<\/a>\n\n\n<div class=\"wp-block-group items-5-home nuestras-causas-mobile-home has-white-background-color has-background is-vertical is-content-justification-center is-nowrap is-layout-flex wp-container-core-group-is-layout-5d923f3c wp-block-group-is-layout-flex\" style=\"border-radius:15px;padding-top:var(--wp--preset--spacing--30);padding-right:0;padding-bottom:0;padding-left:0\">\n<div class=\"wp-block-group is-layout-flow wp-container-core-group-is-layout-1a04a515 wp-block-group-is-layout-flow\" style=\"border-radius:5px;padding-top:5px;padding-right:5px;padding-bottom:5px;padding-left:5px\">\n<figure class=\"wp-block-image size-full is-resized imagen-items-causas\"><img decoding=\"async\" src=\"https:\/\/www.entreculturas.org\/wp-content\/uploads\/2023\/09\/ciudadania-global.svg\" alt=\"\" class=\"wp-image-1206\" style=\"object-fit:contain;width:50px;height:50px\"\/><\/figure>\n<\/div>\n\n\n\n<p class=\"items-nuestras-causas has-purple-color has-text-color\" style=\"padding-top:var(--wp--preset--spacing--30);padding-right:var(--wp--preset--spacing--30);padding-bottom:0;padding-left:var(--wp--preset--spacing--30);font-size:19px\"><strong>Fortalecemento da participaci\u00f3n e <mark style=\"background-color:rgba(0, 0, 0, 0)\" class=\"has-inline-color has-red-color\">da cidadan\u00eda global<\/mark><\/strong><\/p>\n\n\n\n<p class=\"has-text-align-left nuestras-causas-read-more-mobile-home\">Descubra como  <img decoding=\"async\" src=\"\/wp-content\/uploads\/2023\/09\/arrow-derecha.svg\" alt=\"Frecha\" width=\"10\" height=\"10\"\/><\/p>\n<\/div>\n\n\n\n\n<\/div>\n\n\n\n<div class=\"wp-block-column js-scroll fade-in-bottom-5 has-global-padding is-layout-constrained wp-container-core-column-is-layout-0de311d3 wp-block-column-is-layout-constrained\" style=\"padding-right:0;padding-left:0\">\n<a href=\"https:\/\/www.entreculturas.org\/gl\/xustiza-socioambiental\/\" style=\"text-decoration:none;color:#2e2d2c\" rel=\"noopener\">\n<\/a>\n\n\n<div class=\"wp-block-group items-5-home nuestras-causas-mobile-home has-white-background-color has-background is-vertical is-content-justification-center is-nowrap is-layout-flex wp-container-core-group-is-layout-5d923f3c wp-block-group-is-layout-flex\" style=\"border-radius:15px;padding-top:var(--wp--preset--spacing--30);padding-right:0;padding-bottom:0;padding-left:0\">\n<div class=\"wp-block-group is-layout-flow wp-container-core-group-is-layout-1a04a515 wp-block-group-is-layout-flow\" style=\"border-radius:5px;padding-top:5px;padding-right:5px;padding-bottom:5px;padding-left:5px\">\n<figure class=\"wp-block-image size-full is-resized imagen-items-causas\"><img decoding=\"async\" src=\"https:\/\/www.entreculturas.org\/wp-content\/uploads\/2023\/09\/socioambiental.svg\" alt=\"\" class=\"wp-image-1205\" style=\"object-fit:contain;width:50px;height:50px\"\/><\/figure>\n<\/div>\n\n\n\n<p class=\"items-nuestras-causas has-purple-color has-text-color\" style=\"padding-top:var(--wp--preset--spacing--30);padding-right:var(--wp--preset--spacing--30);padding-bottom:0;padding-left:var(--wp--preset--spacing--30);font-size:19px\"><strong>Fomento da xustiza <mark style=\"background-color:rgba(0, 0, 0, 0)\" class=\"has-inline-color has-red-color\">socioambiental<\/mark><\/strong><\/p>\n\n\n\n<p class=\"has-text-align-left nuestras-causas-read-more-mobile-home\">Descubra como  <img decoding=\"async\" width=\"10\" height=\"10\" src=\"\/wp-content\/uploads\/2023\/09\/arrow-derecha.svg\" alt=\"Frecha\"\/><\/p>\n<\/div>\n\n\n\n\n<\/div>\n\n\n\n<div class=\"wp-block-column js-scroll fade-in-bottom-5 has-global-padding is-layout-constrained wp-container-core-column-is-layout-0de311d3 wp-block-column-is-layout-constrained\" style=\"padding-right:0;padding-left:0\">\n<a href=\"https:\/\/www.entreculturas.org\/gl\/igualdade-de-xenero\/\" style=\"text-decoration:none;color:#2e2d2c\" rel=\"noopener\">\n<\/a>\n\n\n<div class=\"wp-block-group items-5-home nuestras-causas-mobile-home has-white-background-color has-background is-vertical is-content-justification-center is-nowrap is-layout-flex wp-container-core-group-is-layout-5d923f3c wp-block-group-is-layout-flex\" style=\"border-radius:15px;padding-top:var(--wp--preset--spacing--30);padding-right:0;padding-bottom:0;padding-left:0\">\n<div class=\"wp-block-group is-layout-flow wp-container-core-group-is-layout-1a04a515 wp-block-group-is-layout-flow\" style=\"border-radius:5px;padding-top:5px;padding-right:5px;padding-bottom:5px;padding-left:5px\">\n<figure class=\"wp-block-image size-full is-resized imagen-items-causas\"><img decoding=\"async\" src=\"https:\/\/www.entreculturas.org\/wp-content\/uploads\/2023\/09\/equidad-de-genero.svg\" alt=\"\" class=\"wp-image-1204\" style=\"object-fit:contain;width:50px;height:50px\"\/><\/figure>\n<\/div>\n\n\n\n<p class=\"items-nuestras-causas has-purple-color has-text-color\" style=\"padding-top:var(--wp--preset--spacing--30);padding-right:var(--wp--preset--spacing--30);padding-bottom:0;padding-left:var(--wp--preset--spacing--30);font-size:19px\"><strong>Promoci\u00f3n da <mark style=\"background-color:rgba(0, 0, 0, 0)\" class=\"has-inline-color has-red-color\">igualdade de x\u00e9nero<\/mark><\/strong><\/p>\n\n\n\n<p class=\"has-text-align-left nuestras-causas-read-more-mobile-home\">Descubra como  <img decoding=\"async\" width=\"10\" height=\"10\" src=\"\/wp-content\/uploads\/2023\/09\/arrow-derecha.svg\" alt=\"Frecha\"\/><\/p>\n<\/div>\n\n\n\n\n<\/div>\n<\/div>\n<\/div>\n\n\n\n<h2 class=\"wp-block-heading has-text-align-center encabezado-entorno-seguro\" id=\"h-un-equipo-comprometido\" style=\"margin-bottom:var(--wp--preset--spacing--50);font-size:40px\">Un equipo comprometido<\/h2>\n\n\n\n<div class=\"wp-block-group has-global-padding is-layout-constrained wp-block-group-is-layout-constrained\" style=\"margin-bottom:var(--wp--preset--spacing--60)\">\n<div class=\"wp-block-columns is-layout-flex wp-container-core-columns-is-layout-28f84493 wp-block-columns-is-layout-flex\">\n<div class=\"wp-block-column columna-imagen-qs-banner is-layout-flow wp-block-column-is-layout-flow\">\n<figure class=\"wp-block-image size-large has-custom-border imagen-qs-banner no-border-radius-img-qs-banner\"><img decoding=\"async\" src=\"https:\/\/www.entreculturas.org\/wp-content\/uploads\/2023\/10\/quienes-somos-banner-1024x494.jpg\" alt=\"\" class=\"wp-image-1575\" style=\"border-top-left-radius:15px;border-bottom-left-radius:15px\"\/><\/figure>\n<\/div>\n\n\n\n<div class=\"wp-block-column justificar-verticalmente-qs text-entorno-seguro-radio no-border-text-qs-banner-padding has-white-background-color has-background is-layout-flow wp-block-column-is-layout-flow\" style=\"padding-top:var(--wp--preset--spacing--40);padding-right:var(--wp--preset--spacing--80);padding-bottom:var(--wp--preset--spacing--40);padding-left:var(--wp--preset--spacing--80)\">\n<p>O equipo humano de Entreculturas est\u00e1 comprometido coa misi\u00f3n, visi\u00f3n e valores da organizaci\u00f3n. Traballamos xunto con 98 empregados e 601 voluntarios e colaboradores, todos eles convencidos de que a educaci\u00f3n \u00e9 a clave do desenvolvemento.<\/p>\n\n\n\n<div class=\"wp-block-buttons width-100-qs-banner is-layout-flex wp-block-buttons-is-layout-flex\" style=\"margin-top:var(--wp--preset--spacing--40)\">\n<div class=\"wp-block-button width-100-qs-banner\"><a class=\"wp-block-button__link wp-element-button\" href=\"https:\/\/www.entreculturas.org\/wp-content\/uploads\/2025\/07\/Organigrama-Entreculturas-2025-2026.pdf\" target=\"_blank\" rel=\"noreferrer noopener\">VER ORGANIGRAMA<\/a><\/div>\n<\/div>\n<\/div>\n<\/div>\n<\/div>\n\n\n\n<div class=\"wp-block-group has-global-padding is-layout-constrained wp-block-group-is-layout-constrained\" style=\"padding-top:var(--wp--preset--spacing--60)\">\n<h2 class=\"wp-block-heading has-text-align-center encabezado-entorno-seguro\" id=\"h-unha-base-social-solida\" style=\"margin-bottom:var(--wp--preset--spacing--50);font-size:40px\">Unha base social s\u00f3lida<\/h2>\n\n\n\n<p class=\"has-text-align-center font-size-14 text-align-left-qs padding-texto-base-social-solida\" style=\"padding-right:20px;padding-bottom:var(--wp--preset--spacing--60);padding-left:20px;font-size:20px\">Ademais, contamos cunha base social de <strong>32.547 membros e doantes<\/strong> , unha cifra crecente que demostra a crecente disposici\u00f3n da poboaci\u00f3n a comprometerse coa solidariedade e a xustiza global.<\/p>\n\n\n\n<div class=\"wp-block-group has-global-padding is-layout-constrained wp-container-core-group-is-layout-3b0f2f7d wp-block-group-is-layout-constrained\" style=\"padding-right:20px;padding-left:20px\">\n<style>\n        \/* Agregamos estilos para la transici\u00f3n al desplegable *\/\n        .desplegable {\n            transition: max-height 0.3s ease-in-out, opacity 0.3s ease-in-out;\n            overflow: hidden; \/* Esto permite que la transici\u00f3n afecte a la altura m\u00e1xima *\/\n        }\n    <\/style>\n    <script>\n        document.addEventListener(\"DOMContentLoaded\", function() {\n            \/\/ Encuentra el bot\u00f3n y el bloque desplegable\n            let boton = document.querySelector(\".boton-desplegable .wp-block-button__link\");\n            let desplegable = document.querySelector(\".desplegable\");\n            let icono = boton.querySelector(\".icono-svg\"); \/\/ Encuentra el elemento del icono\n\n            \/\/ Comprobar si boton y desplegable existen\n            if (!boton || !desplegable) return;\n\n            \/\/ Inicialmente ocultar el bloque desplegable\n            desplegable.style.maxHeight = '0px'; \/\/ Usamos maxHeight en lugar de display\n\n            \/\/ Agrega un evento de clic al bot\u00f3n\n            boton.addEventListener(\"click\", function() {\n                \/\/ Si el bloque est\u00e1 oculto, mu\u00e9stralo; si est\u00e1 mostrando, oc\u00faltalo.\n                if (desplegable.style.maxHeight === '0px') {\n                    desplegable.style.maxHeight = '800px'; \/\/ Cambia la altura m\u00e1xima seg\u00fan tus necesidades\n                    desplegable.style.opacity = '1'; \/\/ Cambia la opacidad para mostrarlo suavemente\n                    \/\/ Gira el icono 180 grados cuando se muestra el desplegable\n                    icono.style.transform = 'rotate(180deg)';\n                } else {\n                    desplegable.style.maxHeight = '0px';\n                    desplegable.style.opacity = '0';\n                    \/\/ Restaura la rotaci\u00f3n original del icono cuando se oculta el desplegable\n                    icono.style.transform = 'rotate(0deg)';\n                }\n            });\n        });\n    <\/script>\n\n\n\n<div class=\"wp-block-buttons boton-base-social-solida is-content-justification-center is-layout-flex wp-container-core-buttons-is-layout-78108f9f wp-block-buttons-is-layout-flex\" style=\"margin-bottom:var(--wp--preset--spacing--60)\">\n<div class=\"wp-block-button boton-desplegable\"><a class=\"wp-block-button__link has-text-align-center wp-element-button\">Cont\u00e1mosche como est\u00e1 conformada a nosa base social  <svg xmlns=\"https:\/\/www.w3.org\/2000\/svg\" class=\"icono-svg\" width=\"14\" height=\"14\" viewBox=\"0 0 14 14\" fill=\"none\">\n  <path d=\"M12.5685 4.63139C12.4044 4.46736 12.1819 4.37521 11.9499 4.37521C11.7179 4.37521 11.4954 4.46736 11.3313 4.63139L7.00002 8.96264L2.66877 4.63139C2.50374 4.472 2.28272 4.38381 2.05329 4.3858C1.82387 4.3878 1.60441 4.47982 1.44218 4.64205C1.27994 4.80428 1.18792 5.02374 1.18593 5.25317C1.18394 5.48259 1.27213 5.70362 1.43152 5.86864L6.38139 10.8185C6.54548 10.9826 6.768 11.0747 7.00002 11.0747C7.23204 11.0747 7.45456 10.9826 7.61864 10.8185L12.5685 5.86864C12.7326 5.70456 12.8247 5.48204 12.8247 5.25002C12.8247 5.018 12.7326 4.79548 12.5685 4.63139Z\" fill=\"white\"><\/path>\n<\/svg><\/a><\/div>\n<\/div>\n<\/div>\n<\/div>\n\n\n\n<div class=\"wp-block-group desplegable has-global-padding is-layout-constrained wp-container-core-group-is-layout-93851f3c wp-block-group-is-layout-constrained\" style=\"margin-bottom:var(--wp--preset--spacing--50);padding-right:20px;padding-left:20px\">\n<div class=\"wp-block-group padding-qs-desplegable has-white-background-color has-background is-vertical is-layout-flex wp-container-core-group-is-layout-a94b6ec9 wp-block-group-is-layout-flex\" style=\"border-radius:15px;padding-top:90px;padding-right:90px;padding-bottom:90px;padding-left:90px\">\n<p class=\"has-red-color has-text-color\" style=\"margin-bottom:0;font-size:1.55rem\"><strong>Socio<\/strong><\/p>\n\n\n\n<p style=\"margin-bottom:1.5rem\">Persoa que realiza unha achega econ\u00f3mica continuada no tempo e cunha periodicidade determinada. A finais de 2024, Entreculturas contaba con <strong>7.845 membros.<\/strong><\/p>\n\n\n\n<p class=\"has-red-color has-text-color\" style=\"margin-bottom:0;font-size:1.55rem\"><strong>Doador<\/strong><\/p>\n\n\n\n<p style=\"margin-bottom:1.5rem\">Persoa que realiza unha achega econ\u00f3mica espec\u00edfica. A finais de 2024, Entreculturas contaba con <strong>21.980 doantes.<\/strong><\/p>\n\n\n\n<p class=\"has-red-color has-text-color\" style=\"margin-bottom:0;font-size:1.55rem\"><strong>Voluntario<\/strong><\/p>\n\n\n\n<p style=\"margin-bottom:1.5rem\">Persoa que se compromete de forma estable e continuada con equipos e proxectos de traballo. A finais de 2024, Entreculturas contaba con <strong>368 voluntarios.<\/strong><\/p>\n\n\n\n<p class=\"has-red-color has-text-color\" style=\"margin-bottom:0;font-size:1.55rem\"><strong>Colaborador<\/strong><\/p>\n\n\n\n<p style=\"margin-bottom:1.5rem\">Persoa que se ofrece a participar puntualmente nunha actividade. A finais de 2024, Entreculturas contaba con <strong>233 colaboradores.<\/strong><\/p>\n\n\n\n<p class=\"has-red-color has-text-color\" style=\"margin-bottom:0;font-size:1.55rem\"><strong>Beneficiario<\/strong><\/p>\n\n\n\n<p style=\"margin-bottom:0\">Quen participa nun servizo prestado por Entreculturas e as s\u00faas organizaci\u00f3ns afines (educaci\u00f3n formal ou alternativa, formaci\u00f3n profesional, axuda humanitaria, atenci\u00f3n psicosocial&#8230;). A finais de 2024, Entreculturas estimou <strong>o n\u00famero de persoas acompa\u00f1adas en 401.159.<\/strong><\/p>\n<\/div>\n<\/div>\n\n\n\n<div class=\"wp-block-group has-global-padding is-layout-constrained wp-block-group-is-layout-constrained\" style=\"padding-top:var(--wp--preset--spacing--60)\">\n<h2 class=\"wp-block-heading has-text-align-center encabezado-entorno-seguro\" id=\"h-traballamos-en-28-locais-de-toda-espana\" style=\"margin-bottom:var(--wp--preset--spacing--50);font-size:40px\">Traballamos en 28 locais de toda Espa\u00f1a<\/h2>\n\n\n\n<p class=\"has-text-align-left font-size-14\" style=\"padding-right:20px;padding-bottom:var(--wp--preset--spacing--60);padding-left:20px;font-size:20px\">Estamos presentes no noso pa\u00eds a trav\u00e9s de 28 oficinas nas que realizamos programas de sensibilizaci\u00f3n, educaci\u00f3n para a cidadan\u00eda global e voluntariado, as\u00ed como acci\u00f3ns para recoller apoios aos nosos proxectos de Cooperaci\u00f3n Internacional, Acci\u00f3n Humanitaria e Acci\u00f3n Social en Espa\u00f1a.  <\/p>\n\n\n\n<p class=\"has-text-align-left font-size-14\" style=\"padding-right:20px;padding-bottom:var(--wp--preset--spacing--60);padding-left:20px;font-size:20px\">Se queres co\u00f1ecernos m\u00e1is de preto, falar co equipo ou colaborar na t\u00faa provincia, ponte en contacto coa t\u00faa sede m\u00e1is pr\u00f3xima.<\/p>\n\n\n\n<div class=\"wp-block-group margin-bottom-mobile has-global-padding is-layout-constrained wp-container-core-group-is-layout-595671e4 wp-block-group-is-layout-constrained\" style=\"margin-bottom:var(--wp--preset--spacing--80);padding-right:20px;padding-left:20px\">\n<div class=\"provinces-container\"><div class=\"canvas-container\" data-countries=\"[31245,31247,31249,31251,31253,31255,31257,31259,31261,31263,31265,31267,31269,31271,31273,31275,31277,31281,31279,31283,31285,31287,31289,31291,31293,31295,31297,31299]\" data-default-country=\"31289\"><div class=\"provinces-left\"><div id=\"provinces-map\"><\/div><\/div><div class=\"provinces-right\"><select id=\"provinces-selector\"><\/select><div class=\"provinces-details\"><\/div><\/div><\/div><\/div>\n<\/div>\n\n\n\n<div class=\"wp-block-group has-global-padding is-layout-constrained wp-container-core-group-is-layout-5acd9bea wp-block-group-is-layout-constrained block-visibility-hide-medium-screen block-visibility-hide-small-screen\" style=\"margin-bottom:var(--wp--preset--spacing--70);padding-right:20px;padding-left:20px\">\n<div class=\"wp-block-columns is-layout-flex wp-container-core-columns-is-layout-cf05694f wp-block-columns-is-layout-flex\">\n<div class=\"wp-block-column is-layout-flow wp-block-column-is-layout-flow\">\n<figure class=\"wp-block-image size-full\"><img decoding=\"async\" width=\"1280\" height=\"960\" src=\"https:\/\/www.entreculturas.org\/wp-content\/uploads\/2023\/12\/Entreculturas-1.jpg\" alt=\"\" class=\"wp-image-8702\" srcset=\"https:\/\/www.entreculturas.org\/wp-content\/uploads\/2023\/12\/Entreculturas-1.jpg 1280w, https:\/\/www.entreculturas.org\/wp-content\/uploads\/2023\/12\/Entreculturas-1-300x225.jpg 300w, https:\/\/www.entreculturas.org\/wp-content\/uploads\/2023\/12\/Entreculturas-1-1024x768.jpg 1024w, https:\/\/www.entreculturas.org\/wp-content\/uploads\/2023\/12\/Entreculturas-1-768x576.jpg 768w\" sizes=\"(max-width: 1280px) 100vw, 1280px\" \/><\/figure>\n<\/div>\n\n\n\n<div class=\"wp-block-column is-layout-flow wp-block-column-is-layout-flow\">\n<figure class=\"wp-block-image size-large\"><img decoding=\"async\" src=\"https:\/\/www.entreculturas.org\/wp-content\/uploads\/2023\/10\/imagen2-quienes-somos-1024x768.jpg\" alt=\"\" class=\"wp-image-1579\"\/><\/figure>\n<\/div>\n\n\n\n<div class=\"wp-block-column is-layout-flow wp-block-column-is-layout-flow\">\n<figure class=\"wp-block-image size-large\"><img decoding=\"async\" src=\"https:\/\/www.entreculturas.org\/wp-content\/uploads\/2023\/10\/imagen3-quienes-somos-1024x768.jpg\" alt=\"\" class=\"wp-image-1581\"\/><\/figure>\n<\/div>\n<\/div>\n<\/div>\n<\/div>\n\n\n\n<div class=\"wp-block-group has-global-padding is-layout-constrained wp-block-group-is-layout-constrained\" style=\"margin-bottom:var(--wp--preset--spacing--80)\">\n<h2 class=\"wp-block-heading has-text-align-center encabezado-entorno-seguro\" id=\"h-traballamos-en-rede\" style=\"margin-bottom:var(--wp--preset--spacing--50);font-size:40px\">Traballamos en rede<\/h2>\n\n\n\n<div class=\"wp-block-group has-global-padding is-layout-constrained wp-container-core-group-is-layout-9aed3246 wp-block-group-is-layout-constrained\" style=\"padding-right:20px;padding-left:20px\">\n<p class=\"has-text-align-center font-size-14 text-align-left-qs\" style=\"padding-right:20px;padding-bottom:var(--wp--preset--spacing--60);padding-left:20px;font-size:20px\">Entreculturas mant\u00e9n unha especial relaci\u00f3n de traballo coas seguintes redes globais da Compa\u00f1\u00eda de Xes\u00fas coas que comparte visi\u00f3n, misi\u00f3n e valores da xustiza:<\/p>\n\n\n\n<div class=\"wp-block-theme-blocks-accordion\" style=\"background-color:#ffffff;color:#1E1129\" data-enable-expiration-logic=\"false\" data-show-open=\"false\"><div class=\"envolve-accordion\"><div class=\"accordion-pretitle-div\"><\/div><div class=\"accordion-header\"><div class=\"accordion-icon\"><img decoding=\"async\" src=\"\/wp-content\/uploads\/2023\/09\/corazon_entrecult.svg\" alt=\"\u00cdcono de coraz\u00f3n\"\/><\/div><h4 class=\"accordion-toggle\">Fe y Alegr\u00eda<\/h4><svg class=\"accordion-arrow\" xmlns=\"http:\/\/www.w3.org\/2000\/svg\" width=\"16\" height=\"16\" viewBox=\"0 0 16 16\" fill=\"none\"><path class=\"arrow-path\" d=\"M14.364 5.293C14.1764 5.10553 13.9221 5.00021 13.657 5.00021C13.3918 5.00021 13.1375 5.10553 12.95 5.293L7.99995 10.243L3.04995 5.293C2.86135 5.11084 2.60875 5.01005 2.34655 5.01233C2.08435 5.0146 1.83354 5.11977 1.64813 5.30518C1.46273 5.49059 1.35756 5.7414 1.35528 6.0036C1.353 6.2658 1.45379 6.5184 1.63595 6.707L7.29295 12.364C7.48048 12.5515 7.73479 12.6568 7.99995 12.6568C8.26512 12.6568 8.51942 12.5515 8.70695 12.364L14.364 6.707C14.5514 6.51947 14.6567 6.26516 14.6567 6C14.6567 5.73484 14.5514 5.48053 14.364 5.293Z\" fill=\"#818181\"><\/path><\/svg><\/div><\/div><div class=\"accordion-content\">\n<p>Fe y Alegr\u00eda \u00e9 un movemento internacional de Educaci\u00f3n Popular presente en <strong>23 pa\u00edses<\/strong> no que participa unha comunidade educativa de m\u00e1is de <strong>935.000 persoas<\/strong> . Naceu en Caracas, en 1955, promovido polo xesu\u00edta Jos\u00e9 M\u00aa V\u00e9laz para atender a un centenar de nenos e nenas sen escola. Fe e Alegr\u00eda promove unha educaci\u00f3n de calidade e transformadora que contrib\u00faa a crear sociedades xustas, democr\u00e1ticas e participativas.  <a href=\"http:\/\/www.feyalegria.org\/\">www.feyalegria.org<\/a><\/p>\n\n\n\n<div style=\"height:16px\" aria-hidden=\"true\" class=\"wp-block-spacer\"><\/div>\n\n\n\n<figure class=\"wp-block-image size-large is-resized\"><img decoding=\"async\" width=\"1024\" height=\"434\" src=\"https:\/\/www.entreculturas.org\/wp-content\/uploads\/2024\/10\/fya_color_h_s-1024x434.png\" alt=\"\" class=\"wp-image-33923\" style=\"width:191px;height:auto\" srcset=\"https:\/\/www.entreculturas.org\/wp-content\/uploads\/2024\/10\/fya_color_h_s-1024x434.png 1024w, https:\/\/www.entreculturas.org\/wp-content\/uploads\/2024\/10\/fya_color_h_s-300x127.png 300w, https:\/\/www.entreculturas.org\/wp-content\/uploads\/2024\/10\/fya_color_h_s-768x326.png 768w, https:\/\/www.entreculturas.org\/wp-content\/uploads\/2024\/10\/fya_color_h_s-1536x652.png 1536w, https:\/\/www.entreculturas.org\/wp-content\/uploads\/2024\/10\/fya_color_h_s-2048x869.png 2048w\" sizes=\"(max-width: 1024px) 100vw, 1024px\" \/><\/figure>\n\n\n\n<div style=\"height:16px\" aria-hidden=\"true\" class=\"wp-block-spacer\"><\/div>\n\n\n\n<p><\/p>\n<\/div><\/div>\n\n\n\n<div class=\"wp-block-theme-blocks-accordion\" style=\"background-color:#ffffff;color:#1E1129\" data-enable-expiration-logic=\"false\" data-show-open=\"false\"><div class=\"envolve-accordion\"><div class=\"accordion-pretitle-div\"><\/div><div class=\"accordion-header\"><div class=\"accordion-icon\"><img decoding=\"async\" src=\"\/wp-content\/uploads\/2023\/09\/corazon_entrecult.svg\" alt=\"\u00cdcono de coraz\u00f3n\"\/><\/div><h4 class=\"accordion-toggle\">Servicio Jesuita a Refugiados<\/h4><svg class=\"accordion-arrow\" xmlns=\"http:\/\/www.w3.org\/2000\/svg\" width=\"16\" height=\"16\" viewBox=\"0 0 16 16\" fill=\"none\"><path class=\"arrow-path\" d=\"M14.364 5.293C14.1764 5.10553 13.9221 5.00021 13.657 5.00021C13.3918 5.00021 13.1375 5.10553 12.95 5.293L7.99995 10.243L3.04995 5.293C2.86135 5.11084 2.60875 5.01005 2.34655 5.01233C2.08435 5.0146 1.83354 5.11977 1.64813 5.30518C1.46273 5.49059 1.35756 5.7414 1.35528 6.0036C1.353 6.2658 1.45379 6.5184 1.63595 6.707L7.29295 12.364C7.48048 12.5515 7.73479 12.6568 7.99995 12.6568C8.26512 12.6568 8.51942 12.5515 8.70695 12.364L14.364 6.707C14.5514 6.51947 14.6567 6.26516 14.6567 6C14.6567 5.73484 14.5514 5.48053 14.364 5.293Z\" fill=\"#818181\"><\/path><\/svg><\/div><\/div><div class=\"accordion-content\">\n<p>O Servizo Xesu\u00edta para Refuxiados (SRE) \u00e9 unha organizaci\u00f3n internacional que traballa en <strong>57 pa\u00edses<\/strong> coa misi\u00f3n de acompa\u00f1ar, servir e defender os dereitos dos refuxiados e desprazados en todo o mundo. O SRE atende actualmente a aproximadamente <strong>1,2 mill\u00f3ns de persoas<\/strong> . <a href=\"http:\/\/www.jrs.net\/\">www.jrs.net<\/a> <\/p>\n\n\n\n<div style=\"height:16px\" aria-hidden=\"true\" class=\"wp-block-spacer\"><\/div>\n\n\n\n<figure class=\"wp-block-image size-large is-resized\"><img decoding=\"async\" width=\"1024\" height=\"321\" src=\"https:\/\/www.entreculturas.org\/wp-content\/uploads\/2024\/10\/JRS_Logo-1024x321.png\" alt=\"\" class=\"wp-image-33853\" style=\"width:128px;height:auto\" srcset=\"https:\/\/www.entreculturas.org\/wp-content\/uploads\/2024\/10\/JRS_Logo-1024x321.png 1024w, https:\/\/www.entreculturas.org\/wp-content\/uploads\/2024\/10\/JRS_Logo-300x94.png 300w, https:\/\/www.entreculturas.org\/wp-content\/uploads\/2024\/10\/JRS_Logo-768x241.png 768w, https:\/\/www.entreculturas.org\/wp-content\/uploads\/2024\/10\/JRS_Logo.png 1302w\" sizes=\"(max-width: 1024px) 100vw, 1024px\" \/><\/figure>\n\n\n\n<div style=\"height:15px\" aria-hidden=\"true\" class=\"wp-block-spacer\"><\/div>\n<\/div><\/div>\n\n\n\n<div class=\"wp-block-theme-blocks-accordion\" style=\"background-color:#ffffff;color:#1E1129\" data-enable-expiration-logic=\"false\" data-show-open=\"false\"><div class=\"envolve-accordion\"><div class=\"accordion-pretitle-div\"><\/div><div class=\"accordion-header\"><div class=\"accordion-icon\"><img decoding=\"async\" src=\"\/wp-content\/uploads\/2023\/09\/corazon_entrecult.svg\" alt=\"\u00cdcono de coraz\u00f3n\"\/><\/div><h4 class=\"accordion-toggle\">Centro sociales Jesuitas<\/h4><svg class=\"accordion-arrow\" xmlns=\"http:\/\/www.w3.org\/2000\/svg\" width=\"16\" height=\"16\" viewBox=\"0 0 16 16\" fill=\"none\"><path class=\"arrow-path\" d=\"M14.364 5.293C14.1764 5.10553 13.9221 5.00021 13.657 5.00021C13.3918 5.00021 13.1375 5.10553 12.95 5.293L7.99995 10.243L3.04995 5.293C2.86135 5.11084 2.60875 5.01005 2.34655 5.01233C2.08435 5.0146 1.83354 5.11977 1.64813 5.30518C1.46273 5.49059 1.35756 5.7414 1.35528 6.0036C1.353 6.2658 1.45379 6.5184 1.63595 6.707L7.29295 12.364C7.48048 12.5515 7.73479 12.6568 7.99995 12.6568C8.26512 12.6568 8.51942 12.5515 8.70695 12.364L14.364 6.707C14.5514 6.51947 14.6567 6.26516 14.6567 6C14.6567 5.73484 14.5514 5.48053 14.364 5.293Z\" fill=\"#818181\"><\/path><\/svg><\/div><\/div><div class=\"accordion-content\">\n<p>Traballamos con outras organizaci\u00f3ns da Compa\u00f1\u00eda de Xes\u00fas en Am\u00e9rica Latina, \u00c1frica, Europa e Asia a trav\u00e9s das cales implementamos acci\u00f3ns vinculadas \u00e1 educaci\u00f3n, as\u00ed como outras prioridades estrat\u00e9xicas como a migraci\u00f3n, a ecolox\u00eda, a igualdade de x\u00e9nero e a promoci\u00f3n dunha cidadan\u00eda comprometida.  <a href=\"http:\/\/www.sjesjesuits.global\">www.sjesjesuits.global<\/a><\/p>\n\n\n\n<div style=\"height:16px\" aria-hidden=\"true\" class=\"wp-block-spacer\"><\/div>\n\n\n\n<figure class=\"wp-block-image size-full is-resized\"><img decoding=\"async\" src=\"https:\/\/www.entreculturas.org\/wp-content\/uploads\/2024\/10\/logo-centros-sociales-jesuitas.svg\" alt=\"\" class=\"wp-image-33858\" style=\"width:79px;height:auto\"\/><\/figure>\n\n\n\n<p><\/p>\n<\/div><\/div>\n\n\n\n<div class=\"wp-block-theme-blocks-accordion\" style=\"background-color:#ffffff;color:#1E1129\" data-enable-expiration-logic=\"false\" data-show-open=\"false\"><div class=\"envolve-accordion\"><div class=\"accordion-pretitle-div\"><\/div><div class=\"accordion-header\"><div class=\"accordion-icon\"><img decoding=\"async\" src=\"\/wp-content\/uploads\/2023\/09\/corazon_entrecult.svg\" alt=\"\u00cdcono de coraz\u00f3n\"\/><\/div><h4 class=\"accordion-toggle\">Sector social en Espa\u00f1a<\/h4><svg class=\"accordion-arrow\" xmlns=\"http:\/\/www.w3.org\/2000\/svg\" width=\"16\" height=\"16\" viewBox=\"0 0 16 16\" fill=\"none\"><path class=\"arrow-path\" d=\"M14.364 5.293C14.1764 5.10553 13.9221 5.00021 13.657 5.00021C13.3918 5.00021 13.1375 5.10553 12.95 5.293L7.99995 10.243L3.04995 5.293C2.86135 5.11084 2.60875 5.01005 2.34655 5.01233C2.08435 5.0146 1.83354 5.11977 1.64813 5.30518C1.46273 5.49059 1.35756 5.7414 1.35528 6.0036C1.353 6.2658 1.45379 6.5184 1.63595 6.707L7.29295 12.364C7.48048 12.5515 7.73479 12.6568 7.99995 12.6568C8.26512 12.6568 8.51942 12.5515 8.70695 12.364L14.364 6.707C14.5514 6.51947 14.6567 6.26516 14.6567 6C14.6567 5.73484 14.5514 5.48053 14.364 5.293Z\" fill=\"#818181\"><\/path><\/svg><\/div><\/div><div class=\"accordion-content\">\n<p>Unha rede de organizaci\u00f3ns de acci\u00f3n social xesu\u00edtas organizadas arredor de cinco \u00e1reas: migraci\u00f3n, infancia en risco, cooperaci\u00f3n, cidadan\u00eda e econom\u00eda social e solidaria.  <a href=\"https:\/\/socialjesuitas.es\/\">www.socialjesuitas.es<\/a><\/p>\n\n\n\n<div style=\"height:16px\" aria-hidden=\"true\" class=\"wp-block-spacer\"><\/div>\n\n\n\n<figure class=\"wp-block-image size-full is-resized\"><img decoding=\"async\" width=\"768\" height=\"284\" src=\"https:\/\/www.entreculturas.org\/wp-content\/uploads\/2024\/10\/jesuitassocial.jpg\" alt=\"\" class=\"wp-image-33872\" style=\"width:170px;height:auto\" srcset=\"https:\/\/www.entreculturas.org\/wp-content\/uploads\/2024\/10\/jesuitassocial.jpg 768w, https:\/\/www.entreculturas.org\/wp-content\/uploads\/2024\/10\/jesuitassocial-300x111.jpg 300w\" sizes=\"(max-width: 768px) 100vw, 768px\" \/><\/figure>\n\n\n\n<div style=\"height:16px\" aria-hidden=\"true\" class=\"wp-block-spacer\"><\/div>\n<\/div><\/div>\n\n\n\n<div class=\"wp-block-theme-blocks-accordion\" style=\"background-color:#ffffff;color:#1E1129\" data-enable-expiration-logic=\"false\" data-show-open=\"false\"><div class=\"envolve-accordion\"><div class=\"accordion-pretitle-div\"><\/div><div class=\"accordion-header\"><div class=\"accordion-icon\"><img decoding=\"async\" src=\"\/wp-content\/uploads\/2023\/09\/corazon_entrecult.svg\" alt=\"\u00cdcono de coraz\u00f3n\"\/><\/div><h4 class=\"accordion-toggle\">Red Xavier<\/h4><svg class=\"accordion-arrow\" xmlns=\"http:\/\/www.w3.org\/2000\/svg\" width=\"16\" height=\"16\" viewBox=\"0 0 16 16\" fill=\"none\"><path class=\"arrow-path\" d=\"M14.364 5.293C14.1764 5.10553 13.9221 5.00021 13.657 5.00021C13.3918 5.00021 13.1375 5.10553 12.95 5.293L7.99995 10.243L3.04995 5.293C2.86135 5.11084 2.60875 5.01005 2.34655 5.01233C2.08435 5.0146 1.83354 5.11977 1.64813 5.30518C1.46273 5.49059 1.35756 5.7414 1.35528 6.0036C1.353 6.2658 1.45379 6.5184 1.63595 6.707L7.29295 12.364C7.48048 12.5515 7.73479 12.6568 7.99995 12.6568C8.26512 12.6568 8.51942 12.5515 8.70695 12.364L14.364 6.707C14.5514 6.51947 14.6567 6.26516 14.6567 6C14.6567 5.73484 14.5514 5.48053 14.364 5.293Z\" fill=\"#818181\"><\/path><\/svg><\/div><\/div><div class=\"accordion-content\">\n<p>Alianza internacional de 14 organizaci\u00f3ns xesu\u00edtas de Europa, Am\u00e9rica do Norte e Australia que promoven a cooperaci\u00f3n internacional e a xustiza global.  <a href=\"https:\/\/socialjesuitas.es\/\">www.xavier.network<\/a><\/p>\n\n\n\n<figure class=\"wp-block-image size-full is-resized\"><img decoding=\"async\" width=\"80\" height=\"95\" src=\"https:\/\/www.entreculturas.org\/wp-content\/uploads\/2015\/05\/RedXavier_90px.jpg\" alt=\"\" class=\"wp-image-2248\" style=\"width:59px;height:auto\"\/><\/figure>\n\n\n\n<div style=\"height:16px\" aria-hidden=\"true\" class=\"wp-block-spacer\"><\/div>\n<\/div><\/div>\n\n\n\n<div class=\"wp-block-theme-blocks-accordion\" style=\"background-color:#ffffff;color:#1E1129\" data-enable-expiration-logic=\"false\" data-show-open=\"false\"><div class=\"envolve-accordion\"><div class=\"accordion-pretitle-div\"><\/div><div class=\"accordion-header\"><div class=\"accordion-icon\"><img decoding=\"async\" src=\"\/wp-content\/uploads\/2023\/09\/corazon_entrecult.svg\" alt=\"\u00cdcono de coraz\u00f3n\"\/><\/div><h4 class=\"accordion-toggle\">Coaliciones y Plataformas<\/h4><svg class=\"accordion-arrow\" xmlns=\"http:\/\/www.w3.org\/2000\/svg\" width=\"16\" height=\"16\" viewBox=\"0 0 16 16\" fill=\"none\"><path class=\"arrow-path\" d=\"M14.364 5.293C14.1764 5.10553 13.9221 5.00021 13.657 5.00021C13.3918 5.00021 13.1375 5.10553 12.95 5.293L7.99995 10.243L3.04995 5.293C2.86135 5.11084 2.60875 5.01005 2.34655 5.01233C2.08435 5.0146 1.83354 5.11977 1.64813 5.30518C1.46273 5.49059 1.35756 5.7414 1.35528 6.0036C1.353 6.2658 1.45379 6.5184 1.63595 6.707L7.29295 12.364C7.48048 12.5515 7.73479 12.6568 7.99995 12.6568C8.26512 12.6568 8.51942 12.5515 8.70695 12.364L14.364 6.707C14.5514 6.51947 14.6567 6.26516 14.6567 6C14.6567 5.73484 14.5514 5.48053 14.364 5.293Z\" fill=\"#818181\"><\/path><\/svg><\/div><\/div><div class=\"accordion-content\">\n<p>Entreculturas forma parte de coalici\u00f3ns e plataformas a trav\u00e9s das cales, xunto con outras organizaci\u00f3ns, sumamos voces e unimos forzas para esixir e defender colectivamente aspectos fundamentais relacionados coa xustiza e os dereitos humanos.  <br><\/p>\n\n\n\n<div style=\"height:16px\" aria-hidden=\"true\" class=\"wp-block-spacer\"><\/div>\n\n\n\n<figure class=\"wp-block-image size-full is-resized\"><img decoding=\"async\" width=\"320\" height=\"128\" src=\"https:\/\/www.entreculturas.org\/wp-content\/uploads\/2024\/10\/unnamed.png\" alt=\"\" class=\"wp-image-33881\" style=\"width:120px;height:auto\" srcset=\"https:\/\/www.entreculturas.org\/wp-content\/uploads\/2024\/10\/unnamed.png 320w, https:\/\/www.entreculturas.org\/wp-content\/uploads\/2024\/10\/unnamed-300x120.png 300w\" sizes=\"(max-width: 320px) 100vw, 320px\" \/><\/figure>\n\n\n\n<figure class=\"wp-block-image size-full is-resized\"><img decoding=\"async\" width=\"500\" height=\"200\" src=\"https:\/\/www.entreculturas.org\/wp-content\/uploads\/2024\/10\/unnamed-3.png\" alt=\"\" class=\"wp-image-33886\" style=\"width:133px;height:auto\" srcset=\"https:\/\/www.entreculturas.org\/wp-content\/uploads\/2024\/10\/unnamed-3.png 500w, https:\/\/www.entreculturas.org\/wp-content\/uploads\/2024\/10\/unnamed-3-300x120.png 300w\" sizes=\"(max-width: 500px) 100vw, 500px\" \/><\/figure>\n\n\n\n<figure class=\"wp-block-image size-large is-resized\"><img decoding=\"async\" width=\"1024\" height=\"860\" src=\"https:\/\/www.entreculturas.org\/wp-content\/uploads\/2024\/10\/Logo-Plataforma-1024x860.jpg\" alt=\"\" class=\"wp-image-33906\" style=\"width:80px;height:auto\" srcset=\"https:\/\/www.entreculturas.org\/wp-content\/uploads\/2024\/10\/Logo-Plataforma-1024x860.jpg 1024w, https:\/\/www.entreculturas.org\/wp-content\/uploads\/2024\/10\/Logo-Plataforma-300x252.jpg 300w, https:\/\/www.entreculturas.org\/wp-content\/uploads\/2024\/10\/Logo-Plataforma-768x645.jpg 768w, https:\/\/www.entreculturas.org\/wp-content\/uploads\/2024\/10\/Logo-Plataforma-1536x1290.jpg 1536w, https:\/\/www.entreculturas.org\/wp-content\/uploads\/2024\/10\/Logo-Plataforma-2048x1721.jpg 2048w\" sizes=\"(max-width: 1024px) 100vw, 1024px\" \/><\/figure>\n\n\n\n<figure class=\"wp-block-image size-full is-resized\"><img decoding=\"async\" src=\"https:\/\/www.entreculturas.org\/wp-content\/uploads\/2024\/10\/logoSVG-plataforma-de-infancia-horizontal-color.svg\" alt=\"\" class=\"wp-image-33901\" style=\"width:134px;height:auto\"\/><\/figure>\n\n\n\n<figure class=\"wp-block-image size-full is-resized\"><img decoding=\"async\" width=\"474\" height=\"106\" src=\"https:\/\/www.entreculturas.org\/wp-content\/uploads\/2024\/10\/fiare.png\" alt=\"\" class=\"wp-image-33916\" style=\"width:150px;height:auto\" srcset=\"https:\/\/www.entreculturas.org\/wp-content\/uploads\/2024\/10\/fiare.png 474w, https:\/\/www.entreculturas.org\/wp-content\/uploads\/2024\/10\/fiare-300x67.png 300w\" sizes=\"(max-width: 474px) 100vw, 474px\" \/><\/figure>\n\n\n\n<figure class=\"wp-block-image size-large is-resized\"><img decoding=\"async\" width=\"1024\" height=\"370\" src=\"https:\/\/www.entreculturas.org\/wp-content\/uploads\/2024\/10\/LOGO-COORDINADORA-A-1024x370.jpg\" alt=\"\" class=\"wp-image-33911\" style=\"width:141px;height:auto\" srcset=\"https:\/\/www.entreculturas.org\/wp-content\/uploads\/2024\/10\/LOGO-COORDINADORA-A-1024x370.jpg 1024w, https:\/\/www.entreculturas.org\/wp-content\/uploads\/2024\/10\/LOGO-COORDINADORA-A-300x108.jpg 300w, https:\/\/www.entreculturas.org\/wp-content\/uploads\/2024\/10\/LOGO-COORDINADORA-A-768x277.jpg 768w, https:\/\/www.entreculturas.org\/wp-content\/uploads\/2024\/10\/LOGO-COORDINADORA-A-1536x554.jpg 1536w, https:\/\/www.entreculturas.org\/wp-content\/uploads\/2024\/10\/LOGO-COORDINADORA-A-2048x739.jpg 2048w\" sizes=\"(max-width: 1024px) 100vw, 1024px\" \/><\/figure>\n\n\n\n<figure class=\"wp-block-image size-large is-resized\"><img decoding=\"async\" width=\"1024\" height=\"274\" src=\"https:\/\/www.entreculturas.org\/wp-content\/uploads\/2024\/10\/METCG_logo_H-pantone-cast-1024x274.png\" alt=\"\" class=\"wp-image-33896\" style=\"width:174px;height:auto\" srcset=\"https:\/\/www.entreculturas.org\/wp-content\/uploads\/2024\/10\/METCG_logo_H-pantone-cast-1024x274.png 1024w, https:\/\/www.entreculturas.org\/wp-content\/uploads\/2024\/10\/METCG_logo_H-pantone-cast-300x80.png 300w, https:\/\/www.entreculturas.org\/wp-content\/uploads\/2024\/10\/METCG_logo_H-pantone-cast-768x206.png 768w, https:\/\/www.entreculturas.org\/wp-content\/uploads\/2024\/10\/METCG_logo_H-pantone-cast-1536x412.png 1536w, https:\/\/www.entreculturas.org\/wp-content\/uploads\/2024\/10\/METCG_logo_H-pantone-cast-2048x549.png 2048w\" sizes=\"(max-width: 1024px) 100vw, 1024px\" \/><\/figure>\n\n\n\n<figure class=\"wp-block-image size-full is-resized\"><img decoding=\"async\" width=\"320\" height=\"128\" src=\"https:\/\/www.entreculturas.org\/wp-content\/uploads\/2024\/10\/unnamed-2.png\" alt=\"\" class=\"wp-image-33891\" style=\"width:173px;height:auto\" srcset=\"https:\/\/www.entreculturas.org\/wp-content\/uploads\/2024\/10\/unnamed-2.png 320w, https:\/\/www.entreculturas.org\/wp-content\/uploads\/2024\/10\/unnamed-2-300x120.png 300w\" sizes=\"(max-width: 320px) 100vw, 320px\" \/><\/figure>\n\n\n\n<div style=\"height:17px\" aria-hidden=\"true\" class=\"wp-block-spacer\"><\/div>\n<\/div><\/div>\n<\/div>\n<\/div>\n\n\n\n<hr class=\"wp-block-separator has-alpha-channel-opacity wp-separator-vertical\"\/>\n\n\n\n<div class=\"wp-block-group has-global-padding is-layout-constrained wp-container-core-group-is-layout-bbce6e2d wp-block-group-is-layout-constrained\" style=\"margin-top:var(--wp--preset--spacing--80);padding-right:20px;padding-bottom:var(--wp--preset--spacing--60);padding-left:20px\">\n<div class=\"wp-block-columns is-layout-flex wp-container-core-columns-is-layout-cf05694f wp-block-columns-is-layout-flex\">\n<div class=\"wp-block-column border-radius-qs has-white-background-color has-background is-layout-flow wp-block-column-is-layout-flow\" style=\"padding-top:var(--wp--preset--spacing--50);padding-right:var(--wp--preset--spacing--50);padding-bottom:var(--wp--preset--spacing--50);padding-left:var(--wp--preset--spacing--50)\">\n<p><strong>A igualdade<\/strong> entre homes e mulleres \u00e9 unha cuesti\u00f3n de dereitos humanos e unha condici\u00f3n para a xustiza social, un requisito fundamental para acadar o desenvolvemento e a paz. Estes documentos reflicten o noso compromiso cun horizonte de xustiza e equidade.<\/p>\n\n\n\n<div class=\"wp-block-buttons width-button-3-qs is-content-justification-center is-layout-flex wp-container-core-buttons-is-layout-b30bd9b3 wp-block-buttons-is-layout-flex\" style=\"margin-top:var(--wp--preset--spacing--70)\">\n<div class=\"wp-block-button width-button-3-qs\"><a class=\"wp-block-button__link has-red-color has-white-background-color has-text-color has-background wp-element-button\" href=\"https:\/\/www.entreculturas.org\/wp-content\/uploads\/2023\/10\/genero-entreculturas.pdf\" style=\"border-width:2px\" target=\"_blank\" rel=\"noreferrer noopener\">pol\u00edtica de x\u00e9nero<\/a><\/div>\n<\/div>\n\n\n\n<div class=\"wp-block-buttons width-button-3-qs is-content-justification-center is-layout-flex wp-container-core-buttons-is-layout-d2a3880e wp-block-buttons-is-layout-flex\" style=\"margin-top:var(--wp--preset--spacing--30)\">\n<div class=\"wp-block-button width-button-3-qs\"><a class=\"wp-block-button__link has-border-color has-red-border-color wp-element-button\" href=\"https:\/\/www.entreculturas.org\/wp-content\/uploads\/2023\/10\/PLAN-IGUALDAD-ENTRECULTURAS.pdf\" style=\"border-width:2px\" target=\"_blank\" rel=\"noreferrer noopener\">plan de igualdade<\/a><\/div>\n<\/div>\n<\/div>\n\n\n\n<div class=\"wp-block-column border-radius-qs has-white-background-color has-background is-layout-flow wp-block-column-is-layout-flow\" style=\"padding-top:var(--wp--preset--spacing--50);padding-right:var(--wp--preset--spacing--50);padding-bottom:var(--wp--preset--spacing--50);padding-left:var(--wp--preset--spacing--50)\">\n<p>Nas p\u00e1xinas deste documento formulamos a nosa intencionalidade, definimos o futuro que queremos como organizaci\u00f3n e como rede de persoas comprometidas coa solidariedade e a xustiza global. B\u00f3talle un ollo \u00e1 nosa <strong>folla de ruta<\/strong> ata 2025. Tam\u00e9n compartimos causas com\u00fans coa nosa organizaci\u00f3n irm\u00e1 Alboan.<\/p>\n\n\n\n<div class=\"wp-block-buttons width-button-3-qs is-content-justification-center is-layout-flex wp-container-core-buttons-is-layout-b30bd9b3 wp-block-buttons-is-layout-flex\" style=\"margin-top:var(--wp--preset--spacing--70)\">\n<div class=\"wp-block-button width-button-3-qs\"><a class=\"wp-block-button__link has-border-color has-red-border-color wp-element-button\" href=\"https:\/\/www.entreculturas.org\/wp-content\/uploads\/2023\/10\/web_plan_estrategico_entreculturas_2020_2025_final_new_logo_ec.pdf\" style=\"border-width:2px\" target=\"_blank\" rel=\"noreferrer noopener\">Plan estrat\u00e9xico<\/a><\/div>\n<\/div>\n<\/div>\n\n\n\n<div class=\"wp-block-column border-radius-qs has-white-background-color has-background is-layout-flow wp-block-column-is-layout-flow\" style=\"padding-top:var(--wp--preset--spacing--50);padding-right:var(--wp--preset--spacing--50);padding-bottom:var(--wp--preset--spacing--50);padding-left:var(--wp--preset--spacing--50)\">\n<p>Baixo a denominaci\u00f3n &#8220;Fundaci\u00f3n Entreculturas &#8211; Fe y Alegr\u00eda&#8221;, suxeita \u00e1 lexislaci\u00f3n espa\u00f1ola, constit\u00faese unha fundaci\u00f3n privada, independente, sen \u00e1nimo de lucro e non discriminatoria por raz\u00f3n de raza, orixe, x\u00e9nero e\/ou relixi\u00f3n. Rexerase polas normas legais e regulamentarias que lle sexan de aplicaci\u00f3n e, en particular, por <strong>estes estatutos.<\/strong><\/p>\n\n\n\n<div class=\"wp-block-buttons width-button-3-qs is-content-justification-center is-layout-flex wp-container-core-buttons-is-layout-b30bd9b3 wp-block-buttons-is-layout-flex\" style=\"margin-top:var(--wp--preset--spacing--70)\">\n<div class=\"wp-block-button width-button-3-qs\"><a class=\"wp-block-button__link has-border-color has-red-border-color wp-element-button\" href=\"https:\/\/www.entreculturas.org\/wp-content\/uploads\/2023\/10\/estatutos_diciembre2019.pdf\" style=\"border-width:2px\" target=\"_blank\" rel=\"noreferrer noopener\">estatutos<\/a><\/div>\n<\/div>\n<\/div>\n<\/div>\n<\/div>\n\n\n\n<div class=\"wp-block-group has-global-padding is-content-justification-center is-layout-constrained wp-container-core-group-is-layout-fa74db98 wp-block-group-is-layout-constrained\" style=\"margin-top:var(--wp--preset--spacing--60);margin-bottom:var(--wp--preset--spacing--60);padding-right:20px;padding-left:20px\">\n<div class=\"wp-block-group padding-mobile-comision-entorno-seguro has-white-background-color has-background is-vertical is-content-justification-left is-layout-flex wp-container-core-group-is-layout-004219f8 wp-block-group-is-layout-flex\" style=\"border-radius:15px;margin-top:var(--wp--preset--spacing--70);margin-bottom:var(--wp--preset--spacing--70);padding-top:var(--wp--preset--spacing--70);padding-right:var(--wp--preset--spacing--80);padding-bottom:var(--wp--preset--spacing--70);padding-left:var(--wp--preset--spacing--80)\">\n<h2 class=\"wp-block-heading has-text-align-center encabezado-entorno-seguro encabezado-comision-entorno-seguro has-purple-color has-text-color\" id=\"h-unha-directiva-comprometida-coa-educacion\">Unha directiva comprometida coa educaci\u00f3n<\/h2>\n\n\n\n<p class=\"no-padding-patronato\" style=\"margin-top:var(--wp--preset--spacing--40);padding-left:2.2rem\">O padroado \u00e9 o noso m\u00e1ximo \u00f3rgano de decisi\u00f3n. Est\u00e1 composto por 9 membros, un secretario, un presidente e un vicepresidente. Todas as persoas que formamos parte deste \u00f3rgano de goberno est\u00e1n vinculadas ao noso traballo polas s\u00faas crenzas e valores, e foron escollidas pola s\u00faa experiencia e co\u00f1ecementos no \u00e1mbito educativo.<\/p>\n\n\n\n<div class=\"wp-block-columns gap-patronato width-100 is-layout-flex wp-container-core-columns-is-layout-783b4be3 wp-block-columns-is-layout-flex\" style=\"margin-bottom:var(--wp--preset--spacing--60)\">\n<div class=\"wp-block-column is-vertically-aligned-top is-layout-flow wp-block-column-is-layout-flow\" style=\"flex-basis:700px\">\n<ul style=\"margin-top:var(--wp--preset--spacing--60)\" class=\"wp-block-list red-marker\">\n<li>Enric Puiggr\u00f2s Llavin\u00e9s SJ, presidente<\/li>\n\n\n\n<li>Luis Arancibia Tapia, vicepresidente<\/li>\n\n\n\n<li>Jos\u00e9 Miguel Colina SJ, secretario e vogal<\/li>\n\n\n\n<li>Jos\u00e9 Ignacio Garc\u00eda Jim\u00e9nez SJ, vogal<\/li>\n\n\n\n<li>Jos\u00e9 Ignacio Eguiz\u00e1bal Notario, vogal<\/li>\n\n\n\n<li>Eva Castillo Sanz, vogal<\/li>\n\n\n\n<li>Julia Navarro, vogal<\/li>\n\n\n\n<li>Jenny Cafiso, membro<\/li>\n\n\n\n<li>Mar\u00eda del Carmen de la Fuente, vogal<\/li>\n\n\n\n<li>Antonio Allende, SJ, membro.<\/li>\n\n\n\n<li>M\u00aa Luisa Berzosa Gonz\u00e1les, Fl \u2013 vocal<\/li>\n<\/ul>\n<\/div>\n\n\n\n<div class=\"wp-block-column is-layout-flow wp-block-column-is-layout-flow\"><\/div>\n<\/div>\n\n\n\n<div class=\"wp-block-buttons boton-patronato-width is-content-justification-center is-layout-flex wp-container-core-buttons-is-layout-a89b3969 wp-block-buttons-is-layout-flex block-visibility-hide-medium-screen block-visibility-hide-small-screen\">\n<div class=\"wp-block-button boton-patronato-justify\"><a class=\"wp-block-button__link has-red-color has-white-background-color has-text-color has-background wp-element-button\" href=\"https:\/\/www.entreculturas.org\/gl\/patrocinio\/\" style=\"border-width:2px\">Consulta as biograf\u00edas nesta secci\u00f3n<\/a><\/div>\n<\/div>\n\n\n\n<div class=\"wp-block-buttons boton-patronato-width is-content-justification-center is-layout-flex wp-container-core-buttons-is-layout-a89b3969 wp-block-buttons-is-layout-flex block-visibility-hide-large-screen\">\n<div class=\"wp-block-button boton-patronato-justify\"><a class=\"wp-block-button__link has-red-color has-white-background-color has-text-color has-background wp-element-button\" href=\"https:\/\/www.entreculturas.org\/gl\/patrocinio\/\" style=\"border-width:2px\">ver as biograf\u00edas aqu\u00ed<\/a><\/div>\n<\/div>\n<\/div>\n<\/div>\n\n\n\n<div class=\"wp-block-group has-global-padding is-content-justification-center is-layout-constrained wp-container-core-group-is-layout-fa74db98 wp-block-group-is-layout-constrained\" style=\"margin-top:var(--wp--preset--spacing--60);margin-bottom:var(--wp--preset--spacing--60);padding-right:20px;padding-left:20px\">\n<div class=\"wp-block-group padding-mobile-comision-entorno-seguro has-white-background-color has-background is-vertical is-content-justification-left is-layout-flex wp-container-core-group-is-layout-004219f8 wp-block-group-is-layout-flex\" style=\"border-radius:15px;margin-top:var(--wp--preset--spacing--70);margin-bottom:var(--wp--preset--spacing--70);padding-top:var(--wp--preset--spacing--70);padding-right:var(--wp--preset--spacing--80);padding-bottom:var(--wp--preset--spacing--70);padding-left:var(--wp--preset--spacing--80)\">\n<h2 class=\"wp-block-heading has-text-align-center encabezado-entorno-seguro encabezado-comision-entorno-seguro has-purple-color has-text-color\" id=\"h-o-consello-consultivo-e-o-consello-territorial\">O Consello Consultivo e o Consello Territorial<\/h2>\n\n\n\n<p class=\"no-padding-patronato\" style=\"margin-top:var(--wp--preset--spacing--40);padding-left:2.2rem\">O Consello Consultivo colabora desinteresadamente asesorando \u00e1 Direcci\u00f3n Executiva de Entreculturas na toma de decisi\u00f3ns.<\/p>\n\n\n\n<div class=\"wp-block-columns gap-patronato width-100 is-layout-flex wp-container-core-columns-is-layout-a8d4c49e wp-block-columns-is-layout-flex\" style=\"margin-bottom:0\">\n<div class=\"wp-block-column is-vertically-aligned-top has-white-background-color has-background is-layout-flow wp-container-core-column-is-layout-7e0dc78d wp-block-column-is-layout-flow\" style=\"padding-bottom:var(--wp--preset--spacing--70)\">\n<div class=\"wp-block-group has-global-padding is-layout-constrained wp-container-core-group-is-layout-8dd13e6d wp-block-group-is-layout-constrained\" style=\"padding-right:var(--wp--preset--spacing--60);padding-left:var(--wp--preset--spacing--60)\">\n<p class=\"no-padding-patronato has-din-font-family has-large-font-size\" style=\"margin-top:var(--wp--preset--spacing--50);margin-bottom:var(--wp--preset--spacing--40);padding-left:2.2rem;text-transform:uppercase\"><strong>O Consello Asesor est\u00e1 formado por:<\/strong><\/p>\n\n\n\n<ul style=\"margin-top:0\" class=\"wp-block-list red-marker\">\n<li class=\"red-marker text-lista-entorno-seguro\">Jos\u00e9 Mar\u00eda Segura sj<\/li>\n\n\n\n<li class=\"red-marker text-lista-entorno-seguro\">Enric Puiggr\u00f2s Llavin\u00e9s SJ, presidente<\/li>\n\n\n\n<li class=\"red-marker text-lista-entorno-seguro\">Llu\u00eds S. Salinas Roca sj<\/li>\n\n\n\n<li class=\"red-marker text-lista-entorno-seguro\">Pablo Veiga Fern\u00e1ndez sj<\/li>\n\n\n\n<li class=\"red-marker text-lista-entorno-seguro\">Higinio Pi P\u00e9rez sj<\/li>\n\n\n\n<li class=\"red-marker text-lista-entorno-seguro\">Josep Buades Fuster sj<\/li>\n\n\n\n<li class=\"red-marker text-lista-entorno-seguro\">Javier Montes Maury sj<\/li>\n\n\n\n<li class=\"red-marker text-lista-entorno-seguro\">Roberto Otero Andr\u00e9 sj<\/li>\n\n\n\n<li class=\"red-marker text-lista-entorno-seguro\">Juan Pablo Rodr\u00edguez Guti\u00e9rrez sj<\/li>\n<\/ul>\n<\/div>\n<\/div>\n\n\n\n<div class=\"wp-block-column is-vertically-aligned-stretch has-white-background-color has-background is-layout-flow wp-container-core-column-is-layout-7e0dc78d wp-block-column-is-layout-flow\" style=\"padding-bottom:var(--wp--preset--spacing--70)\">\n<div class=\"wp-block-group has-global-padding is-layout-constrained wp-container-core-group-is-layout-11c1ca01 wp-block-group-is-layout-constrained\" style=\"padding-right:var(--wp--preset--spacing--50);padding-left:var(--wp--preset--spacing--50)\">\n<p class=\"no-padding-patronato has-din-font-family has-large-font-size\" style=\"margin-top:var(--wp--preset--spacing--50);margin-bottom:var(--wp--preset--spacing--40);padding-left:2.2rem;text-transform:uppercase\"><strong>O Consello Territorial est\u00e1 integrado por:<\/strong><\/p>\n\n\n\n<ul style=\"margin-top:0\" class=\"wp-block-list red-marker\">\n<li class=\"red-marker text-lista-entorno-seguro\">Marta Alegre  <\/li>\n\n\n\n<li class=\"red-marker text-lista-entorno-seguro\">Carlos L\u00f3pez  <\/li>\n\n\n\n<li class=\"red-marker text-lista-entorno-seguro\">Ana Garc\u00eda Borrego  <\/li>\n\n\n\n<li class=\"red-marker text-lista-entorno-seguro\">Cruz Rguez Etcheverr\u00eda<\/li>\n\n\n\n<li class=\"red-marker text-lista-entorno-seguro\">\u00c1ngela Sanz  <\/li>\n<\/ul>\n<\/div>\n<\/div>\n<\/div>\n\n\n\n<div class=\"wp-block-buttons boton-patronato-width is-content-justification-center is-layout-flex wp-container-core-buttons-is-layout-a89b3969 wp-block-buttons-is-layout-flex\"><\/div>\n<\/div>\n\n\n\n<div class=\"wp-block-group padding-mobile-comision-entorno-seguro has-white-background-color has-background is-vertical is-content-justification-left is-layout-flex wp-container-core-group-is-layout-004219f8 wp-block-group-is-layout-flex\" style=\"border-radius:15px;margin-top:var(--wp--preset--spacing--70);margin-bottom:var(--wp--preset--spacing--70);padding-top:var(--wp--preset--spacing--70);padding-right:var(--wp--preset--spacing--80);padding-bottom:var(--wp--preset--spacing--70);padding-left:var(--wp--preset--spacing--80)\">\n<h2 class=\"wp-block-heading has-text-align-center encabezado-entorno-seguro encabezado-comision-entorno-seguro has-purple-color has-text-color\" id=\"h-equipo-directivo-e-coordinador\">Equipo directivo e coordinador<\/h2>\n\n\n\n<div class=\"wp-block-group no-padding-patronato has-global-padding is-layout-constrained wp-container-core-group-is-layout-de34bd0f wp-block-group-is-layout-constrained\" style=\"margin-top:var(--wp--preset--spacing--40);padding-left:2.2rem\">\n<p class=\"no-padding-patronato\" style=\"margin-bottom:var(--wp--preset--spacing--50);padding-left:2.2rem\">Mart\u00edn Iriberri SJ \u00e9, dende 2023, o director xeral de Entreculturas. Colaboran estreitamente con el Ram\u00f3n Almansa (Director Executivo), Borja Garrido (Director Financeiro) e Raquel Mart\u00edn (Directora de Comunicaci\u00f3n e Relaci\u00f3ns Institucionais), ademais dun nutrido grupo de coordinadores cos que, xuntos, orientan o d\u00eda a d\u00eda da organizaci\u00f3n. .<\/p>\n\n\n\n<div class=\"wp-block-buttons boton-patronato-width is-content-justification-center is-layout-flex wp-container-core-buttons-is-layout-a89b3969 wp-block-buttons-is-layout-flex\">\n<div class=\"wp-block-button boton-patronato-justify\"><a class=\"wp-block-button__link has-red-color has-white-background-color has-text-color has-background wp-element-button\" href=\"https:\/\/www.entreculturas.org\/gl\/equipo-directivo\/\" style=\"border-width:2px\">Consulta as s\u00faas biograf\u00edas nesta secci\u00f3n<\/a><\/div>\n<\/div>\n<\/div>\n<\/div>\n<\/div>\n\n\n\n<div class=\"wp-block-group has-global-padding is-layout-constrained wp-container-core-group-is-layout-5acd9bea wp-block-group-is-layout-constrained\" style=\"margin-bottom:var(--wp--preset--spacing--70);padding-right:20px;padding-left:20px\">\n<section class=\"accordion__block\"><input type=\"checkbox\" id=\"9w2hpz4vdja0kud0djhxcv\" class=\"accordion__checkbox\"\/><label for=\"9w2hpz4vdja0kud0djhxcv\" class=\"wp-block-theme-blocks-newsletter has-white-color has-red-background-color has-text-color has-background\"><p>Queres recibir informaci\u00f3n?<\/p><a class=\"wp-block-button__link has-white-color has-red-background-color has-text-color has-background has-border-color has-white-border-color wp-element-button\" style=\"border-width:2px\">Subscr\u00edbete ao bolet\u00edn<\/a><\/label><div class=\"accordion__content\">\n<div class=\"wp-block-group has-global-padding is-layout-constrained wp-container-core-group-is-layout-98a4a1e3 wp-block-group-is-layout-constrained\" style=\"margin-top:0;margin-bottom:var(--wp--preset--spacing--80)\">\n<div class=\"wp-block-group has-white-background-color has-background has-global-padding is-layout-constrained wp-block-group-is-layout-constrained\">\n<h2 class=\"wp-block-heading has-text-align-center font-size-20\" id=\"h-subscribete-ao-boletin\">Subscr\u00edbete ao bolet\u00edn<\/h2>\n\n\n\n<div class=\"wp-block-group block-contacto is-content-justification-left is-nowrap is-layout-flex wp-container-core-group-is-layout-d8ee05ca wp-block-group-is-layout-flex\" style=\"padding-right:var(--wp--preset--spacing--70);padding-left:var(--wp--preset--spacing--70)\">\n<div class=\"wp-block-group has-global-padding is-layout-constrained wp-block-group-is-layout-constrained block-visibility-hide-medium-screen block-visibility-hide-small-screen\" style=\"padding-top:var(--wp--preset--spacing--50);padding-bottom:var(--wp--preset--spacing--50)\">\n<figure class=\"wp-block-image size-large has-custom-border wp-container-content-b99e70a5 block-visibility-hide-medium-screen block-visibility-hide-small-screen\"><img decoding=\"async\" width=\"1024\" height=\"683\" src=\"https:\/\/www.entreculturas.org\/wp-content\/uploads\/2024\/10\/Cuzco-FyA21-41-1024x683.jpg\" alt=\"\" class=\"wp-image-34482\" style=\"border-radius:12px\" srcset=\"https:\/\/www.entreculturas.org\/wp-content\/uploads\/2024\/10\/Cuzco-FyA21-41-1024x683.jpg 1024w, https:\/\/www.entreculturas.org\/wp-content\/uploads\/2024\/10\/Cuzco-FyA21-41-300x200.jpg 300w, https:\/\/www.entreculturas.org\/wp-content\/uploads\/2024\/10\/Cuzco-FyA21-41-768x512.jpg 768w, https:\/\/www.entreculturas.org\/wp-content\/uploads\/2024\/10\/Cuzco-FyA21-41-1536x1024.jpg 1536w, https:\/\/www.entreculturas.org\/wp-content\/uploads\/2024\/10\/Cuzco-FyA21-41-2048x1365.jpg 2048w\" sizes=\"(max-width: 1024px) 100vw, 1024px\" \/><\/figure>\n<\/div>\n\n\n\n<form style=\"padding-top:var(--wp--preset--spacing--60);padding-right:0;padding-bottom:var(--wp--preset--spacing--60);padding-left:0\" class=\"wp-block-theme-blocks-custom-form wp-container-content-a5fc19f1\" id=\"custom_form\" action=\"\/wp-admin\/admin-post.php?action=custom_form\" method=\"post\"><input type=\"hidden\" name=\"g-recaptcha-response\" id=\"g-recaptcha-response\" value=\"\"\/><input type=\"hidden\" name=\"thanks_page\" value=\"\/thank-you-page\"\/><input type=\"hidden\" name=\"groups[]\" value=\"eBoletin y Campa\u00f1as\"\/>\n<p>Se desexa recibir o noso bolet\u00edn informativo mensual e correos electr\u00f3nicos ocasionais nos que lle ofrecemos informaci\u00f3n, complete este formulario. Rexistrar\u00e9molo inmediatamente na nosa base de datos e poder\u00e1 manterse ao d\u00eda de todas as novidades.<\/p>\n\n\n\n<input type=\"hidden\" name=\"form_type\" value=\"3\"\/>\n\n\n\n<div class=\"input-container\"><label>Nome *<\/label><input type=\"text\" name=\"first_name\"\/><\/div>\n\n\n\n<div class=\"input-container\"><label>Apelidos<\/label><input type=\"text\" name=\"last_name\"\/><\/div>\n\n\n\n<div class=\"input-container\"><label>Correo electr\u00f3nico *<\/label><input type=\"email\" name=\"email\" required\/><\/div>\n\n\n\n<label class=\"acceptance\"><input type=\"checkbox\" required\/><span>Acepto la <a href=\"https:\/\/www.entreculturas.org\/es\/privacidad-entreculturas\" data-type=\"link\" data-id=\"https:\/\/www.entreculturas.org\/es\/privacidad-entreculturas\" target=\"_blank\" rel=\"noreferrer noopener\">Pol\u00edtica de Privacidade<\/a> *<\/span><\/label>\n\n\n\n<p style=\"font-size:12px !important\">\n    Desde ENTRECULTURES FE I ALEGRIA ESPANYA trataremos os datos facilitados como Responsables do tratamento coa finalidade de&#8230;    \n    <a href=\"javascript:void(0);\" id=\"read-more-link\">Seguir leyendo<\/a>.\n<\/p>\n<p class=\"hidden\" id=\"read-more\" style=\"display: none;font-size: 12px;\">\n&#8230;enviarlle o noso bolet\u00edn informativo mensual e informaci\u00f3n espec\u00edfica sobre as nosas acci\u00f3ns e campa\u00f1as, en favor dos nosos obxectivos fundacionais, baseadas no consentimento ou na execuci\u00f3n dun acordo. Pode exercer os seus dereitos enviando un correo electr\u00f3nico a datos@entreculturas.org co asunto &#8220;Protecci\u00f3n de datos&#8221;\n<\/p>\n\n\n\n<script>\ndocument.addEventListener('DOMContentLoaded', function() {\n    document.getElementById('read-more-link').addEventListener('click', function() {\n        var readMoreContent = document.getElementById('read-more');\n        readMoreContent.style.display = 'block !important'; \/\/ Intenta sobrescribir con !important\n\n        \/\/ Si el m\u00e9todo anterior no funciona, utiliza setAttribute\n        if (readMoreContent.style.display !== 'block') {\n            readMoreContent.setAttribute('style', 'display: block !important; font-size: 12px;');\n        } else {\n            \/\/ Si ya est\u00e1 en 'block', solo ajusta el tama\u00f1o de fuente\n            readMoreContent.style.fontSize = '12px';\n        }\n\n        this.style.display = 'none'; \/\/ Opcional: oculta el enlace de \"Seguir leyendo\"\n    });\n});\n<\/script>\n\n\n\n<p class=\"hidden\" id=\"read-more\" style=\"font-size:12px\">Desde ENTRECULTURAS FE Y ALEGR\u00cdA ESPA\u00d1A trataremos los datos aportados en calidad de Responsable del tratamiento con la finalidad de gestionar nuestra relaci\u00f3n contigo, en pro de nuestros objetivos fundacionales, en base al consentimiento o a la ejecuci\u00f3n de un acuerdo. Puedes ejercer tus derechos enviando un email a&nbsp;rgpd@entreculturas.org con el asunto \u201cProtecci\u00f3n de Datos\u201d.<\/p>\n\n\n\n<div class=\"wp-block-group width-70-contacto justify-center-768 is-content-justification-right is-nowrap is-layout-flex wp-container-core-group-is-layout-17124a9a wp-block-group-is-layout-flex\">\n<button class=\"wp-block-button__link wp-element-button\">Subscr\u00edbete<\/button>\n<\/div>\n<\/form>\n<\/div>\n<\/div>\n<\/div>\n<\/div><\/section>\n<\/div>\n\n\n\n<div class=\"wp-block-buttons mobile-fixed-button is-layout-flex wp-block-buttons-is-layout-flex\">\n<div class=\"wp-block-button\"><a class=\"wp-block-button__link wp-element-button\" href=\"https:\/\/www.entreculturas.org\/gl\/faite-membro\/?utm_medium=web&#038;utm_source=responsive&#038;utm_campaign=cta_responsive\">faite membro<\/a><\/div>\n<\/div>\n\n\n\n<style>\n@media (max-width: 768px) {\n  .mobile-fixed-button a {\n    max-height: 50px;\n  }\n}\n<\/style>\n","protected":false},"excerpt":{"rendered":"<p>Somos unha ONG da Compa\u00f1\u00eda de Xes\u00fas que defende o dereito \u00e1 educaci\u00f3n A trav\u00e9s dos nosos proxectos promovemos o acceso a unha educaci\u00f3n de calidade e a igualdade de oportunidades en contextos de exclusi\u00f3n e vulnerabilidade en \u00c1frica, Am\u00e9rica Latina, Asia e Europa. Cremos que garantir o dereito a unha educaci\u00f3n de calidade \u00e9 o medio para o cambio e a xustiza social e un eixo transversal en cada unha das 5 causas que defendemos: dereito \u00e1 educaci\u00f3n, migraci\u00f3n e refuxio, igualdade de x\u00e9nero, xustiza socioambiental e participaci\u00f3n cidad\u00e1. Para Entreculturas \u00e9 fundamental que todas as nosas actuaci\u00f3ns xeren igualdade de oportunidades e sexan responsables e transparentes con todas as persoas que nos apoian. As nosas causas Apoiamos a m\u00e1is de 401.159 persoas a trav\u00e9s de m\u00e1is de 203 proxectos en 42 pa\u00edses de todo o mundo. Un equipo comprometido O equipo humano de Entreculturas est\u00e1 comprometido coa misi\u00f3n, [&hellip;]<\/p>\n","protected":false},"author":1,"featured_media":0,"parent":0,"menu_order":0,"comment_status":"closed","ping_status":"closed","template":"page-notitle","meta":{"_acf_changed":false,"footnotes":""},"class_list":["post-21563","page","type-page","status-publish","hentry"],"acf":[],"yoast_head":"<!-- This site is optimized with the Yoast SEO Premium plugin v21.6 (Yoast SEO v27.4) - https:\/\/yoast.com\/product\/yoast-seo-premium-wordpress\/ -->\n<title>Sobre n\u00f3s? Co\u00f1ece a Fundaci\u00f3n Entreculturas<\/title>\n<meta name=\"description\" content=\"Co\u00f1ece a misi\u00f3n, a visi\u00f3n e os valores de Entreculturas na s\u00faa loita pola educaci\u00f3n e a xustiza social.\" \/>\n<meta name=\"robots\" content=\"index, follow, max-snippet:-1, max-image-preview:large, max-video-preview:-1\" \/>\n<link rel=\"canonical\" href=\"https:\/\/www.entreculturas.org\/gl\/sobre-nos\/\" \/>\n<meta property=\"og:locale\" content=\"gl_ES\" \/>\n<meta property=\"og:type\" content=\"article\" \/>\n<meta property=\"og:title\" content=\"Sobre n\u00f3s?\" \/>\n<meta property=\"og:description\" content=\"Co\u00f1ece a misi\u00f3n, a visi\u00f3n e os valores de Entreculturas na s\u00faa loita pola educaci\u00f3n e a xustiza social.\" \/>\n<meta property=\"og:url\" content=\"https:\/\/www.entreculturas.org\/gl\/sobre-nos\/\" \/>\n<meta property=\"og:site_name\" content=\"Entreculturas\" \/>\n<meta property=\"article:publisher\" content=\"https:\/\/www.facebook.com\/entreculturas\" \/>\n<meta property=\"article:modified_time\" content=\"2025-10-14T15:12:46+00:00\" \/>\n<meta property=\"og:image\" content=\"https:\/\/www.entreculturas.org\/wp-content\/uploads\/2023\/10\/bg-quienes-somos-scaled.jpg\" \/>\n<meta name=\"twitter:card\" content=\"summary_large_image\" \/>\n<meta name=\"twitter:site\" content=\"@Entreculturas\" \/>\n<script type=\"application\/ld+json\" class=\"yoast-schema-graph\">{\"@context\":\"https:\\\/\\\/schema.org\",\"@graph\":[{\"@type\":\"WebPage\",\"@id\":\"https:\\\/\\\/www.entreculturas.org\\\/gl\\\/sobre-nos\\\/\",\"url\":\"https:\\\/\\\/www.entreculturas.org\\\/gl\\\/sobre-nos\\\/\",\"name\":\"Sobre n\u00f3s? Co\u00f1ece a Fundaci\u00f3n Entreculturas\",\"isPartOf\":{\"@id\":\"https:\\\/\\\/www.entreculturas.org\\\/gl\\\/#website\"},\"primaryImageOfPage\":{\"@id\":\"https:\\\/\\\/www.entreculturas.org\\\/gl\\\/sobre-nos\\\/#primaryimage\"},\"image\":{\"@id\":\"https:\\\/\\\/www.entreculturas.org\\\/gl\\\/sobre-nos\\\/#primaryimage\"},\"thumbnailUrl\":\"https:\\\/\\\/www.entreculturas.org\\\/wp-content\\\/uploads\\\/2023\\\/10\\\/bg-quienes-somos-scaled.jpg\",\"datePublished\":\"2023-09-29T09:29:20+00:00\",\"dateModified\":\"2025-10-14T15:12:46+00:00\",\"description\":\"Co\u00f1ece a misi\u00f3n, a visi\u00f3n e os valores de Entreculturas na s\u00faa loita pola educaci\u00f3n e a xustiza social.\",\"breadcrumb\":{\"@id\":\"https:\\\/\\\/www.entreculturas.org\\\/gl\\\/sobre-nos\\\/#breadcrumb\"},\"inLanguage\":\"gl-ES\",\"potentialAction\":[{\"@type\":\"ReadAction\",\"target\":[\"https:\\\/\\\/www.entreculturas.org\\\/gl\\\/sobre-nos\\\/\"]}]},{\"@type\":\"ImageObject\",\"inLanguage\":\"gl-ES\",\"@id\":\"https:\\\/\\\/www.entreculturas.org\\\/gl\\\/sobre-nos\\\/#primaryimage\",\"url\":\"https:\\\/\\\/www.entreculturas.org\\\/wp-content\\\/uploads\\\/2023\\\/10\\\/bg-quienes-somos-scaled.jpg\",\"contentUrl\":\"https:\\\/\\\/www.entreculturas.org\\\/wp-content\\\/uploads\\\/2023\\\/10\\\/bg-quienes-somos-scaled.jpg\"},{\"@type\":\"BreadcrumbList\",\"@id\":\"https:\\\/\\\/www.entreculturas.org\\\/gl\\\/sobre-nos\\\/#breadcrumb\",\"itemListElement\":[{\"@type\":\"ListItem\",\"position\":1,\"name\":\"Home\",\"item\":\"https:\\\/\\\/www.entreculturas.org\\\/gl\\\/\"},{\"@type\":\"ListItem\",\"position\":2,\"name\":\"Sobre n\u00f3s?\"}]},{\"@type\":\"WebSite\",\"@id\":\"https:\\\/\\\/www.entreculturas.org\\\/gl\\\/#website\",\"url\":\"https:\\\/\\\/www.entreculturas.org\\\/gl\\\/\",\"name\":\"Entreculturas\",\"description\":\"\",\"publisher\":{\"@id\":\"https:\\\/\\\/www.entreculturas.org\\\/gl\\\/#organization\"},\"alternateName\":\"Entreculturas\",\"potentialAction\":[{\"@type\":\"SearchAction\",\"target\":{\"@type\":\"EntryPoint\",\"urlTemplate\":\"https:\\\/\\\/www.entreculturas.org\\\/gl\\\/?s={search_term_string}\"},\"query-input\":{\"@type\":\"PropertyValueSpecification\",\"valueRequired\":true,\"valueName\":\"search_term_string\"}}],\"inLanguage\":\"gl-ES\"},{\"@type\":\"Organization\",\"@id\":\"https:\\\/\\\/www.entreculturas.org\\\/gl\\\/#organization\",\"name\":\"Entreculturas\",\"url\":\"https:\\\/\\\/www.entreculturas.org\\\/gl\\\/\",\"logo\":{\"@type\":\"ImageObject\",\"inLanguage\":\"gl-ES\",\"@id\":\"https:\\\/\\\/www.entreculturas.org\\\/gl\\\/#\\\/schema\\\/logo\\\/image\\\/\",\"url\":\"https:\\\/\\\/www.entreculturas.org\\\/wp-content\\\/uploads\\\/2025\\\/10\\\/ESP.svg\",\"contentUrl\":\"https:\\\/\\\/www.entreculturas.org\\\/wp-content\\\/uploads\\\/2025\\\/10\\\/ESP.svg\",\"caption\":\"Entreculturas\"},\"image\":{\"@id\":\"https:\\\/\\\/www.entreculturas.org\\\/gl\\\/#\\\/schema\\\/logo\\\/image\\\/\"},\"sameAs\":[\"https:\\\/\\\/www.facebook.com\\\/entreculturas\",\"https:\\\/\\\/x.com\\\/Entreculturas\",\"https:\\\/\\\/www.instagram.com\\\/entreculturas\\\/\",\"https:\\\/\\\/www.youtube.com\\\/user\\\/entreculturasvideo\",\"https:\\\/\\\/www.linkedin.com\\\/company\\\/fundacion-entreculturas-ngdo\\\/\",\"https:\\\/\\\/www.flickr.com\\\/photos\\\/98455522@N04\\\/albums\\\/\"]}]}<\/script>\n<!-- \/ Yoast SEO Premium plugin. -->","yoast_head_json":{"title":"Sobre n\u00f3s? Co\u00f1ece a Fundaci\u00f3n Entreculturas","description":"Co\u00f1ece a misi\u00f3n, a visi\u00f3n e os valores de Entreculturas na s\u00faa loita pola educaci\u00f3n e a xustiza social.","robots":{"index":"index","follow":"follow","max-snippet":"max-snippet:-1","max-image-preview":"max-image-preview:large","max-video-preview":"max-video-preview:-1"},"canonical":"https:\/\/www.entreculturas.org\/gl\/sobre-nos\/","og_locale":"gl_ES","og_type":"article","og_title":"Sobre n\u00f3s?","og_description":"Co\u00f1ece a misi\u00f3n, a visi\u00f3n e os valores de Entreculturas na s\u00faa loita pola educaci\u00f3n e a xustiza social.","og_url":"https:\/\/www.entreculturas.org\/gl\/sobre-nos\/","og_site_name":"Entreculturas","article_publisher":"https:\/\/www.facebook.com\/entreculturas","article_modified_time":"2025-10-14T15:12:46+00:00","og_image":[{"url":"https:\/\/www.entreculturas.org\/wp-content\/uploads\/2023\/10\/bg-quienes-somos-scaled.jpg","type":"","width":"","height":""}],"twitter_card":"summary_large_image","twitter_site":"@Entreculturas","schema":{"@context":"https:\/\/schema.org","@graph":[{"@type":"WebPage","@id":"https:\/\/www.entreculturas.org\/gl\/sobre-nos\/","url":"https:\/\/www.entreculturas.org\/gl\/sobre-nos\/","name":"Sobre n\u00f3s? Co\u00f1ece a Fundaci\u00f3n Entreculturas","isPartOf":{"@id":"https:\/\/www.entreculturas.org\/gl\/#website"},"primaryImageOfPage":{"@id":"https:\/\/www.entreculturas.org\/gl\/sobre-nos\/#primaryimage"},"image":{"@id":"https:\/\/www.entreculturas.org\/gl\/sobre-nos\/#primaryimage"},"thumbnailUrl":"https:\/\/www.entreculturas.org\/wp-content\/uploads\/2023\/10\/bg-quienes-somos-scaled.jpg","datePublished":"2023-09-29T09:29:20+00:00","dateModified":"2025-10-14T15:12:46+00:00","description":"Co\u00f1ece a misi\u00f3n, a visi\u00f3n e os valores de Entreculturas na s\u00faa loita pola educaci\u00f3n e a xustiza social.","breadcrumb":{"@id":"https:\/\/www.entreculturas.org\/gl\/sobre-nos\/#breadcrumb"},"inLanguage":"gl-ES","potentialAction":[{"@type":"ReadAction","target":["https:\/\/www.entreculturas.org\/gl\/sobre-nos\/"]}]},{"@type":"ImageObject","inLanguage":"gl-ES","@id":"https:\/\/www.entreculturas.org\/gl\/sobre-nos\/#primaryimage","url":"https:\/\/www.entreculturas.org\/wp-content\/uploads\/2023\/10\/bg-quienes-somos-scaled.jpg","contentUrl":"https:\/\/www.entreculturas.org\/wp-content\/uploads\/2023\/10\/bg-quienes-somos-scaled.jpg"},{"@type":"BreadcrumbList","@id":"https:\/\/www.entreculturas.org\/gl\/sobre-nos\/#breadcrumb","itemListElement":[{"@type":"ListItem","position":1,"name":"Home","item":"https:\/\/www.entreculturas.org\/gl\/"},{"@type":"ListItem","position":2,"name":"Sobre n\u00f3s?"}]},{"@type":"WebSite","@id":"https:\/\/www.entreculturas.org\/gl\/#website","url":"https:\/\/www.entreculturas.org\/gl\/","name":"Entreculturas","description":"","publisher":{"@id":"https:\/\/www.entreculturas.org\/gl\/#organization"},"alternateName":"Entreculturas","potentialAction":[{"@type":"SearchAction","target":{"@type":"EntryPoint","urlTemplate":"https:\/\/www.entreculturas.org\/gl\/?s={search_term_string}"},"query-input":{"@type":"PropertyValueSpecification","valueRequired":true,"valueName":"search_term_string"}}],"inLanguage":"gl-ES"},{"@type":"Organization","@id":"https:\/\/www.entreculturas.org\/gl\/#organization","name":"Entreculturas","url":"https:\/\/www.entreculturas.org\/gl\/","logo":{"@type":"ImageObject","inLanguage":"gl-ES","@id":"https:\/\/www.entreculturas.org\/gl\/#\/schema\/logo\/image\/","url":"https:\/\/www.entreculturas.org\/wp-content\/uploads\/2025\/10\/ESP.svg","contentUrl":"https:\/\/www.entreculturas.org\/wp-content\/uploads\/2025\/10\/ESP.svg","caption":"Entreculturas"},"image":{"@id":"https:\/\/www.entreculturas.org\/gl\/#\/schema\/logo\/image\/"},"sameAs":["https:\/\/www.facebook.com\/entreculturas","https:\/\/x.com\/Entreculturas","https:\/\/www.instagram.com\/entreculturas\/","https:\/\/www.youtube.com\/user\/entreculturasvideo","https:\/\/www.linkedin.com\/company\/fundacion-entreculturas-ngdo\/","https:\/\/www.flickr.com\/photos\/98455522@N04\/albums\/"]}]}},"_links":{"self":[{"href":"https:\/\/www.entreculturas.org\/gl\/wp-json\/wp\/v2\/pages\/21563","targetHints":{"allow":["GET"]}}],"collection":[{"href":"https:\/\/www.entreculturas.org\/gl\/wp-json\/wp\/v2\/pages"}],"about":[{"href":"https:\/\/www.entreculturas.org\/gl\/wp-json\/wp\/v2\/types\/page"}],"author":[{"embeddable":true,"href":"https:\/\/www.entreculturas.org\/gl\/wp-json\/wp\/v2\/users\/1"}],"replies":[{"embeddable":true,"href":"https:\/\/www.entreculturas.org\/gl\/wp-json\/wp\/v2\/comments?post=21563"}],"version-history":[{"count":6,"href":"https:\/\/www.entreculturas.org\/gl\/wp-json\/wp\/v2\/pages\/21563\/revisions"}],"predecessor-version":[{"id":43324,"href":"https:\/\/www.entreculturas.org\/gl\/wp-json\/wp\/v2\/pages\/21563\/revisions\/43324"}],"wp:attachment":[{"href":"https:\/\/www.entreculturas.org\/gl\/wp-json\/wp\/v2\/media?parent=21563"}],"curies":[{"name":"wp","href":"https:\/\/api.w.org\/{rel}","templated":true}]}}