{"version":"1.0","provider_name":"Entreculturas","provider_url":"https:\/\/www.entreculturas.org\/gl\/","title":"UNIDAD DID\u00c1CTICA \"D\u00cdA INTERNACIONAL DE LA NI\u00d1A\"","type":"rich","width":600,"height":338,"html":"<blockquote class=\"wp-embedded-content\" data-secret=\"YkGdPB0MUm\"><a href=\"https:\/\/www.entreculturas.org\/gl\/publicacion\/unidad-didactica-dia-internacional-de-la-nina\/\">UNIDAD DID\u00c1CTICA &#8220;D\u00cdA INTERNACIONAL DE LA NI\u00d1A&#8221;<\/a><\/blockquote><iframe sandbox=\"allow-scripts\" security=\"restricted\" src=\"https:\/\/www.entreculturas.org\/gl\/publicacion\/unidad-didactica-dia-internacional-de-la-nina\/embed\/#?secret=YkGdPB0MUm\" width=\"600\" height=\"338\" title=\"&#8220;UNIDAD DID\u00c1CTICA &#8220;D\u00cdA INTERNACIONAL DE LA NI\u00d1A&#8221;&#8221; &#8212; Entreculturas\" data-secret=\"YkGdPB0MUm\" frameborder=\"0\" marginwidth=\"0\" marginheight=\"0\" scrolling=\"no\" class=\"wp-embedded-content\"><\/iframe><script>\n\/*! This file is auto-generated *\/\n!function(d,l){\"use strict\";l.querySelector&&d.addEventListener&&\"undefined\"!=typeof URL&&(d.wp=d.wp||{},d.wp.receiveEmbedMessage||(d.wp.receiveEmbedMessage=function(e){var t=e.data;if((t||t.secret||t.message||t.value)&&!\/[^a-zA-Z0-9]\/.test(t.secret)){for(var s,r,n,a=l.querySelectorAll('iframe[data-secret=\"'+t.secret+'\"]'),o=l.querySelectorAll('blockquote[data-secret=\"'+t.secret+'\"]'),c=new RegExp(\"^https?:$\",\"i\"),i=0;i<o.length;i++)o[i].style.display=\"none\";for(i=0;i<a.length;i++)s=a[i],e.source===s.contentWindow&&(s.removeAttribute(\"style\"),\"height\"===t.message?(1e3<(r=parseInt(t.value,10))?r=1e3:~~r<200&&(r=200),s.height=r):\"link\"===t.message&&(r=new URL(s.getAttribute(\"src\")),n=new URL(t.value),c.test(n.protocol))&&n.host===r.host&&l.activeElement===s&&(d.top.location.href=t.value))}},d.addEventListener(\"message\",d.wp.receiveEmbedMessage,!1),l.addEventListener(\"DOMContentLoaded\",function(){for(var e,t,s=l.querySelectorAll(\"iframe.wp-embedded-content\"),r=0;r<s.length;r++)(t=(e=s[r]).getAttribute(\"data-secret\"))||(t=Math.random().toString(36).substring(2,12),e.src+=\"#?secret=\"+t,e.setAttribute(\"data-secret\",t)),e.contentWindow.postMessage({message:\"ready\",secret:t},\"*\")},!1)))}(window,document);\n\/\/# sourceURL=https:\/\/www.entreculturas.org\/wp-includes\/js\/wp-embed.min.js\n<\/script>\n","thumbnail_url":"https:\/\/www.entreculturas.org\/wp-content\/uploads\/2015\/10\/portada_ud_nina_web.jpg","thumbnail_width":315,"thumbnail_height":447,"description":"El 11 de octubre celebramos el D\u00eda Internacional de la Ni\u00f1a. Con esta Unidad Did\u00e1ctica podemos analizar, a trav\u00e9s de casos concretos, la discriminaci\u00f3n que sufren las ni\u00f1as en el mundo, reflexionar sobre la importancia de la igualdad de oportunidades entre ni\u00f1os y ni\u00f1as y adquirir un compromiso con la igualdad de oportunidades. \u00a1Desc\u00e1rgatela y dif\u00fandela al m\u00e1ximo! &nbsp;"}