{"version":"1.0","provider_name":"Entreculturas","provider_url":"https:\/\/www.entreculturas.org\/gl\/","title":"Una visi\u00f3n de g\u00e9nero... es de justicia","type":"rich","width":600,"height":338,"html":"<blockquote class=\"wp-embedded-content\" data-secret=\"EUDcqOCzLS\"><a href=\"https:\/\/www.entreculturas.org\/gl\/publicacion\/una_vision_de_genero_es_de_justicia\/\">Una visi\u00f3n de g\u00e9nero&#8230; es de justicia<\/a><\/blockquote><iframe sandbox=\"allow-scripts\" security=\"restricted\" src=\"https:\/\/www.entreculturas.org\/gl\/publicacion\/una_vision_de_genero_es_de_justicia\/embed\/#?secret=EUDcqOCzLS\" width=\"600\" height=\"338\" title=\"&#8220;Una visi\u00f3n de g\u00e9nero&#8230; es de justicia&#8221; &#8212; Entreculturas\" data-secret=\"EUDcqOCzLS\" frameborder=\"0\" marginwidth=\"0\" marginheight=\"0\" scrolling=\"no\" class=\"wp-embedded-content\"><\/iframe><script>\n\/*! This file is auto-generated *\/\n!function(d,l){\"use strict\";l.querySelector&&d.addEventListener&&\"undefined\"!=typeof URL&&(d.wp=d.wp||{},d.wp.receiveEmbedMessage||(d.wp.receiveEmbedMessage=function(e){var t=e.data;if((t||t.secret||t.message||t.value)&&!\/[^a-zA-Z0-9]\/.test(t.secret)){for(var s,r,n,a=l.querySelectorAll('iframe[data-secret=\"'+t.secret+'\"]'),o=l.querySelectorAll('blockquote[data-secret=\"'+t.secret+'\"]'),c=new RegExp(\"^https?:$\",\"i\"),i=0;i<o.length;i++)o[i].style.display=\"none\";for(i=0;i<a.length;i++)s=a[i],e.source===s.contentWindow&&(s.removeAttribute(\"style\"),\"height\"===t.message?(1e3<(r=parseInt(t.value,10))?r=1e3:~~r<200&&(r=200),s.height=r):\"link\"===t.message&&(r=new URL(s.getAttribute(\"src\")),n=new URL(t.value),c.test(n.protocol))&&n.host===r.host&&l.activeElement===s&&(d.top.location.href=t.value))}},d.addEventListener(\"message\",d.wp.receiveEmbedMessage,!1),l.addEventListener(\"DOMContentLoaded\",function(){for(var e,t,s=l.querySelectorAll(\"iframe.wp-embedded-content\"),r=0;r<s.length;r++)(t=(e=s[r]).getAttribute(\"data-secret\"))||(t=Math.random().toString(36).substring(2,12),e.src+=\"#?secret=\"+t,e.setAttribute(\"data-secret\",t)),e.contentWindow.postMessage({message:\"ready\",secret:t},\"*\")},!1)))}(window,document);\n\/\/# sourceURL=https:\/\/www.entreculturas.org\/wp-includes\/js\/wp-embed.min.js\n<\/script>\n","thumbnail_url":"https:\/\/www.entreculturas.org\/wp-content\/uploads\/2015\/05\/vision-genero-justicia.png","thumbnail_width":559,"thumbnail_height":711,"description":"La campa\u00f1a &#8220;Mu\u00e9vete por la Igualdad, es de justicia&#8221;, organizada por Ayuda en Acci\u00f3n, Entreculturas e InteRed y apoyada por la Agencia Espa\u00f1ola de Cooperaci\u00f3n Internacional y Desarrollo (AECID), ha elaborado este cuaderno con la intenci\u00f3n de formar y sensibilizar sobre la situaci\u00f3n de discriminaci\u00f3n en la que viven las mujeres y el trabajo que realizan en todos los \u00e1mbitos y lugares por mejorar sus condiciones de vida y hacer valer sus derechos. El objetivo principal de la campa\u00f1a es promover el ejercicio de una ciudadan\u00eda no sexista con capacidad de influencia en el fomento del cumplimiento de los acuerdos de la Plataforma de Beijing y ODM en las pol\u00edticas del Gobierno espa\u00f1ol en materia de cooperaci\u00f3n al desarrollo. Recibe informaci\u00f3n registr\u00e1ndote en www.mueveteporlaigualdad.org"}