{"version":"1.0","provider_name":"Entreculturas","provider_url":"https:\/\/www.entreculturas.org\/gl\/","title":"Gu\u00eda did\u00e1ctica: Somos Migrantes","type":"rich","width":600,"height":338,"html":"<blockquote class=\"wp-embedded-content\" data-secret=\"HgyfZJMd2C\"><a href=\"https:\/\/www.entreculturas.org\/gl\/publicacion\/guia-didactica-somos-migrantes\/\">Gu\u00eda did\u00e1ctica: Somos Migrantes<\/a><\/blockquote><iframe sandbox=\"allow-scripts\" security=\"restricted\" src=\"https:\/\/www.entreculturas.org\/gl\/publicacion\/guia-didactica-somos-migrantes\/embed\/#?secret=HgyfZJMd2C\" width=\"600\" height=\"338\" title=\"&#8220;Gu\u00eda did\u00e1ctica: Somos Migrantes&#8221; &#8212; Entreculturas\" data-secret=\"HgyfZJMd2C\" frameborder=\"0\" marginwidth=\"0\" marginheight=\"0\" scrolling=\"no\" class=\"wp-embedded-content\"><\/iframe><script>\n\/*! This file is auto-generated *\/\n!function(d,l){\"use strict\";l.querySelector&&d.addEventListener&&\"undefined\"!=typeof URL&&(d.wp=d.wp||{},d.wp.receiveEmbedMessage||(d.wp.receiveEmbedMessage=function(e){var t=e.data;if((t||t.secret||t.message||t.value)&&!\/[^a-zA-Z0-9]\/.test(t.secret)){for(var s,r,n,a=l.querySelectorAll('iframe[data-secret=\"'+t.secret+'\"]'),o=l.querySelectorAll('blockquote[data-secret=\"'+t.secret+'\"]'),c=new RegExp(\"^https?:$\",\"i\"),i=0;i<o.length;i++)o[i].style.display=\"none\";for(i=0;i<a.length;i++)s=a[i],e.source===s.contentWindow&&(s.removeAttribute(\"style\"),\"height\"===t.message?(1e3<(r=parseInt(t.value,10))?r=1e3:~~r<200&&(r=200),s.height=r):\"link\"===t.message&&(r=new URL(s.getAttribute(\"src\")),n=new URL(t.value),c.test(n.protocol))&&n.host===r.host&&l.activeElement===s&&(d.top.location.href=t.value))}},d.addEventListener(\"message\",d.wp.receiveEmbedMessage,!1),l.addEventListener(\"DOMContentLoaded\",function(){for(var e,t,s=l.querySelectorAll(\"iframe.wp-embedded-content\"),r=0;r<s.length;r++)(t=(e=s[r]).getAttribute(\"data-secret\"))||(t=Math.random().toString(36).substring(2,12),e.src+=\"#?secret=\"+t,e.setAttribute(\"data-secret\",t)),e.contentWindow.postMessage({message:\"ready\",secret:t},\"*\")},!1)))}(window,document);\n\/\/# sourceURL=https:\/\/www.entreculturas.org\/wp-includes\/js\/wp-embed.min.js\n<\/script>\n","thumbnail_url":"https:\/\/www.entreculturas.org\/wp-content\/uploads\/2017\/04\/somos_migrantes_0.png","thumbnail_width":706,"thumbnail_height":991,"description":"Contemplar el mundo desde las fronteras nos pone delante de un l\u00edmite y de un desaf\u00edo:&#8211; Los l\u00edmites de un sistema global que genera exclusi\u00f3n y vulnera la dignidad de millones de personas.&#8211; El desaf\u00edo de la construcci\u00f3n de un sistema de gobernanza mundial con un r\u00e9gimen migratorio global basado en la dignidad humana.En esta gu\u00eda did\u00e1ctica dicho desaf\u00edo quiere traducirse en una invitaci\u00f3n a ponernos en el coraz\u00f3n y en los ojos de quienes viven y mueren las fronteras con la intenci\u00f3n deliberada de que ello nos conmueva y nos ayude a conocer nuestras propias fronteras. Esperamos que ello nos impulse hacia la construcci\u00f3n de un nuevo modelo de convivencia donde la dignidad de todas las personas est\u00e9 en el centro.La gu\u00eda acompa\u00f1a a la exposici\u00f3n \u201cSomos Migrantes\u201d y est\u00e1 orientada a grupos y personas j\u00f3venes o adultas a partir de los catorce a\u00f1os de edad. Quiere ser una [&hellip;]"}