{"version":"1.0","provider_name":"Entreculturas","provider_url":"https:\/\/www.entreculturas.org\/gl\/","title":"Pedro de Castro","type":"rich","width":600,"height":338,"html":"<blockquote class=\"wp-embedded-content\" data-secret=\"OjjO434wNq\"><a href=\"https:\/\/www.entreculturas.org\/gl\/noticia\/pedro-de-castro\/\">Pedro de Castro<\/a><\/blockquote><iframe sandbox=\"allow-scripts\" security=\"restricted\" src=\"https:\/\/www.entreculturas.org\/gl\/noticia\/pedro-de-castro\/embed\/#?secret=OjjO434wNq\" width=\"600\" height=\"338\" title=\"&#8220;Pedro de Castro&#8221; &#8212; Entreculturas\" data-secret=\"OjjO434wNq\" frameborder=\"0\" marginwidth=\"0\" marginheight=\"0\" scrolling=\"no\" class=\"wp-embedded-content\"><\/iframe><script>\n\/*! This file is auto-generated *\/\n!function(d,l){\"use strict\";l.querySelector&&d.addEventListener&&\"undefined\"!=typeof URL&&(d.wp=d.wp||{},d.wp.receiveEmbedMessage||(d.wp.receiveEmbedMessage=function(e){var t=e.data;if((t||t.secret||t.message||t.value)&&!\/[^a-zA-Z0-9]\/.test(t.secret)){for(var s,r,n,a=l.querySelectorAll('iframe[data-secret=\"'+t.secret+'\"]'),o=l.querySelectorAll('blockquote[data-secret=\"'+t.secret+'\"]'),c=new RegExp(\"^https?:$\",\"i\"),i=0;i<o.length;i++)o[i].style.display=\"none\";for(i=0;i<a.length;i++)s=a[i],e.source===s.contentWindow&&(s.removeAttribute(\"style\"),\"height\"===t.message?(1e3<(r=parseInt(t.value,10))?r=1e3:~~r<200&&(r=200),s.height=r):\"link\"===t.message&&(r=new URL(s.getAttribute(\"src\")),n=new URL(t.value),c.test(n.protocol))&&n.host===r.host&&l.activeElement===s&&(d.top.location.href=t.value))}},d.addEventListener(\"message\",d.wp.receiveEmbedMessage,!1),l.addEventListener(\"DOMContentLoaded\",function(){for(var e,t,s=l.querySelectorAll(\"iframe.wp-embedded-content\"),r=0;r<s.length;r++)(t=(e=s[r]).getAttribute(\"data-secret\"))||(t=Math.random().toString(36).substring(2,12),e.src+=\"#?secret=\"+t,e.setAttribute(\"data-secret\",t)),e.contentWindow.postMessage({message:\"ready\",secret:t},\"*\")},!1)))}(window,document);\n\/\/# sourceURL=https:\/\/www.entreculturas.org\/wp-includes\/js\/wp-embed.min.js\n<\/script>\n","thumbnail_url":"https:\/\/www.entreculturas.org\/wp-content\/uploads\/2023\/12\/pedro3.jpg","thumbnail_width":300,"thumbnail_height":205,"description":"Volpa en la frontera entre Per\u00fa y Chile Me llamo Pedro y tengo 25 a\u00f1os. Fui alumno del Colegio Nuestra Se\u00f1ora del Recuerdo (Jesuitas) de Madrid y, por esta raz\u00f3n, siento que conozco Entreculturas de toda la vida. En clase nos ense\u00f1aban el trabajo que los jesuitas hac\u00edan en Latinoam\u00e9rica con Fe y Alegr\u00eda\u2026 \u00a1y resulta que ahora vivo a diez metros de una de sus escuelas! Cuando termin\u00e9 el colegio segu\u00ed vinculado a la Compa\u00f1\u00eda a trav\u00e9s de la Comunidad Universitaria San Francisco Javier y, un poco despu\u00e9s, conoc\u00ed el programa VOLPA y la idea de participar en una experiencia como esa qued\u00f3 en mi cabeza, hasta que tuve el valor de iniciar el proceso. Sal\u00ed de en febrero de este a\u00f1o para empezar el trabajo al d\u00eda siguiente en Tacna, una ciudad de 300.000 habitantes en la frontera sur de Per\u00fa. Trabajo con el Servicio Jesuita a Migrantes, [&hellip;]"}