{"version":"1.0","provider_name":"Entreculturas","provider_url":"https:\/\/www.entreculturas.org\/gl\/","title":"Grisell Galeano - Voluntaria Delegaci\u00f3n de Madrid","type":"rich","width":600,"height":338,"html":"<blockquote class=\"wp-embedded-content\" data-secret=\"xXmpAhjQKq\"><a href=\"https:\/\/www.entreculturas.org\/gl\/noticia\/grisell-galeano-voluntaria-delegacion-de-madrid\/\">Grisell Galeano &#8211; Voluntaria Delegaci\u00f3n de Madrid<\/a><\/blockquote><iframe sandbox=\"allow-scripts\" security=\"restricted\" src=\"https:\/\/www.entreculturas.org\/gl\/noticia\/grisell-galeano-voluntaria-delegacion-de-madrid\/embed\/#?secret=xXmpAhjQKq\" width=\"600\" height=\"338\" title=\"&#8220;Grisell Galeano &#8211; Voluntaria Delegaci\u00f3n de Madrid&#8221; &#8212; Entreculturas\" data-secret=\"xXmpAhjQKq\" frameborder=\"0\" marginwidth=\"0\" marginheight=\"0\" scrolling=\"no\" class=\"wp-embedded-content\"><\/iframe><script>\n\/*! This file is auto-generated *\/\n!function(d,l){\"use strict\";l.querySelector&&d.addEventListener&&\"undefined\"!=typeof URL&&(d.wp=d.wp||{},d.wp.receiveEmbedMessage||(d.wp.receiveEmbedMessage=function(e){var t=e.data;if((t||t.secret||t.message||t.value)&&!\/[^a-zA-Z0-9]\/.test(t.secret)){for(var s,r,n,a=l.querySelectorAll('iframe[data-secret=\"'+t.secret+'\"]'),o=l.querySelectorAll('blockquote[data-secret=\"'+t.secret+'\"]'),c=new RegExp(\"^https?:$\",\"i\"),i=0;i<o.length;i++)o[i].style.display=\"none\";for(i=0;i<a.length;i++)s=a[i],e.source===s.contentWindow&&(s.removeAttribute(\"style\"),\"height\"===t.message?(1e3<(r=parseInt(t.value,10))?r=1e3:~~r<200&&(r=200),s.height=r):\"link\"===t.message&&(r=new URL(s.getAttribute(\"src\")),n=new URL(t.value),c.test(n.protocol))&&n.host===r.host&&l.activeElement===s&&(d.top.location.href=t.value))}},d.addEventListener(\"message\",d.wp.receiveEmbedMessage,!1),l.addEventListener(\"DOMContentLoaded\",function(){for(var e,t,s=l.querySelectorAll(\"iframe.wp-embedded-content\"),r=0;r<s.length;r++)(t=(e=s[r]).getAttribute(\"data-secret\"))||(t=Math.random().toString(36).substring(2,12),e.src+=\"#?secret=\"+t,e.setAttribute(\"data-secret\",t)),e.contentWindow.postMessage({message:\"ready\",secret:t},\"*\")},!1)))}(window,document);\n\/\/# sourceURL=https:\/\/www.entreculturas.org\/wp-includes\/js\/wp-embed.min.js\n<\/script>\n","thumbnail_url":"https:\/\/www.entreculturas.org\/wp-content\/uploads\/2024\/08\/Grissel_web-e1726747320963.jpg","thumbnail_width":1000,"thumbnail_height":540,"description":"Me llamo Grisell, soy nicarag\u00fcense y hace un a\u00f1o que vivo en Madrid y he tenido la oportunidad de participar en la Campa\u00f1a de La LUZ de las NI\u00d1AS como Responsable de Comunicaci\u00f3n y G\u00e9nero de la Iniciativa de G\u00e9nero de la Federaci\u00f3n Internacional Fe y Alegr\u00eda.&nbsp; Con el prop\u00f3sito de visibilizar las diferentes realidades de violencia a las que est\u00e1n expuestas las ni\u00f1as y deconstruir las violencias basadas en g\u00e9nero, se desarroll\u00f3 una serie de acciones comunicativas donde fui participe como portavoz de la Campa\u00f1a regional de La LUZ de las NI\u00d1AS para Nicaragua, Honduras, El Salvador y Per\u00fa.&nbsp; Tras esta experiencia al llegar a Espa\u00f1a me anim\u00e9 a colaborar con Entreculturas, donde he realizado un voluntariado apoyando al \u00c1rea de Comunicaci\u00f3n en la sede central, y me llev\u00e9 una experiencia enriquecedora y de aprendizaje al redactar mi primer reportaje para la revista trimestral. Mi compromiso ha sido y [&hellip;]"}