{"version":"1.0","provider_name":"Entreculturas","provider_url":"https:\/\/www.entreculturas.org\/gl\/","title":"Abraham de Luca - Red Solidaria de J\u00f3venes Extremadura","type":"rich","width":600,"height":338,"html":"<blockquote class=\"wp-embedded-content\" data-secret=\"jaeaCs7Ny6\"><a href=\"https:\/\/www.entreculturas.org\/gl\/noticia\/abraham-de-luca-red-solidaria-de-jovenes-extremadura\/\">Abraham de Luca &#8211; Red Solidaria de J\u00f3venes Extremadura<\/a><\/blockquote><iframe sandbox=\"allow-scripts\" security=\"restricted\" src=\"https:\/\/www.entreculturas.org\/gl\/noticia\/abraham-de-luca-red-solidaria-de-jovenes-extremadura\/embed\/#?secret=jaeaCs7Ny6\" width=\"600\" height=\"338\" title=\"&#8220;Abraham de Luca &#8211; Red Solidaria de J\u00f3venes Extremadura&#8221; &#8212; Entreculturas\" data-secret=\"jaeaCs7Ny6\" frameborder=\"0\" marginwidth=\"0\" marginheight=\"0\" scrolling=\"no\" class=\"wp-embedded-content\"><\/iframe><script>\n\/*! This file is auto-generated *\/\n!function(d,l){\"use strict\";l.querySelector&&d.addEventListener&&\"undefined\"!=typeof URL&&(d.wp=d.wp||{},d.wp.receiveEmbedMessage||(d.wp.receiveEmbedMessage=function(e){var t=e.data;if((t||t.secret||t.message||t.value)&&!\/[^a-zA-Z0-9]\/.test(t.secret)){for(var s,r,n,a=l.querySelectorAll('iframe[data-secret=\"'+t.secret+'\"]'),o=l.querySelectorAll('blockquote[data-secret=\"'+t.secret+'\"]'),c=new RegExp(\"^https?:$\",\"i\"),i=0;i<o.length;i++)o[i].style.display=\"none\";for(i=0;i<a.length;i++)s=a[i],e.source===s.contentWindow&&(s.removeAttribute(\"style\"),\"height\"===t.message?(1e3<(r=parseInt(t.value,10))?r=1e3:~~r<200&&(r=200),s.height=r):\"link\"===t.message&&(r=new URL(s.getAttribute(\"src\")),n=new URL(t.value),c.test(n.protocol))&&n.host===r.host&&l.activeElement===s&&(d.top.location.href=t.value))}},d.addEventListener(\"message\",d.wp.receiveEmbedMessage,!1),l.addEventListener(\"DOMContentLoaded\",function(){for(var e,t,s=l.querySelectorAll(\"iframe.wp-embedded-content\"),r=0;r<s.length;r++)(t=(e=s[r]).getAttribute(\"data-secret\"))||(t=Math.random().toString(36).substring(2,12),e.src+=\"#?secret=\"+t,e.setAttribute(\"data-secret\",t)),e.contentWindow.postMessage({message:\"ready\",secret:t},\"*\")},!1)))}(window,document);\n\/\/# sourceURL=https:\/\/www.entreculturas.org\/wp-includes\/js\/wp-embed.min.js\n<\/script>\n","thumbnail_url":"https:\/\/www.entreculturas.org\/wp-content\/uploads\/2024\/08\/Abraham_Red_Solidaria_Jovenes_web.jpg","thumbnail_width":1501,"thumbnail_height":1114,"description":"Para m\u00ed la Red Solidaria de J\u00f3venes (RSJ) significa una herramienta para cambiar el mundo. Un mundo que nos indigna por sus injusticias y que estamos decididos a cambiar. Soy Abraham, vengo de la Red Solidaria de Extremadura, donde hay 100 j\u00f3venes, 17 educadores y educadoras y un equipo de voluntariado de 5 personas que hab\u00edan pertenecido a la Red y otros 20 de la delegaci\u00f3n de Extremadura, quienes nos acompa\u00f1an en diversas actividades. Este a\u00f1o participamos del IX Encuentro Global, \u201cSomos CuidaDan\u00eda Global\u201d, de la RSJ, en Madrid. Nos reunimos con m\u00e1s de 250 j\u00f3venes, educadores y educadoras de 11 pa\u00edses de Am\u00e9rica Latina, \u00c1frica y Europa, representantes de los grupos de participaci\u00f3n juvenil de los programas Red Solidaria de J\u00f3venes y Red Generaci\u00f3n 21+. Esta cita no es s\u00f3lo un acto de convivencia, sino un compromiso. Un compromiso de cambiar el mundo. Un compromiso que tra\u00edamos con nosotros [&hellip;]"}