{"version":"1.0","provider_name":"Entreculturas","provider_url":"https:\/\/www.entreculturas.org\/gl\/","title":"#8M Las j\u00f3venes activistas son la Generaci\u00f3n Igualdad","type":"rich","width":600,"height":338,"html":"<blockquote class=\"wp-embedded-content\" data-secret=\"jgGvec0Lkk\"><a href=\"https:\/\/www.entreculturas.org\/gl\/noticia\/8m-las-jovenes-activistas-son-la-generacion-igualdad\/\">#8M Las j\u00f3venes activistas son la Generaci\u00f3n Igualdad<\/a><\/blockquote><iframe sandbox=\"allow-scripts\" security=\"restricted\" src=\"https:\/\/www.entreculturas.org\/gl\/noticia\/8m-las-jovenes-activistas-son-la-generacion-igualdad\/embed\/#?secret=jgGvec0Lkk\" width=\"600\" height=\"338\" title=\"&#8220;#8M Las j\u00f3venes activistas son la Generaci\u00f3n Igualdad&#8221; &#8212; Entreculturas\" data-secret=\"jgGvec0Lkk\" frameborder=\"0\" marginwidth=\"0\" marginheight=\"0\" scrolling=\"no\" class=\"wp-embedded-content\"><\/iframe><script>\n\/*! This file is auto-generated *\/\n!function(d,l){\"use strict\";l.querySelector&&d.addEventListener&&\"undefined\"!=typeof URL&&(d.wp=d.wp||{},d.wp.receiveEmbedMessage||(d.wp.receiveEmbedMessage=function(e){var t=e.data;if((t||t.secret||t.message||t.value)&&!\/[^a-zA-Z0-9]\/.test(t.secret)){for(var s,r,n,a=l.querySelectorAll('iframe[data-secret=\"'+t.secret+'\"]'),o=l.querySelectorAll('blockquote[data-secret=\"'+t.secret+'\"]'),c=new RegExp(\"^https?:$\",\"i\"),i=0;i<o.length;i++)o[i].style.display=\"none\";for(i=0;i<a.length;i++)s=a[i],e.source===s.contentWindow&&(s.removeAttribute(\"style\"),\"height\"===t.message?(1e3<(r=parseInt(t.value,10))?r=1e3:~~r<200&&(r=200),s.height=r):\"link\"===t.message&&(r=new URL(s.getAttribute(\"src\")),n=new URL(t.value),c.test(n.protocol))&&n.host===r.host&&l.activeElement===s&&(d.top.location.href=t.value))}},d.addEventListener(\"message\",d.wp.receiveEmbedMessage,!1),l.addEventListener(\"DOMContentLoaded\",function(){for(var e,t,s=l.querySelectorAll(\"iframe.wp-embedded-content\"),r=0;r<s.length;r++)(t=(e=s[r]).getAttribute(\"data-secret\"))||(t=Math.random().toString(36).substring(2,12),e.src+=\"#?secret=\"+t,e.setAttribute(\"data-secret\",t)),e.contentWindow.postMessage({message:\"ready\",secret:t},\"*\")},!1)))}(window,document);\n\/\/# sourceURL=https:\/\/www.entreculturas.org\/wp-includes\/js\/wp-embed.min.js\n<\/script>\n","thumbnail_url":"https:\/\/www.entreculturas.org\/wp-content\/uploads\/2020\/03\/consulta-publica-para-el-fortalecimiento-del-informe-alternativo-de-venezuela-rumbo-a-beijing252-800x480-1.png","thumbnail_width":800,"thumbnail_height":480,"description":"Las j\u00f3venes activistas van a ser la #Generaci\u00f3nIgualdad. Con motivo del 25\u00ba aniversario de la Declaraci\u00f3n y Plataforma de acci\u00f3n de Beijing, y a pocos d\u00edas de las movilizaciones del 8 de marzo, D\u00eda Internacional de los Derechos de las Mujeres,\u00a0queremos que te dejes inspirar por las historias de cinco j\u00f3venes activistas, que desde sus contextos locales est\u00e1n luchando por la defensa de los derechos humanos, pero que sus historias han dado la vuelta al mundo. Como ellas, millones de mujeres, entre ellas muchas j\u00f3venes act\u00faan cada d\u00eda en sus entornos ante la injusticia y la desigualdad. Desde Entreculturas estamos promoviendo espacios de liderazgo y empoderamiento femenino: las j\u00f3venes de la Red Solidaria gracias a acciones de\u00a0movilizaci\u00f3n y la incidencia son\u00a0aut\u00e9nticas lideresas que luchan\u00a0por la igualdad y as\u00ed lo demostraron en las Asambleas de Inicio de la Red al principio de este curso. Sonita Alizadeh: Naci\u00f3 en Afganist\u00e1n pero creci\u00f3 [&hellip;]"}