{"id":970,"date":"2024-05-27T14:48:19","date_gmt":"2024-05-27T12:48:19","guid":{"rendered":"https:\/\/www.entreculturas.org\/?post_type=xxx&#038;p=970"},"modified":"2024-09-20T09:58:38","modified_gmt":"2024-09-20T07:58:38","slug":"que-la-menstruacion-no-sea-un-obstaculo-para-la-educacion","status":"publish","type":"xxx","link":"https:\/\/www.entreculturas.org\/fr\/la-luz-de-las-ninas\/noticia\/que-la-menstruacion-no-sea-un-obstaculo-para-la-educacion\/","title":{"rendered":"Que la menstruaci\u00f3n no sea un obst\u00e1culo para la educaci\u00f3n"},"content":{"rendered":"<p><span style=\"font-weight: 400;\">Miles de ni\u00f1as en el mundo dejan de asistir a la <\/span><b>escuela <\/b><span style=\"font-weight: 400;\">los d\u00edas que tienen la <\/span><b>menstruaci\u00f3n<\/b><span style=\"font-weight: 400;\">.<\/span><\/p>\n<p><span style=\"font-weight: 400;\">\u201cUna de mis vecinas no ha ido a la escuela y su madre tampoco. Cuando le lleg\u00f3 la regla estuvo encerrada en el ba\u00f1o m\u00e1s de dos horas pensando que no iba a salir hasta que no se le pasara. Vino corriendo a buscarme dici\u00e9ndome que ten\u00eda sangre y no sab\u00eda si su intestino se hab\u00eda rajado. Yo le respond\u00ed que ten\u00eda la regla y que ten\u00eda que hablar con su madre. Ella me respondi\u00f3 que si se lo dec\u00eda su madre iba a pegarle. En Chad es a\u00fan un tema demasiado tab\u00fa\u2026\u201d, son palabras de Issa, una de las ni\u00f1as participantes de La LUZ de las NI\u00d1AS en Mongo, Chad.\u00a0<\/span><\/p>\n<p><span style=\"font-weight: 400;\">Esta discriminaci\u00f3n hacia las ni\u00f1as tiene origen en el <\/span><b>estigma social <\/b><span style=\"font-weight: 400;\">que rodea a la menstruaci\u00f3n. A menudo, no tienen <\/span><b>acceso a productos<\/b><span style=\"font-weight: 400;\"> de higiene personal, a <\/span><b>instalaciones sanitarias<\/b><span style=\"font-weight: 400;\"> adecuadas, as\u00ed como a una <\/span><b>educaci\u00f3n sexua<\/b><span style=\"font-weight: 400;\">l que les d\u00e9 la informaci\u00f3n y el acompa\u00f1amiento que necesitan. El aislamiento social y el abandono escolar durante la menstruaci\u00f3n <\/span><b>aumenta el riesgo de que las ni\u00f1as sean v\u00edctimas de violencias<\/b><span style=\"font-weight: 400;\">, como matrimonios o embarazos forzados.<\/span><\/p>\n<p><span style=\"font-weight: 400;\">Desde <\/span><b>La LUZ de las NI\u00d1AS<\/b><span style=\"font-weight: 400;\"> reivindicamos que la salud e higiene menstrual es un <\/span><b>derecho humano<\/b><span style=\"font-weight: 400;\"> de todas las ni\u00f1as y adolescentes del mundo. Por eso, trabajamos en lugares como Mongo sensibilizando a la comunidad, a trav\u00e9s de la educaci\u00f3n, para cambiar estas actitudes y creencias que generan violencia contra las ni\u00f1as. En concreto, una de estas estrategias consiste en<\/span><b> generar espacios de participaci\u00f3n para las ni\u00f1as<\/b><span style=\"font-weight: 400;\"> a trav\u00e9s de los llamados \u201cclubs de ni\u00f1as\u201d, donde las ni\u00f1as se re\u00fanen, normalmente debajo de un \u00e1rbol, y comparten y reflexionan sobre temas que les preocupan, como la menstruaci\u00f3n. En estos espacios, a veces, tambi\u00e9n participan otros miembros de la comunidad para concienciar sobre la importancia de la educaci\u00f3n de las ni\u00f1as y pensar conjuntamente estrategias para promover sus derechos.<\/span><\/p>\n<p><span style=\"font-weight: 400;\">Estamos presentes\u00a0 en pa\u00edses como Chad, Uganda o Sud\u00e1n del Sur, apoyando a las ni\u00f1as en la <\/span><b>gesti\u00f3n de su menstruaci\u00f3n<\/b><span style=\"font-weight: 400;\"> y promoviendo <\/span><b>escuelas seguras<\/b><span style=\"font-weight: 400;\">, en las que puedan sentirse libres y donde su menstruaci\u00f3n no sea un obst\u00e1culo m\u00e1s para continuar con su educaci\u00f3n.<\/span><\/p>\n<p><iframe loading=\"lazy\" title=\"D\u00eda Internacional de la Higiene Menstrual  |  La LUZ de las NI\u00d1AS en Chad\" width=\"500\" height=\"281\" src=\"https:\/\/www.youtube.com\/embed\/iROdDVgc1eg?feature=oembed\" frameborder=\"0\" allow=\"accelerometer; autoplay; clipboard-write; encrypted-media; gyroscope; picture-in-picture; web-share\" referrerpolicy=\"strict-origin-when-cross-origin\" allowfullscreen><\/iframe><\/p>\n","protected":false},"excerpt":{"rendered":"<p>Miles de ni\u00f1as en el mundo dejan de asistir a la escuela los d\u00edas que tienen la menstruaci\u00f3n. \u201cUna de mis vecinas no ha ido a la escuela y su madre tampoco. Cuando le lleg\u00f3 la regla estuvo encerrada en el ba\u00f1o m\u00e1s de dos horas pensando que no iba a salir hasta que no se le pasara. Vino corriendo a buscarme dici\u00e9ndome que ten\u00eda sangre y no sab\u00eda si su intestino se hab\u00eda rajado. Yo le respond\u00ed que ten\u00eda la regla y que ten\u00eda que hablar con su madre. Ella me respondi\u00f3 que si se lo dec\u00eda su madre iba a pegarle. En Chad es a\u00fan un tema demasiado tab\u00fa\u2026\u201d, son palabras de Issa, una de las ni\u00f1as participantes de La LUZ de las NI\u00d1AS en Mongo, Chad.\u00a0 Esta discriminaci\u00f3n hacia las ni\u00f1as tiene origen en el estigma social que rodea a la menstruaci\u00f3n. A menudo, no tienen acceso [&hellip;]<\/p>\n","protected":false},"featured_media":971,"template":"wp-custom-template-noticias-la-luz-de-las-ninas-2","meta":{"_acf_changed":false},"categories":[7],"tags":[],"class_list":["post-970","xxx","type-xxx","status-publish","has-post-thumbnail","hentry","category-noticia"],"acf":[],"yoast_head":"<!-- This site is optimized with the Yoast SEO Premium plugin v21.6 (Yoast SEO v27.5) - https:\/\/yoast.com\/product\/yoast-seo-premium-wordpress\/ -->\n<title>Que la menstruaci\u00f3n no sea un obst\u00e1culo para la educaci\u00f3n - Entreculturas<\/title>\n<meta name=\"robots\" content=\"index, follow, max-snippet:-1, max-image-preview:large, max-video-preview:-1\" \/>\n<link rel=\"canonical\" href=\"https:\/\/www.entreculturas.org\/fr\/la-luz-de-las-ninas\/noticia\/que-la-menstruacion-no-sea-un-obstaculo-para-la-educacion\/\" \/>\n<meta property=\"og:locale\" content=\"fr_FR\" \/>\n<meta property=\"og:type\" content=\"article\" \/>\n<meta property=\"og:title\" content=\"Que la menstruaci\u00f3n no sea un obst\u00e1culo para la educaci\u00f3n\" \/>\n<meta property=\"og:description\" content=\"Miles de ni\u00f1as en el mundo dejan de asistir a la escuela los d\u00edas que tienen la menstruaci\u00f3n. \u201cUna de mis vecinas no ha ido a la escuela y su madre tampoco. Cuando le lleg\u00f3 la regla estuvo encerrada en el ba\u00f1o m\u00e1s de dos horas pensando que no iba a salir hasta que no se le pasara. Vino corriendo a buscarme dici\u00e9ndome que ten\u00eda sangre y no sab\u00eda si su intestino se hab\u00eda rajado. Yo le respond\u00ed que ten\u00eda la regla y que ten\u00eda que hablar con su madre. Ella me respondi\u00f3 que si se lo dec\u00eda su madre iba a pegarle. En Chad es a\u00fan un tema demasiado tab\u00fa\u2026\u201d, son palabras de Issa, una de las ni\u00f1as participantes de La LUZ de las NI\u00d1AS en Mongo, Chad.\u00a0 Esta discriminaci\u00f3n hacia las ni\u00f1as tiene origen en el estigma social que rodea a la menstruaci\u00f3n. A menudo, no tienen acceso [&hellip;]\" \/>\n<meta property=\"og:url\" content=\"https:\/\/www.entreculturas.org\/fr\/la-luz-de-las-ninas\/noticia\/que-la-menstruacion-no-sea-un-obstaculo-para-la-educacion\/\" \/>\n<meta property=\"og:site_name\" content=\"Entreculturas\" \/>\n<meta property=\"article:publisher\" content=\"https:\/\/www.facebook.com\/entreculturas\" \/>\n<meta property=\"article:modified_time\" content=\"2024-09-20T07:58:38+00:00\" \/>\n<meta property=\"og:image\" content=\"https:\/\/www.entreculturas.org\/wp-content\/uploads\/2024\/05\/chicas-cosiendo-compresa-africa.jpg\" \/>\n\t<meta property=\"og:image:width\" content=\"640\" \/>\n\t<meta property=\"og:image:height\" content=\"425\" \/>\n\t<meta property=\"og:image:type\" content=\"image\/jpeg\" \/>\n<meta name=\"twitter:card\" content=\"summary_large_image\" \/>\n<meta name=\"twitter:site\" content=\"@Entreculturas\" \/>\n<script type=\"application\/ld+json\" class=\"yoast-schema-graph\">{\"@context\":\"https:\\\/\\\/schema.org\",\"@graph\":[{\"@type\":\"WebPage\",\"@id\":\"https:\\\/\\\/www.entreculturas.org\\\/fr\\\/la-luz-de-las-ninas\\\/noticia\\\/que-la-menstruacion-no-sea-un-obstaculo-para-la-educacion\\\/\",\"url\":\"https:\\\/\\\/www.entreculturas.org\\\/fr\\\/la-luz-de-las-ninas\\\/noticia\\\/que-la-menstruacion-no-sea-un-obstaculo-para-la-educacion\\\/\",\"name\":\"Que la menstruaci\u00f3n no sea un obst\u00e1culo para la educaci\u00f3n - Entreculturas\",\"isPartOf\":{\"@id\":\"https:\\\/\\\/www.entreculturas.org\\\/fr\\\/#website\"},\"primaryImageOfPage\":{\"@id\":\"https:\\\/\\\/www.entreculturas.org\\\/fr\\\/la-luz-de-las-ninas\\\/noticia\\\/que-la-menstruacion-no-sea-un-obstaculo-para-la-educacion\\\/#primaryimage\"},\"image\":{\"@id\":\"https:\\\/\\\/www.entreculturas.org\\\/fr\\\/la-luz-de-las-ninas\\\/noticia\\\/que-la-menstruacion-no-sea-un-obstaculo-para-la-educacion\\\/#primaryimage\"},\"thumbnailUrl\":\"https:\\\/\\\/www.entreculturas.org\\\/wp-content\\\/uploads\\\/2024\\\/05\\\/chicas-cosiendo-compresa-africa.jpg\",\"datePublished\":\"2024-05-27T12:48:19+00:00\",\"dateModified\":\"2024-09-20T07:58:38+00:00\",\"breadcrumb\":{\"@id\":\"https:\\\/\\\/www.entreculturas.org\\\/fr\\\/la-luz-de-las-ninas\\\/noticia\\\/que-la-menstruacion-no-sea-un-obstaculo-para-la-educacion\\\/#breadcrumb\"},\"inLanguage\":\"fr-FR\",\"potentialAction\":[{\"@type\":\"ReadAction\",\"target\":[\"https:\\\/\\\/www.entreculturas.org\\\/fr\\\/la-luz-de-las-ninas\\\/noticia\\\/que-la-menstruacion-no-sea-un-obstaculo-para-la-educacion\\\/\"]}]},{\"@type\":\"ImageObject\",\"inLanguage\":\"fr-FR\",\"@id\":\"https:\\\/\\\/www.entreculturas.org\\\/fr\\\/la-luz-de-las-ninas\\\/noticia\\\/que-la-menstruacion-no-sea-un-obstaculo-para-la-educacion\\\/#primaryimage\",\"url\":\"https:\\\/\\\/www.entreculturas.org\\\/wp-content\\\/uploads\\\/2024\\\/05\\\/chicas-cosiendo-compresa-africa.jpg\",\"contentUrl\":\"https:\\\/\\\/www.entreculturas.org\\\/wp-content\\\/uploads\\\/2024\\\/05\\\/chicas-cosiendo-compresa-africa.jpg\",\"width\":640,\"height\":425},{\"@type\":\"BreadcrumbList\",\"@id\":\"https:\\\/\\\/www.entreculturas.org\\\/fr\\\/la-luz-de-las-ninas\\\/noticia\\\/que-la-menstruacion-no-sea-un-obstaculo-para-la-educacion\\\/#breadcrumb\",\"itemListElement\":[{\"@type\":\"ListItem\",\"position\":1,\"name\":\"Home\",\"item\":\"https:\\\/\\\/www.entreculturas.org\\\/fr\\\/\"},{\"@type\":\"ListItem\",\"position\":2,\"name\":\"Noticias LLDLN\",\"item\":\"https:\\\/\\\/www.entreculturas.org\\\/fr\\\/noticias-la-luz-de-las-ninas\\\/\"},{\"@type\":\"ListItem\",\"position\":3,\"name\":\"Que la menstruaci\u00f3n no sea un obst\u00e1culo para la educaci\u00f3n\"}]},{\"@type\":\"WebSite\",\"@id\":\"https:\\\/\\\/www.entreculturas.org\\\/fr\\\/#website\",\"url\":\"https:\\\/\\\/www.entreculturas.org\\\/fr\\\/\",\"name\":\"Entreculturas\",\"description\":\"\",\"publisher\":{\"@id\":\"https:\\\/\\\/www.entreculturas.org\\\/fr\\\/#organization\"},\"alternateName\":\"Entreculturas\",\"potentialAction\":[{\"@type\":\"SearchAction\",\"target\":{\"@type\":\"EntryPoint\",\"urlTemplate\":\"https:\\\/\\\/www.entreculturas.org\\\/fr\\\/?s={search_term_string}\"},\"query-input\":{\"@type\":\"PropertyValueSpecification\",\"valueRequired\":true,\"valueName\":\"search_term_string\"}}],\"inLanguage\":\"fr-FR\"},{\"@type\":\"Organization\",\"@id\":\"https:\\\/\\\/www.entreculturas.org\\\/fr\\\/#organization\",\"name\":\"Entreculturas\",\"url\":\"https:\\\/\\\/www.entreculturas.org\\\/fr\\\/\",\"logo\":{\"@type\":\"ImageObject\",\"inLanguage\":\"fr-FR\",\"@id\":\"https:\\\/\\\/www.entreculturas.org\\\/fr\\\/#\\\/schema\\\/logo\\\/image\\\/\",\"url\":\"https:\\\/\\\/www.entreculturas.org\\\/wp-content\\\/uploads\\\/2025\\\/10\\\/ESP.svg\",\"contentUrl\":\"https:\\\/\\\/www.entreculturas.org\\\/wp-content\\\/uploads\\\/2025\\\/10\\\/ESP.svg\",\"caption\":\"Entreculturas\"},\"image\":{\"@id\":\"https:\\\/\\\/www.entreculturas.org\\\/fr\\\/#\\\/schema\\\/logo\\\/image\\\/\"},\"sameAs\":[\"https:\\\/\\\/www.facebook.com\\\/entreculturas\",\"https:\\\/\\\/x.com\\\/Entreculturas\",\"https:\\\/\\\/www.instagram.com\\\/entreculturas\\\/\",\"https:\\\/\\\/www.youtube.com\\\/user\\\/entreculturasvideo\",\"https:\\\/\\\/www.linkedin.com\\\/company\\\/fundacion-entreculturas-ngdo\\\/\",\"https:\\\/\\\/www.flickr.com\\\/photos\\\/98455522@N04\\\/albums\\\/\"]}]}<\/script>\n<!-- \/ Yoast SEO Premium plugin. -->","yoast_head_json":{"title":"Que la menstruaci\u00f3n no sea un obst\u00e1culo para la educaci\u00f3n - Entreculturas","robots":{"index":"index","follow":"follow","max-snippet":"max-snippet:-1","max-image-preview":"max-image-preview:large","max-video-preview":"max-video-preview:-1"},"canonical":"https:\/\/www.entreculturas.org\/fr\/la-luz-de-las-ninas\/noticia\/que-la-menstruacion-no-sea-un-obstaculo-para-la-educacion\/","og_locale":"fr_FR","og_type":"article","og_title":"Que la menstruaci\u00f3n no sea un obst\u00e1culo para la educaci\u00f3n","og_description":"Miles de ni\u00f1as en el mundo dejan de asistir a la escuela los d\u00edas que tienen la menstruaci\u00f3n. \u201cUna de mis vecinas no ha ido a la escuela y su madre tampoco. Cuando le lleg\u00f3 la regla estuvo encerrada en el ba\u00f1o m\u00e1s de dos horas pensando que no iba a salir hasta que no se le pasara. Vino corriendo a buscarme dici\u00e9ndome que ten\u00eda sangre y no sab\u00eda si su intestino se hab\u00eda rajado. Yo le respond\u00ed que ten\u00eda la regla y que ten\u00eda que hablar con su madre. Ella me respondi\u00f3 que si se lo dec\u00eda su madre iba a pegarle. En Chad es a\u00fan un tema demasiado tab\u00fa\u2026\u201d, son palabras de Issa, una de las ni\u00f1as participantes de La LUZ de las NI\u00d1AS en Mongo, Chad.\u00a0 Esta discriminaci\u00f3n hacia las ni\u00f1as tiene origen en el estigma social que rodea a la menstruaci\u00f3n. A menudo, no tienen acceso [&hellip;]","og_url":"https:\/\/www.entreculturas.org\/fr\/la-luz-de-las-ninas\/noticia\/que-la-menstruacion-no-sea-un-obstaculo-para-la-educacion\/","og_site_name":"Entreculturas","article_publisher":"https:\/\/www.facebook.com\/entreculturas","article_modified_time":"2024-09-20T07:58:38+00:00","og_image":[{"width":640,"height":425,"url":"https:\/\/www.entreculturas.org\/wp-content\/uploads\/2024\/05\/chicas-cosiendo-compresa-africa.jpg","type":"image\/jpeg"}],"twitter_card":"summary_large_image","twitter_site":"@Entreculturas","schema":{"@context":"https:\/\/schema.org","@graph":[{"@type":"WebPage","@id":"https:\/\/www.entreculturas.org\/fr\/la-luz-de-las-ninas\/noticia\/que-la-menstruacion-no-sea-un-obstaculo-para-la-educacion\/","url":"https:\/\/www.entreculturas.org\/fr\/la-luz-de-las-ninas\/noticia\/que-la-menstruacion-no-sea-un-obstaculo-para-la-educacion\/","name":"Que la menstruaci\u00f3n no sea un obst\u00e1culo para la educaci\u00f3n - Entreculturas","isPartOf":{"@id":"https:\/\/www.entreculturas.org\/fr\/#website"},"primaryImageOfPage":{"@id":"https:\/\/www.entreculturas.org\/fr\/la-luz-de-las-ninas\/noticia\/que-la-menstruacion-no-sea-un-obstaculo-para-la-educacion\/#primaryimage"},"image":{"@id":"https:\/\/www.entreculturas.org\/fr\/la-luz-de-las-ninas\/noticia\/que-la-menstruacion-no-sea-un-obstaculo-para-la-educacion\/#primaryimage"},"thumbnailUrl":"https:\/\/www.entreculturas.org\/wp-content\/uploads\/2024\/05\/chicas-cosiendo-compresa-africa.jpg","datePublished":"2024-05-27T12:48:19+00:00","dateModified":"2024-09-20T07:58:38+00:00","breadcrumb":{"@id":"https:\/\/www.entreculturas.org\/fr\/la-luz-de-las-ninas\/noticia\/que-la-menstruacion-no-sea-un-obstaculo-para-la-educacion\/#breadcrumb"},"inLanguage":"fr-FR","potentialAction":[{"@type":"ReadAction","target":["https:\/\/www.entreculturas.org\/fr\/la-luz-de-las-ninas\/noticia\/que-la-menstruacion-no-sea-un-obstaculo-para-la-educacion\/"]}]},{"@type":"ImageObject","inLanguage":"fr-FR","@id":"https:\/\/www.entreculturas.org\/fr\/la-luz-de-las-ninas\/noticia\/que-la-menstruacion-no-sea-un-obstaculo-para-la-educacion\/#primaryimage","url":"https:\/\/www.entreculturas.org\/wp-content\/uploads\/2024\/05\/chicas-cosiendo-compresa-africa.jpg","contentUrl":"https:\/\/www.entreculturas.org\/wp-content\/uploads\/2024\/05\/chicas-cosiendo-compresa-africa.jpg","width":640,"height":425},{"@type":"BreadcrumbList","@id":"https:\/\/www.entreculturas.org\/fr\/la-luz-de-las-ninas\/noticia\/que-la-menstruacion-no-sea-un-obstaculo-para-la-educacion\/#breadcrumb","itemListElement":[{"@type":"ListItem","position":1,"name":"Home","item":"https:\/\/www.entreculturas.org\/fr\/"},{"@type":"ListItem","position":2,"name":"Noticias LLDLN","item":"https:\/\/www.entreculturas.org\/fr\/noticias-la-luz-de-las-ninas\/"},{"@type":"ListItem","position":3,"name":"Que la menstruaci\u00f3n no sea un obst\u00e1culo para la educaci\u00f3n"}]},{"@type":"WebSite","@id":"https:\/\/www.entreculturas.org\/fr\/#website","url":"https:\/\/www.entreculturas.org\/fr\/","name":"Entreculturas","description":"","publisher":{"@id":"https:\/\/www.entreculturas.org\/fr\/#organization"},"alternateName":"Entreculturas","potentialAction":[{"@type":"SearchAction","target":{"@type":"EntryPoint","urlTemplate":"https:\/\/www.entreculturas.org\/fr\/?s={search_term_string}"},"query-input":{"@type":"PropertyValueSpecification","valueRequired":true,"valueName":"search_term_string"}}],"inLanguage":"fr-FR"},{"@type":"Organization","@id":"https:\/\/www.entreculturas.org\/fr\/#organization","name":"Entreculturas","url":"https:\/\/www.entreculturas.org\/fr\/","logo":{"@type":"ImageObject","inLanguage":"fr-FR","@id":"https:\/\/www.entreculturas.org\/fr\/#\/schema\/logo\/image\/","url":"https:\/\/www.entreculturas.org\/wp-content\/uploads\/2025\/10\/ESP.svg","contentUrl":"https:\/\/www.entreculturas.org\/wp-content\/uploads\/2025\/10\/ESP.svg","caption":"Entreculturas"},"image":{"@id":"https:\/\/www.entreculturas.org\/fr\/#\/schema\/logo\/image\/"},"sameAs":["https:\/\/www.facebook.com\/entreculturas","https:\/\/x.com\/Entreculturas","https:\/\/www.instagram.com\/entreculturas\/","https:\/\/www.youtube.com\/user\/entreculturasvideo","https:\/\/www.linkedin.com\/company\/fundacion-entreculturas-ngdo\/","https:\/\/www.flickr.com\/photos\/98455522@N04\/albums\/"]}]}},"_links":{"self":[{"href":"https:\/\/www.entreculturas.org\/fr\/wp-json\/wp\/v2\/xxx\/970","targetHints":{"allow":["GET"]}}],"collection":[{"href":"https:\/\/www.entreculturas.org\/fr\/wp-json\/wp\/v2\/xxx"}],"about":[{"href":"https:\/\/www.entreculturas.org\/fr\/wp-json\/wp\/v2\/types\/xxx"}],"wp:featuredmedia":[{"embeddable":true,"href":"https:\/\/www.entreculturas.org\/fr\/wp-json\/wp\/v2\/media\/971"}],"wp:attachment":[{"href":"https:\/\/www.entreculturas.org\/fr\/wp-json\/wp\/v2\/media?parent=970"}],"wp:term":[{"taxonomy":"category","embeddable":true,"href":"https:\/\/www.entreculturas.org\/fr\/wp-json\/wp\/v2\/categories?post=970"},{"taxonomy":"post_tag","embeddable":true,"href":"https:\/\/www.entreculturas.org\/fr\/wp-json\/wp\/v2\/tags?post=970"}],"curies":[{"name":"wp","href":"https:\/\/api.w.org\/{rel}","templated":true}]}}