{"id":964,"date":"2024-05-10T09:10:19","date_gmt":"2024-05-10T07:10:19","guid":{"rendered":"https:\/\/www.entreculturas.org\/?post_type=xxx&#038;p=964"},"modified":"2024-09-20T09:57:57","modified_gmt":"2024-09-20T07:57:57","slug":"la-lucha-por-los-derechos-de-las-ninas-en-peru","status":"publish","type":"xxx","link":"https:\/\/www.entreculturas.org\/fr\/la-luz-de-las-ninas\/noticia\/la-lucha-por-los-derechos-de-las-ninas-en-peru\/","title":{"rendered":"La lucha por los derechos de las ni\u00f1as en Per\u00fa"},"content":{"rendered":"<p><span style=\"font-weight: 400;\">\u2018Queremos que estas ni\u00f1as y estas mujeres puedan vivir en un ambiente sano, sin violencia. Es lo \u00fanico que pedimos. Y esas oportunidades muchas veces no se dan\u2019, afirma Deny Julia, profesora de <strong>Fe y Alegr\u00eda en Ilo, un puerto pesquero ubicado al sur de Per\u00fa<\/strong>, donde trabajamos a trav\u00e9s de nuestro programa <strong>La LUZ de las NI\u00d1AS<\/strong>.<\/span><\/p>\n<p><span style=\"font-weight: 400;\">Deny ha dedicado gran parte de su vida a la docencia y el liderazgo en su regi\u00f3n. Durante m\u00e1s de 20 a\u00f1os, se ha caracterizado por formar a sus estudiantes bajo lo que ella denomina \u2018lentes morados\u2019: su principal objetivo es contribuir, desde la educaci\u00f3n, a la deconstrucci\u00f3n de roles de g\u00e9nero arraigados en la sociedad.<\/span><\/p>\n<p><span style=\"color: #ff0000;\"><b>La desnaturalizaci\u00f3n de la violencia<\/b><\/span><b><br \/>\n<\/b><\/p>\n<p><span style=\"font-weight: 400;\">En medio de una sonrisa, Deny resalta, con gran fuerza, la importancia de la educaci\u00f3n como herramienta de transformaci\u00f3n para \u2018desnaturalizar, identificar y denunciar<strong> las violencias que sufren las ni\u00f1as<\/strong>, sobre todo f\u00edsicas, psicol\u00f3gicas, y tambi\u00e9n sexuales\u2019.\u00a0<\/span><\/p>\n<p><span style=\"font-weight: 400;\">Desde enero hasta junio de 2023, el <\/span><span style=\"font-weight: 400;\">Ministerio de la Mujer y Poblaciones Vulnerables de Per\u00fa (MIMP)<\/span><span style=\"font-weight: 400;\"> registr\u00f3 14.500 casos de violencia sexual. De esta cifra, el 70,3% de las v\u00edctimas eran menores de edad, y el 92,5% eran de g\u00e9nero femenino. Lima Metropolitana y Arequipa encabezan la lista de los departamentos con mayor n\u00famero de estos casos.<\/span><\/p>\n<p><span style=\"font-weight: 400;\">Para Deny, adem\u00e1s de la violencia sexual, existen otras problem\u00e1ticas que viven las ni\u00f1as y las mujeres en Per\u00fa, entre ellas el <strong>embarazo infantil<\/strong> y adolescente, la discriminaci\u00f3n, el <strong>matrimonio infantil y la violencia de g\u00e9nero<\/strong>. Sin embargo, son diversos los factores que contribuyen a la reproducci\u00f3n de este tipo de situaciones: la pobreza, la <strong>falta de acceso a la educaci\u00f3n<\/strong> y la desigualdad, son algunos de ellos.<\/span><\/p>\n<p><span style=\"color: #ff0000;\"><b>Lucha por la dignidad de las ni\u00f1as<\/b><\/span><\/p>\n<p><span style=\"font-weight: 400;\">Deny lucha, cada d\u00eda, para que desde su aula y,<strong> a trav\u00e9s de la educaci\u00f3n, se combatan las violencias contra las ni\u00f1as y las mujeres.<\/strong> Para ella, su mayor referente de lucha, \u2018frente a las inequidades que sufrimos las mujeres\u2019, es su mam\u00e1. Ella le \u2018ense\u00f1\u00f3 a luchar\u2019, contra esas violencias que, de a poco, vamos \u2018naturalizando\u2019.<\/span><\/p>\n<p><span style=\"font-weight: 400;\">No s\u00f3lo desde la docencia se han dado estas luchas en pro de los derechos de las ni\u00f1as en Per\u00fa. En<\/span><span style=\"font-weight: 400;\"> septiembre de 2022, la congresista Flor Aid\u00e9e Pablo Medina present\u00f3 un <strong>proyecto de ley para eliminar el matrimonio con menores de edad<\/strong><\/span><span style=\"font-weight: 400;\"> en el pa\u00eds, bajo la idea del \u2018reconocimiento de la dignidad humana fundamental de la infancia, as\u00ed como la necesidad de garantizar su protecci\u00f3n y desarrollo\u2019, proclamada en la Convenci\u00f3n sobre los Derechos de los ni\u00f1os y de las ni\u00f1as.\u00a0\u00a0<\/span><\/p>\n<p><iframe loading=\"lazy\" title=\"La lucha por los derechos de las ni\u00f1as en Per\u00fa - Denny Julia Peralta\" width=\"500\" height=\"281\" src=\"https:\/\/www.youtube.com\/embed\/B1625JslpmM?feature=oembed\" frameborder=\"0\" allow=\"accelerometer; autoplay; clipboard-write; encrypted-media; gyroscope; picture-in-picture; web-share\" referrerpolicy=\"strict-origin-when-cross-origin\" allowfullscreen><\/iframe><\/p>\n<p><span style=\"color: #ff0000;\"><b>El matrimonio infantil, una forma de violencia hacia las ni\u00f1as<\/b><\/span><\/p>\n<p><span style=\"font-weight: 400;\">En Per\u00fa, el Registro Nacional de Identidad y Estado Civil (Reniec) ha registrado<strong> 4.357 matrimonios infantiles<\/strong> entre 2013 y 2022. El <strong>98,4% de estos se han dado entre ni\u00f1as y adolescentes<\/strong> de 11 a 17 a\u00f1os con hombres adultos. En 2020 se alcanz\u00f3 un pico de 845 uniones.<\/span><\/p>\n<p><span style=\"font-weight: 400;\">La <strong>prohibici\u00f3n del matrimonio infantil<\/strong> ha sido un tema de lucha y discusi\u00f3n durante a\u00f1os. Antes de 1999, la legislatura peruana establec\u00eda que la edad m\u00ednima para contraer matrimonio era de 14 a\u00f1os para mujeres y de 16 para hombres. Sin embargo, en ese mismo a\u00f1o, se determin\u00f3 como edad m\u00ednima en el pa\u00eds, sin distinci\u00f3n de g\u00e9nero, los 16 a\u00f1os.\u00a0<\/span><\/p>\n<p><span style=\"font-weight: 400;\">No obstante, <strong>en 2018<\/strong><\/span><span style=\"font-weight: 400;\"><strong>, se redujo la edad de consentimiento para casarse,<\/strong> nuevamente, a 14 a\u00f1os. <\/span><span style=\"font-weight: 400;\">\u2018Una de las consecuencias de esta norma fue que proporcion\u00f3 impunidad a adultos acusados de cometer violaci\u00f3n sexual, ya que muchos optaban por casarse con menores para evitar enfrentar un juicio por abuso<\/span><span style=\"font-weight: 400;\">. <\/span><span style=\"font-weight: 400;\">Propiciando, como menciona Hugo Gonz\u00e1lez, representante del Fondo de Poblaci\u00f3n de las Naciones Unidas en Per\u00fa (UNFPA), que<\/span> <span style=\"font-weight: 400;\">al abrir esta puerta, lo que est\u00e1 permitiendo el c\u00f3digo civil es <\/span><span style=\"font-weight: 400;\">que los violadores se conviertan en maridos y esposos\u2019.<\/span><\/p>\n<p><span style=\"font-weight: 400;\">Es importante resaltar que, \u2018en el 53er per\u00edodo de sesiones del Consejo de Derechos Humanos, la Asamblea General de las Naciones Unidas, reiter\u00f3 que el<strong> matrimonio infantil, precoz y forzado constituye una violaci\u00f3n de los derechos humanos,<\/strong> y es una pr\u00e1ctica nociva que impide a las personas, sobre todo a las mujeres y las ni\u00f1as, llevar una vida libre de toda discriminaci\u00f3n y violencia\u2019.<\/span><\/p>\n<p><span style=\"font-weight: 400;\">\u2018El 2 de noviembre de 2023, <\/span><span style=\"font-weight: 400;\">el Congreso de la Rep\u00fablica de Per\u00fa aprob\u00f3 la ley que proh\u00edbe el matrimonio de menores de edad, poniendo fin a una pr\u00e1ctica nociva que ha afectado a miles de ni\u00f1as en el pa\u00eds\u2019, subraya UNFPA Per\u00fa. La aprobaci\u00f3n de esta ley representa un gran avance para la protecci\u00f3n de los derechos, la dignidad y el buen desarrollo de las ni\u00f1as.<\/span><\/p>\n<p><span style=\"color: #ff0000;\"><b>Educaci\u00f3n transformadora con enfoque de g\u00e9nero<\/b><\/span><\/p>\n<p><span style=\"font-weight: 400;\">Mediante la campa\u00f1a <strong>La LUZ de las NI\u00d1AS,<\/strong> que en Per\u00fa llevamos a cabo junto a <strong>Fe y Alegr\u00eda<\/strong>, queremos dar voz a las ni\u00f1as, apoyarlas a la hora de <strong>visibilizar la situaci\u00f3n de violencia que sufren<\/strong> y fomentar su capacidad de expresi\u00f3n y liderazgo para que tengan un papel activo en su propio cambio.<\/span><\/p>\n<p><span style=\"font-weight: 400;\">\u2018Gracias a esta propuesta educativa, se ha ayudado a las ni\u00f1as a afrontar estas situaciones de violencia, a trav\u00e9s de ser escuchadas y acompa\u00f1adas en estos procesos. Y, sobre todo, de empoderarlas. Impulsarlas a descubrir esas habilidades que muchas veces no han potenciado. Esta propuesta las ha ayudado a darse cuenta que son aut\u00e9nticas y \u00fanicas\u2019, resalta con entusiasmo Deny.\u00a0<\/span><\/p>\n<p><span style=\"font-weight: 400;\">La <strong>educaci\u00f3n es una herramienta fundamental en la lucha contra las violencias<\/strong> y adem\u00e1s, contribuye a que las ni\u00f1as sean agentes de cambio. <\/span><span style=\"font-weight: 400;\">Debido a los avances legislativos e intervenciones con las ni\u00f1as desde la educaci\u00f3n, podemos ir constatando que se va logrando, paso a paso, la <strong>desnaturalizaci\u00f3n de las violencias<\/strong> y forjando el empoderamiento en las ni\u00f1as, quiene<\/span><span style=\"font-weight: 400;\">s <\/span><span style=\"font-weight: 400;\">ayudan a que esa luz que estaba apagada, en algunas de sus compa\u00f1eras, \u2018vuelva a brillar\u2019.<\/span><\/p>\n<p><img decoding=\"async\" class=\"alignnone wp-image-966 size-large\" src=\"https:\/\/www.laluzdelasninas.org\/app\/uploads\/2024\/05\/0-1024x683.jpg\" alt=\"\" width=\"1024\" height=\"683\" \/><\/p>\n","protected":false},"excerpt":{"rendered":"<p>\u2018Queremos que estas ni\u00f1as y estas mujeres puedan vivir en un ambiente sano, sin violencia. Es lo \u00fanico que pedimos. Y esas oportunidades muchas veces no se dan\u2019, afirma Deny Julia, profesora de Fe y Alegr\u00eda en Ilo, un puerto pesquero ubicado al sur de Per\u00fa, donde trabajamos a trav\u00e9s de nuestro programa La LUZ de las NI\u00d1AS. Deny ha dedicado gran parte de su vida a la docencia y el liderazgo en su regi\u00f3n. Durante m\u00e1s de 20 a\u00f1os, se ha caracterizado por formar a sus estudiantes bajo lo que ella denomina \u2018lentes morados\u2019: su principal objetivo es contribuir, desde la educaci\u00f3n, a la deconstrucci\u00f3n de roles de g\u00e9nero arraigados en la sociedad. La desnaturalizaci\u00f3n de la violencia En medio de una sonrisa, Deny resalta, con gran fuerza, la importancia de la educaci\u00f3n como herramienta de transformaci\u00f3n para \u2018desnaturalizar, identificar y denunciar las violencias que sufren las ni\u00f1as, sobre [&hellip;]<\/p>\n","protected":false},"featured_media":965,"template":"wp-custom-template-noticias-la-luz-de-las-ninas-2","meta":{"_acf_changed":false},"categories":[7],"tags":[],"class_list":["post-964","xxx","type-xxx","status-publish","has-post-thumbnail","hentry","category-noticia"],"acf":[],"yoast_head":"<!-- This site is optimized with the Yoast SEO Premium plugin v21.6 (Yoast SEO v27.5) - https:\/\/yoast.com\/product\/yoast-seo-premium-wordpress\/ -->\n<title>La lucha por los derechos de las ni\u00f1as en Per\u00fa - Entreculturas<\/title>\n<meta name=\"robots\" content=\"index, follow, max-snippet:-1, max-image-preview:large, max-video-preview:-1\" \/>\n<link rel=\"canonical\" href=\"https:\/\/www.entreculturas.org\/fr\/la-luz-de-las-ninas\/noticia\/la-lucha-por-los-derechos-de-las-ninas-en-peru\/\" \/>\n<meta property=\"og:locale\" content=\"fr_FR\" \/>\n<meta property=\"og:type\" content=\"article\" \/>\n<meta property=\"og:title\" content=\"La lucha por los derechos de las ni\u00f1as en Per\u00fa\" \/>\n<meta property=\"og:description\" content=\"\u2018Queremos que estas ni\u00f1as y estas mujeres puedan vivir en un ambiente sano, sin violencia. Es lo \u00fanico que pedimos. Y esas oportunidades muchas veces no se dan\u2019, afirma Deny Julia, profesora de Fe y Alegr\u00eda en Ilo, un puerto pesquero ubicado al sur de Per\u00fa, donde trabajamos a trav\u00e9s de nuestro programa La LUZ de las NI\u00d1AS. Deny ha dedicado gran parte de su vida a la docencia y el liderazgo en su regi\u00f3n. Durante m\u00e1s de 20 a\u00f1os, se ha caracterizado por formar a sus estudiantes bajo lo que ella denomina \u2018lentes morados\u2019: su principal objetivo es contribuir, desde la educaci\u00f3n, a la deconstrucci\u00f3n de roles de g\u00e9nero arraigados en la sociedad. La desnaturalizaci\u00f3n de la violencia En medio de una sonrisa, Deny resalta, con gran fuerza, la importancia de la educaci\u00f3n como herramienta de transformaci\u00f3n para \u2018desnaturalizar, identificar y denunciar las violencias que sufren las ni\u00f1as, sobre [&hellip;]\" \/>\n<meta property=\"og:url\" content=\"https:\/\/www.entreculturas.org\/fr\/la-luz-de-las-ninas\/noticia\/la-lucha-por-los-derechos-de-las-ninas-en-peru\/\" \/>\n<meta property=\"og:site_name\" content=\"Entreculturas\" \/>\n<meta property=\"article:publisher\" content=\"https:\/\/www.facebook.com\/entreculturas\" \/>\n<meta property=\"article:modified_time\" content=\"2024-09-20T07:57:57+00:00\" \/>\n<meta property=\"og:image\" content=\"https:\/\/www.entreculturas.org\/wp-content\/uploads\/2024\/05\/1-1-scaled-1.jpg\" \/>\n\t<meta property=\"og:image:width\" content=\"2560\" \/>\n\t<meta property=\"og:image:height\" content=\"1441\" \/>\n\t<meta property=\"og:image:type\" content=\"image\/jpeg\" \/>\n<meta name=\"twitter:card\" content=\"summary_large_image\" \/>\n<meta name=\"twitter:site\" content=\"@Entreculturas\" \/>\n<script type=\"application\/ld+json\" class=\"yoast-schema-graph\">{\"@context\":\"https:\\\/\\\/schema.org\",\"@graph\":[{\"@type\":\"WebPage\",\"@id\":\"https:\\\/\\\/www.entreculturas.org\\\/fr\\\/la-luz-de-las-ninas\\\/noticia\\\/la-lucha-por-los-derechos-de-las-ninas-en-peru\\\/\",\"url\":\"https:\\\/\\\/www.entreculturas.org\\\/fr\\\/la-luz-de-las-ninas\\\/noticia\\\/la-lucha-por-los-derechos-de-las-ninas-en-peru\\\/\",\"name\":\"La lucha por los derechos de las ni\u00f1as en Per\u00fa - Entreculturas\",\"isPartOf\":{\"@id\":\"https:\\\/\\\/www.entreculturas.org\\\/fr\\\/#website\"},\"primaryImageOfPage\":{\"@id\":\"https:\\\/\\\/www.entreculturas.org\\\/fr\\\/la-luz-de-las-ninas\\\/noticia\\\/la-lucha-por-los-derechos-de-las-ninas-en-peru\\\/#primaryimage\"},\"image\":{\"@id\":\"https:\\\/\\\/www.entreculturas.org\\\/fr\\\/la-luz-de-las-ninas\\\/noticia\\\/la-lucha-por-los-derechos-de-las-ninas-en-peru\\\/#primaryimage\"},\"thumbnailUrl\":\"https:\\\/\\\/www.entreculturas.org\\\/wp-content\\\/uploads\\\/2024\\\/05\\\/1-1-scaled-1.jpg\",\"datePublished\":\"2024-05-10T07:10:19+00:00\",\"dateModified\":\"2024-09-20T07:57:57+00:00\",\"breadcrumb\":{\"@id\":\"https:\\\/\\\/www.entreculturas.org\\\/fr\\\/la-luz-de-las-ninas\\\/noticia\\\/la-lucha-por-los-derechos-de-las-ninas-en-peru\\\/#breadcrumb\"},\"inLanguage\":\"fr-FR\",\"potentialAction\":[{\"@type\":\"ReadAction\",\"target\":[\"https:\\\/\\\/www.entreculturas.org\\\/fr\\\/la-luz-de-las-ninas\\\/noticia\\\/la-lucha-por-los-derechos-de-las-ninas-en-peru\\\/\"]}]},{\"@type\":\"ImageObject\",\"inLanguage\":\"fr-FR\",\"@id\":\"https:\\\/\\\/www.entreculturas.org\\\/fr\\\/la-luz-de-las-ninas\\\/noticia\\\/la-lucha-por-los-derechos-de-las-ninas-en-peru\\\/#primaryimage\",\"url\":\"https:\\\/\\\/www.entreculturas.org\\\/wp-content\\\/uploads\\\/2024\\\/05\\\/1-1-scaled-1.jpg\",\"contentUrl\":\"https:\\\/\\\/www.entreculturas.org\\\/wp-content\\\/uploads\\\/2024\\\/05\\\/1-1-scaled-1.jpg\",\"width\":2560,\"height\":1441},{\"@type\":\"BreadcrumbList\",\"@id\":\"https:\\\/\\\/www.entreculturas.org\\\/fr\\\/la-luz-de-las-ninas\\\/noticia\\\/la-lucha-por-los-derechos-de-las-ninas-en-peru\\\/#breadcrumb\",\"itemListElement\":[{\"@type\":\"ListItem\",\"position\":1,\"name\":\"Home\",\"item\":\"https:\\\/\\\/www.entreculturas.org\\\/fr\\\/\"},{\"@type\":\"ListItem\",\"position\":2,\"name\":\"Noticias LLDLN\",\"item\":\"https:\\\/\\\/www.entreculturas.org\\\/fr\\\/noticias-la-luz-de-las-ninas\\\/\"},{\"@type\":\"ListItem\",\"position\":3,\"name\":\"La lucha por los derechos de las ni\u00f1as en Per\u00fa\"}]},{\"@type\":\"WebSite\",\"@id\":\"https:\\\/\\\/www.entreculturas.org\\\/fr\\\/#website\",\"url\":\"https:\\\/\\\/www.entreculturas.org\\\/fr\\\/\",\"name\":\"Entreculturas\",\"description\":\"\",\"publisher\":{\"@id\":\"https:\\\/\\\/www.entreculturas.org\\\/fr\\\/#organization\"},\"alternateName\":\"Entreculturas\",\"potentialAction\":[{\"@type\":\"SearchAction\",\"target\":{\"@type\":\"EntryPoint\",\"urlTemplate\":\"https:\\\/\\\/www.entreculturas.org\\\/fr\\\/?s={search_term_string}\"},\"query-input\":{\"@type\":\"PropertyValueSpecification\",\"valueRequired\":true,\"valueName\":\"search_term_string\"}}],\"inLanguage\":\"fr-FR\"},{\"@type\":\"Organization\",\"@id\":\"https:\\\/\\\/www.entreculturas.org\\\/fr\\\/#organization\",\"name\":\"Entreculturas\",\"url\":\"https:\\\/\\\/www.entreculturas.org\\\/fr\\\/\",\"logo\":{\"@type\":\"ImageObject\",\"inLanguage\":\"fr-FR\",\"@id\":\"https:\\\/\\\/www.entreculturas.org\\\/fr\\\/#\\\/schema\\\/logo\\\/image\\\/\",\"url\":\"https:\\\/\\\/www.entreculturas.org\\\/wp-content\\\/uploads\\\/2025\\\/10\\\/ESP.svg\",\"contentUrl\":\"https:\\\/\\\/www.entreculturas.org\\\/wp-content\\\/uploads\\\/2025\\\/10\\\/ESP.svg\",\"caption\":\"Entreculturas\"},\"image\":{\"@id\":\"https:\\\/\\\/www.entreculturas.org\\\/fr\\\/#\\\/schema\\\/logo\\\/image\\\/\"},\"sameAs\":[\"https:\\\/\\\/www.facebook.com\\\/entreculturas\",\"https:\\\/\\\/x.com\\\/Entreculturas\",\"https:\\\/\\\/www.instagram.com\\\/entreculturas\\\/\",\"https:\\\/\\\/www.youtube.com\\\/user\\\/entreculturasvideo\",\"https:\\\/\\\/www.linkedin.com\\\/company\\\/fundacion-entreculturas-ngdo\\\/\",\"https:\\\/\\\/www.flickr.com\\\/photos\\\/98455522@N04\\\/albums\\\/\"]}]}<\/script>\n<!-- \/ Yoast SEO Premium plugin. -->","yoast_head_json":{"title":"La lucha por los derechos de las ni\u00f1as en Per\u00fa - Entreculturas","robots":{"index":"index","follow":"follow","max-snippet":"max-snippet:-1","max-image-preview":"max-image-preview:large","max-video-preview":"max-video-preview:-1"},"canonical":"https:\/\/www.entreculturas.org\/fr\/la-luz-de-las-ninas\/noticia\/la-lucha-por-los-derechos-de-las-ninas-en-peru\/","og_locale":"fr_FR","og_type":"article","og_title":"La lucha por los derechos de las ni\u00f1as en Per\u00fa","og_description":"\u2018Queremos que estas ni\u00f1as y estas mujeres puedan vivir en un ambiente sano, sin violencia. Es lo \u00fanico que pedimos. Y esas oportunidades muchas veces no se dan\u2019, afirma Deny Julia, profesora de Fe y Alegr\u00eda en Ilo, un puerto pesquero ubicado al sur de Per\u00fa, donde trabajamos a trav\u00e9s de nuestro programa La LUZ de las NI\u00d1AS. Deny ha dedicado gran parte de su vida a la docencia y el liderazgo en su regi\u00f3n. Durante m\u00e1s de 20 a\u00f1os, se ha caracterizado por formar a sus estudiantes bajo lo que ella denomina \u2018lentes morados\u2019: su principal objetivo es contribuir, desde la educaci\u00f3n, a la deconstrucci\u00f3n de roles de g\u00e9nero arraigados en la sociedad. La desnaturalizaci\u00f3n de la violencia En medio de una sonrisa, Deny resalta, con gran fuerza, la importancia de la educaci\u00f3n como herramienta de transformaci\u00f3n para \u2018desnaturalizar, identificar y denunciar las violencias que sufren las ni\u00f1as, sobre [&hellip;]","og_url":"https:\/\/www.entreculturas.org\/fr\/la-luz-de-las-ninas\/noticia\/la-lucha-por-los-derechos-de-las-ninas-en-peru\/","og_site_name":"Entreculturas","article_publisher":"https:\/\/www.facebook.com\/entreculturas","article_modified_time":"2024-09-20T07:57:57+00:00","og_image":[{"width":2560,"height":1441,"url":"https:\/\/www.entreculturas.org\/wp-content\/uploads\/2024\/05\/1-1-scaled-1.jpg","type":"image\/jpeg"}],"twitter_card":"summary_large_image","twitter_site":"@Entreculturas","schema":{"@context":"https:\/\/schema.org","@graph":[{"@type":"WebPage","@id":"https:\/\/www.entreculturas.org\/fr\/la-luz-de-las-ninas\/noticia\/la-lucha-por-los-derechos-de-las-ninas-en-peru\/","url":"https:\/\/www.entreculturas.org\/fr\/la-luz-de-las-ninas\/noticia\/la-lucha-por-los-derechos-de-las-ninas-en-peru\/","name":"La lucha por los derechos de las ni\u00f1as en Per\u00fa - Entreculturas","isPartOf":{"@id":"https:\/\/www.entreculturas.org\/fr\/#website"},"primaryImageOfPage":{"@id":"https:\/\/www.entreculturas.org\/fr\/la-luz-de-las-ninas\/noticia\/la-lucha-por-los-derechos-de-las-ninas-en-peru\/#primaryimage"},"image":{"@id":"https:\/\/www.entreculturas.org\/fr\/la-luz-de-las-ninas\/noticia\/la-lucha-por-los-derechos-de-las-ninas-en-peru\/#primaryimage"},"thumbnailUrl":"https:\/\/www.entreculturas.org\/wp-content\/uploads\/2024\/05\/1-1-scaled-1.jpg","datePublished":"2024-05-10T07:10:19+00:00","dateModified":"2024-09-20T07:57:57+00:00","breadcrumb":{"@id":"https:\/\/www.entreculturas.org\/fr\/la-luz-de-las-ninas\/noticia\/la-lucha-por-los-derechos-de-las-ninas-en-peru\/#breadcrumb"},"inLanguage":"fr-FR","potentialAction":[{"@type":"ReadAction","target":["https:\/\/www.entreculturas.org\/fr\/la-luz-de-las-ninas\/noticia\/la-lucha-por-los-derechos-de-las-ninas-en-peru\/"]}]},{"@type":"ImageObject","inLanguage":"fr-FR","@id":"https:\/\/www.entreculturas.org\/fr\/la-luz-de-las-ninas\/noticia\/la-lucha-por-los-derechos-de-las-ninas-en-peru\/#primaryimage","url":"https:\/\/www.entreculturas.org\/wp-content\/uploads\/2024\/05\/1-1-scaled-1.jpg","contentUrl":"https:\/\/www.entreculturas.org\/wp-content\/uploads\/2024\/05\/1-1-scaled-1.jpg","width":2560,"height":1441},{"@type":"BreadcrumbList","@id":"https:\/\/www.entreculturas.org\/fr\/la-luz-de-las-ninas\/noticia\/la-lucha-por-los-derechos-de-las-ninas-en-peru\/#breadcrumb","itemListElement":[{"@type":"ListItem","position":1,"name":"Home","item":"https:\/\/www.entreculturas.org\/fr\/"},{"@type":"ListItem","position":2,"name":"Noticias LLDLN","item":"https:\/\/www.entreculturas.org\/fr\/noticias-la-luz-de-las-ninas\/"},{"@type":"ListItem","position":3,"name":"La lucha por los derechos de las ni\u00f1as en Per\u00fa"}]},{"@type":"WebSite","@id":"https:\/\/www.entreculturas.org\/fr\/#website","url":"https:\/\/www.entreculturas.org\/fr\/","name":"Entreculturas","description":"","publisher":{"@id":"https:\/\/www.entreculturas.org\/fr\/#organization"},"alternateName":"Entreculturas","potentialAction":[{"@type":"SearchAction","target":{"@type":"EntryPoint","urlTemplate":"https:\/\/www.entreculturas.org\/fr\/?s={search_term_string}"},"query-input":{"@type":"PropertyValueSpecification","valueRequired":true,"valueName":"search_term_string"}}],"inLanguage":"fr-FR"},{"@type":"Organization","@id":"https:\/\/www.entreculturas.org\/fr\/#organization","name":"Entreculturas","url":"https:\/\/www.entreculturas.org\/fr\/","logo":{"@type":"ImageObject","inLanguage":"fr-FR","@id":"https:\/\/www.entreculturas.org\/fr\/#\/schema\/logo\/image\/","url":"https:\/\/www.entreculturas.org\/wp-content\/uploads\/2025\/10\/ESP.svg","contentUrl":"https:\/\/www.entreculturas.org\/wp-content\/uploads\/2025\/10\/ESP.svg","caption":"Entreculturas"},"image":{"@id":"https:\/\/www.entreculturas.org\/fr\/#\/schema\/logo\/image\/"},"sameAs":["https:\/\/www.facebook.com\/entreculturas","https:\/\/x.com\/Entreculturas","https:\/\/www.instagram.com\/entreculturas\/","https:\/\/www.youtube.com\/user\/entreculturasvideo","https:\/\/www.linkedin.com\/company\/fundacion-entreculturas-ngdo\/","https:\/\/www.flickr.com\/photos\/98455522@N04\/albums\/"]}]}},"_links":{"self":[{"href":"https:\/\/www.entreculturas.org\/fr\/wp-json\/wp\/v2\/xxx\/964","targetHints":{"allow":["GET"]}}],"collection":[{"href":"https:\/\/www.entreculturas.org\/fr\/wp-json\/wp\/v2\/xxx"}],"about":[{"href":"https:\/\/www.entreculturas.org\/fr\/wp-json\/wp\/v2\/types\/xxx"}],"wp:featuredmedia":[{"embeddable":true,"href":"https:\/\/www.entreculturas.org\/fr\/wp-json\/wp\/v2\/media\/965"}],"wp:attachment":[{"href":"https:\/\/www.entreculturas.org\/fr\/wp-json\/wp\/v2\/media?parent=964"}],"wp:term":[{"taxonomy":"category","embeddable":true,"href":"https:\/\/www.entreculturas.org\/fr\/wp-json\/wp\/v2\/categories?post=964"},{"taxonomy":"post_tag","embeddable":true,"href":"https:\/\/www.entreculturas.org\/fr\/wp-json\/wp\/v2\/tags?post=964"}],"curies":[{"name":"wp","href":"https:\/\/api.w.org\/{rel}","templated":true}]}}