{"id":932,"date":"2024-01-31T10:48:35","date_gmt":"2024-01-31T09:48:35","guid":{"rendered":"https:\/\/www.entreculturas.org\/?post_type=xxx&#038;p=932"},"modified":"2024-09-20T09:53:05","modified_gmt":"2024-09-20T07:53:05","slug":"campeona-nacional-de-slam-poetry-en-chad-colabora-con-la-campana-la-luz-de-las-ninas","status":"publish","type":"xxx","link":"https:\/\/www.entreculturas.org\/fr\/la-luz-de-las-ninas\/noticia\/campeona-nacional-de-slam-poetry-en-chad-colabora-con-la-campana-la-luz-de-las-ninas\/","title":{"rendered":"Chad: Sanar a trav\u00e9s del slam poetry"},"content":{"rendered":"<div dir=\"auto\">\n<p><span style=\"font-weight: 400;\">\u00ab\u00a0\u00bfEs culpa m\u00eda ser una ni\u00f1a? El odio y la tristeza me invaden\u2026 Para mi coraz\u00f3n no hay protecci\u00f3n y mi alma est\u00e1 sumida en un inmenso terror. <\/span><b>Soy una v\u00edctima de violaci\u00f3n en mi entorno existencial, una v\u00edctima de acoso y explotaci\u00f3n sexual\u201d<\/b><span style=\"font-weight: 400;\">. Este es uno de los primeros versos que Triciana escribi\u00f3 en su adolescencia sin saber que, alg\u00fan d\u00eda, se convertir\u00eda en la campeona nacional chadiana de <\/span><i><span style=\"font-weight: 400;\">slam poetry<\/span><\/i><span style=\"font-weight: 400;\">, un tipo de poes\u00eda oral y de improvisaci\u00f3n con un fuerte componente reivindicativo en \u00c1frica del oeste.<\/span><\/p>\n<p><span style=\"font-weight: 400;\">Triciana asegura que <\/span><b>el <\/b><b><i>slam<\/i><\/b><b> la ha salvado<\/b><span style=\"font-weight: 400;\"> y, ahora, ella quiere apoyar a las ni\u00f1as para que puedan vivir una infancia libre de miedos. A trav\u00e9s de<\/span><b> La LUZ de las NI\u00d1AS<\/b><span style=\"font-weight: 400;\">, la artista ha acompa\u00f1ado a las ni\u00f1as refugiadas del <\/span><b>Lago Chad<\/b><span style=\"font-weight: 400;\"> durante una serie de talleres, para que puedan nombrar la violencia que viven y expresar sus emociones a trav\u00e9s de la poes\u00eda.\u00a0<\/span><\/p>\n<p><iframe loading=\"lazy\" title=\"Entrevista a la slamer Triciana | La LUZ de las NI\u00d1AS en Chad\" width=\"500\" height=\"281\" src=\"https:\/\/www.youtube.com\/embed\/5sJ6wix1BnY?feature=oembed\" frameborder=\"0\" allow=\"accelerometer; autoplay; clipboard-write; encrypted-media; gyroscope; picture-in-picture; web-share\" referrerpolicy=\"strict-origin-when-cross-origin\" allowfullscreen><\/iframe><\/p>\n<p><span style=\"font-weight: 400;\">\u201cEl slam me ha curado, yo he sido una ni\u00f1a que ha sufrido tantas cosas que nunca pens\u00e9 que iba a contar mi historia, que me iba a abrir al mundo. Pero ahora, gracias al <\/span><i><span style=\"font-weight: 400;\">slam,<\/span><\/i><span style=\"font-weight: 400;\"> soy una mujer que habla de su historia de violencia y que quiere ayudar a otras a que expresen tantas de las historias llevan en silencio\u201d.<\/span><\/p>\n<p><span style=\"font-weight: 400;\">Chad se encuentra entre los 3 primeros pa\u00edses a nivel mundial con mayor tasa de matrimonios infantiles.<\/span><b> Un 68% de las ni\u00f1as han sido casadas antes de los 18 a\u00f1os y un 25% antes de los 15. <\/b><span style=\"font-weight: 400;\">\u201cLa situaci\u00f3n de las ni\u00f1as en Chad es deplorable. Es incre\u00edble lo que viven las ni\u00f1as y cu\u00e1nto necesitan expresarse. Parec\u00eda que estuvieran esperando este taller para desahogarse, para hablar del matrimonio infantil, de las violaciones que sufren yendo a recoger le\u00f1a o agua\u201d.<\/span><\/p>\n<p><span style=\"font-weight: 400;\">Junto al<\/span><b> JRS, hemos trabajado en la zona del Lago Chad con un grupo de 30 ni\u00f1as<\/b><span style=\"font-weight: 400;\"> a trav\u00e9s de este viaje hacia la expresi\u00f3n creativa y el empoderamiento, que ha dejado una gran huella en las ni\u00f1as. Tras los talleres, las ni\u00f1as<\/span> <b>han recitado en una emisora de radio local <\/b><span style=\"font-weight: 400;\">los inspiradores poemas que ellas mismas han creado para concienciar a la comunidad sobre los derechos de las ni\u00f1as y los desaf\u00edos que enfrentan.<\/span><\/p>\n<p><iframe loading=\"lazy\" title=\"Sanar a trav\u00e9s de la poes\u00eda en Chad | La LUZ de las NI\u00d1AS\" width=\"500\" height=\"281\" src=\"https:\/\/www.youtube.com\/embed\/36uxr-Xckek?feature=oembed\" frameborder=\"0\" allow=\"accelerometer; autoplay; clipboard-write; encrypted-media; gyroscope; picture-in-picture; web-share\" referrerpolicy=\"strict-origin-when-cross-origin\" allowfullscreen><\/iframe><\/p>\n<p><span style=\"font-weight: 400;\">En La campa\u00f1a <\/span><b>La LUZ de las NI\u00d1AS <\/b><span style=\"font-weight: 400;\">tenemos el compromiso de combatir esta violencia hacia las ni\u00f1as. Por eso, trabajamos en pa\u00edses como Chad y, junto a mujeres valientes como Triciana, para que ninguna ni\u00f1a tenga que preguntarse: \u201c\u00bfEs culpa m\u00eda ser una ni\u00f1a?\u201d.<\/span><\/p>\n<div id='gallery-1' class='gallery galleryid-932 gallery-columns-3 gallery-size-medium'><figure class='gallery-item'>\n\t\t\t<div class='gallery-icon landscape'>\n\t\t\t\t<a href='https:\/\/www.entreculturas.org\/fr\/la-luz-de-las-ninas\/noticia\/campeona-nacional-de-slam-poetry-en-chad-colabora-con-la-campana-la-luz-de-las-ninas\/381045383_341443211568595_741744822859809855_n-1\/'><img decoding=\"async\" width=\"300\" height=\"193\" src=\"https:\/\/www.entreculturas.org\/wp-content\/uploads\/2024\/01\/381045383_341443211568595_741744822859809855_n-1-300x193.jpg\" class=\"attachment-medium size-medium\" alt=\"\" aria-describedby=\"gallery-1-936\" srcset=\"https:\/\/www.entreculturas.org\/wp-content\/uploads\/2024\/01\/381045383_341443211568595_741744822859809855_n-1-300x193.jpg 300w, https:\/\/www.entreculturas.org\/wp-content\/uploads\/2024\/01\/381045383_341443211568595_741744822859809855_n-1-1024x659.jpg 1024w, https:\/\/www.entreculturas.org\/wp-content\/uploads\/2024\/01\/381045383_341443211568595_741744822859809855_n-1-768x494.jpg 768w, https:\/\/www.entreculturas.org\/wp-content\/uploads\/2024\/01\/381045383_341443211568595_741744822859809855_n-1-1536x988.jpg 1536w, https:\/\/www.entreculturas.org\/wp-content\/uploads\/2024\/01\/381045383_341443211568595_741744822859809855_n-1.jpg 2048w\" sizes=\"(max-width: 300px) 100vw, 300px\" \/><\/a>\n\t\t\t<\/div>\n\t\t\t\t<figcaption class='wp-caption-text gallery-caption' id='gallery-1-936'>\n\t\t\t\tNatalia Sep\u00falveda\/JRS\n\t\t\t\t<\/figcaption><\/figure><figure class='gallery-item'>\n\t\t\t<div class='gallery-icon landscape'>\n\t\t\t\t<a href='https:\/\/www.entreculturas.org\/fr\/la-luz-de-las-ninas\/noticia\/campeona-nacional-de-slam-poetry-en-chad-colabora-con-la-campana-la-luz-de-las-ninas\/376880291_342344781478438_6765966293910887900_n-1\/'><img decoding=\"async\" width=\"300\" height=\"169\" src=\"https:\/\/www.entreculturas.org\/wp-content\/uploads\/2024\/01\/376880291_342344781478438_6765966293910887900_n-1-300x169.jpg\" class=\"attachment-medium size-medium\" alt=\"\" aria-describedby=\"gallery-1-937\" srcset=\"https:\/\/www.entreculturas.org\/wp-content\/uploads\/2024\/01\/376880291_342344781478438_6765966293910887900_n-1-300x169.jpg 300w, https:\/\/www.entreculturas.org\/wp-content\/uploads\/2024\/01\/376880291_342344781478438_6765966293910887900_n-1-1024x576.jpg 1024w, https:\/\/www.entreculturas.org\/wp-content\/uploads\/2024\/01\/376880291_342344781478438_6765966293910887900_n-1-768x432.jpg 768w, https:\/\/www.entreculturas.org\/wp-content\/uploads\/2024\/01\/376880291_342344781478438_6765966293910887900_n-1-1536x864.jpg 1536w, https:\/\/www.entreculturas.org\/wp-content\/uploads\/2024\/01\/376880291_342344781478438_6765966293910887900_n-1.jpg 2048w\" sizes=\"(max-width: 300px) 100vw, 300px\" \/><\/a>\n\t\t\t<\/div>\n\t\t\t\t<figcaption class='wp-caption-text gallery-caption' id='gallery-1-937'>\n\t\t\t\tNatalia Sep\u00falveda\/JRS\n\t\t\t\t<\/figcaption><\/figure><figure class='gallery-item'>\n\t\t\t<div class='gallery-icon landscape'>\n\t\t\t\t<a href='https:\/\/www.entreculturas.org\/fr\/la-luz-de-las-ninas\/noticia\/campeona-nacional-de-slam-poetry-en-chad-colabora-con-la-campana-la-luz-de-las-ninas\/8-jour-3-ldn-atelier-poesie-sept2023-cr_natalia-sepulveda-14\/'><img decoding=\"async\" width=\"300\" height=\"253\" src=\"https:\/\/www.entreculturas.org\/wp-content\/uploads\/2024\/01\/8.-jour-3-LdN-Atelier-poesie.-Sept2023.-Cr_Natalia-Sepulveda-14-300x253.jpg\" class=\"attachment-medium size-medium\" alt=\"\" aria-describedby=\"gallery-1-938\" srcset=\"https:\/\/www.entreculturas.org\/wp-content\/uploads\/2024\/01\/8.-jour-3-LdN-Atelier-poesie.-Sept2023.-Cr_Natalia-Sepulveda-14-300x253.jpg 300w, https:\/\/www.entreculturas.org\/wp-content\/uploads\/2024\/01\/8.-jour-3-LdN-Atelier-poesie.-Sept2023.-Cr_Natalia-Sepulveda-14-1024x864.jpg 1024w, https:\/\/www.entreculturas.org\/wp-content\/uploads\/2024\/01\/8.-jour-3-LdN-Atelier-poesie.-Sept2023.-Cr_Natalia-Sepulveda-14-768x648.jpg 768w, https:\/\/www.entreculturas.org\/wp-content\/uploads\/2024\/01\/8.-jour-3-LdN-Atelier-poesie.-Sept2023.-Cr_Natalia-Sepulveda-14-1536x1295.jpg 1536w, https:\/\/www.entreculturas.org\/wp-content\/uploads\/2024\/01\/8.-jour-3-LdN-Atelier-poesie.-Sept2023.-Cr_Natalia-Sepulveda-14.jpg 2048w\" sizes=\"(max-width: 300px) 100vw, 300px\" \/><\/a>\n\t\t\t<\/div>\n\t\t\t\t<figcaption class='wp-caption-text gallery-caption' id='gallery-1-938'>\n\t\t\t\tNatalia Sep\u00falveda\/JRS\n\t\t\t\t<\/figcaption><\/figure><figure class='gallery-item'>\n\t\t\t<div class='gallery-icon landscape'>\n\t\t\t\t<a href='https:\/\/www.entreculturas.org\/fr\/la-luz-de-las-ninas\/noticia\/campeona-nacional-de-slam-poetry-en-chad-colabora-con-la-campana-la-luz-de-las-ninas\/27-ldn-atelier-poesie-sept2023-cr_natalia-sepulveda-46\/'><img decoding=\"async\" width=\"300\" height=\"186\" src=\"https:\/\/www.entreculturas.org\/wp-content\/uploads\/2024\/01\/27.-LdN-Atelier-poesie.-Sept2023.-Cr_Natalia-Sepulveda-46-300x186.jpg\" class=\"attachment-medium size-medium\" alt=\"\" aria-describedby=\"gallery-1-939\" srcset=\"https:\/\/www.entreculturas.org\/wp-content\/uploads\/2024\/01\/27.-LdN-Atelier-poesie.-Sept2023.-Cr_Natalia-Sepulveda-46-300x186.jpg 300w, https:\/\/www.entreculturas.org\/wp-content\/uploads\/2024\/01\/27.-LdN-Atelier-poesie.-Sept2023.-Cr_Natalia-Sepulveda-46-1024x637.jpg 1024w, https:\/\/www.entreculturas.org\/wp-content\/uploads\/2024\/01\/27.-LdN-Atelier-poesie.-Sept2023.-Cr_Natalia-Sepulveda-46-768x477.jpg 768w, https:\/\/www.entreculturas.org\/wp-content\/uploads\/2024\/01\/27.-LdN-Atelier-poesie.-Sept2023.-Cr_Natalia-Sepulveda-46-1536x955.jpg 1536w, https:\/\/www.entreculturas.org\/wp-content\/uploads\/2024\/01\/27.-LdN-Atelier-poesie.-Sept2023.-Cr_Natalia-Sepulveda-46.jpg 2048w\" sizes=\"(max-width: 300px) 100vw, 300px\" \/><\/a>\n\t\t\t<\/div>\n\t\t\t\t<figcaption class='wp-caption-text gallery-caption' id='gallery-1-939'>\n\t\t\t\tNatalia Sep\u00falveda\/JRS\n\t\t\t\t<\/figcaption><\/figure><figure class='gallery-item'>\n\t\t\t<div class='gallery-icon landscape'>\n\t\t\t\t<a href='https:\/\/www.entreculturas.org\/fr\/la-luz-de-las-ninas\/noticia\/campeona-nacional-de-slam-poetry-en-chad-colabora-con-la-campana-la-luz-de-las-ninas\/f9rq1b3xaaazhyk\/'><img decoding=\"async\" width=\"300\" height=\"300\" src=\"https:\/\/www.entreculturas.org\/wp-content\/uploads\/2024\/01\/F9rQ1B3XAAAZhyK-300x300.jpg\" class=\"attachment-medium size-medium\" alt=\"\" aria-describedby=\"gallery-1-940\" srcset=\"https:\/\/www.entreculturas.org\/wp-content\/uploads\/2024\/01\/F9rQ1B3XAAAZhyK-300x300.jpg 300w, https:\/\/www.entreculturas.org\/wp-content\/uploads\/2024\/01\/F9rQ1B3XAAAZhyK-1024x1024.jpg 1024w, https:\/\/www.entreculturas.org\/wp-content\/uploads\/2024\/01\/F9rQ1B3XAAAZhyK-150x150.jpg 150w, https:\/\/www.entreculturas.org\/wp-content\/uploads\/2024\/01\/F9rQ1B3XAAAZhyK-768x768.jpg 768w, https:\/\/www.entreculturas.org\/wp-content\/uploads\/2024\/01\/F9rQ1B3XAAAZhyK.jpg 1080w\" sizes=\"(max-width: 300px) 100vw, 300px\" \/><\/a>\n\t\t\t<\/div>\n\t\t\t\t<figcaption class='wp-caption-text gallery-caption' id='gallery-1-940'>\n\t\t\t\tNatalia Sep\u00falveda\/JRS\n\t\t\t\t<\/figcaption><\/figure><figure class='gallery-item'>\n\t\t\t<div class='gallery-icon landscape'>\n\t\t\t\t<a href='https:\/\/www.entreculturas.org\/fr\/la-luz-de-las-ninas\/noticia\/campeona-nacional-de-slam-poetry-en-chad-colabora-con-la-campana-la-luz-de-las-ninas\/f9rq0_lw8aaiqg3\/'><img decoding=\"async\" width=\"300\" height=\"300\" src=\"https:\/\/www.entreculturas.org\/wp-content\/uploads\/2024\/01\/F9rQ0_LW8AAIQG3-300x300.jpg\" class=\"attachment-medium size-medium\" alt=\"\" aria-describedby=\"gallery-1-941\" srcset=\"https:\/\/www.entreculturas.org\/wp-content\/uploads\/2024\/01\/F9rQ0_LW8AAIQG3-300x300.jpg 300w, https:\/\/www.entreculturas.org\/wp-content\/uploads\/2024\/01\/F9rQ0_LW8AAIQG3-1024x1024.jpg 1024w, https:\/\/www.entreculturas.org\/wp-content\/uploads\/2024\/01\/F9rQ0_LW8AAIQG3-150x150.jpg 150w, https:\/\/www.entreculturas.org\/wp-content\/uploads\/2024\/01\/F9rQ0_LW8AAIQG3-768x768.jpg 768w, https:\/\/www.entreculturas.org\/wp-content\/uploads\/2024\/01\/F9rQ0_LW8AAIQG3.jpg 1080w\" sizes=\"(max-width: 300px) 100vw, 300px\" \/><\/a>\n\t\t\t<\/div>\n\t\t\t\t<figcaption class='wp-caption-text gallery-caption' id='gallery-1-941'>\n\t\t\t\tNatalia Sep\u00falveda\/JRS\n\t\t\t\t<\/figcaption><\/figure><figure class='gallery-item'>\n\t\t\t<div class='gallery-icon landscape'>\n\t\t\t\t<a href='https:\/\/www.entreculturas.org\/fr\/podcast-julia-navarro\/portada_podcast\/'><img decoding=\"async\" width=\"300\" height=\"169\" src=\"https:\/\/www.entreculturas.org\/wp-content\/uploads\/2023\/09\/portada_podcast-300x169.jpg\" class=\"attachment-medium size-medium\" alt=\"\" srcset=\"https:\/\/www.entreculturas.org\/wp-content\/uploads\/2023\/09\/portada_podcast-300x169.jpg 300w, https:\/\/www.entreculturas.org\/wp-content\/uploads\/2023\/09\/portada_podcast-1024x576.jpg 1024w, https:\/\/www.entreculturas.org\/wp-content\/uploads\/2023\/09\/portada_podcast-768x432.jpg 768w, https:\/\/www.entreculturas.org\/wp-content\/uploads\/2023\/09\/portada_podcast-1536x864.jpg 1536w, https:\/\/www.entreculturas.org\/wp-content\/uploads\/2023\/09\/portada_podcast.jpg 1920w\" sizes=\"(max-width: 300px) 100vw, 300px\" \/><\/a>\n\t\t\t<\/div><\/figure><figure class='gallery-item'>\n\t\t\t<div class='gallery-icon landscape'>\n\t\t\t\t<a href='https:\/\/www.entreculturas.org\/fr\/la-luz-de-las-ninas\/noticia\/campeona-nacional-de-slam-poetry-en-chad-colabora-con-la-campana-la-luz-de-las-ninas\/10-ldn-atelier-poesie-sept2023-cr_natalia-sepulveda-17\/'><img decoding=\"async\" width=\"300\" height=\"223\" src=\"https:\/\/www.entreculturas.org\/wp-content\/uploads\/2024\/01\/10.-LdN-Atelier-poesie.-Sept2023.-Cr_Natalia-Sepulveda-17-300x223.jpg\" class=\"attachment-medium size-medium\" alt=\"\" aria-describedby=\"gallery-1-943\" srcset=\"https:\/\/www.entreculturas.org\/wp-content\/uploads\/2024\/01\/10.-LdN-Atelier-poesie.-Sept2023.-Cr_Natalia-Sepulveda-17-300x223.jpg 300w, https:\/\/www.entreculturas.org\/wp-content\/uploads\/2024\/01\/10.-LdN-Atelier-poesie.-Sept2023.-Cr_Natalia-Sepulveda-17-1024x763.jpg 1024w, https:\/\/www.entreculturas.org\/wp-content\/uploads\/2024\/01\/10.-LdN-Atelier-poesie.-Sept2023.-Cr_Natalia-Sepulveda-17-768x572.jpg 768w, https:\/\/www.entreculturas.org\/wp-content\/uploads\/2024\/01\/10.-LdN-Atelier-poesie.-Sept2023.-Cr_Natalia-Sepulveda-17-1536x1144.jpg 1536w, https:\/\/www.entreculturas.org\/wp-content\/uploads\/2024\/01\/10.-LdN-Atelier-poesie.-Sept2023.-Cr_Natalia-Sepulveda-17.jpg 2048w\" sizes=\"(max-width: 300px) 100vw, 300px\" \/><\/a>\n\t\t\t<\/div>\n\t\t\t\t<figcaption class='wp-caption-text gallery-caption' id='gallery-1-943'>\n\t\t\t\tNatalia Sep\u00falveda\/JRS\n\t\t\t\t<\/figcaption><\/figure><figure class='gallery-item'>\n\t\t\t<div class='gallery-icon landscape'>\n\t\t\t\t<a href='https:\/\/www.entreculturas.org\/fr\/la-luz-de-las-ninas\/noticia\/campeona-nacional-de-slam-poetry-en-chad-colabora-con-la-campana-la-luz-de-las-ninas\/f9rq0_xwqaavzyz-1\/'><img decoding=\"async\" width=\"300\" height=\"300\" src=\"https:\/\/www.entreculturas.org\/wp-content\/uploads\/2024\/01\/F9rQ0_xWQAAvZyZ-1-300x300.jpg\" class=\"attachment-medium size-medium\" alt=\"\" aria-describedby=\"gallery-1-945\" srcset=\"https:\/\/www.entreculturas.org\/wp-content\/uploads\/2024\/01\/F9rQ0_xWQAAvZyZ-1-300x300.jpg 300w, https:\/\/www.entreculturas.org\/wp-content\/uploads\/2024\/01\/F9rQ0_xWQAAvZyZ-1-1024x1024.jpg 1024w, https:\/\/www.entreculturas.org\/wp-content\/uploads\/2024\/01\/F9rQ0_xWQAAvZyZ-1-150x150.jpg 150w, https:\/\/www.entreculturas.org\/wp-content\/uploads\/2024\/01\/F9rQ0_xWQAAvZyZ-1-768x768.jpg 768w, https:\/\/www.entreculturas.org\/wp-content\/uploads\/2024\/01\/F9rQ0_xWQAAvZyZ-1.jpg 1080w\" sizes=\"(max-width: 300px) 100vw, 300px\" \/><\/a>\n\t\t\t<\/div>\n\t\t\t\t<figcaption class='wp-caption-text gallery-caption' id='gallery-1-945'>\n\t\t\t\tNatalia Sep\u00falveda\/JRS\n\t\t\t\t<\/figcaption><\/figure>\n\t\t<\/div>\n\n<p>&nbsp;<\/p>\n<\/div>\n<div dir=\"auto\"><\/div>\n","protected":false},"excerpt":{"rendered":"<p>\u00ab\u00a0\u00bfEs culpa m\u00eda ser una ni\u00f1a? El odio y la tristeza me invaden\u2026 Para mi coraz\u00f3n no hay protecci\u00f3n y mi alma est\u00e1 sumida en un inmenso terror. Soy una v\u00edctima de violaci\u00f3n en mi entorno existencial, una v\u00edctima de acoso y explotaci\u00f3n sexual\u201d. Este es uno de los primeros versos que Triciana escribi\u00f3 en su adolescencia sin saber que, alg\u00fan d\u00eda, se convertir\u00eda en la campeona nacional chadiana de slam poetry, un tipo de poes\u00eda oral y de improvisaci\u00f3n con un fuerte componente reivindicativo en \u00c1frica del oeste. Triciana asegura que el slam la ha salvado y, ahora, ella quiere apoyar a las ni\u00f1as para que puedan vivir una infancia libre de miedos. A trav\u00e9s de La LUZ de las NI\u00d1AS, la artista ha acompa\u00f1ado a las ni\u00f1as refugiadas del Lago Chad durante una serie de talleres, para que puedan nombrar la violencia que viven y expresar sus emociones [&hellip;]<\/p>\n","protected":false},"featured_media":935,"template":"wp-custom-template-noticias-la-luz-de-las-ninas-2","meta":{"_acf_changed":false},"categories":[7],"tags":[],"class_list":["post-932","xxx","type-xxx","status-publish","has-post-thumbnail","hentry","category-noticia"],"acf":[],"yoast_head":"<!-- This site is optimized with the Yoast SEO Premium plugin v21.6 (Yoast SEO v27.5) - https:\/\/yoast.com\/product\/yoast-seo-premium-wordpress\/ -->\n<title>Chad: Sanar a trav\u00e9s del slam poetry - Entreculturas<\/title>\n<meta name=\"robots\" content=\"index, follow, max-snippet:-1, max-image-preview:large, max-video-preview:-1\" \/>\n<link rel=\"canonical\" href=\"https:\/\/www.entreculturas.org\/fr\/la-luz-de-las-ninas\/noticia\/campeona-nacional-de-slam-poetry-en-chad-colabora-con-la-campana-la-luz-de-las-ninas\/\" \/>\n<meta property=\"og:locale\" content=\"fr_FR\" \/>\n<meta property=\"og:type\" content=\"article\" \/>\n<meta property=\"og:title\" content=\"Chad: Sanar a trav\u00e9s del slam poetry\" \/>\n<meta property=\"og:description\" content=\"\u00ab\u00a0\u00bfEs culpa m\u00eda ser una ni\u00f1a? El odio y la tristeza me invaden\u2026 Para mi coraz\u00f3n no hay protecci\u00f3n y mi alma est\u00e1 sumida en un inmenso terror. Soy una v\u00edctima de violaci\u00f3n en mi entorno existencial, una v\u00edctima de acoso y explotaci\u00f3n sexual\u201d. Este es uno de los primeros versos que Triciana escribi\u00f3 en su adolescencia sin saber que, alg\u00fan d\u00eda, se convertir\u00eda en la campeona nacional chadiana de slam poetry, un tipo de poes\u00eda oral y de improvisaci\u00f3n con un fuerte componente reivindicativo en \u00c1frica del oeste. Triciana asegura que el slam la ha salvado y, ahora, ella quiere apoyar a las ni\u00f1as para que puedan vivir una infancia libre de miedos. A trav\u00e9s de La LUZ de las NI\u00d1AS, la artista ha acompa\u00f1ado a las ni\u00f1as refugiadas del Lago Chad durante una serie de talleres, para que puedan nombrar la violencia que viven y expresar sus emociones [&hellip;]\" \/>\n<meta property=\"og:url\" content=\"https:\/\/www.entreculturas.org\/fr\/la-luz-de-las-ninas\/noticia\/campeona-nacional-de-slam-poetry-en-chad-colabora-con-la-campana-la-luz-de-las-ninas\/\" \/>\n<meta property=\"og:site_name\" content=\"Entreculturas\" \/>\n<meta property=\"article:publisher\" content=\"https:\/\/www.facebook.com\/entreculturas\" \/>\n<meta property=\"article:modified_time\" content=\"2024-09-20T07:53:05+00:00\" \/>\n<meta property=\"og:image\" content=\"https:\/\/www.entreculturas.org\/wp-content\/uploads\/2024\/01\/WhatsApp-Image-2023-09-29-at-14.05.10-1.jpeg\" \/>\n\t<meta property=\"og:image:width\" content=\"1600\" \/>\n\t<meta property=\"og:image:height\" content=\"900\" \/>\n\t<meta property=\"og:image:type\" content=\"image\/jpeg\" \/>\n<meta name=\"twitter:card\" content=\"summary_large_image\" \/>\n<meta name=\"twitter:site\" content=\"@Entreculturas\" \/>\n<script type=\"application\/ld+json\" class=\"yoast-schema-graph\">{\"@context\":\"https:\\\/\\\/schema.org\",\"@graph\":[{\"@type\":\"WebPage\",\"@id\":\"https:\\\/\\\/www.entreculturas.org\\\/fr\\\/la-luz-de-las-ninas\\\/noticia\\\/campeona-nacional-de-slam-poetry-en-chad-colabora-con-la-campana-la-luz-de-las-ninas\\\/\",\"url\":\"https:\\\/\\\/www.entreculturas.org\\\/fr\\\/la-luz-de-las-ninas\\\/noticia\\\/campeona-nacional-de-slam-poetry-en-chad-colabora-con-la-campana-la-luz-de-las-ninas\\\/\",\"name\":\"Chad: Sanar a trav\u00e9s del slam poetry - Entreculturas\",\"isPartOf\":{\"@id\":\"https:\\\/\\\/www.entreculturas.org\\\/fr\\\/#website\"},\"primaryImageOfPage\":{\"@id\":\"https:\\\/\\\/www.entreculturas.org\\\/fr\\\/la-luz-de-las-ninas\\\/noticia\\\/campeona-nacional-de-slam-poetry-en-chad-colabora-con-la-campana-la-luz-de-las-ninas\\\/#primaryimage\"},\"image\":{\"@id\":\"https:\\\/\\\/www.entreculturas.org\\\/fr\\\/la-luz-de-las-ninas\\\/noticia\\\/campeona-nacional-de-slam-poetry-en-chad-colabora-con-la-campana-la-luz-de-las-ninas\\\/#primaryimage\"},\"thumbnailUrl\":\"https:\\\/\\\/www.entreculturas.org\\\/wp-content\\\/uploads\\\/2024\\\/01\\\/WhatsApp-Image-2023-09-29-at-14.05.10-1.jpeg\",\"datePublished\":\"2024-01-31T09:48:35+00:00\",\"dateModified\":\"2024-09-20T07:53:05+00:00\",\"breadcrumb\":{\"@id\":\"https:\\\/\\\/www.entreculturas.org\\\/fr\\\/la-luz-de-las-ninas\\\/noticia\\\/campeona-nacional-de-slam-poetry-en-chad-colabora-con-la-campana-la-luz-de-las-ninas\\\/#breadcrumb\"},\"inLanguage\":\"fr-FR\",\"potentialAction\":[{\"@type\":\"ReadAction\",\"target\":[\"https:\\\/\\\/www.entreculturas.org\\\/fr\\\/la-luz-de-las-ninas\\\/noticia\\\/campeona-nacional-de-slam-poetry-en-chad-colabora-con-la-campana-la-luz-de-las-ninas\\\/\"]}]},{\"@type\":\"ImageObject\",\"inLanguage\":\"fr-FR\",\"@id\":\"https:\\\/\\\/www.entreculturas.org\\\/fr\\\/la-luz-de-las-ninas\\\/noticia\\\/campeona-nacional-de-slam-poetry-en-chad-colabora-con-la-campana-la-luz-de-las-ninas\\\/#primaryimage\",\"url\":\"https:\\\/\\\/www.entreculturas.org\\\/wp-content\\\/uploads\\\/2024\\\/01\\\/WhatsApp-Image-2023-09-29-at-14.05.10-1.jpeg\",\"contentUrl\":\"https:\\\/\\\/www.entreculturas.org\\\/wp-content\\\/uploads\\\/2024\\\/01\\\/WhatsApp-Image-2023-09-29-at-14.05.10-1.jpeg\",\"width\":1600,\"height\":900,\"caption\":\"Natalia Sep\u00falveda\\\/JRS\"},{\"@type\":\"BreadcrumbList\",\"@id\":\"https:\\\/\\\/www.entreculturas.org\\\/fr\\\/la-luz-de-las-ninas\\\/noticia\\\/campeona-nacional-de-slam-poetry-en-chad-colabora-con-la-campana-la-luz-de-las-ninas\\\/#breadcrumb\",\"itemListElement\":[{\"@type\":\"ListItem\",\"position\":1,\"name\":\"Home\",\"item\":\"https:\\\/\\\/www.entreculturas.org\\\/fr\\\/\"},{\"@type\":\"ListItem\",\"position\":2,\"name\":\"Noticias LLDLN\",\"item\":\"https:\\\/\\\/www.entreculturas.org\\\/fr\\\/noticias-la-luz-de-las-ninas\\\/\"},{\"@type\":\"ListItem\",\"position\":3,\"name\":\"Chad: Sanar a trav\u00e9s del slam poetry\"}]},{\"@type\":\"WebSite\",\"@id\":\"https:\\\/\\\/www.entreculturas.org\\\/fr\\\/#website\",\"url\":\"https:\\\/\\\/www.entreculturas.org\\\/fr\\\/\",\"name\":\"Entreculturas\",\"description\":\"\",\"publisher\":{\"@id\":\"https:\\\/\\\/www.entreculturas.org\\\/fr\\\/#organization\"},\"alternateName\":\"Entreculturas\",\"potentialAction\":[{\"@type\":\"SearchAction\",\"target\":{\"@type\":\"EntryPoint\",\"urlTemplate\":\"https:\\\/\\\/www.entreculturas.org\\\/fr\\\/?s={search_term_string}\"},\"query-input\":{\"@type\":\"PropertyValueSpecification\",\"valueRequired\":true,\"valueName\":\"search_term_string\"}}],\"inLanguage\":\"fr-FR\"},{\"@type\":\"Organization\",\"@id\":\"https:\\\/\\\/www.entreculturas.org\\\/fr\\\/#organization\",\"name\":\"Entreculturas\",\"url\":\"https:\\\/\\\/www.entreculturas.org\\\/fr\\\/\",\"logo\":{\"@type\":\"ImageObject\",\"inLanguage\":\"fr-FR\",\"@id\":\"https:\\\/\\\/www.entreculturas.org\\\/fr\\\/#\\\/schema\\\/logo\\\/image\\\/\",\"url\":\"https:\\\/\\\/www.entreculturas.org\\\/wp-content\\\/uploads\\\/2025\\\/10\\\/ESP.svg\",\"contentUrl\":\"https:\\\/\\\/www.entreculturas.org\\\/wp-content\\\/uploads\\\/2025\\\/10\\\/ESP.svg\",\"caption\":\"Entreculturas\"},\"image\":{\"@id\":\"https:\\\/\\\/www.entreculturas.org\\\/fr\\\/#\\\/schema\\\/logo\\\/image\\\/\"},\"sameAs\":[\"https:\\\/\\\/www.facebook.com\\\/entreculturas\",\"https:\\\/\\\/x.com\\\/Entreculturas\",\"https:\\\/\\\/www.instagram.com\\\/entreculturas\\\/\",\"https:\\\/\\\/www.youtube.com\\\/user\\\/entreculturasvideo\",\"https:\\\/\\\/www.linkedin.com\\\/company\\\/fundacion-entreculturas-ngdo\\\/\",\"https:\\\/\\\/www.flickr.com\\\/photos\\\/98455522@N04\\\/albums\\\/\"]}]}<\/script>\n<!-- \/ Yoast SEO Premium plugin. -->","yoast_head_json":{"title":"Chad: Sanar a trav\u00e9s del slam poetry - Entreculturas","robots":{"index":"index","follow":"follow","max-snippet":"max-snippet:-1","max-image-preview":"max-image-preview:large","max-video-preview":"max-video-preview:-1"},"canonical":"https:\/\/www.entreculturas.org\/fr\/la-luz-de-las-ninas\/noticia\/campeona-nacional-de-slam-poetry-en-chad-colabora-con-la-campana-la-luz-de-las-ninas\/","og_locale":"fr_FR","og_type":"article","og_title":"Chad: Sanar a trav\u00e9s del slam poetry","og_description":"\u00ab\u00a0\u00bfEs culpa m\u00eda ser una ni\u00f1a? El odio y la tristeza me invaden\u2026 Para mi coraz\u00f3n no hay protecci\u00f3n y mi alma est\u00e1 sumida en un inmenso terror. Soy una v\u00edctima de violaci\u00f3n en mi entorno existencial, una v\u00edctima de acoso y explotaci\u00f3n sexual\u201d. Este es uno de los primeros versos que Triciana escribi\u00f3 en su adolescencia sin saber que, alg\u00fan d\u00eda, se convertir\u00eda en la campeona nacional chadiana de slam poetry, un tipo de poes\u00eda oral y de improvisaci\u00f3n con un fuerte componente reivindicativo en \u00c1frica del oeste. Triciana asegura que el slam la ha salvado y, ahora, ella quiere apoyar a las ni\u00f1as para que puedan vivir una infancia libre de miedos. A trav\u00e9s de La LUZ de las NI\u00d1AS, la artista ha acompa\u00f1ado a las ni\u00f1as refugiadas del Lago Chad durante una serie de talleres, para que puedan nombrar la violencia que viven y expresar sus emociones [&hellip;]","og_url":"https:\/\/www.entreculturas.org\/fr\/la-luz-de-las-ninas\/noticia\/campeona-nacional-de-slam-poetry-en-chad-colabora-con-la-campana-la-luz-de-las-ninas\/","og_site_name":"Entreculturas","article_publisher":"https:\/\/www.facebook.com\/entreculturas","article_modified_time":"2024-09-20T07:53:05+00:00","og_image":[{"width":1600,"height":900,"url":"https:\/\/www.entreculturas.org\/wp-content\/uploads\/2024\/01\/WhatsApp-Image-2023-09-29-at-14.05.10-1.jpeg","type":"image\/jpeg"}],"twitter_card":"summary_large_image","twitter_site":"@Entreculturas","schema":{"@context":"https:\/\/schema.org","@graph":[{"@type":"WebPage","@id":"https:\/\/www.entreculturas.org\/fr\/la-luz-de-las-ninas\/noticia\/campeona-nacional-de-slam-poetry-en-chad-colabora-con-la-campana-la-luz-de-las-ninas\/","url":"https:\/\/www.entreculturas.org\/fr\/la-luz-de-las-ninas\/noticia\/campeona-nacional-de-slam-poetry-en-chad-colabora-con-la-campana-la-luz-de-las-ninas\/","name":"Chad: Sanar a trav\u00e9s del slam poetry - Entreculturas","isPartOf":{"@id":"https:\/\/www.entreculturas.org\/fr\/#website"},"primaryImageOfPage":{"@id":"https:\/\/www.entreculturas.org\/fr\/la-luz-de-las-ninas\/noticia\/campeona-nacional-de-slam-poetry-en-chad-colabora-con-la-campana-la-luz-de-las-ninas\/#primaryimage"},"image":{"@id":"https:\/\/www.entreculturas.org\/fr\/la-luz-de-las-ninas\/noticia\/campeona-nacional-de-slam-poetry-en-chad-colabora-con-la-campana-la-luz-de-las-ninas\/#primaryimage"},"thumbnailUrl":"https:\/\/www.entreculturas.org\/wp-content\/uploads\/2024\/01\/WhatsApp-Image-2023-09-29-at-14.05.10-1.jpeg","datePublished":"2024-01-31T09:48:35+00:00","dateModified":"2024-09-20T07:53:05+00:00","breadcrumb":{"@id":"https:\/\/www.entreculturas.org\/fr\/la-luz-de-las-ninas\/noticia\/campeona-nacional-de-slam-poetry-en-chad-colabora-con-la-campana-la-luz-de-las-ninas\/#breadcrumb"},"inLanguage":"fr-FR","potentialAction":[{"@type":"ReadAction","target":["https:\/\/www.entreculturas.org\/fr\/la-luz-de-las-ninas\/noticia\/campeona-nacional-de-slam-poetry-en-chad-colabora-con-la-campana-la-luz-de-las-ninas\/"]}]},{"@type":"ImageObject","inLanguage":"fr-FR","@id":"https:\/\/www.entreculturas.org\/fr\/la-luz-de-las-ninas\/noticia\/campeona-nacional-de-slam-poetry-en-chad-colabora-con-la-campana-la-luz-de-las-ninas\/#primaryimage","url":"https:\/\/www.entreculturas.org\/wp-content\/uploads\/2024\/01\/WhatsApp-Image-2023-09-29-at-14.05.10-1.jpeg","contentUrl":"https:\/\/www.entreculturas.org\/wp-content\/uploads\/2024\/01\/WhatsApp-Image-2023-09-29-at-14.05.10-1.jpeg","width":1600,"height":900,"caption":"Natalia Sep\u00falveda\/JRS"},{"@type":"BreadcrumbList","@id":"https:\/\/www.entreculturas.org\/fr\/la-luz-de-las-ninas\/noticia\/campeona-nacional-de-slam-poetry-en-chad-colabora-con-la-campana-la-luz-de-las-ninas\/#breadcrumb","itemListElement":[{"@type":"ListItem","position":1,"name":"Home","item":"https:\/\/www.entreculturas.org\/fr\/"},{"@type":"ListItem","position":2,"name":"Noticias LLDLN","item":"https:\/\/www.entreculturas.org\/fr\/noticias-la-luz-de-las-ninas\/"},{"@type":"ListItem","position":3,"name":"Chad: Sanar a trav\u00e9s del slam poetry"}]},{"@type":"WebSite","@id":"https:\/\/www.entreculturas.org\/fr\/#website","url":"https:\/\/www.entreculturas.org\/fr\/","name":"Entreculturas","description":"","publisher":{"@id":"https:\/\/www.entreculturas.org\/fr\/#organization"},"alternateName":"Entreculturas","potentialAction":[{"@type":"SearchAction","target":{"@type":"EntryPoint","urlTemplate":"https:\/\/www.entreculturas.org\/fr\/?s={search_term_string}"},"query-input":{"@type":"PropertyValueSpecification","valueRequired":true,"valueName":"search_term_string"}}],"inLanguage":"fr-FR"},{"@type":"Organization","@id":"https:\/\/www.entreculturas.org\/fr\/#organization","name":"Entreculturas","url":"https:\/\/www.entreculturas.org\/fr\/","logo":{"@type":"ImageObject","inLanguage":"fr-FR","@id":"https:\/\/www.entreculturas.org\/fr\/#\/schema\/logo\/image\/","url":"https:\/\/www.entreculturas.org\/wp-content\/uploads\/2025\/10\/ESP.svg","contentUrl":"https:\/\/www.entreculturas.org\/wp-content\/uploads\/2025\/10\/ESP.svg","caption":"Entreculturas"},"image":{"@id":"https:\/\/www.entreculturas.org\/fr\/#\/schema\/logo\/image\/"},"sameAs":["https:\/\/www.facebook.com\/entreculturas","https:\/\/x.com\/Entreculturas","https:\/\/www.instagram.com\/entreculturas\/","https:\/\/www.youtube.com\/user\/entreculturasvideo","https:\/\/www.linkedin.com\/company\/fundacion-entreculturas-ngdo\/","https:\/\/www.flickr.com\/photos\/98455522@N04\/albums\/"]}]}},"_links":{"self":[{"href":"https:\/\/www.entreculturas.org\/fr\/wp-json\/wp\/v2\/xxx\/932","targetHints":{"allow":["GET"]}}],"collection":[{"href":"https:\/\/www.entreculturas.org\/fr\/wp-json\/wp\/v2\/xxx"}],"about":[{"href":"https:\/\/www.entreculturas.org\/fr\/wp-json\/wp\/v2\/types\/xxx"}],"wp:featuredmedia":[{"embeddable":true,"href":"https:\/\/www.entreculturas.org\/fr\/wp-json\/wp\/v2\/media\/935"}],"wp:attachment":[{"href":"https:\/\/www.entreculturas.org\/fr\/wp-json\/wp\/v2\/media?parent=932"}],"wp:term":[{"taxonomy":"category","embeddable":true,"href":"https:\/\/www.entreculturas.org\/fr\/wp-json\/wp\/v2\/categories?post=932"},{"taxonomy":"post_tag","embeddable":true,"href":"https:\/\/www.entreculturas.org\/fr\/wp-json\/wp\/v2\/tags?post=932"}],"curies":[{"name":"wp","href":"https:\/\/api.w.org\/{rel}","templated":true}]}}