{"id":885,"date":"2023-07-12T13:22:13","date_gmt":"2023-07-12T11:22:13","guid":{"rendered":"https:\/\/www.entreculturas.org\/?post_type=xxx&#038;p=885"},"modified":"2024-09-20T09:47:53","modified_gmt":"2024-09-20T07:47:53","slug":"chad-la-comunidad-de-fourkoulum-unida-contra-la-violencia-contra-las-ninas","status":"publish","type":"xxx","link":"https:\/\/www.entreculturas.org\/fr\/la-luz-de-las-ninas\/noticia\/chad-la-comunidad-de-fourkoulum-unida-contra-la-violencia-contra-las-ninas\/","title":{"rendered":"Chad: La comunidad de Fourkoulum unida contra la violencia contra las ni\u00f1as"},"content":{"rendered":"<p>Dos grandes altavoces con m\u00fasica avisan a la comunidad de Fourkoulom que comienza la sensibilizaci\u00f3n de prevenci\u00f3n contra la violencia de g\u00e9nero organizada por JRS y La Luz de las ni\u00f1as. Poco a poco, gente de todas las edades va llegando: ni\u00f1os\/as, padres y abuelos\/as se sientan juntos en grandes alfombras y da comienzo el encuentro.<\/p>\n<p>La encargada de guiar la sesi\u00f3n es Djinane Mahamat Ahmat, una joven de 17 a\u00f1os, perteneciente al club de las Ni\u00f1as; un espacio que promovemos donde las chicas pueden expresar libremente sus preocupaciones y dudas sobre la menstruaci\u00f3n, la prevenci\u00f3n del embarazo precoz y la violencia sexual. Djinane asegura que si es capaz de guiar las sesiones es gracias al apoyo de las dem\u00e1s chicas del club. \u201cParticipar me ha cambiado por completo. Ahora soy capaz de expresarme libremente con mi padre y mi madre, incluso hablo a grandes audiencias y a los l\u00edderes comunitarios durante las sensibilizaciones. Estoy muy orgullosa de m\u00ed misma. Antes no pod\u00eda mirar a los ojos de la gente al hablar. Es gracias al club que soy capaz de esto; ha mejorado mi autoestima\u201d, cuenta ilusionada Djinane.<\/p>\n<p>Durante la sesi\u00f3n, uno de los temas que m\u00e1s se repiti\u00f3 fue la prevenci\u00f3n de los matrimonios forzosos, una de las grandes preocupaciones de toda la comunidad. Una pr\u00e1ctica lamentablemente muy frecuente en Chad y los pa\u00edses de la regi\u00f3n de \u00c1frica del Oeste. Seg\u00fan un estudio realizado por UNFPA (el organismo de las Naciones Unidas encargado de la salud sexual y reproductiva), en el pa\u00eds saheliano el 68% de las ni\u00f1as son casadas antes de cumplir 18 a\u00f1os, de las cuales el 25% tiene tan solo 15 a\u00f1os.<\/p>\n<p><img decoding=\"async\" class=\"alignnone wp-image-887 size-full\" src=\"https:\/\/www.entreculturas.org\/wp-content\/uploads\/2023\/07\/6.-Madre.-LDN.-sensibilizacion-comunitaria.-Fourfouloum.-Chad.-Credits-Natalia-Sepulveda.jpg\" alt=\"\" width=\"1024\" height=\"576\" srcset=\"https:\/\/www.entreculturas.org\/wp-content\/uploads\/2023\/07\/6.-Madre.-LDN.-sensibilizacion-comunitaria.-Fourfouloum.-Chad.-Credits-Natalia-Sepulveda.jpg 1024w, https:\/\/www.entreculturas.org\/wp-content\/uploads\/2023\/07\/6.-Madre.-LDN.-sensibilizacion-comunitaria.-Fourfouloum.-Chad.-Credits-Natalia-Sepulveda-300x169.jpg 300w, https:\/\/www.entreculturas.org\/wp-content\/uploads\/2023\/07\/6.-Madre.-LDN.-sensibilizacion-comunitaria.-Fourfouloum.-Chad.-Credits-Natalia-Sepulveda-768x432.jpg 768w\" sizes=\"(max-width: 1024px) 100vw, 1024px\" \/><em>Madres de las ni\u00f1as de la comunidad participando en la sensibilizaci\u00f3n<\/em><\/p>\n<p>Bukoi Libiane, l\u00edder comunitario, toma la palabra para reflexionar: \u201cA los hombres desde peque\u00f1os nos han ense\u00f1ado que ten\u00edamos que buscar un marido para nuestras hijas desde que tengan su primera regla, y es gracias a estos espacios de di\u00e1logo que muchos hombres estamos comprendiendo las graves consecuencias que esto tiene en el desarrollo de las ni\u00f1as y en su salud mental y f\u00edsica\u00a0\u00bb.<\/p>\n<p>Djinane asiente. No son pocas sus amigas que abandonaron la escuela por este motivo; a una de ellas la casaron al cumplir 14 a\u00f1os con un anciano. Ahora tiene 17 a\u00f1os y 2 hijos. \u201cMe da much\u00edsima tristeza porque yo sigo yendo a clase mientras ella est\u00e1 en casa cuidando de su familia. He hablado mucho con ella para que se divorcie, pero no puede porque los padres le obligan a estar con \u00e9l\u201d. Los embarazos en ni\u00f1as son de un riesgo alt\u00edsimo. \u00ab\u00a0Mi amiga est\u00e1 muy enferma, tiene una f\u00edstula obst\u00e9trica. Ella dice que est\u00e1 bien que pensemos en ella pero que no podemos entenderla porque no estamos en su situaci\u00f3n\u201d, se lamenta. La f\u00edstula obst\u00e9trica es una grave lesi\u00f3n que puede ocurrir durante el parto por no recibir un tratamiento m\u00e9dico de calidad. Puede derivar en afecciones m\u00e9dicas cr\u00f3nicas, aislamiento social y en el agravamiento de la pobreza.<\/p>\n<p>Otro de los temas que trataron fue la prevenci\u00f3n de las agresiones sexuales y el protocolo a seguir cuando se da un caso. \u201cEn las reuniones del Club de las ni\u00f1as muchas chicas nos cuentan que cuando van al mercado hay hombres que les ofrecen caramelos. Como sus madres no les dan dinero para comprar dulces, ellas los aceptan. As\u00ed hasta que un d\u00eda las enga\u00f1an para violarlas\u201d. Djinane asegura que estos casos son muy frecuentes en la comunidad.<\/p>\n<p>Fatima Zara Ma\u00ef, otra ni\u00f1a perteneciente al club levanta la mano para contar la experiencia de su amiga, que un d\u00eda fue a jugar a casa de otra ni\u00f1a y el hermano mayor la viol\u00f3, dej\u00e1ndola embarazada. \u201cLas ni\u00f1as embarazadas pueden ponerse muy enfermas. Una ni\u00f1a no tiene la capacidad de criar a un hijo. La \u00fanica manera de acabar con la violencia es seguir sensibilizando a todo el mundo. Solo gracias a la educaci\u00f3n nuestro pa\u00eds puede evolucionar\u00a0\u00bb, exclama Fatima. \u201cTenemos que seguir juntas en paz, trabajando para acabar con las violencias\u201d.<\/p>\n<p>\u201cSi una ni\u00f1a viene y nos cuenta que acaba de sufrir una agresi\u00f3n sexual, \u00bfcu\u00e1l es el protocolo a seguir?\u201d, concluye Djinane para asegurarse que todo el mundo haya comprendido el mensaje. Decenas de manos levantadas; un ni\u00f1o coge el micr\u00f3fono y responde: \u201cLo primero es asegurarnos de que la ni\u00f1a est\u00e1 bien, despu\u00e9s, comunicarlo inmediatamente a JRS y a las autoridades para que tomen acci\u00f3n\u00a0\u00bb, concluye con un aplauso de toda la comunidad.<\/p>\n<p>La jornada acab\u00f3 con un concurso de preguntas sobre los temas tratados en la sensibilizaci\u00f3n y un gran baile. En Fourkoulom, toda la comunidad est\u00e1 tomando conciencia y acci\u00f3n para erradicar las pr\u00e1cticas nocivas contra las ni\u00f1as para que su luz e inocencia no dejen de brillar y puedan ser eso: ni\u00f1a.<\/p>\n<p>&nbsp;<\/p>\n","protected":false},"excerpt":{"rendered":"<p>Dos grandes altavoces con m\u00fasica avisan a la comunidad de Fourkoulom que comienza la sensibilizaci\u00f3n de prevenci\u00f3n contra la violencia de g\u00e9nero organizada por JRS y La Luz de las ni\u00f1as. Poco a poco, gente de todas las edades va llegando: ni\u00f1os\/as, padres y abuelos\/as se sientan juntos en grandes alfombras y da comienzo el encuentro. La encargada de guiar la sesi\u00f3n es Djinane Mahamat Ahmat, una joven de 17 a\u00f1os, perteneciente al club de las Ni\u00f1as; un espacio que promovemos donde las chicas pueden expresar libremente sus preocupaciones y dudas sobre la menstruaci\u00f3n, la prevenci\u00f3n del embarazo precoz y la violencia sexual. Djinane asegura que si es capaz de guiar las sesiones es gracias al apoyo de las dem\u00e1s chicas del club. \u201cParticipar me ha cambiado por completo. Ahora soy capaz de expresarme libremente con mi padre y mi madre, incluso hablo a grandes audiencias y a los l\u00edderes [&hellip;]<\/p>\n","protected":false},"featured_media":886,"template":"wp-custom-template-noticias-la-luz-de-las-ninas-2","meta":{"_acf_changed":false},"categories":[7],"tags":[],"class_list":["post-885","xxx","type-xxx","status-publish","has-post-thumbnail","hentry","category-noticia"],"acf":[],"yoast_head":"<!-- This site is optimized with the Yoast SEO Premium plugin v21.6 (Yoast SEO v27.5) - https:\/\/yoast.com\/product\/yoast-seo-premium-wordpress\/ -->\n<title>Chad: La comunidad de Fourkoulum unida contra la violencia contra las ni\u00f1as - Entreculturas<\/title>\n<meta name=\"robots\" content=\"index, follow, max-snippet:-1, max-image-preview:large, max-video-preview:-1\" \/>\n<link rel=\"canonical\" href=\"https:\/\/www.entreculturas.org\/fr\/la-luz-de-las-ninas\/noticia\/chad-la-comunidad-de-fourkoulum-unida-contra-la-violencia-contra-las-ninas\/\" \/>\n<meta property=\"og:locale\" content=\"fr_FR\" \/>\n<meta property=\"og:type\" content=\"article\" \/>\n<meta property=\"og:title\" content=\"Chad: La comunidad de Fourkoulum unida contra la violencia contra las ni\u00f1as\" \/>\n<meta property=\"og:description\" content=\"Dos grandes altavoces con m\u00fasica avisan a la comunidad de Fourkoulom que comienza la sensibilizaci\u00f3n de prevenci\u00f3n contra la violencia de g\u00e9nero organizada por JRS y La Luz de las ni\u00f1as. Poco a poco, gente de todas las edades va llegando: ni\u00f1os\/as, padres y abuelos\/as se sientan juntos en grandes alfombras y da comienzo el encuentro. La encargada de guiar la sesi\u00f3n es Djinane Mahamat Ahmat, una joven de 17 a\u00f1os, perteneciente al club de las Ni\u00f1as; un espacio que promovemos donde las chicas pueden expresar libremente sus preocupaciones y dudas sobre la menstruaci\u00f3n, la prevenci\u00f3n del embarazo precoz y la violencia sexual. Djinane asegura que si es capaz de guiar las sesiones es gracias al apoyo de las dem\u00e1s chicas del club. \u201cParticipar me ha cambiado por completo. Ahora soy capaz de expresarme libremente con mi padre y mi madre, incluso hablo a grandes audiencias y a los l\u00edderes [&hellip;]\" \/>\n<meta property=\"og:url\" content=\"https:\/\/www.entreculturas.org\/fr\/la-luz-de-las-ninas\/noticia\/chad-la-comunidad-de-fourkoulum-unida-contra-la-violencia-contra-las-ninas\/\" \/>\n<meta property=\"og:site_name\" content=\"Entreculturas\" \/>\n<meta property=\"article:publisher\" content=\"https:\/\/www.facebook.com\/entreculturas\" \/>\n<meta property=\"article:modified_time\" content=\"2024-09-20T07:47:53+00:00\" \/>\n<meta property=\"og:image\" content=\"https:\/\/www.entreculturas.org\/wp-content\/uploads\/2023\/07\/e318289b-73a0-4a7a-8eed-86fee0c6a3d6-retocada.jpg\" \/>\n\t<meta property=\"og:image:width\" content=\"1440\" \/>\n\t<meta property=\"og:image:height\" content=\"810\" \/>\n\t<meta property=\"og:image:type\" content=\"image\/jpeg\" \/>\n<meta name=\"twitter:card\" content=\"summary_large_image\" \/>\n<meta name=\"twitter:site\" content=\"@Entreculturas\" \/>\n<script type=\"application\/ld+json\" class=\"yoast-schema-graph\">{\"@context\":\"https:\\\/\\\/schema.org\",\"@graph\":[{\"@type\":\"WebPage\",\"@id\":\"https:\\\/\\\/www.entreculturas.org\\\/fr\\\/la-luz-de-las-ninas\\\/noticia\\\/chad-la-comunidad-de-fourkoulum-unida-contra-la-violencia-contra-las-ninas\\\/\",\"url\":\"https:\\\/\\\/www.entreculturas.org\\\/fr\\\/la-luz-de-las-ninas\\\/noticia\\\/chad-la-comunidad-de-fourkoulum-unida-contra-la-violencia-contra-las-ninas\\\/\",\"name\":\"Chad: La comunidad de Fourkoulum unida contra la violencia contra las ni\u00f1as - Entreculturas\",\"isPartOf\":{\"@id\":\"https:\\\/\\\/www.entreculturas.org\\\/fr\\\/#website\"},\"primaryImageOfPage\":{\"@id\":\"https:\\\/\\\/www.entreculturas.org\\\/fr\\\/la-luz-de-las-ninas\\\/noticia\\\/chad-la-comunidad-de-fourkoulum-unida-contra-la-violencia-contra-las-ninas\\\/#primaryimage\"},\"image\":{\"@id\":\"https:\\\/\\\/www.entreculturas.org\\\/fr\\\/la-luz-de-las-ninas\\\/noticia\\\/chad-la-comunidad-de-fourkoulum-unida-contra-la-violencia-contra-las-ninas\\\/#primaryimage\"},\"thumbnailUrl\":\"https:\\\/\\\/www.entreculturas.org\\\/wp-content\\\/uploads\\\/2023\\\/07\\\/e318289b-73a0-4a7a-8eed-86fee0c6a3d6-retocada.jpg\",\"datePublished\":\"2023-07-12T11:22:13+00:00\",\"dateModified\":\"2024-09-20T07:47:53+00:00\",\"breadcrumb\":{\"@id\":\"https:\\\/\\\/www.entreculturas.org\\\/fr\\\/la-luz-de-las-ninas\\\/noticia\\\/chad-la-comunidad-de-fourkoulum-unida-contra-la-violencia-contra-las-ninas\\\/#breadcrumb\"},\"inLanguage\":\"fr-FR\",\"potentialAction\":[{\"@type\":\"ReadAction\",\"target\":[\"https:\\\/\\\/www.entreculturas.org\\\/fr\\\/la-luz-de-las-ninas\\\/noticia\\\/chad-la-comunidad-de-fourkoulum-unida-contra-la-violencia-contra-las-ninas\\\/\"]}]},{\"@type\":\"ImageObject\",\"inLanguage\":\"fr-FR\",\"@id\":\"https:\\\/\\\/www.entreculturas.org\\\/fr\\\/la-luz-de-las-ninas\\\/noticia\\\/chad-la-comunidad-de-fourkoulum-unida-contra-la-violencia-contra-las-ninas\\\/#primaryimage\",\"url\":\"https:\\\/\\\/www.entreculturas.org\\\/wp-content\\\/uploads\\\/2023\\\/07\\\/e318289b-73a0-4a7a-8eed-86fee0c6a3d6-retocada.jpg\",\"contentUrl\":\"https:\\\/\\\/www.entreculturas.org\\\/wp-content\\\/uploads\\\/2023\\\/07\\\/e318289b-73a0-4a7a-8eed-86fee0c6a3d6-retocada.jpg\",\"width\":1440,\"height\":810},{\"@type\":\"BreadcrumbList\",\"@id\":\"https:\\\/\\\/www.entreculturas.org\\\/fr\\\/la-luz-de-las-ninas\\\/noticia\\\/chad-la-comunidad-de-fourkoulum-unida-contra-la-violencia-contra-las-ninas\\\/#breadcrumb\",\"itemListElement\":[{\"@type\":\"ListItem\",\"position\":1,\"name\":\"Home\",\"item\":\"https:\\\/\\\/www.entreculturas.org\\\/fr\\\/\"},{\"@type\":\"ListItem\",\"position\":2,\"name\":\"Noticias LLDLN\",\"item\":\"https:\\\/\\\/www.entreculturas.org\\\/fr\\\/noticias-la-luz-de-las-ninas\\\/\"},{\"@type\":\"ListItem\",\"position\":3,\"name\":\"Chad: La comunidad de Fourkoulum unida contra la violencia contra las ni\u00f1as\"}]},{\"@type\":\"WebSite\",\"@id\":\"https:\\\/\\\/www.entreculturas.org\\\/fr\\\/#website\",\"url\":\"https:\\\/\\\/www.entreculturas.org\\\/fr\\\/\",\"name\":\"Entreculturas\",\"description\":\"\",\"publisher\":{\"@id\":\"https:\\\/\\\/www.entreculturas.org\\\/fr\\\/#organization\"},\"alternateName\":\"Entreculturas\",\"potentialAction\":[{\"@type\":\"SearchAction\",\"target\":{\"@type\":\"EntryPoint\",\"urlTemplate\":\"https:\\\/\\\/www.entreculturas.org\\\/fr\\\/?s={search_term_string}\"},\"query-input\":{\"@type\":\"PropertyValueSpecification\",\"valueRequired\":true,\"valueName\":\"search_term_string\"}}],\"inLanguage\":\"fr-FR\"},{\"@type\":\"Organization\",\"@id\":\"https:\\\/\\\/www.entreculturas.org\\\/fr\\\/#organization\",\"name\":\"Entreculturas\",\"url\":\"https:\\\/\\\/www.entreculturas.org\\\/fr\\\/\",\"logo\":{\"@type\":\"ImageObject\",\"inLanguage\":\"fr-FR\",\"@id\":\"https:\\\/\\\/www.entreculturas.org\\\/fr\\\/#\\\/schema\\\/logo\\\/image\\\/\",\"url\":\"https:\\\/\\\/www.entreculturas.org\\\/wp-content\\\/uploads\\\/2025\\\/10\\\/ESP.svg\",\"contentUrl\":\"https:\\\/\\\/www.entreculturas.org\\\/wp-content\\\/uploads\\\/2025\\\/10\\\/ESP.svg\",\"caption\":\"Entreculturas\"},\"image\":{\"@id\":\"https:\\\/\\\/www.entreculturas.org\\\/fr\\\/#\\\/schema\\\/logo\\\/image\\\/\"},\"sameAs\":[\"https:\\\/\\\/www.facebook.com\\\/entreculturas\",\"https:\\\/\\\/x.com\\\/Entreculturas\",\"https:\\\/\\\/www.instagram.com\\\/entreculturas\\\/\",\"https:\\\/\\\/www.youtube.com\\\/user\\\/entreculturasvideo\",\"https:\\\/\\\/www.linkedin.com\\\/company\\\/fundacion-entreculturas-ngdo\\\/\",\"https:\\\/\\\/www.flickr.com\\\/photos\\\/98455522@N04\\\/albums\\\/\"]}]}<\/script>\n<!-- \/ Yoast SEO Premium plugin. -->","yoast_head_json":{"title":"Chad: La comunidad de Fourkoulum unida contra la violencia contra las ni\u00f1as - Entreculturas","robots":{"index":"index","follow":"follow","max-snippet":"max-snippet:-1","max-image-preview":"max-image-preview:large","max-video-preview":"max-video-preview:-1"},"canonical":"https:\/\/www.entreculturas.org\/fr\/la-luz-de-las-ninas\/noticia\/chad-la-comunidad-de-fourkoulum-unida-contra-la-violencia-contra-las-ninas\/","og_locale":"fr_FR","og_type":"article","og_title":"Chad: La comunidad de Fourkoulum unida contra la violencia contra las ni\u00f1as","og_description":"Dos grandes altavoces con m\u00fasica avisan a la comunidad de Fourkoulom que comienza la sensibilizaci\u00f3n de prevenci\u00f3n contra la violencia de g\u00e9nero organizada por JRS y La Luz de las ni\u00f1as. Poco a poco, gente de todas las edades va llegando: ni\u00f1os\/as, padres y abuelos\/as se sientan juntos en grandes alfombras y da comienzo el encuentro. La encargada de guiar la sesi\u00f3n es Djinane Mahamat Ahmat, una joven de 17 a\u00f1os, perteneciente al club de las Ni\u00f1as; un espacio que promovemos donde las chicas pueden expresar libremente sus preocupaciones y dudas sobre la menstruaci\u00f3n, la prevenci\u00f3n del embarazo precoz y la violencia sexual. Djinane asegura que si es capaz de guiar las sesiones es gracias al apoyo de las dem\u00e1s chicas del club. \u201cParticipar me ha cambiado por completo. Ahora soy capaz de expresarme libremente con mi padre y mi madre, incluso hablo a grandes audiencias y a los l\u00edderes [&hellip;]","og_url":"https:\/\/www.entreculturas.org\/fr\/la-luz-de-las-ninas\/noticia\/chad-la-comunidad-de-fourkoulum-unida-contra-la-violencia-contra-las-ninas\/","og_site_name":"Entreculturas","article_publisher":"https:\/\/www.facebook.com\/entreculturas","article_modified_time":"2024-09-20T07:47:53+00:00","og_image":[{"width":1440,"height":810,"url":"https:\/\/www.entreculturas.org\/wp-content\/uploads\/2023\/07\/e318289b-73a0-4a7a-8eed-86fee0c6a3d6-retocada.jpg","type":"image\/jpeg"}],"twitter_card":"summary_large_image","twitter_site":"@Entreculturas","schema":{"@context":"https:\/\/schema.org","@graph":[{"@type":"WebPage","@id":"https:\/\/www.entreculturas.org\/fr\/la-luz-de-las-ninas\/noticia\/chad-la-comunidad-de-fourkoulum-unida-contra-la-violencia-contra-las-ninas\/","url":"https:\/\/www.entreculturas.org\/fr\/la-luz-de-las-ninas\/noticia\/chad-la-comunidad-de-fourkoulum-unida-contra-la-violencia-contra-las-ninas\/","name":"Chad: La comunidad de Fourkoulum unida contra la violencia contra las ni\u00f1as - Entreculturas","isPartOf":{"@id":"https:\/\/www.entreculturas.org\/fr\/#website"},"primaryImageOfPage":{"@id":"https:\/\/www.entreculturas.org\/fr\/la-luz-de-las-ninas\/noticia\/chad-la-comunidad-de-fourkoulum-unida-contra-la-violencia-contra-las-ninas\/#primaryimage"},"image":{"@id":"https:\/\/www.entreculturas.org\/fr\/la-luz-de-las-ninas\/noticia\/chad-la-comunidad-de-fourkoulum-unida-contra-la-violencia-contra-las-ninas\/#primaryimage"},"thumbnailUrl":"https:\/\/www.entreculturas.org\/wp-content\/uploads\/2023\/07\/e318289b-73a0-4a7a-8eed-86fee0c6a3d6-retocada.jpg","datePublished":"2023-07-12T11:22:13+00:00","dateModified":"2024-09-20T07:47:53+00:00","breadcrumb":{"@id":"https:\/\/www.entreculturas.org\/fr\/la-luz-de-las-ninas\/noticia\/chad-la-comunidad-de-fourkoulum-unida-contra-la-violencia-contra-las-ninas\/#breadcrumb"},"inLanguage":"fr-FR","potentialAction":[{"@type":"ReadAction","target":["https:\/\/www.entreculturas.org\/fr\/la-luz-de-las-ninas\/noticia\/chad-la-comunidad-de-fourkoulum-unida-contra-la-violencia-contra-las-ninas\/"]}]},{"@type":"ImageObject","inLanguage":"fr-FR","@id":"https:\/\/www.entreculturas.org\/fr\/la-luz-de-las-ninas\/noticia\/chad-la-comunidad-de-fourkoulum-unida-contra-la-violencia-contra-las-ninas\/#primaryimage","url":"https:\/\/www.entreculturas.org\/wp-content\/uploads\/2023\/07\/e318289b-73a0-4a7a-8eed-86fee0c6a3d6-retocada.jpg","contentUrl":"https:\/\/www.entreculturas.org\/wp-content\/uploads\/2023\/07\/e318289b-73a0-4a7a-8eed-86fee0c6a3d6-retocada.jpg","width":1440,"height":810},{"@type":"BreadcrumbList","@id":"https:\/\/www.entreculturas.org\/fr\/la-luz-de-las-ninas\/noticia\/chad-la-comunidad-de-fourkoulum-unida-contra-la-violencia-contra-las-ninas\/#breadcrumb","itemListElement":[{"@type":"ListItem","position":1,"name":"Home","item":"https:\/\/www.entreculturas.org\/fr\/"},{"@type":"ListItem","position":2,"name":"Noticias LLDLN","item":"https:\/\/www.entreculturas.org\/fr\/noticias-la-luz-de-las-ninas\/"},{"@type":"ListItem","position":3,"name":"Chad: La comunidad de Fourkoulum unida contra la violencia contra las ni\u00f1as"}]},{"@type":"WebSite","@id":"https:\/\/www.entreculturas.org\/fr\/#website","url":"https:\/\/www.entreculturas.org\/fr\/","name":"Entreculturas","description":"","publisher":{"@id":"https:\/\/www.entreculturas.org\/fr\/#organization"},"alternateName":"Entreculturas","potentialAction":[{"@type":"SearchAction","target":{"@type":"EntryPoint","urlTemplate":"https:\/\/www.entreculturas.org\/fr\/?s={search_term_string}"},"query-input":{"@type":"PropertyValueSpecification","valueRequired":true,"valueName":"search_term_string"}}],"inLanguage":"fr-FR"},{"@type":"Organization","@id":"https:\/\/www.entreculturas.org\/fr\/#organization","name":"Entreculturas","url":"https:\/\/www.entreculturas.org\/fr\/","logo":{"@type":"ImageObject","inLanguage":"fr-FR","@id":"https:\/\/www.entreculturas.org\/fr\/#\/schema\/logo\/image\/","url":"https:\/\/www.entreculturas.org\/wp-content\/uploads\/2025\/10\/ESP.svg","contentUrl":"https:\/\/www.entreculturas.org\/wp-content\/uploads\/2025\/10\/ESP.svg","caption":"Entreculturas"},"image":{"@id":"https:\/\/www.entreculturas.org\/fr\/#\/schema\/logo\/image\/"},"sameAs":["https:\/\/www.facebook.com\/entreculturas","https:\/\/x.com\/Entreculturas","https:\/\/www.instagram.com\/entreculturas\/","https:\/\/www.youtube.com\/user\/entreculturasvideo","https:\/\/www.linkedin.com\/company\/fundacion-entreculturas-ngdo\/","https:\/\/www.flickr.com\/photos\/98455522@N04\/albums\/"]}]}},"_links":{"self":[{"href":"https:\/\/www.entreculturas.org\/fr\/wp-json\/wp\/v2\/xxx\/885","targetHints":{"allow":["GET"]}}],"collection":[{"href":"https:\/\/www.entreculturas.org\/fr\/wp-json\/wp\/v2\/xxx"}],"about":[{"href":"https:\/\/www.entreculturas.org\/fr\/wp-json\/wp\/v2\/types\/xxx"}],"wp:featuredmedia":[{"embeddable":true,"href":"https:\/\/www.entreculturas.org\/fr\/wp-json\/wp\/v2\/media\/886"}],"wp:attachment":[{"href":"https:\/\/www.entreculturas.org\/fr\/wp-json\/wp\/v2\/media?parent=885"}],"wp:term":[{"taxonomy":"category","embeddable":true,"href":"https:\/\/www.entreculturas.org\/fr\/wp-json\/wp\/v2\/categories?post=885"},{"taxonomy":"post_tag","embeddable":true,"href":"https:\/\/www.entreculturas.org\/fr\/wp-json\/wp\/v2\/tags?post=885"}],"curies":[{"name":"wp","href":"https:\/\/api.w.org\/{rel}","templated":true}]}}