{"id":854,"date":"2023-03-31T19:38:11","date_gmt":"2023-03-31T17:38:11","guid":{"rendered":"https:\/\/www.entreculturas.org\/?post_type=xxx&#038;p=854"},"modified":"2024-09-20T09:43:18","modified_gmt":"2024-09-20T07:43:18","slug":"la-relatora-especial-de-la-onu-sobre-la-violencia-contra-mujeres-y-ninas-se-ha-reunido-con-las-participantes-de-la-campana-la-luz-de-las-ninas","status":"publish","type":"xxx","link":"https:\/\/www.entreculturas.org\/fr\/la-luz-de-las-ninas\/noticia\/la-relatora-especial-de-la-onu-sobre-la-violencia-contra-mujeres-y-ninas-se-ha-reunido-con-las-participantes-de-la-campana-la-luz-de-las-ninas\/","title":{"rendered":"La Relatora Especial de la ONU sobre la violencia contra mujeres y ni\u00f1as se ha reunido con las participantes de la campa\u00f1a La LUZ de las NI\u00d1AS"},"content":{"rendered":"<p><b>Un grupo de ni\u00f1as de 8 pa\u00edses, participantes de la campa\u00f1a La LUZ de las NI\u00d1AS, se han reunido hoy con la Relatora Especial de Naciones Unidas sobre la violencia contra las mujeres y las ni\u00f1as, Reem Alsalem<\/b><span style=\"font-weight: 400;\">. Las ni\u00f1as exigen vivir Sanas y Salvas en un mundo que les niega sus derechos m\u00e1s b\u00e1sicos.\u00a0<\/span><\/p>\n<p><b>Reem Alsalem <\/b><span style=\"font-weight: 400;\">es consultora independiente sobre cuestiones de g\u00e9nero, derechos de las personas refugiadas y migrantes, justicia de transici\u00f3n y respuesta humanitaria y <\/span><b>ocupa el cargo de Relatora Especial de las Naciones Unidas desde agosto de 2021<\/b><span style=\"font-weight: 400;\">. Esta relator\u00eda es uno de los primeros mecanismos independientes de derechos humanos sobre la eliminaci\u00f3n de la violencia contra la mujer y fue un<\/span><b> importante avance del movimiento mundial en pro de sus derechos<\/b><span style=\"font-weight: 400;\">.<\/span><\/p>\n<p><span style=\"font-weight: 400;\">\u201cVivimos con una problem\u00e1tica que compartimos a nivel regional y mundial. Muchas de las muertes de ni\u00f1as y mujeres en Honduras quedaron en la impunidad y esto es alarmante\u201d, afirmaron Hellen y Zoe. \u201cEn el manifiesto global de 9 pa\u00edses nosotras solicitamos un sistema de protecci\u00f3n robusto para proteger a las ni\u00f1as\u201d.\u00a0<\/span><\/p>\n<p><span style=\"font-weight: 400;\">La relatora ha querido reunirse con las ni\u00f1as de<\/span><b> Guatemala, Per\u00fa, Chad, Nicaragua, Honduras, El Salvador, Sud\u00e1n del Sur y Kenia<\/b><span style=\"font-weight: 400;\"> participantes de la campa\u00f1a La LUZ de las NI\u00d1AS para agradecerles su trabajo y conocer de primera mano la situaci\u00f3n de violencia a la que, como ni\u00f1as, tienen que hacer frente, adem\u00e1s de recoger sus demandas y propuestas.<\/span><\/p>\n<p><b>\u201cUna mujer no empieza a ser discriminada desde el momento en el que es mujer\u201d, afirm\u00f3 la Relatora durante su discurso. <\/b><span style=\"font-weight: 400;\">\u201cMuchos de los problemas que tenemos y la discriminaci\u00f3n a la que nos enfrentamos empiezan desde muy chiquititas, porque en la sociedad hay normas y hay deficiencias legales que nos hacen la vida m\u00e1s dif\u00edcil por ser mujeres o ni\u00f1as\u201d.<\/span><\/p>\n<p><span style=\"font-weight: 400;\">En sus intervenciones durante el encuentro, las ni\u00f1as llamaron a los gobiernos a <\/span><b>trabajar para erradicar pr\u00e1cticas nocivas contra las ni\u00f1as<\/b><span style=\"font-weight: 400;\"> como la violencia de g\u00e9nero, el matrimonio infantil, temprano y forzado y la Mutilaci\u00f3n Genital Femenina. Adem\u00e1s, instaron a la relatora a trabajar para<\/span><b> garantizar un acceso a una educaci\u00f3n de calidad para todas las ni\u00f1as del mundo<\/b><span style=\"font-weight: 400;\">, un sistema de protecci\u00f3n robusto ante la violencia hacia las ni\u00f1as y protecci\u00f3n frente al trabajo infantil, entre otras peticiones.\u00a0<\/span><\/p>\n<p><b>\u201cQueremos hacer una petici\u00f3n al Gobierno y a la Comunidad Internacional para reducir estos tratos inhumanos a las ni\u00f1as en Sud\u00e1n del Sur.<\/b><span style=\"font-weight: 400;\"> Queremos estar capacitadas con habilidades para dirigir nuestras vidas, elegir nuestras relaciones, tener m\u00e1s autoestima y ser m\u00e1s asertivas\u201d, expres\u00f3 Clarisa desde Sud\u00e1n del Sur.<\/span><\/p>\n<p><span style=\"font-weight: 400;\">Desde el pasado mes de junio, <\/span><b>estas ni\u00f1as junto con otras 100,<\/b><span style=\"font-weight: 400;\"> aproximadamente, se <\/span><b>reunieron en varias sesiones, impulsadas por la campa\u00f1a global La LUZ de las NI\u00d1AS<\/b><span style=\"font-weight: 400;\">, para discutir sobre la situaci\u00f3n de violencia que sufren las ni\u00f1as en sus pa\u00edses, y alrededor del mundo, y abordar las posibles soluciones y peticiones para exigir que sus derechos sean respetados.\u00a0<\/span><\/p>\n<p><span style=\"font-weight: 400;\">Tras las sesiones de trabajo a nivel local, <\/span><b>las ni\u00f1as tuvieron la oportunidad de reunirse de forma virtual en un taller internacional,<\/b><span style=\"font-weight: 400;\"> donde pudieron tratar la problem\u00e1tica de la violencia, intercambiar ideas, opiniones y sue\u00f1os acerc\u00e1ndose a otras realidades y trabajando juntas para el cambio global. <\/span><b>El resultado de este taller fue un <\/b><a href=\"https:\/\/www.laluzdelasninas.org\/app\/uploads\/2022\/09\/Manifiesto_LDN_ES.pdf\"><b>manifiesto con 11 peticiones<\/b><\/a><span style=\"font-weight: 400;\">, construido de forma colaborativa por las propias ni\u00f1as, en el que exigen la protecci\u00f3n internacional efectiva de los Derechos de las Ni\u00f1as.\u00a0<\/span><\/p>\n<p><span style=\"font-weight: 400;\">\u201cTodas conocemos la violencia y las desigualdades que sufrimos y tambi\u00e9n las que hemos visto en otros pa\u00edses\u00bb afirm\u00f3 Lamaku, ni\u00f1a participante de Sud\u00e1n del Sur. \u00abLo que s\u00e9 es que l<\/span><b>as ni\u00f1as deber\u00edamos estar unidas y luchar juntas <\/b><span style=\"font-weight: 400;\">por nuestra propia supervivencia\u201d.<\/span><\/p>\n<p><span style=\"font-weight: 400;\">Unas exigencias que, lejos de ser papel mojado, <\/span><b>permitieron a las ni\u00f1as de todo el mundo llevar sus gritos de protesta a las calles y pasar a la acci\u00f3n<\/b><span style=\"font-weight: 400;\">. Las ni\u00f1as, junto a nuestras organizaciones socias, Fe y Alegr\u00eda y el Servicio Jesuita a Refugiados, presentaron este manifiesto ante diferentes instituciones p\u00fablicas y llevaron a cabo numerosos actos de incidencia.\u00a0<\/span><\/p>\n<p><span style=\"font-weight: 400;\">\u201cHa sido un camino que conlleva <\/span><b>muchos retos pero tambi\u00e9n muchas ilusiones<\/b><span style=\"font-weight: 400;\"> porque nos ha llevado a concretar los sue\u00f1os de muchas ni\u00f1as. Nos ha permitido generar <\/span><b>espacios de protecci\u00f3n y principalmente crear una conciencia sobre la realidad que viven las ni\u00f1a<\/b><span style=\"font-weight: 400;\">s en nuestros pa\u00edses\u201d, coment\u00f3 Sof\u00eda Guti\u00e9rrez, Responsable de Acci\u00f3n P\u00fablica en Fe y Alegr\u00eda Guatemala.<\/span><\/p>\n<p><span style=\"font-weight: 400;\">El de hoy ha sido un <\/span><b>momento hist\u00f3rico para La LUZ de las NI\u00d1AS<\/b><span style=\"font-weight: 400;\">, y, sobre todo, de <\/span><b>reconocimiento a la lucha de las ni\u00f1as del mundo<\/b><span style=\"font-weight: 400;\"> para que sus derechos sean respetados. Desde la campa\u00f1a, seguiremos trabajando para que, como afirm\u00f3 nuestra compa\u00f1era Macarena Romero del Departamento de Incidencia Pol\u00edtica de Entreculturas, \u201c se siga persiguiendo que cada pa\u00eds erradique la violencia de las pol\u00edticas p\u00fablicas y las instituciones para <\/span><b>garantizar una educaci\u00f3n de calidad y libre de violencia para las ni\u00f1as\u201d.<\/b><\/p>\n","protected":false},"excerpt":{"rendered":"<p>Un grupo de ni\u00f1as de 8 pa\u00edses, participantes de la campa\u00f1a La LUZ de las NI\u00d1AS, se han reunido hoy con la Relatora Especial de Naciones Unidas sobre la violencia contra las mujeres y las ni\u00f1as, Reem Alsalem. Las ni\u00f1as exigen vivir Sanas y Salvas en un mundo que les niega sus derechos m\u00e1s b\u00e1sicos.\u00a0 Reem Alsalem es consultora independiente sobre cuestiones de g\u00e9nero, derechos de las personas refugiadas y migrantes, justicia de transici\u00f3n y respuesta humanitaria y ocupa el cargo de Relatora Especial de las Naciones Unidas desde agosto de 2021. Esta relator\u00eda es uno de los primeros mecanismos independientes de derechos humanos sobre la eliminaci\u00f3n de la violencia contra la mujer y fue un importante avance del movimiento mundial en pro de sus derechos. \u201cVivimos con una problem\u00e1tica que compartimos a nivel regional y mundial. Muchas de las muertes de ni\u00f1as y mujeres en Honduras quedaron en la [&hellip;]<\/p>\n","protected":false},"featured_media":855,"template":"wp-custom-template-noticias-la-luz-de-las-ninas-2","meta":{"_acf_changed":false},"categories":[7],"tags":[],"class_list":["post-854","xxx","type-xxx","status-publish","has-post-thumbnail","hentry","category-noticia"],"acf":[],"yoast_head":"<!-- This site is optimized with the Yoast SEO Premium plugin v21.6 (Yoast SEO v27.5) - https:\/\/yoast.com\/product\/yoast-seo-premium-wordpress\/ -->\n<title>La Relatora Especial de la ONU sobre la violencia contra mujeres y ni\u00f1as se ha reunido con las participantes de la campa\u00f1a La LUZ de las NI\u00d1AS - Entreculturas<\/title>\n<meta name=\"robots\" content=\"index, follow, max-snippet:-1, max-image-preview:large, max-video-preview:-1\" \/>\n<link rel=\"canonical\" href=\"https:\/\/www.entreculturas.org\/fr\/la-luz-de-las-ninas\/noticia\/la-relatora-especial-de-la-onu-sobre-la-violencia-contra-mujeres-y-ninas-se-ha-reunido-con-las-participantes-de-la-campana-la-luz-de-las-ninas\/\" \/>\n<meta property=\"og:locale\" content=\"fr_FR\" \/>\n<meta property=\"og:type\" content=\"article\" \/>\n<meta property=\"og:title\" content=\"La Relatora Especial de la ONU sobre la violencia contra mujeres y ni\u00f1as se ha reunido con las participantes de la campa\u00f1a La LUZ de las NI\u00d1AS\" \/>\n<meta property=\"og:description\" content=\"Un grupo de ni\u00f1as de 8 pa\u00edses, participantes de la campa\u00f1a La LUZ de las NI\u00d1AS, se han reunido hoy con la Relatora Especial de Naciones Unidas sobre la violencia contra las mujeres y las ni\u00f1as, Reem Alsalem. Las ni\u00f1as exigen vivir Sanas y Salvas en un mundo que les niega sus derechos m\u00e1s b\u00e1sicos.\u00a0 Reem Alsalem es consultora independiente sobre cuestiones de g\u00e9nero, derechos de las personas refugiadas y migrantes, justicia de transici\u00f3n y respuesta humanitaria y ocupa el cargo de Relatora Especial de las Naciones Unidas desde agosto de 2021. Esta relator\u00eda es uno de los primeros mecanismos independientes de derechos humanos sobre la eliminaci\u00f3n de la violencia contra la mujer y fue un importante avance del movimiento mundial en pro de sus derechos. \u201cVivimos con una problem\u00e1tica que compartimos a nivel regional y mundial. Muchas de las muertes de ni\u00f1as y mujeres en Honduras quedaron en la [&hellip;]\" \/>\n<meta property=\"og:url\" content=\"https:\/\/www.entreculturas.org\/fr\/la-luz-de-las-ninas\/noticia\/la-relatora-especial-de-la-onu-sobre-la-violencia-contra-mujeres-y-ninas-se-ha-reunido-con-las-participantes-de-la-campana-la-luz-de-las-ninas\/\" \/>\n<meta property=\"og:site_name\" content=\"Entreculturas\" \/>\n<meta property=\"article:publisher\" content=\"https:\/\/www.facebook.com\/entreculturas\" \/>\n<meta property=\"article:modified_time\" content=\"2024-09-20T07:43:18+00:00\" \/>\n<meta property=\"og:image\" content=\"https:\/\/www.entreculturas.org\/wp-content\/uploads\/2023\/03\/Foto-mosaico-relatora-1024x737.png\" \/>\n\t<meta property=\"og:image:width\" content=\"1024\" \/>\n\t<meta property=\"og:image:height\" content=\"737\" \/>\n\t<meta property=\"og:image:type\" content=\"image\/png\" \/>\n<meta name=\"twitter:card\" content=\"summary_large_image\" \/>\n<meta name=\"twitter:site\" content=\"@Entreculturas\" \/>\n<script type=\"application\/ld+json\" class=\"yoast-schema-graph\">{\"@context\":\"https:\\\/\\\/schema.org\",\"@graph\":[{\"@type\":\"WebPage\",\"@id\":\"https:\\\/\\\/www.entreculturas.org\\\/fr\\\/la-luz-de-las-ninas\\\/noticia\\\/la-relatora-especial-de-la-onu-sobre-la-violencia-contra-mujeres-y-ninas-se-ha-reunido-con-las-participantes-de-la-campana-la-luz-de-las-ninas\\\/\",\"url\":\"https:\\\/\\\/www.entreculturas.org\\\/fr\\\/la-luz-de-las-ninas\\\/noticia\\\/la-relatora-especial-de-la-onu-sobre-la-violencia-contra-mujeres-y-ninas-se-ha-reunido-con-las-participantes-de-la-campana-la-luz-de-las-ninas\\\/\",\"name\":\"La Relatora Especial de la ONU sobre la violencia contra mujeres y ni\u00f1as se ha reunido con las participantes de la campa\u00f1a La LUZ de las NI\u00d1AS - Entreculturas\",\"isPartOf\":{\"@id\":\"https:\\\/\\\/www.entreculturas.org\\\/fr\\\/#website\"},\"primaryImageOfPage\":{\"@id\":\"https:\\\/\\\/www.entreculturas.org\\\/fr\\\/la-luz-de-las-ninas\\\/noticia\\\/la-relatora-especial-de-la-onu-sobre-la-violencia-contra-mujeres-y-ninas-se-ha-reunido-con-las-participantes-de-la-campana-la-luz-de-las-ninas\\\/#primaryimage\"},\"image\":{\"@id\":\"https:\\\/\\\/www.entreculturas.org\\\/fr\\\/la-luz-de-las-ninas\\\/noticia\\\/la-relatora-especial-de-la-onu-sobre-la-violencia-contra-mujeres-y-ninas-se-ha-reunido-con-las-participantes-de-la-campana-la-luz-de-las-ninas\\\/#primaryimage\"},\"thumbnailUrl\":\"https:\\\/\\\/www.entreculturas.org\\\/wp-content\\\/uploads\\\/2023\\\/03\\\/Foto-mosaico-relatora.png\",\"datePublished\":\"2023-03-31T17:38:11+00:00\",\"dateModified\":\"2024-09-20T07:43:18+00:00\",\"breadcrumb\":{\"@id\":\"https:\\\/\\\/www.entreculturas.org\\\/fr\\\/la-luz-de-las-ninas\\\/noticia\\\/la-relatora-especial-de-la-onu-sobre-la-violencia-contra-mujeres-y-ninas-se-ha-reunido-con-las-participantes-de-la-campana-la-luz-de-las-ninas\\\/#breadcrumb\"},\"inLanguage\":\"fr-FR\",\"potentialAction\":[{\"@type\":\"ReadAction\",\"target\":[\"https:\\\/\\\/www.entreculturas.org\\\/fr\\\/la-luz-de-las-ninas\\\/noticia\\\/la-relatora-especial-de-la-onu-sobre-la-violencia-contra-mujeres-y-ninas-se-ha-reunido-con-las-participantes-de-la-campana-la-luz-de-las-ninas\\\/\"]}]},{\"@type\":\"ImageObject\",\"inLanguage\":\"fr-FR\",\"@id\":\"https:\\\/\\\/www.entreculturas.org\\\/fr\\\/la-luz-de-las-ninas\\\/noticia\\\/la-relatora-especial-de-la-onu-sobre-la-violencia-contra-mujeres-y-ninas-se-ha-reunido-con-las-participantes-de-la-campana-la-luz-de-las-ninas\\\/#primaryimage\",\"url\":\"https:\\\/\\\/www.entreculturas.org\\\/wp-content\\\/uploads\\\/2023\\\/03\\\/Foto-mosaico-relatora.png\",\"contentUrl\":\"https:\\\/\\\/www.entreculturas.org\\\/wp-content\\\/uploads\\\/2023\\\/03\\\/Foto-mosaico-relatora.png\",\"width\":1876,\"height\":1351},{\"@type\":\"BreadcrumbList\",\"@id\":\"https:\\\/\\\/www.entreculturas.org\\\/fr\\\/la-luz-de-las-ninas\\\/noticia\\\/la-relatora-especial-de-la-onu-sobre-la-violencia-contra-mujeres-y-ninas-se-ha-reunido-con-las-participantes-de-la-campana-la-luz-de-las-ninas\\\/#breadcrumb\",\"itemListElement\":[{\"@type\":\"ListItem\",\"position\":1,\"name\":\"Home\",\"item\":\"https:\\\/\\\/www.entreculturas.org\\\/fr\\\/\"},{\"@type\":\"ListItem\",\"position\":2,\"name\":\"Noticias LLDLN\",\"item\":\"https:\\\/\\\/www.entreculturas.org\\\/fr\\\/noticias-la-luz-de-las-ninas\\\/\"},{\"@type\":\"ListItem\",\"position\":3,\"name\":\"La Relatora Especial de la ONU sobre la violencia contra mujeres y ni\u00f1as se ha reunido con las participantes de la campa\u00f1a La LUZ de las NI\u00d1AS\"}]},{\"@type\":\"WebSite\",\"@id\":\"https:\\\/\\\/www.entreculturas.org\\\/fr\\\/#website\",\"url\":\"https:\\\/\\\/www.entreculturas.org\\\/fr\\\/\",\"name\":\"Entreculturas\",\"description\":\"\",\"publisher\":{\"@id\":\"https:\\\/\\\/www.entreculturas.org\\\/fr\\\/#organization\"},\"alternateName\":\"Entreculturas\",\"potentialAction\":[{\"@type\":\"SearchAction\",\"target\":{\"@type\":\"EntryPoint\",\"urlTemplate\":\"https:\\\/\\\/www.entreculturas.org\\\/fr\\\/?s={search_term_string}\"},\"query-input\":{\"@type\":\"PropertyValueSpecification\",\"valueRequired\":true,\"valueName\":\"search_term_string\"}}],\"inLanguage\":\"fr-FR\"},{\"@type\":\"Organization\",\"@id\":\"https:\\\/\\\/www.entreculturas.org\\\/fr\\\/#organization\",\"name\":\"Entreculturas\",\"url\":\"https:\\\/\\\/www.entreculturas.org\\\/fr\\\/\",\"logo\":{\"@type\":\"ImageObject\",\"inLanguage\":\"fr-FR\",\"@id\":\"https:\\\/\\\/www.entreculturas.org\\\/fr\\\/#\\\/schema\\\/logo\\\/image\\\/\",\"url\":\"https:\\\/\\\/www.entreculturas.org\\\/wp-content\\\/uploads\\\/2025\\\/10\\\/ESP.svg\",\"contentUrl\":\"https:\\\/\\\/www.entreculturas.org\\\/wp-content\\\/uploads\\\/2025\\\/10\\\/ESP.svg\",\"caption\":\"Entreculturas\"},\"image\":{\"@id\":\"https:\\\/\\\/www.entreculturas.org\\\/fr\\\/#\\\/schema\\\/logo\\\/image\\\/\"},\"sameAs\":[\"https:\\\/\\\/www.facebook.com\\\/entreculturas\",\"https:\\\/\\\/x.com\\\/Entreculturas\",\"https:\\\/\\\/www.instagram.com\\\/entreculturas\\\/\",\"https:\\\/\\\/www.youtube.com\\\/user\\\/entreculturasvideo\",\"https:\\\/\\\/www.linkedin.com\\\/company\\\/fundacion-entreculturas-ngdo\\\/\",\"https:\\\/\\\/www.flickr.com\\\/photos\\\/98455522@N04\\\/albums\\\/\"]}]}<\/script>\n<!-- \/ Yoast SEO Premium plugin. -->","yoast_head_json":{"title":"La Relatora Especial de la ONU sobre la violencia contra mujeres y ni\u00f1as se ha reunido con las participantes de la campa\u00f1a La LUZ de las NI\u00d1AS - Entreculturas","robots":{"index":"index","follow":"follow","max-snippet":"max-snippet:-1","max-image-preview":"max-image-preview:large","max-video-preview":"max-video-preview:-1"},"canonical":"https:\/\/www.entreculturas.org\/fr\/la-luz-de-las-ninas\/noticia\/la-relatora-especial-de-la-onu-sobre-la-violencia-contra-mujeres-y-ninas-se-ha-reunido-con-las-participantes-de-la-campana-la-luz-de-las-ninas\/","og_locale":"fr_FR","og_type":"article","og_title":"La Relatora Especial de la ONU sobre la violencia contra mujeres y ni\u00f1as se ha reunido con las participantes de la campa\u00f1a La LUZ de las NI\u00d1AS","og_description":"Un grupo de ni\u00f1as de 8 pa\u00edses, participantes de la campa\u00f1a La LUZ de las NI\u00d1AS, se han reunido hoy con la Relatora Especial de Naciones Unidas sobre la violencia contra las mujeres y las ni\u00f1as, Reem Alsalem. Las ni\u00f1as exigen vivir Sanas y Salvas en un mundo que les niega sus derechos m\u00e1s b\u00e1sicos.\u00a0 Reem Alsalem es consultora independiente sobre cuestiones de g\u00e9nero, derechos de las personas refugiadas y migrantes, justicia de transici\u00f3n y respuesta humanitaria y ocupa el cargo de Relatora Especial de las Naciones Unidas desde agosto de 2021. Esta relator\u00eda es uno de los primeros mecanismos independientes de derechos humanos sobre la eliminaci\u00f3n de la violencia contra la mujer y fue un importante avance del movimiento mundial en pro de sus derechos. \u201cVivimos con una problem\u00e1tica que compartimos a nivel regional y mundial. Muchas de las muertes de ni\u00f1as y mujeres en Honduras quedaron en la [&hellip;]","og_url":"https:\/\/www.entreculturas.org\/fr\/la-luz-de-las-ninas\/noticia\/la-relatora-especial-de-la-onu-sobre-la-violencia-contra-mujeres-y-ninas-se-ha-reunido-con-las-participantes-de-la-campana-la-luz-de-las-ninas\/","og_site_name":"Entreculturas","article_publisher":"https:\/\/www.facebook.com\/entreculturas","article_modified_time":"2024-09-20T07:43:18+00:00","og_image":[{"width":1024,"height":737,"url":"https:\/\/www.entreculturas.org\/wp-content\/uploads\/2023\/03\/Foto-mosaico-relatora-1024x737.png","type":"image\/png"}],"twitter_card":"summary_large_image","twitter_site":"@Entreculturas","schema":{"@context":"https:\/\/schema.org","@graph":[{"@type":"WebPage","@id":"https:\/\/www.entreculturas.org\/fr\/la-luz-de-las-ninas\/noticia\/la-relatora-especial-de-la-onu-sobre-la-violencia-contra-mujeres-y-ninas-se-ha-reunido-con-las-participantes-de-la-campana-la-luz-de-las-ninas\/","url":"https:\/\/www.entreculturas.org\/fr\/la-luz-de-las-ninas\/noticia\/la-relatora-especial-de-la-onu-sobre-la-violencia-contra-mujeres-y-ninas-se-ha-reunido-con-las-participantes-de-la-campana-la-luz-de-las-ninas\/","name":"La Relatora Especial de la ONU sobre la violencia contra mujeres y ni\u00f1as se ha reunido con las participantes de la campa\u00f1a La LUZ de las NI\u00d1AS - Entreculturas","isPartOf":{"@id":"https:\/\/www.entreculturas.org\/fr\/#website"},"primaryImageOfPage":{"@id":"https:\/\/www.entreculturas.org\/fr\/la-luz-de-las-ninas\/noticia\/la-relatora-especial-de-la-onu-sobre-la-violencia-contra-mujeres-y-ninas-se-ha-reunido-con-las-participantes-de-la-campana-la-luz-de-las-ninas\/#primaryimage"},"image":{"@id":"https:\/\/www.entreculturas.org\/fr\/la-luz-de-las-ninas\/noticia\/la-relatora-especial-de-la-onu-sobre-la-violencia-contra-mujeres-y-ninas-se-ha-reunido-con-las-participantes-de-la-campana-la-luz-de-las-ninas\/#primaryimage"},"thumbnailUrl":"https:\/\/www.entreculturas.org\/wp-content\/uploads\/2023\/03\/Foto-mosaico-relatora.png","datePublished":"2023-03-31T17:38:11+00:00","dateModified":"2024-09-20T07:43:18+00:00","breadcrumb":{"@id":"https:\/\/www.entreculturas.org\/fr\/la-luz-de-las-ninas\/noticia\/la-relatora-especial-de-la-onu-sobre-la-violencia-contra-mujeres-y-ninas-se-ha-reunido-con-las-participantes-de-la-campana-la-luz-de-las-ninas\/#breadcrumb"},"inLanguage":"fr-FR","potentialAction":[{"@type":"ReadAction","target":["https:\/\/www.entreculturas.org\/fr\/la-luz-de-las-ninas\/noticia\/la-relatora-especial-de-la-onu-sobre-la-violencia-contra-mujeres-y-ninas-se-ha-reunido-con-las-participantes-de-la-campana-la-luz-de-las-ninas\/"]}]},{"@type":"ImageObject","inLanguage":"fr-FR","@id":"https:\/\/www.entreculturas.org\/fr\/la-luz-de-las-ninas\/noticia\/la-relatora-especial-de-la-onu-sobre-la-violencia-contra-mujeres-y-ninas-se-ha-reunido-con-las-participantes-de-la-campana-la-luz-de-las-ninas\/#primaryimage","url":"https:\/\/www.entreculturas.org\/wp-content\/uploads\/2023\/03\/Foto-mosaico-relatora.png","contentUrl":"https:\/\/www.entreculturas.org\/wp-content\/uploads\/2023\/03\/Foto-mosaico-relatora.png","width":1876,"height":1351},{"@type":"BreadcrumbList","@id":"https:\/\/www.entreculturas.org\/fr\/la-luz-de-las-ninas\/noticia\/la-relatora-especial-de-la-onu-sobre-la-violencia-contra-mujeres-y-ninas-se-ha-reunido-con-las-participantes-de-la-campana-la-luz-de-las-ninas\/#breadcrumb","itemListElement":[{"@type":"ListItem","position":1,"name":"Home","item":"https:\/\/www.entreculturas.org\/fr\/"},{"@type":"ListItem","position":2,"name":"Noticias LLDLN","item":"https:\/\/www.entreculturas.org\/fr\/noticias-la-luz-de-las-ninas\/"},{"@type":"ListItem","position":3,"name":"La Relatora Especial de la ONU sobre la violencia contra mujeres y ni\u00f1as se ha reunido con las participantes de la campa\u00f1a La LUZ de las NI\u00d1AS"}]},{"@type":"WebSite","@id":"https:\/\/www.entreculturas.org\/fr\/#website","url":"https:\/\/www.entreculturas.org\/fr\/","name":"Entreculturas","description":"","publisher":{"@id":"https:\/\/www.entreculturas.org\/fr\/#organization"},"alternateName":"Entreculturas","potentialAction":[{"@type":"SearchAction","target":{"@type":"EntryPoint","urlTemplate":"https:\/\/www.entreculturas.org\/fr\/?s={search_term_string}"},"query-input":{"@type":"PropertyValueSpecification","valueRequired":true,"valueName":"search_term_string"}}],"inLanguage":"fr-FR"},{"@type":"Organization","@id":"https:\/\/www.entreculturas.org\/fr\/#organization","name":"Entreculturas","url":"https:\/\/www.entreculturas.org\/fr\/","logo":{"@type":"ImageObject","inLanguage":"fr-FR","@id":"https:\/\/www.entreculturas.org\/fr\/#\/schema\/logo\/image\/","url":"https:\/\/www.entreculturas.org\/wp-content\/uploads\/2025\/10\/ESP.svg","contentUrl":"https:\/\/www.entreculturas.org\/wp-content\/uploads\/2025\/10\/ESP.svg","caption":"Entreculturas"},"image":{"@id":"https:\/\/www.entreculturas.org\/fr\/#\/schema\/logo\/image\/"},"sameAs":["https:\/\/www.facebook.com\/entreculturas","https:\/\/x.com\/Entreculturas","https:\/\/www.instagram.com\/entreculturas\/","https:\/\/www.youtube.com\/user\/entreculturasvideo","https:\/\/www.linkedin.com\/company\/fundacion-entreculturas-ngdo\/","https:\/\/www.flickr.com\/photos\/98455522@N04\/albums\/"]}]}},"_links":{"self":[{"href":"https:\/\/www.entreculturas.org\/fr\/wp-json\/wp\/v2\/xxx\/854","targetHints":{"allow":["GET"]}}],"collection":[{"href":"https:\/\/www.entreculturas.org\/fr\/wp-json\/wp\/v2\/xxx"}],"about":[{"href":"https:\/\/www.entreculturas.org\/fr\/wp-json\/wp\/v2\/types\/xxx"}],"wp:featuredmedia":[{"embeddable":true,"href":"https:\/\/www.entreculturas.org\/fr\/wp-json\/wp\/v2\/media\/855"}],"wp:attachment":[{"href":"https:\/\/www.entreculturas.org\/fr\/wp-json\/wp\/v2\/media?parent=854"}],"wp:term":[{"taxonomy":"category","embeddable":true,"href":"https:\/\/www.entreculturas.org\/fr\/wp-json\/wp\/v2\/categories?post=854"},{"taxonomy":"post_tag","embeddable":true,"href":"https:\/\/www.entreculturas.org\/fr\/wp-json\/wp\/v2\/tags?post=854"}],"curies":[{"name":"wp","href":"https:\/\/api.w.org\/{rel}","templated":true}]}}