{"id":787,"date":"2022-07-21T18:42:17","date_gmt":"2022-07-21T16:42:17","guid":{"rendered":"https:\/\/www.entreculturas.org\/?post_type=xxx&#038;p=787"},"modified":"2024-09-20T09:35:12","modified_gmt":"2024-09-20T07:35:12","slug":"ensename-bonito-y-no-me-pegues-proteccion-y-prevencion-de-la-violencia-hacia-las-ninas-en-peru","status":"publish","type":"xxx","link":"https:\/\/www.entreculturas.org\/fr\/la-luz-de-las-ninas\/noticia\/ensename-bonito-y-no-me-pegues-proteccion-y-prevencion-de-la-violencia-hacia-las-ninas-en-peru\/","title":{"rendered":"\u00ab\u00a0Ens\u00e9\u00f1ame bonito y no me pegues\u201d: protecci\u00f3n y prevenci\u00f3n de la violencia hacia las ni\u00f1as en Per\u00fa"},"content":{"rendered":"<p><span style=\"font-weight: 400;\">La provincia de Quispicanchi, en Cusco, Per\u00fa, es una de las zonas con mayor \u00edndice de violencia y pobreza extrema del pa\u00eds. Seg\u00fan el Ministerio de la Mujer de Per\u00fa, entre enero y agosto de 2020 se atendieron 181 casos de violencia contra mujeres y ni\u00f1as en el departamento de Cusco, de las cuales un 27% ten\u00eda menos de 18 a\u00f1os. La grave situaci\u00f3n de violencia de g\u00e9nero impacta en la vida de las ni\u00f1as y adolescentes y las aleja de la educaci\u00f3n, lo que se dificulta a\u00fan m\u00e1s en las comunidades campesinas como Quispicanchi, apartadas de las zonas urbanas.<\/span><\/p>\n<p><span style=\"font-weight: 400;\">Desde el a\u00f1o 2014, a trav\u00e9s de <\/span><b>La LUZ de las NI\u00d1AS<\/b><span style=\"font-weight: 400;\"> trabajamos en la zona con un proyecto de prevenci\u00f3n y atenci\u00f3n integral a ni\u00f1as y adolescentes v\u00edctimas de violencia de g\u00e9nero, titulado <\/span><b>\u201cEns\u00e9\u00f1ame bonito y no me pegues\u201d<\/b><span style=\"font-weight: 400;\">. Las distintas actividades se han llevado a cabo en las instituciones educativas de la red de Fe y Alegr\u00eda de la provincia y con ellas ofrecemos protecci\u00f3n, acompa\u00f1amiento y seguimiento a ni\u00f1as que se encuentran en situaci\u00f3n de vulnerabilidad.<\/span><\/p>\n<p><span style=\"font-weight: 400;\">El impacto del cierre de escuelas a causa de la pandemia est\u00e1 siendo notable en t\u00e9rminos de abandono escolar y el aprendizaje educativo de las ni\u00f1as. Por eso Fe y Alegr\u00eda est\u00e1<\/span> <span style=\"font-weight: 400;\">desarrollando un plan post-pandemia en la zona para rescatar y favorecer la reinserci\u00f3n escolar de ni\u00f1as y adolescentes, adem\u00e1s de potenciar los rincones de estudio en las casas para facilitar el aprendizaje.\u00a0<\/span><\/p>\n<p><span style=\"font-weight: 400;\">La <strong>violencia intrafamiliar se ha incrementado<\/strong> durante la etapa de confinamiento por la <strong>Covid-19.<\/strong> Es por ello que Fe y Alegr\u00eda ha realizado pruebas diagn\u00f3sticas para poder identificar casos que precisen mayor acompa\u00f1amiento. Tambi\u00e9n se han visto afectadas las condiciones alimenticias de las ni\u00f1as, que debido al <strong>cierre de las escuelas y a la crisis socioecon\u00f3mica<\/strong> provocada por la pandemia, no han podido acceder al programa de alimentaci\u00f3n en los comedores de las escuelas.\u00a0<\/span><\/p>\n<p><span style=\"font-weight: 400;\">Gracias al trabajo conjunto de<\/span><b> Entreculturas y Fe y Alegr\u00eda en Per\u00fa<\/b><span style=\"font-weight: 400;\">, durante 2021, <\/span><b>1.437 ni\u00f1as de Quispicanchi han recibido atenci\u00f3n<\/b><span style=\"font-weight: 400;\"> y orientaci\u00f3n psicol\u00f3gica, intervenci\u00f3n terap\u00e9utica, acompa\u00f1amiento en su reinserci\u00f3n en la familia y visitas domiciliarias. L<\/span><span style=\"font-weight: 400;\">os casos m\u00e1s graves <\/span><span style=\"font-weight: 400;\">han sido derivados a instituciones especializadas, ya que sufr\u00edan una violencia extrema. Este trabajo desarrollado ha creado, adem\u00e1s, <\/span><b>cambios significativos en el entorno de las ni\u00f1as<\/b><span style=\"font-weight: 400;\">, ya que ha aumentado notablemente la implicaci\u00f3n de los padres y las madres en el acompa\u00f1amiento escolar y personal de sus hijas.\u00a0<\/span><\/p>\n<p><span style=\"color: #ff0000;\"><b>Campa\u00f1a La LUZ de las NI\u00d1AS<\/b><\/span><\/p>\n<p><span style=\"font-weight: 400;\"><em>\u201cDesde el principio ten\u00eda miedo, pero ahora ya s\u00e9 que nosotras debemos defendernos y me ha ayudado bastante este proyecto de La LUZ de las NI\u00d1AS. Todas debemos defendernos si alguien nos toca o nos hace algo, debemos avisarle a alguien, nos debemos defender porque somos muy valiosas\u201d.<\/em> Son palabras de Nalleli, participante de la campa\u00f1a La LUZ de las NI\u00d1AS en Per\u00fa.\u00a0<\/span><\/p>\n<p><iframe loading=\"lazy\" title=\"&quot;Nuestra Luz Brilla&quot; La Luz de la Ni\u00f1as\" width=\"500\" height=\"281\" src=\"https:\/\/www.youtube.com\/embed\/LLlnQyErTfc?feature=oembed\" frameborder=\"0\" allow=\"accelerometer; autoplay; clipboard-write; encrypted-media; gyroscope; picture-in-picture; web-share\" referrerpolicy=\"strict-origin-when-cross-origin\" allowfullscreen><\/iframe><\/p>\n<p>&nbsp;<\/p>\n<p><span style=\"font-weight: 400;\">A trav\u00e9s de la <strong>Iniciativa de G\u00e9nero de la Federaci\u00f3n Internacional Fe y Alegr\u00eda<\/strong>, en el marco de la campa\u00f1a La LUZ de las NI\u00d1AS, se ha realizado un <strong>diagn\u00f3stico sobre violencia a 40 ni\u00f1as en riesgo de exclusi\u00f3n<\/strong> de 8 centros de Fe y Alegr\u00eda de los pa\u00edses El Salvador, Honduras, Nicaragua y Per\u00fa. El foco de la investigaci\u00f3n ha sido que las ni\u00f1as cuenten qu\u00e9 violencias sufren y a partir de sus respuestas se ha elaborado este diagn\u00f3stico presentado en el webinar titulado<strong> \u00ab\u00a0Nuestra Luz Brilla. Somos NI\u00d1AS y adolescentes, valiosas, con dignidad y derechos\u201d,<\/strong> en el que estuvieron presentes las ni\u00f1as de Per\u00fa y del resto de pa\u00edses participantes.\u00a0<\/span><\/p>\n<p><span style=\"font-weight: 400;\">Adem\u00e1s, en Per\u00fa, se realizaron<strong> talleres de expresi\u00f3n art\u00edstica contra la violencia,<\/strong> en los que las ni\u00f1as y adolescentes participantes en la campa\u00f1a quisieron compartir sus experiencias como v\u00edctimas de violencia de g\u00e9nero a trav\u00e9s de los talleres de expresi\u00f3n art\u00edstica.<\/span><\/p>\n<p><span style=\"font-weight: 400;\">Los retos son muchos, y uno de los m\u00e1s complejos es que las ni\u00f1as puedan abrirse, hablar y expresarse emocionalmente. Adem\u00e1s de la intervenci\u00f3n, m\u00e1s centrada en el acompa\u00f1amiento psicol\u00f3gico y apoyo escolar de las ni\u00f1as, en Per\u00fa trabajamos a trav\u00e9s de nuestra<strong> campa\u00f1a La LUZ de las NI\u00d1AS<\/strong>, con la que se pretende dar voz a las ni\u00f1as, ayudarlas a visibilizar la situaci\u00f3n de violencia que sufren y fomentar su capacidad de expresi\u00f3n y liderazgo para que tengan un <strong>papel activo en su propio cambio<\/strong>.<\/span><\/p>\n","protected":false},"excerpt":{"rendered":"<p>La provincia de Quispicanchi, en Cusco, Per\u00fa, es una de las zonas con mayor \u00edndice de violencia y pobreza extrema del pa\u00eds. Seg\u00fan el Ministerio de la Mujer de Per\u00fa, entre enero y agosto de 2020 se atendieron 181 casos de violencia contra mujeres y ni\u00f1as en el departamento de Cusco, de las cuales un 27% ten\u00eda menos de 18 a\u00f1os. La grave situaci\u00f3n de violencia de g\u00e9nero impacta en la vida de las ni\u00f1as y adolescentes y las aleja de la educaci\u00f3n, lo que se dificulta a\u00fan m\u00e1s en las comunidades campesinas como Quispicanchi, apartadas de las zonas urbanas. Desde el a\u00f1o 2014, a trav\u00e9s de La LUZ de las NI\u00d1AS trabajamos en la zona con un proyecto de prevenci\u00f3n y atenci\u00f3n integral a ni\u00f1as y adolescentes v\u00edctimas de violencia de g\u00e9nero, titulado \u201cEns\u00e9\u00f1ame bonito y no me pegues\u201d. Las distintas actividades se han llevado a cabo en las [&hellip;]<\/p>\n","protected":false},"featured_media":788,"template":"wp-custom-template-noticias-la-luz-de-las-ninas-2","meta":{"_acf_changed":false},"categories":[7],"tags":[],"class_list":["post-787","xxx","type-xxx","status-publish","has-post-thumbnail","hentry","category-noticia"],"acf":[],"yoast_head":"<!-- This site is optimized with the Yoast SEO Premium plugin v21.6 (Yoast SEO v27.5) - https:\/\/yoast.com\/product\/yoast-seo-premium-wordpress\/ -->\n<title>&quot;Ens\u00e9\u00f1ame bonito y no me pegues\u201d: protecci\u00f3n y prevenci\u00f3n de la violencia hacia las ni\u00f1as en Per\u00fa - Entreculturas<\/title>\n<meta name=\"robots\" content=\"index, follow, max-snippet:-1, max-image-preview:large, max-video-preview:-1\" \/>\n<link rel=\"canonical\" href=\"https:\/\/www.entreculturas.org\/fr\/la-luz-de-las-ninas\/noticia\/ensename-bonito-y-no-me-pegues-proteccion-y-prevencion-de-la-violencia-hacia-las-ninas-en-peru\/\" \/>\n<meta property=\"og:locale\" content=\"fr_FR\" \/>\n<meta property=\"og:type\" content=\"article\" \/>\n<meta property=\"og:title\" content=\"&quot;Ens\u00e9\u00f1ame bonito y no me pegues\u201d: protecci\u00f3n y prevenci\u00f3n de la violencia hacia las ni\u00f1as en Per\u00fa\" \/>\n<meta property=\"og:description\" content=\"La provincia de Quispicanchi, en Cusco, Per\u00fa, es una de las zonas con mayor \u00edndice de violencia y pobreza extrema del pa\u00eds. Seg\u00fan el Ministerio de la Mujer de Per\u00fa, entre enero y agosto de 2020 se atendieron 181 casos de violencia contra mujeres y ni\u00f1as en el departamento de Cusco, de las cuales un 27% ten\u00eda menos de 18 a\u00f1os. La grave situaci\u00f3n de violencia de g\u00e9nero impacta en la vida de las ni\u00f1as y adolescentes y las aleja de la educaci\u00f3n, lo que se dificulta a\u00fan m\u00e1s en las comunidades campesinas como Quispicanchi, apartadas de las zonas urbanas. Desde el a\u00f1o 2014, a trav\u00e9s de La LUZ de las NI\u00d1AS trabajamos en la zona con un proyecto de prevenci\u00f3n y atenci\u00f3n integral a ni\u00f1as y adolescentes v\u00edctimas de violencia de g\u00e9nero, titulado \u201cEns\u00e9\u00f1ame bonito y no me pegues\u201d. Las distintas actividades se han llevado a cabo en las [&hellip;]\" \/>\n<meta property=\"og:url\" content=\"https:\/\/www.entreculturas.org\/fr\/la-luz-de-las-ninas\/noticia\/ensename-bonito-y-no-me-pegues-proteccion-y-prevencion-de-la-violencia-hacia-las-ninas-en-peru\/\" \/>\n<meta property=\"og:site_name\" content=\"Entreculturas\" \/>\n<meta property=\"article:publisher\" content=\"https:\/\/www.facebook.com\/entreculturas\" \/>\n<meta property=\"article:modified_time\" content=\"2024-09-20T07:35:12+00:00\" \/>\n<meta property=\"og:image\" content=\"https:\/\/www.entreculturas.org\/wp-content\/uploads\/2022\/07\/Sin-titulo.jpg\" \/>\n\t<meta property=\"og:image:width\" content=\"746\" \/>\n\t<meta property=\"og:image:height\" content=\"405\" \/>\n\t<meta property=\"og:image:type\" content=\"image\/jpeg\" \/>\n<meta name=\"twitter:card\" content=\"summary_large_image\" \/>\n<meta name=\"twitter:site\" content=\"@Entreculturas\" \/>\n<script type=\"application\/ld+json\" class=\"yoast-schema-graph\">{\"@context\":\"https:\\\/\\\/schema.org\",\"@graph\":[{\"@type\":\"WebPage\",\"@id\":\"https:\\\/\\\/www.entreculturas.org\\\/fr\\\/la-luz-de-las-ninas\\\/noticia\\\/ensename-bonito-y-no-me-pegues-proteccion-y-prevencion-de-la-violencia-hacia-las-ninas-en-peru\\\/\",\"url\":\"https:\\\/\\\/www.entreculturas.org\\\/fr\\\/la-luz-de-las-ninas\\\/noticia\\\/ensename-bonito-y-no-me-pegues-proteccion-y-prevencion-de-la-violencia-hacia-las-ninas-en-peru\\\/\",\"name\":\"\\\"Ens\u00e9\u00f1ame bonito y no me pegues\u201d: protecci\u00f3n y prevenci\u00f3n de la violencia hacia las ni\u00f1as en Per\u00fa - Entreculturas\",\"isPartOf\":{\"@id\":\"https:\\\/\\\/www.entreculturas.org\\\/fr\\\/#website\"},\"primaryImageOfPage\":{\"@id\":\"https:\\\/\\\/www.entreculturas.org\\\/fr\\\/la-luz-de-las-ninas\\\/noticia\\\/ensename-bonito-y-no-me-pegues-proteccion-y-prevencion-de-la-violencia-hacia-las-ninas-en-peru\\\/#primaryimage\"},\"image\":{\"@id\":\"https:\\\/\\\/www.entreculturas.org\\\/fr\\\/la-luz-de-las-ninas\\\/noticia\\\/ensename-bonito-y-no-me-pegues-proteccion-y-prevencion-de-la-violencia-hacia-las-ninas-en-peru\\\/#primaryimage\"},\"thumbnailUrl\":\"https:\\\/\\\/www.entreculturas.org\\\/wp-content\\\/uploads\\\/2022\\\/07\\\/Sin-titulo.jpg\",\"datePublished\":\"2022-07-21T16:42:17+00:00\",\"dateModified\":\"2024-09-20T07:35:12+00:00\",\"breadcrumb\":{\"@id\":\"https:\\\/\\\/www.entreculturas.org\\\/fr\\\/la-luz-de-las-ninas\\\/noticia\\\/ensename-bonito-y-no-me-pegues-proteccion-y-prevencion-de-la-violencia-hacia-las-ninas-en-peru\\\/#breadcrumb\"},\"inLanguage\":\"fr-FR\",\"potentialAction\":[{\"@type\":\"ReadAction\",\"target\":[\"https:\\\/\\\/www.entreculturas.org\\\/fr\\\/la-luz-de-las-ninas\\\/noticia\\\/ensename-bonito-y-no-me-pegues-proteccion-y-prevencion-de-la-violencia-hacia-las-ninas-en-peru\\\/\"]}]},{\"@type\":\"ImageObject\",\"inLanguage\":\"fr-FR\",\"@id\":\"https:\\\/\\\/www.entreculturas.org\\\/fr\\\/la-luz-de-las-ninas\\\/noticia\\\/ensename-bonito-y-no-me-pegues-proteccion-y-prevencion-de-la-violencia-hacia-las-ninas-en-peru\\\/#primaryimage\",\"url\":\"https:\\\/\\\/www.entreculturas.org\\\/wp-content\\\/uploads\\\/2022\\\/07\\\/Sin-titulo.jpg\",\"contentUrl\":\"https:\\\/\\\/www.entreculturas.org\\\/wp-content\\\/uploads\\\/2022\\\/07\\\/Sin-titulo.jpg\",\"width\":746,\"height\":405},{\"@type\":\"BreadcrumbList\",\"@id\":\"https:\\\/\\\/www.entreculturas.org\\\/fr\\\/la-luz-de-las-ninas\\\/noticia\\\/ensename-bonito-y-no-me-pegues-proteccion-y-prevencion-de-la-violencia-hacia-las-ninas-en-peru\\\/#breadcrumb\",\"itemListElement\":[{\"@type\":\"ListItem\",\"position\":1,\"name\":\"Home\",\"item\":\"https:\\\/\\\/www.entreculturas.org\\\/fr\\\/\"},{\"@type\":\"ListItem\",\"position\":2,\"name\":\"Noticias LLDLN\",\"item\":\"https:\\\/\\\/www.entreculturas.org\\\/fr\\\/noticias-la-luz-de-las-ninas\\\/\"},{\"@type\":\"ListItem\",\"position\":3,\"name\":\"\u00ab\u00a0Ens\u00e9\u00f1ame bonito y no me pegues\u201d: protecci\u00f3n y prevenci\u00f3n de la violencia hacia las ni\u00f1as en Per\u00fa\"}]},{\"@type\":\"WebSite\",\"@id\":\"https:\\\/\\\/www.entreculturas.org\\\/fr\\\/#website\",\"url\":\"https:\\\/\\\/www.entreculturas.org\\\/fr\\\/\",\"name\":\"Entreculturas\",\"description\":\"\",\"publisher\":{\"@id\":\"https:\\\/\\\/www.entreculturas.org\\\/fr\\\/#organization\"},\"alternateName\":\"Entreculturas\",\"potentialAction\":[{\"@type\":\"SearchAction\",\"target\":{\"@type\":\"EntryPoint\",\"urlTemplate\":\"https:\\\/\\\/www.entreculturas.org\\\/fr\\\/?s={search_term_string}\"},\"query-input\":{\"@type\":\"PropertyValueSpecification\",\"valueRequired\":true,\"valueName\":\"search_term_string\"}}],\"inLanguage\":\"fr-FR\"},{\"@type\":\"Organization\",\"@id\":\"https:\\\/\\\/www.entreculturas.org\\\/fr\\\/#organization\",\"name\":\"Entreculturas\",\"url\":\"https:\\\/\\\/www.entreculturas.org\\\/fr\\\/\",\"logo\":{\"@type\":\"ImageObject\",\"inLanguage\":\"fr-FR\",\"@id\":\"https:\\\/\\\/www.entreculturas.org\\\/fr\\\/#\\\/schema\\\/logo\\\/image\\\/\",\"url\":\"https:\\\/\\\/www.entreculturas.org\\\/wp-content\\\/uploads\\\/2025\\\/10\\\/ESP.svg\",\"contentUrl\":\"https:\\\/\\\/www.entreculturas.org\\\/wp-content\\\/uploads\\\/2025\\\/10\\\/ESP.svg\",\"caption\":\"Entreculturas\"},\"image\":{\"@id\":\"https:\\\/\\\/www.entreculturas.org\\\/fr\\\/#\\\/schema\\\/logo\\\/image\\\/\"},\"sameAs\":[\"https:\\\/\\\/www.facebook.com\\\/entreculturas\",\"https:\\\/\\\/x.com\\\/Entreculturas\",\"https:\\\/\\\/www.instagram.com\\\/entreculturas\\\/\",\"https:\\\/\\\/www.youtube.com\\\/user\\\/entreculturasvideo\",\"https:\\\/\\\/www.linkedin.com\\\/company\\\/fundacion-entreculturas-ngdo\\\/\",\"https:\\\/\\\/www.flickr.com\\\/photos\\\/98455522@N04\\\/albums\\\/\"]}]}<\/script>\n<!-- \/ Yoast SEO Premium plugin. -->","yoast_head_json":{"title":"\"Ens\u00e9\u00f1ame bonito y no me pegues\u201d: protecci\u00f3n y prevenci\u00f3n de la violencia hacia las ni\u00f1as en Per\u00fa - Entreculturas","robots":{"index":"index","follow":"follow","max-snippet":"max-snippet:-1","max-image-preview":"max-image-preview:large","max-video-preview":"max-video-preview:-1"},"canonical":"https:\/\/www.entreculturas.org\/fr\/la-luz-de-las-ninas\/noticia\/ensename-bonito-y-no-me-pegues-proteccion-y-prevencion-de-la-violencia-hacia-las-ninas-en-peru\/","og_locale":"fr_FR","og_type":"article","og_title":"\"Ens\u00e9\u00f1ame bonito y no me pegues\u201d: protecci\u00f3n y prevenci\u00f3n de la violencia hacia las ni\u00f1as en Per\u00fa","og_description":"La provincia de Quispicanchi, en Cusco, Per\u00fa, es una de las zonas con mayor \u00edndice de violencia y pobreza extrema del pa\u00eds. Seg\u00fan el Ministerio de la Mujer de Per\u00fa, entre enero y agosto de 2020 se atendieron 181 casos de violencia contra mujeres y ni\u00f1as en el departamento de Cusco, de las cuales un 27% ten\u00eda menos de 18 a\u00f1os. La grave situaci\u00f3n de violencia de g\u00e9nero impacta en la vida de las ni\u00f1as y adolescentes y las aleja de la educaci\u00f3n, lo que se dificulta a\u00fan m\u00e1s en las comunidades campesinas como Quispicanchi, apartadas de las zonas urbanas. Desde el a\u00f1o 2014, a trav\u00e9s de La LUZ de las NI\u00d1AS trabajamos en la zona con un proyecto de prevenci\u00f3n y atenci\u00f3n integral a ni\u00f1as y adolescentes v\u00edctimas de violencia de g\u00e9nero, titulado \u201cEns\u00e9\u00f1ame bonito y no me pegues\u201d. Las distintas actividades se han llevado a cabo en las [&hellip;]","og_url":"https:\/\/www.entreculturas.org\/fr\/la-luz-de-las-ninas\/noticia\/ensename-bonito-y-no-me-pegues-proteccion-y-prevencion-de-la-violencia-hacia-las-ninas-en-peru\/","og_site_name":"Entreculturas","article_publisher":"https:\/\/www.facebook.com\/entreculturas","article_modified_time":"2024-09-20T07:35:12+00:00","og_image":[{"width":746,"height":405,"url":"https:\/\/www.entreculturas.org\/wp-content\/uploads\/2022\/07\/Sin-titulo.jpg","type":"image\/jpeg"}],"twitter_card":"summary_large_image","twitter_site":"@Entreculturas","schema":{"@context":"https:\/\/schema.org","@graph":[{"@type":"WebPage","@id":"https:\/\/www.entreculturas.org\/fr\/la-luz-de-las-ninas\/noticia\/ensename-bonito-y-no-me-pegues-proteccion-y-prevencion-de-la-violencia-hacia-las-ninas-en-peru\/","url":"https:\/\/www.entreculturas.org\/fr\/la-luz-de-las-ninas\/noticia\/ensename-bonito-y-no-me-pegues-proteccion-y-prevencion-de-la-violencia-hacia-las-ninas-en-peru\/","name":"\"Ens\u00e9\u00f1ame bonito y no me pegues\u201d: protecci\u00f3n y prevenci\u00f3n de la violencia hacia las ni\u00f1as en Per\u00fa - Entreculturas","isPartOf":{"@id":"https:\/\/www.entreculturas.org\/fr\/#website"},"primaryImageOfPage":{"@id":"https:\/\/www.entreculturas.org\/fr\/la-luz-de-las-ninas\/noticia\/ensename-bonito-y-no-me-pegues-proteccion-y-prevencion-de-la-violencia-hacia-las-ninas-en-peru\/#primaryimage"},"image":{"@id":"https:\/\/www.entreculturas.org\/fr\/la-luz-de-las-ninas\/noticia\/ensename-bonito-y-no-me-pegues-proteccion-y-prevencion-de-la-violencia-hacia-las-ninas-en-peru\/#primaryimage"},"thumbnailUrl":"https:\/\/www.entreculturas.org\/wp-content\/uploads\/2022\/07\/Sin-titulo.jpg","datePublished":"2022-07-21T16:42:17+00:00","dateModified":"2024-09-20T07:35:12+00:00","breadcrumb":{"@id":"https:\/\/www.entreculturas.org\/fr\/la-luz-de-las-ninas\/noticia\/ensename-bonito-y-no-me-pegues-proteccion-y-prevencion-de-la-violencia-hacia-las-ninas-en-peru\/#breadcrumb"},"inLanguage":"fr-FR","potentialAction":[{"@type":"ReadAction","target":["https:\/\/www.entreculturas.org\/fr\/la-luz-de-las-ninas\/noticia\/ensename-bonito-y-no-me-pegues-proteccion-y-prevencion-de-la-violencia-hacia-las-ninas-en-peru\/"]}]},{"@type":"ImageObject","inLanguage":"fr-FR","@id":"https:\/\/www.entreculturas.org\/fr\/la-luz-de-las-ninas\/noticia\/ensename-bonito-y-no-me-pegues-proteccion-y-prevencion-de-la-violencia-hacia-las-ninas-en-peru\/#primaryimage","url":"https:\/\/www.entreculturas.org\/wp-content\/uploads\/2022\/07\/Sin-titulo.jpg","contentUrl":"https:\/\/www.entreculturas.org\/wp-content\/uploads\/2022\/07\/Sin-titulo.jpg","width":746,"height":405},{"@type":"BreadcrumbList","@id":"https:\/\/www.entreculturas.org\/fr\/la-luz-de-las-ninas\/noticia\/ensename-bonito-y-no-me-pegues-proteccion-y-prevencion-de-la-violencia-hacia-las-ninas-en-peru\/#breadcrumb","itemListElement":[{"@type":"ListItem","position":1,"name":"Home","item":"https:\/\/www.entreculturas.org\/fr\/"},{"@type":"ListItem","position":2,"name":"Noticias LLDLN","item":"https:\/\/www.entreculturas.org\/fr\/noticias-la-luz-de-las-ninas\/"},{"@type":"ListItem","position":3,"name":"\u00ab\u00a0Ens\u00e9\u00f1ame bonito y no me pegues\u201d: protecci\u00f3n y prevenci\u00f3n de la violencia hacia las ni\u00f1as en Per\u00fa"}]},{"@type":"WebSite","@id":"https:\/\/www.entreculturas.org\/fr\/#website","url":"https:\/\/www.entreculturas.org\/fr\/","name":"Entreculturas","description":"","publisher":{"@id":"https:\/\/www.entreculturas.org\/fr\/#organization"},"alternateName":"Entreculturas","potentialAction":[{"@type":"SearchAction","target":{"@type":"EntryPoint","urlTemplate":"https:\/\/www.entreculturas.org\/fr\/?s={search_term_string}"},"query-input":{"@type":"PropertyValueSpecification","valueRequired":true,"valueName":"search_term_string"}}],"inLanguage":"fr-FR"},{"@type":"Organization","@id":"https:\/\/www.entreculturas.org\/fr\/#organization","name":"Entreculturas","url":"https:\/\/www.entreculturas.org\/fr\/","logo":{"@type":"ImageObject","inLanguage":"fr-FR","@id":"https:\/\/www.entreculturas.org\/fr\/#\/schema\/logo\/image\/","url":"https:\/\/www.entreculturas.org\/wp-content\/uploads\/2025\/10\/ESP.svg","contentUrl":"https:\/\/www.entreculturas.org\/wp-content\/uploads\/2025\/10\/ESP.svg","caption":"Entreculturas"},"image":{"@id":"https:\/\/www.entreculturas.org\/fr\/#\/schema\/logo\/image\/"},"sameAs":["https:\/\/www.facebook.com\/entreculturas","https:\/\/x.com\/Entreculturas","https:\/\/www.instagram.com\/entreculturas\/","https:\/\/www.youtube.com\/user\/entreculturasvideo","https:\/\/www.linkedin.com\/company\/fundacion-entreculturas-ngdo\/","https:\/\/www.flickr.com\/photos\/98455522@N04\/albums\/"]}]}},"_links":{"self":[{"href":"https:\/\/www.entreculturas.org\/fr\/wp-json\/wp\/v2\/xxx\/787","targetHints":{"allow":["GET"]}}],"collection":[{"href":"https:\/\/www.entreculturas.org\/fr\/wp-json\/wp\/v2\/xxx"}],"about":[{"href":"https:\/\/www.entreculturas.org\/fr\/wp-json\/wp\/v2\/types\/xxx"}],"wp:featuredmedia":[{"embeddable":true,"href":"https:\/\/www.entreculturas.org\/fr\/wp-json\/wp\/v2\/media\/788"}],"wp:attachment":[{"href":"https:\/\/www.entreculturas.org\/fr\/wp-json\/wp\/v2\/media?parent=787"}],"wp:term":[{"taxonomy":"category","embeddable":true,"href":"https:\/\/www.entreculturas.org\/fr\/wp-json\/wp\/v2\/categories?post=787"},{"taxonomy":"post_tag","embeddable":true,"href":"https:\/\/www.entreculturas.org\/fr\/wp-json\/wp\/v2\/tags?post=787"}],"curies":[{"name":"wp","href":"https:\/\/api.w.org\/{rel}","templated":true}]}}