{"id":764,"date":"2022-05-09T15:09:19","date_gmt":"2022-05-09T13:09:19","guid":{"rendered":"https:\/\/www.entreculturas.org\/?post_type=xxx&#038;p=764"},"modified":"2024-09-20T09:32:36","modified_gmt":"2024-09-20T07:32:36","slug":"kits-de-la-igualdad-en-guatemala","status":"publish","type":"xxx","link":"https:\/\/www.entreculturas.org\/fr\/la-luz-de-las-ninas\/noticia\/kits-de-la-igualdad-en-guatemala\/","title":{"rendered":"Kits de la igualdad en Guatemala"},"content":{"rendered":"<p><em>\u00ab\u00a0Guatemala es una sociedad donde los patrones machistas tienen un fuerte arraigo cultural. Son muchas las personas que consideran a la educaci\u00f3n como algo exclusivo de hombres porque son ellos quienes \u201cmantienen a sus esposas y familias\u201d mientras la esposa cuida de los hijos y el hogar porque es ella quien debe quedarse en casa\u2026 siempre\u00a0\u00bb. <\/em>Christian Z\u00fa\u00f1iga, Comunicador de Fe y Alegr\u00eda Guatemala.<\/p>\n<p>El papel de Fe y Alegr\u00eda es fundamental para el cambio de mentalidad de las comunidades guatemaltecas, por ello es importante la actualizaci\u00f3n del discurso para preparar consecuentemente a sus <strong><em>Promotores\/as de la Igualdad.<\/em> <\/strong>Son estas personas quienes tienen la misi\u00f3n de ser inspiraci\u00f3n en una sociedad guatemalteca tan golpeada por la discriminaci\u00f3n de g\u00e9nero. Este esfuerzo busca crear espacios de discusi\u00f3n, vinculaci\u00f3n y empat\u00eda en torno a la desigualdad de g\u00e9nero que afecta al pa\u00eds.<\/p>\n<p><strong>\u201cPrimero debemos cambiar nosotros para despu\u00e9s poder cambiar nuestro entorno\u201d<\/strong><\/p>\n<p>El programa de La LUZ de las NI\u00d1AS, dentro del marco del d\u00eda internacional de la mujer del 8 marzo promovi\u00f3 durante todo el mes de marzo y en todas las comunidades educativas de Fe y Alegr\u00eda, la reflexi\u00f3n de los problemas m\u00e1s arraigados respecto a la violencia y desigualdad de g\u00e9nero.<\/p>\n<p>Agentes Transformadores, Ni\u00f1as Colibr\u00edes y J\u00f3venes Protagonistas recibieron un kit que los identifica como <strong><em>Promotores\/as por la Igualdad de Fe y Alegr\u00eda<\/em><\/strong>. Dicho Kit, adem\u00e1s de inspirar busca informar y motivar el cambio individual para promover espacios m\u00e1s justos, din\u00e1micos e igualitarios en todos sus entornos.<\/p>\n<p><strong>\u00bfQu\u00e9 contiene el Kit?<\/strong><\/p>\n<p>-Pulsera: dependiendo de su rol, cada persona recibi\u00f3 una pulsera con un color distintivo. Rojo, colaboradores\/as; blanco, j\u00f3venes l\u00edderes; amarillo, j\u00f3venes lideresas (Ni\u00f1as Colibr\u00edes).<\/p>\n<p>-Llavero: un llavero linterna con la leyenda de refuerzo \u201cHagamos que su Luz Brille\u201d.<\/p>\n<p>-Resumen ilustrado: resumen impreso que sintetiza la situaci\u00f3n actual del pa\u00eds y que los llama a informarse, reflexionar, alzar su voz y a actuar.<\/p>\n<p>-Playera: dise\u00f1o juvenil con la leyenda \u201cLa educaci\u00f3n contribuye a mantener a las ni\u00f1as SANAS Y SALVAS\u201d<\/p>\n<p>-Hoja informativa: en ella se explica el motivo del kit que promueve el involucramiento de las personas al hacerse parte de la campa\u00f1a digital en redes sociales a trav\u00e9s de la etiqueta #LasQueremosSANASYSALVAS<\/p>\n<p>El compromiso y respuesta de la comunidad nacional de Fe y Alegr\u00eda en torno a la din\u00e1mica fue m\u00e1s que favorable, se abrieron varios focos de discusi\u00f3n en cada uno de los 56 centros educativos del pa\u00eds en conmemoraci\u00f3n del 8 de marzo y en todos, las personas colaboradoras y alumnos y alumnas prestaron su atenci\u00f3n y empat\u00eda para opinar sobre el tema. Cada centro educativo busc\u00f3 la manera de hacerse notar y de manera creativa lograron que m\u00e1s personas conocieran sobre las situaciones desfavorables causadas por las distintas violencias de g\u00e9nero.<\/p>\n<p>La visibilizaci\u00f3n de las injusticias mediante campa\u00f1as de comunicaci\u00f3n son fundamentales para cambiar la orientaci\u00f3n de pensamiento de las sociedades con culturas machistas como la guatemalteca, sin embargo, no son esencialmente las \u00fanicas que promueven cambios en las sociedades. El cambio se promueve con el ejemplo y es bajo esa premisa que se motivan los cambios dentro del movimiento de Fe y Alegr\u00eda para luego cambiar la percepci\u00f3n de la sociedad.<\/p>\n<p><img decoding=\"async\" class=\"alignnone wp-image-766 size-large\" src=\"https:\/\/www.entreculturas.org\/wp-content\/uploads\/2022\/05\/LDN-2-1024x768.jpg\" alt=\"\" width=\"1024\" height=\"768\" srcset=\"https:\/\/www.entreculturas.org\/wp-content\/uploads\/2022\/05\/LDN-2-1024x768.jpg 1024w, https:\/\/www.entreculturas.org\/wp-content\/uploads\/2022\/05\/LDN-2-300x225.jpg 300w, https:\/\/www.entreculturas.org\/wp-content\/uploads\/2022\/05\/LDN-2-768x576.jpg 768w, https:\/\/www.entreculturas.org\/wp-content\/uploads\/2022\/05\/LDN-2-1536x1153.jpg 1536w, https:\/\/www.entreculturas.org\/wp-content\/uploads\/2022\/05\/LDN-2.jpg 1599w\" sizes=\"(max-width: 1024px) 100vw, 1024px\" \/><\/p>\n","protected":false},"excerpt":{"rendered":"<p>\u00ab\u00a0Guatemala es una sociedad donde los patrones machistas tienen un fuerte arraigo cultural. Son muchas las personas que consideran a la educaci\u00f3n como algo exclusivo de hombres porque son ellos quienes \u201cmantienen a sus esposas y familias\u201d mientras la esposa cuida de los hijos y el hogar porque es ella quien debe quedarse en casa\u2026 siempre\u00a0\u00bb. Christian Z\u00fa\u00f1iga, Comunicador de Fe y Alegr\u00eda Guatemala. El papel de Fe y Alegr\u00eda es fundamental para el cambio de mentalidad de las comunidades guatemaltecas, por ello es importante la actualizaci\u00f3n del discurso para preparar consecuentemente a sus Promotores\/as de la Igualdad. Son estas personas quienes tienen la misi\u00f3n de ser inspiraci\u00f3n en una sociedad guatemalteca tan golpeada por la discriminaci\u00f3n de g\u00e9nero. Este esfuerzo busca crear espacios de discusi\u00f3n, vinculaci\u00f3n y empat\u00eda en torno a la desigualdad de g\u00e9nero que afecta al pa\u00eds. \u201cPrimero debemos cambiar nosotros para despu\u00e9s poder cambiar nuestro entorno\u201d [&hellip;]<\/p>\n","protected":false},"featured_media":765,"template":"wp-custom-template-noticias-la-luz-de-las-ninas-2","meta":{"_acf_changed":false},"categories":[7],"tags":[],"class_list":["post-764","xxx","type-xxx","status-publish","has-post-thumbnail","hentry","category-noticia"],"acf":[],"yoast_head":"<!-- This site is optimized with the Yoast SEO Premium plugin v21.6 (Yoast SEO v27.5) - https:\/\/yoast.com\/product\/yoast-seo-premium-wordpress\/ -->\n<title>Kits de la igualdad en Guatemala - Entreculturas<\/title>\n<meta name=\"robots\" content=\"index, follow, max-snippet:-1, max-image-preview:large, max-video-preview:-1\" \/>\n<link rel=\"canonical\" href=\"https:\/\/www.entreculturas.org\/fr\/la-luz-de-las-ninas\/noticia\/kits-de-la-igualdad-en-guatemala\/\" \/>\n<meta property=\"og:locale\" content=\"fr_FR\" \/>\n<meta property=\"og:type\" content=\"article\" \/>\n<meta property=\"og:title\" content=\"Kits de la igualdad en Guatemala\" \/>\n<meta property=\"og:description\" content=\"\u00ab\u00a0Guatemala es una sociedad donde los patrones machistas tienen un fuerte arraigo cultural. Son muchas las personas que consideran a la educaci\u00f3n como algo exclusivo de hombres porque son ellos quienes \u201cmantienen a sus esposas y familias\u201d mientras la esposa cuida de los hijos y el hogar porque es ella quien debe quedarse en casa\u2026 siempre\u00a0\u00bb. Christian Z\u00fa\u00f1iga, Comunicador de Fe y Alegr\u00eda Guatemala. El papel de Fe y Alegr\u00eda es fundamental para el cambio de mentalidad de las comunidades guatemaltecas, por ello es importante la actualizaci\u00f3n del discurso para preparar consecuentemente a sus Promotores\/as de la Igualdad. Son estas personas quienes tienen la misi\u00f3n de ser inspiraci\u00f3n en una sociedad guatemalteca tan golpeada por la discriminaci\u00f3n de g\u00e9nero. Este esfuerzo busca crear espacios de discusi\u00f3n, vinculaci\u00f3n y empat\u00eda en torno a la desigualdad de g\u00e9nero que afecta al pa\u00eds. \u201cPrimero debemos cambiar nosotros para despu\u00e9s poder cambiar nuestro entorno\u201d [&hellip;]\" \/>\n<meta property=\"og:url\" content=\"https:\/\/www.entreculturas.org\/fr\/la-luz-de-las-ninas\/noticia\/kits-de-la-igualdad-en-guatemala\/\" \/>\n<meta property=\"og:site_name\" content=\"Entreculturas\" \/>\n<meta property=\"article:publisher\" content=\"https:\/\/www.facebook.com\/entreculturas\" \/>\n<meta property=\"article:modified_time\" content=\"2024-09-20T07:32:36+00:00\" \/>\n<meta property=\"og:image\" content=\"https:\/\/www.entreculturas.org\/wp-content\/uploads\/2022\/05\/IMG_20220304_121007-scaled-1.jpg\" \/>\n\t<meta property=\"og:image:width\" content=\"2560\" \/>\n\t<meta property=\"og:image:height\" content=\"1920\" \/>\n\t<meta property=\"og:image:type\" content=\"image\/jpeg\" \/>\n<meta name=\"twitter:card\" content=\"summary_large_image\" \/>\n<meta name=\"twitter:site\" content=\"@Entreculturas\" \/>\n<script type=\"application\/ld+json\" class=\"yoast-schema-graph\">{\"@context\":\"https:\\\/\\\/schema.org\",\"@graph\":[{\"@type\":\"WebPage\",\"@id\":\"https:\\\/\\\/www.entreculturas.org\\\/fr\\\/la-luz-de-las-ninas\\\/noticia\\\/kits-de-la-igualdad-en-guatemala\\\/\",\"url\":\"https:\\\/\\\/www.entreculturas.org\\\/fr\\\/la-luz-de-las-ninas\\\/noticia\\\/kits-de-la-igualdad-en-guatemala\\\/\",\"name\":\"Kits de la igualdad en Guatemala - Entreculturas\",\"isPartOf\":{\"@id\":\"https:\\\/\\\/www.entreculturas.org\\\/fr\\\/#website\"},\"primaryImageOfPage\":{\"@id\":\"https:\\\/\\\/www.entreculturas.org\\\/fr\\\/la-luz-de-las-ninas\\\/noticia\\\/kits-de-la-igualdad-en-guatemala\\\/#primaryimage\"},\"image\":{\"@id\":\"https:\\\/\\\/www.entreculturas.org\\\/fr\\\/la-luz-de-las-ninas\\\/noticia\\\/kits-de-la-igualdad-en-guatemala\\\/#primaryimage\"},\"thumbnailUrl\":\"https:\\\/\\\/www.entreculturas.org\\\/wp-content\\\/uploads\\\/2022\\\/05\\\/IMG_20220304_121007-scaled-1.jpg\",\"datePublished\":\"2022-05-09T13:09:19+00:00\",\"dateModified\":\"2024-09-20T07:32:36+00:00\",\"breadcrumb\":{\"@id\":\"https:\\\/\\\/www.entreculturas.org\\\/fr\\\/la-luz-de-las-ninas\\\/noticia\\\/kits-de-la-igualdad-en-guatemala\\\/#breadcrumb\"},\"inLanguage\":\"fr-FR\",\"potentialAction\":[{\"@type\":\"ReadAction\",\"target\":[\"https:\\\/\\\/www.entreculturas.org\\\/fr\\\/la-luz-de-las-ninas\\\/noticia\\\/kits-de-la-igualdad-en-guatemala\\\/\"]}]},{\"@type\":\"ImageObject\",\"inLanguage\":\"fr-FR\",\"@id\":\"https:\\\/\\\/www.entreculturas.org\\\/fr\\\/la-luz-de-las-ninas\\\/noticia\\\/kits-de-la-igualdad-en-guatemala\\\/#primaryimage\",\"url\":\"https:\\\/\\\/www.entreculturas.org\\\/wp-content\\\/uploads\\\/2022\\\/05\\\/IMG_20220304_121007-scaled-1.jpg\",\"contentUrl\":\"https:\\\/\\\/www.entreculturas.org\\\/wp-content\\\/uploads\\\/2022\\\/05\\\/IMG_20220304_121007-scaled-1.jpg\",\"width\":2560,\"height\":1920},{\"@type\":\"BreadcrumbList\",\"@id\":\"https:\\\/\\\/www.entreculturas.org\\\/fr\\\/la-luz-de-las-ninas\\\/noticia\\\/kits-de-la-igualdad-en-guatemala\\\/#breadcrumb\",\"itemListElement\":[{\"@type\":\"ListItem\",\"position\":1,\"name\":\"Home\",\"item\":\"https:\\\/\\\/www.entreculturas.org\\\/fr\\\/\"},{\"@type\":\"ListItem\",\"position\":2,\"name\":\"Noticias LLDLN\",\"item\":\"https:\\\/\\\/www.entreculturas.org\\\/fr\\\/noticias-la-luz-de-las-ninas\\\/\"},{\"@type\":\"ListItem\",\"position\":3,\"name\":\"Kits de la igualdad en Guatemala\"}]},{\"@type\":\"WebSite\",\"@id\":\"https:\\\/\\\/www.entreculturas.org\\\/fr\\\/#website\",\"url\":\"https:\\\/\\\/www.entreculturas.org\\\/fr\\\/\",\"name\":\"Entreculturas\",\"description\":\"\",\"publisher\":{\"@id\":\"https:\\\/\\\/www.entreculturas.org\\\/fr\\\/#organization\"},\"alternateName\":\"Entreculturas\",\"potentialAction\":[{\"@type\":\"SearchAction\",\"target\":{\"@type\":\"EntryPoint\",\"urlTemplate\":\"https:\\\/\\\/www.entreculturas.org\\\/fr\\\/?s={search_term_string}\"},\"query-input\":{\"@type\":\"PropertyValueSpecification\",\"valueRequired\":true,\"valueName\":\"search_term_string\"}}],\"inLanguage\":\"fr-FR\"},{\"@type\":\"Organization\",\"@id\":\"https:\\\/\\\/www.entreculturas.org\\\/fr\\\/#organization\",\"name\":\"Entreculturas\",\"url\":\"https:\\\/\\\/www.entreculturas.org\\\/fr\\\/\",\"logo\":{\"@type\":\"ImageObject\",\"inLanguage\":\"fr-FR\",\"@id\":\"https:\\\/\\\/www.entreculturas.org\\\/fr\\\/#\\\/schema\\\/logo\\\/image\\\/\",\"url\":\"https:\\\/\\\/www.entreculturas.org\\\/wp-content\\\/uploads\\\/2025\\\/10\\\/ESP.svg\",\"contentUrl\":\"https:\\\/\\\/www.entreculturas.org\\\/wp-content\\\/uploads\\\/2025\\\/10\\\/ESP.svg\",\"caption\":\"Entreculturas\"},\"image\":{\"@id\":\"https:\\\/\\\/www.entreculturas.org\\\/fr\\\/#\\\/schema\\\/logo\\\/image\\\/\"},\"sameAs\":[\"https:\\\/\\\/www.facebook.com\\\/entreculturas\",\"https:\\\/\\\/x.com\\\/Entreculturas\",\"https:\\\/\\\/www.instagram.com\\\/entreculturas\\\/\",\"https:\\\/\\\/www.youtube.com\\\/user\\\/entreculturasvideo\",\"https:\\\/\\\/www.linkedin.com\\\/company\\\/fundacion-entreculturas-ngdo\\\/\",\"https:\\\/\\\/www.flickr.com\\\/photos\\\/98455522@N04\\\/albums\\\/\"]}]}<\/script>\n<!-- \/ Yoast SEO Premium plugin. -->","yoast_head_json":{"title":"Kits de la igualdad en Guatemala - Entreculturas","robots":{"index":"index","follow":"follow","max-snippet":"max-snippet:-1","max-image-preview":"max-image-preview:large","max-video-preview":"max-video-preview:-1"},"canonical":"https:\/\/www.entreculturas.org\/fr\/la-luz-de-las-ninas\/noticia\/kits-de-la-igualdad-en-guatemala\/","og_locale":"fr_FR","og_type":"article","og_title":"Kits de la igualdad en Guatemala","og_description":"\u00ab\u00a0Guatemala es una sociedad donde los patrones machistas tienen un fuerte arraigo cultural. Son muchas las personas que consideran a la educaci\u00f3n como algo exclusivo de hombres porque son ellos quienes \u201cmantienen a sus esposas y familias\u201d mientras la esposa cuida de los hijos y el hogar porque es ella quien debe quedarse en casa\u2026 siempre\u00a0\u00bb. Christian Z\u00fa\u00f1iga, Comunicador de Fe y Alegr\u00eda Guatemala. El papel de Fe y Alegr\u00eda es fundamental para el cambio de mentalidad de las comunidades guatemaltecas, por ello es importante la actualizaci\u00f3n del discurso para preparar consecuentemente a sus Promotores\/as de la Igualdad. Son estas personas quienes tienen la misi\u00f3n de ser inspiraci\u00f3n en una sociedad guatemalteca tan golpeada por la discriminaci\u00f3n de g\u00e9nero. Este esfuerzo busca crear espacios de discusi\u00f3n, vinculaci\u00f3n y empat\u00eda en torno a la desigualdad de g\u00e9nero que afecta al pa\u00eds. \u201cPrimero debemos cambiar nosotros para despu\u00e9s poder cambiar nuestro entorno\u201d [&hellip;]","og_url":"https:\/\/www.entreculturas.org\/fr\/la-luz-de-las-ninas\/noticia\/kits-de-la-igualdad-en-guatemala\/","og_site_name":"Entreculturas","article_publisher":"https:\/\/www.facebook.com\/entreculturas","article_modified_time":"2024-09-20T07:32:36+00:00","og_image":[{"width":2560,"height":1920,"url":"https:\/\/www.entreculturas.org\/wp-content\/uploads\/2022\/05\/IMG_20220304_121007-scaled-1.jpg","type":"image\/jpeg"}],"twitter_card":"summary_large_image","twitter_site":"@Entreculturas","schema":{"@context":"https:\/\/schema.org","@graph":[{"@type":"WebPage","@id":"https:\/\/www.entreculturas.org\/fr\/la-luz-de-las-ninas\/noticia\/kits-de-la-igualdad-en-guatemala\/","url":"https:\/\/www.entreculturas.org\/fr\/la-luz-de-las-ninas\/noticia\/kits-de-la-igualdad-en-guatemala\/","name":"Kits de la igualdad en Guatemala - Entreculturas","isPartOf":{"@id":"https:\/\/www.entreculturas.org\/fr\/#website"},"primaryImageOfPage":{"@id":"https:\/\/www.entreculturas.org\/fr\/la-luz-de-las-ninas\/noticia\/kits-de-la-igualdad-en-guatemala\/#primaryimage"},"image":{"@id":"https:\/\/www.entreculturas.org\/fr\/la-luz-de-las-ninas\/noticia\/kits-de-la-igualdad-en-guatemala\/#primaryimage"},"thumbnailUrl":"https:\/\/www.entreculturas.org\/wp-content\/uploads\/2022\/05\/IMG_20220304_121007-scaled-1.jpg","datePublished":"2022-05-09T13:09:19+00:00","dateModified":"2024-09-20T07:32:36+00:00","breadcrumb":{"@id":"https:\/\/www.entreculturas.org\/fr\/la-luz-de-las-ninas\/noticia\/kits-de-la-igualdad-en-guatemala\/#breadcrumb"},"inLanguage":"fr-FR","potentialAction":[{"@type":"ReadAction","target":["https:\/\/www.entreculturas.org\/fr\/la-luz-de-las-ninas\/noticia\/kits-de-la-igualdad-en-guatemala\/"]}]},{"@type":"ImageObject","inLanguage":"fr-FR","@id":"https:\/\/www.entreculturas.org\/fr\/la-luz-de-las-ninas\/noticia\/kits-de-la-igualdad-en-guatemala\/#primaryimage","url":"https:\/\/www.entreculturas.org\/wp-content\/uploads\/2022\/05\/IMG_20220304_121007-scaled-1.jpg","contentUrl":"https:\/\/www.entreculturas.org\/wp-content\/uploads\/2022\/05\/IMG_20220304_121007-scaled-1.jpg","width":2560,"height":1920},{"@type":"BreadcrumbList","@id":"https:\/\/www.entreculturas.org\/fr\/la-luz-de-las-ninas\/noticia\/kits-de-la-igualdad-en-guatemala\/#breadcrumb","itemListElement":[{"@type":"ListItem","position":1,"name":"Home","item":"https:\/\/www.entreculturas.org\/fr\/"},{"@type":"ListItem","position":2,"name":"Noticias LLDLN","item":"https:\/\/www.entreculturas.org\/fr\/noticias-la-luz-de-las-ninas\/"},{"@type":"ListItem","position":3,"name":"Kits de la igualdad en Guatemala"}]},{"@type":"WebSite","@id":"https:\/\/www.entreculturas.org\/fr\/#website","url":"https:\/\/www.entreculturas.org\/fr\/","name":"Entreculturas","description":"","publisher":{"@id":"https:\/\/www.entreculturas.org\/fr\/#organization"},"alternateName":"Entreculturas","potentialAction":[{"@type":"SearchAction","target":{"@type":"EntryPoint","urlTemplate":"https:\/\/www.entreculturas.org\/fr\/?s={search_term_string}"},"query-input":{"@type":"PropertyValueSpecification","valueRequired":true,"valueName":"search_term_string"}}],"inLanguage":"fr-FR"},{"@type":"Organization","@id":"https:\/\/www.entreculturas.org\/fr\/#organization","name":"Entreculturas","url":"https:\/\/www.entreculturas.org\/fr\/","logo":{"@type":"ImageObject","inLanguage":"fr-FR","@id":"https:\/\/www.entreculturas.org\/fr\/#\/schema\/logo\/image\/","url":"https:\/\/www.entreculturas.org\/wp-content\/uploads\/2025\/10\/ESP.svg","contentUrl":"https:\/\/www.entreculturas.org\/wp-content\/uploads\/2025\/10\/ESP.svg","caption":"Entreculturas"},"image":{"@id":"https:\/\/www.entreculturas.org\/fr\/#\/schema\/logo\/image\/"},"sameAs":["https:\/\/www.facebook.com\/entreculturas","https:\/\/x.com\/Entreculturas","https:\/\/www.instagram.com\/entreculturas\/","https:\/\/www.youtube.com\/user\/entreculturasvideo","https:\/\/www.linkedin.com\/company\/fundacion-entreculturas-ngdo\/","https:\/\/www.flickr.com\/photos\/98455522@N04\/albums\/"]}]}},"_links":{"self":[{"href":"https:\/\/www.entreculturas.org\/fr\/wp-json\/wp\/v2\/xxx\/764","targetHints":{"allow":["GET"]}}],"collection":[{"href":"https:\/\/www.entreculturas.org\/fr\/wp-json\/wp\/v2\/xxx"}],"about":[{"href":"https:\/\/www.entreculturas.org\/fr\/wp-json\/wp\/v2\/types\/xxx"}],"wp:featuredmedia":[{"embeddable":true,"href":"https:\/\/www.entreculturas.org\/fr\/wp-json\/wp\/v2\/media\/765"}],"wp:attachment":[{"href":"https:\/\/www.entreculturas.org\/fr\/wp-json\/wp\/v2\/media?parent=764"}],"wp:term":[{"taxonomy":"category","embeddable":true,"href":"https:\/\/www.entreculturas.org\/fr\/wp-json\/wp\/v2\/categories?post=764"},{"taxonomy":"post_tag","embeddable":true,"href":"https:\/\/www.entreculturas.org\/fr\/wp-json\/wp\/v2\/tags?post=764"}],"curies":[{"name":"wp","href":"https:\/\/api.w.org\/{rel}","templated":true}]}}