{"id":698,"date":"2021-07-21T12:33:34","date_gmt":"2021-07-21T10:33:34","guid":{"rendered":"https:\/\/www.entreculturas.org\/?post_type=xxx&#038;p=698"},"modified":"2024-09-19T18:48:24","modified_gmt":"2024-09-19T16:48:24","slug":"un-te-solidario-por-los-derechos-de-las-ninas","status":"publish","type":"xxx","link":"https:\/\/www.entreculturas.org\/fr\/la-luz-de-las-ninas\/noticia\/un-te-solidario-por-los-derechos-de-las-ninas\/","title":{"rendered":"UN T\u00c9 SOLIDARIO POR LOS DERECHOS DE LAS NI\u00d1AS"},"content":{"rendered":"<p>El <strong>t\u00e9 verde de <em>camellia sinensis <\/em><\/strong>es un t\u00e9 artesanal, org\u00e1nico y ecol\u00f3gico que nace con la intenci\u00f3n de dar difusi\u00f3n y apoyo a la<strong> campa\u00f1a La LUZ de las NI\u00d1AS<\/strong> de Entreculturas.<\/p>\n<p>Este t\u00e9 ha sido fabricado con plantas del <strong>Jard\u00edn Bot\u00e1nico del Pazo Quinteiro da Cruz<\/strong>, perteneciente a <strong>Beatriz Pi\u00f1eiro Lago<\/strong>, m\u00e9dica y presidenta de la organizaci\u00f3n <em>Mulleres en igualdade de Pontevedra<\/em>. \u00a0Aromatizado con p\u00e9talos de camelia del propio jard\u00edn bot\u00e1nico del Pazo, <strong>el t\u00e9 <em>camellia sinensis <\/em>es una edici\u00f3n especial<\/strong> creada en ocasi\u00f3n del decimotercer aniversario del inicio de la plantaci\u00f3n de t\u00e9 de Quinteiro da Cruz.<\/p>\n<p>A lo largo de los siglos, la camelia ha representado el s\u00edmbolo de libertad y defensa de los derechos de las mujeres. Ahora, gracias a esta bonita iniciativa solidaria, ayudar\u00e1 a defender los derechos de millones de ni\u00f1as en todo el mundo, ya que <strong>el 30% de lo conseguido a trav\u00e9s de las ventas ir\u00e1 destinado a la campana La LUZ de las NI\u00d1AS<\/strong>.<\/p>\n<p>Por el momento, la producci\u00f3n es exclusiva y muy limitada, por lo que solo puede conseguirse en el propio <strong>Pazo Quinteiro<\/strong> <b>da Cruz, en Ribadumia (Pontevedra).<\/b><\/p>\n<p><img decoding=\"async\" class=\"alignnone size-medium\" src=\"https:\/\/www.laluzdelasninas.org\/web\/app\/uploads\/2021\/07\/pazo.jpg\" width=\"1185\" height=\"788\" \/><\/p>\n","protected":false},"excerpt":{"rendered":"<p>El t\u00e9 verde de camellia sinensis es un t\u00e9 artesanal, org\u00e1nico y ecol\u00f3gico que nace con la intenci\u00f3n de dar difusi\u00f3n y apoyo a la campa\u00f1a La LUZ de las NI\u00d1AS de Entreculturas. Este t\u00e9 ha sido fabricado con plantas del Jard\u00edn Bot\u00e1nico del Pazo Quinteiro da Cruz, perteneciente a Beatriz Pi\u00f1eiro Lago, m\u00e9dica y presidenta de la organizaci\u00f3n Mulleres en igualdade de Pontevedra. \u00a0Aromatizado con p\u00e9talos de camelia del propio jard\u00edn bot\u00e1nico del Pazo, el t\u00e9 camellia sinensis es una edici\u00f3n especial creada en ocasi\u00f3n del decimotercer aniversario del inicio de la plantaci\u00f3n de t\u00e9 de Quinteiro da Cruz. A lo largo de los siglos, la camelia ha representado el s\u00edmbolo de libertad y defensa de los derechos de las mujeres. Ahora, gracias a esta bonita iniciativa solidaria, ayudar\u00e1 a defender los derechos de millones de ni\u00f1as en todo el mundo, ya que el 30% de lo conseguido a [&hellip;]<\/p>\n","protected":false},"featured_media":699,"template":"wp-custom-template-noticias-la-luz-de-las-ninas-2","meta":{"_acf_changed":false},"categories":[7],"tags":[],"class_list":["post-698","xxx","type-xxx","status-publish","has-post-thumbnail","hentry","category-noticia"],"acf":[],"yoast_head":"<!-- This site is optimized with the Yoast SEO Premium plugin v21.6 (Yoast SEO v27.5) - https:\/\/yoast.com\/product\/yoast-seo-premium-wordpress\/ -->\n<title>UN T\u00c9 SOLIDARIO POR LOS DERECHOS DE LAS NI\u00d1AS - Entreculturas<\/title>\n<meta name=\"robots\" content=\"index, follow, max-snippet:-1, max-image-preview:large, max-video-preview:-1\" \/>\n<link rel=\"canonical\" href=\"https:\/\/www.entreculturas.org\/fr\/la-luz-de-las-ninas\/noticia\/un-te-solidario-por-los-derechos-de-las-ninas\/\" \/>\n<meta property=\"og:locale\" content=\"fr_FR\" \/>\n<meta property=\"og:type\" content=\"article\" \/>\n<meta property=\"og:title\" content=\"UN T\u00c9 SOLIDARIO POR LOS DERECHOS DE LAS NI\u00d1AS\" \/>\n<meta property=\"og:description\" content=\"El t\u00e9 verde de camellia sinensis es un t\u00e9 artesanal, org\u00e1nico y ecol\u00f3gico que nace con la intenci\u00f3n de dar difusi\u00f3n y apoyo a la campa\u00f1a La LUZ de las NI\u00d1AS de Entreculturas. Este t\u00e9 ha sido fabricado con plantas del Jard\u00edn Bot\u00e1nico del Pazo Quinteiro da Cruz, perteneciente a Beatriz Pi\u00f1eiro Lago, m\u00e9dica y presidenta de la organizaci\u00f3n Mulleres en igualdade de Pontevedra. \u00a0Aromatizado con p\u00e9talos de camelia del propio jard\u00edn bot\u00e1nico del Pazo, el t\u00e9 camellia sinensis es una edici\u00f3n especial creada en ocasi\u00f3n del decimotercer aniversario del inicio de la plantaci\u00f3n de t\u00e9 de Quinteiro da Cruz. A lo largo de los siglos, la camelia ha representado el s\u00edmbolo de libertad y defensa de los derechos de las mujeres. Ahora, gracias a esta bonita iniciativa solidaria, ayudar\u00e1 a defender los derechos de millones de ni\u00f1as en todo el mundo, ya que el 30% de lo conseguido a [&hellip;]\" \/>\n<meta property=\"og:url\" content=\"https:\/\/www.entreculturas.org\/fr\/la-luz-de-las-ninas\/noticia\/un-te-solidario-por-los-derechos-de-las-ninas\/\" \/>\n<meta property=\"og:site_name\" content=\"Entreculturas\" \/>\n<meta property=\"article:publisher\" content=\"https:\/\/www.facebook.com\/entreculturas\" \/>\n<meta property=\"article:modified_time\" content=\"2024-09-19T16:48:24+00:00\" \/>\n<meta property=\"og:image\" content=\"https:\/\/www.entreculturas.org\/wp-content\/uploads\/2021\/07\/2-1.jpeg\" \/>\n\t<meta property=\"og:image:width\" content=\"1600\" \/>\n\t<meta property=\"og:image:height\" content=\"1200\" \/>\n\t<meta property=\"og:image:type\" content=\"image\/jpeg\" \/>\n<meta name=\"twitter:card\" content=\"summary_large_image\" \/>\n<meta name=\"twitter:site\" content=\"@Entreculturas\" \/>\n<script type=\"application\/ld+json\" class=\"yoast-schema-graph\">{\"@context\":\"https:\\\/\\\/schema.org\",\"@graph\":[{\"@type\":\"WebPage\",\"@id\":\"https:\\\/\\\/www.entreculturas.org\\\/fr\\\/la-luz-de-las-ninas\\\/noticia\\\/un-te-solidario-por-los-derechos-de-las-ninas\\\/\",\"url\":\"https:\\\/\\\/www.entreculturas.org\\\/fr\\\/la-luz-de-las-ninas\\\/noticia\\\/un-te-solidario-por-los-derechos-de-las-ninas\\\/\",\"name\":\"UN T\u00c9 SOLIDARIO POR LOS DERECHOS DE LAS NI\u00d1AS - Entreculturas\",\"isPartOf\":{\"@id\":\"https:\\\/\\\/www.entreculturas.org\\\/fr\\\/#website\"},\"primaryImageOfPage\":{\"@id\":\"https:\\\/\\\/www.entreculturas.org\\\/fr\\\/la-luz-de-las-ninas\\\/noticia\\\/un-te-solidario-por-los-derechos-de-las-ninas\\\/#primaryimage\"},\"image\":{\"@id\":\"https:\\\/\\\/www.entreculturas.org\\\/fr\\\/la-luz-de-las-ninas\\\/noticia\\\/un-te-solidario-por-los-derechos-de-las-ninas\\\/#primaryimage\"},\"thumbnailUrl\":\"https:\\\/\\\/www.entreculturas.org\\\/wp-content\\\/uploads\\\/2021\\\/07\\\/2-1.jpeg\",\"datePublished\":\"2021-07-21T10:33:34+00:00\",\"dateModified\":\"2024-09-19T16:48:24+00:00\",\"breadcrumb\":{\"@id\":\"https:\\\/\\\/www.entreculturas.org\\\/fr\\\/la-luz-de-las-ninas\\\/noticia\\\/un-te-solidario-por-los-derechos-de-las-ninas\\\/#breadcrumb\"},\"inLanguage\":\"fr-FR\",\"potentialAction\":[{\"@type\":\"ReadAction\",\"target\":[\"https:\\\/\\\/www.entreculturas.org\\\/fr\\\/la-luz-de-las-ninas\\\/noticia\\\/un-te-solidario-por-los-derechos-de-las-ninas\\\/\"]}]},{\"@type\":\"ImageObject\",\"inLanguage\":\"fr-FR\",\"@id\":\"https:\\\/\\\/www.entreculturas.org\\\/fr\\\/la-luz-de-las-ninas\\\/noticia\\\/un-te-solidario-por-los-derechos-de-las-ninas\\\/#primaryimage\",\"url\":\"https:\\\/\\\/www.entreculturas.org\\\/wp-content\\\/uploads\\\/2021\\\/07\\\/2-1.jpeg\",\"contentUrl\":\"https:\\\/\\\/www.entreculturas.org\\\/wp-content\\\/uploads\\\/2021\\\/07\\\/2-1.jpeg\",\"width\":1600,\"height\":1200},{\"@type\":\"BreadcrumbList\",\"@id\":\"https:\\\/\\\/www.entreculturas.org\\\/fr\\\/la-luz-de-las-ninas\\\/noticia\\\/un-te-solidario-por-los-derechos-de-las-ninas\\\/#breadcrumb\",\"itemListElement\":[{\"@type\":\"ListItem\",\"position\":1,\"name\":\"Home\",\"item\":\"https:\\\/\\\/www.entreculturas.org\\\/fr\\\/\"},{\"@type\":\"ListItem\",\"position\":2,\"name\":\"Noticias LLDLN\",\"item\":\"https:\\\/\\\/www.entreculturas.org\\\/fr\\\/noticias-la-luz-de-las-ninas\\\/\"},{\"@type\":\"ListItem\",\"position\":3,\"name\":\"UN T\u00c9 SOLIDARIO POR LOS DERECHOS DE LAS NI\u00d1AS\"}]},{\"@type\":\"WebSite\",\"@id\":\"https:\\\/\\\/www.entreculturas.org\\\/fr\\\/#website\",\"url\":\"https:\\\/\\\/www.entreculturas.org\\\/fr\\\/\",\"name\":\"Entreculturas\",\"description\":\"\",\"publisher\":{\"@id\":\"https:\\\/\\\/www.entreculturas.org\\\/fr\\\/#organization\"},\"alternateName\":\"Entreculturas\",\"potentialAction\":[{\"@type\":\"SearchAction\",\"target\":{\"@type\":\"EntryPoint\",\"urlTemplate\":\"https:\\\/\\\/www.entreculturas.org\\\/fr\\\/?s={search_term_string}\"},\"query-input\":{\"@type\":\"PropertyValueSpecification\",\"valueRequired\":true,\"valueName\":\"search_term_string\"}}],\"inLanguage\":\"fr-FR\"},{\"@type\":\"Organization\",\"@id\":\"https:\\\/\\\/www.entreculturas.org\\\/fr\\\/#organization\",\"name\":\"Entreculturas\",\"url\":\"https:\\\/\\\/www.entreculturas.org\\\/fr\\\/\",\"logo\":{\"@type\":\"ImageObject\",\"inLanguage\":\"fr-FR\",\"@id\":\"https:\\\/\\\/www.entreculturas.org\\\/fr\\\/#\\\/schema\\\/logo\\\/image\\\/\",\"url\":\"https:\\\/\\\/www.entreculturas.org\\\/wp-content\\\/uploads\\\/2025\\\/10\\\/ESP.svg\",\"contentUrl\":\"https:\\\/\\\/www.entreculturas.org\\\/wp-content\\\/uploads\\\/2025\\\/10\\\/ESP.svg\",\"caption\":\"Entreculturas\"},\"image\":{\"@id\":\"https:\\\/\\\/www.entreculturas.org\\\/fr\\\/#\\\/schema\\\/logo\\\/image\\\/\"},\"sameAs\":[\"https:\\\/\\\/www.facebook.com\\\/entreculturas\",\"https:\\\/\\\/x.com\\\/Entreculturas\",\"https:\\\/\\\/www.instagram.com\\\/entreculturas\\\/\",\"https:\\\/\\\/www.youtube.com\\\/user\\\/entreculturasvideo\",\"https:\\\/\\\/www.linkedin.com\\\/company\\\/fundacion-entreculturas-ngdo\\\/\",\"https:\\\/\\\/www.flickr.com\\\/photos\\\/98455522@N04\\\/albums\\\/\"]}]}<\/script>\n<!-- \/ Yoast SEO Premium plugin. -->","yoast_head_json":{"title":"UN T\u00c9 SOLIDARIO POR LOS DERECHOS DE LAS NI\u00d1AS - Entreculturas","robots":{"index":"index","follow":"follow","max-snippet":"max-snippet:-1","max-image-preview":"max-image-preview:large","max-video-preview":"max-video-preview:-1"},"canonical":"https:\/\/www.entreculturas.org\/fr\/la-luz-de-las-ninas\/noticia\/un-te-solidario-por-los-derechos-de-las-ninas\/","og_locale":"fr_FR","og_type":"article","og_title":"UN T\u00c9 SOLIDARIO POR LOS DERECHOS DE LAS NI\u00d1AS","og_description":"El t\u00e9 verde de camellia sinensis es un t\u00e9 artesanal, org\u00e1nico y ecol\u00f3gico que nace con la intenci\u00f3n de dar difusi\u00f3n y apoyo a la campa\u00f1a La LUZ de las NI\u00d1AS de Entreculturas. Este t\u00e9 ha sido fabricado con plantas del Jard\u00edn Bot\u00e1nico del Pazo Quinteiro da Cruz, perteneciente a Beatriz Pi\u00f1eiro Lago, m\u00e9dica y presidenta de la organizaci\u00f3n Mulleres en igualdade de Pontevedra. \u00a0Aromatizado con p\u00e9talos de camelia del propio jard\u00edn bot\u00e1nico del Pazo, el t\u00e9 camellia sinensis es una edici\u00f3n especial creada en ocasi\u00f3n del decimotercer aniversario del inicio de la plantaci\u00f3n de t\u00e9 de Quinteiro da Cruz. A lo largo de los siglos, la camelia ha representado el s\u00edmbolo de libertad y defensa de los derechos de las mujeres. Ahora, gracias a esta bonita iniciativa solidaria, ayudar\u00e1 a defender los derechos de millones de ni\u00f1as en todo el mundo, ya que el 30% de lo conseguido a [&hellip;]","og_url":"https:\/\/www.entreculturas.org\/fr\/la-luz-de-las-ninas\/noticia\/un-te-solidario-por-los-derechos-de-las-ninas\/","og_site_name":"Entreculturas","article_publisher":"https:\/\/www.facebook.com\/entreculturas","article_modified_time":"2024-09-19T16:48:24+00:00","og_image":[{"width":1600,"height":1200,"url":"https:\/\/www.entreculturas.org\/wp-content\/uploads\/2021\/07\/2-1.jpeg","type":"image\/jpeg"}],"twitter_card":"summary_large_image","twitter_site":"@Entreculturas","schema":{"@context":"https:\/\/schema.org","@graph":[{"@type":"WebPage","@id":"https:\/\/www.entreculturas.org\/fr\/la-luz-de-las-ninas\/noticia\/un-te-solidario-por-los-derechos-de-las-ninas\/","url":"https:\/\/www.entreculturas.org\/fr\/la-luz-de-las-ninas\/noticia\/un-te-solidario-por-los-derechos-de-las-ninas\/","name":"UN T\u00c9 SOLIDARIO POR LOS DERECHOS DE LAS NI\u00d1AS - Entreculturas","isPartOf":{"@id":"https:\/\/www.entreculturas.org\/fr\/#website"},"primaryImageOfPage":{"@id":"https:\/\/www.entreculturas.org\/fr\/la-luz-de-las-ninas\/noticia\/un-te-solidario-por-los-derechos-de-las-ninas\/#primaryimage"},"image":{"@id":"https:\/\/www.entreculturas.org\/fr\/la-luz-de-las-ninas\/noticia\/un-te-solidario-por-los-derechos-de-las-ninas\/#primaryimage"},"thumbnailUrl":"https:\/\/www.entreculturas.org\/wp-content\/uploads\/2021\/07\/2-1.jpeg","datePublished":"2021-07-21T10:33:34+00:00","dateModified":"2024-09-19T16:48:24+00:00","breadcrumb":{"@id":"https:\/\/www.entreculturas.org\/fr\/la-luz-de-las-ninas\/noticia\/un-te-solidario-por-los-derechos-de-las-ninas\/#breadcrumb"},"inLanguage":"fr-FR","potentialAction":[{"@type":"ReadAction","target":["https:\/\/www.entreculturas.org\/fr\/la-luz-de-las-ninas\/noticia\/un-te-solidario-por-los-derechos-de-las-ninas\/"]}]},{"@type":"ImageObject","inLanguage":"fr-FR","@id":"https:\/\/www.entreculturas.org\/fr\/la-luz-de-las-ninas\/noticia\/un-te-solidario-por-los-derechos-de-las-ninas\/#primaryimage","url":"https:\/\/www.entreculturas.org\/wp-content\/uploads\/2021\/07\/2-1.jpeg","contentUrl":"https:\/\/www.entreculturas.org\/wp-content\/uploads\/2021\/07\/2-1.jpeg","width":1600,"height":1200},{"@type":"BreadcrumbList","@id":"https:\/\/www.entreculturas.org\/fr\/la-luz-de-las-ninas\/noticia\/un-te-solidario-por-los-derechos-de-las-ninas\/#breadcrumb","itemListElement":[{"@type":"ListItem","position":1,"name":"Home","item":"https:\/\/www.entreculturas.org\/fr\/"},{"@type":"ListItem","position":2,"name":"Noticias LLDLN","item":"https:\/\/www.entreculturas.org\/fr\/noticias-la-luz-de-las-ninas\/"},{"@type":"ListItem","position":3,"name":"UN T\u00c9 SOLIDARIO POR LOS DERECHOS DE LAS NI\u00d1AS"}]},{"@type":"WebSite","@id":"https:\/\/www.entreculturas.org\/fr\/#website","url":"https:\/\/www.entreculturas.org\/fr\/","name":"Entreculturas","description":"","publisher":{"@id":"https:\/\/www.entreculturas.org\/fr\/#organization"},"alternateName":"Entreculturas","potentialAction":[{"@type":"SearchAction","target":{"@type":"EntryPoint","urlTemplate":"https:\/\/www.entreculturas.org\/fr\/?s={search_term_string}"},"query-input":{"@type":"PropertyValueSpecification","valueRequired":true,"valueName":"search_term_string"}}],"inLanguage":"fr-FR"},{"@type":"Organization","@id":"https:\/\/www.entreculturas.org\/fr\/#organization","name":"Entreculturas","url":"https:\/\/www.entreculturas.org\/fr\/","logo":{"@type":"ImageObject","inLanguage":"fr-FR","@id":"https:\/\/www.entreculturas.org\/fr\/#\/schema\/logo\/image\/","url":"https:\/\/www.entreculturas.org\/wp-content\/uploads\/2025\/10\/ESP.svg","contentUrl":"https:\/\/www.entreculturas.org\/wp-content\/uploads\/2025\/10\/ESP.svg","caption":"Entreculturas"},"image":{"@id":"https:\/\/www.entreculturas.org\/fr\/#\/schema\/logo\/image\/"},"sameAs":["https:\/\/www.facebook.com\/entreculturas","https:\/\/x.com\/Entreculturas","https:\/\/www.instagram.com\/entreculturas\/","https:\/\/www.youtube.com\/user\/entreculturasvideo","https:\/\/www.linkedin.com\/company\/fundacion-entreculturas-ngdo\/","https:\/\/www.flickr.com\/photos\/98455522@N04\/albums\/"]}]}},"_links":{"self":[{"href":"https:\/\/www.entreculturas.org\/fr\/wp-json\/wp\/v2\/xxx\/698","targetHints":{"allow":["GET"]}}],"collection":[{"href":"https:\/\/www.entreculturas.org\/fr\/wp-json\/wp\/v2\/xxx"}],"about":[{"href":"https:\/\/www.entreculturas.org\/fr\/wp-json\/wp\/v2\/types\/xxx"}],"wp:featuredmedia":[{"embeddable":true,"href":"https:\/\/www.entreculturas.org\/fr\/wp-json\/wp\/v2\/media\/699"}],"wp:attachment":[{"href":"https:\/\/www.entreculturas.org\/fr\/wp-json\/wp\/v2\/media?parent=698"}],"wp:term":[{"taxonomy":"category","embeddable":true,"href":"https:\/\/www.entreculturas.org\/fr\/wp-json\/wp\/v2\/categories?post=698"},{"taxonomy":"post_tag","embeddable":true,"href":"https:\/\/www.entreculturas.org\/fr\/wp-json\/wp\/v2\/tags?post=698"}],"curies":[{"name":"wp","href":"https:\/\/api.w.org\/{rel}","templated":true}]}}