{"id":617,"date":"2020-10-14T12:27:22","date_gmt":"2020-10-14T10:27:22","guid":{"rendered":"https:\/\/www.entreculturas.org\/?post_type=xxx&#038;p=617"},"modified":"2024-09-19T18:41:53","modified_gmt":"2024-09-19T16:41:53","slug":"el-arbol-de-la-palabra-en-chad-un-espacio-donde-las-ninas-pueden-expresarse","status":"publish","type":"xxx","link":"https:\/\/www.entreculturas.org\/fr\/la-luz-de-las-ninas\/noticia\/el-arbol-de-la-palabra-en-chad-un-espacio-donde-las-ninas-pueden-expresarse\/","title":{"rendered":"EL \u00e1rbol de la palabra en Chad: un espacio donde las ni\u00f1as pueden expresarse"},"content":{"rendered":"<p><span style=\"font-weight: 400;\">Eliminar el matrimonio infantil y la mutilaci\u00f3n genital feminina requiere de un fuerte trabajo de toda la comunidad y, por eso, <\/span><b>es primordial que las ni\u00f1as y las mujeres comiencen a tener presencia en los espacios dedicados a la toma de decisiones<\/b><span style=\"font-weight: 400;\">.\u00a0<\/span><\/p>\n<p><b>La Luz de las Ni\u00f1as trabaja en Chad junto con Fe y Alegr\u00eda en la regi\u00f3n de Guera<\/b><span style=\"font-weight: 400;\">, una de las zonas con los \u00edndices m\u00e1s altos de matrimonio infantil y mutilaci\u00f3n genital femenina, ya que <\/span><b>en la regi\u00f3n un 67% de las ni\u00f1as son casadas antes de los 18 a\u00f1os y el 90% han sido mutiladas.<\/b><\/p>\n<p><span style=\"font-weight: 400;\">Desde Entreculturas y Fe y Alegr\u00eda, trabajamos sensibilizando a la comunidad, a trav\u00e9s de la educaci\u00f3n, para cambiar actitudes y creencias que generan violencia contra las ni\u00f1as y mujeres. Promovemos<\/span><b> el derecho a la educaci\u00f3n de las ni\u00f1as y sensibilizamos sobre las graves consecuencias de estas pr\u00e1cticas da\u00f1inas<\/b><span style=\"font-weight: 400;\">. El programa lleva a cabo otras estrategias como el refuerzo escolar de las ni\u00f1as, los clubs de seguimiento para motivarlas y acompa\u00f1arlas a nivel educativo o los espacios de participaci\u00f3n y formaci\u00f3n sobre salud sexual e higiene menstrual.<\/span><\/p>\n<p><b>Gracias al programa, hasta el 2019, la escolarizaci\u00f3n de las ni\u00f1as ven\u00eda aumentando aproximadamente en un 3%-4% cada a\u00f1o<\/b><span style=\"font-weight: 400;\"> y se hab\u00eda logrado reducir el abandono escolar. Otro de los grandes cambios ha sido el aumento de la participaci\u00f3n de ni\u00f1as y mujeres en las escuelas. Los espacios de formaci\u00f3n en salud sexual e higiene menstrual, adem\u00e1s de capacitar a ni\u00f1as y mujeres, han permitido que se hable de temas como la pubertad, la menstruaci\u00f3n y la prevenci\u00f3n de las enfermedades de transmisi\u00f3n sexual en los hogares, algo que hasta ahora era completamente tab\u00fa.<\/span><b> Poco a poco y gracias a las distintas actividades, las mujeres est\u00e1n tomando un papel cada vez m\u00e1s relevante en las escuelas.<\/b><\/p>\n<p><span style=\"font-weight: 400;\">En concreto, <\/span><b>una de estas estrategias consiste en generar espacios de participaci\u00f3n para las ni\u00f1as a trav\u00e9s de la organizaci\u00f3n de los llamados \u201cfines de semana de ni\u00f1as\u201d y los \u201cclubs de ni\u00f1as\u201d<\/b><span style=\"font-weight: 400;\">, donde las ni\u00f1as se re\u00fanen, normalmente debajo de un \u00e1rbol, y comparten y reflexionan sobre temas que les preocupan. En estos espacios, a veces, tambi\u00e9n participan otros miembros de la comunidad para concienciar sobre la importancia de la educaci\u00f3n de las ni\u00f1as y pensar conjuntamente en estrategias para promover sus derechos.<\/span><\/p>\n<p><iframe loading=\"lazy\" title=\"El \u00c1rbol de la Palabra en Mongo, Chad\" width=\"500\" height=\"281\" src=\"https:\/\/www.youtube.com\/embed\/8zi4qxOD_aM?start=4&#038;feature=oembed\" frameborder=\"0\" allow=\"accelerometer; autoplay; clipboard-write; encrypted-media; gyroscope; picture-in-picture; web-share\" referrerpolicy=\"strict-origin-when-cross-origin\" allowfullscreen><\/iframe><\/p>\n<p><span style=\"font-weight: 400;\">A pesar de estos logros, los retos son ahora a\u00fan m\u00e1s grandes. La pandemia, y la crisis socioecon\u00f3mica que ha tra\u00eddo consigo amenazan los avances alcanzados durante los \u00faltimos a\u00f1os en pos de la educaci\u00f3n de las ni\u00f1as e incrementan su exposici\u00f3n a todo tipo de violencias.\u00a0<\/span><\/p>\n<p><span style=\"font-weight: 400;\">Ante este nuevo contexto, el trabajo y acompa\u00f1amiento de Fe y Alegr\u00eda a nivel comunitario est\u00e1 siendo clave de cara a garantizar el respeto por los derechos de las ni\u00f1as, en concreto en valorar su educaci\u00f3n y en tomar conciencia de las consecuencias que tiene el abandono escolar. <\/span><b>Fe y Alegr\u00eda, a trav\u00e9s de La Luz de las Ni\u00f1as, contin\u00faa trabajando para hacer de la escuela un espacio de aprendizaje para las ni\u00f1as<\/b><span style=\"font-weight: 400;\"> y reforzar su papel en el desarrollo comunitario.<\/span><\/p>\n","protected":false},"excerpt":{"rendered":"<p>Eliminar el matrimonio infantil y la mutilaci\u00f3n genital feminina requiere de un fuerte trabajo de toda la comunidad y, por eso, es primordial que las ni\u00f1as y las mujeres comiencen a tener presencia en los espacios dedicados a la toma de decisiones.\u00a0 La Luz de las Ni\u00f1as trabaja en Chad junto con Fe y Alegr\u00eda en la regi\u00f3n de Guera, una de las zonas con los \u00edndices m\u00e1s altos de matrimonio infantil y mutilaci\u00f3n genital femenina, ya que en la regi\u00f3n un 67% de las ni\u00f1as son casadas antes de los 18 a\u00f1os y el 90% han sido mutiladas. Desde Entreculturas y Fe y Alegr\u00eda, trabajamos sensibilizando a la comunidad, a trav\u00e9s de la educaci\u00f3n, para cambiar actitudes y creencias que generan violencia contra las ni\u00f1as y mujeres. Promovemos el derecho a la educaci\u00f3n de las ni\u00f1as y sensibilizamos sobre las graves consecuencias de estas pr\u00e1cticas da\u00f1inas. El programa lleva [&hellip;]<\/p>\n","protected":false},"featured_media":619,"template":"wp-custom-template-noticias-la-luz-de-las-ninas-2","meta":{"_acf_changed":false},"categories":[7],"tags":[],"class_list":["post-617","xxx","type-xxx","status-publish","has-post-thumbnail","hentry","category-noticia"],"acf":[],"yoast_head":"<!-- This site is optimized with the Yoast SEO Premium plugin v21.6 (Yoast SEO v27.5) - https:\/\/yoast.com\/product\/yoast-seo-premium-wordpress\/ -->\n<title>EL \u00e1rbol de la palabra en Chad: un espacio donde las ni\u00f1as pueden expresarse - Entreculturas<\/title>\n<meta name=\"robots\" content=\"index, follow, max-snippet:-1, max-image-preview:large, max-video-preview:-1\" \/>\n<link rel=\"canonical\" href=\"https:\/\/www.entreculturas.org\/fr\/la-luz-de-las-ninas\/noticia\/el-arbol-de-la-palabra-en-chad-un-espacio-donde-las-ninas-pueden-expresarse\/\" \/>\n<meta property=\"og:locale\" content=\"fr_FR\" \/>\n<meta property=\"og:type\" content=\"article\" \/>\n<meta property=\"og:title\" content=\"EL \u00e1rbol de la palabra en Chad: un espacio donde las ni\u00f1as pueden expresarse\" \/>\n<meta property=\"og:description\" content=\"Eliminar el matrimonio infantil y la mutilaci\u00f3n genital feminina requiere de un fuerte trabajo de toda la comunidad y, por eso, es primordial que las ni\u00f1as y las mujeres comiencen a tener presencia en los espacios dedicados a la toma de decisiones.\u00a0 La Luz de las Ni\u00f1as trabaja en Chad junto con Fe y Alegr\u00eda en la regi\u00f3n de Guera, una de las zonas con los \u00edndices m\u00e1s altos de matrimonio infantil y mutilaci\u00f3n genital femenina, ya que en la regi\u00f3n un 67% de las ni\u00f1as son casadas antes de los 18 a\u00f1os y el 90% han sido mutiladas. Desde Entreculturas y Fe y Alegr\u00eda, trabajamos sensibilizando a la comunidad, a trav\u00e9s de la educaci\u00f3n, para cambiar actitudes y creencias que generan violencia contra las ni\u00f1as y mujeres. Promovemos el derecho a la educaci\u00f3n de las ni\u00f1as y sensibilizamos sobre las graves consecuencias de estas pr\u00e1cticas da\u00f1inas. El programa lleva [&hellip;]\" \/>\n<meta property=\"og:url\" content=\"https:\/\/www.entreculturas.org\/fr\/la-luz-de-las-ninas\/noticia\/el-arbol-de-la-palabra-en-chad-un-espacio-donde-las-ninas-pueden-expresarse\/\" \/>\n<meta property=\"og:site_name\" content=\"Entreculturas\" \/>\n<meta property=\"article:publisher\" content=\"https:\/\/www.facebook.com\/entreculturas\" \/>\n<meta property=\"article:modified_time\" content=\"2024-09-19T16:41:53+00:00\" \/>\n<meta property=\"og:image\" content=\"https:\/\/www.entreculturas.org\/wp-content\/uploads\/2020\/10\/Hapsa-1.jpeg\" \/>\n\t<meta property=\"og:image:width\" content=\"1024\" \/>\n\t<meta property=\"og:image:height\" content=\"683\" \/>\n\t<meta property=\"og:image:type\" content=\"image\/jpeg\" \/>\n<meta name=\"twitter:card\" content=\"summary_large_image\" \/>\n<meta name=\"twitter:site\" content=\"@Entreculturas\" \/>\n<script type=\"application\/ld+json\" class=\"yoast-schema-graph\">{\"@context\":\"https:\\\/\\\/schema.org\",\"@graph\":[{\"@type\":\"WebPage\",\"@id\":\"https:\\\/\\\/www.entreculturas.org\\\/fr\\\/la-luz-de-las-ninas\\\/noticia\\\/el-arbol-de-la-palabra-en-chad-un-espacio-donde-las-ninas-pueden-expresarse\\\/\",\"url\":\"https:\\\/\\\/www.entreculturas.org\\\/fr\\\/la-luz-de-las-ninas\\\/noticia\\\/el-arbol-de-la-palabra-en-chad-un-espacio-donde-las-ninas-pueden-expresarse\\\/\",\"name\":\"EL \u00e1rbol de la palabra en Chad: un espacio donde las ni\u00f1as pueden expresarse - Entreculturas\",\"isPartOf\":{\"@id\":\"https:\\\/\\\/www.entreculturas.org\\\/fr\\\/#website\"},\"primaryImageOfPage\":{\"@id\":\"https:\\\/\\\/www.entreculturas.org\\\/fr\\\/la-luz-de-las-ninas\\\/noticia\\\/el-arbol-de-la-palabra-en-chad-un-espacio-donde-las-ninas-pueden-expresarse\\\/#primaryimage\"},\"image\":{\"@id\":\"https:\\\/\\\/www.entreculturas.org\\\/fr\\\/la-luz-de-las-ninas\\\/noticia\\\/el-arbol-de-la-palabra-en-chad-un-espacio-donde-las-ninas-pueden-expresarse\\\/#primaryimage\"},\"thumbnailUrl\":\"https:\\\/\\\/www.entreculturas.org\\\/wp-content\\\/uploads\\\/2020\\\/10\\\/Hapsa-1.jpeg\",\"datePublished\":\"2020-10-14T10:27:22+00:00\",\"dateModified\":\"2024-09-19T16:41:53+00:00\",\"breadcrumb\":{\"@id\":\"https:\\\/\\\/www.entreculturas.org\\\/fr\\\/la-luz-de-las-ninas\\\/noticia\\\/el-arbol-de-la-palabra-en-chad-un-espacio-donde-las-ninas-pueden-expresarse\\\/#breadcrumb\"},\"inLanguage\":\"fr-FR\",\"potentialAction\":[{\"@type\":\"ReadAction\",\"target\":[\"https:\\\/\\\/www.entreculturas.org\\\/fr\\\/la-luz-de-las-ninas\\\/noticia\\\/el-arbol-de-la-palabra-en-chad-un-espacio-donde-las-ninas-pueden-expresarse\\\/\"]}]},{\"@type\":\"ImageObject\",\"inLanguage\":\"fr-FR\",\"@id\":\"https:\\\/\\\/www.entreculturas.org\\\/fr\\\/la-luz-de-las-ninas\\\/noticia\\\/el-arbol-de-la-palabra-en-chad-un-espacio-donde-las-ninas-pueden-expresarse\\\/#primaryimage\",\"url\":\"https:\\\/\\\/www.entreculturas.org\\\/wp-content\\\/uploads\\\/2020\\\/10\\\/Hapsa-1.jpeg\",\"contentUrl\":\"https:\\\/\\\/www.entreculturas.org\\\/wp-content\\\/uploads\\\/2020\\\/10\\\/Hapsa-1.jpeg\",\"width\":1024,\"height\":683},{\"@type\":\"BreadcrumbList\",\"@id\":\"https:\\\/\\\/www.entreculturas.org\\\/fr\\\/la-luz-de-las-ninas\\\/noticia\\\/el-arbol-de-la-palabra-en-chad-un-espacio-donde-las-ninas-pueden-expresarse\\\/#breadcrumb\",\"itemListElement\":[{\"@type\":\"ListItem\",\"position\":1,\"name\":\"Home\",\"item\":\"https:\\\/\\\/www.entreculturas.org\\\/fr\\\/\"},{\"@type\":\"ListItem\",\"position\":2,\"name\":\"Noticias LLDLN\",\"item\":\"https:\\\/\\\/www.entreculturas.org\\\/fr\\\/noticias-la-luz-de-las-ninas\\\/\"},{\"@type\":\"ListItem\",\"position\":3,\"name\":\"EL \u00e1rbol de la palabra en Chad: un espacio donde las ni\u00f1as pueden expresarse\"}]},{\"@type\":\"WebSite\",\"@id\":\"https:\\\/\\\/www.entreculturas.org\\\/fr\\\/#website\",\"url\":\"https:\\\/\\\/www.entreculturas.org\\\/fr\\\/\",\"name\":\"Entreculturas\",\"description\":\"\",\"publisher\":{\"@id\":\"https:\\\/\\\/www.entreculturas.org\\\/fr\\\/#organization\"},\"alternateName\":\"Entreculturas\",\"potentialAction\":[{\"@type\":\"SearchAction\",\"target\":{\"@type\":\"EntryPoint\",\"urlTemplate\":\"https:\\\/\\\/www.entreculturas.org\\\/fr\\\/?s={search_term_string}\"},\"query-input\":{\"@type\":\"PropertyValueSpecification\",\"valueRequired\":true,\"valueName\":\"search_term_string\"}}],\"inLanguage\":\"fr-FR\"},{\"@type\":\"Organization\",\"@id\":\"https:\\\/\\\/www.entreculturas.org\\\/fr\\\/#organization\",\"name\":\"Entreculturas\",\"url\":\"https:\\\/\\\/www.entreculturas.org\\\/fr\\\/\",\"logo\":{\"@type\":\"ImageObject\",\"inLanguage\":\"fr-FR\",\"@id\":\"https:\\\/\\\/www.entreculturas.org\\\/fr\\\/#\\\/schema\\\/logo\\\/image\\\/\",\"url\":\"https:\\\/\\\/www.entreculturas.org\\\/wp-content\\\/uploads\\\/2025\\\/10\\\/ESP.svg\",\"contentUrl\":\"https:\\\/\\\/www.entreculturas.org\\\/wp-content\\\/uploads\\\/2025\\\/10\\\/ESP.svg\",\"caption\":\"Entreculturas\"},\"image\":{\"@id\":\"https:\\\/\\\/www.entreculturas.org\\\/fr\\\/#\\\/schema\\\/logo\\\/image\\\/\"},\"sameAs\":[\"https:\\\/\\\/www.facebook.com\\\/entreculturas\",\"https:\\\/\\\/x.com\\\/Entreculturas\",\"https:\\\/\\\/www.instagram.com\\\/entreculturas\\\/\",\"https:\\\/\\\/www.youtube.com\\\/user\\\/entreculturasvideo\",\"https:\\\/\\\/www.linkedin.com\\\/company\\\/fundacion-entreculturas-ngdo\\\/\",\"https:\\\/\\\/www.flickr.com\\\/photos\\\/98455522@N04\\\/albums\\\/\"]}]}<\/script>\n<!-- \/ Yoast SEO Premium plugin. -->","yoast_head_json":{"title":"EL \u00e1rbol de la palabra en Chad: un espacio donde las ni\u00f1as pueden expresarse - Entreculturas","robots":{"index":"index","follow":"follow","max-snippet":"max-snippet:-1","max-image-preview":"max-image-preview:large","max-video-preview":"max-video-preview:-1"},"canonical":"https:\/\/www.entreculturas.org\/fr\/la-luz-de-las-ninas\/noticia\/el-arbol-de-la-palabra-en-chad-un-espacio-donde-las-ninas-pueden-expresarse\/","og_locale":"fr_FR","og_type":"article","og_title":"EL \u00e1rbol de la palabra en Chad: un espacio donde las ni\u00f1as pueden expresarse","og_description":"Eliminar el matrimonio infantil y la mutilaci\u00f3n genital feminina requiere de un fuerte trabajo de toda la comunidad y, por eso, es primordial que las ni\u00f1as y las mujeres comiencen a tener presencia en los espacios dedicados a la toma de decisiones.\u00a0 La Luz de las Ni\u00f1as trabaja en Chad junto con Fe y Alegr\u00eda en la regi\u00f3n de Guera, una de las zonas con los \u00edndices m\u00e1s altos de matrimonio infantil y mutilaci\u00f3n genital femenina, ya que en la regi\u00f3n un 67% de las ni\u00f1as son casadas antes de los 18 a\u00f1os y el 90% han sido mutiladas. Desde Entreculturas y Fe y Alegr\u00eda, trabajamos sensibilizando a la comunidad, a trav\u00e9s de la educaci\u00f3n, para cambiar actitudes y creencias que generan violencia contra las ni\u00f1as y mujeres. Promovemos el derecho a la educaci\u00f3n de las ni\u00f1as y sensibilizamos sobre las graves consecuencias de estas pr\u00e1cticas da\u00f1inas. El programa lleva [&hellip;]","og_url":"https:\/\/www.entreculturas.org\/fr\/la-luz-de-las-ninas\/noticia\/el-arbol-de-la-palabra-en-chad-un-espacio-donde-las-ninas-pueden-expresarse\/","og_site_name":"Entreculturas","article_publisher":"https:\/\/www.facebook.com\/entreculturas","article_modified_time":"2024-09-19T16:41:53+00:00","og_image":[{"width":1024,"height":683,"url":"https:\/\/www.entreculturas.org\/wp-content\/uploads\/2020\/10\/Hapsa-1.jpeg","type":"image\/jpeg"}],"twitter_card":"summary_large_image","twitter_site":"@Entreculturas","schema":{"@context":"https:\/\/schema.org","@graph":[{"@type":"WebPage","@id":"https:\/\/www.entreculturas.org\/fr\/la-luz-de-las-ninas\/noticia\/el-arbol-de-la-palabra-en-chad-un-espacio-donde-las-ninas-pueden-expresarse\/","url":"https:\/\/www.entreculturas.org\/fr\/la-luz-de-las-ninas\/noticia\/el-arbol-de-la-palabra-en-chad-un-espacio-donde-las-ninas-pueden-expresarse\/","name":"EL \u00e1rbol de la palabra en Chad: un espacio donde las ni\u00f1as pueden expresarse - Entreculturas","isPartOf":{"@id":"https:\/\/www.entreculturas.org\/fr\/#website"},"primaryImageOfPage":{"@id":"https:\/\/www.entreculturas.org\/fr\/la-luz-de-las-ninas\/noticia\/el-arbol-de-la-palabra-en-chad-un-espacio-donde-las-ninas-pueden-expresarse\/#primaryimage"},"image":{"@id":"https:\/\/www.entreculturas.org\/fr\/la-luz-de-las-ninas\/noticia\/el-arbol-de-la-palabra-en-chad-un-espacio-donde-las-ninas-pueden-expresarse\/#primaryimage"},"thumbnailUrl":"https:\/\/www.entreculturas.org\/wp-content\/uploads\/2020\/10\/Hapsa-1.jpeg","datePublished":"2020-10-14T10:27:22+00:00","dateModified":"2024-09-19T16:41:53+00:00","breadcrumb":{"@id":"https:\/\/www.entreculturas.org\/fr\/la-luz-de-las-ninas\/noticia\/el-arbol-de-la-palabra-en-chad-un-espacio-donde-las-ninas-pueden-expresarse\/#breadcrumb"},"inLanguage":"fr-FR","potentialAction":[{"@type":"ReadAction","target":["https:\/\/www.entreculturas.org\/fr\/la-luz-de-las-ninas\/noticia\/el-arbol-de-la-palabra-en-chad-un-espacio-donde-las-ninas-pueden-expresarse\/"]}]},{"@type":"ImageObject","inLanguage":"fr-FR","@id":"https:\/\/www.entreculturas.org\/fr\/la-luz-de-las-ninas\/noticia\/el-arbol-de-la-palabra-en-chad-un-espacio-donde-las-ninas-pueden-expresarse\/#primaryimage","url":"https:\/\/www.entreculturas.org\/wp-content\/uploads\/2020\/10\/Hapsa-1.jpeg","contentUrl":"https:\/\/www.entreculturas.org\/wp-content\/uploads\/2020\/10\/Hapsa-1.jpeg","width":1024,"height":683},{"@type":"BreadcrumbList","@id":"https:\/\/www.entreculturas.org\/fr\/la-luz-de-las-ninas\/noticia\/el-arbol-de-la-palabra-en-chad-un-espacio-donde-las-ninas-pueden-expresarse\/#breadcrumb","itemListElement":[{"@type":"ListItem","position":1,"name":"Home","item":"https:\/\/www.entreculturas.org\/fr\/"},{"@type":"ListItem","position":2,"name":"Noticias LLDLN","item":"https:\/\/www.entreculturas.org\/fr\/noticias-la-luz-de-las-ninas\/"},{"@type":"ListItem","position":3,"name":"EL \u00e1rbol de la palabra en Chad: un espacio donde las ni\u00f1as pueden expresarse"}]},{"@type":"WebSite","@id":"https:\/\/www.entreculturas.org\/fr\/#website","url":"https:\/\/www.entreculturas.org\/fr\/","name":"Entreculturas","description":"","publisher":{"@id":"https:\/\/www.entreculturas.org\/fr\/#organization"},"alternateName":"Entreculturas","potentialAction":[{"@type":"SearchAction","target":{"@type":"EntryPoint","urlTemplate":"https:\/\/www.entreculturas.org\/fr\/?s={search_term_string}"},"query-input":{"@type":"PropertyValueSpecification","valueRequired":true,"valueName":"search_term_string"}}],"inLanguage":"fr-FR"},{"@type":"Organization","@id":"https:\/\/www.entreculturas.org\/fr\/#organization","name":"Entreculturas","url":"https:\/\/www.entreculturas.org\/fr\/","logo":{"@type":"ImageObject","inLanguage":"fr-FR","@id":"https:\/\/www.entreculturas.org\/fr\/#\/schema\/logo\/image\/","url":"https:\/\/www.entreculturas.org\/wp-content\/uploads\/2025\/10\/ESP.svg","contentUrl":"https:\/\/www.entreculturas.org\/wp-content\/uploads\/2025\/10\/ESP.svg","caption":"Entreculturas"},"image":{"@id":"https:\/\/www.entreculturas.org\/fr\/#\/schema\/logo\/image\/"},"sameAs":["https:\/\/www.facebook.com\/entreculturas","https:\/\/x.com\/Entreculturas","https:\/\/www.instagram.com\/entreculturas\/","https:\/\/www.youtube.com\/user\/entreculturasvideo","https:\/\/www.linkedin.com\/company\/fundacion-entreculturas-ngdo\/","https:\/\/www.flickr.com\/photos\/98455522@N04\/albums\/"]}]}},"_links":{"self":[{"href":"https:\/\/www.entreculturas.org\/fr\/wp-json\/wp\/v2\/xxx\/617","targetHints":{"allow":["GET"]}}],"collection":[{"href":"https:\/\/www.entreculturas.org\/fr\/wp-json\/wp\/v2\/xxx"}],"about":[{"href":"https:\/\/www.entreculturas.org\/fr\/wp-json\/wp\/v2\/types\/xxx"}],"wp:featuredmedia":[{"embeddable":true,"href":"https:\/\/www.entreculturas.org\/fr\/wp-json\/wp\/v2\/media\/619"}],"wp:attachment":[{"href":"https:\/\/www.entreculturas.org\/fr\/wp-json\/wp\/v2\/media?parent=617"}],"wp:term":[{"taxonomy":"category","embeddable":true,"href":"https:\/\/www.entreculturas.org\/fr\/wp-json\/wp\/v2\/categories?post=617"},{"taxonomy":"post_tag","embeddable":true,"href":"https:\/\/www.entreculturas.org\/fr\/wp-json\/wp\/v2\/tags?post=617"}],"curies":[{"name":"wp","href":"https:\/\/api.w.org\/{rel}","templated":true}]}}