{"id":519,"date":"2020-03-18T10:32:30","date_gmt":"2020-03-18T09:32:30","guid":{"rendered":"https:\/\/www.entreculturas.org\/?post_type=xxx&#038;p=519"},"modified":"2024-09-19T18:33:41","modified_gmt":"2024-09-19T16:33:41","slug":"rozalen-viaja-con-entreculturas-y-la-luz-de-las-ninas-a-chad","status":"publish","type":"xxx","link":"https:\/\/www.entreculturas.org\/fr\/la-luz-de-las-ninas\/noticia\/rozalen-viaja-con-entreculturas-y-la-luz-de-las-ninas-a-chad\/","title":{"rendered":"Rozal\u00e9n viaja con Entreculturas y La Luz de las Ni\u00f1as a Chad"},"content":{"rendered":"<p><span style=\"font-weight: 400;\">La cantautora y activista social <strong>Rozal\u00e9n y Beatriz Romero<\/strong>, int\u00e9rprete de lengua de signos,<strong> han viajado durante una semana (24 de febrero al 5 de marzo) a Chad con Entreculturas<\/strong> y sus socios en terreno, el Servicio Jesuita a Refugiados y Fe y Alegr\u00eda, para apoyar el trabajo que desarrollan en el marco del programa<\/span><a href=\"https:\/\/www.laluzdelasninas.org\/\"> <span style=\"font-weight: 400;\">La Luz de las Ni\u00f1as<\/span><\/a><span style=\"font-weight: 400;\">, una iniciativa que hasta la fecha ha atendido a 32.000 ni\u00f1as a trav\u00e9s de proyectos en 15 pa\u00edses y que en Chad pretende prevenir el abandono escolar de las ni\u00f1as, reforzar sus capacidades y mejorar su formaci\u00f3n en higiene menstrual y educaci\u00f3n sexual.<\/span><\/p>\n<p><span style=\"font-weight: 400;\">\u00a0<\/span><span style=\"font-weight: 400;\">El a\u00f1o pasado, Rozal\u00e9n y Beatriz pudieron conocer de primera mano el trabajo que realiza<\/span><a href=\"https:\/\/www.entreculturas.org\/es\/rozalen\"> <span style=\"font-weight: 400;\">Entreculturas con el programa \u201cLa Luz de las Ni\u00f1as\u201d en Guatemala<\/span><\/a><span style=\"font-weight: 400;\">. Ahora, han emprendido este nuevo viaje, para conocer el trabajo que se realiza en el marco de este programa en Chad, uno de los pa\u00edses m\u00e1s dif\u00edciles para combatir las desigualdades que sufren las ni\u00f1as.\u00a0<\/span><\/p>\n<p><span style=\"font-weight: 400;\">\u00a0<\/span><span style=\"font-weight: 400;\">En Chad, las ni\u00f1as enfrentan numerosas trabas para acceder a la educaci\u00f3n relacionadas con ciertas pr\u00e1cticas culturales fuertemente arraigadas y discriminatorias \u2013como la mutilaci\u00f3n genital femenina, <\/span><b>dos de cada cinco mujeres han sido v\u00edctimas de alguna forma de mutilaci\u00f3n genital femenina siendo ni\u00f1as<\/b><span style=\"font-weight: 400;\">\u2013, lo que hace que el pa\u00eds ocupe el puesto 153 en el \u00cdndice de Desarrollo de G\u00e9nero<\/span><span style=\"font-weight: 400;\">. <\/span><b>\u00a0<\/b><span style=\"font-weight: 400;\">Entreculturas trabaja en Chad apoyando a 13.107 ni\u00f1as y adolescentes a trav\u00e9s del reparto de material para la higiene personal, de la construcci\u00f3n de letrinas y espacios seguros para ellas y a trav\u00e9s de la formaci\u00f3n y capacitaci\u00f3n en temas de salud sexual y reproductiva.<\/span><\/p>\n<p><span style=\"font-weight: 400;\">\u00a0<\/span><span style=\"font-weight: 400;\">En su visita, <\/span><b>Rozal\u00e9n y Beatriz han tenido la oportunidad de conocer el campo de refugiados de Djabal en Goz Beida, <\/b><span style=\"font-weight: 400;\">situado al Este de Chad en la frontera con Sud\u00e1n<\/span><b>. <\/b><span style=\"font-weight: 400;\">En este viaje, ambas han conocido de primera mano, a trav\u00e9s de testimonios como los de<\/span><a href=\"https:\/\/www.youtube.com\/watch?v=INhpKk6hZ40\"><span style=\"font-weight: 400;\"> Sima y su madre Aisha<\/span><\/a><span style=\"font-weight: 400;\">, los distintos tipos de violencia y discriminaci\u00f3n a los que se enfrentan las mujeres y ni\u00f1as en Chad y que vulneran sus derechos fundamentales,\u00a0 especialmente su derecho a la educaci\u00f3n. En la actualidad, el pa\u00eds saheliano situado en el coraz\u00f3n del \u00c1frica Central alberga un total de 400.000 personas refugiadas. La tasa nacional de alfabetizaci\u00f3n llega s\u00f3lo al 31,8% entre la poblaci\u00f3n adulta, y la situaci\u00f3n resulta a\u00fan m\u00e1s desoladora entre las mujeres, ya que apenas el 12,8% ha conseguido superar el analfabetismo.\u00a0<\/span><\/p>\n<p><b>\u201cYo no he vivido estos problemas, pero lo he vivido a trav\u00e9s de la historia de mi madre que ha sufrido mucho. Para m\u00ed detr\u00e1s de la puerta violeta est\u00e1 mi madre\u00a0\u00bb, explic\u00f3 Sima a Rozal\u00e9n.<\/b><\/p>\n<p><b> <img decoding=\"async\" class=\"aligncenter wp-image-522 size-full\" src=\"https:\/\/www.entreculturas.org\/wp-content\/uploads\/2020\/03\/IMG_0856.jpg\" alt=\"\" width=\"2000\" height=\"1333\" srcset=\"https:\/\/www.entreculturas.org\/wp-content\/uploads\/2020\/03\/IMG_0856.jpg 2000w, https:\/\/www.entreculturas.org\/wp-content\/uploads\/2020\/03\/IMG_0856-300x200.jpg 300w, https:\/\/www.entreculturas.org\/wp-content\/uploads\/2020\/03\/IMG_0856-1024x682.jpg 1024w, https:\/\/www.entreculturas.org\/wp-content\/uploads\/2020\/03\/IMG_0856-768x512.jpg 768w, https:\/\/www.entreculturas.org\/wp-content\/uploads\/2020\/03\/IMG_0856-1536x1024.jpg 1536w\" sizes=\"(max-width: 2000px) 100vw, 2000px\" \/><\/b><span style=\"font-weight: 400;\">(Foto: Sergi Camara)<\/span><\/p>\n<p><b>Sima y el resto de ni\u00f1as refugiadas tuvieron la oportunidad de charlar en un peque\u00f1o taller con Rozal\u00e9n y con Beatriz sobre el significado de una puerta violeta<\/b><span style=\"font-weight: 400;\"> que les abre a un mundo de esperanza, ya que ellas son testimonio vivo de c\u00f3mo la educaci\u00f3n puede contribuir a acabar con la desigualdad. Uno de los momentos m\u00e1s emocionantes se produjo cuando, tras el taller, las ni\u00f1as cantaron la canci\u00f3n de la puerta violeta junto con Rozal\u00e9n y Beatriz.\u00a0<\/span><\/p>\n<p><iframe loading=\"lazy\" title=\"Rozal\u00e9n, Sima y sus amigas cantan La Puerta Violeta\" width=\"500\" height=\"281\" src=\"https:\/\/www.youtube.com\/embed\/WLIS6SmFqdA?feature=oembed\" frameborder=\"0\" allow=\"accelerometer; autoplay; clipboard-write; encrypted-media; gyroscope; picture-in-picture; web-share\" referrerpolicy=\"strict-origin-when-cross-origin\" allowfullscreen><\/iframe><\/p>\n<p><b>Tras la visita a los campos, el viaje se cerr\u00f3 en Ndjamena, capital del pa\u00eds, en un evento a favor de las ni\u00f1as junto a Yasmine Abdallah, <\/b><span style=\"font-weight: 400;\">artista y activista chadiana por los derechos de las ni\u00f1as, y <\/span><b>Sima Isaak, una joven refugiada de Goz Beida<\/b><span style=\"font-weight: 400;\"> y referente de la Campa\u00f1a La Luz de las Ni\u00f1as en Chad. En el evento participaron diferentes cargos gubernamentales, como la representante del Ministerio de la Mujer en Chad, organizaciones internacionales que trabajan en colaboraci\u00f3n con el Servicio Jesuita a Refugiados en Chad, como UNICEF o ACNUR, y un grupo de ni\u00f1as refugiadas becadas por JRS para estudiar en la Universidad de la capital. Adem\u00e1s, se aprovech\u00f3 la ocasi\u00f3n para inaugurar la exposici\u00f3n La LUZ de las NI\u00d1AS en Chad y, como no pod\u00eda ser de otra forma, la velada termin\u00f3 con las actuaciones musicales de Yasmine Abdallah y Rozal\u00e9n, momento para el que ambas eligieron algunas de sus canciones en defensa de los derechos de la mujer y las ni\u00f1as.<\/span><\/p>\n<p><strong>Puedes conocer el diario completo del viaje entrando aqu\u00ed: <a href=\"https:\/\/www.entreculturas.org\/es\/chad-rozalen\">Rozal\u00e9n Chad<\/a><\/strong><\/p>\n","protected":false},"excerpt":{"rendered":"<p>La cantautora y activista social Rozal\u00e9n y Beatriz Romero, int\u00e9rprete de lengua de signos, han viajado durante una semana (24 de febrero al 5 de marzo) a Chad con Entreculturas y sus socios en terreno, el Servicio Jesuita a Refugiados y Fe y Alegr\u00eda, para apoyar el trabajo que desarrollan en el marco del programa La Luz de las Ni\u00f1as, una iniciativa que hasta la fecha ha atendido a 32.000 ni\u00f1as a trav\u00e9s de proyectos en 15 pa\u00edses y que en Chad pretende prevenir el abandono escolar de las ni\u00f1as, reforzar sus capacidades y mejorar su formaci\u00f3n en higiene menstrual y educaci\u00f3n sexual. \u00a0El a\u00f1o pasado, Rozal\u00e9n y Beatriz pudieron conocer de primera mano el trabajo que realiza Entreculturas con el programa \u201cLa Luz de las Ni\u00f1as\u201d en Guatemala. Ahora, han emprendido este nuevo viaje, para conocer el trabajo que se realiza en el marco de este programa en Chad, [&hellip;]<\/p>\n","protected":false},"featured_media":521,"template":"wp-custom-template-noticias-la-luz-de-las-ninas-2","meta":{"_acf_changed":false},"categories":[7],"tags":[],"class_list":["post-519","xxx","type-xxx","status-publish","has-post-thumbnail","hentry","category-noticia"],"acf":[],"yoast_head":"<!-- This site is optimized with the Yoast SEO Premium plugin v21.6 (Yoast SEO v27.5) - https:\/\/yoast.com\/product\/yoast-seo-premium-wordpress\/ -->\n<title>Rozal\u00e9n viaja con Entreculturas y La Luz de las Ni\u00f1as a Chad - Entreculturas<\/title>\n<meta name=\"robots\" content=\"index, follow, max-snippet:-1, max-image-preview:large, max-video-preview:-1\" \/>\n<link rel=\"canonical\" href=\"https:\/\/www.entreculturas.org\/fr\/la-luz-de-las-ninas\/noticia\/rozalen-viaja-con-entreculturas-y-la-luz-de-las-ninas-a-chad\/\" \/>\n<meta property=\"og:locale\" content=\"fr_FR\" \/>\n<meta property=\"og:type\" content=\"article\" \/>\n<meta property=\"og:title\" content=\"Rozal\u00e9n viaja con Entreculturas y La Luz de las Ni\u00f1as a Chad\" \/>\n<meta property=\"og:description\" content=\"La cantautora y activista social Rozal\u00e9n y Beatriz Romero, int\u00e9rprete de lengua de signos, han viajado durante una semana (24 de febrero al 5 de marzo) a Chad con Entreculturas y sus socios en terreno, el Servicio Jesuita a Refugiados y Fe y Alegr\u00eda, para apoyar el trabajo que desarrollan en el marco del programa La Luz de las Ni\u00f1as, una iniciativa que hasta la fecha ha atendido a 32.000 ni\u00f1as a trav\u00e9s de proyectos en 15 pa\u00edses y que en Chad pretende prevenir el abandono escolar de las ni\u00f1as, reforzar sus capacidades y mejorar su formaci\u00f3n en higiene menstrual y educaci\u00f3n sexual. \u00a0El a\u00f1o pasado, Rozal\u00e9n y Beatriz pudieron conocer de primera mano el trabajo que realiza Entreculturas con el programa \u201cLa Luz de las Ni\u00f1as\u201d en Guatemala. Ahora, han emprendido este nuevo viaje, para conocer el trabajo que se realiza en el marco de este programa en Chad, [&hellip;]\" \/>\n<meta property=\"og:url\" content=\"https:\/\/www.entreculturas.org\/fr\/la-luz-de-las-ninas\/noticia\/rozalen-viaja-con-entreculturas-y-la-luz-de-las-ninas-a-chad\/\" \/>\n<meta property=\"og:site_name\" content=\"Entreculturas\" \/>\n<meta property=\"article:publisher\" content=\"https:\/\/www.facebook.com\/entreculturas\" \/>\n<meta property=\"article:modified_time\" content=\"2024-09-19T16:33:41+00:00\" \/>\n<meta property=\"og:image\" content=\"https:\/\/www.entreculturas.org\/wp-content\/uploads\/2020\/03\/IMG_0079.jpg\" \/>\n\t<meta property=\"og:image:width\" content=\"2000\" \/>\n\t<meta property=\"og:image:height\" content=\"1333\" \/>\n\t<meta property=\"og:image:type\" content=\"image\/jpeg\" \/>\n<meta name=\"twitter:card\" content=\"summary_large_image\" \/>\n<meta name=\"twitter:site\" content=\"@Entreculturas\" \/>\n<script type=\"application\/ld+json\" class=\"yoast-schema-graph\">{\"@context\":\"https:\\\/\\\/schema.org\",\"@graph\":[{\"@type\":\"WebPage\",\"@id\":\"https:\\\/\\\/www.entreculturas.org\\\/fr\\\/la-luz-de-las-ninas\\\/noticia\\\/rozalen-viaja-con-entreculturas-y-la-luz-de-las-ninas-a-chad\\\/\",\"url\":\"https:\\\/\\\/www.entreculturas.org\\\/fr\\\/la-luz-de-las-ninas\\\/noticia\\\/rozalen-viaja-con-entreculturas-y-la-luz-de-las-ninas-a-chad\\\/\",\"name\":\"Rozal\u00e9n viaja con Entreculturas y La Luz de las Ni\u00f1as a Chad - Entreculturas\",\"isPartOf\":{\"@id\":\"https:\\\/\\\/www.entreculturas.org\\\/fr\\\/#website\"},\"primaryImageOfPage\":{\"@id\":\"https:\\\/\\\/www.entreculturas.org\\\/fr\\\/la-luz-de-las-ninas\\\/noticia\\\/rozalen-viaja-con-entreculturas-y-la-luz-de-las-ninas-a-chad\\\/#primaryimage\"},\"image\":{\"@id\":\"https:\\\/\\\/www.entreculturas.org\\\/fr\\\/la-luz-de-las-ninas\\\/noticia\\\/rozalen-viaja-con-entreculturas-y-la-luz-de-las-ninas-a-chad\\\/#primaryimage\"},\"thumbnailUrl\":\"https:\\\/\\\/www.entreculturas.org\\\/wp-content\\\/uploads\\\/2020\\\/03\\\/IMG_0079.jpg\",\"datePublished\":\"2020-03-18T09:32:30+00:00\",\"dateModified\":\"2024-09-19T16:33:41+00:00\",\"breadcrumb\":{\"@id\":\"https:\\\/\\\/www.entreculturas.org\\\/fr\\\/la-luz-de-las-ninas\\\/noticia\\\/rozalen-viaja-con-entreculturas-y-la-luz-de-las-ninas-a-chad\\\/#breadcrumb\"},\"inLanguage\":\"fr-FR\",\"potentialAction\":[{\"@type\":\"ReadAction\",\"target\":[\"https:\\\/\\\/www.entreculturas.org\\\/fr\\\/la-luz-de-las-ninas\\\/noticia\\\/rozalen-viaja-con-entreculturas-y-la-luz-de-las-ninas-a-chad\\\/\"]}]},{\"@type\":\"ImageObject\",\"inLanguage\":\"fr-FR\",\"@id\":\"https:\\\/\\\/www.entreculturas.org\\\/fr\\\/la-luz-de-las-ninas\\\/noticia\\\/rozalen-viaja-con-entreculturas-y-la-luz-de-las-ninas-a-chad\\\/#primaryimage\",\"url\":\"https:\\\/\\\/www.entreculturas.org\\\/wp-content\\\/uploads\\\/2020\\\/03\\\/IMG_0079.jpg\",\"contentUrl\":\"https:\\\/\\\/www.entreculturas.org\\\/wp-content\\\/uploads\\\/2020\\\/03\\\/IMG_0079.jpg\",\"width\":2000,\"height\":1333},{\"@type\":\"BreadcrumbList\",\"@id\":\"https:\\\/\\\/www.entreculturas.org\\\/fr\\\/la-luz-de-las-ninas\\\/noticia\\\/rozalen-viaja-con-entreculturas-y-la-luz-de-las-ninas-a-chad\\\/#breadcrumb\",\"itemListElement\":[{\"@type\":\"ListItem\",\"position\":1,\"name\":\"Home\",\"item\":\"https:\\\/\\\/www.entreculturas.org\\\/fr\\\/\"},{\"@type\":\"ListItem\",\"position\":2,\"name\":\"Noticias LLDLN\",\"item\":\"https:\\\/\\\/www.entreculturas.org\\\/fr\\\/noticias-la-luz-de-las-ninas\\\/\"},{\"@type\":\"ListItem\",\"position\":3,\"name\":\"Rozal\u00e9n viaja con Entreculturas y La Luz de las Ni\u00f1as a Chad\"}]},{\"@type\":\"WebSite\",\"@id\":\"https:\\\/\\\/www.entreculturas.org\\\/fr\\\/#website\",\"url\":\"https:\\\/\\\/www.entreculturas.org\\\/fr\\\/\",\"name\":\"Entreculturas\",\"description\":\"\",\"publisher\":{\"@id\":\"https:\\\/\\\/www.entreculturas.org\\\/fr\\\/#organization\"},\"alternateName\":\"Entreculturas\",\"potentialAction\":[{\"@type\":\"SearchAction\",\"target\":{\"@type\":\"EntryPoint\",\"urlTemplate\":\"https:\\\/\\\/www.entreculturas.org\\\/fr\\\/?s={search_term_string}\"},\"query-input\":{\"@type\":\"PropertyValueSpecification\",\"valueRequired\":true,\"valueName\":\"search_term_string\"}}],\"inLanguage\":\"fr-FR\"},{\"@type\":\"Organization\",\"@id\":\"https:\\\/\\\/www.entreculturas.org\\\/fr\\\/#organization\",\"name\":\"Entreculturas\",\"url\":\"https:\\\/\\\/www.entreculturas.org\\\/fr\\\/\",\"logo\":{\"@type\":\"ImageObject\",\"inLanguage\":\"fr-FR\",\"@id\":\"https:\\\/\\\/www.entreculturas.org\\\/fr\\\/#\\\/schema\\\/logo\\\/image\\\/\",\"url\":\"https:\\\/\\\/www.entreculturas.org\\\/wp-content\\\/uploads\\\/2025\\\/10\\\/ESP.svg\",\"contentUrl\":\"https:\\\/\\\/www.entreculturas.org\\\/wp-content\\\/uploads\\\/2025\\\/10\\\/ESP.svg\",\"caption\":\"Entreculturas\"},\"image\":{\"@id\":\"https:\\\/\\\/www.entreculturas.org\\\/fr\\\/#\\\/schema\\\/logo\\\/image\\\/\"},\"sameAs\":[\"https:\\\/\\\/www.facebook.com\\\/entreculturas\",\"https:\\\/\\\/x.com\\\/Entreculturas\",\"https:\\\/\\\/www.instagram.com\\\/entreculturas\\\/\",\"https:\\\/\\\/www.youtube.com\\\/user\\\/entreculturasvideo\",\"https:\\\/\\\/www.linkedin.com\\\/company\\\/fundacion-entreculturas-ngdo\\\/\",\"https:\\\/\\\/www.flickr.com\\\/photos\\\/98455522@N04\\\/albums\\\/\"]}]}<\/script>\n<!-- \/ Yoast SEO Premium plugin. -->","yoast_head_json":{"title":"Rozal\u00e9n viaja con Entreculturas y La Luz de las Ni\u00f1as a Chad - Entreculturas","robots":{"index":"index","follow":"follow","max-snippet":"max-snippet:-1","max-image-preview":"max-image-preview:large","max-video-preview":"max-video-preview:-1"},"canonical":"https:\/\/www.entreculturas.org\/fr\/la-luz-de-las-ninas\/noticia\/rozalen-viaja-con-entreculturas-y-la-luz-de-las-ninas-a-chad\/","og_locale":"fr_FR","og_type":"article","og_title":"Rozal\u00e9n viaja con Entreculturas y La Luz de las Ni\u00f1as a Chad","og_description":"La cantautora y activista social Rozal\u00e9n y Beatriz Romero, int\u00e9rprete de lengua de signos, han viajado durante una semana (24 de febrero al 5 de marzo) a Chad con Entreculturas y sus socios en terreno, el Servicio Jesuita a Refugiados y Fe y Alegr\u00eda, para apoyar el trabajo que desarrollan en el marco del programa La Luz de las Ni\u00f1as, una iniciativa que hasta la fecha ha atendido a 32.000 ni\u00f1as a trav\u00e9s de proyectos en 15 pa\u00edses y que en Chad pretende prevenir el abandono escolar de las ni\u00f1as, reforzar sus capacidades y mejorar su formaci\u00f3n en higiene menstrual y educaci\u00f3n sexual. \u00a0El a\u00f1o pasado, Rozal\u00e9n y Beatriz pudieron conocer de primera mano el trabajo que realiza Entreculturas con el programa \u201cLa Luz de las Ni\u00f1as\u201d en Guatemala. Ahora, han emprendido este nuevo viaje, para conocer el trabajo que se realiza en el marco de este programa en Chad, [&hellip;]","og_url":"https:\/\/www.entreculturas.org\/fr\/la-luz-de-las-ninas\/noticia\/rozalen-viaja-con-entreculturas-y-la-luz-de-las-ninas-a-chad\/","og_site_name":"Entreculturas","article_publisher":"https:\/\/www.facebook.com\/entreculturas","article_modified_time":"2024-09-19T16:33:41+00:00","og_image":[{"width":2000,"height":1333,"url":"https:\/\/www.entreculturas.org\/wp-content\/uploads\/2020\/03\/IMG_0079.jpg","type":"image\/jpeg"}],"twitter_card":"summary_large_image","twitter_site":"@Entreculturas","schema":{"@context":"https:\/\/schema.org","@graph":[{"@type":"WebPage","@id":"https:\/\/www.entreculturas.org\/fr\/la-luz-de-las-ninas\/noticia\/rozalen-viaja-con-entreculturas-y-la-luz-de-las-ninas-a-chad\/","url":"https:\/\/www.entreculturas.org\/fr\/la-luz-de-las-ninas\/noticia\/rozalen-viaja-con-entreculturas-y-la-luz-de-las-ninas-a-chad\/","name":"Rozal\u00e9n viaja con Entreculturas y La Luz de las Ni\u00f1as a Chad - Entreculturas","isPartOf":{"@id":"https:\/\/www.entreculturas.org\/fr\/#website"},"primaryImageOfPage":{"@id":"https:\/\/www.entreculturas.org\/fr\/la-luz-de-las-ninas\/noticia\/rozalen-viaja-con-entreculturas-y-la-luz-de-las-ninas-a-chad\/#primaryimage"},"image":{"@id":"https:\/\/www.entreculturas.org\/fr\/la-luz-de-las-ninas\/noticia\/rozalen-viaja-con-entreculturas-y-la-luz-de-las-ninas-a-chad\/#primaryimage"},"thumbnailUrl":"https:\/\/www.entreculturas.org\/wp-content\/uploads\/2020\/03\/IMG_0079.jpg","datePublished":"2020-03-18T09:32:30+00:00","dateModified":"2024-09-19T16:33:41+00:00","breadcrumb":{"@id":"https:\/\/www.entreculturas.org\/fr\/la-luz-de-las-ninas\/noticia\/rozalen-viaja-con-entreculturas-y-la-luz-de-las-ninas-a-chad\/#breadcrumb"},"inLanguage":"fr-FR","potentialAction":[{"@type":"ReadAction","target":["https:\/\/www.entreculturas.org\/fr\/la-luz-de-las-ninas\/noticia\/rozalen-viaja-con-entreculturas-y-la-luz-de-las-ninas-a-chad\/"]}]},{"@type":"ImageObject","inLanguage":"fr-FR","@id":"https:\/\/www.entreculturas.org\/fr\/la-luz-de-las-ninas\/noticia\/rozalen-viaja-con-entreculturas-y-la-luz-de-las-ninas-a-chad\/#primaryimage","url":"https:\/\/www.entreculturas.org\/wp-content\/uploads\/2020\/03\/IMG_0079.jpg","contentUrl":"https:\/\/www.entreculturas.org\/wp-content\/uploads\/2020\/03\/IMG_0079.jpg","width":2000,"height":1333},{"@type":"BreadcrumbList","@id":"https:\/\/www.entreculturas.org\/fr\/la-luz-de-las-ninas\/noticia\/rozalen-viaja-con-entreculturas-y-la-luz-de-las-ninas-a-chad\/#breadcrumb","itemListElement":[{"@type":"ListItem","position":1,"name":"Home","item":"https:\/\/www.entreculturas.org\/fr\/"},{"@type":"ListItem","position":2,"name":"Noticias LLDLN","item":"https:\/\/www.entreculturas.org\/fr\/noticias-la-luz-de-las-ninas\/"},{"@type":"ListItem","position":3,"name":"Rozal\u00e9n viaja con Entreculturas y La Luz de las Ni\u00f1as a Chad"}]},{"@type":"WebSite","@id":"https:\/\/www.entreculturas.org\/fr\/#website","url":"https:\/\/www.entreculturas.org\/fr\/","name":"Entreculturas","description":"","publisher":{"@id":"https:\/\/www.entreculturas.org\/fr\/#organization"},"alternateName":"Entreculturas","potentialAction":[{"@type":"SearchAction","target":{"@type":"EntryPoint","urlTemplate":"https:\/\/www.entreculturas.org\/fr\/?s={search_term_string}"},"query-input":{"@type":"PropertyValueSpecification","valueRequired":true,"valueName":"search_term_string"}}],"inLanguage":"fr-FR"},{"@type":"Organization","@id":"https:\/\/www.entreculturas.org\/fr\/#organization","name":"Entreculturas","url":"https:\/\/www.entreculturas.org\/fr\/","logo":{"@type":"ImageObject","inLanguage":"fr-FR","@id":"https:\/\/www.entreculturas.org\/fr\/#\/schema\/logo\/image\/","url":"https:\/\/www.entreculturas.org\/wp-content\/uploads\/2025\/10\/ESP.svg","contentUrl":"https:\/\/www.entreculturas.org\/wp-content\/uploads\/2025\/10\/ESP.svg","caption":"Entreculturas"},"image":{"@id":"https:\/\/www.entreculturas.org\/fr\/#\/schema\/logo\/image\/"},"sameAs":["https:\/\/www.facebook.com\/entreculturas","https:\/\/x.com\/Entreculturas","https:\/\/www.instagram.com\/entreculturas\/","https:\/\/www.youtube.com\/user\/entreculturasvideo","https:\/\/www.linkedin.com\/company\/fundacion-entreculturas-ngdo\/","https:\/\/www.flickr.com\/photos\/98455522@N04\/albums\/"]}]}},"_links":{"self":[{"href":"https:\/\/www.entreculturas.org\/fr\/wp-json\/wp\/v2\/xxx\/519","targetHints":{"allow":["GET"]}}],"collection":[{"href":"https:\/\/www.entreculturas.org\/fr\/wp-json\/wp\/v2\/xxx"}],"about":[{"href":"https:\/\/www.entreculturas.org\/fr\/wp-json\/wp\/v2\/types\/xxx"}],"wp:featuredmedia":[{"embeddable":true,"href":"https:\/\/www.entreculturas.org\/fr\/wp-json\/wp\/v2\/media\/521"}],"wp:attachment":[{"href":"https:\/\/www.entreculturas.org\/fr\/wp-json\/wp\/v2\/media?parent=519"}],"wp:term":[{"taxonomy":"category","embeddable":true,"href":"https:\/\/www.entreculturas.org\/fr\/wp-json\/wp\/v2\/categories?post=519"},{"taxonomy":"post_tag","embeddable":true,"href":"https:\/\/www.entreculturas.org\/fr\/wp-json\/wp\/v2\/tags?post=519"}],"curies":[{"name":"wp","href":"https:\/\/api.w.org\/{rel}","templated":true}]}}