{"id":444,"date":"2019-04-05T12:34:26","date_gmt":"2019-04-05T10:34:26","guid":{"rendered":"https:\/\/www.entreculturas.org\/?post_type=xxx&#038;p=444"},"modified":"2024-09-19T18:26:37","modified_gmt":"2024-09-19T16:26:37","slug":"la-luz-de-las-ninas-en-naciones-unidas","status":"publish","type":"xxx","link":"https:\/\/www.entreculturas.org\/fr\/la-luz-de-las-ninas\/noticia\/la-luz-de-las-ninas-en-naciones-unidas\/","title":{"rendered":"LA LUZ DE LAS NI\u00d1AS EN NACIONES UNIDAS"},"content":{"rendered":"<p><span style=\"font-weight: 400;\">La 63 Comisi\u00f3n de la Condici\u00f3n Jur\u00eddica y Social de la Mujer (CSW por sus siglas en ingl\u00e9s) se reuni\u00f3 entre el 11 y el 22 de marzo de 2019. Una delegaci\u00f3n de Entreculturas particip\u00f3 en la misma, llevando la experiencia de <\/span><b>La Luz de las Ni\u00f1as<\/b><span style=\"font-weight: 400;\"> a este foro internacional, el m\u00e1s importante del a\u00f1o en el \u00e1mbito de Naciones Unidas para visibilizar la realidad de las ni\u00f1as y mujeres en el mundo.<\/span><\/p>\n<p><span style=\"font-weight: 400;\">La CSW es el principal \u00f3rgano internacional dedicado a la igualdad de g\u00e9nero y al empoderamiento de las mujeres. Esta Comisi\u00f3n se re\u00fane anualmente en la Sede de Naciones Unidas de Nueva York con el objetivo de <\/span><b>evaluar el progreso en materia de igualdad de g\u00e9nero, identificar desaf\u00edos, establecer normas mundiales y formular pol\u00edticas concretas <\/b><span style=\"font-weight: 400;\">para fomentar la igualdad de g\u00e9nero y el empoderamiento de las mujeres a nivel mundial.<\/span><\/p>\n<p><span style=\"font-weight: 400;\">En la Comisi\u00f3n, junto a la Federaci\u00f3n Internacional Fe y Alegr\u00eda y el Servicio Jesuita a Refugiados, desde <\/span><b>Entreculturas defendimos el papel fundamental que juega la educaci\u00f3n como palanca de desarrollo de las ni\u00f1as con las que trabajamos cada d\u00eda<\/b><span style=\"font-weight: 400;\">. Asimismo, denunciamos la d\u00e9bil capacidad institucional para acabar con la situaci\u00f3n de violencia y discriminaci\u00f3n que sufren las ni\u00f1as y mujeres, y la ausencia de mecanismos de denuncia y protecci\u00f3n de las ni\u00f1as como ya viene visibilizando La Luz de las Ni\u00f1as.<\/span><\/p>\n<p><span style=\"font-weight: 400;\">Aprovechamos la oportunidad para <\/span><b>dar a conocer<\/b> <b>el trabajo que desde La Luz de las Ni\u00f1as<\/b><span style=\"font-weight: 400;\"> se realiza para atender, proteger y empoderar a las ni\u00f1as, y tambi\u00e9n para <\/span><b>generar sinergias<\/b><span style=\"font-weight: 400;\"> que permitan <\/span><b>incidir de forma conjunta<\/b><span style=\"font-weight: 400;\"> a nivel internacional a favor de los derechos de las ni\u00f1as.<\/span><\/p>\n<p><b>La Luz de las Ni\u00f1as ha llevado las voces de las ni\u00f1as con las que trabajamos <\/b><span style=\"font-weight: 400;\">al nivel m\u00e1s alto de incidencia internacional. Porque<\/span><b> las ni\u00f1as tienen su propia voz<\/b><span style=\"font-weight: 400;\">, s\u00f3lo tenemos que asegurar que sea escuchada y sus derechos garantizados.<\/span><\/p>\n<p><span style=\"font-weight: 400;\">El tema principal de la Comisi\u00f3n este a\u00f1o ha sido <\/span><b>\u201cSistemas de protecci\u00f3n social, acceso a servicios p\u00fablicos e infraestructuras sostenibles para conseguir la igualdad de g\u00e9nero y el empoderamiento de ni\u00f1as y mujeres\u201d<\/b><span style=\"font-weight: 400;\">. <\/span><\/p>\n<p><span style=\"font-weight: 400;\">A continuaci\u00f3n se resaltan los mensajes principales de las sesiones en las estuvo La Luz de las Ni\u00f1as:<\/span><\/p>\n<p><b>Lunes 11 de marzo<\/b><b>: Sesi\u00f3n de apertura de la CSW<\/b><\/p>\n<p><span style=\"font-weight: 400;\">\u00ab\u00a0Insto a esta Comisi\u00f3n a aprovechar esta oportunidad para promover un progreso hist\u00f3rico. Es responsabilidad de una generaci\u00f3n ser grande y generar un cambio, como dijo Nelson Mandela, y t\u00fa eres esa generaci\u00f3n\u00a0\u00bb. As\u00ed comenzaba su intervenci\u00f3n <\/span><b>Phumzile Mlambo-Ngcuka, Directora Ejecutiva de ONU Mujeres<\/b><span style=\"font-weight: 400;\">, en la sesi\u00f3n de apertura de la CSW.<\/span><\/p>\n<p><img decoding=\"async\" class=\"alignnone wp-image-446\" src=\"https:\/\/www.entreculturas.org\/wp-content\/uploads\/2019\/04\/EDUNWomen-1024x683.jpg\" alt=\"\" width=\"900\" height=\"600\" srcset=\"https:\/\/www.entreculturas.org\/wp-content\/uploads\/2019\/04\/EDUNWomen-1024x683.jpg 1024w, https:\/\/www.entreculturas.org\/wp-content\/uploads\/2019\/04\/EDUNWomen-300x200.jpg 300w, https:\/\/www.entreculturas.org\/wp-content\/uploads\/2019\/04\/EDUNWomen-768x512.jpg 768w, https:\/\/www.entreculturas.org\/wp-content\/uploads\/2019\/04\/EDUNWomen-1536x1024.jpg 1536w, https:\/\/www.entreculturas.org\/wp-content\/uploads\/2019\/04\/EDUNWomen-2048x1365.jpg 2048w\" sizes=\"(max-width: 900px) 100vw, 900px\" \/><\/p>\n<p><span style=\"font-weight: 400;\">En esta sesi\u00f3n se establecieron las prioridades para las discusiones de los siguientes d\u00edas sobre el avance y los retos pendientes en el cumplimiento de los derechos de las ni\u00f1as y mujeres. La Directora de ONU Mujeres iniciaba su intervenci\u00f3n mencionando que \u00ab\u00a0131 millones de ni\u00f1as en todo el mundo no asisten a la escuela, y los <\/span><b>\u00faltimos datos muestran un aumento del 6% en el n\u00famero de ni\u00f1as que no asisten a la escuela primaria<\/b><span style=\"font-weight: 400;\">\u00ab\u00a0.<\/span><\/p>\n<p><span style=\"font-weight: 400;\">Por su parte, la Presidenta de la Comisi\u00f3n, Byrne Nason, reiteraba que \u00ab\u00a0lo que estamos tratando de alcanzar es que los hombres ejerzan sus derechos y nada m\u00e1s, y las mujeres ejerzan sus derechos y nada menos\u00a0\u00bb. En su intervenci\u00f3n Antonio Guterres, Secretario General de las Naciones Unidas, afirm\u00f3 que \u00ab\u00a0si las mujeres no son reconocidas en las estructuras de poder, necesitamos redefinir el poder, no a las mujeres\u00a0\u00bb. <\/span><\/p>\n<p><span style=\"font-weight: 400;\">Adem\u00e1s, en uno de los eventos paralelos, de la mano del \u201cGlobal Education Monitoring Report\u201d (GEM Report) de UNESCO conocimos el <\/span><b>\u00faltimo documento sobre el estado de la educaci\u00f3n para las ni\u00f1as en situaci\u00f3n de desplazamiento forzado<\/b><span style=\"font-weight: 400;\"> que puedes descargar <\/span><a href=\"https:\/\/en.unesco.org\/gem-report\/report\/2019\/migration\"><span style=\"font-weight: 400;\">aqu\u00ed<\/span><\/a><span style=\"font-weight: 400;\">.<\/span><\/p>\n<p><b>Martes 12 de marzo<\/b><b>: Retos globales para la garant\u00eda de derechos de las ni\u00f1as. <\/b><\/p>\n<p><span style=\"font-weight: 400;\">La jornada del martes nos brind\u00f3 la oportunidad de conocer numerosas iniciativas que defienden y promueven los derechos de las ni\u00f1as, como los esfuerzos de los <\/span><b>Gobiernos de Jordania, Etiop\u00eda y Bangladesh para fortalecer su protecci\u00f3n social<\/b><span style=\"font-weight: 400;\">. Los tres pa\u00edses, en un esfuerzo coordinado con el Reino Unido, est\u00e1n priorizando medidas como el registro de ni\u00f1as al nacer, becas escolares, generaci\u00f3n de evidencias sobre su situaci\u00f3n y sus necesidades de protecci\u00f3n, as\u00ed como la adecuaci\u00f3n de los entornos laborales para favorecer las tareas de cuidado. Asimismo, participan en un estudio longitudinal que est\u00e1 dando seguimiento a 18.000 adolescentes de 7 pa\u00edses para analizar los obst\u00e1culos de g\u00e9nero que son enfrentados durante la adolescencia: <\/span><b>Gender an Adolescent Global Evidence<\/b><span style=\"font-weight: 400;\"> &#8211; <\/span><a href=\"https:\/\/www.gage.odi.org\/\"><b>GAGE<\/b><\/a><span style=\"font-weight: 400;\">. <\/span><\/p>\n<p><span style=\"font-weight: 400;\">Tambi\u00e9n tuvimos la oportunidad de ser parte del <\/span><b>Encuentro del Secretario General de Naciones Unidas con las organizaciones de sociedad civil que defendemos los derechos de ni\u00f1as y mujeres en los diferentes pa\u00edses del mundo<\/b><span style=\"font-weight: 400;\">. Tras un emotivo momento en el que todas las participantes, animadas por la Directora Ejecutiva de ONU Mujeres, cantaron \u201cWe shall overcome\u201d, comenz\u00f3 la conversaci\u00f3n con el Secretario General, que tom\u00f3 nota de los testimonios de las graves violaciones de derechos que sufren las mujeres y las ni\u00f1as. Tomaron la palabra lideresas de diversos pa\u00edses, entre ellos Nicaragua, Ir\u00e1n, Filipinas, Argentina, Ucrania, Per\u00fa.<\/span><\/p>\n<p><img decoding=\"async\" class=\"alignnone wp-image-447\" src=\"https:\/\/www.entreculturas.org\/wp-content\/uploads\/2019\/04\/SecGral-1024x683.jpg\" alt=\"\" width=\"900\" height=\"600\" srcset=\"https:\/\/www.entreculturas.org\/wp-content\/uploads\/2019\/04\/SecGral-1024x683.jpg 1024w, https:\/\/www.entreculturas.org\/wp-content\/uploads\/2019\/04\/SecGral-300x200.jpg 300w, https:\/\/www.entreculturas.org\/wp-content\/uploads\/2019\/04\/SecGral-768x512.jpg 768w, https:\/\/www.entreculturas.org\/wp-content\/uploads\/2019\/04\/SecGral-1536x1024.jpg 1536w, https:\/\/www.entreculturas.org\/wp-content\/uploads\/2019\/04\/SecGral.jpg 2048w\" sizes=\"(max-width: 900px) 100vw, 900px\" \/><\/p>\n<p><span style=\"font-weight: 400;\">La jornada incluy\u00f3 interesantes sesiones sobre la <\/span><b>realidad de las uniones tempranas y forzadas en Am\u00e9rica Latina<\/b><span style=\"font-weight: 400;\">, las campa\u00f1as de sensibilizaci\u00f3n entre adolescentes o el <\/span><b>an\u00e1lisis de legislaci\u00f3n discriminatoria para las mujeres<\/b><span style=\"font-weight: 400;\">. Desde UNFPA alertan de la importancia de visibilizar la realidad de matrimonios\/uniones de ni\u00f1as y adolescentes en Am\u00e9rica Latina, \u00fanica regi\u00f3n del mundo donde las tasas de este tipo de violencia no han descendido en las \u00faltimas tres d\u00e9cadas. <\/span><\/p>\n<p><span style=\"font-weight: 400;\">La <\/span><b>mutilaci\u00f3n genital femenina<\/b><span style=\"font-weight: 400;\"> y los esfuerzos que est\u00e1n realizando los pa\u00edses por eliminarlo de las pr\u00e1cticas abusivas locales se dieron cita en el panel <\/span><b>\u201cEstrategias comunicativas y de movilizaci\u00f3n para una respuesta efectiva\u201d <\/b><span style=\"font-weight: 400;\">organizado por los Gobiernos de Burkina Faso, Egipto, Gambia, Indonesia e Italia. Conocimos a la lideresa <\/span><b>Ifrah Ahmad<\/b><span style=\"font-weight: 400;\"> refugiada somal\u00ed que lleg\u00f3 a Irlanda y decidi\u00f3 volver a su pa\u00eds de origen y que reivindica que \u201cla soluci\u00f3n a la mutilaci\u00f3n genital femenina no puede ser importada, necesitamos que salga de \u00c1frica, son ellas y ellos, desde cada contexto, quienes conocen a la idiosincrasia, las y los l\u00edderes religiosos y a sus comunidades. Hay que invertir en lideresas africanas para que defiendan sus derechos y luchen por la erradicaci\u00f3n de la mutilaci\u00f3n definitivamente\u201d.<\/span><\/p>\n<p><img decoding=\"async\" class=\"alignnone wp-image-448\" src=\"https:\/\/www.entreculturas.org\/wp-content\/uploads\/2019\/04\/FGM-1024x768.jpg\" alt=\"\" width=\"900\" height=\"675\" srcset=\"https:\/\/www.entreculturas.org\/wp-content\/uploads\/2019\/04\/FGM-1024x768.jpg 1024w, https:\/\/www.entreculturas.org\/wp-content\/uploads\/2019\/04\/FGM-300x225.jpg 300w, https:\/\/www.entreculturas.org\/wp-content\/uploads\/2019\/04\/FGM-768x576.jpg 768w, https:\/\/www.entreculturas.org\/wp-content\/uploads\/2019\/04\/FGM-1536x1152.jpg 1536w, https:\/\/www.entreculturas.org\/wp-content\/uploads\/2019\/04\/FGM-2048x1536.jpg 2048w\" sizes=\"(max-width: 900px) 100vw, 900px\" \/><\/p>\n<p><b>Mi\u00e9rcoles 13 de marzo<\/b><b>: Cuestiones clave para la salud y la educaci\u00f3n de las ni\u00f1as.<\/b><\/p>\n<p><span style=\"font-weight: 400;\">La importancia de <\/span><b>visibilizar la salud menstrual como una prioridad para la garant\u00eda de los derechos humanos de ni\u00f1as y mujeres<\/b><span style=\"font-weight: 400;\"> fue el mensaje central del panel <\/span><b>\u201cMenstruaci\u00f3n como una cuesti\u00f3n de protecci\u00f3n social: mejorando la gesti\u00f3n de la salud menstrual en \u00c1frica\u201d<\/b><span style=\"font-weight: 400;\">, organizado por UNFPA. En multitud de pa\u00edses, las ni\u00f1as son discriminadas durante su menstruaci\u00f3n, y ven restringidas sus actividades diarias porque la menstruaci\u00f3n est\u00e1 rodeada de tab\u00faes. Rockaya Aidara, Especialista del Water Supply &amp; Sanitation Collaborative Council destac\u00f3 \u201cla importancia de incluir esta dimensi\u00f3n en el dise\u00f1o de programas, especialmente los educativos. De lo contrario se perpet\u00faa la discriminaci\u00f3n de las ni\u00f1as en el \u00e1mbito educativo\u201d. Para luchar contra esta discriminaci\u00f3n y promover la garant\u00eda del derecho a la salud de ni\u00f1as y mujeres, en 2018 se lanz\u00f3 la <\/span><a href=\"https:\/\/acmhm.org\/\"><span style=\"font-weight: 400;\">Coalici\u00f3n Africana para la Salud Menstrual<\/span><\/a><span style=\"font-weight: 400;\">.<\/span><\/p>\n<p><img decoding=\"async\" class=\"alignnone wp-image-449\" src=\"https:\/\/www.entreculturas.org\/wp-content\/uploads\/2019\/04\/UNFPA-1024x768.jpg\" alt=\"\" width=\"900\" height=\"675\" srcset=\"https:\/\/www.entreculturas.org\/wp-content\/uploads\/2019\/04\/UNFPA-1024x768.jpg 1024w, https:\/\/www.entreculturas.org\/wp-content\/uploads\/2019\/04\/UNFPA-300x225.jpg 300w, https:\/\/www.entreculturas.org\/wp-content\/uploads\/2019\/04\/UNFPA-768x576.jpg 768w, https:\/\/www.entreculturas.org\/wp-content\/uploads\/2019\/04\/UNFPA-1536x1152.jpg 1536w, https:\/\/www.entreculturas.org\/wp-content\/uploads\/2019\/04\/UNFPA-2048x1536.jpg 2048w\" sizes=\"(max-width: 900px) 100vw, 900px\" \/><\/p>\n<p><span style=\"font-weight: 400;\">Y <\/span><b>\u00bfqu\u00e9 significa la feminizaci\u00f3n de la migraci\u00f3n y qu\u00e9 efectos tiene esta para la educaci\u00f3n de las ni\u00f1as?<\/b><span style=\"font-weight: 400;\"> UNESCO junto con responsables de UNICEF se\u00f1alaron, entre otros, el reconocimiento\/certificaci\u00f3n transfronterizo de los estudios as\u00ed como la existencia de grandes brechas de g\u00e9nero en el nivel de secundaria para las ni\u00f1as en situaci\u00f3n de movilidad forzosa. Adem\u00e1s, pudimos recibir de primera mano con Nora Fyles, Directora de la Iniciativa de Educaci\u00f3n para las Ni\u00f1as (@UNGEI) de Naciones Unidas algunos de los titulares del <\/span><a href=\"https:\/\/unesdoc.unesco.org\/ark:\/48223\/pf0000366980\/PDF\/366980eng.pdf.multi\"><span style=\"font-weight: 400;\">nuevo documento<\/span><\/a><span style=\"font-weight: 400;\"> de UNESCO que relaciona y eval\u00faa los retos educativos con los migratorios para las ni\u00f1as. Este documento es un adelanto del Informe GEM de g\u00e9nero que se lanzar\u00e1 en julio de 2019 de cara a la pr\u00f3xima Cumbre del G7 para recordar a los 7 pa\u00edses integrantes los compromisos de la <\/span><a href=\"https:\/\/g7.gc.ca\/en\/official-documents\/charlevoix-declaration-quality-education-girls-adolescent-girls-women-developing-countries\/\"><span style=\"font-weight: 400;\">Declaraci\u00f3n de Charlevoix<\/span><\/a><span style=\"font-weight: 400;\"> con la educaci\u00f3n de calidad de mujeres y ni\u00f1as en pa\u00edses en desarrollo. <\/span><\/p>\n<p><b>Jueves 14 de marzo<\/b><b>: Igualdad de g\u00e9nero en las instituciones y mecanismos de protecci\u00f3n a ni\u00f1as y mujeres v\u00edctimas de violencia. <\/b><\/p>\n<p><span style=\"font-weight: 400;\">Las altas funcionarias de gobierno responsables de pol\u00edticas de igualdad fueron las protagonistas del panel <\/span><b>\u201cIgualdad de g\u00e9nero en las instituciones p\u00fablicas para el mantenimiento de la paz\u201d,<\/b><span style=\"font-weight: 400;\"> organizado por PNUD y los gobiernos de Rep\u00fablica Dominicana y Colombia. La Ministra de la Mujer de Rep\u00fablica Dominicana, Janet Camilo Hern\u00e1ndez, afirm\u00f3 que \u201cno habr\u00e1 paz sin la participaci\u00f3n de las mujeres\u201d y defendi\u00f3 la necesidad de seguir fomentando la participaci\u00f3n de las mujeres en pol\u00edtica, ya que \u201cla igualdad es un nuevo modelo para manejar el poder y que cambia todas sus esferas\u201d. Raquel Lagunas, de PNUD, reforz\u00f3 la importancia de asegurar la inclusi\u00f3n de la perspectiva de g\u00e9nero en las instituciones p\u00fablicas: \u201c<\/span><b>esparciendo semillas de igualdad de g\u00e9nero en las instituciones, esparcimos semillas de desarrollo<\/b><span style=\"font-weight: 400;\">\u201d. Este panel se puede ver completo a trav\u00e9s del Facebook de <\/span><a href=\"https:\/\/www.facebook.com\/iknowpolitics.org\/videos\/2147965808618961\/\"><span style=\"font-weight: 400;\">I know Politics<\/span><\/a><span style=\"font-weight: 400;\">.<\/span><\/p>\n<p><span style=\"font-weight: 400;\">Por su parte, de la mano de ONU Mujeres nos acercamos a experiencias concretas a nivel local para organizar la respuesta a la violencia contra mujeres y ni\u00f1as, en el panel <\/span><b>\u201cLa importancia de una respuesta comunitaria coordinada para la respuesta a la violencia contra las mujeres y las ni\u00f1as\u201d<\/b><span style=\"font-weight: 400;\">. <\/span><\/p>\n<p><b>Cierre de la CSW.<\/b><\/p>\n<p><span style=\"font-weight: 400;\">La Comisi\u00f3n culmin\u00f3 el d\u00eda 22 de marzo con la aprobaci\u00f3n por parte de las delegaciones oficiales de las <\/span><a href=\"https:\/\/www.unwomen.org\/-\/media\/headquarters\/attachments\/sections\/csw\/csw63%20ac_adopted_for%20submission.pdf?la=en&amp;vs=852\"><b>Conclusiones Acordadas<\/b><\/a><span style=\"font-weight: 400;\">. En ellas se alienta a las y los j\u00f3venes a continuar participando de forma activa y sumarse a los espacios de toma de decisiones en torno a la igualdad de g\u00e9nero y el empoderamiento de ni\u00f1as y j\u00f3venes. Asimismo, se concluyeron una serie de recomendaciones para la efectiva implementaci\u00f3n de la <\/span><b>Declaraci\u00f3n y Plataforma de Acci\u00f3n de Beijing<\/b><span style=\"font-weight: 400;\"> y un cumplimiento de la<\/span><b> Agenda 2030 que preste atenci\u00f3n a la igualdad de g\u00e9nero<\/b><span style=\"font-weight: 400;\">. <\/span><\/p>\n","protected":false},"excerpt":{"rendered":"<p>La 63 Comisi\u00f3n de la Condici\u00f3n Jur\u00eddica y Social de la Mujer (CSW por sus siglas en ingl\u00e9s) se reuni\u00f3 entre el 11 y el 22 de marzo de 2019. Una delegaci\u00f3n de Entreculturas particip\u00f3 en la misma, llevando la experiencia de La Luz de las Ni\u00f1as a este foro internacional, el m\u00e1s importante del a\u00f1o en el \u00e1mbito de Naciones Unidas para visibilizar la realidad de las ni\u00f1as y mujeres en el mundo. La CSW es el principal \u00f3rgano internacional dedicado a la igualdad de g\u00e9nero y al empoderamiento de las mujeres. Esta Comisi\u00f3n se re\u00fane anualmente en la Sede de Naciones Unidas de Nueva York con el objetivo de evaluar el progreso en materia de igualdad de g\u00e9nero, identificar desaf\u00edos, establecer normas mundiales y formular pol\u00edticas concretas para fomentar la igualdad de g\u00e9nero y el empoderamiento de las mujeres a nivel mundial. En la Comisi\u00f3n, junto a la [&hellip;]<\/p>\n","protected":false},"featured_media":445,"template":"wp-custom-template-noticias-la-luz-de-las-ninas-2","meta":{"_acf_changed":false},"categories":[7],"tags":[],"class_list":["post-444","xxx","type-xxx","status-publish","has-post-thumbnail","hentry","category-noticia"],"acf":[],"yoast_head":"<!-- This site is optimized with the Yoast SEO Premium plugin v21.6 (Yoast SEO v27.5) - https:\/\/yoast.com\/product\/yoast-seo-premium-wordpress\/ -->\n<title>LA LUZ DE LAS NI\u00d1AS EN NACIONES UNIDAS - Entreculturas<\/title>\n<meta name=\"robots\" content=\"index, follow, max-snippet:-1, max-image-preview:large, max-video-preview:-1\" \/>\n<link rel=\"canonical\" href=\"https:\/\/www.entreculturas.org\/fr\/la-luz-de-las-ninas\/noticia\/la-luz-de-las-ninas-en-naciones-unidas\/\" \/>\n<meta property=\"og:locale\" content=\"fr_FR\" \/>\n<meta property=\"og:type\" content=\"article\" \/>\n<meta property=\"og:title\" content=\"LA LUZ DE LAS NI\u00d1AS EN NACIONES UNIDAS\" \/>\n<meta property=\"og:description\" content=\"La 63 Comisi\u00f3n de la Condici\u00f3n Jur\u00eddica y Social de la Mujer (CSW por sus siglas en ingl\u00e9s) se reuni\u00f3 entre el 11 y el 22 de marzo de 2019. Una delegaci\u00f3n de Entreculturas particip\u00f3 en la misma, llevando la experiencia de La Luz de las Ni\u00f1as a este foro internacional, el m\u00e1s importante del a\u00f1o en el \u00e1mbito de Naciones Unidas para visibilizar la realidad de las ni\u00f1as y mujeres en el mundo. La CSW es el principal \u00f3rgano internacional dedicado a la igualdad de g\u00e9nero y al empoderamiento de las mujeres. Esta Comisi\u00f3n se re\u00fane anualmente en la Sede de Naciones Unidas de Nueva York con el objetivo de evaluar el progreso en materia de igualdad de g\u00e9nero, identificar desaf\u00edos, establecer normas mundiales y formular pol\u00edticas concretas para fomentar la igualdad de g\u00e9nero y el empoderamiento de las mujeres a nivel mundial. En la Comisi\u00f3n, junto a la [&hellip;]\" \/>\n<meta property=\"og:url\" content=\"https:\/\/www.entreculturas.org\/fr\/la-luz-de-las-ninas\/noticia\/la-luz-de-las-ninas-en-naciones-unidas\/\" \/>\n<meta property=\"og:site_name\" content=\"Entreculturas\" \/>\n<meta property=\"article:publisher\" content=\"https:\/\/www.facebook.com\/entreculturas\" \/>\n<meta property=\"article:modified_time\" content=\"2024-09-19T16:26:37+00:00\" \/>\n<meta property=\"og:image\" content=\"https:\/\/www.entreculturas.org\/wp-content\/uploads\/2019\/04\/Bolsa.jpg\" \/>\n\t<meta property=\"og:image:width\" content=\"1600\" \/>\n\t<meta property=\"og:image:height\" content=\"901\" \/>\n\t<meta property=\"og:image:type\" content=\"image\/jpeg\" \/>\n<meta name=\"twitter:card\" content=\"summary_large_image\" \/>\n<meta name=\"twitter:site\" content=\"@Entreculturas\" \/>\n<script type=\"application\/ld+json\" class=\"yoast-schema-graph\">{\"@context\":\"https:\\\/\\\/schema.org\",\"@graph\":[{\"@type\":\"WebPage\",\"@id\":\"https:\\\/\\\/www.entreculturas.org\\\/fr\\\/la-luz-de-las-ninas\\\/noticia\\\/la-luz-de-las-ninas-en-naciones-unidas\\\/\",\"url\":\"https:\\\/\\\/www.entreculturas.org\\\/fr\\\/la-luz-de-las-ninas\\\/noticia\\\/la-luz-de-las-ninas-en-naciones-unidas\\\/\",\"name\":\"LA LUZ DE LAS NI\u00d1AS EN NACIONES UNIDAS - Entreculturas\",\"isPartOf\":{\"@id\":\"https:\\\/\\\/www.entreculturas.org\\\/fr\\\/#website\"},\"primaryImageOfPage\":{\"@id\":\"https:\\\/\\\/www.entreculturas.org\\\/fr\\\/la-luz-de-las-ninas\\\/noticia\\\/la-luz-de-las-ninas-en-naciones-unidas\\\/#primaryimage\"},\"image\":{\"@id\":\"https:\\\/\\\/www.entreculturas.org\\\/fr\\\/la-luz-de-las-ninas\\\/noticia\\\/la-luz-de-las-ninas-en-naciones-unidas\\\/#primaryimage\"},\"thumbnailUrl\":\"https:\\\/\\\/www.entreculturas.org\\\/wp-content\\\/uploads\\\/2019\\\/04\\\/Bolsa.jpg\",\"datePublished\":\"2019-04-05T10:34:26+00:00\",\"dateModified\":\"2024-09-19T16:26:37+00:00\",\"breadcrumb\":{\"@id\":\"https:\\\/\\\/www.entreculturas.org\\\/fr\\\/la-luz-de-las-ninas\\\/noticia\\\/la-luz-de-las-ninas-en-naciones-unidas\\\/#breadcrumb\"},\"inLanguage\":\"fr-FR\",\"potentialAction\":[{\"@type\":\"ReadAction\",\"target\":[\"https:\\\/\\\/www.entreculturas.org\\\/fr\\\/la-luz-de-las-ninas\\\/noticia\\\/la-luz-de-las-ninas-en-naciones-unidas\\\/\"]}]},{\"@type\":\"ImageObject\",\"inLanguage\":\"fr-FR\",\"@id\":\"https:\\\/\\\/www.entreculturas.org\\\/fr\\\/la-luz-de-las-ninas\\\/noticia\\\/la-luz-de-las-ninas-en-naciones-unidas\\\/#primaryimage\",\"url\":\"https:\\\/\\\/www.entreculturas.org\\\/wp-content\\\/uploads\\\/2019\\\/04\\\/Bolsa.jpg\",\"contentUrl\":\"https:\\\/\\\/www.entreculturas.org\\\/wp-content\\\/uploads\\\/2019\\\/04\\\/Bolsa.jpg\",\"width\":1600,\"height\":901},{\"@type\":\"BreadcrumbList\",\"@id\":\"https:\\\/\\\/www.entreculturas.org\\\/fr\\\/la-luz-de-las-ninas\\\/noticia\\\/la-luz-de-las-ninas-en-naciones-unidas\\\/#breadcrumb\",\"itemListElement\":[{\"@type\":\"ListItem\",\"position\":1,\"name\":\"Home\",\"item\":\"https:\\\/\\\/www.entreculturas.org\\\/fr\\\/\"},{\"@type\":\"ListItem\",\"position\":2,\"name\":\"Noticias LLDLN\",\"item\":\"https:\\\/\\\/www.entreculturas.org\\\/fr\\\/noticias-la-luz-de-las-ninas\\\/\"},{\"@type\":\"ListItem\",\"position\":3,\"name\":\"LA LUZ DE LAS NI\u00d1AS EN NACIONES UNIDAS\"}]},{\"@type\":\"WebSite\",\"@id\":\"https:\\\/\\\/www.entreculturas.org\\\/fr\\\/#website\",\"url\":\"https:\\\/\\\/www.entreculturas.org\\\/fr\\\/\",\"name\":\"Entreculturas\",\"description\":\"\",\"publisher\":{\"@id\":\"https:\\\/\\\/www.entreculturas.org\\\/fr\\\/#organization\"},\"alternateName\":\"Entreculturas\",\"potentialAction\":[{\"@type\":\"SearchAction\",\"target\":{\"@type\":\"EntryPoint\",\"urlTemplate\":\"https:\\\/\\\/www.entreculturas.org\\\/fr\\\/?s={search_term_string}\"},\"query-input\":{\"@type\":\"PropertyValueSpecification\",\"valueRequired\":true,\"valueName\":\"search_term_string\"}}],\"inLanguage\":\"fr-FR\"},{\"@type\":\"Organization\",\"@id\":\"https:\\\/\\\/www.entreculturas.org\\\/fr\\\/#organization\",\"name\":\"Entreculturas\",\"url\":\"https:\\\/\\\/www.entreculturas.org\\\/fr\\\/\",\"logo\":{\"@type\":\"ImageObject\",\"inLanguage\":\"fr-FR\",\"@id\":\"https:\\\/\\\/www.entreculturas.org\\\/fr\\\/#\\\/schema\\\/logo\\\/image\\\/\",\"url\":\"https:\\\/\\\/www.entreculturas.org\\\/wp-content\\\/uploads\\\/2025\\\/10\\\/ESP.svg\",\"contentUrl\":\"https:\\\/\\\/www.entreculturas.org\\\/wp-content\\\/uploads\\\/2025\\\/10\\\/ESP.svg\",\"caption\":\"Entreculturas\"},\"image\":{\"@id\":\"https:\\\/\\\/www.entreculturas.org\\\/fr\\\/#\\\/schema\\\/logo\\\/image\\\/\"},\"sameAs\":[\"https:\\\/\\\/www.facebook.com\\\/entreculturas\",\"https:\\\/\\\/x.com\\\/Entreculturas\",\"https:\\\/\\\/www.instagram.com\\\/entreculturas\\\/\",\"https:\\\/\\\/www.youtube.com\\\/user\\\/entreculturasvideo\",\"https:\\\/\\\/www.linkedin.com\\\/company\\\/fundacion-entreculturas-ngdo\\\/\",\"https:\\\/\\\/www.flickr.com\\\/photos\\\/98455522@N04\\\/albums\\\/\"]}]}<\/script>\n<!-- \/ Yoast SEO Premium plugin. -->","yoast_head_json":{"title":"LA LUZ DE LAS NI\u00d1AS EN NACIONES UNIDAS - Entreculturas","robots":{"index":"index","follow":"follow","max-snippet":"max-snippet:-1","max-image-preview":"max-image-preview:large","max-video-preview":"max-video-preview:-1"},"canonical":"https:\/\/www.entreculturas.org\/fr\/la-luz-de-las-ninas\/noticia\/la-luz-de-las-ninas-en-naciones-unidas\/","og_locale":"fr_FR","og_type":"article","og_title":"LA LUZ DE LAS NI\u00d1AS EN NACIONES UNIDAS","og_description":"La 63 Comisi\u00f3n de la Condici\u00f3n Jur\u00eddica y Social de la Mujer (CSW por sus siglas en ingl\u00e9s) se reuni\u00f3 entre el 11 y el 22 de marzo de 2019. Una delegaci\u00f3n de Entreculturas particip\u00f3 en la misma, llevando la experiencia de La Luz de las Ni\u00f1as a este foro internacional, el m\u00e1s importante del a\u00f1o en el \u00e1mbito de Naciones Unidas para visibilizar la realidad de las ni\u00f1as y mujeres en el mundo. La CSW es el principal \u00f3rgano internacional dedicado a la igualdad de g\u00e9nero y al empoderamiento de las mujeres. Esta Comisi\u00f3n se re\u00fane anualmente en la Sede de Naciones Unidas de Nueva York con el objetivo de evaluar el progreso en materia de igualdad de g\u00e9nero, identificar desaf\u00edos, establecer normas mundiales y formular pol\u00edticas concretas para fomentar la igualdad de g\u00e9nero y el empoderamiento de las mujeres a nivel mundial. En la Comisi\u00f3n, junto a la [&hellip;]","og_url":"https:\/\/www.entreculturas.org\/fr\/la-luz-de-las-ninas\/noticia\/la-luz-de-las-ninas-en-naciones-unidas\/","og_site_name":"Entreculturas","article_publisher":"https:\/\/www.facebook.com\/entreculturas","article_modified_time":"2024-09-19T16:26:37+00:00","og_image":[{"width":1600,"height":901,"url":"https:\/\/www.entreculturas.org\/wp-content\/uploads\/2019\/04\/Bolsa.jpg","type":"image\/jpeg"}],"twitter_card":"summary_large_image","twitter_site":"@Entreculturas","schema":{"@context":"https:\/\/schema.org","@graph":[{"@type":"WebPage","@id":"https:\/\/www.entreculturas.org\/fr\/la-luz-de-las-ninas\/noticia\/la-luz-de-las-ninas-en-naciones-unidas\/","url":"https:\/\/www.entreculturas.org\/fr\/la-luz-de-las-ninas\/noticia\/la-luz-de-las-ninas-en-naciones-unidas\/","name":"LA LUZ DE LAS NI\u00d1AS EN NACIONES UNIDAS - Entreculturas","isPartOf":{"@id":"https:\/\/www.entreculturas.org\/fr\/#website"},"primaryImageOfPage":{"@id":"https:\/\/www.entreculturas.org\/fr\/la-luz-de-las-ninas\/noticia\/la-luz-de-las-ninas-en-naciones-unidas\/#primaryimage"},"image":{"@id":"https:\/\/www.entreculturas.org\/fr\/la-luz-de-las-ninas\/noticia\/la-luz-de-las-ninas-en-naciones-unidas\/#primaryimage"},"thumbnailUrl":"https:\/\/www.entreculturas.org\/wp-content\/uploads\/2019\/04\/Bolsa.jpg","datePublished":"2019-04-05T10:34:26+00:00","dateModified":"2024-09-19T16:26:37+00:00","breadcrumb":{"@id":"https:\/\/www.entreculturas.org\/fr\/la-luz-de-las-ninas\/noticia\/la-luz-de-las-ninas-en-naciones-unidas\/#breadcrumb"},"inLanguage":"fr-FR","potentialAction":[{"@type":"ReadAction","target":["https:\/\/www.entreculturas.org\/fr\/la-luz-de-las-ninas\/noticia\/la-luz-de-las-ninas-en-naciones-unidas\/"]}]},{"@type":"ImageObject","inLanguage":"fr-FR","@id":"https:\/\/www.entreculturas.org\/fr\/la-luz-de-las-ninas\/noticia\/la-luz-de-las-ninas-en-naciones-unidas\/#primaryimage","url":"https:\/\/www.entreculturas.org\/wp-content\/uploads\/2019\/04\/Bolsa.jpg","contentUrl":"https:\/\/www.entreculturas.org\/wp-content\/uploads\/2019\/04\/Bolsa.jpg","width":1600,"height":901},{"@type":"BreadcrumbList","@id":"https:\/\/www.entreculturas.org\/fr\/la-luz-de-las-ninas\/noticia\/la-luz-de-las-ninas-en-naciones-unidas\/#breadcrumb","itemListElement":[{"@type":"ListItem","position":1,"name":"Home","item":"https:\/\/www.entreculturas.org\/fr\/"},{"@type":"ListItem","position":2,"name":"Noticias LLDLN","item":"https:\/\/www.entreculturas.org\/fr\/noticias-la-luz-de-las-ninas\/"},{"@type":"ListItem","position":3,"name":"LA LUZ DE LAS NI\u00d1AS EN NACIONES UNIDAS"}]},{"@type":"WebSite","@id":"https:\/\/www.entreculturas.org\/fr\/#website","url":"https:\/\/www.entreculturas.org\/fr\/","name":"Entreculturas","description":"","publisher":{"@id":"https:\/\/www.entreculturas.org\/fr\/#organization"},"alternateName":"Entreculturas","potentialAction":[{"@type":"SearchAction","target":{"@type":"EntryPoint","urlTemplate":"https:\/\/www.entreculturas.org\/fr\/?s={search_term_string}"},"query-input":{"@type":"PropertyValueSpecification","valueRequired":true,"valueName":"search_term_string"}}],"inLanguage":"fr-FR"},{"@type":"Organization","@id":"https:\/\/www.entreculturas.org\/fr\/#organization","name":"Entreculturas","url":"https:\/\/www.entreculturas.org\/fr\/","logo":{"@type":"ImageObject","inLanguage":"fr-FR","@id":"https:\/\/www.entreculturas.org\/fr\/#\/schema\/logo\/image\/","url":"https:\/\/www.entreculturas.org\/wp-content\/uploads\/2025\/10\/ESP.svg","contentUrl":"https:\/\/www.entreculturas.org\/wp-content\/uploads\/2025\/10\/ESP.svg","caption":"Entreculturas"},"image":{"@id":"https:\/\/www.entreculturas.org\/fr\/#\/schema\/logo\/image\/"},"sameAs":["https:\/\/www.facebook.com\/entreculturas","https:\/\/x.com\/Entreculturas","https:\/\/www.instagram.com\/entreculturas\/","https:\/\/www.youtube.com\/user\/entreculturasvideo","https:\/\/www.linkedin.com\/company\/fundacion-entreculturas-ngdo\/","https:\/\/www.flickr.com\/photos\/98455522@N04\/albums\/"]}]}},"_links":{"self":[{"href":"https:\/\/www.entreculturas.org\/fr\/wp-json\/wp\/v2\/xxx\/444","targetHints":{"allow":["GET"]}}],"collection":[{"href":"https:\/\/www.entreculturas.org\/fr\/wp-json\/wp\/v2\/xxx"}],"about":[{"href":"https:\/\/www.entreculturas.org\/fr\/wp-json\/wp\/v2\/types\/xxx"}],"wp:featuredmedia":[{"embeddable":true,"href":"https:\/\/www.entreculturas.org\/fr\/wp-json\/wp\/v2\/media\/445"}],"wp:attachment":[{"href":"https:\/\/www.entreculturas.org\/fr\/wp-json\/wp\/v2\/media?parent=444"}],"wp:term":[{"taxonomy":"category","embeddable":true,"href":"https:\/\/www.entreculturas.org\/fr\/wp-json\/wp\/v2\/categories?post=444"},{"taxonomy":"post_tag","embeddable":true,"href":"https:\/\/www.entreculturas.org\/fr\/wp-json\/wp\/v2\/tags?post=444"}],"curies":[{"name":"wp","href":"https:\/\/api.w.org\/{rel}","templated":true}]}}