{"id":39760,"date":"2025-06-18T16:02:55","date_gmt":"2025-06-18T14:02:55","guid":{"rendered":"https:\/\/www.entreculturas.org\/la-luz-de-las-ninas\/noticia\/\/"},"modified":"2025-06-18T16:02:57","modified_gmt":"2025-06-18T14:02:57","slug":"ninas-teniendo-ninos-embarazos-infantiles-y-violencia-sexual-en-guatemala","status":"publish","type":"xxx","link":"https:\/\/www.entreculturas.org\/fr\/la-luz-de-las-ninas\/noticia\/ninas-teniendo-ninos-embarazos-infantiles-y-violencia-sexual-en-guatemala\/","title":{"rendered":"\u00ab\u00a0Ni\u00f1as teniendo ni\u00f1os\u00a0\u00bb: embarazos infantiles y violencia sexual en Guatemala"},"content":{"rendered":"\n<p>Cada a\u00f1o, m\u00e1s de 2.000 ni\u00f1as guatemaltecas entre los 10 y 14 a\u00f1os dan a luz. La mayor\u00eda de estos embarazos son consecuencia directa de violencia sexual. Esta es una de las realidades m\u00e1s estremecedoras que revela el <a href=\"http:\/\/www.odhag.org.gt\/wordpress\/wp-content\/uploads\/2025\/05\/InformeNinez2022-2024.pdf\">informe <em>Situaci\u00f3n de la Ni\u00f1ez y Adolescencia en Guatemala 2022-2024<\/em><\/a>, elaborado por la Oficina de Derechos Humanos del Arzobispado de Guatemala (ODHAG). Bajo el t\u00edtulo <strong>\u201cNi\u00f1as teniendo ni\u00f1os\u201d<\/strong>, el documento denuncia una violaci\u00f3n sistem\u00e1tica de los derechos de las ni\u00f1as en el pa\u00eds, marcada por la pobreza, la desigualdad, la impunidad y la falta de acceso a servicios b\u00e1sicos de salud y educaci\u00f3n.<\/p>\n\n\n\n<p><\/p>\n\n\n\n<h4 class=\"wp-block-heading\" id=\"h-violencia-sexual-embarazos-infantiles-y-vidas-truncadas\"><strong>Violencia sexual, embarazos infantiles y vidas truncadas<\/strong><\/h4>\n\n\n\n<p><\/p>\n\n\n\n<p>En 2023 se registraron en Guatemala 1.944 nacimientos en ni\u00f1as menores de 15 a\u00f1os, y m\u00e1s de 24.000 en adolescentes de entre 15 y 17 a\u00f1os. Pero detr\u00e1s de estas cifras hay historias de ni\u00f1as obligadas a convertirse en madres, muchas veces por abuso dentro del entorno familiar o comunitario. El 90% de las adolescentes embarazadas son madres solteras, y muchas ni siquiera han accedido a controles m\u00e9dicos durante el embarazo ni a servicios de salud adecuados durante el parto.<\/p>\n\n\n\n<p><\/p>\n\n\n\n<p>Adem\u00e1s del impacto f\u00edsico, el informe evidencia que la maternidad temprana condena a estas ni\u00f1as a abandonar la escuela, limitar sus oportunidades futuras y reproducir el ciclo de pobreza. El informe se\u00f1ala que estos embarazos son consecuencia directa de violencia sexual, y que el contexto econ\u00f3mico, social y cultural contribuye a la perpetuaci\u00f3n de esta terrible lacra.&nbsp;<\/p>\n\n\n\n<p><\/p>\n\n\n\n<p>Las ni\u00f1as v\u00edctimas enfrentan vulnerabilidades en todos los sistemas de protecci\u00f3n: salud, educaci\u00f3n, comunidad y, especialmente, en el sistema de justicia, que muchas veces no logra protegerlas ni garantizarles acceso a la justicia.&nbsp;<\/p>\n\n\n\n<p><\/p>\n\n\n\n<h4 class=\"wp-block-heading\" id=\"h-uniones-informales-el-rostro-oculto-del-matrimonio-infantil\"><strong>Uniones informales: el rostro oculto del matrimonio infantil<\/strong><\/h4>\n\n\n\n<p><\/p>\n\n\n\n<p>Aunque en Guatemala <a href=\"https:\/\/www.europapress.es\/epsocial\/igualdad\/noticia-guatemala-prohibe-matrimonio-infantil-20151112090022.html\">la ley establece que solo es legal casarse a partir de los 18 a\u00f1os<\/a>, la realidad del matrimonio infantil persiste en forma de uniones informales. Estas uniones, muchas veces forzadas, se dan fuera del marco legal y suelen ser invisibilizadas. Las ni\u00f1as son entregadas a hombres adultos como \u201cparejas\u201d, sin protecci\u00f3n legal ni acceso a sus derechos, en un contexto donde el consentimiento es imposible.<\/p>\n\n\n\n<p><\/p>\n\n\n\n<p>Estas pr\u00e1cticas tienen ra\u00edces profundas en normas sociales patriarcales, la pobreza y la falta de oportunidades, factores que afectan con especial intensidad a las comunidades rurales e ind\u00edgenas. En algunos contextos, las ni\u00f1as pueden llegar a ser percibidas como una carga econ\u00f3mica o moneda de cambio, lo que las expone a mayores riesgos de violencia y abandono escolar.<\/p>\n\n\n\n<p><\/p>\n\n\n\n<h4 class=\"wp-block-heading\" id=\"h-educacion-una-oportunidad-que-aun-no-llega-a-todas\"><strong>Educaci\u00f3n: una oportunidad que a\u00fan no llega a todas<\/strong><\/h4>\n\n\n\n<p><\/p>\n\n\n\n<p>El informe tambi\u00e9n revela c\u00f3mo la falta de acceso a la educaci\u00f3n agrava esta realidad. En Guatemala, solo el 53% de los y las adolescentes en edad de cursar el ciclo b\u00e1sico (13-15 a\u00f1os) est\u00e1n matriculados, y apenas 1 de cada 4 logra acceder al ciclo diversificado (16-18 a\u00f1os). La tasa de deserci\u00f3n aumenta en las ni\u00f1as, especialmente en \u00e1reas rurales, donde la distancia, la inseguridad o las tareas dom\u00e9sticas impuestas limitan su permanencia en la escuela.<\/p>\n\n\n\n<p><\/p>\n\n\n\n<p>Adem\u00e1s, se estima que m\u00e1s de 7 de cada 10 ni\u00f1as, ni\u00f1os y adolescentes viven en situaci\u00f3n de pobreza. Esta exclusi\u00f3n social se traduce en menor acceso a tecnolog\u00edas, servicios de salud, alimentaci\u00f3n adecuada y oportunidades educativas, lo que deja a las ni\u00f1as a\u00fan m\u00e1s expuestas a la violencia.<\/p>\n\n\n\n<p><\/p>\n\n\n\n<h4 class=\"wp-block-heading\" id=\"h-nuestra-respuesta-desde-la-luz-de-las-ninas\"><strong>Nuestra respuesta desde La LUZ de las NI\u00d1AS<\/strong><\/h4>\n\n\n\n<p><\/p>\n\n\n\n<p>En este contexto de m\u00faltiples vulneraciones de derechos, Entreculturas y Fe y Alegr\u00eda Guatemala trabajamos, a trav\u00e9s de La LUZ de las NI\u00d1AS, para proteger a las ni\u00f1as, denunciar la violencia que sufren y promover alternativas reales para su desarrollo.<\/p>\n\n\n\n<p><\/p>\n\n\n\n<p>En comunidades rurales de Totonicap\u00e1n, una de las zonas con mayores \u00edndices de pobreza y menor acceso a educaci\u00f3n, acompa\u00f1amos a ni\u00f1as y adolescentes ind\u00edgenas que enfrentan discriminaci\u00f3n estructural, violencia de g\u00e9nero, racismo y exclusi\u00f3n. La violencia sexual, las uniones tempranas y los embarazos infantiles son realidades que amenazan su presente y su futuro.<\/p>\n\n\n\n<p><\/p>\n\n\n\n<p>Por eso promovemos relaciones de igualdad y entornos seguros dentro de las escuelas, espacios donde las ni\u00f1as pueden hablar, aprender, sanar y resistir. A trav\u00e9s de nuestras campa\u00f1as de sensibilizaci\u00f3n, visibilizamos la violencia que sufren y movilizamos a comunidades, docentes, autoridades y familias para transformarla.<\/p>\n\n\n\n<p><\/p>\n\n\n\n<p>Adem\u00e1s, ofrecemos acompa\u00f1amiento psicosocial a ni\u00f1as sobrevivientes de violencia, de manera que puedan fortalecer su autoestima, su conocimiento sobre sus derechos y su poder para tomar decisiones. Impulsamos redes de apoyo entre ni\u00f1as y adolescentes y formamos a docentes y l\u00edderes y lideresas comunitarios para que sean aliados en la protecci\u00f3n de las ni\u00f1as.<\/p>\n\n\n\n<p><\/p>\n\n\n\n<p>Creemos firmemente que la educaci\u00f3n es la herramienta m\u00e1s poderosa para que las ni\u00f1as puedan crecer y construir un futuro libre de violencia. Por eso, seguimos trabajando con y para las ni\u00f1as. Porque tienen derecho a serlo.<\/p>\n\n\n\n<p><\/p>\n","protected":false},"excerpt":{"rendered":"<p>Cada a\u00f1o, m\u00e1s de 2.000 ni\u00f1as guatemaltecas entre los 10 y 14 a\u00f1os dan a luz. La mayor\u00eda de estos embarazos son consecuencia directa de violencia sexual. Esta es una de las realidades m\u00e1s estremecedoras que revela el informe Situaci\u00f3n de la Ni\u00f1ez y Adolescencia en Guatemala 2022-2024, elaborado por la Oficina de Derechos Humanos del Arzobispado de Guatemala (ODHAG). Bajo el t\u00edtulo \u201cNi\u00f1as teniendo ni\u00f1os\u201d, el documento denuncia una violaci\u00f3n sistem\u00e1tica de los derechos de las ni\u00f1as en el pa\u00eds, marcada por la pobreza, la desigualdad, la impunidad y la falta de acceso a servicios b\u00e1sicos de salud y educaci\u00f3n. Violencia sexual, embarazos infantiles y vidas truncadas En 2023 se registraron en Guatemala 1.944 nacimientos en ni\u00f1as menores de 15 a\u00f1os, y m\u00e1s de 24.000 en adolescentes de entre 15 y 17 a\u00f1os. Pero detr\u00e1s de estas cifras hay historias de ni\u00f1as obligadas a convertirse en madres, muchas veces [&hellip;]<\/p>\n","protected":false},"featured_media":38589,"template":"wp-custom-template-noticias-la-luz-de-las-ninas-2","meta":{"_acf_changed":false},"categories":[7],"tags":[579],"class_list":["post-39760","xxx","type-xxx","status-publish","has-post-thumbnail","hentry","category-noticia","tag-noticias-la-luz-de-las-ninas"],"acf":[],"yoast_head":"<!-- This site is optimized with the Yoast SEO Premium plugin v21.6 (Yoast SEO v27.5) - https:\/\/yoast.com\/product\/yoast-seo-premium-wordpress\/ -->\n<title>&quot;Ni\u00f1as teniendo ni\u00f1os&quot;: embarazos infantiles y violencia sexual en Guatemala - Entreculturas<\/title>\n<meta name=\"robots\" content=\"index, follow, max-snippet:-1, max-image-preview:large, max-video-preview:-1\" \/>\n<link rel=\"canonical\" href=\"https:\/\/www.entreculturas.org\/fr\/la-luz-de-las-ninas\/noticia\/ninas-teniendo-ninos-embarazos-infantiles-y-violencia-sexual-en-guatemala\/\" \/>\n<meta property=\"og:locale\" content=\"fr_FR\" \/>\n<meta property=\"og:type\" content=\"article\" \/>\n<meta property=\"og:title\" content=\"&quot;Ni\u00f1as teniendo ni\u00f1os&quot;: embarazos infantiles y violencia sexual en Guatemala\" \/>\n<meta property=\"og:description\" content=\"Cada a\u00f1o, m\u00e1s de 2.000 ni\u00f1as guatemaltecas entre los 10 y 14 a\u00f1os dan a luz. La mayor\u00eda de estos embarazos son consecuencia directa de violencia sexual. Esta es una de las realidades m\u00e1s estremecedoras que revela el informe Situaci\u00f3n de la Ni\u00f1ez y Adolescencia en Guatemala 2022-2024, elaborado por la Oficina de Derechos Humanos del Arzobispado de Guatemala (ODHAG). Bajo el t\u00edtulo \u201cNi\u00f1as teniendo ni\u00f1os\u201d, el documento denuncia una violaci\u00f3n sistem\u00e1tica de los derechos de las ni\u00f1as en el pa\u00eds, marcada por la pobreza, la desigualdad, la impunidad y la falta de acceso a servicios b\u00e1sicos de salud y educaci\u00f3n. Violencia sexual, embarazos infantiles y vidas truncadas En 2023 se registraron en Guatemala 1.944 nacimientos en ni\u00f1as menores de 15 a\u00f1os, y m\u00e1s de 24.000 en adolescentes de entre 15 y 17 a\u00f1os. Pero detr\u00e1s de estas cifras hay historias de ni\u00f1as obligadas a convertirse en madres, muchas veces [&hellip;]\" \/>\n<meta property=\"og:url\" content=\"https:\/\/www.entreculturas.org\/fr\/la-luz-de-las-ninas\/noticia\/ninas-teniendo-ninos-embarazos-infantiles-y-violencia-sexual-en-guatemala\/\" \/>\n<meta property=\"og:site_name\" content=\"Entreculturas\" \/>\n<meta property=\"article:publisher\" content=\"https:\/\/www.facebook.com\/entreculturas\" \/>\n<meta property=\"article:modified_time\" content=\"2025-06-18T14:02:57+00:00\" \/>\n<meta property=\"og:image\" content=\"https:\/\/www.entreculturas.org\/wp-content\/uploads\/2025\/04\/Guatemala_Christian_Zuniga-1-scaled.jpg\" \/>\n\t<meta property=\"og:image:width\" content=\"2560\" \/>\n\t<meta property=\"og:image:height\" content=\"1707\" \/>\n\t<meta property=\"og:image:type\" content=\"image\/jpeg\" \/>\n<meta name=\"twitter:card\" content=\"summary_large_image\" \/>\n<meta name=\"twitter:site\" content=\"@Entreculturas\" \/>\n<script type=\"application\/ld+json\" class=\"yoast-schema-graph\">{\"@context\":\"https:\\\/\\\/schema.org\",\"@graph\":[{\"@type\":\"WebPage\",\"@id\":\"https:\\\/\\\/www.entreculturas.org\\\/fr\\\/la-luz-de-las-ninas\\\/noticia\\\/ninas-teniendo-ninos-embarazos-infantiles-y-violencia-sexual-en-guatemala\\\/\",\"url\":\"https:\\\/\\\/www.entreculturas.org\\\/fr\\\/la-luz-de-las-ninas\\\/noticia\\\/ninas-teniendo-ninos-embarazos-infantiles-y-violencia-sexual-en-guatemala\\\/\",\"name\":\"\\\"Ni\u00f1as teniendo ni\u00f1os\\\": embarazos infantiles y violencia sexual en Guatemala - Entreculturas\",\"isPartOf\":{\"@id\":\"https:\\\/\\\/www.entreculturas.org\\\/fr\\\/#website\"},\"primaryImageOfPage\":{\"@id\":\"https:\\\/\\\/www.entreculturas.org\\\/fr\\\/la-luz-de-las-ninas\\\/noticia\\\/ninas-teniendo-ninos-embarazos-infantiles-y-violencia-sexual-en-guatemala\\\/#primaryimage\"},\"image\":{\"@id\":\"https:\\\/\\\/www.entreculturas.org\\\/fr\\\/la-luz-de-las-ninas\\\/noticia\\\/ninas-teniendo-ninos-embarazos-infantiles-y-violencia-sexual-en-guatemala\\\/#primaryimage\"},\"thumbnailUrl\":\"https:\\\/\\\/www.entreculturas.org\\\/wp-content\\\/uploads\\\/2025\\\/04\\\/Guatemala_Christian_Zuniga-1-scaled.jpg\",\"datePublished\":\"2025-06-18T14:02:55+00:00\",\"dateModified\":\"2025-06-18T14:02:57+00:00\",\"breadcrumb\":{\"@id\":\"https:\\\/\\\/www.entreculturas.org\\\/fr\\\/la-luz-de-las-ninas\\\/noticia\\\/ninas-teniendo-ninos-embarazos-infantiles-y-violencia-sexual-en-guatemala\\\/#breadcrumb\"},\"inLanguage\":\"fr-FR\",\"potentialAction\":[{\"@type\":\"ReadAction\",\"target\":[\"https:\\\/\\\/www.entreculturas.org\\\/fr\\\/la-luz-de-las-ninas\\\/noticia\\\/ninas-teniendo-ninos-embarazos-infantiles-y-violencia-sexual-en-guatemala\\\/\"]}]},{\"@type\":\"ImageObject\",\"inLanguage\":\"fr-FR\",\"@id\":\"https:\\\/\\\/www.entreculturas.org\\\/fr\\\/la-luz-de-las-ninas\\\/noticia\\\/ninas-teniendo-ninos-embarazos-infantiles-y-violencia-sexual-en-guatemala\\\/#primaryimage\",\"url\":\"https:\\\/\\\/www.entreculturas.org\\\/wp-content\\\/uploads\\\/2025\\\/04\\\/Guatemala_Christian_Zuniga-1-scaled.jpg\",\"contentUrl\":\"https:\\\/\\\/www.entreculturas.org\\\/wp-content\\\/uploads\\\/2025\\\/04\\\/Guatemala_Christian_Zuniga-1-scaled.jpg\",\"width\":2560,\"height\":1707},{\"@type\":\"BreadcrumbList\",\"@id\":\"https:\\\/\\\/www.entreculturas.org\\\/fr\\\/la-luz-de-las-ninas\\\/noticia\\\/ninas-teniendo-ninos-embarazos-infantiles-y-violencia-sexual-en-guatemala\\\/#breadcrumb\",\"itemListElement\":[{\"@type\":\"ListItem\",\"position\":1,\"name\":\"Home\",\"item\":\"https:\\\/\\\/www.entreculturas.org\\\/fr\\\/\"},{\"@type\":\"ListItem\",\"position\":2,\"name\":\"Noticias LLDLN\",\"item\":\"https:\\\/\\\/www.entreculturas.org\\\/fr\\\/noticias-la-luz-de-las-ninas\\\/\"},{\"@type\":\"ListItem\",\"position\":3,\"name\":\"\u00ab\u00a0Ni\u00f1as teniendo ni\u00f1os\u00a0\u00bb: embarazos infantiles y violencia sexual en Guatemala\"}]},{\"@type\":\"WebSite\",\"@id\":\"https:\\\/\\\/www.entreculturas.org\\\/fr\\\/#website\",\"url\":\"https:\\\/\\\/www.entreculturas.org\\\/fr\\\/\",\"name\":\"Entreculturas\",\"description\":\"\",\"publisher\":{\"@id\":\"https:\\\/\\\/www.entreculturas.org\\\/fr\\\/#organization\"},\"alternateName\":\"Entreculturas\",\"potentialAction\":[{\"@type\":\"SearchAction\",\"target\":{\"@type\":\"EntryPoint\",\"urlTemplate\":\"https:\\\/\\\/www.entreculturas.org\\\/fr\\\/?s={search_term_string}\"},\"query-input\":{\"@type\":\"PropertyValueSpecification\",\"valueRequired\":true,\"valueName\":\"search_term_string\"}}],\"inLanguage\":\"fr-FR\"},{\"@type\":\"Organization\",\"@id\":\"https:\\\/\\\/www.entreculturas.org\\\/fr\\\/#organization\",\"name\":\"Entreculturas\",\"url\":\"https:\\\/\\\/www.entreculturas.org\\\/fr\\\/\",\"logo\":{\"@type\":\"ImageObject\",\"inLanguage\":\"fr-FR\",\"@id\":\"https:\\\/\\\/www.entreculturas.org\\\/fr\\\/#\\\/schema\\\/logo\\\/image\\\/\",\"url\":\"https:\\\/\\\/www.entreculturas.org\\\/wp-content\\\/uploads\\\/2025\\\/10\\\/ESP.svg\",\"contentUrl\":\"https:\\\/\\\/www.entreculturas.org\\\/wp-content\\\/uploads\\\/2025\\\/10\\\/ESP.svg\",\"caption\":\"Entreculturas\"},\"image\":{\"@id\":\"https:\\\/\\\/www.entreculturas.org\\\/fr\\\/#\\\/schema\\\/logo\\\/image\\\/\"},\"sameAs\":[\"https:\\\/\\\/www.facebook.com\\\/entreculturas\",\"https:\\\/\\\/x.com\\\/Entreculturas\",\"https:\\\/\\\/www.instagram.com\\\/entreculturas\\\/\",\"https:\\\/\\\/www.youtube.com\\\/user\\\/entreculturasvideo\",\"https:\\\/\\\/www.linkedin.com\\\/company\\\/fundacion-entreculturas-ngdo\\\/\",\"https:\\\/\\\/www.flickr.com\\\/photos\\\/98455522@N04\\\/albums\\\/\"]}]}<\/script>\n<!-- \/ Yoast SEO Premium plugin. -->","yoast_head_json":{"title":"\"Ni\u00f1as teniendo ni\u00f1os\": embarazos infantiles y violencia sexual en Guatemala - Entreculturas","robots":{"index":"index","follow":"follow","max-snippet":"max-snippet:-1","max-image-preview":"max-image-preview:large","max-video-preview":"max-video-preview:-1"},"canonical":"https:\/\/www.entreculturas.org\/fr\/la-luz-de-las-ninas\/noticia\/ninas-teniendo-ninos-embarazos-infantiles-y-violencia-sexual-en-guatemala\/","og_locale":"fr_FR","og_type":"article","og_title":"\"Ni\u00f1as teniendo ni\u00f1os\": embarazos infantiles y violencia sexual en Guatemala","og_description":"Cada a\u00f1o, m\u00e1s de 2.000 ni\u00f1as guatemaltecas entre los 10 y 14 a\u00f1os dan a luz. La mayor\u00eda de estos embarazos son consecuencia directa de violencia sexual. Esta es una de las realidades m\u00e1s estremecedoras que revela el informe Situaci\u00f3n de la Ni\u00f1ez y Adolescencia en Guatemala 2022-2024, elaborado por la Oficina de Derechos Humanos del Arzobispado de Guatemala (ODHAG). Bajo el t\u00edtulo \u201cNi\u00f1as teniendo ni\u00f1os\u201d, el documento denuncia una violaci\u00f3n sistem\u00e1tica de los derechos de las ni\u00f1as en el pa\u00eds, marcada por la pobreza, la desigualdad, la impunidad y la falta de acceso a servicios b\u00e1sicos de salud y educaci\u00f3n. Violencia sexual, embarazos infantiles y vidas truncadas En 2023 se registraron en Guatemala 1.944 nacimientos en ni\u00f1as menores de 15 a\u00f1os, y m\u00e1s de 24.000 en adolescentes de entre 15 y 17 a\u00f1os. Pero detr\u00e1s de estas cifras hay historias de ni\u00f1as obligadas a convertirse en madres, muchas veces [&hellip;]","og_url":"https:\/\/www.entreculturas.org\/fr\/la-luz-de-las-ninas\/noticia\/ninas-teniendo-ninos-embarazos-infantiles-y-violencia-sexual-en-guatemala\/","og_site_name":"Entreculturas","article_publisher":"https:\/\/www.facebook.com\/entreculturas","article_modified_time":"2025-06-18T14:02:57+00:00","og_image":[{"width":2560,"height":1707,"url":"https:\/\/www.entreculturas.org\/wp-content\/uploads\/2025\/04\/Guatemala_Christian_Zuniga-1-scaled.jpg","type":"image\/jpeg"}],"twitter_card":"summary_large_image","twitter_site":"@Entreculturas","schema":{"@context":"https:\/\/schema.org","@graph":[{"@type":"WebPage","@id":"https:\/\/www.entreculturas.org\/fr\/la-luz-de-las-ninas\/noticia\/ninas-teniendo-ninos-embarazos-infantiles-y-violencia-sexual-en-guatemala\/","url":"https:\/\/www.entreculturas.org\/fr\/la-luz-de-las-ninas\/noticia\/ninas-teniendo-ninos-embarazos-infantiles-y-violencia-sexual-en-guatemala\/","name":"\"Ni\u00f1as teniendo ni\u00f1os\": embarazos infantiles y violencia sexual en Guatemala - Entreculturas","isPartOf":{"@id":"https:\/\/www.entreculturas.org\/fr\/#website"},"primaryImageOfPage":{"@id":"https:\/\/www.entreculturas.org\/fr\/la-luz-de-las-ninas\/noticia\/ninas-teniendo-ninos-embarazos-infantiles-y-violencia-sexual-en-guatemala\/#primaryimage"},"image":{"@id":"https:\/\/www.entreculturas.org\/fr\/la-luz-de-las-ninas\/noticia\/ninas-teniendo-ninos-embarazos-infantiles-y-violencia-sexual-en-guatemala\/#primaryimage"},"thumbnailUrl":"https:\/\/www.entreculturas.org\/wp-content\/uploads\/2025\/04\/Guatemala_Christian_Zuniga-1-scaled.jpg","datePublished":"2025-06-18T14:02:55+00:00","dateModified":"2025-06-18T14:02:57+00:00","breadcrumb":{"@id":"https:\/\/www.entreculturas.org\/fr\/la-luz-de-las-ninas\/noticia\/ninas-teniendo-ninos-embarazos-infantiles-y-violencia-sexual-en-guatemala\/#breadcrumb"},"inLanguage":"fr-FR","potentialAction":[{"@type":"ReadAction","target":["https:\/\/www.entreculturas.org\/fr\/la-luz-de-las-ninas\/noticia\/ninas-teniendo-ninos-embarazos-infantiles-y-violencia-sexual-en-guatemala\/"]}]},{"@type":"ImageObject","inLanguage":"fr-FR","@id":"https:\/\/www.entreculturas.org\/fr\/la-luz-de-las-ninas\/noticia\/ninas-teniendo-ninos-embarazos-infantiles-y-violencia-sexual-en-guatemala\/#primaryimage","url":"https:\/\/www.entreculturas.org\/wp-content\/uploads\/2025\/04\/Guatemala_Christian_Zuniga-1-scaled.jpg","contentUrl":"https:\/\/www.entreculturas.org\/wp-content\/uploads\/2025\/04\/Guatemala_Christian_Zuniga-1-scaled.jpg","width":2560,"height":1707},{"@type":"BreadcrumbList","@id":"https:\/\/www.entreculturas.org\/fr\/la-luz-de-las-ninas\/noticia\/ninas-teniendo-ninos-embarazos-infantiles-y-violencia-sexual-en-guatemala\/#breadcrumb","itemListElement":[{"@type":"ListItem","position":1,"name":"Home","item":"https:\/\/www.entreculturas.org\/fr\/"},{"@type":"ListItem","position":2,"name":"Noticias LLDLN","item":"https:\/\/www.entreculturas.org\/fr\/noticias-la-luz-de-las-ninas\/"},{"@type":"ListItem","position":3,"name":"\u00ab\u00a0Ni\u00f1as teniendo ni\u00f1os\u00a0\u00bb: embarazos infantiles y violencia sexual en Guatemala"}]},{"@type":"WebSite","@id":"https:\/\/www.entreculturas.org\/fr\/#website","url":"https:\/\/www.entreculturas.org\/fr\/","name":"Entreculturas","description":"","publisher":{"@id":"https:\/\/www.entreculturas.org\/fr\/#organization"},"alternateName":"Entreculturas","potentialAction":[{"@type":"SearchAction","target":{"@type":"EntryPoint","urlTemplate":"https:\/\/www.entreculturas.org\/fr\/?s={search_term_string}"},"query-input":{"@type":"PropertyValueSpecification","valueRequired":true,"valueName":"search_term_string"}}],"inLanguage":"fr-FR"},{"@type":"Organization","@id":"https:\/\/www.entreculturas.org\/fr\/#organization","name":"Entreculturas","url":"https:\/\/www.entreculturas.org\/fr\/","logo":{"@type":"ImageObject","inLanguage":"fr-FR","@id":"https:\/\/www.entreculturas.org\/fr\/#\/schema\/logo\/image\/","url":"https:\/\/www.entreculturas.org\/wp-content\/uploads\/2025\/10\/ESP.svg","contentUrl":"https:\/\/www.entreculturas.org\/wp-content\/uploads\/2025\/10\/ESP.svg","caption":"Entreculturas"},"image":{"@id":"https:\/\/www.entreculturas.org\/fr\/#\/schema\/logo\/image\/"},"sameAs":["https:\/\/www.facebook.com\/entreculturas","https:\/\/x.com\/Entreculturas","https:\/\/www.instagram.com\/entreculturas\/","https:\/\/www.youtube.com\/user\/entreculturasvideo","https:\/\/www.linkedin.com\/company\/fundacion-entreculturas-ngdo\/","https:\/\/www.flickr.com\/photos\/98455522@N04\/albums\/"]}]}},"_links":{"self":[{"href":"https:\/\/www.entreculturas.org\/fr\/wp-json\/wp\/v2\/xxx\/39760","targetHints":{"allow":["GET"]}}],"collection":[{"href":"https:\/\/www.entreculturas.org\/fr\/wp-json\/wp\/v2\/xxx"}],"about":[{"href":"https:\/\/www.entreculturas.org\/fr\/wp-json\/wp\/v2\/types\/xxx"}],"wp:featuredmedia":[{"embeddable":true,"href":"https:\/\/www.entreculturas.org\/fr\/wp-json\/wp\/v2\/media\/38589"}],"wp:attachment":[{"href":"https:\/\/www.entreculturas.org\/fr\/wp-json\/wp\/v2\/media?parent=39760"}],"wp:term":[{"taxonomy":"category","embeddable":true,"href":"https:\/\/www.entreculturas.org\/fr\/wp-json\/wp\/v2\/categories?post=39760"},{"taxonomy":"post_tag","embeddable":true,"href":"https:\/\/www.entreculturas.org\/fr\/wp-json\/wp\/v2\/tags?post=39760"}],"curies":[{"name":"wp","href":"https:\/\/api.w.org\/{rel}","templated":true}]}}