{"id":39753,"date":"2025-06-18T15:40:14","date_gmt":"2025-06-18T13:40:14","guid":{"rendered":"https:\/\/www.entreculturas.org\/la-luz-de-las-ninas\/noticia\/\/"},"modified":"2025-07-15T15:45:09","modified_gmt":"2025-07-15T13:45:09","slug":"la-campana-la-luz-de-las-ninas-en-2024","status":"publish","type":"xxx","link":"https:\/\/www.entreculturas.org\/fr\/la-luz-de-las-ninas\/noticia\/la-campana-la-luz-de-las-ninas-en-2024\/","title":{"rendered":"La campa\u00f1a La LUZ de las NI\u00d1AS en 2024"},"content":{"rendered":"\n<p>El pasado a\u00f1o, la campa\u00f1a La LUZ de las NI\u00d1AS ha seguido creciendo como un movimiento global contra las violencias que afectan a millones de ni\u00f1as en el mundo. Junto a nuestras organizaciones aliadas, JRS y Fe y Alegr\u00eda, desde Entreculturas hemos redoblado esfuerzos para visibilizar y enfrentar estas violencias en 11 pa\u00edses de \u00c1frica y Am\u00e9rica Latina. Una labor que se puede ver en el nuevo informe de actividades de la campa\u00f1a La LUZ de las NI\u00d1AS durante 2024.<\/p>\n\n\n\n<p><\/p>\n\n\n\n<p>En un a\u00f1o marcado por m\u00faltiples crisis humanitarias, las ni\u00f1as han estado especialmente expuestas a la violencia sexual, la explotaci\u00f3n, la mutilaci\u00f3n genital femenina y los matrimonios infantiles y forzados. Ante esta realidad, desde La LUZ de las NI\u00d1AS hemos trabajado para amplificar sus voces y llevar sus demandas a espacios de colaboraci\u00f3n e incidencia pol\u00edtica internacional.<\/p>\n\n\n\n<p><\/p>\n\n\n\n<p>Uno de los hitos m\u00e1s recientes ha sido el <strong>Foro Internacional online de La LUZ de las NI\u00d1AS<\/strong>, donde ni\u00f1as de distintos pa\u00edses compartieron sus experiencias y propuestas. Sus voces tambi\u00e9n han llegado hasta la <strong>Oficina del Alto Comisionado de la ONU para los Derechos Humanos<\/strong>, reforzando nuestra labor de denuncia y sensibilizaci\u00f3n ante la comunidad internacional.<\/p>\n\n\n\n<p><\/p>\n\n\n\n<p>Adem\u00e1s, las campa\u00f1as audiovisuales han seguido siendo una herramienta clave para narrar sus historias y despertar conciencias: desde las ni\u00f1as refugiadas en Kenia, expuestas a la violencia en su camino de huida, hasta las que resisten el conflicto armado en la Rep\u00fablica Democr\u00e1tica del Congo o enfrentan abusos y exclusi\u00f3n en pa\u00edses como Honduras o Guatemala.<\/p>\n\n\n\n<p><\/p>\n\n\n\n<p>Otro hito clave de 2024 fue contar con la reconocida bailaora <strong>Sara Baras<\/strong> como altavoz de la campa\u00f1a: Sara se ha unido generosamente a nuestra causa, ayudando a visibilizar nuestro mensaje y a sumar apoyos para erradicar la violencia contra las ni\u00f1as. Su compromiso ha sido un impulso fundamental para seguir avanzando.<\/p>\n\n\n\n<p>La educaci\u00f3n, la protecci\u00f3n y el acompa\u00f1amiento a las ni\u00f1as siguen siendo el coraz\u00f3n de nuestra campa\u00f1a. Este nuevo informe es testimonio de un a\u00f1o m\u00e1s de lucha, esperanza y resistencia. Un a\u00f1o en el que las ni\u00f1as han seguido alzando su voz con valent\u00eda, record\u00e1ndonos que a\u00fan queda mucho por hacer y que cada paso cuenta en la defensa de sus derechos.<\/p>\n\n\n\n<p><\/p>\n\n\n\n<div class=\"wp-block-buttons is-layout-flex wp-block-buttons-is-layout-flex\">\n<div class=\"wp-block-button\"><a class=\"wp-block-button__link wp-element-button\" href=\"https:\/\/www.entreculturas.org\/wp-content\/uploads\/2025\/06\/Digital_LaLuzDeLasNinas_2024.pdf\">Descarga el informe<\/a><\/div>\n<\/div>\n\n\n\n<p><\/p>\n","protected":false},"excerpt":{"rendered":"<p>El pasado a\u00f1o, la campa\u00f1a La LUZ de las NI\u00d1AS ha seguido creciendo como un movimiento global contra las violencias que afectan a millones de ni\u00f1as en el mundo. Junto a nuestras organizaciones aliadas, JRS y Fe y Alegr\u00eda, desde Entreculturas hemos redoblado esfuerzos para visibilizar y enfrentar estas violencias en 11 pa\u00edses de \u00c1frica y Am\u00e9rica Latina. Una labor que se puede ver en el nuevo informe de actividades de la campa\u00f1a La LUZ de las NI\u00d1AS durante 2024. En un a\u00f1o marcado por m\u00faltiples crisis humanitarias, las ni\u00f1as han estado especialmente expuestas a la violencia sexual, la explotaci\u00f3n, la mutilaci\u00f3n genital femenina y los matrimonios infantiles y forzados. Ante esta realidad, desde La LUZ de las NI\u00d1AS hemos trabajado para amplificar sus voces y llevar sus demandas a espacios de colaboraci\u00f3n e incidencia pol\u00edtica internacional. Uno de los hitos m\u00e1s recientes ha sido el Foro Internacional online de [&hellip;]<\/p>\n","protected":false},"featured_media":39755,"template":"wp-custom-template-noticias-la-luz-de-las-ninas-2","meta":{"_acf_changed":false},"categories":[7],"tags":[579],"class_list":["post-39753","xxx","type-xxx","status-publish","has-post-thumbnail","hentry","category-noticia","tag-noticias-la-luz-de-las-ninas"],"acf":[],"yoast_head":"<!-- This site is optimized with the Yoast SEO Premium plugin v21.6 (Yoast SEO v27.5) - https:\/\/yoast.com\/product\/yoast-seo-premium-wordpress\/ -->\n<title>La campa\u00f1a La LUZ de las NI\u00d1AS en 2024 - Entreculturas<\/title>\n<meta name=\"robots\" content=\"index, follow, max-snippet:-1, max-image-preview:large, max-video-preview:-1\" \/>\n<link rel=\"canonical\" href=\"https:\/\/www.entreculturas.org\/fr\/la-luz-de-las-ninas\/noticia\/la-campana-la-luz-de-las-ninas-en-2024\/\" \/>\n<meta property=\"og:locale\" content=\"fr_FR\" \/>\n<meta property=\"og:type\" content=\"article\" \/>\n<meta property=\"og:title\" content=\"La campa\u00f1a La LUZ de las NI\u00d1AS en 2024\" \/>\n<meta property=\"og:description\" content=\"El pasado a\u00f1o, la campa\u00f1a La LUZ de las NI\u00d1AS ha seguido creciendo como un movimiento global contra las violencias que afectan a millones de ni\u00f1as en el mundo. Junto a nuestras organizaciones aliadas, JRS y Fe y Alegr\u00eda, desde Entreculturas hemos redoblado esfuerzos para visibilizar y enfrentar estas violencias en 11 pa\u00edses de \u00c1frica y Am\u00e9rica Latina. Una labor que se puede ver en el nuevo informe de actividades de la campa\u00f1a La LUZ de las NI\u00d1AS durante 2024. En un a\u00f1o marcado por m\u00faltiples crisis humanitarias, las ni\u00f1as han estado especialmente expuestas a la violencia sexual, la explotaci\u00f3n, la mutilaci\u00f3n genital femenina y los matrimonios infantiles y forzados. Ante esta realidad, desde La LUZ de las NI\u00d1AS hemos trabajado para amplificar sus voces y llevar sus demandas a espacios de colaboraci\u00f3n e incidencia pol\u00edtica internacional. Uno de los hitos m\u00e1s recientes ha sido el Foro Internacional online de [&hellip;]\" \/>\n<meta property=\"og:url\" content=\"https:\/\/www.entreculturas.org\/fr\/la-luz-de-las-ninas\/noticia\/la-campana-la-luz-de-las-ninas-en-2024\/\" \/>\n<meta property=\"og:site_name\" content=\"Entreculturas\" \/>\n<meta property=\"article:publisher\" content=\"https:\/\/www.facebook.com\/entreculturas\" \/>\n<meta property=\"article:modified_time\" content=\"2025-07-15T13:45:09+00:00\" \/>\n<meta property=\"og:image\" content=\"https:\/\/www.entreculturas.org\/wp-content\/uploads\/2025\/06\/Paula-Casao_JRS-scaled.jpg\" \/>\n\t<meta property=\"og:image:width\" content=\"2560\" \/>\n\t<meta property=\"og:image:height\" content=\"1700\" \/>\n\t<meta property=\"og:image:type\" content=\"image\/jpeg\" \/>\n<meta name=\"twitter:card\" content=\"summary_large_image\" \/>\n<meta name=\"twitter:site\" content=\"@Entreculturas\" \/>\n<script type=\"application\/ld+json\" class=\"yoast-schema-graph\">{\"@context\":\"https:\\\/\\\/schema.org\",\"@graph\":[{\"@type\":\"WebPage\",\"@id\":\"https:\\\/\\\/www.entreculturas.org\\\/fr\\\/la-luz-de-las-ninas\\\/noticia\\\/la-campana-la-luz-de-las-ninas-en-2024\\\/\",\"url\":\"https:\\\/\\\/www.entreculturas.org\\\/fr\\\/la-luz-de-las-ninas\\\/noticia\\\/la-campana-la-luz-de-las-ninas-en-2024\\\/\",\"name\":\"La campa\u00f1a La LUZ de las NI\u00d1AS en 2024 - Entreculturas\",\"isPartOf\":{\"@id\":\"https:\\\/\\\/www.entreculturas.org\\\/fr\\\/#website\"},\"primaryImageOfPage\":{\"@id\":\"https:\\\/\\\/www.entreculturas.org\\\/fr\\\/la-luz-de-las-ninas\\\/noticia\\\/la-campana-la-luz-de-las-ninas-en-2024\\\/#primaryimage\"},\"image\":{\"@id\":\"https:\\\/\\\/www.entreculturas.org\\\/fr\\\/la-luz-de-las-ninas\\\/noticia\\\/la-campana-la-luz-de-las-ninas-en-2024\\\/#primaryimage\"},\"thumbnailUrl\":\"https:\\\/\\\/www.entreculturas.org\\\/wp-content\\\/uploads\\\/2025\\\/06\\\/Paula-Casao_JRS-scaled.jpg\",\"datePublished\":\"2025-06-18T13:40:14+00:00\",\"dateModified\":\"2025-07-15T13:45:09+00:00\",\"breadcrumb\":{\"@id\":\"https:\\\/\\\/www.entreculturas.org\\\/fr\\\/la-luz-de-las-ninas\\\/noticia\\\/la-campana-la-luz-de-las-ninas-en-2024\\\/#breadcrumb\"},\"inLanguage\":\"fr-FR\",\"potentialAction\":[{\"@type\":\"ReadAction\",\"target\":[\"https:\\\/\\\/www.entreculturas.org\\\/fr\\\/la-luz-de-las-ninas\\\/noticia\\\/la-campana-la-luz-de-las-ninas-en-2024\\\/\"]}]},{\"@type\":\"ImageObject\",\"inLanguage\":\"fr-FR\",\"@id\":\"https:\\\/\\\/www.entreculturas.org\\\/fr\\\/la-luz-de-las-ninas\\\/noticia\\\/la-campana-la-luz-de-las-ninas-en-2024\\\/#primaryimage\",\"url\":\"https:\\\/\\\/www.entreculturas.org\\\/wp-content\\\/uploads\\\/2025\\\/06\\\/Paula-Casao_JRS-scaled.jpg\",\"contentUrl\":\"https:\\\/\\\/www.entreculturas.org\\\/wp-content\\\/uploads\\\/2025\\\/06\\\/Paula-Casao_JRS-scaled.jpg\",\"width\":2560,\"height\":1700},{\"@type\":\"BreadcrumbList\",\"@id\":\"https:\\\/\\\/www.entreculturas.org\\\/fr\\\/la-luz-de-las-ninas\\\/noticia\\\/la-campana-la-luz-de-las-ninas-en-2024\\\/#breadcrumb\",\"itemListElement\":[{\"@type\":\"ListItem\",\"position\":1,\"name\":\"Home\",\"item\":\"https:\\\/\\\/www.entreculturas.org\\\/fr\\\/\"},{\"@type\":\"ListItem\",\"position\":2,\"name\":\"Noticias LLDLN\",\"item\":\"https:\\\/\\\/www.entreculturas.org\\\/fr\\\/noticias-la-luz-de-las-ninas\\\/\"},{\"@type\":\"ListItem\",\"position\":3,\"name\":\"La campa\u00f1a La LUZ de las NI\u00d1AS en 2024\"}]},{\"@type\":\"WebSite\",\"@id\":\"https:\\\/\\\/www.entreculturas.org\\\/fr\\\/#website\",\"url\":\"https:\\\/\\\/www.entreculturas.org\\\/fr\\\/\",\"name\":\"Entreculturas\",\"description\":\"\",\"publisher\":{\"@id\":\"https:\\\/\\\/www.entreculturas.org\\\/fr\\\/#organization\"},\"alternateName\":\"Entreculturas\",\"potentialAction\":[{\"@type\":\"SearchAction\",\"target\":{\"@type\":\"EntryPoint\",\"urlTemplate\":\"https:\\\/\\\/www.entreculturas.org\\\/fr\\\/?s={search_term_string}\"},\"query-input\":{\"@type\":\"PropertyValueSpecification\",\"valueRequired\":true,\"valueName\":\"search_term_string\"}}],\"inLanguage\":\"fr-FR\"},{\"@type\":\"Organization\",\"@id\":\"https:\\\/\\\/www.entreculturas.org\\\/fr\\\/#organization\",\"name\":\"Entreculturas\",\"url\":\"https:\\\/\\\/www.entreculturas.org\\\/fr\\\/\",\"logo\":{\"@type\":\"ImageObject\",\"inLanguage\":\"fr-FR\",\"@id\":\"https:\\\/\\\/www.entreculturas.org\\\/fr\\\/#\\\/schema\\\/logo\\\/image\\\/\",\"url\":\"https:\\\/\\\/www.entreculturas.org\\\/wp-content\\\/uploads\\\/2025\\\/10\\\/ESP.svg\",\"contentUrl\":\"https:\\\/\\\/www.entreculturas.org\\\/wp-content\\\/uploads\\\/2025\\\/10\\\/ESP.svg\",\"caption\":\"Entreculturas\"},\"image\":{\"@id\":\"https:\\\/\\\/www.entreculturas.org\\\/fr\\\/#\\\/schema\\\/logo\\\/image\\\/\"},\"sameAs\":[\"https:\\\/\\\/www.facebook.com\\\/entreculturas\",\"https:\\\/\\\/x.com\\\/Entreculturas\",\"https:\\\/\\\/www.instagram.com\\\/entreculturas\\\/\",\"https:\\\/\\\/www.youtube.com\\\/user\\\/entreculturasvideo\",\"https:\\\/\\\/www.linkedin.com\\\/company\\\/fundacion-entreculturas-ngdo\\\/\",\"https:\\\/\\\/www.flickr.com\\\/photos\\\/98455522@N04\\\/albums\\\/\"]}]}<\/script>\n<!-- \/ Yoast SEO Premium plugin. -->","yoast_head_json":{"title":"La campa\u00f1a La LUZ de las NI\u00d1AS en 2024 - Entreculturas","robots":{"index":"index","follow":"follow","max-snippet":"max-snippet:-1","max-image-preview":"max-image-preview:large","max-video-preview":"max-video-preview:-1"},"canonical":"https:\/\/www.entreculturas.org\/fr\/la-luz-de-las-ninas\/noticia\/la-campana-la-luz-de-las-ninas-en-2024\/","og_locale":"fr_FR","og_type":"article","og_title":"La campa\u00f1a La LUZ de las NI\u00d1AS en 2024","og_description":"El pasado a\u00f1o, la campa\u00f1a La LUZ de las NI\u00d1AS ha seguido creciendo como un movimiento global contra las violencias que afectan a millones de ni\u00f1as en el mundo. Junto a nuestras organizaciones aliadas, JRS y Fe y Alegr\u00eda, desde Entreculturas hemos redoblado esfuerzos para visibilizar y enfrentar estas violencias en 11 pa\u00edses de \u00c1frica y Am\u00e9rica Latina. Una labor que se puede ver en el nuevo informe de actividades de la campa\u00f1a La LUZ de las NI\u00d1AS durante 2024. En un a\u00f1o marcado por m\u00faltiples crisis humanitarias, las ni\u00f1as han estado especialmente expuestas a la violencia sexual, la explotaci\u00f3n, la mutilaci\u00f3n genital femenina y los matrimonios infantiles y forzados. Ante esta realidad, desde La LUZ de las NI\u00d1AS hemos trabajado para amplificar sus voces y llevar sus demandas a espacios de colaboraci\u00f3n e incidencia pol\u00edtica internacional. Uno de los hitos m\u00e1s recientes ha sido el Foro Internacional online de [&hellip;]","og_url":"https:\/\/www.entreculturas.org\/fr\/la-luz-de-las-ninas\/noticia\/la-campana-la-luz-de-las-ninas-en-2024\/","og_site_name":"Entreculturas","article_publisher":"https:\/\/www.facebook.com\/entreculturas","article_modified_time":"2025-07-15T13:45:09+00:00","og_image":[{"width":2560,"height":1700,"url":"https:\/\/www.entreculturas.org\/wp-content\/uploads\/2025\/06\/Paula-Casao_JRS-scaled.jpg","type":"image\/jpeg"}],"twitter_card":"summary_large_image","twitter_site":"@Entreculturas","schema":{"@context":"https:\/\/schema.org","@graph":[{"@type":"WebPage","@id":"https:\/\/www.entreculturas.org\/fr\/la-luz-de-las-ninas\/noticia\/la-campana-la-luz-de-las-ninas-en-2024\/","url":"https:\/\/www.entreculturas.org\/fr\/la-luz-de-las-ninas\/noticia\/la-campana-la-luz-de-las-ninas-en-2024\/","name":"La campa\u00f1a La LUZ de las NI\u00d1AS en 2024 - Entreculturas","isPartOf":{"@id":"https:\/\/www.entreculturas.org\/fr\/#website"},"primaryImageOfPage":{"@id":"https:\/\/www.entreculturas.org\/fr\/la-luz-de-las-ninas\/noticia\/la-campana-la-luz-de-las-ninas-en-2024\/#primaryimage"},"image":{"@id":"https:\/\/www.entreculturas.org\/fr\/la-luz-de-las-ninas\/noticia\/la-campana-la-luz-de-las-ninas-en-2024\/#primaryimage"},"thumbnailUrl":"https:\/\/www.entreculturas.org\/wp-content\/uploads\/2025\/06\/Paula-Casao_JRS-scaled.jpg","datePublished":"2025-06-18T13:40:14+00:00","dateModified":"2025-07-15T13:45:09+00:00","breadcrumb":{"@id":"https:\/\/www.entreculturas.org\/fr\/la-luz-de-las-ninas\/noticia\/la-campana-la-luz-de-las-ninas-en-2024\/#breadcrumb"},"inLanguage":"fr-FR","potentialAction":[{"@type":"ReadAction","target":["https:\/\/www.entreculturas.org\/fr\/la-luz-de-las-ninas\/noticia\/la-campana-la-luz-de-las-ninas-en-2024\/"]}]},{"@type":"ImageObject","inLanguage":"fr-FR","@id":"https:\/\/www.entreculturas.org\/fr\/la-luz-de-las-ninas\/noticia\/la-campana-la-luz-de-las-ninas-en-2024\/#primaryimage","url":"https:\/\/www.entreculturas.org\/wp-content\/uploads\/2025\/06\/Paula-Casao_JRS-scaled.jpg","contentUrl":"https:\/\/www.entreculturas.org\/wp-content\/uploads\/2025\/06\/Paula-Casao_JRS-scaled.jpg","width":2560,"height":1700},{"@type":"BreadcrumbList","@id":"https:\/\/www.entreculturas.org\/fr\/la-luz-de-las-ninas\/noticia\/la-campana-la-luz-de-las-ninas-en-2024\/#breadcrumb","itemListElement":[{"@type":"ListItem","position":1,"name":"Home","item":"https:\/\/www.entreculturas.org\/fr\/"},{"@type":"ListItem","position":2,"name":"Noticias LLDLN","item":"https:\/\/www.entreculturas.org\/fr\/noticias-la-luz-de-las-ninas\/"},{"@type":"ListItem","position":3,"name":"La campa\u00f1a La LUZ de las NI\u00d1AS en 2024"}]},{"@type":"WebSite","@id":"https:\/\/www.entreculturas.org\/fr\/#website","url":"https:\/\/www.entreculturas.org\/fr\/","name":"Entreculturas","description":"","publisher":{"@id":"https:\/\/www.entreculturas.org\/fr\/#organization"},"alternateName":"Entreculturas","potentialAction":[{"@type":"SearchAction","target":{"@type":"EntryPoint","urlTemplate":"https:\/\/www.entreculturas.org\/fr\/?s={search_term_string}"},"query-input":{"@type":"PropertyValueSpecification","valueRequired":true,"valueName":"search_term_string"}}],"inLanguage":"fr-FR"},{"@type":"Organization","@id":"https:\/\/www.entreculturas.org\/fr\/#organization","name":"Entreculturas","url":"https:\/\/www.entreculturas.org\/fr\/","logo":{"@type":"ImageObject","inLanguage":"fr-FR","@id":"https:\/\/www.entreculturas.org\/fr\/#\/schema\/logo\/image\/","url":"https:\/\/www.entreculturas.org\/wp-content\/uploads\/2025\/10\/ESP.svg","contentUrl":"https:\/\/www.entreculturas.org\/wp-content\/uploads\/2025\/10\/ESP.svg","caption":"Entreculturas"},"image":{"@id":"https:\/\/www.entreculturas.org\/fr\/#\/schema\/logo\/image\/"},"sameAs":["https:\/\/www.facebook.com\/entreculturas","https:\/\/x.com\/Entreculturas","https:\/\/www.instagram.com\/entreculturas\/","https:\/\/www.youtube.com\/user\/entreculturasvideo","https:\/\/www.linkedin.com\/company\/fundacion-entreculturas-ngdo\/","https:\/\/www.flickr.com\/photos\/98455522@N04\/albums\/"]}]}},"_links":{"self":[{"href":"https:\/\/www.entreculturas.org\/fr\/wp-json\/wp\/v2\/xxx\/39753","targetHints":{"allow":["GET"]}}],"collection":[{"href":"https:\/\/www.entreculturas.org\/fr\/wp-json\/wp\/v2\/xxx"}],"about":[{"href":"https:\/\/www.entreculturas.org\/fr\/wp-json\/wp\/v2\/types\/xxx"}],"wp:featuredmedia":[{"embeddable":true,"href":"https:\/\/www.entreculturas.org\/fr\/wp-json\/wp\/v2\/media\/39755"}],"wp:attachment":[{"href":"https:\/\/www.entreculturas.org\/fr\/wp-json\/wp\/v2\/media?parent=39753"}],"wp:term":[{"taxonomy":"category","embeddable":true,"href":"https:\/\/www.entreculturas.org\/fr\/wp-json\/wp\/v2\/categories?post=39753"},{"taxonomy":"post_tag","embeddable":true,"href":"https:\/\/www.entreculturas.org\/fr\/wp-json\/wp\/v2\/tags?post=39753"}],"curies":[{"name":"wp","href":"https:\/\/api.w.org\/{rel}","templated":true}]}}