{"id":32783,"date":"2024-07-08T11:00:15","date_gmt":"2024-07-08T09:00:15","guid":{"rendered":"https:\/\/www.entreculturas.org\/la-luz-de-las-ninas\/noticia\/\/"},"modified":"2024-09-26T11:01:02","modified_gmt":"2024-09-26T09:01:02","slug":"primera-conferencia-panafricana-sobre-la-educacion-de-las-ninas","status":"publish","type":"xxx","link":"https:\/\/www.entreculturas.org\/fr\/la-luz-de-las-ninas\/noticia\/primera-conferencia-panafricana-sobre-la-educacion-de-las-ninas\/","title":{"rendered":"Primera Conferencia Panafricana sobre la Educaci\u00f3n de las Ni\u00f1as"},"content":{"rendered":"\n<div style=\"height:30px\" aria-hidden=\"true\" class=\"wp-block-spacer\"><\/div>\n\n\n\n<p>El equipo de JRS \u00c1frica, organizaci\u00f3n socia de Entreculturas y de nuestra campa\u00f1a La LUZ de las NI\u00d1AS en terreno, ha tenido la oportunidad de participar en la primera <strong>Conferencia Panafricana sobre la Educaci\u00f3n de Ni\u00f1as y Mujeres<\/strong>, celebrada del 2 al 5 de julio en <strong>Addis Abeba, Etiop\u00eda<\/strong>. Organizado por el Centro Internacional de la Uni\u00f3n Africana para la Educaci\u00f3n de Ni\u00f1as y Mujeres en \u00c1frica (AU\/CIEFFA), el evento reuni\u00f3 a <strong>actores y actrices clave del sector educativo para reflexionar sobre c\u00f3mo garantizar el acceso equitativo a una educaci\u00f3n de calidad para ni\u00f1as y mujeres<\/strong>, especialmente en contextos de crisis humanitarias.<\/p>\n\n\n\n<div style=\"height:10px\" aria-hidden=\"true\" class=\"wp-block-spacer\"><\/div>\n\n\n\n<p>Como parte de la conferencia, JRS, en colaboraci\u00f3n con Plan International, el Grupo de Trabajo de Educaci\u00f3n Secundaria (SEWG) y la Asociaci\u00f3n Bakita para la Educaci\u00f3n, coorganiz\u00f3 un evento paralelo titulado <strong>\u00ab\u00a0Resiliencia y Aprendizaje: Abordando las necesidades educativas de las ni\u00f1as refugiadas en situaciones de emergencia y cambio clim\u00e1tico\u00a0\u00bb<\/strong>.<\/p>\n\n\n\n<div style=\"height:10px\" aria-hidden=\"true\" class=\"wp-block-spacer\"><\/div>\n\n\n\n<p>Los eventos clim\u00e1ticos extremos y las condiciones ambientales pueden provocar <strong>interrupciones en el sistema educativo<\/strong>, exacerbando las desigualdades existentes, especialmente en el caso de las ni\u00f1as, que est\u00e1n expuestas a muchos riesgos cuando las escuelas cierran, como el matrimonio precoz y forzoso o la violencia sexual.<\/p>\n\n\n\n<div style=\"height:10px\" aria-hidden=\"true\" class=\"wp-block-spacer\"><\/div>\n\n\n\n<p><strong>Parfait Fouda, Coordinador Regional de Educaci\u00f3n de JRS para \u00c1frica Occidental y Grandes Lagos<\/strong>, habl\u00f3 de los esfuerzos que JRS y Entreculturas realizamos a trav\u00e9s de La LUZ de las NI\u00d1AS para promover el acceso a una educaci\u00f3n de calidad de las ni\u00f1as refugiadas y desplazadas al este de Chad, promoviendo su protecci\u00f3n, fomentando su empoderamiento y creando espacios espacios seguros para ellas.<\/p>\n\n\n\n<div style=\"height:10px\" aria-hidden=\"true\" class=\"wp-block-spacer\"><\/div>\n\n\n\n<p>Entre otros temas, en el evento se explor\u00f3 la <strong>importancia de la integraci\u00f3n de maestras y maestros desplazados en las escuelas de las comunidades de acogida<\/strong>. \u00ab\u00a0Se ha demostrado que el empleo de docentes desplazados en las escuelas tiene un efecto positivo en el acceso, la retenci\u00f3n, el aprendizaje y el bienestar de los ni\u00f1os y ni\u00f1as refugiados\u00a0\u00bb, coment\u00f3 Parfait, agregando que esta evidencia es particularmente significativa para <strong>las maestras, quienes desempe\u00f1an un papel crucial en que las ni\u00f1as no escolarizadas acudan a la escuela<\/strong>, que no abandonen los estudios\u00a0 y mejorar sus resultados de aprendizaje con el tiempo.\u00a0<\/p>\n\n\n\n<div style=\"height:10px\" aria-hidden=\"true\" class=\"wp-block-spacer\"><\/div>\n\n\n\n<p>A trav\u00e9s del <strong>programa de becas \u201cMaestras en \u00c1frica\u201d<\/strong> para j\u00f3venes refugiadas, que impulsamos desde Entreculturas junto con JRS, buscamos empoderar y capacitar a las mujeres en el \u00e1mbito de la docencia, con el fin de promover modelos y referentes para las ni\u00f1as en los colegios, as\u00ed como responder a la necesidad de aumentar el n\u00famero de maestras en las escuelas secundarias.<strong> A trav\u00e9s del acceso a la educaci\u00f3n de calidad se puede garantizar la protecci\u00f3n y acompa\u00f1amiento de las ni\u00f1as en contextos de vulnerabilidad.<\/strong><\/p>\n\n\n\n<div style=\"height:10px\" aria-hidden=\"true\" class=\"wp-block-spacer\"><\/div>\n\n\n\n<p>La conferencia proporcion\u00f3 un espacio para la reflexi\u00f3n y aument\u00f3 la conciencia sobre los desaf\u00edos existentes en materia de protecci\u00f3n de los derechos de las ni\u00f1as. A trav\u00e9s de la participaci\u00f3n en este evento, desde JRS y Entreculturas reafirmamos nuestro compromiso de visibilizar y denunciar la situaci\u00f3n de violencia que sufren millones de ni\u00f1as en todo el mundo y <strong>defender su derecho a una infancia en igualdad de oportunidades, libre de miedos, de amenazas y agresiones<\/strong>.<\/p>\n","protected":false},"excerpt":{"rendered":"<p>El equipo de JRS \u00c1frica, organizaci\u00f3n socia de Entreculturas y de nuestra campa\u00f1a La LUZ de las NI\u00d1AS en terreno, ha tenido la oportunidad de participar en la primera Conferencia Panafricana sobre la Educaci\u00f3n de Ni\u00f1as y Mujeres, celebrada del 2 al 5 de julio en Addis Abeba, Etiop\u00eda. Organizado por el Centro Internacional de la Uni\u00f3n Africana para la Educaci\u00f3n de Ni\u00f1as y Mujeres en \u00c1frica (AU\/CIEFFA), el evento reuni\u00f3 a actores y actrices clave del sector educativo para reflexionar sobre c\u00f3mo garantizar el acceso equitativo a una educaci\u00f3n de calidad para ni\u00f1as y mujeres, especialmente en contextos de crisis humanitarias. Como parte de la conferencia, JRS, en colaboraci\u00f3n con Plan International, el Grupo de Trabajo de Educaci\u00f3n Secundaria (SEWG) y la Asociaci\u00f3n Bakita para la Educaci\u00f3n, coorganiz\u00f3 un evento paralelo titulado \u00ab\u00a0Resiliencia y Aprendizaje: Abordando las necesidades educativas de las ni\u00f1as refugiadas en situaciones de emergencia y cambio [&hellip;]<\/p>\n","protected":false},"featured_media":32785,"template":"wp-custom-template-noticias-la-luz-de-las-ninas-2","meta":{"_acf_changed":false},"categories":[7],"tags":[],"class_list":["post-32783","xxx","type-xxx","status-publish","has-post-thumbnail","hentry","category-noticia"],"acf":[],"yoast_head":"<!-- This site is optimized with the Yoast SEO Premium plugin v21.6 (Yoast SEO v27.5) - https:\/\/yoast.com\/product\/yoast-seo-premium-wordpress\/ -->\n<title>Primera Conferencia Panafricana sobre la Educaci\u00f3n de las Ni\u00f1as - Entreculturas<\/title>\n<meta name=\"robots\" content=\"index, follow, max-snippet:-1, max-image-preview:large, max-video-preview:-1\" \/>\n<link rel=\"canonical\" href=\"https:\/\/www.entreculturas.org\/fr\/la-luz-de-las-ninas\/noticia\/primera-conferencia-panafricana-sobre-la-educacion-de-las-ninas\/\" \/>\n<meta property=\"og:locale\" content=\"fr_FR\" \/>\n<meta property=\"og:type\" content=\"article\" \/>\n<meta property=\"og:title\" content=\"Primera Conferencia Panafricana sobre la Educaci\u00f3n de las Ni\u00f1as\" \/>\n<meta property=\"og:description\" content=\"El equipo de JRS \u00c1frica, organizaci\u00f3n socia de Entreculturas y de nuestra campa\u00f1a La LUZ de las NI\u00d1AS en terreno, ha tenido la oportunidad de participar en la primera Conferencia Panafricana sobre la Educaci\u00f3n de Ni\u00f1as y Mujeres, celebrada del 2 al 5 de julio en Addis Abeba, Etiop\u00eda. Organizado por el Centro Internacional de la Uni\u00f3n Africana para la Educaci\u00f3n de Ni\u00f1as y Mujeres en \u00c1frica (AU\/CIEFFA), el evento reuni\u00f3 a actores y actrices clave del sector educativo para reflexionar sobre c\u00f3mo garantizar el acceso equitativo a una educaci\u00f3n de calidad para ni\u00f1as y mujeres, especialmente en contextos de crisis humanitarias. Como parte de la conferencia, JRS, en colaboraci\u00f3n con Plan International, el Grupo de Trabajo de Educaci\u00f3n Secundaria (SEWG) y la Asociaci\u00f3n Bakita para la Educaci\u00f3n, coorganiz\u00f3 un evento paralelo titulado \u00ab\u00a0Resiliencia y Aprendizaje: Abordando las necesidades educativas de las ni\u00f1as refugiadas en situaciones de emergencia y cambio [&hellip;]\" \/>\n<meta property=\"og:url\" content=\"https:\/\/www.entreculturas.org\/fr\/la-luz-de-las-ninas\/noticia\/primera-conferencia-panafricana-sobre-la-educacion-de-las-ninas\/\" \/>\n<meta property=\"og:site_name\" content=\"Entreculturas\" \/>\n<meta property=\"article:publisher\" content=\"https:\/\/www.facebook.com\/entreculturas\" \/>\n<meta property=\"article:modified_time\" content=\"2024-09-26T09:01:02+00:00\" \/>\n<meta property=\"og:image\" content=\"https:\/\/www.entreculturas.org\/wp-content\/uploads\/2024\/09\/nina-LdN-Fourkouloum_Natalia-Sepulveda.jpg\" \/>\n\t<meta property=\"og:image:width\" content=\"900\" \/>\n\t<meta property=\"og:image:height\" content=\"695\" \/>\n\t<meta property=\"og:image:type\" content=\"image\/jpeg\" \/>\n<meta name=\"twitter:card\" content=\"summary_large_image\" \/>\n<meta name=\"twitter:site\" content=\"@Entreculturas\" \/>\n<script type=\"application\/ld+json\" class=\"yoast-schema-graph\">{\"@context\":\"https:\\\/\\\/schema.org\",\"@graph\":[{\"@type\":\"WebPage\",\"@id\":\"https:\\\/\\\/www.entreculturas.org\\\/fr\\\/la-luz-de-las-ninas\\\/noticia\\\/primera-conferencia-panafricana-sobre-la-educacion-de-las-ninas\\\/\",\"url\":\"https:\\\/\\\/www.entreculturas.org\\\/fr\\\/la-luz-de-las-ninas\\\/noticia\\\/primera-conferencia-panafricana-sobre-la-educacion-de-las-ninas\\\/\",\"name\":\"Primera Conferencia Panafricana sobre la Educaci\u00f3n de las Ni\u00f1as - Entreculturas\",\"isPartOf\":{\"@id\":\"https:\\\/\\\/www.entreculturas.org\\\/fr\\\/#website\"},\"primaryImageOfPage\":{\"@id\":\"https:\\\/\\\/www.entreculturas.org\\\/fr\\\/la-luz-de-las-ninas\\\/noticia\\\/primera-conferencia-panafricana-sobre-la-educacion-de-las-ninas\\\/#primaryimage\"},\"image\":{\"@id\":\"https:\\\/\\\/www.entreculturas.org\\\/fr\\\/la-luz-de-las-ninas\\\/noticia\\\/primera-conferencia-panafricana-sobre-la-educacion-de-las-ninas\\\/#primaryimage\"},\"thumbnailUrl\":\"https:\\\/\\\/www.entreculturas.org\\\/wp-content\\\/uploads\\\/2024\\\/09\\\/nina-LdN-Fourkouloum_Natalia-Sepulveda.jpg\",\"datePublished\":\"2024-07-08T09:00:15+00:00\",\"dateModified\":\"2024-09-26T09:01:02+00:00\",\"breadcrumb\":{\"@id\":\"https:\\\/\\\/www.entreculturas.org\\\/fr\\\/la-luz-de-las-ninas\\\/noticia\\\/primera-conferencia-panafricana-sobre-la-educacion-de-las-ninas\\\/#breadcrumb\"},\"inLanguage\":\"fr-FR\",\"potentialAction\":[{\"@type\":\"ReadAction\",\"target\":[\"https:\\\/\\\/www.entreculturas.org\\\/fr\\\/la-luz-de-las-ninas\\\/noticia\\\/primera-conferencia-panafricana-sobre-la-educacion-de-las-ninas\\\/\"]}]},{\"@type\":\"ImageObject\",\"inLanguage\":\"fr-FR\",\"@id\":\"https:\\\/\\\/www.entreculturas.org\\\/fr\\\/la-luz-de-las-ninas\\\/noticia\\\/primera-conferencia-panafricana-sobre-la-educacion-de-las-ninas\\\/#primaryimage\",\"url\":\"https:\\\/\\\/www.entreculturas.org\\\/wp-content\\\/uploads\\\/2024\\\/09\\\/nina-LdN-Fourkouloum_Natalia-Sepulveda.jpg\",\"contentUrl\":\"https:\\\/\\\/www.entreculturas.org\\\/wp-content\\\/uploads\\\/2024\\\/09\\\/nina-LdN-Fourkouloum_Natalia-Sepulveda.jpg\",\"width\":900,\"height\":695},{\"@type\":\"BreadcrumbList\",\"@id\":\"https:\\\/\\\/www.entreculturas.org\\\/fr\\\/la-luz-de-las-ninas\\\/noticia\\\/primera-conferencia-panafricana-sobre-la-educacion-de-las-ninas\\\/#breadcrumb\",\"itemListElement\":[{\"@type\":\"ListItem\",\"position\":1,\"name\":\"Home\",\"item\":\"https:\\\/\\\/www.entreculturas.org\\\/fr\\\/\"},{\"@type\":\"ListItem\",\"position\":2,\"name\":\"Noticias LLDLN\",\"item\":\"https:\\\/\\\/www.entreculturas.org\\\/fr\\\/noticias-la-luz-de-las-ninas\\\/\"},{\"@type\":\"ListItem\",\"position\":3,\"name\":\"Primera Conferencia Panafricana sobre la Educaci\u00f3n de las Ni\u00f1as\"}]},{\"@type\":\"WebSite\",\"@id\":\"https:\\\/\\\/www.entreculturas.org\\\/fr\\\/#website\",\"url\":\"https:\\\/\\\/www.entreculturas.org\\\/fr\\\/\",\"name\":\"Entreculturas\",\"description\":\"\",\"publisher\":{\"@id\":\"https:\\\/\\\/www.entreculturas.org\\\/fr\\\/#organization\"},\"alternateName\":\"Entreculturas\",\"potentialAction\":[{\"@type\":\"SearchAction\",\"target\":{\"@type\":\"EntryPoint\",\"urlTemplate\":\"https:\\\/\\\/www.entreculturas.org\\\/fr\\\/?s={search_term_string}\"},\"query-input\":{\"@type\":\"PropertyValueSpecification\",\"valueRequired\":true,\"valueName\":\"search_term_string\"}}],\"inLanguage\":\"fr-FR\"},{\"@type\":\"Organization\",\"@id\":\"https:\\\/\\\/www.entreculturas.org\\\/fr\\\/#organization\",\"name\":\"Entreculturas\",\"url\":\"https:\\\/\\\/www.entreculturas.org\\\/fr\\\/\",\"logo\":{\"@type\":\"ImageObject\",\"inLanguage\":\"fr-FR\",\"@id\":\"https:\\\/\\\/www.entreculturas.org\\\/fr\\\/#\\\/schema\\\/logo\\\/image\\\/\",\"url\":\"https:\\\/\\\/www.entreculturas.org\\\/wp-content\\\/uploads\\\/2025\\\/10\\\/ESP.svg\",\"contentUrl\":\"https:\\\/\\\/www.entreculturas.org\\\/wp-content\\\/uploads\\\/2025\\\/10\\\/ESP.svg\",\"caption\":\"Entreculturas\"},\"image\":{\"@id\":\"https:\\\/\\\/www.entreculturas.org\\\/fr\\\/#\\\/schema\\\/logo\\\/image\\\/\"},\"sameAs\":[\"https:\\\/\\\/www.facebook.com\\\/entreculturas\",\"https:\\\/\\\/x.com\\\/Entreculturas\",\"https:\\\/\\\/www.instagram.com\\\/entreculturas\\\/\",\"https:\\\/\\\/www.youtube.com\\\/user\\\/entreculturasvideo\",\"https:\\\/\\\/www.linkedin.com\\\/company\\\/fundacion-entreculturas-ngdo\\\/\",\"https:\\\/\\\/www.flickr.com\\\/photos\\\/98455522@N04\\\/albums\\\/\"]}]}<\/script>\n<!-- \/ Yoast SEO Premium plugin. -->","yoast_head_json":{"title":"Primera Conferencia Panafricana sobre la Educaci\u00f3n de las Ni\u00f1as - Entreculturas","robots":{"index":"index","follow":"follow","max-snippet":"max-snippet:-1","max-image-preview":"max-image-preview:large","max-video-preview":"max-video-preview:-1"},"canonical":"https:\/\/www.entreculturas.org\/fr\/la-luz-de-las-ninas\/noticia\/primera-conferencia-panafricana-sobre-la-educacion-de-las-ninas\/","og_locale":"fr_FR","og_type":"article","og_title":"Primera Conferencia Panafricana sobre la Educaci\u00f3n de las Ni\u00f1as","og_description":"El equipo de JRS \u00c1frica, organizaci\u00f3n socia de Entreculturas y de nuestra campa\u00f1a La LUZ de las NI\u00d1AS en terreno, ha tenido la oportunidad de participar en la primera Conferencia Panafricana sobre la Educaci\u00f3n de Ni\u00f1as y Mujeres, celebrada del 2 al 5 de julio en Addis Abeba, Etiop\u00eda. Organizado por el Centro Internacional de la Uni\u00f3n Africana para la Educaci\u00f3n de Ni\u00f1as y Mujeres en \u00c1frica (AU\/CIEFFA), el evento reuni\u00f3 a actores y actrices clave del sector educativo para reflexionar sobre c\u00f3mo garantizar el acceso equitativo a una educaci\u00f3n de calidad para ni\u00f1as y mujeres, especialmente en contextos de crisis humanitarias. Como parte de la conferencia, JRS, en colaboraci\u00f3n con Plan International, el Grupo de Trabajo de Educaci\u00f3n Secundaria (SEWG) y la Asociaci\u00f3n Bakita para la Educaci\u00f3n, coorganiz\u00f3 un evento paralelo titulado \u00ab\u00a0Resiliencia y Aprendizaje: Abordando las necesidades educativas de las ni\u00f1as refugiadas en situaciones de emergencia y cambio [&hellip;]","og_url":"https:\/\/www.entreculturas.org\/fr\/la-luz-de-las-ninas\/noticia\/primera-conferencia-panafricana-sobre-la-educacion-de-las-ninas\/","og_site_name":"Entreculturas","article_publisher":"https:\/\/www.facebook.com\/entreculturas","article_modified_time":"2024-09-26T09:01:02+00:00","og_image":[{"width":900,"height":695,"url":"https:\/\/www.entreculturas.org\/wp-content\/uploads\/2024\/09\/nina-LdN-Fourkouloum_Natalia-Sepulveda.jpg","type":"image\/jpeg"}],"twitter_card":"summary_large_image","twitter_site":"@Entreculturas","schema":{"@context":"https:\/\/schema.org","@graph":[{"@type":"WebPage","@id":"https:\/\/www.entreculturas.org\/fr\/la-luz-de-las-ninas\/noticia\/primera-conferencia-panafricana-sobre-la-educacion-de-las-ninas\/","url":"https:\/\/www.entreculturas.org\/fr\/la-luz-de-las-ninas\/noticia\/primera-conferencia-panafricana-sobre-la-educacion-de-las-ninas\/","name":"Primera Conferencia Panafricana sobre la Educaci\u00f3n de las Ni\u00f1as - Entreculturas","isPartOf":{"@id":"https:\/\/www.entreculturas.org\/fr\/#website"},"primaryImageOfPage":{"@id":"https:\/\/www.entreculturas.org\/fr\/la-luz-de-las-ninas\/noticia\/primera-conferencia-panafricana-sobre-la-educacion-de-las-ninas\/#primaryimage"},"image":{"@id":"https:\/\/www.entreculturas.org\/fr\/la-luz-de-las-ninas\/noticia\/primera-conferencia-panafricana-sobre-la-educacion-de-las-ninas\/#primaryimage"},"thumbnailUrl":"https:\/\/www.entreculturas.org\/wp-content\/uploads\/2024\/09\/nina-LdN-Fourkouloum_Natalia-Sepulveda.jpg","datePublished":"2024-07-08T09:00:15+00:00","dateModified":"2024-09-26T09:01:02+00:00","breadcrumb":{"@id":"https:\/\/www.entreculturas.org\/fr\/la-luz-de-las-ninas\/noticia\/primera-conferencia-panafricana-sobre-la-educacion-de-las-ninas\/#breadcrumb"},"inLanguage":"fr-FR","potentialAction":[{"@type":"ReadAction","target":["https:\/\/www.entreculturas.org\/fr\/la-luz-de-las-ninas\/noticia\/primera-conferencia-panafricana-sobre-la-educacion-de-las-ninas\/"]}]},{"@type":"ImageObject","inLanguage":"fr-FR","@id":"https:\/\/www.entreculturas.org\/fr\/la-luz-de-las-ninas\/noticia\/primera-conferencia-panafricana-sobre-la-educacion-de-las-ninas\/#primaryimage","url":"https:\/\/www.entreculturas.org\/wp-content\/uploads\/2024\/09\/nina-LdN-Fourkouloum_Natalia-Sepulveda.jpg","contentUrl":"https:\/\/www.entreculturas.org\/wp-content\/uploads\/2024\/09\/nina-LdN-Fourkouloum_Natalia-Sepulveda.jpg","width":900,"height":695},{"@type":"BreadcrumbList","@id":"https:\/\/www.entreculturas.org\/fr\/la-luz-de-las-ninas\/noticia\/primera-conferencia-panafricana-sobre-la-educacion-de-las-ninas\/#breadcrumb","itemListElement":[{"@type":"ListItem","position":1,"name":"Home","item":"https:\/\/www.entreculturas.org\/fr\/"},{"@type":"ListItem","position":2,"name":"Noticias LLDLN","item":"https:\/\/www.entreculturas.org\/fr\/noticias-la-luz-de-las-ninas\/"},{"@type":"ListItem","position":3,"name":"Primera Conferencia Panafricana sobre la Educaci\u00f3n de las Ni\u00f1as"}]},{"@type":"WebSite","@id":"https:\/\/www.entreculturas.org\/fr\/#website","url":"https:\/\/www.entreculturas.org\/fr\/","name":"Entreculturas","description":"","publisher":{"@id":"https:\/\/www.entreculturas.org\/fr\/#organization"},"alternateName":"Entreculturas","potentialAction":[{"@type":"SearchAction","target":{"@type":"EntryPoint","urlTemplate":"https:\/\/www.entreculturas.org\/fr\/?s={search_term_string}"},"query-input":{"@type":"PropertyValueSpecification","valueRequired":true,"valueName":"search_term_string"}}],"inLanguage":"fr-FR"},{"@type":"Organization","@id":"https:\/\/www.entreculturas.org\/fr\/#organization","name":"Entreculturas","url":"https:\/\/www.entreculturas.org\/fr\/","logo":{"@type":"ImageObject","inLanguage":"fr-FR","@id":"https:\/\/www.entreculturas.org\/fr\/#\/schema\/logo\/image\/","url":"https:\/\/www.entreculturas.org\/wp-content\/uploads\/2025\/10\/ESP.svg","contentUrl":"https:\/\/www.entreculturas.org\/wp-content\/uploads\/2025\/10\/ESP.svg","caption":"Entreculturas"},"image":{"@id":"https:\/\/www.entreculturas.org\/fr\/#\/schema\/logo\/image\/"},"sameAs":["https:\/\/www.facebook.com\/entreculturas","https:\/\/x.com\/Entreculturas","https:\/\/www.instagram.com\/entreculturas\/","https:\/\/www.youtube.com\/user\/entreculturasvideo","https:\/\/www.linkedin.com\/company\/fundacion-entreculturas-ngdo\/","https:\/\/www.flickr.com\/photos\/98455522@N04\/albums\/"]}]}},"_links":{"self":[{"href":"https:\/\/www.entreculturas.org\/fr\/wp-json\/wp\/v2\/xxx\/32783","targetHints":{"allow":["GET"]}}],"collection":[{"href":"https:\/\/www.entreculturas.org\/fr\/wp-json\/wp\/v2\/xxx"}],"about":[{"href":"https:\/\/www.entreculturas.org\/fr\/wp-json\/wp\/v2\/types\/xxx"}],"wp:featuredmedia":[{"embeddable":true,"href":"https:\/\/www.entreculturas.org\/fr\/wp-json\/wp\/v2\/media\/32785"}],"wp:attachment":[{"href":"https:\/\/www.entreculturas.org\/fr\/wp-json\/wp\/v2\/media?parent=32783"}],"wp:term":[{"taxonomy":"category","embeddable":true,"href":"https:\/\/www.entreculturas.org\/fr\/wp-json\/wp\/v2\/categories?post=32783"},{"taxonomy":"post_tag","embeddable":true,"href":"https:\/\/www.entreculturas.org\/fr\/wp-json\/wp\/v2\/tags?post=32783"}],"curies":[{"name":"wp","href":"https:\/\/api.w.org\/{rel}","templated":true}]}}