{"id":32774,"date":"2024-08-15T10:46:09","date_gmt":"2024-08-15T08:46:09","guid":{"rendered":"https:\/\/www.entreculturas.org\/la-luz-de-las-ninas\/noticia\/\/"},"modified":"2024-09-26T11:45:21","modified_gmt":"2024-09-26T09:45:21","slug":"tres-anos-sin-educacion-la-situacion-de-las-ninas-en-afganistan-bajo-el-regimen-taliban","status":"publish","type":"xxx","link":"https:\/\/www.entreculturas.org\/fr\/la-luz-de-las-ninas\/noticia\/tres-anos-sin-educacion-la-situacion-de-las-ninas-en-afganistan-bajo-el-regimen-taliban\/","title":{"rendered":"Tres a\u00f1os sin educaci\u00f3n: la situaci\u00f3n de las ni\u00f1as en Afganist\u00e1n bajo el r\u00e9gimen talib\u00e1n"},"content":{"rendered":"\n<p>El 15 de agosto se cumple el tercer aniversario de la toma de poder de los talibanes en Afganist\u00e1n. Durante estos tres a\u00f1os, los derechos de las ni\u00f1as en el pa\u00eds han sufrido un retroceso alarmante, especialmente en el \u00e1mbito educativo. El retorno del r\u00e9gimen talib\u00e1n ha supuesto un grave golpe para la vida y los derechos de millones de ni\u00f1as afganas que so\u00f1aban con un futuro mejor.<\/p>\n\n\n\n<div style=\"height:30px\" aria-hidden=\"true\" class=\"wp-block-spacer\"><\/div>\n\n\n\n<p><strong>La negaci\u00f3n del derecho a la educaci\u00f3n a las ni\u00f1as afganas<\/strong><\/p>\n\n\n\n<div style=\"height:10px\" aria-hidden=\"true\" class=\"wp-block-spacer\"><\/div>\n\n\n\n<p>Desde su regreso, los talibanes han implementado pol\u00edticas que restringen severamente los derechos educativos de las ni\u00f1as. En septiembre de 2021, apenas un mes despu\u00e9s de tomar el control, ordenaron el cierre indefinido de las escuelas secundarias para ni\u00f1as en la mayor\u00eda del pa\u00eds.<\/p>\n\n\n\n<div style=\"height:10px\" aria-hidden=\"true\" class=\"wp-block-spacer\"><\/div>\n\n\n\n<p>Actualmente, en Afganist\u00e1n existe una exclusi\u00f3n masiva de las ni\u00f1as en la educaci\u00f3n que, seg\u00fan Unicef, afecta ya a 1,5 millones de ni\u00f1as. Adem\u00e1s, las restricciones sobre la vestimenta y la segregaci\u00f3n de g\u00e9nero en las aulas han dificultado a\u00fan m\u00e1s su acceso a la educaci\u00f3n. Esta situaci\u00f3n no solo limita sus oportunidades educativas, sino que tambi\u00e9n las expone a un mayor riesgo de matrimonio infantil y explotaci\u00f3n.<\/p>\n\n\n\n<div style=\"height:10px\" aria-hidden=\"true\" class=\"wp-block-spacer\"><\/div>\n\n\n\n<p>Adem\u00e1s de las restricciones directas, el clima de inseguridad y el temor constante han hecho que muchas familias decidan no enviar a sus hijas a la escuela, incluso donde t\u00e9cnicamente podr\u00edan asistir. El resultado es una generaci\u00f3n de ni\u00f1as que est\u00e1 siendo privada de sus derechos fundamentales y de las herramientas necesarias para construir un futuro digno. La privaci\u00f3n de la educaci\u00f3n expone a las ni\u00f1as, adem\u00e1s, a otros tipos de violencia.<\/p>\n\n\n\n<div style=\"height:10px\" aria-hidden=\"true\" class=\"wp-block-spacer\"><\/div>\n\n\n\n<p>El matrimonio infantil ha aumentado significativamente. Aunque a d\u00eda de hoy no hay datos claros, la ley del pa\u00eds permite contraer matrimonio a los 16 a\u00f1os, y a los 15 en algunas excepciones. Tradicionalmente, en Afganist\u00e1n ya se daba esta pr\u00e1ctica antes de la toma de poder, con 4 millones de ni\u00f1as v\u00edctimas de matrimonio infantil. Desde la llegada de los talibanes, esta situaci\u00f3n ha empeorado, revirtiendo algunos de los avances logrados en los \u00faltimos a\u00f1os en derechos de ni\u00f1as y mujeres, agravada por la crisis econ\u00f3mica y la pobreza.<\/p>\n\n\n\n<div style=\"height:10px\" aria-hidden=\"true\" class=\"wp-block-spacer\"><\/div>\n\n\n\n<p>El acceso a la educaci\u00f3n superior tambi\u00e9n ha sido restringido. En diciembre de 2022, los talibanes prohibieron a las mujeres asistir a las universidades p\u00fablicas y privadas, afectando a m\u00e1s de 100.000 j\u00f3venes que ya estaban matriculadas. Esta prohibici\u00f3n se suma a una serie de medidas represivas que buscan eliminar a las mujeres del \u00e1mbito p\u00fablico y limitar sus oportunidades de desarrollo personal y profesional.<\/p>\n\n\n\n<div style=\"height:30px\" aria-hidden=\"true\" class=\"wp-block-spacer\"><\/div>\n\n\n\n<p><strong>Retrocesos en los derechos de las ni\u00f1as en otros contextos<\/strong><\/p>\n\n\n\n<div style=\"height:10px\" aria-hidden=\"true\" class=\"wp-block-spacer\"><\/div>\n\n\n\n<p>El caso de Afganist\u00e1n, aunque es particularmente grave, no es un caso aislado. En muchos otros pa\u00edses, los derechos de las ni\u00f1as tambi\u00e9n est\u00e1n bajo amenaza. En regiones afectadas por conflictos armados, crisis econ\u00f3micas y desastres naturales, las ni\u00f1as enfrentan barreras significativas para acceder a la educaci\u00f3n y est\u00e1n expuestas a altos niveles de violencia y discriminaci\u00f3n.<\/p>\n\n\n\n<div style=\"height:10px\" aria-hidden=\"true\" class=\"wp-block-spacer\"><\/div>\n\n\n\n<p>Actualmente, 1 de cada 5 ni\u00f1os y ni\u00f1as en el mundo viven en zonas de conflicto o tienen que huir de su hogar a causa de la violencia. Las ni\u00f1as que viven en \u00e1reas afectadas por conflictos est\u00e1n especialmente expuestas a la violencia de g\u00e9nero, el abuso sexual y el matrimonio infantil, precoz y forzado. Adem\u00e1s, enfrentan graves obst\u00e1culos para acceder a la educaci\u00f3n, ya que tienen 2.5 veces m\u00e1s probabilidades de no asistir a la escuela en comparaci\u00f3n con las ni\u00f1as que no viven en zona de conflicto.<\/p>\n\n\n\n<div style=\"height:10px\" aria-hidden=\"true\" class=\"wp-block-spacer\"><\/div>\n\n\n\n<p>Por ejemplo, en lugares como Siria y Yemen, la guerra ha devastado las infraestructuras educativas y ha creado un entorno peligroso para las ni\u00f1as. En muchas zonas de \u00c1frica Subsahariana, las crisis econ\u00f3micas y las pr\u00e1cticas culturales da\u00f1inas, como el matrimonio infantil, precoz y forzoso o la mutilaci\u00f3n genital femenina, contin\u00faan impidiendo que las ni\u00f1as reciban una educaci\u00f3n adecuada.<\/p>\n\n\n\n<div style=\"height:30px\" aria-hidden=\"true\" class=\"wp-block-spacer\"><\/div>\n\n\n\n<p><strong>La LUZ de las NI\u00d1AS: seguimos trabajando para que nadie las olvide<\/strong><\/p>\n\n\n\n<div style=\"height:10px\" aria-hidden=\"true\" class=\"wp-block-spacer\"><\/div>\n\n\n\n<p>El 15 de agosto es una fecha que las ni\u00f1as afganas no olvidar\u00e1n. Y que en Entreculturas tampoco olvidaremos. A trav\u00e9s de nuestra campa\u00f1a La LUZ de las NI\u00d1AS seguimos visibilizando la situaci\u00f3n de violencia que sufren millones de ni\u00f1as en todo el mundo. Seguimos a su lado para que conozcan sus derechos y puedan defenderlos. Trabajamos en pa\u00edses como Rep\u00fablica Democr\u00e1tica del Congo, Sud\u00e1n del Sur o Chad para acompa\u00f1arlas, protegerlas y ofrecerles alternativas que las alejen de la violencia y los abusos constantes.<\/p>\n","protected":false},"excerpt":{"rendered":"<p>El 15 de agosto se cumple el tercer aniversario de la toma de poder de los talibanes en Afganist\u00e1n. Durante estos tres a\u00f1os, los derechos de las ni\u00f1as en el pa\u00eds han sufrido un retroceso alarmante, especialmente en el \u00e1mbito educativo. El retorno del r\u00e9gimen talib\u00e1n ha supuesto un grave golpe para la vida y los derechos de millones de ni\u00f1as afganas que so\u00f1aban con un futuro mejor. La negaci\u00f3n del derecho a la educaci\u00f3n a las ni\u00f1as afganas Desde su regreso, los talibanes han implementado pol\u00edticas que restringen severamente los derechos educativos de las ni\u00f1as. En septiembre de 2021, apenas un mes despu\u00e9s de tomar el control, ordenaron el cierre indefinido de las escuelas secundarias para ni\u00f1as en la mayor\u00eda del pa\u00eds. Actualmente, en Afganist\u00e1n existe una exclusi\u00f3n masiva de las ni\u00f1as en la educaci\u00f3n que, seg\u00fan Unicef, afecta ya a 1,5 millones de ni\u00f1as. Adem\u00e1s, las restricciones sobre [&hellip;]<\/p>\n","protected":false},"featured_media":32776,"template":"wp-custom-template-noticias-la-luz-de-las-ninas-2","meta":{"_acf_changed":false},"categories":[7],"tags":[],"class_list":["post-32774","xxx","type-xxx","status-publish","has-post-thumbnail","hentry","category-noticia"],"acf":[],"yoast_head":"<!-- This site is optimized with the Yoast SEO Premium plugin v21.6 (Yoast SEO v27.5) - https:\/\/yoast.com\/product\/yoast-seo-premium-wordpress\/ -->\n<title>Tres a\u00f1os sin educaci\u00f3n: la situaci\u00f3n de las ni\u00f1as en Afganist\u00e1n bajo el r\u00e9gimen talib\u00e1n - Entreculturas<\/title>\n<meta name=\"description\" content=\"Se cumple el tercer aniversario de la toma de poder de los talibanes en Afganist\u00e1n. Durante estos tres a\u00f1os, los derechos de las ni\u00f1as en el pa\u00eds han sufrido un retroceso alarmante, especialmente en el \u00e1mbito educativo.\" \/>\n<meta name=\"robots\" content=\"index, follow, max-snippet:-1, max-image-preview:large, max-video-preview:-1\" \/>\n<link rel=\"canonical\" href=\"https:\/\/www.entreculturas.org\/fr\/la-luz-de-las-ninas\/noticia\/tres-anos-sin-educacion-la-situacion-de-las-ninas-en-afganistan-bajo-el-regimen-taliban\/\" \/>\n<meta property=\"og:locale\" content=\"fr_FR\" \/>\n<meta property=\"og:type\" content=\"article\" \/>\n<meta property=\"og:title\" content=\"Tres a\u00f1os sin educaci\u00f3n: la situaci\u00f3n de las ni\u00f1as en Afganist\u00e1n bajo el r\u00e9gimen talib\u00e1n\" \/>\n<meta property=\"og:description\" content=\"Se cumple el tercer aniversario de la toma de poder de los talibanes en Afganist\u00e1n. Durante estos tres a\u00f1os, los derechos de las ni\u00f1as en el pa\u00eds han sufrido un retroceso alarmante, especialmente en el \u00e1mbito educativo.\" \/>\n<meta property=\"og:url\" content=\"https:\/\/www.entreculturas.org\/fr\/la-luz-de-las-ninas\/noticia\/tres-anos-sin-educacion-la-situacion-de-las-ninas-en-afganistan-bajo-el-regimen-taliban\/\" \/>\n<meta property=\"og:site_name\" content=\"Entreculturas\" \/>\n<meta property=\"article:publisher\" content=\"https:\/\/www.facebook.com\/entreculturas\" \/>\n<meta property=\"article:modified_time\" content=\"2024-09-26T09:45:21+00:00\" \/>\n<meta property=\"og:image\" content=\"https:\/\/www.entreculturas.org\/wp-content\/uploads\/2024\/09\/shutterstock_2035965863-1.jpg\" \/>\n\t<meta property=\"og:image:width\" content=\"1383\" \/>\n\t<meta property=\"og:image:height\" content=\"922\" \/>\n\t<meta property=\"og:image:type\" content=\"image\/jpeg\" \/>\n<meta name=\"twitter:card\" content=\"summary_large_image\" \/>\n<meta name=\"twitter:site\" content=\"@Entreculturas\" \/>\n<script type=\"application\/ld+json\" class=\"yoast-schema-graph\">{\"@context\":\"https:\\\/\\\/schema.org\",\"@graph\":[{\"@type\":\"WebPage\",\"@id\":\"https:\\\/\\\/www.entreculturas.org\\\/fr\\\/la-luz-de-las-ninas\\\/noticia\\\/tres-anos-sin-educacion-la-situacion-de-las-ninas-en-afganistan-bajo-el-regimen-taliban\\\/\",\"url\":\"https:\\\/\\\/www.entreculturas.org\\\/fr\\\/la-luz-de-las-ninas\\\/noticia\\\/tres-anos-sin-educacion-la-situacion-de-las-ninas-en-afganistan-bajo-el-regimen-taliban\\\/\",\"name\":\"Tres a\u00f1os sin educaci\u00f3n: la situaci\u00f3n de las ni\u00f1as en Afganist\u00e1n bajo el r\u00e9gimen talib\u00e1n - Entreculturas\",\"isPartOf\":{\"@id\":\"https:\\\/\\\/www.entreculturas.org\\\/fr\\\/#website\"},\"primaryImageOfPage\":{\"@id\":\"https:\\\/\\\/www.entreculturas.org\\\/fr\\\/la-luz-de-las-ninas\\\/noticia\\\/tres-anos-sin-educacion-la-situacion-de-las-ninas-en-afganistan-bajo-el-regimen-taliban\\\/#primaryimage\"},\"image\":{\"@id\":\"https:\\\/\\\/www.entreculturas.org\\\/fr\\\/la-luz-de-las-ninas\\\/noticia\\\/tres-anos-sin-educacion-la-situacion-de-las-ninas-en-afganistan-bajo-el-regimen-taliban\\\/#primaryimage\"},\"thumbnailUrl\":\"https:\\\/\\\/www.entreculturas.org\\\/wp-content\\\/uploads\\\/2024\\\/09\\\/shutterstock_2035965863-1.jpg\",\"datePublished\":\"2024-08-15T08:46:09+00:00\",\"dateModified\":\"2024-09-26T09:45:21+00:00\",\"description\":\"Se cumple el tercer aniversario de la toma de poder de los talibanes en Afganist\u00e1n. Durante estos tres a\u00f1os, los derechos de las ni\u00f1as en el pa\u00eds han sufrido un retroceso alarmante, especialmente en el \u00e1mbito educativo.\",\"breadcrumb\":{\"@id\":\"https:\\\/\\\/www.entreculturas.org\\\/fr\\\/la-luz-de-las-ninas\\\/noticia\\\/tres-anos-sin-educacion-la-situacion-de-las-ninas-en-afganistan-bajo-el-regimen-taliban\\\/#breadcrumb\"},\"inLanguage\":\"fr-FR\",\"potentialAction\":[{\"@type\":\"ReadAction\",\"target\":[\"https:\\\/\\\/www.entreculturas.org\\\/fr\\\/la-luz-de-las-ninas\\\/noticia\\\/tres-anos-sin-educacion-la-situacion-de-las-ninas-en-afganistan-bajo-el-regimen-taliban\\\/\"]}]},{\"@type\":\"ImageObject\",\"inLanguage\":\"fr-FR\",\"@id\":\"https:\\\/\\\/www.entreculturas.org\\\/fr\\\/la-luz-de-las-ninas\\\/noticia\\\/tres-anos-sin-educacion-la-situacion-de-las-ninas-en-afganistan-bajo-el-regimen-taliban\\\/#primaryimage\",\"url\":\"https:\\\/\\\/www.entreculturas.org\\\/wp-content\\\/uploads\\\/2024\\\/09\\\/shutterstock_2035965863-1.jpg\",\"contentUrl\":\"https:\\\/\\\/www.entreculturas.org\\\/wp-content\\\/uploads\\\/2024\\\/09\\\/shutterstock_2035965863-1.jpg\",\"width\":1383,\"height\":922,\"caption\":\"Afghan girls attend school in Herat. Afghanistan.2019\"},{\"@type\":\"BreadcrumbList\",\"@id\":\"https:\\\/\\\/www.entreculturas.org\\\/fr\\\/la-luz-de-las-ninas\\\/noticia\\\/tres-anos-sin-educacion-la-situacion-de-las-ninas-en-afganistan-bajo-el-regimen-taliban\\\/#breadcrumb\",\"itemListElement\":[{\"@type\":\"ListItem\",\"position\":1,\"name\":\"Home\",\"item\":\"https:\\\/\\\/www.entreculturas.org\\\/fr\\\/\"},{\"@type\":\"ListItem\",\"position\":2,\"name\":\"Noticias LLDLN\",\"item\":\"https:\\\/\\\/www.entreculturas.org\\\/fr\\\/noticias-la-luz-de-las-ninas\\\/\"},{\"@type\":\"ListItem\",\"position\":3,\"name\":\"Tres a\u00f1os sin educaci\u00f3n: la situaci\u00f3n de las ni\u00f1as en Afganist\u00e1n bajo el r\u00e9gimen talib\u00e1n\"}]},{\"@type\":\"WebSite\",\"@id\":\"https:\\\/\\\/www.entreculturas.org\\\/fr\\\/#website\",\"url\":\"https:\\\/\\\/www.entreculturas.org\\\/fr\\\/\",\"name\":\"Entreculturas\",\"description\":\"\",\"publisher\":{\"@id\":\"https:\\\/\\\/www.entreculturas.org\\\/fr\\\/#organization\"},\"alternateName\":\"Entreculturas\",\"potentialAction\":[{\"@type\":\"SearchAction\",\"target\":{\"@type\":\"EntryPoint\",\"urlTemplate\":\"https:\\\/\\\/www.entreculturas.org\\\/fr\\\/?s={search_term_string}\"},\"query-input\":{\"@type\":\"PropertyValueSpecification\",\"valueRequired\":true,\"valueName\":\"search_term_string\"}}],\"inLanguage\":\"fr-FR\"},{\"@type\":\"Organization\",\"@id\":\"https:\\\/\\\/www.entreculturas.org\\\/fr\\\/#organization\",\"name\":\"Entreculturas\",\"url\":\"https:\\\/\\\/www.entreculturas.org\\\/fr\\\/\",\"logo\":{\"@type\":\"ImageObject\",\"inLanguage\":\"fr-FR\",\"@id\":\"https:\\\/\\\/www.entreculturas.org\\\/fr\\\/#\\\/schema\\\/logo\\\/image\\\/\",\"url\":\"https:\\\/\\\/www.entreculturas.org\\\/wp-content\\\/uploads\\\/2025\\\/10\\\/ESP.svg\",\"contentUrl\":\"https:\\\/\\\/www.entreculturas.org\\\/wp-content\\\/uploads\\\/2025\\\/10\\\/ESP.svg\",\"caption\":\"Entreculturas\"},\"image\":{\"@id\":\"https:\\\/\\\/www.entreculturas.org\\\/fr\\\/#\\\/schema\\\/logo\\\/image\\\/\"},\"sameAs\":[\"https:\\\/\\\/www.facebook.com\\\/entreculturas\",\"https:\\\/\\\/x.com\\\/Entreculturas\",\"https:\\\/\\\/www.instagram.com\\\/entreculturas\\\/\",\"https:\\\/\\\/www.youtube.com\\\/user\\\/entreculturasvideo\",\"https:\\\/\\\/www.linkedin.com\\\/company\\\/fundacion-entreculturas-ngdo\\\/\",\"https:\\\/\\\/www.flickr.com\\\/photos\\\/98455522@N04\\\/albums\\\/\"]}]}<\/script>\n<!-- \/ Yoast SEO Premium plugin. -->","yoast_head_json":{"title":"Tres a\u00f1os sin educaci\u00f3n: la situaci\u00f3n de las ni\u00f1as en Afganist\u00e1n bajo el r\u00e9gimen talib\u00e1n - Entreculturas","description":"Se cumple el tercer aniversario de la toma de poder de los talibanes en Afganist\u00e1n. Durante estos tres a\u00f1os, los derechos de las ni\u00f1as en el pa\u00eds han sufrido un retroceso alarmante, especialmente en el \u00e1mbito educativo.","robots":{"index":"index","follow":"follow","max-snippet":"max-snippet:-1","max-image-preview":"max-image-preview:large","max-video-preview":"max-video-preview:-1"},"canonical":"https:\/\/www.entreculturas.org\/fr\/la-luz-de-las-ninas\/noticia\/tres-anos-sin-educacion-la-situacion-de-las-ninas-en-afganistan-bajo-el-regimen-taliban\/","og_locale":"fr_FR","og_type":"article","og_title":"Tres a\u00f1os sin educaci\u00f3n: la situaci\u00f3n de las ni\u00f1as en Afganist\u00e1n bajo el r\u00e9gimen talib\u00e1n","og_description":"Se cumple el tercer aniversario de la toma de poder de los talibanes en Afganist\u00e1n. Durante estos tres a\u00f1os, los derechos de las ni\u00f1as en el pa\u00eds han sufrido un retroceso alarmante, especialmente en el \u00e1mbito educativo.","og_url":"https:\/\/www.entreculturas.org\/fr\/la-luz-de-las-ninas\/noticia\/tres-anos-sin-educacion-la-situacion-de-las-ninas-en-afganistan-bajo-el-regimen-taliban\/","og_site_name":"Entreculturas","article_publisher":"https:\/\/www.facebook.com\/entreculturas","article_modified_time":"2024-09-26T09:45:21+00:00","og_image":[{"width":1383,"height":922,"url":"https:\/\/www.entreculturas.org\/wp-content\/uploads\/2024\/09\/shutterstock_2035965863-1.jpg","type":"image\/jpeg"}],"twitter_card":"summary_large_image","twitter_site":"@Entreculturas","schema":{"@context":"https:\/\/schema.org","@graph":[{"@type":"WebPage","@id":"https:\/\/www.entreculturas.org\/fr\/la-luz-de-las-ninas\/noticia\/tres-anos-sin-educacion-la-situacion-de-las-ninas-en-afganistan-bajo-el-regimen-taliban\/","url":"https:\/\/www.entreculturas.org\/fr\/la-luz-de-las-ninas\/noticia\/tres-anos-sin-educacion-la-situacion-de-las-ninas-en-afganistan-bajo-el-regimen-taliban\/","name":"Tres a\u00f1os sin educaci\u00f3n: la situaci\u00f3n de las ni\u00f1as en Afganist\u00e1n bajo el r\u00e9gimen talib\u00e1n - Entreculturas","isPartOf":{"@id":"https:\/\/www.entreculturas.org\/fr\/#website"},"primaryImageOfPage":{"@id":"https:\/\/www.entreculturas.org\/fr\/la-luz-de-las-ninas\/noticia\/tres-anos-sin-educacion-la-situacion-de-las-ninas-en-afganistan-bajo-el-regimen-taliban\/#primaryimage"},"image":{"@id":"https:\/\/www.entreculturas.org\/fr\/la-luz-de-las-ninas\/noticia\/tres-anos-sin-educacion-la-situacion-de-las-ninas-en-afganistan-bajo-el-regimen-taliban\/#primaryimage"},"thumbnailUrl":"https:\/\/www.entreculturas.org\/wp-content\/uploads\/2024\/09\/shutterstock_2035965863-1.jpg","datePublished":"2024-08-15T08:46:09+00:00","dateModified":"2024-09-26T09:45:21+00:00","description":"Se cumple el tercer aniversario de la toma de poder de los talibanes en Afganist\u00e1n. Durante estos tres a\u00f1os, los derechos de las ni\u00f1as en el pa\u00eds han sufrido un retroceso alarmante, especialmente en el \u00e1mbito educativo.","breadcrumb":{"@id":"https:\/\/www.entreculturas.org\/fr\/la-luz-de-las-ninas\/noticia\/tres-anos-sin-educacion-la-situacion-de-las-ninas-en-afganistan-bajo-el-regimen-taliban\/#breadcrumb"},"inLanguage":"fr-FR","potentialAction":[{"@type":"ReadAction","target":["https:\/\/www.entreculturas.org\/fr\/la-luz-de-las-ninas\/noticia\/tres-anos-sin-educacion-la-situacion-de-las-ninas-en-afganistan-bajo-el-regimen-taliban\/"]}]},{"@type":"ImageObject","inLanguage":"fr-FR","@id":"https:\/\/www.entreculturas.org\/fr\/la-luz-de-las-ninas\/noticia\/tres-anos-sin-educacion-la-situacion-de-las-ninas-en-afganistan-bajo-el-regimen-taliban\/#primaryimage","url":"https:\/\/www.entreculturas.org\/wp-content\/uploads\/2024\/09\/shutterstock_2035965863-1.jpg","contentUrl":"https:\/\/www.entreculturas.org\/wp-content\/uploads\/2024\/09\/shutterstock_2035965863-1.jpg","width":1383,"height":922,"caption":"Afghan girls attend school in Herat. Afghanistan.2019"},{"@type":"BreadcrumbList","@id":"https:\/\/www.entreculturas.org\/fr\/la-luz-de-las-ninas\/noticia\/tres-anos-sin-educacion-la-situacion-de-las-ninas-en-afganistan-bajo-el-regimen-taliban\/#breadcrumb","itemListElement":[{"@type":"ListItem","position":1,"name":"Home","item":"https:\/\/www.entreculturas.org\/fr\/"},{"@type":"ListItem","position":2,"name":"Noticias LLDLN","item":"https:\/\/www.entreculturas.org\/fr\/noticias-la-luz-de-las-ninas\/"},{"@type":"ListItem","position":3,"name":"Tres a\u00f1os sin educaci\u00f3n: la situaci\u00f3n de las ni\u00f1as en Afganist\u00e1n bajo el r\u00e9gimen talib\u00e1n"}]},{"@type":"WebSite","@id":"https:\/\/www.entreculturas.org\/fr\/#website","url":"https:\/\/www.entreculturas.org\/fr\/","name":"Entreculturas","description":"","publisher":{"@id":"https:\/\/www.entreculturas.org\/fr\/#organization"},"alternateName":"Entreculturas","potentialAction":[{"@type":"SearchAction","target":{"@type":"EntryPoint","urlTemplate":"https:\/\/www.entreculturas.org\/fr\/?s={search_term_string}"},"query-input":{"@type":"PropertyValueSpecification","valueRequired":true,"valueName":"search_term_string"}}],"inLanguage":"fr-FR"},{"@type":"Organization","@id":"https:\/\/www.entreculturas.org\/fr\/#organization","name":"Entreculturas","url":"https:\/\/www.entreculturas.org\/fr\/","logo":{"@type":"ImageObject","inLanguage":"fr-FR","@id":"https:\/\/www.entreculturas.org\/fr\/#\/schema\/logo\/image\/","url":"https:\/\/www.entreculturas.org\/wp-content\/uploads\/2025\/10\/ESP.svg","contentUrl":"https:\/\/www.entreculturas.org\/wp-content\/uploads\/2025\/10\/ESP.svg","caption":"Entreculturas"},"image":{"@id":"https:\/\/www.entreculturas.org\/fr\/#\/schema\/logo\/image\/"},"sameAs":["https:\/\/www.facebook.com\/entreculturas","https:\/\/x.com\/Entreculturas","https:\/\/www.instagram.com\/entreculturas\/","https:\/\/www.youtube.com\/user\/entreculturasvideo","https:\/\/www.linkedin.com\/company\/fundacion-entreculturas-ngdo\/","https:\/\/www.flickr.com\/photos\/98455522@N04\/albums\/"]}]}},"_links":{"self":[{"href":"https:\/\/www.entreculturas.org\/fr\/wp-json\/wp\/v2\/xxx\/32774","targetHints":{"allow":["GET"]}}],"collection":[{"href":"https:\/\/www.entreculturas.org\/fr\/wp-json\/wp\/v2\/xxx"}],"about":[{"href":"https:\/\/www.entreculturas.org\/fr\/wp-json\/wp\/v2\/types\/xxx"}],"wp:featuredmedia":[{"embeddable":true,"href":"https:\/\/www.entreculturas.org\/fr\/wp-json\/wp\/v2\/media\/32776"}],"wp:attachment":[{"href":"https:\/\/www.entreculturas.org\/fr\/wp-json\/wp\/v2\/media?parent=32774"}],"wp:term":[{"taxonomy":"category","embeddable":true,"href":"https:\/\/www.entreculturas.org\/fr\/wp-json\/wp\/v2\/categories?post=32774"},{"taxonomy":"post_tag","embeddable":true,"href":"https:\/\/www.entreculturas.org\/fr\/wp-json\/wp\/v2\/tags?post=32774"}],"curies":[{"name":"wp","href":"https:\/\/api.w.org\/{rel}","templated":true}]}}