{"id":7238,"date":"2014-11-18T11:49:25","date_gmt":"2014-11-18T11:49:25","guid":{"rendered":"https:\/\/entreculturasi.wpenginepowered.com\/?publicaciones=revista-entreculturas-n-53-marzo-mayo"},"modified":"2024-03-20T14:12:55","modified_gmt":"2024-03-20T13:12:55","slug":"revista-entreculturas-n-53-marzo-mayo","status":"publish","type":"publicacion","link":"https:\/\/www.entreculturas.org\/fr\/publicacion\/revista-entreculturas-n-53-marzo-mayo\/","title":{"rendered":"Revista Entreculturas n\u00ba 53 (marzo-mayo)"},"content":{"rendered":"<p>En el n\u00famero 53 de la Revista Entreculturas podremos conocer el proyecto que se llevar\u00e1 a cabo en la Rep\u00fablica Democr\u00e1tica del Congo con los fondos obtenidos en la III Edici\u00f3n de la Carrera Solidaria de Entreculturas que tuvo lugar el pasado mes de febrero.<\/p>\n<p>Tambi\u00e9n se incluye informaci\u00f3n sobre el Programa \u00ab\u00a0Educar Personas, Generar Oportunidades\u00a0\u00bb que se pondr\u00e1 en marcha en Am\u00e9rica Latina gracias a la colaboraci\u00f3n de Inditex.<\/p>\n<p>El IV Encuentro Global de la Red Solidaria de J\u00f3venes que reuni\u00f3 a mediados de febrero en Guadarrama (Madrid) a 85 docentes y 166 j\u00f3venes procedentes de El Salvador, Nicaragua, Ecuador, Colombia, Portugal, Italia, Malta y Espa\u00f1a es otra de las noticias destacadas que incluye el \u00faltimo n\u00famero de la revista.<\/p>\n\n\n<div class=\"wp-block-buttons is-layout-flex wp-block-buttons-is-layout-flex\">\n<div class=\"wp-block-button\"><a class=\"wp-block-button__link wp-element-button\" href=\"https:\/\/www.entreculturas.org\/wp-content\/uploads\/2015\/05\/boletin53.pdf\" target=\"_blank\" rel=\"noreferrer noopener\">descargar<\/a><\/div>\n<\/div>\n","protected":false},"excerpt":{"rendered":"<p>En el n\u00famero 53 de la Revista Entreculturas podremos conocer el proyecto que se llevar\u00e1 a cabo en la Rep\u00fablica Democr\u00e1tica del Congo con los fondos obtenidos en la III Edici\u00f3n de la Carrera Solidaria de Entreculturas que tuvo lugar el pasado mes de febrero. Tambi\u00e9n se incluye informaci\u00f3n sobre el Programa \u00ab\u00a0Educar Personas, Generar Oportunidades\u00a0\u00bb que se pondr\u00e1 en marcha en Am\u00e9rica Latina gracias a la colaboraci\u00f3n de Inditex. El IV Encuentro Global de la Red Solidaria de J\u00f3venes que reuni\u00f3 a mediados de febrero en Guadarrama (Madrid) a 85 docentes y 166 j\u00f3venes procedentes de El Salvador, Nicaragua, Ecuador, Colombia, Portugal, Italia, Malta y Espa\u00f1a es otra de las noticias destacadas que incluye el \u00faltimo n\u00famero de la revista.<\/p>\n","protected":false},"featured_media":7096,"template":"","format":[111],"categories":[11],"tags":[185],"cause":[],"class_list":["post-7238","publicacion","type-publicacion","status-publish","has-post-thumbnail","hentry","category-revista-trimestral","tag-entreculturas","format-revista-trimestral"],"acf":[],"yoast_head":"<!-- This site is optimized with the Yoast SEO Premium plugin v21.6 (Yoast SEO v27.5) - https:\/\/yoast.com\/product\/yoast-seo-premium-wordpress\/ -->\n<title>Revista Entreculturas n\u00ba 53 (marzo-mayo) - Entreculturas<\/title>\n<meta name=\"robots\" content=\"index, follow, max-snippet:-1, max-image-preview:large, max-video-preview:-1\" \/>\n<link rel=\"canonical\" href=\"https:\/\/www.entreculturas.org\/fr\/publicacion\/revista-entreculturas-n-53-marzo-mayo\/\" \/>\n<meta property=\"og:locale\" content=\"fr_FR\" \/>\n<meta property=\"og:type\" content=\"article\" \/>\n<meta property=\"og:title\" content=\"Revista Entreculturas n\u00ba 53 (marzo-mayo)\" \/>\n<meta property=\"og:description\" content=\"En el n\u00famero 53 de la Revista Entreculturas podremos conocer el proyecto que se llevar\u00e1 a cabo en la Rep\u00fablica Democr\u00e1tica del Congo con los fondos obtenidos en la III Edici\u00f3n de la Carrera Solidaria de Entreculturas que tuvo lugar el pasado mes de febrero. Tambi\u00e9n se incluye informaci\u00f3n sobre el Programa \u00ab\u00a0Educar Personas, Generar Oportunidades\u00a0\u00bb que se pondr\u00e1 en marcha en Am\u00e9rica Latina gracias a la colaboraci\u00f3n de Inditex. El IV Encuentro Global de la Red Solidaria de J\u00f3venes que reuni\u00f3 a mediados de febrero en Guadarrama (Madrid) a 85 docentes y 166 j\u00f3venes procedentes de El Salvador, Nicaragua, Ecuador, Colombia, Portugal, Italia, Malta y Espa\u00f1a es otra de las noticias destacadas que incluye el \u00faltimo n\u00famero de la revista.\" \/>\n<meta property=\"og:url\" content=\"https:\/\/www.entreculturas.org\/fr\/publicacion\/revista-entreculturas-n-53-marzo-mayo\/\" \/>\n<meta property=\"og:site_name\" content=\"Entreculturas\" \/>\n<meta property=\"article:publisher\" content=\"https:\/\/www.facebook.com\/entreculturas\" \/>\n<meta property=\"article:modified_time\" content=\"2024-03-20T13:12:55+00:00\" \/>\n<meta property=\"og:image\" content=\"https:\/\/www.entreculturas.org\/wp-content\/uploads\/2015\/05\/boletin-53.png\" \/>\n\t<meta property=\"og:image:width\" content=\"394\" \/>\n\t<meta property=\"og:image:height\" content=\"559\" \/>\n\t<meta property=\"og:image:type\" content=\"image\/png\" \/>\n<meta name=\"twitter:card\" content=\"summary_large_image\" \/>\n<meta name=\"twitter:site\" content=\"@Entreculturas\" \/>\n<script type=\"application\/ld+json\" class=\"yoast-schema-graph\">{\"@context\":\"https:\\\/\\\/schema.org\",\"@graph\":[{\"@type\":\"WebPage\",\"@id\":\"https:\\\/\\\/www.entreculturas.org\\\/fr\\\/publicacion\\\/revista-entreculturas-n-53-marzo-mayo\\\/\",\"url\":\"https:\\\/\\\/www.entreculturas.org\\\/fr\\\/publicacion\\\/revista-entreculturas-n-53-marzo-mayo\\\/\",\"name\":\"Revista Entreculturas n\u00ba 53 (marzo-mayo) - Entreculturas\",\"isPartOf\":{\"@id\":\"https:\\\/\\\/www.entreculturas.org\\\/fr\\\/#website\"},\"primaryImageOfPage\":{\"@id\":\"https:\\\/\\\/www.entreculturas.org\\\/fr\\\/publicacion\\\/revista-entreculturas-n-53-marzo-mayo\\\/#primaryimage\"},\"image\":{\"@id\":\"https:\\\/\\\/www.entreculturas.org\\\/fr\\\/publicacion\\\/revista-entreculturas-n-53-marzo-mayo\\\/#primaryimage\"},\"thumbnailUrl\":\"https:\\\/\\\/www.entreculturas.org\\\/wp-content\\\/uploads\\\/2015\\\/05\\\/boletin-53.png\",\"datePublished\":\"2014-11-18T11:49:25+00:00\",\"dateModified\":\"2024-03-20T13:12:55+00:00\",\"breadcrumb\":{\"@id\":\"https:\\\/\\\/www.entreculturas.org\\\/fr\\\/publicacion\\\/revista-entreculturas-n-53-marzo-mayo\\\/#breadcrumb\"},\"inLanguage\":\"fr-FR\",\"potentialAction\":[{\"@type\":\"ReadAction\",\"target\":[\"https:\\\/\\\/www.entreculturas.org\\\/fr\\\/publicacion\\\/revista-entreculturas-n-53-marzo-mayo\\\/\"]}]},{\"@type\":\"ImageObject\",\"inLanguage\":\"fr-FR\",\"@id\":\"https:\\\/\\\/www.entreculturas.org\\\/fr\\\/publicacion\\\/revista-entreculturas-n-53-marzo-mayo\\\/#primaryimage\",\"url\":\"https:\\\/\\\/www.entreculturas.org\\\/wp-content\\\/uploads\\\/2015\\\/05\\\/boletin-53.png\",\"contentUrl\":\"https:\\\/\\\/www.entreculturas.org\\\/wp-content\\\/uploads\\\/2015\\\/05\\\/boletin-53.png\",\"width\":394,\"height\":559,\"caption\":\"boletin-53\"},{\"@type\":\"BreadcrumbList\",\"@id\":\"https:\\\/\\\/www.entreculturas.org\\\/fr\\\/publicacion\\\/revista-entreculturas-n-53-marzo-mayo\\\/#breadcrumb\",\"itemListElement\":[{\"@type\":\"ListItem\",\"position\":1,\"name\":\"Home\",\"item\":\"https:\\\/\\\/www.entreculturas.org\\\/fr\\\/\"},{\"@type\":\"ListItem\",\"position\":2,\"name\":\"Publicaciones\",\"item\":\"https:\\\/\\\/www.entreculturas.org\\\/fr\\\/publicaciones\\\/\"},{\"@type\":\"ListItem\",\"position\":3,\"name\":\"Revista Entreculturas n\u00ba 53 (marzo-mayo)\"}]},{\"@type\":\"WebSite\",\"@id\":\"https:\\\/\\\/www.entreculturas.org\\\/fr\\\/#website\",\"url\":\"https:\\\/\\\/www.entreculturas.org\\\/fr\\\/\",\"name\":\"Entreculturas\",\"description\":\"\",\"publisher\":{\"@id\":\"https:\\\/\\\/www.entreculturas.org\\\/fr\\\/#organization\"},\"alternateName\":\"Entreculturas\",\"potentialAction\":[{\"@type\":\"SearchAction\",\"target\":{\"@type\":\"EntryPoint\",\"urlTemplate\":\"https:\\\/\\\/www.entreculturas.org\\\/fr\\\/?s={search_term_string}\"},\"query-input\":{\"@type\":\"PropertyValueSpecification\",\"valueRequired\":true,\"valueName\":\"search_term_string\"}}],\"inLanguage\":\"fr-FR\"},{\"@type\":\"Organization\",\"@id\":\"https:\\\/\\\/www.entreculturas.org\\\/fr\\\/#organization\",\"name\":\"Entreculturas\",\"url\":\"https:\\\/\\\/www.entreculturas.org\\\/fr\\\/\",\"logo\":{\"@type\":\"ImageObject\",\"inLanguage\":\"fr-FR\",\"@id\":\"https:\\\/\\\/www.entreculturas.org\\\/fr\\\/#\\\/schema\\\/logo\\\/image\\\/\",\"url\":\"https:\\\/\\\/www.entreculturas.org\\\/wp-content\\\/uploads\\\/2025\\\/10\\\/ESP.svg\",\"contentUrl\":\"https:\\\/\\\/www.entreculturas.org\\\/wp-content\\\/uploads\\\/2025\\\/10\\\/ESP.svg\",\"caption\":\"Entreculturas\"},\"image\":{\"@id\":\"https:\\\/\\\/www.entreculturas.org\\\/fr\\\/#\\\/schema\\\/logo\\\/image\\\/\"},\"sameAs\":[\"https:\\\/\\\/www.facebook.com\\\/entreculturas\",\"https:\\\/\\\/x.com\\\/Entreculturas\",\"https:\\\/\\\/www.instagram.com\\\/entreculturas\\\/\",\"https:\\\/\\\/www.youtube.com\\\/user\\\/entreculturasvideo\",\"https:\\\/\\\/www.linkedin.com\\\/company\\\/fundacion-entreculturas-ngdo\\\/\",\"https:\\\/\\\/www.flickr.com\\\/photos\\\/98455522@N04\\\/albums\\\/\"]}]}<\/script>\n<!-- \/ Yoast SEO Premium plugin. -->","yoast_head_json":{"title":"Revista Entreculturas n\u00ba 53 (marzo-mayo) - Entreculturas","robots":{"index":"index","follow":"follow","max-snippet":"max-snippet:-1","max-image-preview":"max-image-preview:large","max-video-preview":"max-video-preview:-1"},"canonical":"https:\/\/www.entreculturas.org\/fr\/publicacion\/revista-entreculturas-n-53-marzo-mayo\/","og_locale":"fr_FR","og_type":"article","og_title":"Revista Entreculturas n\u00ba 53 (marzo-mayo)","og_description":"En el n\u00famero 53 de la Revista Entreculturas podremos conocer el proyecto que se llevar\u00e1 a cabo en la Rep\u00fablica Democr\u00e1tica del Congo con los fondos obtenidos en la III Edici\u00f3n de la Carrera Solidaria de Entreculturas que tuvo lugar el pasado mes de febrero. Tambi\u00e9n se incluye informaci\u00f3n sobre el Programa \u00ab\u00a0Educar Personas, Generar Oportunidades\u00a0\u00bb que se pondr\u00e1 en marcha en Am\u00e9rica Latina gracias a la colaboraci\u00f3n de Inditex. El IV Encuentro Global de la Red Solidaria de J\u00f3venes que reuni\u00f3 a mediados de febrero en Guadarrama (Madrid) a 85 docentes y 166 j\u00f3venes procedentes de El Salvador, Nicaragua, Ecuador, Colombia, Portugal, Italia, Malta y Espa\u00f1a es otra de las noticias destacadas que incluye el \u00faltimo n\u00famero de la revista.","og_url":"https:\/\/www.entreculturas.org\/fr\/publicacion\/revista-entreculturas-n-53-marzo-mayo\/","og_site_name":"Entreculturas","article_publisher":"https:\/\/www.facebook.com\/entreculturas","article_modified_time":"2024-03-20T13:12:55+00:00","og_image":[{"width":394,"height":559,"url":"https:\/\/www.entreculturas.org\/wp-content\/uploads\/2015\/05\/boletin-53.png","type":"image\/png"}],"twitter_card":"summary_large_image","twitter_site":"@Entreculturas","schema":{"@context":"https:\/\/schema.org","@graph":[{"@type":"WebPage","@id":"https:\/\/www.entreculturas.org\/fr\/publicacion\/revista-entreculturas-n-53-marzo-mayo\/","url":"https:\/\/www.entreculturas.org\/fr\/publicacion\/revista-entreculturas-n-53-marzo-mayo\/","name":"Revista Entreculturas n\u00ba 53 (marzo-mayo) - Entreculturas","isPartOf":{"@id":"https:\/\/www.entreculturas.org\/fr\/#website"},"primaryImageOfPage":{"@id":"https:\/\/www.entreculturas.org\/fr\/publicacion\/revista-entreculturas-n-53-marzo-mayo\/#primaryimage"},"image":{"@id":"https:\/\/www.entreculturas.org\/fr\/publicacion\/revista-entreculturas-n-53-marzo-mayo\/#primaryimage"},"thumbnailUrl":"https:\/\/www.entreculturas.org\/wp-content\/uploads\/2015\/05\/boletin-53.png","datePublished":"2014-11-18T11:49:25+00:00","dateModified":"2024-03-20T13:12:55+00:00","breadcrumb":{"@id":"https:\/\/www.entreculturas.org\/fr\/publicacion\/revista-entreculturas-n-53-marzo-mayo\/#breadcrumb"},"inLanguage":"fr-FR","potentialAction":[{"@type":"ReadAction","target":["https:\/\/www.entreculturas.org\/fr\/publicacion\/revista-entreculturas-n-53-marzo-mayo\/"]}]},{"@type":"ImageObject","inLanguage":"fr-FR","@id":"https:\/\/www.entreculturas.org\/fr\/publicacion\/revista-entreculturas-n-53-marzo-mayo\/#primaryimage","url":"https:\/\/www.entreculturas.org\/wp-content\/uploads\/2015\/05\/boletin-53.png","contentUrl":"https:\/\/www.entreculturas.org\/wp-content\/uploads\/2015\/05\/boletin-53.png","width":394,"height":559,"caption":"boletin-53"},{"@type":"BreadcrumbList","@id":"https:\/\/www.entreculturas.org\/fr\/publicacion\/revista-entreculturas-n-53-marzo-mayo\/#breadcrumb","itemListElement":[{"@type":"ListItem","position":1,"name":"Home","item":"https:\/\/www.entreculturas.org\/fr\/"},{"@type":"ListItem","position":2,"name":"Publicaciones","item":"https:\/\/www.entreculturas.org\/fr\/publicaciones\/"},{"@type":"ListItem","position":3,"name":"Revista Entreculturas n\u00ba 53 (marzo-mayo)"}]},{"@type":"WebSite","@id":"https:\/\/www.entreculturas.org\/fr\/#website","url":"https:\/\/www.entreculturas.org\/fr\/","name":"Entreculturas","description":"","publisher":{"@id":"https:\/\/www.entreculturas.org\/fr\/#organization"},"alternateName":"Entreculturas","potentialAction":[{"@type":"SearchAction","target":{"@type":"EntryPoint","urlTemplate":"https:\/\/www.entreculturas.org\/fr\/?s={search_term_string}"},"query-input":{"@type":"PropertyValueSpecification","valueRequired":true,"valueName":"search_term_string"}}],"inLanguage":"fr-FR"},{"@type":"Organization","@id":"https:\/\/www.entreculturas.org\/fr\/#organization","name":"Entreculturas","url":"https:\/\/www.entreculturas.org\/fr\/","logo":{"@type":"ImageObject","inLanguage":"fr-FR","@id":"https:\/\/www.entreculturas.org\/fr\/#\/schema\/logo\/image\/","url":"https:\/\/www.entreculturas.org\/wp-content\/uploads\/2025\/10\/ESP.svg","contentUrl":"https:\/\/www.entreculturas.org\/wp-content\/uploads\/2025\/10\/ESP.svg","caption":"Entreculturas"},"image":{"@id":"https:\/\/www.entreculturas.org\/fr\/#\/schema\/logo\/image\/"},"sameAs":["https:\/\/www.facebook.com\/entreculturas","https:\/\/x.com\/Entreculturas","https:\/\/www.instagram.com\/entreculturas\/","https:\/\/www.youtube.com\/user\/entreculturasvideo","https:\/\/www.linkedin.com\/company\/fundacion-entreculturas-ngdo\/","https:\/\/www.flickr.com\/photos\/98455522@N04\/albums\/"]}]}},"_links":{"self":[{"href":"https:\/\/www.entreculturas.org\/fr\/wp-json\/wp\/v2\/publicacion\/7238","targetHints":{"allow":["GET"]}}],"collection":[{"href":"https:\/\/www.entreculturas.org\/fr\/wp-json\/wp\/v2\/publicacion"}],"about":[{"href":"https:\/\/www.entreculturas.org\/fr\/wp-json\/wp\/v2\/types\/publicacion"}],"wp:featuredmedia":[{"embeddable":true,"href":"https:\/\/www.entreculturas.org\/fr\/wp-json\/wp\/v2\/media\/7096"}],"wp:attachment":[{"href":"https:\/\/www.entreculturas.org\/fr\/wp-json\/wp\/v2\/media?parent=7238"}],"wp:term":[{"taxonomy":"category","embeddable":true,"href":"https:\/\/www.entreculturas.org\/fr\/wp-json\/wp\/v2\/categories?post=7238"},{"taxonomy":"post_tag","embeddable":true,"href":"https:\/\/www.entreculturas.org\/fr\/wp-json\/wp\/v2\/tags?post=7238"},{"taxonomy":"cause","embeddable":true,"href":"https:\/\/www.entreculturas.org\/fr\/wp-json\/wp\/v2\/cause?post=7238"},{"taxonomy":"format","embeddable":true,"href":"https:\/\/www.entreculturas.org\/fr\/wp-json\/wp\/v2\/format?post=7238"}],"curies":[{"name":"wp","href":"https:\/\/api.w.org\/{rel}","templated":true}]}}