{"id":6333,"date":"2023-07-10T07:37:18","date_gmt":"2023-07-10T07:37:18","guid":{"rendered":"https:\/\/entreculturasi.wpenginepowered.com\/?publicaciones=la-esperanza-no-espera-este-23j-vota"},"modified":"2024-03-20T17:00:03","modified_gmt":"2024-03-20T16:00:03","slug":"la-esperanza-no-espera-este-23j-vota","status":"publish","type":"publicacion","link":"https:\/\/www.entreculturas.org\/fr\/publicacion\/la-esperanza-no-espera-este-23j-vota\/","title":{"rendered":"La Esperanza no Espera &#8211; Este 23J \u00a1VOTA!"},"content":{"rendered":"<p>El pr\u00f3ximo 23 de julio se celebrar\u00e1n elecciones generales para elegir qu\u00e9 representantes de la ciudadan\u00eda acceden a los 350 esca\u00f1os del Congreso y los 208 esca\u00f1os del Senado a trav\u00e9s de las listas de partidos pol\u00edticos m\u00e1s votadas.<\/p>\n<p>Las autoridades que salgan elegidas en estos comicios tendr\u00e1n la misi\u00f3n de traducir los grandes retos globales en pol\u00edticas p\u00fablicas concretas y tangibles, que garanticen servicios y recursos b\u00e1sicos a la ciudadan\u00eda y contribuyan a crear un mundo m\u00e1s justo, inclusivo y sostenible. Desde Alboan y Entreculturas defendemos la esperanza en este mundo, pero la esperanza no espera, hay que defenderla y hay que mantenerla viva cada d\u00eda. Si queremos un futuro mejor, tenemos que construirlo juntas, y para ello es fundamental votar este 23 de julio.<\/p>\n<p>Por ello, desde Alboan y Entreculturas, queremos reivindicar la importancia del ejercicio del derecho al voto para asegurar que nuestro pa\u00eds sea parte de este mundo donde todas las personas tengan la oportunidad de prosperar, donde se garantice la igualdad de oportunidades, donde se protejan los derechos humanos y el planeta y donde se promueva una cultura de respeto y solidaridad.\u00a0<\/p>\n\n\n<div class=\"wp-block-buttons is-layout-flex wp-block-buttons-is-layout-flex\">\n<div class=\"wp-block-button\"><a class=\"wp-block-button__link wp-element-button\" href=\"https:\/\/www.entreculturas.org\/wp-content\/uploads\/2023\/07\/la_esperanza_no_espera_-_elecciones_23j.pdf\" target=\"_blank\" rel=\"noreferrer noopener\">DESCARGAR<\/a><\/div>\n<\/div>\n","protected":false},"excerpt":{"rendered":"<p>El pr\u00f3ximo 23 de julio se celebrar\u00e1n elecciones generales para elegir qu\u00e9 representantes de la ciudadan\u00eda acceden a los 350 esca\u00f1os del Congreso y los 208 esca\u00f1os del Senado a trav\u00e9s de las listas de partidos pol\u00edticos m\u00e1s votadas. Las autoridades que salgan elegidas en estos comicios tendr\u00e1n la misi\u00f3n de traducir los grandes retos globales en pol\u00edticas p\u00fablicas concretas y tangibles, que garanticen servicios y recursos b\u00e1sicos a la ciudadan\u00eda y contribuyan a crear un mundo m\u00e1s justo, inclusivo y sostenible. Desde Alboan y Entreculturas defendemos la esperanza en este mundo, pero la esperanza no espera, hay que defenderla y hay que mantenerla viva cada d\u00eda. Si queremos un futuro mejor, tenemos que construirlo juntas, y para ello es fundamental votar este 23 de julio. Por ello, desde Alboan y Entreculturas, queremos reivindicar la importancia del ejercicio del derecho al voto para asegurar que nuestro pa\u00eds sea parte de [&hellip;]<\/p>\n","protected":false},"featured_media":6334,"template":"","format":[112],"categories":[18],"tags":[185],"cause":[],"class_list":["post-6333","publicacion","type-publicacion","status-publish","has-post-thumbnail","hentry","category-estudios","tag-entreculturas","format-estudios-e-informes"],"acf":[],"yoast_head":"<!-- This site is optimized with the Yoast SEO Premium plugin v21.6 (Yoast SEO v27.5) - https:\/\/yoast.com\/product\/yoast-seo-premium-wordpress\/ -->\n<title>La Esperanza no Espera - Este 23J \u00a1VOTA! - Entreculturas<\/title>\n<meta name=\"robots\" content=\"index, follow, max-snippet:-1, max-image-preview:large, max-video-preview:-1\" \/>\n<link rel=\"canonical\" href=\"https:\/\/www.entreculturas.org\/fr\/publicacion\/la-esperanza-no-espera-este-23j-vota\/\" \/>\n<meta property=\"og:locale\" content=\"fr_FR\" \/>\n<meta property=\"og:type\" content=\"article\" \/>\n<meta property=\"og:title\" content=\"La Esperanza no Espera - Este 23J \u00a1VOTA!\" \/>\n<meta property=\"og:description\" content=\"El pr\u00f3ximo 23 de julio se celebrar\u00e1n elecciones generales para elegir qu\u00e9 representantes de la ciudadan\u00eda acceden a los 350 esca\u00f1os del Congreso y los 208 esca\u00f1os del Senado a trav\u00e9s de las listas de partidos pol\u00edticos m\u00e1s votadas. Las autoridades que salgan elegidas en estos comicios tendr\u00e1n la misi\u00f3n de traducir los grandes retos globales en pol\u00edticas p\u00fablicas concretas y tangibles, que garanticen servicios y recursos b\u00e1sicos a la ciudadan\u00eda y contribuyan a crear un mundo m\u00e1s justo, inclusivo y sostenible. Desde Alboan y Entreculturas defendemos la esperanza en este mundo, pero la esperanza no espera, hay que defenderla y hay que mantenerla viva cada d\u00eda. Si queremos un futuro mejor, tenemos que construirlo juntas, y para ello es fundamental votar este 23 de julio. Por ello, desde Alboan y Entreculturas, queremos reivindicar la importancia del ejercicio del derecho al voto para asegurar que nuestro pa\u00eds sea parte de [&hellip;]\" \/>\n<meta property=\"og:url\" content=\"https:\/\/www.entreculturas.org\/fr\/publicacion\/la-esperanza-no-espera-este-23j-vota\/\" \/>\n<meta property=\"og:site_name\" content=\"Entreculturas\" \/>\n<meta property=\"article:publisher\" content=\"https:\/\/www.facebook.com\/entreculturas\" \/>\n<meta property=\"article:modified_time\" content=\"2024-03-20T16:00:03+00:00\" \/>\n<meta property=\"og:image\" content=\"https:\/\/www.entreculturas.org\/wp-content\/uploads\/2023\/07\/la_esperanza_no_espera_-_elecciones_23j1024_1.jpg\" \/>\n\t<meta property=\"og:image:width\" content=\"724\" \/>\n\t<meta property=\"og:image:height\" content=\"1024\" \/>\n\t<meta property=\"og:image:type\" content=\"image\/jpeg\" \/>\n<meta name=\"twitter:card\" content=\"summary_large_image\" \/>\n<meta name=\"twitter:site\" content=\"@Entreculturas\" \/>\n<script type=\"application\/ld+json\" class=\"yoast-schema-graph\">{\"@context\":\"https:\\\/\\\/schema.org\",\"@graph\":[{\"@type\":\"WebPage\",\"@id\":\"https:\\\/\\\/www.entreculturas.org\\\/fr\\\/publicacion\\\/la-esperanza-no-espera-este-23j-vota\\\/\",\"url\":\"https:\\\/\\\/www.entreculturas.org\\\/fr\\\/publicacion\\\/la-esperanza-no-espera-este-23j-vota\\\/\",\"name\":\"La Esperanza no Espera - Este 23J \u00a1VOTA! - Entreculturas\",\"isPartOf\":{\"@id\":\"https:\\\/\\\/www.entreculturas.org\\\/fr\\\/#website\"},\"primaryImageOfPage\":{\"@id\":\"https:\\\/\\\/www.entreculturas.org\\\/fr\\\/publicacion\\\/la-esperanza-no-espera-este-23j-vota\\\/#primaryimage\"},\"image\":{\"@id\":\"https:\\\/\\\/www.entreculturas.org\\\/fr\\\/publicacion\\\/la-esperanza-no-espera-este-23j-vota\\\/#primaryimage\"},\"thumbnailUrl\":\"https:\\\/\\\/www.entreculturas.org\\\/wp-content\\\/uploads\\\/2023\\\/07\\\/la_esperanza_no_espera_-_elecciones_23j1024_1.jpg\",\"datePublished\":\"2023-07-10T07:37:18+00:00\",\"dateModified\":\"2024-03-20T16:00:03+00:00\",\"breadcrumb\":{\"@id\":\"https:\\\/\\\/www.entreculturas.org\\\/fr\\\/publicacion\\\/la-esperanza-no-espera-este-23j-vota\\\/#breadcrumb\"},\"inLanguage\":\"fr-FR\",\"potentialAction\":[{\"@type\":\"ReadAction\",\"target\":[\"https:\\\/\\\/www.entreculturas.org\\\/fr\\\/publicacion\\\/la-esperanza-no-espera-este-23j-vota\\\/\"]}]},{\"@type\":\"ImageObject\",\"inLanguage\":\"fr-FR\",\"@id\":\"https:\\\/\\\/www.entreculturas.org\\\/fr\\\/publicacion\\\/la-esperanza-no-espera-este-23j-vota\\\/#primaryimage\",\"url\":\"https:\\\/\\\/www.entreculturas.org\\\/wp-content\\\/uploads\\\/2023\\\/07\\\/la_esperanza_no_espera_-_elecciones_23j1024_1.jpg\",\"contentUrl\":\"https:\\\/\\\/www.entreculturas.org\\\/wp-content\\\/uploads\\\/2023\\\/07\\\/la_esperanza_no_espera_-_elecciones_23j1024_1.jpg\",\"width\":724,\"height\":1024,\"caption\":\"la_esperanza_no_espera_-_elecciones_23j1024_1\"},{\"@type\":\"BreadcrumbList\",\"@id\":\"https:\\\/\\\/www.entreculturas.org\\\/fr\\\/publicacion\\\/la-esperanza-no-espera-este-23j-vota\\\/#breadcrumb\",\"itemListElement\":[{\"@type\":\"ListItem\",\"position\":1,\"name\":\"Home\",\"item\":\"https:\\\/\\\/www.entreculturas.org\\\/fr\\\/\"},{\"@type\":\"ListItem\",\"position\":2,\"name\":\"Publicaciones\",\"item\":\"https:\\\/\\\/www.entreculturas.org\\\/fr\\\/publicaciones\\\/\"},{\"@type\":\"ListItem\",\"position\":3,\"name\":\"La Esperanza no Espera &#8211; Este 23J \u00a1VOTA!\"}]},{\"@type\":\"WebSite\",\"@id\":\"https:\\\/\\\/www.entreculturas.org\\\/fr\\\/#website\",\"url\":\"https:\\\/\\\/www.entreculturas.org\\\/fr\\\/\",\"name\":\"Entreculturas\",\"description\":\"\",\"publisher\":{\"@id\":\"https:\\\/\\\/www.entreculturas.org\\\/fr\\\/#organization\"},\"alternateName\":\"Entreculturas\",\"potentialAction\":[{\"@type\":\"SearchAction\",\"target\":{\"@type\":\"EntryPoint\",\"urlTemplate\":\"https:\\\/\\\/www.entreculturas.org\\\/fr\\\/?s={search_term_string}\"},\"query-input\":{\"@type\":\"PropertyValueSpecification\",\"valueRequired\":true,\"valueName\":\"search_term_string\"}}],\"inLanguage\":\"fr-FR\"},{\"@type\":\"Organization\",\"@id\":\"https:\\\/\\\/www.entreculturas.org\\\/fr\\\/#organization\",\"name\":\"Entreculturas\",\"url\":\"https:\\\/\\\/www.entreculturas.org\\\/fr\\\/\",\"logo\":{\"@type\":\"ImageObject\",\"inLanguage\":\"fr-FR\",\"@id\":\"https:\\\/\\\/www.entreculturas.org\\\/fr\\\/#\\\/schema\\\/logo\\\/image\\\/\",\"url\":\"https:\\\/\\\/www.entreculturas.org\\\/wp-content\\\/uploads\\\/2025\\\/10\\\/ESP.svg\",\"contentUrl\":\"https:\\\/\\\/www.entreculturas.org\\\/wp-content\\\/uploads\\\/2025\\\/10\\\/ESP.svg\",\"caption\":\"Entreculturas\"},\"image\":{\"@id\":\"https:\\\/\\\/www.entreculturas.org\\\/fr\\\/#\\\/schema\\\/logo\\\/image\\\/\"},\"sameAs\":[\"https:\\\/\\\/www.facebook.com\\\/entreculturas\",\"https:\\\/\\\/x.com\\\/Entreculturas\",\"https:\\\/\\\/www.instagram.com\\\/entreculturas\\\/\",\"https:\\\/\\\/www.youtube.com\\\/user\\\/entreculturasvideo\",\"https:\\\/\\\/www.linkedin.com\\\/company\\\/fundacion-entreculturas-ngdo\\\/\",\"https:\\\/\\\/www.flickr.com\\\/photos\\\/98455522@N04\\\/albums\\\/\"]}]}<\/script>\n<!-- \/ Yoast SEO Premium plugin. -->","yoast_head_json":{"title":"La Esperanza no Espera - Este 23J \u00a1VOTA! - Entreculturas","robots":{"index":"index","follow":"follow","max-snippet":"max-snippet:-1","max-image-preview":"max-image-preview:large","max-video-preview":"max-video-preview:-1"},"canonical":"https:\/\/www.entreculturas.org\/fr\/publicacion\/la-esperanza-no-espera-este-23j-vota\/","og_locale":"fr_FR","og_type":"article","og_title":"La Esperanza no Espera - Este 23J \u00a1VOTA!","og_description":"El pr\u00f3ximo 23 de julio se celebrar\u00e1n elecciones generales para elegir qu\u00e9 representantes de la ciudadan\u00eda acceden a los 350 esca\u00f1os del Congreso y los 208 esca\u00f1os del Senado a trav\u00e9s de las listas de partidos pol\u00edticos m\u00e1s votadas. Las autoridades que salgan elegidas en estos comicios tendr\u00e1n la misi\u00f3n de traducir los grandes retos globales en pol\u00edticas p\u00fablicas concretas y tangibles, que garanticen servicios y recursos b\u00e1sicos a la ciudadan\u00eda y contribuyan a crear un mundo m\u00e1s justo, inclusivo y sostenible. Desde Alboan y Entreculturas defendemos la esperanza en este mundo, pero la esperanza no espera, hay que defenderla y hay que mantenerla viva cada d\u00eda. Si queremos un futuro mejor, tenemos que construirlo juntas, y para ello es fundamental votar este 23 de julio. Por ello, desde Alboan y Entreculturas, queremos reivindicar la importancia del ejercicio del derecho al voto para asegurar que nuestro pa\u00eds sea parte de [&hellip;]","og_url":"https:\/\/www.entreculturas.org\/fr\/publicacion\/la-esperanza-no-espera-este-23j-vota\/","og_site_name":"Entreculturas","article_publisher":"https:\/\/www.facebook.com\/entreculturas","article_modified_time":"2024-03-20T16:00:03+00:00","og_image":[{"width":724,"height":1024,"url":"https:\/\/www.entreculturas.org\/wp-content\/uploads\/2023\/07\/la_esperanza_no_espera_-_elecciones_23j1024_1.jpg","type":"image\/jpeg"}],"twitter_card":"summary_large_image","twitter_site":"@Entreculturas","schema":{"@context":"https:\/\/schema.org","@graph":[{"@type":"WebPage","@id":"https:\/\/www.entreculturas.org\/fr\/publicacion\/la-esperanza-no-espera-este-23j-vota\/","url":"https:\/\/www.entreculturas.org\/fr\/publicacion\/la-esperanza-no-espera-este-23j-vota\/","name":"La Esperanza no Espera - Este 23J \u00a1VOTA! - Entreculturas","isPartOf":{"@id":"https:\/\/www.entreculturas.org\/fr\/#website"},"primaryImageOfPage":{"@id":"https:\/\/www.entreculturas.org\/fr\/publicacion\/la-esperanza-no-espera-este-23j-vota\/#primaryimage"},"image":{"@id":"https:\/\/www.entreculturas.org\/fr\/publicacion\/la-esperanza-no-espera-este-23j-vota\/#primaryimage"},"thumbnailUrl":"https:\/\/www.entreculturas.org\/wp-content\/uploads\/2023\/07\/la_esperanza_no_espera_-_elecciones_23j1024_1.jpg","datePublished":"2023-07-10T07:37:18+00:00","dateModified":"2024-03-20T16:00:03+00:00","breadcrumb":{"@id":"https:\/\/www.entreculturas.org\/fr\/publicacion\/la-esperanza-no-espera-este-23j-vota\/#breadcrumb"},"inLanguage":"fr-FR","potentialAction":[{"@type":"ReadAction","target":["https:\/\/www.entreculturas.org\/fr\/publicacion\/la-esperanza-no-espera-este-23j-vota\/"]}]},{"@type":"ImageObject","inLanguage":"fr-FR","@id":"https:\/\/www.entreculturas.org\/fr\/publicacion\/la-esperanza-no-espera-este-23j-vota\/#primaryimage","url":"https:\/\/www.entreculturas.org\/wp-content\/uploads\/2023\/07\/la_esperanza_no_espera_-_elecciones_23j1024_1.jpg","contentUrl":"https:\/\/www.entreculturas.org\/wp-content\/uploads\/2023\/07\/la_esperanza_no_espera_-_elecciones_23j1024_1.jpg","width":724,"height":1024,"caption":"la_esperanza_no_espera_-_elecciones_23j1024_1"},{"@type":"BreadcrumbList","@id":"https:\/\/www.entreculturas.org\/fr\/publicacion\/la-esperanza-no-espera-este-23j-vota\/#breadcrumb","itemListElement":[{"@type":"ListItem","position":1,"name":"Home","item":"https:\/\/www.entreculturas.org\/fr\/"},{"@type":"ListItem","position":2,"name":"Publicaciones","item":"https:\/\/www.entreculturas.org\/fr\/publicaciones\/"},{"@type":"ListItem","position":3,"name":"La Esperanza no Espera &#8211; Este 23J \u00a1VOTA!"}]},{"@type":"WebSite","@id":"https:\/\/www.entreculturas.org\/fr\/#website","url":"https:\/\/www.entreculturas.org\/fr\/","name":"Entreculturas","description":"","publisher":{"@id":"https:\/\/www.entreculturas.org\/fr\/#organization"},"alternateName":"Entreculturas","potentialAction":[{"@type":"SearchAction","target":{"@type":"EntryPoint","urlTemplate":"https:\/\/www.entreculturas.org\/fr\/?s={search_term_string}"},"query-input":{"@type":"PropertyValueSpecification","valueRequired":true,"valueName":"search_term_string"}}],"inLanguage":"fr-FR"},{"@type":"Organization","@id":"https:\/\/www.entreculturas.org\/fr\/#organization","name":"Entreculturas","url":"https:\/\/www.entreculturas.org\/fr\/","logo":{"@type":"ImageObject","inLanguage":"fr-FR","@id":"https:\/\/www.entreculturas.org\/fr\/#\/schema\/logo\/image\/","url":"https:\/\/www.entreculturas.org\/wp-content\/uploads\/2025\/10\/ESP.svg","contentUrl":"https:\/\/www.entreculturas.org\/wp-content\/uploads\/2025\/10\/ESP.svg","caption":"Entreculturas"},"image":{"@id":"https:\/\/www.entreculturas.org\/fr\/#\/schema\/logo\/image\/"},"sameAs":["https:\/\/www.facebook.com\/entreculturas","https:\/\/x.com\/Entreculturas","https:\/\/www.instagram.com\/entreculturas\/","https:\/\/www.youtube.com\/user\/entreculturasvideo","https:\/\/www.linkedin.com\/company\/fundacion-entreculturas-ngdo\/","https:\/\/www.flickr.com\/photos\/98455522@N04\/albums\/"]}]}},"_links":{"self":[{"href":"https:\/\/www.entreculturas.org\/fr\/wp-json\/wp\/v2\/publicacion\/6333","targetHints":{"allow":["GET"]}}],"collection":[{"href":"https:\/\/www.entreculturas.org\/fr\/wp-json\/wp\/v2\/publicacion"}],"about":[{"href":"https:\/\/www.entreculturas.org\/fr\/wp-json\/wp\/v2\/types\/publicacion"}],"wp:featuredmedia":[{"embeddable":true,"href":"https:\/\/www.entreculturas.org\/fr\/wp-json\/wp\/v2\/media\/6334"}],"wp:attachment":[{"href":"https:\/\/www.entreculturas.org\/fr\/wp-json\/wp\/v2\/media?parent=6333"}],"wp:term":[{"taxonomy":"category","embeddable":true,"href":"https:\/\/www.entreculturas.org\/fr\/wp-json\/wp\/v2\/categories?post=6333"},{"taxonomy":"post_tag","embeddable":true,"href":"https:\/\/www.entreculturas.org\/fr\/wp-json\/wp\/v2\/tags?post=6333"},{"taxonomy":"cause","embeddable":true,"href":"https:\/\/www.entreculturas.org\/fr\/wp-json\/wp\/v2\/cause?post=6333"},{"taxonomy":"format","embeddable":true,"href":"https:\/\/www.entreculturas.org\/fr\/wp-json\/wp\/v2\/format?post=6333"}],"curies":[{"name":"wp","href":"https:\/\/api.w.org\/{rel}","templated":true}]}}