{"id":6249,"date":"2022-09-20T09:54:10","date_gmt":"2022-09-20T09:54:10","guid":{"rendered":"https:\/\/entreculturasi.wpenginepowered.com\/?publicaciones=un-mundo-de-paz"},"modified":"2024-03-20T17:05:53","modified_gmt":"2024-03-20T16:05:53","slug":"un-mundo-de-paz","status":"publish","type":"publicacion","link":"https:\/\/www.entreculturas.org\/fr\/publicacion\/un-mundo-de-paz\/","title":{"rendered":"Un Mundo de Paz"},"content":{"rendered":"<p>Con ocasi\u00f3n del <strong>D\u00eda Internacional de la Paz<\/strong>\u00a0de 2022, que se celebra este 21 de septiembre, lanzamos<strong> \u2018Un mundo en paz\u2019<\/strong>, una recopilaci\u00f3n de unidades did\u00e1cticas para trabajar la cultura de paz y desarrollar conocimientos, valores y competencias sociales y ciudadanas que permitan a las personas que los trabajen comprometerse de forma activa con la <strong>convivencia, la resoluci\u00f3n de conflictos y la creaci\u00f3n de cultura de<\/strong> paz en sus entornos y a nivel global.\u00a0<\/p>\n<p>Las actividades recogidas en este manual educativo promueven tanto los conocimientos de los ODS, como de forma espec\u00edfica el conocimiento y capacidades para promover cultura de paz, a trav\u00e9s de referentes culturales diversos como propuesta formativa participativa e innovadora ante los conflictos globales y locales que estamos viviendo. La publicaci\u00f3n invita a conocer cu\u00e1l cu\u00e1les son las realidades de conflicto en el mundo y la vulneraci\u00f3n de los Derechos Humanos en \u00e9stas, as\u00ed como a reflexionar sobre cu\u00e1l puede ser nuestra contribuci\u00f3n como parte de una ciudadan\u00eda global para construir entornos de acogida, escucha, di\u00e1logo, diversidad, inclusi\u00f3n y convivencia que promuevan sociedades pac\u00edficas.\u00a0<\/p>\n<p>Las propuestas did\u00e1cticas se dividen en<strong> cuatro bloques de edad<\/strong>. Cada uno recoge un itinerario adaptado con distintas actividades de menor a mayor grado de complejidad para trabajar tanto en el \u00e1mbito formal como en el no formal con grupos de ni\u00f1as, ni\u00f1os y j\u00f3venes de las siguientes edades.<\/p>\n<p>Adem\u00e1s, al final del material se propone una yincana para todas las edades para trabajar esta tem\u00e1tica en un formato m\u00e1s l\u00fadico, dejando en mano de las personas que la dinamicen las adaptaciones necesarias para la edad del grupo con el que se realice.<\/p>\n\n\n<div style=\"height:15px\" aria-hidden=\"true\" class=\"wp-block-spacer\"><\/div>\n\n\n\n<p><\/p>\n\n\n\n<div class=\"wp-block-buttons is-layout-flex wp-block-buttons-is-layout-flex\">\n<div class=\"wp-block-button\"><a class=\"wp-block-button__link wp-element-button\" href=\"https:\/\/www.entreculturas.org\/wp-content\/uploads\/2022\/09\/un_mundo_en_paz_ok.pdf\" target=\"_blank\" rel=\"noreferrer noopener\">DESCARGAR<\/a><\/div>\n<\/div>\n","protected":false},"excerpt":{"rendered":"<p>Con ocasi\u00f3n del D\u00eda Internacional de la Paz\u00a0de 2022, que se celebra este 21 de septiembre, lanzamos \u2018Un mundo en paz\u2019, una recopilaci\u00f3n de unidades did\u00e1cticas para trabajar la cultura de paz y desarrollar conocimientos, valores y competencias sociales y ciudadanas que permitan a las personas que los trabajen comprometerse de forma activa con la convivencia, la resoluci\u00f3n de conflictos y la creaci\u00f3n de cultura de paz en sus entornos y a nivel global.\u00a0 Las actividades recogidas en este manual educativo promueven tanto los conocimientos de los ODS, como de forma espec\u00edfica el conocimiento y capacidades para promover cultura de paz, a trav\u00e9s de referentes culturales diversos como propuesta formativa participativa e innovadora ante los conflictos globales y locales que estamos viviendo. La publicaci\u00f3n invita a conocer cu\u00e1l cu\u00e1les son las realidades de conflicto en el mundo y la vulneraci\u00f3n de los Derechos Humanos en \u00e9stas, as\u00ed como a reflexionar [&hellip;]<\/p>\n","protected":false},"featured_media":6265,"template":"","format":[115],"categories":[12],"tags":[8],"cause":[132],"class_list":["post-6249","publicacion","type-publicacion","status-publish","has-post-thumbnail","hentry","category-recursos-educativos","tag-participacion-y-ciudadania-global","cause-participacion-y-ciudadania-global","format-recursos-educativos"],"acf":[],"yoast_head":"<!-- This site is optimized with the Yoast SEO Premium plugin v21.6 (Yoast SEO v27.5) - https:\/\/yoast.com\/product\/yoast-seo-premium-wordpress\/ -->\n<title>Un Mundo de Paz - Entreculturas<\/title>\n<meta name=\"robots\" content=\"index, follow, max-snippet:-1, max-image-preview:large, max-video-preview:-1\" \/>\n<link rel=\"canonical\" href=\"https:\/\/www.entreculturas.org\/fr\/publicacion\/un-mundo-de-paz\/\" \/>\n<meta property=\"og:locale\" content=\"fr_FR\" \/>\n<meta property=\"og:type\" content=\"article\" \/>\n<meta property=\"og:title\" content=\"Un Mundo de Paz\" \/>\n<meta property=\"og:description\" content=\"Con ocasi\u00f3n del D\u00eda Internacional de la Paz\u00a0de 2022, que se celebra este 21 de septiembre, lanzamos \u2018Un mundo en paz\u2019, una recopilaci\u00f3n de unidades did\u00e1cticas para trabajar la cultura de paz y desarrollar conocimientos, valores y competencias sociales y ciudadanas que permitan a las personas que los trabajen comprometerse de forma activa con la convivencia, la resoluci\u00f3n de conflictos y la creaci\u00f3n de cultura de paz en sus entornos y a nivel global.\u00a0 Las actividades recogidas en este manual educativo promueven tanto los conocimientos de los ODS, como de forma espec\u00edfica el conocimiento y capacidades para promover cultura de paz, a trav\u00e9s de referentes culturales diversos como propuesta formativa participativa e innovadora ante los conflictos globales y locales que estamos viviendo. La publicaci\u00f3n invita a conocer cu\u00e1l cu\u00e1les son las realidades de conflicto en el mundo y la vulneraci\u00f3n de los Derechos Humanos en \u00e9stas, as\u00ed como a reflexionar [&hellip;]\" \/>\n<meta property=\"og:url\" content=\"https:\/\/www.entreculturas.org\/fr\/publicacion\/un-mundo-de-paz\/\" \/>\n<meta property=\"og:site_name\" content=\"Entreculturas\" \/>\n<meta property=\"article:publisher\" content=\"https:\/\/www.facebook.com\/entreculturas\" \/>\n<meta property=\"article:modified_time\" content=\"2024-03-20T16:05:53+00:00\" \/>\n<meta property=\"og:image\" content=\"https:\/\/www.entreculturas.org\/wp-content\/uploads\/2022\/09\/1_0.png\" \/>\n\t<meta property=\"og:image:width\" content=\"1080\" \/>\n\t<meta property=\"og:image:height\" content=\"1080\" \/>\n\t<meta property=\"og:image:type\" content=\"image\/png\" \/>\n<meta name=\"twitter:card\" content=\"summary_large_image\" \/>\n<meta name=\"twitter:site\" content=\"@Entreculturas\" \/>\n<script type=\"application\/ld+json\" class=\"yoast-schema-graph\">{\"@context\":\"https:\\\/\\\/schema.org\",\"@graph\":[{\"@type\":\"WebPage\",\"@id\":\"https:\\\/\\\/www.entreculturas.org\\\/fr\\\/publicacion\\\/un-mundo-de-paz\\\/\",\"url\":\"https:\\\/\\\/www.entreculturas.org\\\/fr\\\/publicacion\\\/un-mundo-de-paz\\\/\",\"name\":\"Un Mundo de Paz - Entreculturas\",\"isPartOf\":{\"@id\":\"https:\\\/\\\/www.entreculturas.org\\\/fr\\\/#website\"},\"primaryImageOfPage\":{\"@id\":\"https:\\\/\\\/www.entreculturas.org\\\/fr\\\/publicacion\\\/un-mundo-de-paz\\\/#primaryimage\"},\"image\":{\"@id\":\"https:\\\/\\\/www.entreculturas.org\\\/fr\\\/publicacion\\\/un-mundo-de-paz\\\/#primaryimage\"},\"thumbnailUrl\":\"https:\\\/\\\/www.entreculturas.org\\\/wp-content\\\/uploads\\\/2022\\\/09\\\/1_0.png\",\"datePublished\":\"2022-09-20T09:54:10+00:00\",\"dateModified\":\"2024-03-20T16:05:53+00:00\",\"breadcrumb\":{\"@id\":\"https:\\\/\\\/www.entreculturas.org\\\/fr\\\/publicacion\\\/un-mundo-de-paz\\\/#breadcrumb\"},\"inLanguage\":\"fr-FR\",\"potentialAction\":[{\"@type\":\"ReadAction\",\"target\":[\"https:\\\/\\\/www.entreculturas.org\\\/fr\\\/publicacion\\\/un-mundo-de-paz\\\/\"]}]},{\"@type\":\"ImageObject\",\"inLanguage\":\"fr-FR\",\"@id\":\"https:\\\/\\\/www.entreculturas.org\\\/fr\\\/publicacion\\\/un-mundo-de-paz\\\/#primaryimage\",\"url\":\"https:\\\/\\\/www.entreculturas.org\\\/wp-content\\\/uploads\\\/2022\\\/09\\\/1_0.png\",\"contentUrl\":\"https:\\\/\\\/www.entreculturas.org\\\/wp-content\\\/uploads\\\/2022\\\/09\\\/1_0.png\",\"width\":1080,\"height\":1080,\"caption\":\"1\"},{\"@type\":\"BreadcrumbList\",\"@id\":\"https:\\\/\\\/www.entreculturas.org\\\/fr\\\/publicacion\\\/un-mundo-de-paz\\\/#breadcrumb\",\"itemListElement\":[{\"@type\":\"ListItem\",\"position\":1,\"name\":\"Home\",\"item\":\"https:\\\/\\\/www.entreculturas.org\\\/fr\\\/\"},{\"@type\":\"ListItem\",\"position\":2,\"name\":\"Publicaciones\",\"item\":\"https:\\\/\\\/www.entreculturas.org\\\/fr\\\/publicaciones\\\/\"},{\"@type\":\"ListItem\",\"position\":3,\"name\":\"Un Mundo de Paz\"}]},{\"@type\":\"WebSite\",\"@id\":\"https:\\\/\\\/www.entreculturas.org\\\/fr\\\/#website\",\"url\":\"https:\\\/\\\/www.entreculturas.org\\\/fr\\\/\",\"name\":\"Entreculturas\",\"description\":\"\",\"publisher\":{\"@id\":\"https:\\\/\\\/www.entreculturas.org\\\/fr\\\/#organization\"},\"alternateName\":\"Entreculturas\",\"potentialAction\":[{\"@type\":\"SearchAction\",\"target\":{\"@type\":\"EntryPoint\",\"urlTemplate\":\"https:\\\/\\\/www.entreculturas.org\\\/fr\\\/?s={search_term_string}\"},\"query-input\":{\"@type\":\"PropertyValueSpecification\",\"valueRequired\":true,\"valueName\":\"search_term_string\"}}],\"inLanguage\":\"fr-FR\"},{\"@type\":\"Organization\",\"@id\":\"https:\\\/\\\/www.entreculturas.org\\\/fr\\\/#organization\",\"name\":\"Entreculturas\",\"url\":\"https:\\\/\\\/www.entreculturas.org\\\/fr\\\/\",\"logo\":{\"@type\":\"ImageObject\",\"inLanguage\":\"fr-FR\",\"@id\":\"https:\\\/\\\/www.entreculturas.org\\\/fr\\\/#\\\/schema\\\/logo\\\/image\\\/\",\"url\":\"https:\\\/\\\/www.entreculturas.org\\\/wp-content\\\/uploads\\\/2025\\\/10\\\/ESP.svg\",\"contentUrl\":\"https:\\\/\\\/www.entreculturas.org\\\/wp-content\\\/uploads\\\/2025\\\/10\\\/ESP.svg\",\"caption\":\"Entreculturas\"},\"image\":{\"@id\":\"https:\\\/\\\/www.entreculturas.org\\\/fr\\\/#\\\/schema\\\/logo\\\/image\\\/\"},\"sameAs\":[\"https:\\\/\\\/www.facebook.com\\\/entreculturas\",\"https:\\\/\\\/x.com\\\/Entreculturas\",\"https:\\\/\\\/www.instagram.com\\\/entreculturas\\\/\",\"https:\\\/\\\/www.youtube.com\\\/user\\\/entreculturasvideo\",\"https:\\\/\\\/www.linkedin.com\\\/company\\\/fundacion-entreculturas-ngdo\\\/\",\"https:\\\/\\\/www.flickr.com\\\/photos\\\/98455522@N04\\\/albums\\\/\"]}]}<\/script>\n<!-- \/ Yoast SEO Premium plugin. -->","yoast_head_json":{"title":"Un Mundo de Paz - Entreculturas","robots":{"index":"index","follow":"follow","max-snippet":"max-snippet:-1","max-image-preview":"max-image-preview:large","max-video-preview":"max-video-preview:-1"},"canonical":"https:\/\/www.entreculturas.org\/fr\/publicacion\/un-mundo-de-paz\/","og_locale":"fr_FR","og_type":"article","og_title":"Un Mundo de Paz","og_description":"Con ocasi\u00f3n del D\u00eda Internacional de la Paz\u00a0de 2022, que se celebra este 21 de septiembre, lanzamos \u2018Un mundo en paz\u2019, una recopilaci\u00f3n de unidades did\u00e1cticas para trabajar la cultura de paz y desarrollar conocimientos, valores y competencias sociales y ciudadanas que permitan a las personas que los trabajen comprometerse de forma activa con la convivencia, la resoluci\u00f3n de conflictos y la creaci\u00f3n de cultura de paz en sus entornos y a nivel global.\u00a0 Las actividades recogidas en este manual educativo promueven tanto los conocimientos de los ODS, como de forma espec\u00edfica el conocimiento y capacidades para promover cultura de paz, a trav\u00e9s de referentes culturales diversos como propuesta formativa participativa e innovadora ante los conflictos globales y locales que estamos viviendo. La publicaci\u00f3n invita a conocer cu\u00e1l cu\u00e1les son las realidades de conflicto en el mundo y la vulneraci\u00f3n de los Derechos Humanos en \u00e9stas, as\u00ed como a reflexionar [&hellip;]","og_url":"https:\/\/www.entreculturas.org\/fr\/publicacion\/un-mundo-de-paz\/","og_site_name":"Entreculturas","article_publisher":"https:\/\/www.facebook.com\/entreculturas","article_modified_time":"2024-03-20T16:05:53+00:00","og_image":[{"width":1080,"height":1080,"url":"https:\/\/www.entreculturas.org\/wp-content\/uploads\/2022\/09\/1_0.png","type":"image\/png"}],"twitter_card":"summary_large_image","twitter_site":"@Entreculturas","schema":{"@context":"https:\/\/schema.org","@graph":[{"@type":"WebPage","@id":"https:\/\/www.entreculturas.org\/fr\/publicacion\/un-mundo-de-paz\/","url":"https:\/\/www.entreculturas.org\/fr\/publicacion\/un-mundo-de-paz\/","name":"Un Mundo de Paz - Entreculturas","isPartOf":{"@id":"https:\/\/www.entreculturas.org\/fr\/#website"},"primaryImageOfPage":{"@id":"https:\/\/www.entreculturas.org\/fr\/publicacion\/un-mundo-de-paz\/#primaryimage"},"image":{"@id":"https:\/\/www.entreculturas.org\/fr\/publicacion\/un-mundo-de-paz\/#primaryimage"},"thumbnailUrl":"https:\/\/www.entreculturas.org\/wp-content\/uploads\/2022\/09\/1_0.png","datePublished":"2022-09-20T09:54:10+00:00","dateModified":"2024-03-20T16:05:53+00:00","breadcrumb":{"@id":"https:\/\/www.entreculturas.org\/fr\/publicacion\/un-mundo-de-paz\/#breadcrumb"},"inLanguage":"fr-FR","potentialAction":[{"@type":"ReadAction","target":["https:\/\/www.entreculturas.org\/fr\/publicacion\/un-mundo-de-paz\/"]}]},{"@type":"ImageObject","inLanguage":"fr-FR","@id":"https:\/\/www.entreculturas.org\/fr\/publicacion\/un-mundo-de-paz\/#primaryimage","url":"https:\/\/www.entreculturas.org\/wp-content\/uploads\/2022\/09\/1_0.png","contentUrl":"https:\/\/www.entreculturas.org\/wp-content\/uploads\/2022\/09\/1_0.png","width":1080,"height":1080,"caption":"1"},{"@type":"BreadcrumbList","@id":"https:\/\/www.entreculturas.org\/fr\/publicacion\/un-mundo-de-paz\/#breadcrumb","itemListElement":[{"@type":"ListItem","position":1,"name":"Home","item":"https:\/\/www.entreculturas.org\/fr\/"},{"@type":"ListItem","position":2,"name":"Publicaciones","item":"https:\/\/www.entreculturas.org\/fr\/publicaciones\/"},{"@type":"ListItem","position":3,"name":"Un Mundo de Paz"}]},{"@type":"WebSite","@id":"https:\/\/www.entreculturas.org\/fr\/#website","url":"https:\/\/www.entreculturas.org\/fr\/","name":"Entreculturas","description":"","publisher":{"@id":"https:\/\/www.entreculturas.org\/fr\/#organization"},"alternateName":"Entreculturas","potentialAction":[{"@type":"SearchAction","target":{"@type":"EntryPoint","urlTemplate":"https:\/\/www.entreculturas.org\/fr\/?s={search_term_string}"},"query-input":{"@type":"PropertyValueSpecification","valueRequired":true,"valueName":"search_term_string"}}],"inLanguage":"fr-FR"},{"@type":"Organization","@id":"https:\/\/www.entreculturas.org\/fr\/#organization","name":"Entreculturas","url":"https:\/\/www.entreculturas.org\/fr\/","logo":{"@type":"ImageObject","inLanguage":"fr-FR","@id":"https:\/\/www.entreculturas.org\/fr\/#\/schema\/logo\/image\/","url":"https:\/\/www.entreculturas.org\/wp-content\/uploads\/2025\/10\/ESP.svg","contentUrl":"https:\/\/www.entreculturas.org\/wp-content\/uploads\/2025\/10\/ESP.svg","caption":"Entreculturas"},"image":{"@id":"https:\/\/www.entreculturas.org\/fr\/#\/schema\/logo\/image\/"},"sameAs":["https:\/\/www.facebook.com\/entreculturas","https:\/\/x.com\/Entreculturas","https:\/\/www.instagram.com\/entreculturas\/","https:\/\/www.youtube.com\/user\/entreculturasvideo","https:\/\/www.linkedin.com\/company\/fundacion-entreculturas-ngdo\/","https:\/\/www.flickr.com\/photos\/98455522@N04\/albums\/"]}]}},"_links":{"self":[{"href":"https:\/\/www.entreculturas.org\/fr\/wp-json\/wp\/v2\/publicacion\/6249","targetHints":{"allow":["GET"]}}],"collection":[{"href":"https:\/\/www.entreculturas.org\/fr\/wp-json\/wp\/v2\/publicacion"}],"about":[{"href":"https:\/\/www.entreculturas.org\/fr\/wp-json\/wp\/v2\/types\/publicacion"}],"wp:featuredmedia":[{"embeddable":true,"href":"https:\/\/www.entreculturas.org\/fr\/wp-json\/wp\/v2\/media\/6265"}],"wp:attachment":[{"href":"https:\/\/www.entreculturas.org\/fr\/wp-json\/wp\/v2\/media?parent=6249"}],"wp:term":[{"taxonomy":"category","embeddable":true,"href":"https:\/\/www.entreculturas.org\/fr\/wp-json\/wp\/v2\/categories?post=6249"},{"taxonomy":"post_tag","embeddable":true,"href":"https:\/\/www.entreculturas.org\/fr\/wp-json\/wp\/v2\/tags?post=6249"},{"taxonomy":"cause","embeddable":true,"href":"https:\/\/www.entreculturas.org\/fr\/wp-json\/wp\/v2\/cause?post=6249"},{"taxonomy":"format","embeddable":true,"href":"https:\/\/www.entreculturas.org\/fr\/wp-json\/wp\/v2\/format?post=6249"}],"curies":[{"name":"wp","href":"https:\/\/api.w.org\/{rel}","templated":true}]}}