{"id":6192,"date":"2022-01-26T15:05:49","date_gmt":"2022-01-26T15:05:49","guid":{"rendered":"https:\/\/entreculturasi.wpenginepowered.com\/?publicaciones=un-mundo-sostenible"},"modified":"2024-03-20T17:10:26","modified_gmt":"2024-03-20T16:10:26","slug":"un-mundo-sostenible","status":"publish","type":"publicacion","link":"https:\/\/www.entreculturas.org\/fr\/publicacion\/un-mundo-sostenible\/","title":{"rendered":"Un Mundo Sostenible"},"content":{"rendered":"<p>Continuamos con la recopilaci\u00f3n de recursos educativos dise\u00f1ados por Entreculturas para trabajar distintas tem\u00e1-<br \/>ticas con grupos de ni\u00f1os, ni\u00f1as y j\u00f3venes.<\/p>\n<p>Las actividades de este Material Educativo\u00a0invitan a quienes las realicen a conocer cu\u00e1l es la situaci\u00f3n de la Tierra y cu\u00e1n comprometida est\u00e1 su sostenibilidad, as\u00ed como a reflexionar sobre cu\u00e1l puede ser su contribuci\u00f3n y la de las dem\u00e1s personas como parte de una ciudadan\u00eda global para revertir el mal futuro que todos los pron\u00f3sticos auguran a nuestro planeta.<\/p>\n<p>Las propuestas did\u00e1cticas se dividen en cuatro bloques de edad. Cada uno recoge un itinerario adaptado con distintas actividades de menor a mayor grado de complejidad para trabajar tanto en el \u00e1mbito formal como en el no formal con grupos de ni\u00f1as, ni\u00f1os y j\u00f3venes de las siguientes edades:<\/p>\n<ul>\n<li>Bloque 1: 4-8 A\u00d1OS (infantil, 1 y 2 de primaria)<\/li>\n<li>Bloque 2: 8-12 a\u00f1os (3 \u20136 de primaria)<\/li>\n<li>Bloque 3: 12-15 a\u00f1os (1 \u20133 de secundaria)<\/li>\n<li>Bloque 4: 15-18 a\u00f1os (4 de secundaria y bachillerato)<\/li>\n<\/ul>\n<p>Adem\u00e1s, al final del material se propone una yincana para todas las edades para trabajar esta tem\u00e1tica en un formato m\u00e1s l\u00fadico, dejando en mano de las personas que la dinamicen las adaptaciones necesarias para la edad del grupo con el que se realice.<\/p>\n<p>Estas actividades, que incluyen todos los anexos necesarios para su realizaci\u00f3n, no est\u00e1n ligadas a una \u00fanica fecha o evento, sino que pueden utilizarse en cualquier contexto cuyo objetivo educativo sea trabajar con grupos la defensa del medioambiente, dada la relaci\u00f3n indiscutible de este tema con otros, como la desigualdad o las migraciones forzosas. No obstante, algunos d\u00edas internacionales, como el de la Educaci\u00f3n Medioambiental (26 de enero), el del Agua (22 de marzo), el de la Tierra (20 de abril), el del Medioambiente (5 de mayo), el del Reciclaje (17 de mayo), el de la Reducci\u00f3n de los Desastres (13 de octubre), el de la Protecci\u00f3n de la Naturaleza (18 de octubre) o el d\u00eda contra el Cambio Clim\u00e1tico (24 de octubre) pueden ser una buena ocasi\u00f3n para utilizar estas propuestas educativas.<\/p>\n\n\n<div style=\"height:15px\" aria-hidden=\"true\" class=\"wp-block-spacer\"><\/div>\n\n\n\n<div class=\"wp-block-buttons is-layout-flex wp-block-buttons-is-layout-flex\">\n<div class=\"wp-block-button\"><a class=\"wp-block-button__link wp-element-button\" href=\"https:\/\/www.entreculturas.org\/wp-content\/uploads\/2024\/02\/Un-mundo-sostenible.pdf\" target=\"_blank\" rel=\"noreferrer noopener\">DESCARGAR<\/a><\/div>\n<\/div>\n","protected":false},"excerpt":{"rendered":"<p>Continuamos con la recopilaci\u00f3n de recursos educativos dise\u00f1ados por Entreculturas para trabajar distintas tem\u00e1-ticas con grupos de ni\u00f1os, ni\u00f1as y j\u00f3venes. Las actividades de este Material Educativo\u00a0invitan a quienes las realicen a conocer cu\u00e1l es la situaci\u00f3n de la Tierra y cu\u00e1n comprometida est\u00e1 su sostenibilidad, as\u00ed como a reflexionar sobre cu\u00e1l puede ser su contribuci\u00f3n y la de las dem\u00e1s personas como parte de una ciudadan\u00eda global para revertir el mal futuro que todos los pron\u00f3sticos auguran a nuestro planeta. Las propuestas did\u00e1cticas se dividen en cuatro bloques de edad. Cada uno recoge un itinerario adaptado con distintas actividades de menor a mayor grado de complejidad para trabajar tanto en el \u00e1mbito formal como en el no formal con grupos de ni\u00f1as, ni\u00f1os y j\u00f3venes de las siguientes edades: Bloque 1: 4-8 A\u00d1OS (infantil, 1 y 2 de primaria) Bloque 2: 8-12 a\u00f1os (3 \u20136 de primaria) Bloque 3: [&hellip;]<\/p>\n","protected":false},"featured_media":6202,"template":"","format":[115],"categories":[12],"tags":[8],"cause":[128,132],"class_list":["post-6192","publicacion","type-publicacion","status-publish","has-post-thumbnail","hentry","category-recursos-educativos","tag-participacion-y-ciudadania-global","cause-educacion","cause-participacion-y-ciudadania-global","format-recursos-educativos"],"acf":[],"yoast_head":"<!-- This site is optimized with the Yoast SEO Premium plugin v21.6 (Yoast SEO v27.5) - https:\/\/yoast.com\/product\/yoast-seo-premium-wordpress\/ -->\n<title>Un Mundo Sostenible - Entreculturas<\/title>\n<meta name=\"robots\" content=\"index, follow, max-snippet:-1, max-image-preview:large, max-video-preview:-1\" \/>\n<link rel=\"canonical\" href=\"https:\/\/www.entreculturas.org\/fr\/publicacion\/un-mundo-sostenible\/\" \/>\n<meta property=\"og:locale\" content=\"fr_FR\" \/>\n<meta property=\"og:type\" content=\"article\" \/>\n<meta property=\"og:title\" content=\"Un Mundo Sostenible\" \/>\n<meta property=\"og:description\" content=\"Continuamos con la recopilaci\u00f3n de recursos educativos dise\u00f1ados por Entreculturas para trabajar distintas tem\u00e1-ticas con grupos de ni\u00f1os, ni\u00f1as y j\u00f3venes. Las actividades de este Material Educativo\u00a0invitan a quienes las realicen a conocer cu\u00e1l es la situaci\u00f3n de la Tierra y cu\u00e1n comprometida est\u00e1 su sostenibilidad, as\u00ed como a reflexionar sobre cu\u00e1l puede ser su contribuci\u00f3n y la de las dem\u00e1s personas como parte de una ciudadan\u00eda global para revertir el mal futuro que todos los pron\u00f3sticos auguran a nuestro planeta. Las propuestas did\u00e1cticas se dividen en cuatro bloques de edad. Cada uno recoge un itinerario adaptado con distintas actividades de menor a mayor grado de complejidad para trabajar tanto en el \u00e1mbito formal como en el no formal con grupos de ni\u00f1as, ni\u00f1os y j\u00f3venes de las siguientes edades: Bloque 1: 4-8 A\u00d1OS (infantil, 1 y 2 de primaria) Bloque 2: 8-12 a\u00f1os (3 \u20136 de primaria) Bloque 3: [&hellip;]\" \/>\n<meta property=\"og:url\" content=\"https:\/\/www.entreculturas.org\/fr\/publicacion\/un-mundo-sostenible\/\" \/>\n<meta property=\"og:site_name\" content=\"Entreculturas\" \/>\n<meta property=\"article:publisher\" content=\"https:\/\/www.facebook.com\/entreculturas\" \/>\n<meta property=\"article:modified_time\" content=\"2024-03-20T16:10:26+00:00\" \/>\n<meta property=\"og:image\" content=\"https:\/\/www.entreculturas.org\/wp-content\/uploads\/2022\/03\/un-mundo-sostenible_pages-to-jpg-0001.jpg\" \/>\n\t<meta property=\"og:image:width\" content=\"1241\" \/>\n\t<meta property=\"og:image:height\" content=\"1754\" \/>\n\t<meta property=\"og:image:type\" content=\"image\/jpeg\" \/>\n<meta name=\"twitter:card\" content=\"summary_large_image\" \/>\n<meta name=\"twitter:site\" content=\"@Entreculturas\" \/>\n<script type=\"application\/ld+json\" class=\"yoast-schema-graph\">{\"@context\":\"https:\\\/\\\/schema.org\",\"@graph\":[{\"@type\":\"WebPage\",\"@id\":\"https:\\\/\\\/www.entreculturas.org\\\/fr\\\/publicacion\\\/un-mundo-sostenible\\\/\",\"url\":\"https:\\\/\\\/www.entreculturas.org\\\/fr\\\/publicacion\\\/un-mundo-sostenible\\\/\",\"name\":\"Un Mundo Sostenible - Entreculturas\",\"isPartOf\":{\"@id\":\"https:\\\/\\\/www.entreculturas.org\\\/fr\\\/#website\"},\"primaryImageOfPage\":{\"@id\":\"https:\\\/\\\/www.entreculturas.org\\\/fr\\\/publicacion\\\/un-mundo-sostenible\\\/#primaryimage\"},\"image\":{\"@id\":\"https:\\\/\\\/www.entreculturas.org\\\/fr\\\/publicacion\\\/un-mundo-sostenible\\\/#primaryimage\"},\"thumbnailUrl\":\"https:\\\/\\\/www.entreculturas.org\\\/wp-content\\\/uploads\\\/2022\\\/03\\\/un-mundo-sostenible_pages-to-jpg-0001.jpg\",\"datePublished\":\"2022-01-26T15:05:49+00:00\",\"dateModified\":\"2024-03-20T16:10:26+00:00\",\"breadcrumb\":{\"@id\":\"https:\\\/\\\/www.entreculturas.org\\\/fr\\\/publicacion\\\/un-mundo-sostenible\\\/#breadcrumb\"},\"inLanguage\":\"fr-FR\",\"potentialAction\":[{\"@type\":\"ReadAction\",\"target\":[\"https:\\\/\\\/www.entreculturas.org\\\/fr\\\/publicacion\\\/un-mundo-sostenible\\\/\"]}]},{\"@type\":\"ImageObject\",\"inLanguage\":\"fr-FR\",\"@id\":\"https:\\\/\\\/www.entreculturas.org\\\/fr\\\/publicacion\\\/un-mundo-sostenible\\\/#primaryimage\",\"url\":\"https:\\\/\\\/www.entreculturas.org\\\/wp-content\\\/uploads\\\/2022\\\/03\\\/un-mundo-sostenible_pages-to-jpg-0001.jpg\",\"contentUrl\":\"https:\\\/\\\/www.entreculturas.org\\\/wp-content\\\/uploads\\\/2022\\\/03\\\/un-mundo-sostenible_pages-to-jpg-0001.jpg\",\"width\":1241,\"height\":1754,\"caption\":\"un-mundo-sostenible_pages-to-jpg-0001\"},{\"@type\":\"BreadcrumbList\",\"@id\":\"https:\\\/\\\/www.entreculturas.org\\\/fr\\\/publicacion\\\/un-mundo-sostenible\\\/#breadcrumb\",\"itemListElement\":[{\"@type\":\"ListItem\",\"position\":1,\"name\":\"Home\",\"item\":\"https:\\\/\\\/www.entreculturas.org\\\/fr\\\/\"},{\"@type\":\"ListItem\",\"position\":2,\"name\":\"Publicaciones\",\"item\":\"https:\\\/\\\/www.entreculturas.org\\\/fr\\\/publicaciones\\\/\"},{\"@type\":\"ListItem\",\"position\":3,\"name\":\"Un Mundo Sostenible\"}]},{\"@type\":\"WebSite\",\"@id\":\"https:\\\/\\\/www.entreculturas.org\\\/fr\\\/#website\",\"url\":\"https:\\\/\\\/www.entreculturas.org\\\/fr\\\/\",\"name\":\"Entreculturas\",\"description\":\"\",\"publisher\":{\"@id\":\"https:\\\/\\\/www.entreculturas.org\\\/fr\\\/#organization\"},\"alternateName\":\"Entreculturas\",\"potentialAction\":[{\"@type\":\"SearchAction\",\"target\":{\"@type\":\"EntryPoint\",\"urlTemplate\":\"https:\\\/\\\/www.entreculturas.org\\\/fr\\\/?s={search_term_string}\"},\"query-input\":{\"@type\":\"PropertyValueSpecification\",\"valueRequired\":true,\"valueName\":\"search_term_string\"}}],\"inLanguage\":\"fr-FR\"},{\"@type\":\"Organization\",\"@id\":\"https:\\\/\\\/www.entreculturas.org\\\/fr\\\/#organization\",\"name\":\"Entreculturas\",\"url\":\"https:\\\/\\\/www.entreculturas.org\\\/fr\\\/\",\"logo\":{\"@type\":\"ImageObject\",\"inLanguage\":\"fr-FR\",\"@id\":\"https:\\\/\\\/www.entreculturas.org\\\/fr\\\/#\\\/schema\\\/logo\\\/image\\\/\",\"url\":\"https:\\\/\\\/www.entreculturas.org\\\/wp-content\\\/uploads\\\/2025\\\/10\\\/ESP.svg\",\"contentUrl\":\"https:\\\/\\\/www.entreculturas.org\\\/wp-content\\\/uploads\\\/2025\\\/10\\\/ESP.svg\",\"caption\":\"Entreculturas\"},\"image\":{\"@id\":\"https:\\\/\\\/www.entreculturas.org\\\/fr\\\/#\\\/schema\\\/logo\\\/image\\\/\"},\"sameAs\":[\"https:\\\/\\\/www.facebook.com\\\/entreculturas\",\"https:\\\/\\\/x.com\\\/Entreculturas\",\"https:\\\/\\\/www.instagram.com\\\/entreculturas\\\/\",\"https:\\\/\\\/www.youtube.com\\\/user\\\/entreculturasvideo\",\"https:\\\/\\\/www.linkedin.com\\\/company\\\/fundacion-entreculturas-ngdo\\\/\",\"https:\\\/\\\/www.flickr.com\\\/photos\\\/98455522@N04\\\/albums\\\/\"]}]}<\/script>\n<!-- \/ Yoast SEO Premium plugin. -->","yoast_head_json":{"title":"Un Mundo Sostenible - Entreculturas","robots":{"index":"index","follow":"follow","max-snippet":"max-snippet:-1","max-image-preview":"max-image-preview:large","max-video-preview":"max-video-preview:-1"},"canonical":"https:\/\/www.entreculturas.org\/fr\/publicacion\/un-mundo-sostenible\/","og_locale":"fr_FR","og_type":"article","og_title":"Un Mundo Sostenible","og_description":"Continuamos con la recopilaci\u00f3n de recursos educativos dise\u00f1ados por Entreculturas para trabajar distintas tem\u00e1-ticas con grupos de ni\u00f1os, ni\u00f1as y j\u00f3venes. Las actividades de este Material Educativo\u00a0invitan a quienes las realicen a conocer cu\u00e1l es la situaci\u00f3n de la Tierra y cu\u00e1n comprometida est\u00e1 su sostenibilidad, as\u00ed como a reflexionar sobre cu\u00e1l puede ser su contribuci\u00f3n y la de las dem\u00e1s personas como parte de una ciudadan\u00eda global para revertir el mal futuro que todos los pron\u00f3sticos auguran a nuestro planeta. Las propuestas did\u00e1cticas se dividen en cuatro bloques de edad. Cada uno recoge un itinerario adaptado con distintas actividades de menor a mayor grado de complejidad para trabajar tanto en el \u00e1mbito formal como en el no formal con grupos de ni\u00f1as, ni\u00f1os y j\u00f3venes de las siguientes edades: Bloque 1: 4-8 A\u00d1OS (infantil, 1 y 2 de primaria) Bloque 2: 8-12 a\u00f1os (3 \u20136 de primaria) Bloque 3: [&hellip;]","og_url":"https:\/\/www.entreculturas.org\/fr\/publicacion\/un-mundo-sostenible\/","og_site_name":"Entreculturas","article_publisher":"https:\/\/www.facebook.com\/entreculturas","article_modified_time":"2024-03-20T16:10:26+00:00","og_image":[{"width":1241,"height":1754,"url":"https:\/\/www.entreculturas.org\/wp-content\/uploads\/2022\/03\/un-mundo-sostenible_pages-to-jpg-0001.jpg","type":"image\/jpeg"}],"twitter_card":"summary_large_image","twitter_site":"@Entreculturas","schema":{"@context":"https:\/\/schema.org","@graph":[{"@type":"WebPage","@id":"https:\/\/www.entreculturas.org\/fr\/publicacion\/un-mundo-sostenible\/","url":"https:\/\/www.entreculturas.org\/fr\/publicacion\/un-mundo-sostenible\/","name":"Un Mundo Sostenible - Entreculturas","isPartOf":{"@id":"https:\/\/www.entreculturas.org\/fr\/#website"},"primaryImageOfPage":{"@id":"https:\/\/www.entreculturas.org\/fr\/publicacion\/un-mundo-sostenible\/#primaryimage"},"image":{"@id":"https:\/\/www.entreculturas.org\/fr\/publicacion\/un-mundo-sostenible\/#primaryimage"},"thumbnailUrl":"https:\/\/www.entreculturas.org\/wp-content\/uploads\/2022\/03\/un-mundo-sostenible_pages-to-jpg-0001.jpg","datePublished":"2022-01-26T15:05:49+00:00","dateModified":"2024-03-20T16:10:26+00:00","breadcrumb":{"@id":"https:\/\/www.entreculturas.org\/fr\/publicacion\/un-mundo-sostenible\/#breadcrumb"},"inLanguage":"fr-FR","potentialAction":[{"@type":"ReadAction","target":["https:\/\/www.entreculturas.org\/fr\/publicacion\/un-mundo-sostenible\/"]}]},{"@type":"ImageObject","inLanguage":"fr-FR","@id":"https:\/\/www.entreculturas.org\/fr\/publicacion\/un-mundo-sostenible\/#primaryimage","url":"https:\/\/www.entreculturas.org\/wp-content\/uploads\/2022\/03\/un-mundo-sostenible_pages-to-jpg-0001.jpg","contentUrl":"https:\/\/www.entreculturas.org\/wp-content\/uploads\/2022\/03\/un-mundo-sostenible_pages-to-jpg-0001.jpg","width":1241,"height":1754,"caption":"un-mundo-sostenible_pages-to-jpg-0001"},{"@type":"BreadcrumbList","@id":"https:\/\/www.entreculturas.org\/fr\/publicacion\/un-mundo-sostenible\/#breadcrumb","itemListElement":[{"@type":"ListItem","position":1,"name":"Home","item":"https:\/\/www.entreculturas.org\/fr\/"},{"@type":"ListItem","position":2,"name":"Publicaciones","item":"https:\/\/www.entreculturas.org\/fr\/publicaciones\/"},{"@type":"ListItem","position":3,"name":"Un Mundo Sostenible"}]},{"@type":"WebSite","@id":"https:\/\/www.entreculturas.org\/fr\/#website","url":"https:\/\/www.entreculturas.org\/fr\/","name":"Entreculturas","description":"","publisher":{"@id":"https:\/\/www.entreculturas.org\/fr\/#organization"},"alternateName":"Entreculturas","potentialAction":[{"@type":"SearchAction","target":{"@type":"EntryPoint","urlTemplate":"https:\/\/www.entreculturas.org\/fr\/?s={search_term_string}"},"query-input":{"@type":"PropertyValueSpecification","valueRequired":true,"valueName":"search_term_string"}}],"inLanguage":"fr-FR"},{"@type":"Organization","@id":"https:\/\/www.entreculturas.org\/fr\/#organization","name":"Entreculturas","url":"https:\/\/www.entreculturas.org\/fr\/","logo":{"@type":"ImageObject","inLanguage":"fr-FR","@id":"https:\/\/www.entreculturas.org\/fr\/#\/schema\/logo\/image\/","url":"https:\/\/www.entreculturas.org\/wp-content\/uploads\/2025\/10\/ESP.svg","contentUrl":"https:\/\/www.entreculturas.org\/wp-content\/uploads\/2025\/10\/ESP.svg","caption":"Entreculturas"},"image":{"@id":"https:\/\/www.entreculturas.org\/fr\/#\/schema\/logo\/image\/"},"sameAs":["https:\/\/www.facebook.com\/entreculturas","https:\/\/x.com\/Entreculturas","https:\/\/www.instagram.com\/entreculturas\/","https:\/\/www.youtube.com\/user\/entreculturasvideo","https:\/\/www.linkedin.com\/company\/fundacion-entreculturas-ngdo\/","https:\/\/www.flickr.com\/photos\/98455522@N04\/albums\/"]}]}},"_links":{"self":[{"href":"https:\/\/www.entreculturas.org\/fr\/wp-json\/wp\/v2\/publicacion\/6192","targetHints":{"allow":["GET"]}}],"collection":[{"href":"https:\/\/www.entreculturas.org\/fr\/wp-json\/wp\/v2\/publicacion"}],"about":[{"href":"https:\/\/www.entreculturas.org\/fr\/wp-json\/wp\/v2\/types\/publicacion"}],"wp:featuredmedia":[{"embeddable":true,"href":"https:\/\/www.entreculturas.org\/fr\/wp-json\/wp\/v2\/media\/6202"}],"wp:attachment":[{"href":"https:\/\/www.entreculturas.org\/fr\/wp-json\/wp\/v2\/media?parent=6192"}],"wp:term":[{"taxonomy":"category","embeddable":true,"href":"https:\/\/www.entreculturas.org\/fr\/wp-json\/wp\/v2\/categories?post=6192"},{"taxonomy":"post_tag","embeddable":true,"href":"https:\/\/www.entreculturas.org\/fr\/wp-json\/wp\/v2\/tags?post=6192"},{"taxonomy":"cause","embeddable":true,"href":"https:\/\/www.entreculturas.org\/fr\/wp-json\/wp\/v2\/cause?post=6192"},{"taxonomy":"format","embeddable":true,"href":"https:\/\/www.entreculturas.org\/fr\/wp-json\/wp\/v2\/format?post=6192"}],"curies":[{"name":"wp","href":"https:\/\/api.w.org\/{rel}","templated":true}]}}