{"id":6033,"date":"2021-06-01T18:11:09","date_gmt":"2021-06-01T18:11:09","guid":{"rendered":"https:\/\/entreculturasi.wpenginepowered.com\/?publicaciones=un-mundo-en-movimiento"},"modified":"2024-10-17T15:00:15","modified_gmt":"2024-10-17T13:00:15","slug":"un-mundo-en-movimiento","status":"publish","type":"publicacion","link":"https:\/\/www.entreculturas.org\/fr\/publicacion\/un-mundo-en-movimiento\/","title":{"rendered":"Un Mundo en Movimiento"},"content":{"rendered":"\n<p>Tras \u00ab\u00a0Un Mundo en Igualdad\u00a0\u00bb, llega la segunda r<strong>ecopilaci\u00f3n de actividades did\u00e1cticas por tem\u00e1ticas&nbsp;<\/strong>dise\u00f1adas por Entreculturas.&nbsp;<\/p>\n\n\n\n<p><strong>\u00ab\u00a0Un Mundo en Movimiento\u00a0\u00bb<\/strong> recoge\u00a0<em>4 bloques con actividades<\/em> divididas por franjas de edad para trabajar con grupos de 4 a 18 a\u00f1os sobre\u00a0<strong>interculturalidad y migraciones forzosas.<\/strong><\/p>\n\n\n\n<div style=\"height:10px\" aria-hidden=\"true\" class=\"wp-block-spacer\"><\/div>\n\n\n\n<p>Adem\u00e1s, al inicio os dejamos tambi\u00e9n una selecci\u00f3n de <em>pistas para educar en diversidad<\/em>, con consejos para aplicar las actividades recogidas en este material, y al&nbsp;final podr\u00e1s acceder a una&nbsp;<em>yincana<\/em>&nbsp;que recoge distintas pruebas para trabajar esta tem\u00e1tica de forma l\u00fadica, as\u00ed como a todos los <em>anexos<\/em><u> <\/u>necesarios para llevar a cabo las actividades.&nbsp;<\/p>\n\n\n\n<div style=\"height:10px\" aria-hidden=\"true\" class=\"wp-block-spacer\"><\/div>\n\n\n\n<p>\u00a1Descubre el material!<\/p>\n\n\n\n<div style=\"height:15px\" aria-hidden=\"true\" class=\"wp-block-spacer\"><\/div>\n\n\n\n<div class=\"wp-block-buttons is-layout-flex wp-block-buttons-is-layout-flex\">\n<div class=\"wp-block-button\"><a class=\"wp-block-button__link wp-element-button\" href=\"https:\/\/www.entreculturas.org\/wp-content\/uploads\/2021\/06\/un_mundo_en_movimiento.pdf\" target=\"_blank\" rel=\"noreferrer noopener\">descargar<\/a><\/div>\n<\/div>\n","protected":false},"excerpt":{"rendered":"<p>Tras \u00ab\u00a0Un Mundo en Igualdad\u00a0\u00bb, llega la segunda recopilaci\u00f3n de actividades did\u00e1cticas por tem\u00e1ticas&nbsp;dise\u00f1adas por Entreculturas.&nbsp; \u00ab\u00a0Un Mundo en Movimiento\u00a0\u00bb recoge\u00a04 bloques con actividades divididas por franjas de edad para trabajar con grupos de 4 a 18 a\u00f1os sobre\u00a0interculturalidad y migraciones forzosas. Adem\u00e1s, al inicio os dejamos tambi\u00e9n una selecci\u00f3n de pistas para educar en diversidad, con consejos para aplicar las actividades recogidas en este material, y al&nbsp;final podr\u00e1s acceder a una&nbsp;yincana&nbsp;que recoge distintas pruebas para trabajar esta tem\u00e1tica de forma l\u00fadica, as\u00ed como a todos los anexos necesarios para llevar a cabo las actividades.&nbsp; \u00a1Descubre el material!<\/p>\n","protected":false},"featured_media":5868,"template":"","format":[115],"categories":[12],"tags":[8],"cause":[128,129,132],"class_list":["post-6033","publicacion","type-publicacion","status-publish","has-post-thumbnail","hentry","category-recursos-educativos","tag-participacion-y-ciudadania-global","cause-educacion","cause-migracion-y-refugio","cause-participacion-y-ciudadania-global","format-recursos-educativos"],"acf":[],"yoast_head":"<!-- This site is optimized with the Yoast SEO Premium plugin v21.6 (Yoast SEO v27.5) - https:\/\/yoast.com\/product\/yoast-seo-premium-wordpress\/ -->\n<title>Un Mundo en Movimiento - Entreculturas<\/title>\n<meta name=\"robots\" content=\"index, follow, max-snippet:-1, max-image-preview:large, max-video-preview:-1\" \/>\n<link rel=\"canonical\" href=\"https:\/\/www.entreculturas.org\/fr\/publicacion\/un-mundo-en-movimiento\/\" \/>\n<meta property=\"og:locale\" content=\"fr_FR\" \/>\n<meta property=\"og:type\" content=\"article\" \/>\n<meta property=\"og:title\" content=\"Un Mundo en Movimiento\" \/>\n<meta property=\"og:description\" content=\"Tras \u00ab\u00a0Un Mundo en Igualdad\u00a0\u00bb, llega la segunda recopilaci\u00f3n de actividades did\u00e1cticas por tem\u00e1ticas&nbsp;dise\u00f1adas por Entreculturas.&nbsp; \u00ab\u00a0Un Mundo en Movimiento\u00a0\u00bb recoge\u00a04 bloques con actividades divididas por franjas de edad para trabajar con grupos de 4 a 18 a\u00f1os sobre\u00a0interculturalidad y migraciones forzosas. Adem\u00e1s, al inicio os dejamos tambi\u00e9n una selecci\u00f3n de pistas para educar en diversidad, con consejos para aplicar las actividades recogidas en este material, y al&nbsp;final podr\u00e1s acceder a una&nbsp;yincana&nbsp;que recoge distintas pruebas para trabajar esta tem\u00e1tica de forma l\u00fadica, as\u00ed como a todos los anexos necesarios para llevar a cabo las actividades.&nbsp; \u00a1Descubre el material!\" \/>\n<meta property=\"og:url\" content=\"https:\/\/www.entreculturas.org\/fr\/publicacion\/un-mundo-en-movimiento\/\" \/>\n<meta property=\"og:site_name\" content=\"Entreculturas\" \/>\n<meta property=\"article:publisher\" content=\"https:\/\/www.facebook.com\/entreculturas\" \/>\n<meta property=\"article:modified_time\" content=\"2024-10-17T13:00:15+00:00\" \/>\n<meta property=\"og:image\" content=\"https:\/\/www.entreculturas.org\/wp-content\/uploads\/2021\/06\/un_mundo_en_movimiento.jpg\" \/>\n\t<meta property=\"og:image:width\" content=\"1241\" \/>\n\t<meta property=\"og:image:height\" content=\"1754\" \/>\n\t<meta property=\"og:image:type\" content=\"image\/jpeg\" \/>\n<meta name=\"twitter:card\" content=\"summary_large_image\" \/>\n<meta name=\"twitter:site\" content=\"@Entreculturas\" \/>\n<script type=\"application\/ld+json\" class=\"yoast-schema-graph\">{\"@context\":\"https:\\\/\\\/schema.org\",\"@graph\":[{\"@type\":\"WebPage\",\"@id\":\"https:\\\/\\\/www.entreculturas.org\\\/fr\\\/publicacion\\\/un-mundo-en-movimiento\\\/\",\"url\":\"https:\\\/\\\/www.entreculturas.org\\\/fr\\\/publicacion\\\/un-mundo-en-movimiento\\\/\",\"name\":\"Un Mundo en Movimiento - Entreculturas\",\"isPartOf\":{\"@id\":\"https:\\\/\\\/www.entreculturas.org\\\/fr\\\/#website\"},\"primaryImageOfPage\":{\"@id\":\"https:\\\/\\\/www.entreculturas.org\\\/fr\\\/publicacion\\\/un-mundo-en-movimiento\\\/#primaryimage\"},\"image\":{\"@id\":\"https:\\\/\\\/www.entreculturas.org\\\/fr\\\/publicacion\\\/un-mundo-en-movimiento\\\/#primaryimage\"},\"thumbnailUrl\":\"https:\\\/\\\/www.entreculturas.org\\\/wp-content\\\/uploads\\\/2021\\\/06\\\/un_mundo_en_movimiento.jpg\",\"datePublished\":\"2021-06-01T18:11:09+00:00\",\"dateModified\":\"2024-10-17T13:00:15+00:00\",\"breadcrumb\":{\"@id\":\"https:\\\/\\\/www.entreculturas.org\\\/fr\\\/publicacion\\\/un-mundo-en-movimiento\\\/#breadcrumb\"},\"inLanguage\":\"fr-FR\",\"potentialAction\":[{\"@type\":\"ReadAction\",\"target\":[\"https:\\\/\\\/www.entreculturas.org\\\/fr\\\/publicacion\\\/un-mundo-en-movimiento\\\/\"]}]},{\"@type\":\"ImageObject\",\"inLanguage\":\"fr-FR\",\"@id\":\"https:\\\/\\\/www.entreculturas.org\\\/fr\\\/publicacion\\\/un-mundo-en-movimiento\\\/#primaryimage\",\"url\":\"https:\\\/\\\/www.entreculturas.org\\\/wp-content\\\/uploads\\\/2021\\\/06\\\/un_mundo_en_movimiento.jpg\",\"contentUrl\":\"https:\\\/\\\/www.entreculturas.org\\\/wp-content\\\/uploads\\\/2021\\\/06\\\/un_mundo_en_movimiento.jpg\",\"width\":1241,\"height\":1754,\"caption\":\"un_mundo_en_movimiento\"},{\"@type\":\"BreadcrumbList\",\"@id\":\"https:\\\/\\\/www.entreculturas.org\\\/fr\\\/publicacion\\\/un-mundo-en-movimiento\\\/#breadcrumb\",\"itemListElement\":[{\"@type\":\"ListItem\",\"position\":1,\"name\":\"Home\",\"item\":\"https:\\\/\\\/www.entreculturas.org\\\/fr\\\/\"},{\"@type\":\"ListItem\",\"position\":2,\"name\":\"Publicaciones\",\"item\":\"https:\\\/\\\/www.entreculturas.org\\\/fr\\\/publicaciones\\\/\"},{\"@type\":\"ListItem\",\"position\":3,\"name\":\"Un Mundo en Movimiento\"}]},{\"@type\":\"WebSite\",\"@id\":\"https:\\\/\\\/www.entreculturas.org\\\/fr\\\/#website\",\"url\":\"https:\\\/\\\/www.entreculturas.org\\\/fr\\\/\",\"name\":\"Entreculturas\",\"description\":\"\",\"publisher\":{\"@id\":\"https:\\\/\\\/www.entreculturas.org\\\/fr\\\/#organization\"},\"alternateName\":\"Entreculturas\",\"potentialAction\":[{\"@type\":\"SearchAction\",\"target\":{\"@type\":\"EntryPoint\",\"urlTemplate\":\"https:\\\/\\\/www.entreculturas.org\\\/fr\\\/?s={search_term_string}\"},\"query-input\":{\"@type\":\"PropertyValueSpecification\",\"valueRequired\":true,\"valueName\":\"search_term_string\"}}],\"inLanguage\":\"fr-FR\"},{\"@type\":\"Organization\",\"@id\":\"https:\\\/\\\/www.entreculturas.org\\\/fr\\\/#organization\",\"name\":\"Entreculturas\",\"url\":\"https:\\\/\\\/www.entreculturas.org\\\/fr\\\/\",\"logo\":{\"@type\":\"ImageObject\",\"inLanguage\":\"fr-FR\",\"@id\":\"https:\\\/\\\/www.entreculturas.org\\\/fr\\\/#\\\/schema\\\/logo\\\/image\\\/\",\"url\":\"https:\\\/\\\/www.entreculturas.org\\\/wp-content\\\/uploads\\\/2025\\\/10\\\/ESP.svg\",\"contentUrl\":\"https:\\\/\\\/www.entreculturas.org\\\/wp-content\\\/uploads\\\/2025\\\/10\\\/ESP.svg\",\"caption\":\"Entreculturas\"},\"image\":{\"@id\":\"https:\\\/\\\/www.entreculturas.org\\\/fr\\\/#\\\/schema\\\/logo\\\/image\\\/\"},\"sameAs\":[\"https:\\\/\\\/www.facebook.com\\\/entreculturas\",\"https:\\\/\\\/x.com\\\/Entreculturas\",\"https:\\\/\\\/www.instagram.com\\\/entreculturas\\\/\",\"https:\\\/\\\/www.youtube.com\\\/user\\\/entreculturasvideo\",\"https:\\\/\\\/www.linkedin.com\\\/company\\\/fundacion-entreculturas-ngdo\\\/\",\"https:\\\/\\\/www.flickr.com\\\/photos\\\/98455522@N04\\\/albums\\\/\"]}]}<\/script>\n<!-- \/ Yoast SEO Premium plugin. -->","yoast_head_json":{"title":"Un Mundo en Movimiento - Entreculturas","robots":{"index":"index","follow":"follow","max-snippet":"max-snippet:-1","max-image-preview":"max-image-preview:large","max-video-preview":"max-video-preview:-1"},"canonical":"https:\/\/www.entreculturas.org\/fr\/publicacion\/un-mundo-en-movimiento\/","og_locale":"fr_FR","og_type":"article","og_title":"Un Mundo en Movimiento","og_description":"Tras \u00ab\u00a0Un Mundo en Igualdad\u00a0\u00bb, llega la segunda recopilaci\u00f3n de actividades did\u00e1cticas por tem\u00e1ticas&nbsp;dise\u00f1adas por Entreculturas.&nbsp; \u00ab\u00a0Un Mundo en Movimiento\u00a0\u00bb recoge\u00a04 bloques con actividades divididas por franjas de edad para trabajar con grupos de 4 a 18 a\u00f1os sobre\u00a0interculturalidad y migraciones forzosas. Adem\u00e1s, al inicio os dejamos tambi\u00e9n una selecci\u00f3n de pistas para educar en diversidad, con consejos para aplicar las actividades recogidas en este material, y al&nbsp;final podr\u00e1s acceder a una&nbsp;yincana&nbsp;que recoge distintas pruebas para trabajar esta tem\u00e1tica de forma l\u00fadica, as\u00ed como a todos los anexos necesarios para llevar a cabo las actividades.&nbsp; \u00a1Descubre el material!","og_url":"https:\/\/www.entreculturas.org\/fr\/publicacion\/un-mundo-en-movimiento\/","og_site_name":"Entreculturas","article_publisher":"https:\/\/www.facebook.com\/entreculturas","article_modified_time":"2024-10-17T13:00:15+00:00","og_image":[{"width":1241,"height":1754,"url":"https:\/\/www.entreculturas.org\/wp-content\/uploads\/2021\/06\/un_mundo_en_movimiento.jpg","type":"image\/jpeg"}],"twitter_card":"summary_large_image","twitter_site":"@Entreculturas","schema":{"@context":"https:\/\/schema.org","@graph":[{"@type":"WebPage","@id":"https:\/\/www.entreculturas.org\/fr\/publicacion\/un-mundo-en-movimiento\/","url":"https:\/\/www.entreculturas.org\/fr\/publicacion\/un-mundo-en-movimiento\/","name":"Un Mundo en Movimiento - Entreculturas","isPartOf":{"@id":"https:\/\/www.entreculturas.org\/fr\/#website"},"primaryImageOfPage":{"@id":"https:\/\/www.entreculturas.org\/fr\/publicacion\/un-mundo-en-movimiento\/#primaryimage"},"image":{"@id":"https:\/\/www.entreculturas.org\/fr\/publicacion\/un-mundo-en-movimiento\/#primaryimage"},"thumbnailUrl":"https:\/\/www.entreculturas.org\/wp-content\/uploads\/2021\/06\/un_mundo_en_movimiento.jpg","datePublished":"2021-06-01T18:11:09+00:00","dateModified":"2024-10-17T13:00:15+00:00","breadcrumb":{"@id":"https:\/\/www.entreculturas.org\/fr\/publicacion\/un-mundo-en-movimiento\/#breadcrumb"},"inLanguage":"fr-FR","potentialAction":[{"@type":"ReadAction","target":["https:\/\/www.entreculturas.org\/fr\/publicacion\/un-mundo-en-movimiento\/"]}]},{"@type":"ImageObject","inLanguage":"fr-FR","@id":"https:\/\/www.entreculturas.org\/fr\/publicacion\/un-mundo-en-movimiento\/#primaryimage","url":"https:\/\/www.entreculturas.org\/wp-content\/uploads\/2021\/06\/un_mundo_en_movimiento.jpg","contentUrl":"https:\/\/www.entreculturas.org\/wp-content\/uploads\/2021\/06\/un_mundo_en_movimiento.jpg","width":1241,"height":1754,"caption":"un_mundo_en_movimiento"},{"@type":"BreadcrumbList","@id":"https:\/\/www.entreculturas.org\/fr\/publicacion\/un-mundo-en-movimiento\/#breadcrumb","itemListElement":[{"@type":"ListItem","position":1,"name":"Home","item":"https:\/\/www.entreculturas.org\/fr\/"},{"@type":"ListItem","position":2,"name":"Publicaciones","item":"https:\/\/www.entreculturas.org\/fr\/publicaciones\/"},{"@type":"ListItem","position":3,"name":"Un Mundo en Movimiento"}]},{"@type":"WebSite","@id":"https:\/\/www.entreculturas.org\/fr\/#website","url":"https:\/\/www.entreculturas.org\/fr\/","name":"Entreculturas","description":"","publisher":{"@id":"https:\/\/www.entreculturas.org\/fr\/#organization"},"alternateName":"Entreculturas","potentialAction":[{"@type":"SearchAction","target":{"@type":"EntryPoint","urlTemplate":"https:\/\/www.entreculturas.org\/fr\/?s={search_term_string}"},"query-input":{"@type":"PropertyValueSpecification","valueRequired":true,"valueName":"search_term_string"}}],"inLanguage":"fr-FR"},{"@type":"Organization","@id":"https:\/\/www.entreculturas.org\/fr\/#organization","name":"Entreculturas","url":"https:\/\/www.entreculturas.org\/fr\/","logo":{"@type":"ImageObject","inLanguage":"fr-FR","@id":"https:\/\/www.entreculturas.org\/fr\/#\/schema\/logo\/image\/","url":"https:\/\/www.entreculturas.org\/wp-content\/uploads\/2025\/10\/ESP.svg","contentUrl":"https:\/\/www.entreculturas.org\/wp-content\/uploads\/2025\/10\/ESP.svg","caption":"Entreculturas"},"image":{"@id":"https:\/\/www.entreculturas.org\/fr\/#\/schema\/logo\/image\/"},"sameAs":["https:\/\/www.facebook.com\/entreculturas","https:\/\/x.com\/Entreculturas","https:\/\/www.instagram.com\/entreculturas\/","https:\/\/www.youtube.com\/user\/entreculturasvideo","https:\/\/www.linkedin.com\/company\/fundacion-entreculturas-ngdo\/","https:\/\/www.flickr.com\/photos\/98455522@N04\/albums\/"]}]}},"_links":{"self":[{"href":"https:\/\/www.entreculturas.org\/fr\/wp-json\/wp\/v2\/publicacion\/6033","targetHints":{"allow":["GET"]}}],"collection":[{"href":"https:\/\/www.entreculturas.org\/fr\/wp-json\/wp\/v2\/publicacion"}],"about":[{"href":"https:\/\/www.entreculturas.org\/fr\/wp-json\/wp\/v2\/types\/publicacion"}],"wp:featuredmedia":[{"embeddable":true,"href":"https:\/\/www.entreculturas.org\/fr\/wp-json\/wp\/v2\/media\/5868"}],"wp:attachment":[{"href":"https:\/\/www.entreculturas.org\/fr\/wp-json\/wp\/v2\/media?parent=6033"}],"wp:term":[{"taxonomy":"category","embeddable":true,"href":"https:\/\/www.entreculturas.org\/fr\/wp-json\/wp\/v2\/categories?post=6033"},{"taxonomy":"post_tag","embeddable":true,"href":"https:\/\/www.entreculturas.org\/fr\/wp-json\/wp\/v2\/tags?post=6033"},{"taxonomy":"cause","embeddable":true,"href":"https:\/\/www.entreculturas.org\/fr\/wp-json\/wp\/v2\/cause?post=6033"},{"taxonomy":"format","embeddable":true,"href":"https:\/\/www.entreculturas.org\/fr\/wp-json\/wp\/v2\/format?post=6033"}],"curies":[{"name":"wp","href":"https:\/\/api.w.org\/{rel}","templated":true}]}}