{"id":6017,"date":"2021-04-15T12:06:35","date_gmt":"2021-04-15T12:06:35","guid":{"rendered":"https:\/\/entreculturasi.wpenginepowered.com\/?publicaciones=las-causas-que-nos-unen"},"modified":"2024-03-20T17:32:14","modified_gmt":"2024-03-20T16:32:14","slug":"las-causas-que-nos-unen","status":"publish","type":"publicacion","link":"https:\/\/www.entreculturas.org\/fr\/publicacion\/las-causas-que-nos-unen\/","title":{"rendered":"Las causas que nos unen"},"content":{"rendered":"<p>Bajo el t\u00edtulo de las \u201cLas causas que nos unen\u201d, Entreculturas y Alboan acabamos de publicar el documento que recoge nuestra estrategia com\u00fan como obras de Cooperaci\u00f3n Internacional de la Compa\u00f1\u00eda de Jes\u00fas en Espa\u00f1a. Ambas ONG llevamos desde enero de 2018 trabajando en un proceso de integraci\u00f3n con el objetivo de construir e implementar juntas una \u00fanica estrategia de Cooperaci\u00f3n Internacional y Ciudadan\u00eda Global. La publicaci\u00f3n de este documento es una concreci\u00f3n m\u00e1s de este proceso de integraci\u00f3n que tiene como objetivo un mejor servicio a la misi\u00f3n, un mayor impacto y una mayor capacidad de afrontar los retos futuros del sector.<\/p>\n<p>Este plan prioriza cinco causas justas que queremos defender a partir de dos grandes marcos de referencia: las Preferencias Apost\u00f3licas Universales de la Compa\u00f1\u00eda de Jes\u00fas y el Plan Apost\u00f3lico de la Provincia de Espa\u00f1a y por otro lado la agenda global de desarrollo de la sociedad civil e instituciones internacionales que se concreta principalmente en los Objetivos de Desarrollo Sostenible de Naciones Unidas hasta el a\u00f1o 2030.<\/p>\n\n\n<div style=\"height:15px\" aria-hidden=\"true\" class=\"wp-block-spacer\"><\/div>\n\n\n\n<div class=\"wp-block-buttons is-layout-flex wp-block-buttons-is-layout-flex\">\n<div class=\"wp-block-button\"><a class=\"wp-block-button__link wp-element-button\" href=\"https:\/\/www.entreculturas.org\/wp-content\/uploads\/2021\/04\/causas_comunes.pdf\" target=\"_blank\" rel=\"noreferrer noopener\">descargar<\/a><\/div>\n<\/div>\n","protected":false},"excerpt":{"rendered":"<p>Bajo el t\u00edtulo de las \u201cLas causas que nos unen\u201d, Entreculturas y Alboan acabamos de publicar el documento que recoge nuestra estrategia com\u00fan como obras de Cooperaci\u00f3n Internacional de la Compa\u00f1\u00eda de Jes\u00fas en Espa\u00f1a. Ambas ONG llevamos desde enero de 2018 trabajando en un proceso de integraci\u00f3n con el objetivo de construir e implementar juntas una \u00fanica estrategia de Cooperaci\u00f3n Internacional y Ciudadan\u00eda Global. La publicaci\u00f3n de este documento es una concreci\u00f3n m\u00e1s de este proceso de integraci\u00f3n que tiene como objetivo un mejor servicio a la misi\u00f3n, un mayor impacto y una mayor capacidad de afrontar los retos futuros del sector. Este plan prioriza cinco causas justas que queremos defender a partir de dos grandes marcos de referencia: las Preferencias Apost\u00f3licas Universales de la Compa\u00f1\u00eda de Jes\u00fas y el Plan Apost\u00f3lico de la Provincia de Espa\u00f1a y por otro lado la agenda global de desarrollo de la sociedad [&hellip;]<\/p>\n","protected":false},"featured_media":5702,"template":"","format":[112],"categories":[18],"tags":[185],"cause":[128,130,131,129,132],"class_list":["post-6017","publicacion","type-publicacion","status-publish","has-post-thumbnail","hentry","category-estudios","tag-entreculturas","cause-educacion","cause-genero","cause-justicia-medioambiental","cause-migracion-y-refugio","cause-participacion-y-ciudadania-global","format-estudios-e-informes"],"acf":[],"yoast_head":"<!-- This site is optimized with the Yoast SEO Premium plugin v21.6 (Yoast SEO v27.5) - https:\/\/yoast.com\/product\/yoast-seo-premium-wordpress\/ -->\n<title>Las causas que nos unen - Entreculturas<\/title>\n<meta name=\"robots\" content=\"index, follow, max-snippet:-1, max-image-preview:large, max-video-preview:-1\" \/>\n<link rel=\"canonical\" href=\"https:\/\/www.entreculturas.org\/fr\/publicacion\/las-causas-que-nos-unen\/\" \/>\n<meta property=\"og:locale\" content=\"fr_FR\" \/>\n<meta property=\"og:type\" content=\"article\" \/>\n<meta property=\"og:title\" content=\"Las causas que nos unen\" \/>\n<meta property=\"og:description\" content=\"Bajo el t\u00edtulo de las \u201cLas causas que nos unen\u201d, Entreculturas y Alboan acabamos de publicar el documento que recoge nuestra estrategia com\u00fan como obras de Cooperaci\u00f3n Internacional de la Compa\u00f1\u00eda de Jes\u00fas en Espa\u00f1a. Ambas ONG llevamos desde enero de 2018 trabajando en un proceso de integraci\u00f3n con el objetivo de construir e implementar juntas una \u00fanica estrategia de Cooperaci\u00f3n Internacional y Ciudadan\u00eda Global. La publicaci\u00f3n de este documento es una concreci\u00f3n m\u00e1s de este proceso de integraci\u00f3n que tiene como objetivo un mejor servicio a la misi\u00f3n, un mayor impacto y una mayor capacidad de afrontar los retos futuros del sector. Este plan prioriza cinco causas justas que queremos defender a partir de dos grandes marcos de referencia: las Preferencias Apost\u00f3licas Universales de la Compa\u00f1\u00eda de Jes\u00fas y el Plan Apost\u00f3lico de la Provincia de Espa\u00f1a y por otro lado la agenda global de desarrollo de la sociedad [&hellip;]\" \/>\n<meta property=\"og:url\" content=\"https:\/\/www.entreculturas.org\/fr\/publicacion\/las-causas-que-nos-unen\/\" \/>\n<meta property=\"og:site_name\" content=\"Entreculturas\" \/>\n<meta property=\"article:publisher\" content=\"https:\/\/www.facebook.com\/entreculturas\" \/>\n<meta property=\"article:modified_time\" content=\"2024-03-20T16:32:14+00:00\" \/>\n<meta property=\"og:image\" content=\"https:\/\/www.entreculturas.org\/wp-content\/uploads\/2021\/04\/captura_de_pantalla_2021-04-15_a_las_13.53.56.png\" \/>\n\t<meta property=\"og:image:width\" content=\"800\" \/>\n\t<meta property=\"og:image:height\" content=\"559\" \/>\n\t<meta property=\"og:image:type\" content=\"image\/png\" \/>\n<meta name=\"twitter:card\" content=\"summary_large_image\" \/>\n<meta name=\"twitter:site\" content=\"@Entreculturas\" \/>\n<script type=\"application\/ld+json\" class=\"yoast-schema-graph\">{\"@context\":\"https:\\\/\\\/schema.org\",\"@graph\":[{\"@type\":\"WebPage\",\"@id\":\"https:\\\/\\\/www.entreculturas.org\\\/fr\\\/publicacion\\\/las-causas-que-nos-unen\\\/\",\"url\":\"https:\\\/\\\/www.entreculturas.org\\\/fr\\\/publicacion\\\/las-causas-que-nos-unen\\\/\",\"name\":\"Las causas que nos unen - Entreculturas\",\"isPartOf\":{\"@id\":\"https:\\\/\\\/www.entreculturas.org\\\/fr\\\/#website\"},\"primaryImageOfPage\":{\"@id\":\"https:\\\/\\\/www.entreculturas.org\\\/fr\\\/publicacion\\\/las-causas-que-nos-unen\\\/#primaryimage\"},\"image\":{\"@id\":\"https:\\\/\\\/www.entreculturas.org\\\/fr\\\/publicacion\\\/las-causas-que-nos-unen\\\/#primaryimage\"},\"thumbnailUrl\":\"https:\\\/\\\/www.entreculturas.org\\\/wp-content\\\/uploads\\\/2021\\\/04\\\/captura_de_pantalla_2021-04-15_a_las_13.53.56.png\",\"datePublished\":\"2021-04-15T12:06:35+00:00\",\"dateModified\":\"2024-03-20T16:32:14+00:00\",\"breadcrumb\":{\"@id\":\"https:\\\/\\\/www.entreculturas.org\\\/fr\\\/publicacion\\\/las-causas-que-nos-unen\\\/#breadcrumb\"},\"inLanguage\":\"fr-FR\",\"potentialAction\":[{\"@type\":\"ReadAction\",\"target\":[\"https:\\\/\\\/www.entreculturas.org\\\/fr\\\/publicacion\\\/las-causas-que-nos-unen\\\/\"]}]},{\"@type\":\"ImageObject\",\"inLanguage\":\"fr-FR\",\"@id\":\"https:\\\/\\\/www.entreculturas.org\\\/fr\\\/publicacion\\\/las-causas-que-nos-unen\\\/#primaryimage\",\"url\":\"https:\\\/\\\/www.entreculturas.org\\\/wp-content\\\/uploads\\\/2021\\\/04\\\/captura_de_pantalla_2021-04-15_a_las_13.53.56.png\",\"contentUrl\":\"https:\\\/\\\/www.entreculturas.org\\\/wp-content\\\/uploads\\\/2021\\\/04\\\/captura_de_pantalla_2021-04-15_a_las_13.53.56.png\",\"width\":800,\"height\":559},{\"@type\":\"BreadcrumbList\",\"@id\":\"https:\\\/\\\/www.entreculturas.org\\\/fr\\\/publicacion\\\/las-causas-que-nos-unen\\\/#breadcrumb\",\"itemListElement\":[{\"@type\":\"ListItem\",\"position\":1,\"name\":\"Home\",\"item\":\"https:\\\/\\\/www.entreculturas.org\\\/fr\\\/\"},{\"@type\":\"ListItem\",\"position\":2,\"name\":\"Publicaciones\",\"item\":\"https:\\\/\\\/www.entreculturas.org\\\/fr\\\/publicaciones\\\/\"},{\"@type\":\"ListItem\",\"position\":3,\"name\":\"Las causas que nos unen\"}]},{\"@type\":\"WebSite\",\"@id\":\"https:\\\/\\\/www.entreculturas.org\\\/fr\\\/#website\",\"url\":\"https:\\\/\\\/www.entreculturas.org\\\/fr\\\/\",\"name\":\"Entreculturas\",\"description\":\"\",\"publisher\":{\"@id\":\"https:\\\/\\\/www.entreculturas.org\\\/fr\\\/#organization\"},\"alternateName\":\"Entreculturas\",\"potentialAction\":[{\"@type\":\"SearchAction\",\"target\":{\"@type\":\"EntryPoint\",\"urlTemplate\":\"https:\\\/\\\/www.entreculturas.org\\\/fr\\\/?s={search_term_string}\"},\"query-input\":{\"@type\":\"PropertyValueSpecification\",\"valueRequired\":true,\"valueName\":\"search_term_string\"}}],\"inLanguage\":\"fr-FR\"},{\"@type\":\"Organization\",\"@id\":\"https:\\\/\\\/www.entreculturas.org\\\/fr\\\/#organization\",\"name\":\"Entreculturas\",\"url\":\"https:\\\/\\\/www.entreculturas.org\\\/fr\\\/\",\"logo\":{\"@type\":\"ImageObject\",\"inLanguage\":\"fr-FR\",\"@id\":\"https:\\\/\\\/www.entreculturas.org\\\/fr\\\/#\\\/schema\\\/logo\\\/image\\\/\",\"url\":\"https:\\\/\\\/www.entreculturas.org\\\/wp-content\\\/uploads\\\/2025\\\/10\\\/ESP.svg\",\"contentUrl\":\"https:\\\/\\\/www.entreculturas.org\\\/wp-content\\\/uploads\\\/2025\\\/10\\\/ESP.svg\",\"caption\":\"Entreculturas\"},\"image\":{\"@id\":\"https:\\\/\\\/www.entreculturas.org\\\/fr\\\/#\\\/schema\\\/logo\\\/image\\\/\"},\"sameAs\":[\"https:\\\/\\\/www.facebook.com\\\/entreculturas\",\"https:\\\/\\\/x.com\\\/Entreculturas\",\"https:\\\/\\\/www.instagram.com\\\/entreculturas\\\/\",\"https:\\\/\\\/www.youtube.com\\\/user\\\/entreculturasvideo\",\"https:\\\/\\\/www.linkedin.com\\\/company\\\/fundacion-entreculturas-ngdo\\\/\",\"https:\\\/\\\/www.flickr.com\\\/photos\\\/98455522@N04\\\/albums\\\/\"]}]}<\/script>\n<!-- \/ Yoast SEO Premium plugin. -->","yoast_head_json":{"title":"Las causas que nos unen - Entreculturas","robots":{"index":"index","follow":"follow","max-snippet":"max-snippet:-1","max-image-preview":"max-image-preview:large","max-video-preview":"max-video-preview:-1"},"canonical":"https:\/\/www.entreculturas.org\/fr\/publicacion\/las-causas-que-nos-unen\/","og_locale":"fr_FR","og_type":"article","og_title":"Las causas que nos unen","og_description":"Bajo el t\u00edtulo de las \u201cLas causas que nos unen\u201d, Entreculturas y Alboan acabamos de publicar el documento que recoge nuestra estrategia com\u00fan como obras de Cooperaci\u00f3n Internacional de la Compa\u00f1\u00eda de Jes\u00fas en Espa\u00f1a. Ambas ONG llevamos desde enero de 2018 trabajando en un proceso de integraci\u00f3n con el objetivo de construir e implementar juntas una \u00fanica estrategia de Cooperaci\u00f3n Internacional y Ciudadan\u00eda Global. La publicaci\u00f3n de este documento es una concreci\u00f3n m\u00e1s de este proceso de integraci\u00f3n que tiene como objetivo un mejor servicio a la misi\u00f3n, un mayor impacto y una mayor capacidad de afrontar los retos futuros del sector. Este plan prioriza cinco causas justas que queremos defender a partir de dos grandes marcos de referencia: las Preferencias Apost\u00f3licas Universales de la Compa\u00f1\u00eda de Jes\u00fas y el Plan Apost\u00f3lico de la Provincia de Espa\u00f1a y por otro lado la agenda global de desarrollo de la sociedad [&hellip;]","og_url":"https:\/\/www.entreculturas.org\/fr\/publicacion\/las-causas-que-nos-unen\/","og_site_name":"Entreculturas","article_publisher":"https:\/\/www.facebook.com\/entreculturas","article_modified_time":"2024-03-20T16:32:14+00:00","og_image":[{"width":800,"height":559,"url":"https:\/\/www.entreculturas.org\/wp-content\/uploads\/2021\/04\/captura_de_pantalla_2021-04-15_a_las_13.53.56.png","type":"image\/png"}],"twitter_card":"summary_large_image","twitter_site":"@Entreculturas","schema":{"@context":"https:\/\/schema.org","@graph":[{"@type":"WebPage","@id":"https:\/\/www.entreculturas.org\/fr\/publicacion\/las-causas-que-nos-unen\/","url":"https:\/\/www.entreculturas.org\/fr\/publicacion\/las-causas-que-nos-unen\/","name":"Las causas que nos unen - Entreculturas","isPartOf":{"@id":"https:\/\/www.entreculturas.org\/fr\/#website"},"primaryImageOfPage":{"@id":"https:\/\/www.entreculturas.org\/fr\/publicacion\/las-causas-que-nos-unen\/#primaryimage"},"image":{"@id":"https:\/\/www.entreculturas.org\/fr\/publicacion\/las-causas-que-nos-unen\/#primaryimage"},"thumbnailUrl":"https:\/\/www.entreculturas.org\/wp-content\/uploads\/2021\/04\/captura_de_pantalla_2021-04-15_a_las_13.53.56.png","datePublished":"2021-04-15T12:06:35+00:00","dateModified":"2024-03-20T16:32:14+00:00","breadcrumb":{"@id":"https:\/\/www.entreculturas.org\/fr\/publicacion\/las-causas-que-nos-unen\/#breadcrumb"},"inLanguage":"fr-FR","potentialAction":[{"@type":"ReadAction","target":["https:\/\/www.entreculturas.org\/fr\/publicacion\/las-causas-que-nos-unen\/"]}]},{"@type":"ImageObject","inLanguage":"fr-FR","@id":"https:\/\/www.entreculturas.org\/fr\/publicacion\/las-causas-que-nos-unen\/#primaryimage","url":"https:\/\/www.entreculturas.org\/wp-content\/uploads\/2021\/04\/captura_de_pantalla_2021-04-15_a_las_13.53.56.png","contentUrl":"https:\/\/www.entreculturas.org\/wp-content\/uploads\/2021\/04\/captura_de_pantalla_2021-04-15_a_las_13.53.56.png","width":800,"height":559},{"@type":"BreadcrumbList","@id":"https:\/\/www.entreculturas.org\/fr\/publicacion\/las-causas-que-nos-unen\/#breadcrumb","itemListElement":[{"@type":"ListItem","position":1,"name":"Home","item":"https:\/\/www.entreculturas.org\/fr\/"},{"@type":"ListItem","position":2,"name":"Publicaciones","item":"https:\/\/www.entreculturas.org\/fr\/publicaciones\/"},{"@type":"ListItem","position":3,"name":"Las causas que nos unen"}]},{"@type":"WebSite","@id":"https:\/\/www.entreculturas.org\/fr\/#website","url":"https:\/\/www.entreculturas.org\/fr\/","name":"Entreculturas","description":"","publisher":{"@id":"https:\/\/www.entreculturas.org\/fr\/#organization"},"alternateName":"Entreculturas","potentialAction":[{"@type":"SearchAction","target":{"@type":"EntryPoint","urlTemplate":"https:\/\/www.entreculturas.org\/fr\/?s={search_term_string}"},"query-input":{"@type":"PropertyValueSpecification","valueRequired":true,"valueName":"search_term_string"}}],"inLanguage":"fr-FR"},{"@type":"Organization","@id":"https:\/\/www.entreculturas.org\/fr\/#organization","name":"Entreculturas","url":"https:\/\/www.entreculturas.org\/fr\/","logo":{"@type":"ImageObject","inLanguage":"fr-FR","@id":"https:\/\/www.entreculturas.org\/fr\/#\/schema\/logo\/image\/","url":"https:\/\/www.entreculturas.org\/wp-content\/uploads\/2025\/10\/ESP.svg","contentUrl":"https:\/\/www.entreculturas.org\/wp-content\/uploads\/2025\/10\/ESP.svg","caption":"Entreculturas"},"image":{"@id":"https:\/\/www.entreculturas.org\/fr\/#\/schema\/logo\/image\/"},"sameAs":["https:\/\/www.facebook.com\/entreculturas","https:\/\/x.com\/Entreculturas","https:\/\/www.instagram.com\/entreculturas\/","https:\/\/www.youtube.com\/user\/entreculturasvideo","https:\/\/www.linkedin.com\/company\/fundacion-entreculturas-ngdo\/","https:\/\/www.flickr.com\/photos\/98455522@N04\/albums\/"]}]}},"_links":{"self":[{"href":"https:\/\/www.entreculturas.org\/fr\/wp-json\/wp\/v2\/publicacion\/6017","targetHints":{"allow":["GET"]}}],"collection":[{"href":"https:\/\/www.entreculturas.org\/fr\/wp-json\/wp\/v2\/publicacion"}],"about":[{"href":"https:\/\/www.entreculturas.org\/fr\/wp-json\/wp\/v2\/types\/publicacion"}],"wp:featuredmedia":[{"embeddable":true,"href":"https:\/\/www.entreculturas.org\/fr\/wp-json\/wp\/v2\/media\/5702"}],"wp:attachment":[{"href":"https:\/\/www.entreculturas.org\/fr\/wp-json\/wp\/v2\/media?parent=6017"}],"wp:term":[{"taxonomy":"category","embeddable":true,"href":"https:\/\/www.entreculturas.org\/fr\/wp-json\/wp\/v2\/categories?post=6017"},{"taxonomy":"post_tag","embeddable":true,"href":"https:\/\/www.entreculturas.org\/fr\/wp-json\/wp\/v2\/tags?post=6017"},{"taxonomy":"cause","embeddable":true,"href":"https:\/\/www.entreculturas.org\/fr\/wp-json\/wp\/v2\/cause?post=6017"},{"taxonomy":"format","embeddable":true,"href":"https:\/\/www.entreculturas.org\/fr\/wp-json\/wp\/v2\/format?post=6017"}],"curies":[{"name":"wp","href":"https:\/\/api.w.org\/{rel}","templated":true}]}}