{"id":5815,"date":"2020-12-01T10:14:58","date_gmt":"2020-12-01T10:14:58","guid":{"rendered":"https:\/\/entreculturasi.wpenginepowered.com\/?publicaciones=recopilacion-de-unidades-didacticas-para-trabajar-sobre-migraciones-forzosas"},"modified":"2024-03-20T17:47:29","modified_gmt":"2024-03-20T16:47:29","slug":"recopilacion-de-unidades-didacticas-para-trabajar-sobre-migraciones-forzosas","status":"publish","type":"publicacion","link":"https:\/\/www.entreculturas.org\/fr\/publicacion\/recopilacion-de-unidades-didacticas-para-trabajar-sobre-migraciones-forzosas\/","title":{"rendered":"Recopilaci\u00f3n de unidades did\u00e1cticas para trabajar sobre migraciones forzosas."},"content":{"rendered":"<p>A continuaci\u00f3n, adjuntamos la recopilaci\u00f3n de una serie de unidades did\u00e1cticas dise\u00f1adas durante los \u00faltimos a\u00f1os para trabajar con grupos de j\u00f3venes de \u00e1mbitos educativos tanto formales como no formales, desde los 4 a los 18 a\u00f1os, el tema de las <strong>migraciones forzosas <\/strong>en el mundo. Esta recopilaci\u00f3n incluye, tanto las unidades did\u00e1cticas de los D\u00edas D dise\u00f1adas en los \u00faltimos a\u00f1os, como otras actividades de otras publicaciones en las que hemos dise\u00f1ado material para trabajar esta tem\u00e1tica.<\/p>\n<p>Las unidades, divididas por franjas de edad, pueden utilizarse, tanto el 18 de diciembre, D\u00eda Internacional de las Personas Migrantes, como el 20 de junio, D\u00eda Internacional de las Personas Refugiadas, as\u00ed como para preparar la celebraci\u00f3n de cualquier evento o actividad que requiera trabajar el tema de las migraciones forzosas.<\/p>\n\n\n<div style=\"height:15px\" aria-hidden=\"true\" class=\"wp-block-spacer\"><\/div>\n\n\n\n<div class=\"wp-block-buttons is-layout-flex wp-block-buttons-is-layout-flex\">\n<div class=\"wp-block-button\"><a class=\"wp-block-button__link wp-element-button\" href=\"https:\/\/www.entreculturas.org\/wp-content\/uploads\/2020\/12\/8._unidad_didactica_migraciones_forzosas_2019-2020.pdf\" target=\"_blank\" rel=\"noreferrer noopener\">descargar<\/a><\/div>\n<\/div>\n","protected":false},"excerpt":{"rendered":"<p>A continuaci\u00f3n, adjuntamos la recopilaci\u00f3n de una serie de unidades did\u00e1cticas dise\u00f1adas durante los \u00faltimos a\u00f1os para trabajar con grupos de j\u00f3venes de \u00e1mbitos educativos tanto formales como no formales, desde los 4 a los 18 a\u00f1os, el tema de las migraciones forzosas en el mundo. Esta recopilaci\u00f3n incluye, tanto las unidades did\u00e1cticas de los D\u00edas D dise\u00f1adas en los \u00faltimos a\u00f1os, como otras actividades de otras publicaciones en las que hemos dise\u00f1ado material para trabajar esta tem\u00e1tica. Las unidades, divididas por franjas de edad, pueden utilizarse, tanto el 18 de diciembre, D\u00eda Internacional de las Personas Migrantes, como el 20 de junio, D\u00eda Internacional de las Personas Refugiadas, as\u00ed como para preparar la celebraci\u00f3n de cualquier evento o actividad que requiera trabajar el tema de las migraciones forzosas.<\/p>\n","protected":false},"featured_media":5850,"template":"","format":[115],"categories":[12],"tags":[10],"cause":[129],"class_list":["post-5815","publicacion","type-publicacion","status-publish","has-post-thumbnail","hentry","category-recursos-educativos","tag-migracion-y-refugio","cause-migracion-y-refugio","format-recursos-educativos"],"acf":[],"yoast_head":"<!-- This site is optimized with the Yoast SEO Premium plugin v21.6 (Yoast SEO v27.5) - https:\/\/yoast.com\/product\/yoast-seo-premium-wordpress\/ -->\n<title>Recopilaci\u00f3n de unidades did\u00e1cticas para trabajar sobre migraciones forzosas. - Entreculturas<\/title>\n<meta name=\"robots\" content=\"index, follow, max-snippet:-1, max-image-preview:large, max-video-preview:-1\" \/>\n<link rel=\"canonical\" href=\"https:\/\/www.entreculturas.org\/fr\/publicacion\/recopilacion-de-unidades-didacticas-para-trabajar-sobre-migraciones-forzosas\/\" \/>\n<meta property=\"og:locale\" content=\"fr_FR\" \/>\n<meta property=\"og:type\" content=\"article\" \/>\n<meta property=\"og:title\" content=\"Recopilaci\u00f3n de unidades did\u00e1cticas para trabajar sobre migraciones forzosas.\" \/>\n<meta property=\"og:description\" content=\"A continuaci\u00f3n, adjuntamos la recopilaci\u00f3n de una serie de unidades did\u00e1cticas dise\u00f1adas durante los \u00faltimos a\u00f1os para trabajar con grupos de j\u00f3venes de \u00e1mbitos educativos tanto formales como no formales, desde los 4 a los 18 a\u00f1os, el tema de las migraciones forzosas en el mundo. Esta recopilaci\u00f3n incluye, tanto las unidades did\u00e1cticas de los D\u00edas D dise\u00f1adas en los \u00faltimos a\u00f1os, como otras actividades de otras publicaciones en las que hemos dise\u00f1ado material para trabajar esta tem\u00e1tica. Las unidades, divididas por franjas de edad, pueden utilizarse, tanto el 18 de diciembre, D\u00eda Internacional de las Personas Migrantes, como el 20 de junio, D\u00eda Internacional de las Personas Refugiadas, as\u00ed como para preparar la celebraci\u00f3n de cualquier evento o actividad que requiera trabajar el tema de las migraciones forzosas.\" \/>\n<meta property=\"og:url\" content=\"https:\/\/www.entreculturas.org\/fr\/publicacion\/recopilacion-de-unidades-didacticas-para-trabajar-sobre-migraciones-forzosas\/\" \/>\n<meta property=\"og:site_name\" content=\"Entreculturas\" \/>\n<meta property=\"article:publisher\" content=\"https:\/\/www.facebook.com\/entreculturas\" \/>\n<meta property=\"article:modified_time\" content=\"2024-03-20T16:47:29+00:00\" \/>\n<meta property=\"og:image\" content=\"https:\/\/www.entreculturas.org\/wp-content\/uploads\/2020\/12\/cartel_fronteras_que_unen-scaled-1.jpg\" \/>\n\t<meta property=\"og:image:width\" content=\"1890\" \/>\n\t<meta property=\"og:image:height\" content=\"2560\" \/>\n\t<meta property=\"og:image:type\" content=\"image\/jpeg\" \/>\n<meta name=\"twitter:card\" content=\"summary_large_image\" \/>\n<meta name=\"twitter:site\" content=\"@Entreculturas\" \/>\n<script type=\"application\/ld+json\" class=\"yoast-schema-graph\">{\"@context\":\"https:\\\/\\\/schema.org\",\"@graph\":[{\"@type\":\"WebPage\",\"@id\":\"https:\\\/\\\/www.entreculturas.org\\\/fr\\\/publicacion\\\/recopilacion-de-unidades-didacticas-para-trabajar-sobre-migraciones-forzosas\\\/\",\"url\":\"https:\\\/\\\/www.entreculturas.org\\\/fr\\\/publicacion\\\/recopilacion-de-unidades-didacticas-para-trabajar-sobre-migraciones-forzosas\\\/\",\"name\":\"Recopilaci\u00f3n de unidades did\u00e1cticas para trabajar sobre migraciones forzosas. - Entreculturas\",\"isPartOf\":{\"@id\":\"https:\\\/\\\/www.entreculturas.org\\\/fr\\\/#website\"},\"primaryImageOfPage\":{\"@id\":\"https:\\\/\\\/www.entreculturas.org\\\/fr\\\/publicacion\\\/recopilacion-de-unidades-didacticas-para-trabajar-sobre-migraciones-forzosas\\\/#primaryimage\"},\"image\":{\"@id\":\"https:\\\/\\\/www.entreculturas.org\\\/fr\\\/publicacion\\\/recopilacion-de-unidades-didacticas-para-trabajar-sobre-migraciones-forzosas\\\/#primaryimage\"},\"thumbnailUrl\":\"https:\\\/\\\/www.entreculturas.org\\\/wp-content\\\/uploads\\\/2020\\\/12\\\/cartel_fronteras_que_unen-scaled-1.jpg\",\"datePublished\":\"2020-12-01T10:14:58+00:00\",\"dateModified\":\"2024-03-20T16:47:29+00:00\",\"breadcrumb\":{\"@id\":\"https:\\\/\\\/www.entreculturas.org\\\/fr\\\/publicacion\\\/recopilacion-de-unidades-didacticas-para-trabajar-sobre-migraciones-forzosas\\\/#breadcrumb\"},\"inLanguage\":\"fr-FR\",\"potentialAction\":[{\"@type\":\"ReadAction\",\"target\":[\"https:\\\/\\\/www.entreculturas.org\\\/fr\\\/publicacion\\\/recopilacion-de-unidades-didacticas-para-trabajar-sobre-migraciones-forzosas\\\/\"]}]},{\"@type\":\"ImageObject\",\"inLanguage\":\"fr-FR\",\"@id\":\"https:\\\/\\\/www.entreculturas.org\\\/fr\\\/publicacion\\\/recopilacion-de-unidades-didacticas-para-trabajar-sobre-migraciones-forzosas\\\/#primaryimage\",\"url\":\"https:\\\/\\\/www.entreculturas.org\\\/wp-content\\\/uploads\\\/2020\\\/12\\\/cartel_fronteras_que_unen-scaled-1.jpg\",\"contentUrl\":\"https:\\\/\\\/www.entreculturas.org\\\/wp-content\\\/uploads\\\/2020\\\/12\\\/cartel_fronteras_que_unen-scaled-1.jpg\",\"width\":1890,\"height\":2560,\"caption\":\"cartel_fronteras_que_unen\"},{\"@type\":\"BreadcrumbList\",\"@id\":\"https:\\\/\\\/www.entreculturas.org\\\/fr\\\/publicacion\\\/recopilacion-de-unidades-didacticas-para-trabajar-sobre-migraciones-forzosas\\\/#breadcrumb\",\"itemListElement\":[{\"@type\":\"ListItem\",\"position\":1,\"name\":\"Home\",\"item\":\"https:\\\/\\\/www.entreculturas.org\\\/fr\\\/\"},{\"@type\":\"ListItem\",\"position\":2,\"name\":\"Publicaciones\",\"item\":\"https:\\\/\\\/www.entreculturas.org\\\/fr\\\/publicaciones\\\/\"},{\"@type\":\"ListItem\",\"position\":3,\"name\":\"Recopilaci\u00f3n de unidades did\u00e1cticas para trabajar sobre migraciones forzosas.\"}]},{\"@type\":\"WebSite\",\"@id\":\"https:\\\/\\\/www.entreculturas.org\\\/fr\\\/#website\",\"url\":\"https:\\\/\\\/www.entreculturas.org\\\/fr\\\/\",\"name\":\"Entreculturas\",\"description\":\"\",\"publisher\":{\"@id\":\"https:\\\/\\\/www.entreculturas.org\\\/fr\\\/#organization\"},\"alternateName\":\"Entreculturas\",\"potentialAction\":[{\"@type\":\"SearchAction\",\"target\":{\"@type\":\"EntryPoint\",\"urlTemplate\":\"https:\\\/\\\/www.entreculturas.org\\\/fr\\\/?s={search_term_string}\"},\"query-input\":{\"@type\":\"PropertyValueSpecification\",\"valueRequired\":true,\"valueName\":\"search_term_string\"}}],\"inLanguage\":\"fr-FR\"},{\"@type\":\"Organization\",\"@id\":\"https:\\\/\\\/www.entreculturas.org\\\/fr\\\/#organization\",\"name\":\"Entreculturas\",\"url\":\"https:\\\/\\\/www.entreculturas.org\\\/fr\\\/\",\"logo\":{\"@type\":\"ImageObject\",\"inLanguage\":\"fr-FR\",\"@id\":\"https:\\\/\\\/www.entreculturas.org\\\/fr\\\/#\\\/schema\\\/logo\\\/image\\\/\",\"url\":\"https:\\\/\\\/www.entreculturas.org\\\/wp-content\\\/uploads\\\/2025\\\/10\\\/ESP.svg\",\"contentUrl\":\"https:\\\/\\\/www.entreculturas.org\\\/wp-content\\\/uploads\\\/2025\\\/10\\\/ESP.svg\",\"caption\":\"Entreculturas\"},\"image\":{\"@id\":\"https:\\\/\\\/www.entreculturas.org\\\/fr\\\/#\\\/schema\\\/logo\\\/image\\\/\"},\"sameAs\":[\"https:\\\/\\\/www.facebook.com\\\/entreculturas\",\"https:\\\/\\\/x.com\\\/Entreculturas\",\"https:\\\/\\\/www.instagram.com\\\/entreculturas\\\/\",\"https:\\\/\\\/www.youtube.com\\\/user\\\/entreculturasvideo\",\"https:\\\/\\\/www.linkedin.com\\\/company\\\/fundacion-entreculturas-ngdo\\\/\",\"https:\\\/\\\/www.flickr.com\\\/photos\\\/98455522@N04\\\/albums\\\/\"]}]}<\/script>\n<!-- \/ Yoast SEO Premium plugin. -->","yoast_head_json":{"title":"Recopilaci\u00f3n de unidades did\u00e1cticas para trabajar sobre migraciones forzosas. - Entreculturas","robots":{"index":"index","follow":"follow","max-snippet":"max-snippet:-1","max-image-preview":"max-image-preview:large","max-video-preview":"max-video-preview:-1"},"canonical":"https:\/\/www.entreculturas.org\/fr\/publicacion\/recopilacion-de-unidades-didacticas-para-trabajar-sobre-migraciones-forzosas\/","og_locale":"fr_FR","og_type":"article","og_title":"Recopilaci\u00f3n de unidades did\u00e1cticas para trabajar sobre migraciones forzosas.","og_description":"A continuaci\u00f3n, adjuntamos la recopilaci\u00f3n de una serie de unidades did\u00e1cticas dise\u00f1adas durante los \u00faltimos a\u00f1os para trabajar con grupos de j\u00f3venes de \u00e1mbitos educativos tanto formales como no formales, desde los 4 a los 18 a\u00f1os, el tema de las migraciones forzosas en el mundo. Esta recopilaci\u00f3n incluye, tanto las unidades did\u00e1cticas de los D\u00edas D dise\u00f1adas en los \u00faltimos a\u00f1os, como otras actividades de otras publicaciones en las que hemos dise\u00f1ado material para trabajar esta tem\u00e1tica. Las unidades, divididas por franjas de edad, pueden utilizarse, tanto el 18 de diciembre, D\u00eda Internacional de las Personas Migrantes, como el 20 de junio, D\u00eda Internacional de las Personas Refugiadas, as\u00ed como para preparar la celebraci\u00f3n de cualquier evento o actividad que requiera trabajar el tema de las migraciones forzosas.","og_url":"https:\/\/www.entreculturas.org\/fr\/publicacion\/recopilacion-de-unidades-didacticas-para-trabajar-sobre-migraciones-forzosas\/","og_site_name":"Entreculturas","article_publisher":"https:\/\/www.facebook.com\/entreculturas","article_modified_time":"2024-03-20T16:47:29+00:00","og_image":[{"width":1890,"height":2560,"url":"https:\/\/www.entreculturas.org\/wp-content\/uploads\/2020\/12\/cartel_fronteras_que_unen-scaled-1.jpg","type":"image\/jpeg"}],"twitter_card":"summary_large_image","twitter_site":"@Entreculturas","schema":{"@context":"https:\/\/schema.org","@graph":[{"@type":"WebPage","@id":"https:\/\/www.entreculturas.org\/fr\/publicacion\/recopilacion-de-unidades-didacticas-para-trabajar-sobre-migraciones-forzosas\/","url":"https:\/\/www.entreculturas.org\/fr\/publicacion\/recopilacion-de-unidades-didacticas-para-trabajar-sobre-migraciones-forzosas\/","name":"Recopilaci\u00f3n de unidades did\u00e1cticas para trabajar sobre migraciones forzosas. - Entreculturas","isPartOf":{"@id":"https:\/\/www.entreculturas.org\/fr\/#website"},"primaryImageOfPage":{"@id":"https:\/\/www.entreculturas.org\/fr\/publicacion\/recopilacion-de-unidades-didacticas-para-trabajar-sobre-migraciones-forzosas\/#primaryimage"},"image":{"@id":"https:\/\/www.entreculturas.org\/fr\/publicacion\/recopilacion-de-unidades-didacticas-para-trabajar-sobre-migraciones-forzosas\/#primaryimage"},"thumbnailUrl":"https:\/\/www.entreculturas.org\/wp-content\/uploads\/2020\/12\/cartel_fronteras_que_unen-scaled-1.jpg","datePublished":"2020-12-01T10:14:58+00:00","dateModified":"2024-03-20T16:47:29+00:00","breadcrumb":{"@id":"https:\/\/www.entreculturas.org\/fr\/publicacion\/recopilacion-de-unidades-didacticas-para-trabajar-sobre-migraciones-forzosas\/#breadcrumb"},"inLanguage":"fr-FR","potentialAction":[{"@type":"ReadAction","target":["https:\/\/www.entreculturas.org\/fr\/publicacion\/recopilacion-de-unidades-didacticas-para-trabajar-sobre-migraciones-forzosas\/"]}]},{"@type":"ImageObject","inLanguage":"fr-FR","@id":"https:\/\/www.entreculturas.org\/fr\/publicacion\/recopilacion-de-unidades-didacticas-para-trabajar-sobre-migraciones-forzosas\/#primaryimage","url":"https:\/\/www.entreculturas.org\/wp-content\/uploads\/2020\/12\/cartel_fronteras_que_unen-scaled-1.jpg","contentUrl":"https:\/\/www.entreculturas.org\/wp-content\/uploads\/2020\/12\/cartel_fronteras_que_unen-scaled-1.jpg","width":1890,"height":2560,"caption":"cartel_fronteras_que_unen"},{"@type":"BreadcrumbList","@id":"https:\/\/www.entreculturas.org\/fr\/publicacion\/recopilacion-de-unidades-didacticas-para-trabajar-sobre-migraciones-forzosas\/#breadcrumb","itemListElement":[{"@type":"ListItem","position":1,"name":"Home","item":"https:\/\/www.entreculturas.org\/fr\/"},{"@type":"ListItem","position":2,"name":"Publicaciones","item":"https:\/\/www.entreculturas.org\/fr\/publicaciones\/"},{"@type":"ListItem","position":3,"name":"Recopilaci\u00f3n de unidades did\u00e1cticas para trabajar sobre migraciones forzosas."}]},{"@type":"WebSite","@id":"https:\/\/www.entreculturas.org\/fr\/#website","url":"https:\/\/www.entreculturas.org\/fr\/","name":"Entreculturas","description":"","publisher":{"@id":"https:\/\/www.entreculturas.org\/fr\/#organization"},"alternateName":"Entreculturas","potentialAction":[{"@type":"SearchAction","target":{"@type":"EntryPoint","urlTemplate":"https:\/\/www.entreculturas.org\/fr\/?s={search_term_string}"},"query-input":{"@type":"PropertyValueSpecification","valueRequired":true,"valueName":"search_term_string"}}],"inLanguage":"fr-FR"},{"@type":"Organization","@id":"https:\/\/www.entreculturas.org\/fr\/#organization","name":"Entreculturas","url":"https:\/\/www.entreculturas.org\/fr\/","logo":{"@type":"ImageObject","inLanguage":"fr-FR","@id":"https:\/\/www.entreculturas.org\/fr\/#\/schema\/logo\/image\/","url":"https:\/\/www.entreculturas.org\/wp-content\/uploads\/2025\/10\/ESP.svg","contentUrl":"https:\/\/www.entreculturas.org\/wp-content\/uploads\/2025\/10\/ESP.svg","caption":"Entreculturas"},"image":{"@id":"https:\/\/www.entreculturas.org\/fr\/#\/schema\/logo\/image\/"},"sameAs":["https:\/\/www.facebook.com\/entreculturas","https:\/\/x.com\/Entreculturas","https:\/\/www.instagram.com\/entreculturas\/","https:\/\/www.youtube.com\/user\/entreculturasvideo","https:\/\/www.linkedin.com\/company\/fundacion-entreculturas-ngdo\/","https:\/\/www.flickr.com\/photos\/98455522@N04\/albums\/"]}]}},"_links":{"self":[{"href":"https:\/\/www.entreculturas.org\/fr\/wp-json\/wp\/v2\/publicacion\/5815","targetHints":{"allow":["GET"]}}],"collection":[{"href":"https:\/\/www.entreculturas.org\/fr\/wp-json\/wp\/v2\/publicacion"}],"about":[{"href":"https:\/\/www.entreculturas.org\/fr\/wp-json\/wp\/v2\/types\/publicacion"}],"wp:featuredmedia":[{"embeddable":true,"href":"https:\/\/www.entreculturas.org\/fr\/wp-json\/wp\/v2\/media\/5850"}],"wp:attachment":[{"href":"https:\/\/www.entreculturas.org\/fr\/wp-json\/wp\/v2\/media?parent=5815"}],"wp:term":[{"taxonomy":"category","embeddable":true,"href":"https:\/\/www.entreculturas.org\/fr\/wp-json\/wp\/v2\/categories?post=5815"},{"taxonomy":"post_tag","embeddable":true,"href":"https:\/\/www.entreculturas.org\/fr\/wp-json\/wp\/v2\/tags?post=5815"},{"taxonomy":"cause","embeddable":true,"href":"https:\/\/www.entreculturas.org\/fr\/wp-json\/wp\/v2\/cause?post=5815"},{"taxonomy":"format","embeddable":true,"href":"https:\/\/www.entreculturas.org\/fr\/wp-json\/wp\/v2\/format?post=5815"}],"curies":[{"name":"wp","href":"https:\/\/api.w.org\/{rel}","templated":true}]}}