{"id":5690,"date":"2020-07-27T10:05:20","date_gmt":"2020-07-27T10:05:20","guid":{"rendered":"https:\/\/entreculturasi.wpenginepowered.com\/?publicaciones=la-casita-del-camino-finalista-un-mundo-de-cuento"},"modified":"2024-03-20T17:57:45","modified_gmt":"2024-03-20T16:57:45","slug":"la-casita-del-camino-finalista-un-mundo-de-cuento","status":"publish","type":"publicacion","link":"https:\/\/www.entreculturas.org\/fr\/publicacion\/la-casita-del-camino-finalista-un-mundo-de-cuento\/","title":{"rendered":"\u00ab\u00a0La Casita del Camino\u00a0\u00bb: Finalista Un Mundo de Cuento"},"content":{"rendered":"<p><em>Por Lenilda de Souza<\/em><\/p>\n<p>\u00ab\u00a0En un pueblo muy peque\u00f1o y muy bonito en medio de la naturaleza, viv\u00edan tres hermanos con sus padres y su abuela materna. Todos los d\u00edas los tres hermanos iban a la escuela, la \u00fanica que hab\u00eda en el pueblo, no era muy grande, tampoco hab\u00edan muchos alumnos. Lo hac\u00edan andando porque les encantaban ver, tocar y jugar con los \u00e1rboles, los p\u00e1jaros,las flores y los charcos cuando llov\u00eda. En el camino hacia la escuela pasaban por una casita peque\u00f1a de barro y hojas de palmeras, all\u00ed tambi\u00e9n viv\u00edan tres hermanos con sus padres y sus abuelos.<\/p>\n<p>A los hermanos les llamaban la atenci\u00f3n porque nunca iban a la escuela y as\u00ed se iban pasando los d\u00edas, hasta que un d\u00eda uno de los hermanos tuvo la idea de hablar con ellos y acerc\u00e1ndose a su casa mientras pensaba en lo que iba a decir, cuando lleg\u00f3 estaban los ni\u00f1os jugando en frente de la casa y les dijo: Vamos con nosotros a la Escuela, a lo que contest\u00f3 uno de los tres: No podemos, no tenemos ropa, ni tampoco material escolar para poder acudir a la escuela. Sin decir nada les dijo adi\u00f3s y se fue. A sus hermanos les pareci\u00f3 raro su silencio y al mismo tiempo inquietud. Pero no hicieron ninguna pregunta.Lo \u00fanico que dijo fue: \u201cvamos que llegaremos tarde a la Escuela, al volver a casa, no se pararon frente a aquella casita peque\u00f1a que les llam\u00f3 la atenci\u00f3n cuando iban, algo hab\u00eda cambiado, el silencio se lo dec\u00eda, ten\u00edan prisa por llegar a casa.<\/p>\n<p>Uno de los hermanos le pregunt\u00f3 qu\u00e9 hab\u00edan dicho los ni\u00f1os de la peque\u00f1a casa del camino. Les cont\u00f3 lo que le hab\u00edan dicho y pensaron que ser\u00eda importante hablar con sus padres para juntos buscar una forma de ayudar para que aquellos ni\u00f1os tambi\u00e9n pudieran ir a la escuela. Esa misma tarde fueron con sus padres a visitar a sus nuevos amigos y compa\u00f1eros de clase. Pensaron que pod\u00eda haber m\u00e1s ni\u00f1os en esa situaci\u00f3n. Entonces tuvieron la idea de&nbsp; visitar a los ni\u00f1os que viv\u00edan por all\u00ed y que no iban a la escuela. En una mochila metieron un cuaderno y un l\u00e1piz. Y salieron de puerta en puerta apuntando los nombres y las edades de aquellos ni\u00f1os y ni\u00f1as que no pod\u00edan ir a la escuela. Hicieron esa tarea durante un mes. Y descubrieron que muchos ni\u00f1os y ni\u00f1as pasaban por muchas necesidades. Se unieron con los otros 3 hermanos y formaron un grupo para ir por las casas pidiendo para los que no ten\u00edan y as\u00ed todos pod\u00edan ir a la escuela.<\/p>\n<p>Con el tiempo, pensaron un nombre para el grupo, les surg\u00edan muchos pero se hicieron llamar La Mochila de la ESPERANZA. Era una mochila de mediano tama\u00f1o con una flor de tela pegada con colores vivos y llenos de vida. Hay que decir que la primera mochila era de tela hecha a mano y la flor pintada por la abuela materna. Aquella iniciativa fue tan bonita y tan aceptada en el pueblo que muchas personas empezaron a movilizarse para ayudar y seguir con tan gran iniciativa.<\/p>\n<p>Todo el pueblo empez\u00f3 a movilizarse y a acompa\u00f1ar tan brillante iniciativa de aquellos tres hermanos de 11,12 y 13 a\u00f1os que ya no eran solos los tres m\u00e1s seis. Con el tiempo se dieron cuenta de que hac\u00eda falta m\u00e1s escuelas en el pueblo, m\u00e1s profesores y m\u00e1s personas dispuestas a ayudar. La escuela era peque\u00f1a y no cab\u00edan todos los ni\u00f1os y ni\u00f1as que no estaban escolarizados y que no pod\u00edan asistir a las clases por sus condiciones. En un a\u0148o, aquella iniciativa creci\u00f3 y al grupo se unieron todo el pueblo para ayudar y colaborar. Era tan bonito y tan lleno de vida aquel proyecto que empez\u00f3 con una vista que la noticia fue pasando a los pueblos vecinos de una forma tan abrangente que otros pueblos empezaron a seguir aquel bonito ejemplo.<\/p>\n<p>Un d\u00eda alguien pregunt\u00f3 a uno de los tres hermanos de qu\u00e9 estaba llena la mochila que siempre la llevaban y sin pensar mucho respondi\u00f3 : va llena de gratitud, generosidad, gentileza, amor, ayuda mutua, colaboraci\u00f3n, vida, preocupaci\u00f3n, empat\u00eda, libertad&#8230; muchos sentimientos y emociones pero, especialmente va llena de ESPERANZA de esa esperanza que surge cuando creemos que no hay salida,que nace cuando somos capaces de sentir, ver y ayudarnos para que otros tambi\u00e9n puedan.<\/p>\n<p>Que la Esperanza sea siempre nuestra compa\u00f1era de camino y vida.\u00a0\u00bb<\/p>\n<p><em>*Ilustrado por Teresa Mart\u00edn.<\/em><\/p>\n","protected":false},"excerpt":{"rendered":"<p>Por Lenilda de Souza \u00ab\u00a0En un pueblo muy peque\u00f1o y muy bonito en medio de la naturaleza, viv\u00edan tres hermanos con sus padres y su abuela materna. Todos los d\u00edas los tres hermanos iban a la escuela, la \u00fanica que hab\u00eda en el pueblo, no era muy grande, tampoco hab\u00edan muchos alumnos. Lo hac\u00edan andando porque les encantaban ver, tocar y jugar con los \u00e1rboles, los p\u00e1jaros,las flores y los charcos cuando llov\u00eda. En el camino hacia la escuela pasaban por una casita peque\u00f1a de barro y hojas de palmeras, all\u00ed tambi\u00e9n viv\u00edan tres hermanos con sus padres y sus abuelos. A los hermanos les llamaban la atenci\u00f3n porque nunca iban a la escuela y as\u00ed se iban pasando los d\u00edas, hasta que un d\u00eda uno de los hermanos tuvo la idea de hablar con ellos y acerc\u00e1ndose a su casa mientras pensaba en lo que iba a decir, cuando [&hellip;]<\/p>\n","protected":false},"featured_media":5693,"template":"","format":[115],"categories":[12],"tags":[8],"cause":[128],"class_list":["post-5690","publicacion","type-publicacion","status-publish","has-post-thumbnail","hentry","category-recursos-educativos","tag-participacion-y-ciudadania-global","cause-educacion","format-recursos-educativos"],"acf":[],"yoast_head":"<!-- This site is optimized with the Yoast SEO Premium plugin v21.6 (Yoast SEO v27.5) - https:\/\/yoast.com\/product\/yoast-seo-premium-wordpress\/ -->\n<title>&quot;La Casita del Camino&quot;: Finalista Un Mundo de Cuento - Entreculturas<\/title>\n<meta name=\"robots\" content=\"index, follow, max-snippet:-1, max-image-preview:large, max-video-preview:-1\" \/>\n<link rel=\"canonical\" href=\"https:\/\/www.entreculturas.org\/fr\/publicacion\/la-casita-del-camino-finalista-un-mundo-de-cuento\/\" \/>\n<meta property=\"og:locale\" content=\"fr_FR\" \/>\n<meta property=\"og:type\" content=\"article\" \/>\n<meta property=\"og:title\" content=\"&quot;La Casita del Camino&quot;: Finalista Un Mundo de Cuento\" \/>\n<meta property=\"og:description\" content=\"Por Lenilda de Souza \u00ab\u00a0En un pueblo muy peque\u00f1o y muy bonito en medio de la naturaleza, viv\u00edan tres hermanos con sus padres y su abuela materna. Todos los d\u00edas los tres hermanos iban a la escuela, la \u00fanica que hab\u00eda en el pueblo, no era muy grande, tampoco hab\u00edan muchos alumnos. Lo hac\u00edan andando porque les encantaban ver, tocar y jugar con los \u00e1rboles, los p\u00e1jaros,las flores y los charcos cuando llov\u00eda. En el camino hacia la escuela pasaban por una casita peque\u00f1a de barro y hojas de palmeras, all\u00ed tambi\u00e9n viv\u00edan tres hermanos con sus padres y sus abuelos. A los hermanos les llamaban la atenci\u00f3n porque nunca iban a la escuela y as\u00ed se iban pasando los d\u00edas, hasta que un d\u00eda uno de los hermanos tuvo la idea de hablar con ellos y acerc\u00e1ndose a su casa mientras pensaba en lo que iba a decir, cuando [&hellip;]\" \/>\n<meta property=\"og:url\" content=\"https:\/\/www.entreculturas.org\/fr\/publicacion\/la-casita-del-camino-finalista-un-mundo-de-cuento\/\" \/>\n<meta property=\"og:site_name\" content=\"Entreculturas\" \/>\n<meta property=\"article:publisher\" content=\"https:\/\/www.facebook.com\/entreculturas\" \/>\n<meta property=\"article:modified_time\" content=\"2024-03-20T16:57:45+00:00\" \/>\n<meta property=\"og:image\" content=\"https:\/\/www.entreculturas.org\/wp-content\/uploads\/2020\/07\/13-scaled-1.jpg\" \/>\n\t<meta property=\"og:image:width\" content=\"2132\" \/>\n\t<meta property=\"og:image:height\" content=\"2560\" \/>\n\t<meta property=\"og:image:type\" content=\"image\/jpeg\" \/>\n<meta name=\"twitter:card\" content=\"summary_large_image\" \/>\n<meta name=\"twitter:site\" content=\"@Entreculturas\" \/>\n<script type=\"application\/ld+json\" class=\"yoast-schema-graph\">{\"@context\":\"https:\\\/\\\/schema.org\",\"@graph\":[{\"@type\":\"WebPage\",\"@id\":\"https:\\\/\\\/www.entreculturas.org\\\/fr\\\/publicacion\\\/la-casita-del-camino-finalista-un-mundo-de-cuento\\\/\",\"url\":\"https:\\\/\\\/www.entreculturas.org\\\/fr\\\/publicacion\\\/la-casita-del-camino-finalista-un-mundo-de-cuento\\\/\",\"name\":\"\\\"La Casita del Camino\\\": Finalista Un Mundo de Cuento - Entreculturas\",\"isPartOf\":{\"@id\":\"https:\\\/\\\/www.entreculturas.org\\\/fr\\\/#website\"},\"primaryImageOfPage\":{\"@id\":\"https:\\\/\\\/www.entreculturas.org\\\/fr\\\/publicacion\\\/la-casita-del-camino-finalista-un-mundo-de-cuento\\\/#primaryimage\"},\"image\":{\"@id\":\"https:\\\/\\\/www.entreculturas.org\\\/fr\\\/publicacion\\\/la-casita-del-camino-finalista-un-mundo-de-cuento\\\/#primaryimage\"},\"thumbnailUrl\":\"https:\\\/\\\/www.entreculturas.org\\\/wp-content\\\/uploads\\\/2020\\\/07\\\/13-scaled-1.jpg\",\"datePublished\":\"2020-07-27T10:05:20+00:00\",\"dateModified\":\"2024-03-20T16:57:45+00:00\",\"breadcrumb\":{\"@id\":\"https:\\\/\\\/www.entreculturas.org\\\/fr\\\/publicacion\\\/la-casita-del-camino-finalista-un-mundo-de-cuento\\\/#breadcrumb\"},\"inLanguage\":\"fr-FR\",\"potentialAction\":[{\"@type\":\"ReadAction\",\"target\":[\"https:\\\/\\\/www.entreculturas.org\\\/fr\\\/publicacion\\\/la-casita-del-camino-finalista-un-mundo-de-cuento\\\/\"]}]},{\"@type\":\"ImageObject\",\"inLanguage\":\"fr-FR\",\"@id\":\"https:\\\/\\\/www.entreculturas.org\\\/fr\\\/publicacion\\\/la-casita-del-camino-finalista-un-mundo-de-cuento\\\/#primaryimage\",\"url\":\"https:\\\/\\\/www.entreculturas.org\\\/wp-content\\\/uploads\\\/2020\\\/07\\\/13-scaled-1.jpg\",\"contentUrl\":\"https:\\\/\\\/www.entreculturas.org\\\/wp-content\\\/uploads\\\/2020\\\/07\\\/13-scaled-1.jpg\",\"width\":2132,\"height\":2560,\"caption\":\"13\"},{\"@type\":\"BreadcrumbList\",\"@id\":\"https:\\\/\\\/www.entreculturas.org\\\/fr\\\/publicacion\\\/la-casita-del-camino-finalista-un-mundo-de-cuento\\\/#breadcrumb\",\"itemListElement\":[{\"@type\":\"ListItem\",\"position\":1,\"name\":\"Home\",\"item\":\"https:\\\/\\\/www.entreculturas.org\\\/fr\\\/\"},{\"@type\":\"ListItem\",\"position\":2,\"name\":\"Publicaciones\",\"item\":\"https:\\\/\\\/www.entreculturas.org\\\/fr\\\/publicaciones\\\/\"},{\"@type\":\"ListItem\",\"position\":3,\"name\":\"\u00ab\u00a0La Casita del Camino\u00a0\u00bb: Finalista Un Mundo de Cuento\"}]},{\"@type\":\"WebSite\",\"@id\":\"https:\\\/\\\/www.entreculturas.org\\\/fr\\\/#website\",\"url\":\"https:\\\/\\\/www.entreculturas.org\\\/fr\\\/\",\"name\":\"Entreculturas\",\"description\":\"\",\"publisher\":{\"@id\":\"https:\\\/\\\/www.entreculturas.org\\\/fr\\\/#organization\"},\"alternateName\":\"Entreculturas\",\"potentialAction\":[{\"@type\":\"SearchAction\",\"target\":{\"@type\":\"EntryPoint\",\"urlTemplate\":\"https:\\\/\\\/www.entreculturas.org\\\/fr\\\/?s={search_term_string}\"},\"query-input\":{\"@type\":\"PropertyValueSpecification\",\"valueRequired\":true,\"valueName\":\"search_term_string\"}}],\"inLanguage\":\"fr-FR\"},{\"@type\":\"Organization\",\"@id\":\"https:\\\/\\\/www.entreculturas.org\\\/fr\\\/#organization\",\"name\":\"Entreculturas\",\"url\":\"https:\\\/\\\/www.entreculturas.org\\\/fr\\\/\",\"logo\":{\"@type\":\"ImageObject\",\"inLanguage\":\"fr-FR\",\"@id\":\"https:\\\/\\\/www.entreculturas.org\\\/fr\\\/#\\\/schema\\\/logo\\\/image\\\/\",\"url\":\"https:\\\/\\\/www.entreculturas.org\\\/wp-content\\\/uploads\\\/2025\\\/10\\\/ESP.svg\",\"contentUrl\":\"https:\\\/\\\/www.entreculturas.org\\\/wp-content\\\/uploads\\\/2025\\\/10\\\/ESP.svg\",\"caption\":\"Entreculturas\"},\"image\":{\"@id\":\"https:\\\/\\\/www.entreculturas.org\\\/fr\\\/#\\\/schema\\\/logo\\\/image\\\/\"},\"sameAs\":[\"https:\\\/\\\/www.facebook.com\\\/entreculturas\",\"https:\\\/\\\/x.com\\\/Entreculturas\",\"https:\\\/\\\/www.instagram.com\\\/entreculturas\\\/\",\"https:\\\/\\\/www.youtube.com\\\/user\\\/entreculturasvideo\",\"https:\\\/\\\/www.linkedin.com\\\/company\\\/fundacion-entreculturas-ngdo\\\/\",\"https:\\\/\\\/www.flickr.com\\\/photos\\\/98455522@N04\\\/albums\\\/\"]}]}<\/script>\n<!-- \/ Yoast SEO Premium plugin. -->","yoast_head_json":{"title":"\"La Casita del Camino\": Finalista Un Mundo de Cuento - Entreculturas","robots":{"index":"index","follow":"follow","max-snippet":"max-snippet:-1","max-image-preview":"max-image-preview:large","max-video-preview":"max-video-preview:-1"},"canonical":"https:\/\/www.entreculturas.org\/fr\/publicacion\/la-casita-del-camino-finalista-un-mundo-de-cuento\/","og_locale":"fr_FR","og_type":"article","og_title":"\"La Casita del Camino\": Finalista Un Mundo de Cuento","og_description":"Por Lenilda de Souza \u00ab\u00a0En un pueblo muy peque\u00f1o y muy bonito en medio de la naturaleza, viv\u00edan tres hermanos con sus padres y su abuela materna. Todos los d\u00edas los tres hermanos iban a la escuela, la \u00fanica que hab\u00eda en el pueblo, no era muy grande, tampoco hab\u00edan muchos alumnos. Lo hac\u00edan andando porque les encantaban ver, tocar y jugar con los \u00e1rboles, los p\u00e1jaros,las flores y los charcos cuando llov\u00eda. En el camino hacia la escuela pasaban por una casita peque\u00f1a de barro y hojas de palmeras, all\u00ed tambi\u00e9n viv\u00edan tres hermanos con sus padres y sus abuelos. A los hermanos les llamaban la atenci\u00f3n porque nunca iban a la escuela y as\u00ed se iban pasando los d\u00edas, hasta que un d\u00eda uno de los hermanos tuvo la idea de hablar con ellos y acerc\u00e1ndose a su casa mientras pensaba en lo que iba a decir, cuando [&hellip;]","og_url":"https:\/\/www.entreculturas.org\/fr\/publicacion\/la-casita-del-camino-finalista-un-mundo-de-cuento\/","og_site_name":"Entreculturas","article_publisher":"https:\/\/www.facebook.com\/entreculturas","article_modified_time":"2024-03-20T16:57:45+00:00","og_image":[{"width":2132,"height":2560,"url":"https:\/\/www.entreculturas.org\/wp-content\/uploads\/2020\/07\/13-scaled-1.jpg","type":"image\/jpeg"}],"twitter_card":"summary_large_image","twitter_site":"@Entreculturas","schema":{"@context":"https:\/\/schema.org","@graph":[{"@type":"WebPage","@id":"https:\/\/www.entreculturas.org\/fr\/publicacion\/la-casita-del-camino-finalista-un-mundo-de-cuento\/","url":"https:\/\/www.entreculturas.org\/fr\/publicacion\/la-casita-del-camino-finalista-un-mundo-de-cuento\/","name":"\"La Casita del Camino\": Finalista Un Mundo de Cuento - Entreculturas","isPartOf":{"@id":"https:\/\/www.entreculturas.org\/fr\/#website"},"primaryImageOfPage":{"@id":"https:\/\/www.entreculturas.org\/fr\/publicacion\/la-casita-del-camino-finalista-un-mundo-de-cuento\/#primaryimage"},"image":{"@id":"https:\/\/www.entreculturas.org\/fr\/publicacion\/la-casita-del-camino-finalista-un-mundo-de-cuento\/#primaryimage"},"thumbnailUrl":"https:\/\/www.entreculturas.org\/wp-content\/uploads\/2020\/07\/13-scaled-1.jpg","datePublished":"2020-07-27T10:05:20+00:00","dateModified":"2024-03-20T16:57:45+00:00","breadcrumb":{"@id":"https:\/\/www.entreculturas.org\/fr\/publicacion\/la-casita-del-camino-finalista-un-mundo-de-cuento\/#breadcrumb"},"inLanguage":"fr-FR","potentialAction":[{"@type":"ReadAction","target":["https:\/\/www.entreculturas.org\/fr\/publicacion\/la-casita-del-camino-finalista-un-mundo-de-cuento\/"]}]},{"@type":"ImageObject","inLanguage":"fr-FR","@id":"https:\/\/www.entreculturas.org\/fr\/publicacion\/la-casita-del-camino-finalista-un-mundo-de-cuento\/#primaryimage","url":"https:\/\/www.entreculturas.org\/wp-content\/uploads\/2020\/07\/13-scaled-1.jpg","contentUrl":"https:\/\/www.entreculturas.org\/wp-content\/uploads\/2020\/07\/13-scaled-1.jpg","width":2132,"height":2560,"caption":"13"},{"@type":"BreadcrumbList","@id":"https:\/\/www.entreculturas.org\/fr\/publicacion\/la-casita-del-camino-finalista-un-mundo-de-cuento\/#breadcrumb","itemListElement":[{"@type":"ListItem","position":1,"name":"Home","item":"https:\/\/www.entreculturas.org\/fr\/"},{"@type":"ListItem","position":2,"name":"Publicaciones","item":"https:\/\/www.entreculturas.org\/fr\/publicaciones\/"},{"@type":"ListItem","position":3,"name":"\u00ab\u00a0La Casita del Camino\u00a0\u00bb: Finalista Un Mundo de Cuento"}]},{"@type":"WebSite","@id":"https:\/\/www.entreculturas.org\/fr\/#website","url":"https:\/\/www.entreculturas.org\/fr\/","name":"Entreculturas","description":"","publisher":{"@id":"https:\/\/www.entreculturas.org\/fr\/#organization"},"alternateName":"Entreculturas","potentialAction":[{"@type":"SearchAction","target":{"@type":"EntryPoint","urlTemplate":"https:\/\/www.entreculturas.org\/fr\/?s={search_term_string}"},"query-input":{"@type":"PropertyValueSpecification","valueRequired":true,"valueName":"search_term_string"}}],"inLanguage":"fr-FR"},{"@type":"Organization","@id":"https:\/\/www.entreculturas.org\/fr\/#organization","name":"Entreculturas","url":"https:\/\/www.entreculturas.org\/fr\/","logo":{"@type":"ImageObject","inLanguage":"fr-FR","@id":"https:\/\/www.entreculturas.org\/fr\/#\/schema\/logo\/image\/","url":"https:\/\/www.entreculturas.org\/wp-content\/uploads\/2025\/10\/ESP.svg","contentUrl":"https:\/\/www.entreculturas.org\/wp-content\/uploads\/2025\/10\/ESP.svg","caption":"Entreculturas"},"image":{"@id":"https:\/\/www.entreculturas.org\/fr\/#\/schema\/logo\/image\/"},"sameAs":["https:\/\/www.facebook.com\/entreculturas","https:\/\/x.com\/Entreculturas","https:\/\/www.instagram.com\/entreculturas\/","https:\/\/www.youtube.com\/user\/entreculturasvideo","https:\/\/www.linkedin.com\/company\/fundacion-entreculturas-ngdo\/","https:\/\/www.flickr.com\/photos\/98455522@N04\/albums\/"]}]}},"_links":{"self":[{"href":"https:\/\/www.entreculturas.org\/fr\/wp-json\/wp\/v2\/publicacion\/5690","targetHints":{"allow":["GET"]}}],"collection":[{"href":"https:\/\/www.entreculturas.org\/fr\/wp-json\/wp\/v2\/publicacion"}],"about":[{"href":"https:\/\/www.entreculturas.org\/fr\/wp-json\/wp\/v2\/types\/publicacion"}],"wp:featuredmedia":[{"embeddable":true,"href":"https:\/\/www.entreculturas.org\/fr\/wp-json\/wp\/v2\/media\/5693"}],"wp:attachment":[{"href":"https:\/\/www.entreculturas.org\/fr\/wp-json\/wp\/v2\/media?parent=5690"}],"wp:term":[{"taxonomy":"category","embeddable":true,"href":"https:\/\/www.entreculturas.org\/fr\/wp-json\/wp\/v2\/categories?post=5690"},{"taxonomy":"post_tag","embeddable":true,"href":"https:\/\/www.entreculturas.org\/fr\/wp-json\/wp\/v2\/tags?post=5690"},{"taxonomy":"cause","embeddable":true,"href":"https:\/\/www.entreculturas.org\/fr\/wp-json\/wp\/v2\/cause?post=5690"},{"taxonomy":"format","embeddable":true,"href":"https:\/\/www.entreculturas.org\/fr\/wp-json\/wp\/v2\/format?post=5690"}],"curies":[{"name":"wp","href":"https:\/\/api.w.org\/{rel}","templated":true}]}}