{"id":5686,"date":"2020-07-27T10:01:23","date_gmt":"2020-07-27T10:01:23","guid":{"rendered":"https:\/\/entreculturasi.wpenginepowered.com\/?publicaciones=vivir-finalista-un-mundo-de-cuento"},"modified":"2024-03-20T17:58:00","modified_gmt":"2024-03-20T16:58:00","slug":"vivir-finalista-un-mundo-de-cuento","status":"publish","type":"publicacion","link":"https:\/\/www.entreculturas.org\/fr\/publicacion\/vivir-finalista-un-mundo-de-cuento\/","title":{"rendered":"\u00ab\u00a0Vivir\u00a0\u00bb: Finalista Un Mundo de Cuento"},"content":{"rendered":"<p><em>Por Sara Gibert Depr\u00e1<\/em><\/p>\n<p>\u00ab\u00a0Vivir. \u00bfQu\u00e9 es vivir? Vivir es aquello que desea el ser humano, aquello a lo que se aferra cuando se siente amenazado. Vivir es tener sue\u00f1os y poder existir en este mundo teniendo deseos propios. Parece que todo el mundo lo puede hacer, pues a simple vista es una de las cosas que hacemos nada m\u00e1s nacer. Pero a m\u00ed no se me permite vivir. Entre golpes y cr\u00edticas tener deseos o sue\u00f1os es muy complicado, pero no he conocido otra realidad desde que empec\u00e9 a existir. Solo puedo vagar por las calles como un recipiente vac\u00edo, sin vida, sonriendo, aunque s\u00e9 que cuando llegu\u00e9 a casa nuevos moratones aparecer\u00e1n en mi cuerpo. Ya nada me importa. No estoy viva, solo soy otra marioneta al control de un hombre que siempre se saldr\u00e1 con la suya.<br \/>Todas las noches, cierro los ojos, pero solo veo oscuridad, pues no puedo so\u00f1ar.<\/p>\n<p>Hoy es igual. Cierro los ojos y solo veo oscuridad.<\/p>\n<p>Me despierto y me levanto de la cama. Bajo para preparar el desayuno como siempre, pero pasa algo. \u00bfD\u00f3nde est\u00e1 mi marido? Nunca se salta el desayuno. Empiezo a asustarme temi\u00e9ndome lo peor. Me visto y salgo por la puerta de mi casa lo m\u00e1s r\u00e1pido que puedo, pero nada m\u00e1s atravesar la entrada mis pies se paran. Me quedo boquiabierta. Ese mundo gris que siempre he conocido, lleno de sonrisas falsas y de gente que no se respeta ya no est\u00e1. Ha cambiado. Ante m\u00ed veo un mundo lleno de color, con gente jugando y sonriendo, ni\u00f1os en los parques y personas hablando. Todos muestran sonrisas puras y verdaderas. Empiezo a caminar asombrada por ese mundo nuevo que se ha presentado ante m\u00ed. Empiezo a mirar las calles llenas de dibujos, de pintadas, de banderas de distintos colores por todas partes, pero no son banderas de pa\u00edses sino banderas de todos los colores, banderas con arco\u00edris pintados, banderas con patrones que no reconozco como el s\u00edmbolo de la mujer con un pu\u00f1o alzado.<\/p>\n<p>De repente me tropiezo y caigo al suelo, pues estaba distra\u00edda admirando la grandeza de ese lugar. Cuando me dispongo a levantarme un chico se acerca y me ofrece su mano. Asustada le digo que no pasa nada, pero \u00e9l insiste, as\u00ed que nerviosa le doy la mano y me llevo una gran sorpresa: su mano es muy c\u00e1lida y su tacto es sincero. Parece como si solo a trav\u00e9s de sus manos pudiese saber todo de \u00e9l.<br \/>&#8211;&nbsp;\u00bfEst\u00e1s perdida? Te he visto dando vueltas sobre ti misma durante un buen rato con cara de sorpresa, por lo que no creo que seas de aqu\u00ed.<br \/>&#8211;&nbsp;Ah, s\u00ed. No s\u00e9 c\u00f3mo he llegado hasta aqu\u00ed pero no te preocupes, ya lo resolver\u00e9 yo sola.<br \/>&#8211;&nbsp;Si quieres yo te puedo ayudar.<br \/>&#8211; No hace falta de verd\u2026 &#8211; Mir\u00e1ndole a los ojos puedo leer todo lo que est\u00e1 pensando. Sus palabras son honestas, solo quiere ayudarme. \u2013 Vale.<br \/>&#8211;&nbsp;\u00bfC\u00f3mo te llamas? &#8211; Le pregunto.<br \/>&#8211; Sebasti\u00e1n.<\/p>\n<p>Me levanto y le sigo. Es curioso, no me da la mano ni me pregunta nada a menos que yo quiera que lo haga. No me ha preguntado por mi nombre porque sabe que si no estar\u00eda inc\u00f3moda. Mientras caminamos le voy preguntando por el significado de las banderas y por todo aquello que no entiendo. Me habla de cosas que no parecen reales: igualdad, homosexualidad, libertad. Me explica cada una de esas palabras y sigo admirando ese mundo al que mis ojos adoran.<br \/>Pronto oscurece y vuelvo a mi hogar. Sebasti\u00e1n se despide y yo me voy directa a la cama tras un d\u00eda agotador. Cuando me tumbo siento algo extra\u00f1o en mi interior, pero lo ignoro y cierro los ojos.<br \/>Me despierto, pero esta vez mi marido est\u00e1 a mi lado. Me levanto de la cama corriendo y salgo por la puerta, pero el mundo gris ha vuelto.<br \/>No.<br \/>Decidida, cojo una maleta y meto todo lo que puedo, salgo corriendo de casa antes de que mi marido se despierte. Cojo un tren, el primero que pasa. Me embarco en un largo viaje, guiada \u00fanicamente por mi instinto.<\/p>\n<p>Por fin se abren las puertas.<br \/>El mundo de color me recibe con los brazos abiertos. Ese mundo est\u00e1 lleno de gente amable que me respeta y me ayuda durante el largo camino que empiezo a recorrer.<br \/>Ha pasado ya un a\u00f1o y aunque todav\u00eda no he visto a Sebasti\u00e1n, he conseguido adaptarme al mundo que \u00e9l me mostr\u00f3. He descubierto muchas cosas que no sab\u00eda de m\u00ed misma y s\u00e9 que todav\u00eda me falta mucho por descubrir. Pero aquello de lo que estoy segura es que merezco respeto y tener sue\u00f1os y deseos, y no voy a permitir que nadie me trate como un objeto. Por primera vez en mi vida estoy viviendo.<br \/>Y quiero hacer que el resto de las mujeres puedan vivir, por eso, de la mano de mi novia, empiezo un proyecto para hacer que el mundo entero conozca mi historia. Ahora ya queda menos para que todos podamos vivir como personas iguales, gracias a que todos los pa\u00edses nos apoyamos los unos a los otros y porque hay m\u00e1s gente como yo que lucha por los derechos y la justicia.<br \/>Unidos nadie podr\u00e1 pararnos.<\/p>\n<p>Mi nombre es Esperanza y voy a seguir alzando mi voz hasta que todo el mundo pueda vivir.\u00a0\u00bb<\/p>\n<p><em>*Ilustrado por Elena Guill\u00e9n<\/em><\/p>\n","protected":false},"excerpt":{"rendered":"<p>Por Sara Gibert Depr\u00e1 \u00ab\u00a0Vivir. \u00bfQu\u00e9 es vivir? Vivir es aquello que desea el ser humano, aquello a lo que se aferra cuando se siente amenazado. Vivir es tener sue\u00f1os y poder existir en este mundo teniendo deseos propios. Parece que todo el mundo lo puede hacer, pues a simple vista es una de las cosas que hacemos nada m\u00e1s nacer. Pero a m\u00ed no se me permite vivir. Entre golpes y cr\u00edticas tener deseos o sue\u00f1os es muy complicado, pero no he conocido otra realidad desde que empec\u00e9 a existir. Solo puedo vagar por las calles como un recipiente vac\u00edo, sin vida, sonriendo, aunque s\u00e9 que cuando llegu\u00e9 a casa nuevos moratones aparecer\u00e1n en mi cuerpo. Ya nada me importa. No estoy viva, solo soy otra marioneta al control de un hombre que siempre se saldr\u00e1 con la suya.Todas las noches, cierro los ojos, pero solo veo oscuridad, pues [&hellip;]<\/p>\n","protected":false},"featured_media":5689,"template":"","format":[115],"categories":[12],"tags":[8],"cause":[128,132],"class_list":["post-5686","publicacion","type-publicacion","status-publish","has-post-thumbnail","hentry","category-recursos-educativos","tag-participacion-y-ciudadania-global","cause-educacion","cause-participacion-y-ciudadania-global","format-recursos-educativos"],"acf":[],"yoast_head":"<!-- This site is optimized with the Yoast SEO Premium plugin v21.6 (Yoast SEO v27.5) - https:\/\/yoast.com\/product\/yoast-seo-premium-wordpress\/ -->\n<title>&quot;Vivir&quot;: Finalista Un Mundo de Cuento - Entreculturas<\/title>\n<meta name=\"robots\" content=\"index, follow, max-snippet:-1, max-image-preview:large, max-video-preview:-1\" \/>\n<link rel=\"canonical\" href=\"https:\/\/www.entreculturas.org\/fr\/publicacion\/vivir-finalista-un-mundo-de-cuento\/\" \/>\n<meta property=\"og:locale\" content=\"fr_FR\" \/>\n<meta property=\"og:type\" content=\"article\" \/>\n<meta property=\"og:title\" content=\"&quot;Vivir&quot;: Finalista Un Mundo de Cuento\" \/>\n<meta property=\"og:description\" content=\"Por Sara Gibert Depr\u00e1 \u00ab\u00a0Vivir. \u00bfQu\u00e9 es vivir? Vivir es aquello que desea el ser humano, aquello a lo que se aferra cuando se siente amenazado. Vivir es tener sue\u00f1os y poder existir en este mundo teniendo deseos propios. Parece que todo el mundo lo puede hacer, pues a simple vista es una de las cosas que hacemos nada m\u00e1s nacer. Pero a m\u00ed no se me permite vivir. Entre golpes y cr\u00edticas tener deseos o sue\u00f1os es muy complicado, pero no he conocido otra realidad desde que empec\u00e9 a existir. Solo puedo vagar por las calles como un recipiente vac\u00edo, sin vida, sonriendo, aunque s\u00e9 que cuando llegu\u00e9 a casa nuevos moratones aparecer\u00e1n en mi cuerpo. Ya nada me importa. No estoy viva, solo soy otra marioneta al control de un hombre que siempre se saldr\u00e1 con la suya.Todas las noches, cierro los ojos, pero solo veo oscuridad, pues [&hellip;]\" \/>\n<meta property=\"og:url\" content=\"https:\/\/www.entreculturas.org\/fr\/publicacion\/vivir-finalista-un-mundo-de-cuento\/\" \/>\n<meta property=\"og:site_name\" content=\"Entreculturas\" \/>\n<meta property=\"article:publisher\" content=\"https:\/\/www.facebook.com\/entreculturas\" \/>\n<meta property=\"article:modified_time\" content=\"2024-03-20T16:58:00+00:00\" \/>\n<meta property=\"og:image\" content=\"https:\/\/www.entreculturas.org\/wp-content\/uploads\/2020\/07\/12.jpg\" \/>\n\t<meta property=\"og:image:width\" content=\"1645\" \/>\n\t<meta property=\"og:image:height\" content=\"1645\" \/>\n\t<meta property=\"og:image:type\" content=\"image\/jpeg\" \/>\n<meta name=\"twitter:card\" content=\"summary_large_image\" \/>\n<meta name=\"twitter:site\" content=\"@Entreculturas\" \/>\n<script type=\"application\/ld+json\" class=\"yoast-schema-graph\">{\"@context\":\"https:\\\/\\\/schema.org\",\"@graph\":[{\"@type\":\"WebPage\",\"@id\":\"https:\\\/\\\/www.entreculturas.org\\\/fr\\\/publicacion\\\/vivir-finalista-un-mundo-de-cuento\\\/\",\"url\":\"https:\\\/\\\/www.entreculturas.org\\\/fr\\\/publicacion\\\/vivir-finalista-un-mundo-de-cuento\\\/\",\"name\":\"\\\"Vivir\\\": Finalista Un Mundo de Cuento - Entreculturas\",\"isPartOf\":{\"@id\":\"https:\\\/\\\/www.entreculturas.org\\\/fr\\\/#website\"},\"primaryImageOfPage\":{\"@id\":\"https:\\\/\\\/www.entreculturas.org\\\/fr\\\/publicacion\\\/vivir-finalista-un-mundo-de-cuento\\\/#primaryimage\"},\"image\":{\"@id\":\"https:\\\/\\\/www.entreculturas.org\\\/fr\\\/publicacion\\\/vivir-finalista-un-mundo-de-cuento\\\/#primaryimage\"},\"thumbnailUrl\":\"https:\\\/\\\/www.entreculturas.org\\\/wp-content\\\/uploads\\\/2020\\\/07\\\/12.jpg\",\"datePublished\":\"2020-07-27T10:01:23+00:00\",\"dateModified\":\"2024-03-20T16:58:00+00:00\",\"breadcrumb\":{\"@id\":\"https:\\\/\\\/www.entreculturas.org\\\/fr\\\/publicacion\\\/vivir-finalista-un-mundo-de-cuento\\\/#breadcrumb\"},\"inLanguage\":\"fr-FR\",\"potentialAction\":[{\"@type\":\"ReadAction\",\"target\":[\"https:\\\/\\\/www.entreculturas.org\\\/fr\\\/publicacion\\\/vivir-finalista-un-mundo-de-cuento\\\/\"]}]},{\"@type\":\"ImageObject\",\"inLanguage\":\"fr-FR\",\"@id\":\"https:\\\/\\\/www.entreculturas.org\\\/fr\\\/publicacion\\\/vivir-finalista-un-mundo-de-cuento\\\/#primaryimage\",\"url\":\"https:\\\/\\\/www.entreculturas.org\\\/wp-content\\\/uploads\\\/2020\\\/07\\\/12.jpg\",\"contentUrl\":\"https:\\\/\\\/www.entreculturas.org\\\/wp-content\\\/uploads\\\/2020\\\/07\\\/12.jpg\",\"width\":1645,\"height\":1645,\"caption\":\"12\"},{\"@type\":\"BreadcrumbList\",\"@id\":\"https:\\\/\\\/www.entreculturas.org\\\/fr\\\/publicacion\\\/vivir-finalista-un-mundo-de-cuento\\\/#breadcrumb\",\"itemListElement\":[{\"@type\":\"ListItem\",\"position\":1,\"name\":\"Home\",\"item\":\"https:\\\/\\\/www.entreculturas.org\\\/fr\\\/\"},{\"@type\":\"ListItem\",\"position\":2,\"name\":\"Publicaciones\",\"item\":\"https:\\\/\\\/www.entreculturas.org\\\/fr\\\/publicaciones\\\/\"},{\"@type\":\"ListItem\",\"position\":3,\"name\":\"\u00ab\u00a0Vivir\u00a0\u00bb: Finalista Un Mundo de Cuento\"}]},{\"@type\":\"WebSite\",\"@id\":\"https:\\\/\\\/www.entreculturas.org\\\/fr\\\/#website\",\"url\":\"https:\\\/\\\/www.entreculturas.org\\\/fr\\\/\",\"name\":\"Entreculturas\",\"description\":\"\",\"publisher\":{\"@id\":\"https:\\\/\\\/www.entreculturas.org\\\/fr\\\/#organization\"},\"alternateName\":\"Entreculturas\",\"potentialAction\":[{\"@type\":\"SearchAction\",\"target\":{\"@type\":\"EntryPoint\",\"urlTemplate\":\"https:\\\/\\\/www.entreculturas.org\\\/fr\\\/?s={search_term_string}\"},\"query-input\":{\"@type\":\"PropertyValueSpecification\",\"valueRequired\":true,\"valueName\":\"search_term_string\"}}],\"inLanguage\":\"fr-FR\"},{\"@type\":\"Organization\",\"@id\":\"https:\\\/\\\/www.entreculturas.org\\\/fr\\\/#organization\",\"name\":\"Entreculturas\",\"url\":\"https:\\\/\\\/www.entreculturas.org\\\/fr\\\/\",\"logo\":{\"@type\":\"ImageObject\",\"inLanguage\":\"fr-FR\",\"@id\":\"https:\\\/\\\/www.entreculturas.org\\\/fr\\\/#\\\/schema\\\/logo\\\/image\\\/\",\"url\":\"https:\\\/\\\/www.entreculturas.org\\\/wp-content\\\/uploads\\\/2025\\\/10\\\/ESP.svg\",\"contentUrl\":\"https:\\\/\\\/www.entreculturas.org\\\/wp-content\\\/uploads\\\/2025\\\/10\\\/ESP.svg\",\"caption\":\"Entreculturas\"},\"image\":{\"@id\":\"https:\\\/\\\/www.entreculturas.org\\\/fr\\\/#\\\/schema\\\/logo\\\/image\\\/\"},\"sameAs\":[\"https:\\\/\\\/www.facebook.com\\\/entreculturas\",\"https:\\\/\\\/x.com\\\/Entreculturas\",\"https:\\\/\\\/www.instagram.com\\\/entreculturas\\\/\",\"https:\\\/\\\/www.youtube.com\\\/user\\\/entreculturasvideo\",\"https:\\\/\\\/www.linkedin.com\\\/company\\\/fundacion-entreculturas-ngdo\\\/\",\"https:\\\/\\\/www.flickr.com\\\/photos\\\/98455522@N04\\\/albums\\\/\"]}]}<\/script>\n<!-- \/ Yoast SEO Premium plugin. -->","yoast_head_json":{"title":"\"Vivir\": Finalista Un Mundo de Cuento - Entreculturas","robots":{"index":"index","follow":"follow","max-snippet":"max-snippet:-1","max-image-preview":"max-image-preview:large","max-video-preview":"max-video-preview:-1"},"canonical":"https:\/\/www.entreculturas.org\/fr\/publicacion\/vivir-finalista-un-mundo-de-cuento\/","og_locale":"fr_FR","og_type":"article","og_title":"\"Vivir\": Finalista Un Mundo de Cuento","og_description":"Por Sara Gibert Depr\u00e1 \u00ab\u00a0Vivir. \u00bfQu\u00e9 es vivir? Vivir es aquello que desea el ser humano, aquello a lo que se aferra cuando se siente amenazado. Vivir es tener sue\u00f1os y poder existir en este mundo teniendo deseos propios. Parece que todo el mundo lo puede hacer, pues a simple vista es una de las cosas que hacemos nada m\u00e1s nacer. Pero a m\u00ed no se me permite vivir. Entre golpes y cr\u00edticas tener deseos o sue\u00f1os es muy complicado, pero no he conocido otra realidad desde que empec\u00e9 a existir. Solo puedo vagar por las calles como un recipiente vac\u00edo, sin vida, sonriendo, aunque s\u00e9 que cuando llegu\u00e9 a casa nuevos moratones aparecer\u00e1n en mi cuerpo. Ya nada me importa. No estoy viva, solo soy otra marioneta al control de un hombre que siempre se saldr\u00e1 con la suya.Todas las noches, cierro los ojos, pero solo veo oscuridad, pues [&hellip;]","og_url":"https:\/\/www.entreculturas.org\/fr\/publicacion\/vivir-finalista-un-mundo-de-cuento\/","og_site_name":"Entreculturas","article_publisher":"https:\/\/www.facebook.com\/entreculturas","article_modified_time":"2024-03-20T16:58:00+00:00","og_image":[{"width":1645,"height":1645,"url":"https:\/\/www.entreculturas.org\/wp-content\/uploads\/2020\/07\/12.jpg","type":"image\/jpeg"}],"twitter_card":"summary_large_image","twitter_site":"@Entreculturas","schema":{"@context":"https:\/\/schema.org","@graph":[{"@type":"WebPage","@id":"https:\/\/www.entreculturas.org\/fr\/publicacion\/vivir-finalista-un-mundo-de-cuento\/","url":"https:\/\/www.entreculturas.org\/fr\/publicacion\/vivir-finalista-un-mundo-de-cuento\/","name":"\"Vivir\": Finalista Un Mundo de Cuento - Entreculturas","isPartOf":{"@id":"https:\/\/www.entreculturas.org\/fr\/#website"},"primaryImageOfPage":{"@id":"https:\/\/www.entreculturas.org\/fr\/publicacion\/vivir-finalista-un-mundo-de-cuento\/#primaryimage"},"image":{"@id":"https:\/\/www.entreculturas.org\/fr\/publicacion\/vivir-finalista-un-mundo-de-cuento\/#primaryimage"},"thumbnailUrl":"https:\/\/www.entreculturas.org\/wp-content\/uploads\/2020\/07\/12.jpg","datePublished":"2020-07-27T10:01:23+00:00","dateModified":"2024-03-20T16:58:00+00:00","breadcrumb":{"@id":"https:\/\/www.entreculturas.org\/fr\/publicacion\/vivir-finalista-un-mundo-de-cuento\/#breadcrumb"},"inLanguage":"fr-FR","potentialAction":[{"@type":"ReadAction","target":["https:\/\/www.entreculturas.org\/fr\/publicacion\/vivir-finalista-un-mundo-de-cuento\/"]}]},{"@type":"ImageObject","inLanguage":"fr-FR","@id":"https:\/\/www.entreculturas.org\/fr\/publicacion\/vivir-finalista-un-mundo-de-cuento\/#primaryimage","url":"https:\/\/www.entreculturas.org\/wp-content\/uploads\/2020\/07\/12.jpg","contentUrl":"https:\/\/www.entreculturas.org\/wp-content\/uploads\/2020\/07\/12.jpg","width":1645,"height":1645,"caption":"12"},{"@type":"BreadcrumbList","@id":"https:\/\/www.entreculturas.org\/fr\/publicacion\/vivir-finalista-un-mundo-de-cuento\/#breadcrumb","itemListElement":[{"@type":"ListItem","position":1,"name":"Home","item":"https:\/\/www.entreculturas.org\/fr\/"},{"@type":"ListItem","position":2,"name":"Publicaciones","item":"https:\/\/www.entreculturas.org\/fr\/publicaciones\/"},{"@type":"ListItem","position":3,"name":"\u00ab\u00a0Vivir\u00a0\u00bb: Finalista Un Mundo de Cuento"}]},{"@type":"WebSite","@id":"https:\/\/www.entreculturas.org\/fr\/#website","url":"https:\/\/www.entreculturas.org\/fr\/","name":"Entreculturas","description":"","publisher":{"@id":"https:\/\/www.entreculturas.org\/fr\/#organization"},"alternateName":"Entreculturas","potentialAction":[{"@type":"SearchAction","target":{"@type":"EntryPoint","urlTemplate":"https:\/\/www.entreculturas.org\/fr\/?s={search_term_string}"},"query-input":{"@type":"PropertyValueSpecification","valueRequired":true,"valueName":"search_term_string"}}],"inLanguage":"fr-FR"},{"@type":"Organization","@id":"https:\/\/www.entreculturas.org\/fr\/#organization","name":"Entreculturas","url":"https:\/\/www.entreculturas.org\/fr\/","logo":{"@type":"ImageObject","inLanguage":"fr-FR","@id":"https:\/\/www.entreculturas.org\/fr\/#\/schema\/logo\/image\/","url":"https:\/\/www.entreculturas.org\/wp-content\/uploads\/2025\/10\/ESP.svg","contentUrl":"https:\/\/www.entreculturas.org\/wp-content\/uploads\/2025\/10\/ESP.svg","caption":"Entreculturas"},"image":{"@id":"https:\/\/www.entreculturas.org\/fr\/#\/schema\/logo\/image\/"},"sameAs":["https:\/\/www.facebook.com\/entreculturas","https:\/\/x.com\/Entreculturas","https:\/\/www.instagram.com\/entreculturas\/","https:\/\/www.youtube.com\/user\/entreculturasvideo","https:\/\/www.linkedin.com\/company\/fundacion-entreculturas-ngdo\/","https:\/\/www.flickr.com\/photos\/98455522@N04\/albums\/"]}]}},"_links":{"self":[{"href":"https:\/\/www.entreculturas.org\/fr\/wp-json\/wp\/v2\/publicacion\/5686","targetHints":{"allow":["GET"]}}],"collection":[{"href":"https:\/\/www.entreculturas.org\/fr\/wp-json\/wp\/v2\/publicacion"}],"about":[{"href":"https:\/\/www.entreculturas.org\/fr\/wp-json\/wp\/v2\/types\/publicacion"}],"wp:featuredmedia":[{"embeddable":true,"href":"https:\/\/www.entreculturas.org\/fr\/wp-json\/wp\/v2\/media\/5689"}],"wp:attachment":[{"href":"https:\/\/www.entreculturas.org\/fr\/wp-json\/wp\/v2\/media?parent=5686"}],"wp:term":[{"taxonomy":"category","embeddable":true,"href":"https:\/\/www.entreculturas.org\/fr\/wp-json\/wp\/v2\/categories?post=5686"},{"taxonomy":"post_tag","embeddable":true,"href":"https:\/\/www.entreculturas.org\/fr\/wp-json\/wp\/v2\/tags?post=5686"},{"taxonomy":"cause","embeddable":true,"href":"https:\/\/www.entreculturas.org\/fr\/wp-json\/wp\/v2\/cause?post=5686"},{"taxonomy":"format","embeddable":true,"href":"https:\/\/www.entreculturas.org\/fr\/wp-json\/wp\/v2\/format?post=5686"}],"curies":[{"name":"wp","href":"https:\/\/api.w.org\/{rel}","templated":true}]}}