{"id":5536,"date":"2020-05-25T11:08:24","date_gmt":"2020-05-25T11:08:24","guid":{"rendered":"https:\/\/entreculturasi.wpenginepowered.com\/?publicaciones=solidaridad-en-tiempos-de-crisis"},"modified":"2024-03-20T18:14:08","modified_gmt":"2024-03-20T17:14:08","slug":"solidaridad-en-tiempos-de-crisis","status":"publish","type":"publicacion","link":"https:\/\/www.entreculturas.org\/fr\/publicacion\/solidaridad-en-tiempos-de-crisis\/","title":{"rendered":"Solidaridad en tiempos de crisis"},"content":{"rendered":"<p>A continuaci\u00f3n presentamos un documento que reflexiona sobre la <strong>situaci\u00f3n de emergencia social que ha deparado la COVID-19<\/strong>, poniendo el foco en las brechas de desigualdad que ya exist\u00edan y que pueden aumentar tras la pandemia, especialmente, tras el cierre de la mayor\u00eda de centros educativos de todo el mundo. Las consecuencias para la educaci\u00f3n en cuanto brecha, no s\u00f3lo de acceso sino de aprendizaje de aquellos colectivos y regiones m\u00e1s vulnerables, as\u00ed como los efectos enla precarizaci\u00f3n de otros derechos y servicios que se prestaban a trav\u00e9s de la escuela.<\/p>\n<p>Solo saldremos de esta situaci\u00f3n que enfrentamos con <strong>m\u00e1s cooperaci\u00f3n<\/strong> y con la utilizaci\u00f3n de la <strong>educaci\u00f3n como instrumento fundamental<\/strong> para afrontar tanto la emergencia actual como las transformaciones sociales que se recogen en la Agenda Internacional de Desarrollo. Al final del mismo, presentamos 15 propuestas quepuedan ayudar a la cooperaci\u00f3n espa\u00f1ola en esta incorporaci\u00f3n de la educaci\u00f3n a su respuesta global.<\/p>\n\n\n<div class=\"wp-block-buttons is-layout-flex wp-block-buttons-is-layout-flex\">\n<div class=\"wp-block-button\"><a class=\"wp-block-button__link wp-element-button\" href=\"https:\/\/www.entreculturas.org\/wp-content\/uploads\/2020\/05\/solidaridad_en_tiempo_de_crisis.pdf\" target=\"_blank\" rel=\"noreferrer noopener\">DESCARGAR<\/a><\/div>\n<\/div>\n","protected":false},"excerpt":{"rendered":"<p>A continuaci\u00f3n presentamos un documento que reflexiona sobre la situaci\u00f3n de emergencia social que ha deparado la COVID-19, poniendo el foco en las brechas de desigualdad que ya exist\u00edan y que pueden aumentar tras la pandemia, especialmente, tras el cierre de la mayor\u00eda de centros educativos de todo el mundo. Las consecuencias para la educaci\u00f3n en cuanto brecha, no s\u00f3lo de acceso sino de aprendizaje de aquellos colectivos y regiones m\u00e1s vulnerables, as\u00ed como los efectos enla precarizaci\u00f3n de otros derechos y servicios que se prestaban a trav\u00e9s de la escuela. Solo saldremos de esta situaci\u00f3n que enfrentamos con m\u00e1s cooperaci\u00f3n y con la utilizaci\u00f3n de la educaci\u00f3n como instrumento fundamental para afrontar tanto la emergencia actual como las transformaciones sociales que se recogen en la Agenda Internacional de Desarrollo. Al final del mismo, presentamos 15 propuestas quepuedan ayudar a la cooperaci\u00f3n espa\u00f1ola en esta incorporaci\u00f3n de la educaci\u00f3n a [&hellip;]<\/p>\n","protected":false},"featured_media":5540,"template":"","format":[112],"categories":[18],"tags":[185],"cause":[128],"class_list":["post-5536","publicacion","type-publicacion","status-publish","has-post-thumbnail","hentry","category-estudios","tag-entreculturas","cause-educacion","format-estudios-e-informes"],"acf":[],"yoast_head":"<!-- This site is optimized with the Yoast SEO Premium plugin v21.6 (Yoast SEO v27.5) - https:\/\/yoast.com\/product\/yoast-seo-premium-wordpress\/ -->\n<title>Solidaridad en tiempos de crisis - Entreculturas<\/title>\n<meta name=\"robots\" content=\"index, follow, max-snippet:-1, max-image-preview:large, max-video-preview:-1\" \/>\n<link rel=\"canonical\" href=\"https:\/\/www.entreculturas.org\/fr\/publicacion\/solidaridad-en-tiempos-de-crisis\/\" \/>\n<meta property=\"og:locale\" content=\"fr_FR\" \/>\n<meta property=\"og:type\" content=\"article\" \/>\n<meta property=\"og:title\" content=\"Solidaridad en tiempos de crisis\" \/>\n<meta property=\"og:description\" content=\"A continuaci\u00f3n presentamos un documento que reflexiona sobre la situaci\u00f3n de emergencia social que ha deparado la COVID-19, poniendo el foco en las brechas de desigualdad que ya exist\u00edan y que pueden aumentar tras la pandemia, especialmente, tras el cierre de la mayor\u00eda de centros educativos de todo el mundo. Las consecuencias para la educaci\u00f3n en cuanto brecha, no s\u00f3lo de acceso sino de aprendizaje de aquellos colectivos y regiones m\u00e1s vulnerables, as\u00ed como los efectos enla precarizaci\u00f3n de otros derechos y servicios que se prestaban a trav\u00e9s de la escuela. Solo saldremos de esta situaci\u00f3n que enfrentamos con m\u00e1s cooperaci\u00f3n y con la utilizaci\u00f3n de la educaci\u00f3n como instrumento fundamental para afrontar tanto la emergencia actual como las transformaciones sociales que se recogen en la Agenda Internacional de Desarrollo. Al final del mismo, presentamos 15 propuestas quepuedan ayudar a la cooperaci\u00f3n espa\u00f1ola en esta incorporaci\u00f3n de la educaci\u00f3n a [&hellip;]\" \/>\n<meta property=\"og:url\" content=\"https:\/\/www.entreculturas.org\/fr\/publicacion\/solidaridad-en-tiempos-de-crisis\/\" \/>\n<meta property=\"og:site_name\" content=\"Entreculturas\" \/>\n<meta property=\"article:publisher\" content=\"https:\/\/www.facebook.com\/entreculturas\" \/>\n<meta property=\"article:modified_time\" content=\"2024-03-20T17:14:08+00:00\" \/>\n<meta property=\"og:image\" content=\"https:\/\/www.entreculturas.org\/wp-content\/uploads\/2020\/05\/captura_de_pantalla_2020-05-25_a_las_13.07.29.png\" \/>\n\t<meta property=\"og:image:width\" content=\"800\" \/>\n\t<meta property=\"og:image:height\" content=\"460\" \/>\n\t<meta property=\"og:image:type\" content=\"image\/png\" \/>\n<meta name=\"twitter:card\" content=\"summary_large_image\" \/>\n<meta name=\"twitter:site\" content=\"@Entreculturas\" \/>\n<script type=\"application\/ld+json\" class=\"yoast-schema-graph\">{\"@context\":\"https:\\\/\\\/schema.org\",\"@graph\":[{\"@type\":\"WebPage\",\"@id\":\"https:\\\/\\\/www.entreculturas.org\\\/fr\\\/publicacion\\\/solidaridad-en-tiempos-de-crisis\\\/\",\"url\":\"https:\\\/\\\/www.entreculturas.org\\\/fr\\\/publicacion\\\/solidaridad-en-tiempos-de-crisis\\\/\",\"name\":\"Solidaridad en tiempos de crisis - Entreculturas\",\"isPartOf\":{\"@id\":\"https:\\\/\\\/www.entreculturas.org\\\/fr\\\/#website\"},\"primaryImageOfPage\":{\"@id\":\"https:\\\/\\\/www.entreculturas.org\\\/fr\\\/publicacion\\\/solidaridad-en-tiempos-de-crisis\\\/#primaryimage\"},\"image\":{\"@id\":\"https:\\\/\\\/www.entreculturas.org\\\/fr\\\/publicacion\\\/solidaridad-en-tiempos-de-crisis\\\/#primaryimage\"},\"thumbnailUrl\":\"https:\\\/\\\/www.entreculturas.org\\\/wp-content\\\/uploads\\\/2020\\\/05\\\/captura_de_pantalla_2020-05-25_a_las_13.07.29.png\",\"datePublished\":\"2020-05-25T11:08:24+00:00\",\"dateModified\":\"2024-03-20T17:14:08+00:00\",\"breadcrumb\":{\"@id\":\"https:\\\/\\\/www.entreculturas.org\\\/fr\\\/publicacion\\\/solidaridad-en-tiempos-de-crisis\\\/#breadcrumb\"},\"inLanguage\":\"fr-FR\",\"potentialAction\":[{\"@type\":\"ReadAction\",\"target\":[\"https:\\\/\\\/www.entreculturas.org\\\/fr\\\/publicacion\\\/solidaridad-en-tiempos-de-crisis\\\/\"]}]},{\"@type\":\"ImageObject\",\"inLanguage\":\"fr-FR\",\"@id\":\"https:\\\/\\\/www.entreculturas.org\\\/fr\\\/publicacion\\\/solidaridad-en-tiempos-de-crisis\\\/#primaryimage\",\"url\":\"https:\\\/\\\/www.entreculturas.org\\\/wp-content\\\/uploads\\\/2020\\\/05\\\/captura_de_pantalla_2020-05-25_a_las_13.07.29.png\",\"contentUrl\":\"https:\\\/\\\/www.entreculturas.org\\\/wp-content\\\/uploads\\\/2020\\\/05\\\/captura_de_pantalla_2020-05-25_a_las_13.07.29.png\",\"width\":800,\"height\":460,\"caption\":\"captura_de_pantalla_2020-05-25_a_las_13\"},{\"@type\":\"BreadcrumbList\",\"@id\":\"https:\\\/\\\/www.entreculturas.org\\\/fr\\\/publicacion\\\/solidaridad-en-tiempos-de-crisis\\\/#breadcrumb\",\"itemListElement\":[{\"@type\":\"ListItem\",\"position\":1,\"name\":\"Home\",\"item\":\"https:\\\/\\\/www.entreculturas.org\\\/fr\\\/\"},{\"@type\":\"ListItem\",\"position\":2,\"name\":\"Publicaciones\",\"item\":\"https:\\\/\\\/www.entreculturas.org\\\/fr\\\/publicaciones\\\/\"},{\"@type\":\"ListItem\",\"position\":3,\"name\":\"Solidaridad en tiempos de crisis\"}]},{\"@type\":\"WebSite\",\"@id\":\"https:\\\/\\\/www.entreculturas.org\\\/fr\\\/#website\",\"url\":\"https:\\\/\\\/www.entreculturas.org\\\/fr\\\/\",\"name\":\"Entreculturas\",\"description\":\"\",\"publisher\":{\"@id\":\"https:\\\/\\\/www.entreculturas.org\\\/fr\\\/#organization\"},\"alternateName\":\"Entreculturas\",\"potentialAction\":[{\"@type\":\"SearchAction\",\"target\":{\"@type\":\"EntryPoint\",\"urlTemplate\":\"https:\\\/\\\/www.entreculturas.org\\\/fr\\\/?s={search_term_string}\"},\"query-input\":{\"@type\":\"PropertyValueSpecification\",\"valueRequired\":true,\"valueName\":\"search_term_string\"}}],\"inLanguage\":\"fr-FR\"},{\"@type\":\"Organization\",\"@id\":\"https:\\\/\\\/www.entreculturas.org\\\/fr\\\/#organization\",\"name\":\"Entreculturas\",\"url\":\"https:\\\/\\\/www.entreculturas.org\\\/fr\\\/\",\"logo\":{\"@type\":\"ImageObject\",\"inLanguage\":\"fr-FR\",\"@id\":\"https:\\\/\\\/www.entreculturas.org\\\/fr\\\/#\\\/schema\\\/logo\\\/image\\\/\",\"url\":\"https:\\\/\\\/www.entreculturas.org\\\/wp-content\\\/uploads\\\/2025\\\/10\\\/ESP.svg\",\"contentUrl\":\"https:\\\/\\\/www.entreculturas.org\\\/wp-content\\\/uploads\\\/2025\\\/10\\\/ESP.svg\",\"caption\":\"Entreculturas\"},\"image\":{\"@id\":\"https:\\\/\\\/www.entreculturas.org\\\/fr\\\/#\\\/schema\\\/logo\\\/image\\\/\"},\"sameAs\":[\"https:\\\/\\\/www.facebook.com\\\/entreculturas\",\"https:\\\/\\\/x.com\\\/Entreculturas\",\"https:\\\/\\\/www.instagram.com\\\/entreculturas\\\/\",\"https:\\\/\\\/www.youtube.com\\\/user\\\/entreculturasvideo\",\"https:\\\/\\\/www.linkedin.com\\\/company\\\/fundacion-entreculturas-ngdo\\\/\",\"https:\\\/\\\/www.flickr.com\\\/photos\\\/98455522@N04\\\/albums\\\/\"]}]}<\/script>\n<!-- \/ Yoast SEO Premium plugin. -->","yoast_head_json":{"title":"Solidaridad en tiempos de crisis - Entreculturas","robots":{"index":"index","follow":"follow","max-snippet":"max-snippet:-1","max-image-preview":"max-image-preview:large","max-video-preview":"max-video-preview:-1"},"canonical":"https:\/\/www.entreculturas.org\/fr\/publicacion\/solidaridad-en-tiempos-de-crisis\/","og_locale":"fr_FR","og_type":"article","og_title":"Solidaridad en tiempos de crisis","og_description":"A continuaci\u00f3n presentamos un documento que reflexiona sobre la situaci\u00f3n de emergencia social que ha deparado la COVID-19, poniendo el foco en las brechas de desigualdad que ya exist\u00edan y que pueden aumentar tras la pandemia, especialmente, tras el cierre de la mayor\u00eda de centros educativos de todo el mundo. Las consecuencias para la educaci\u00f3n en cuanto brecha, no s\u00f3lo de acceso sino de aprendizaje de aquellos colectivos y regiones m\u00e1s vulnerables, as\u00ed como los efectos enla precarizaci\u00f3n de otros derechos y servicios que se prestaban a trav\u00e9s de la escuela. Solo saldremos de esta situaci\u00f3n que enfrentamos con m\u00e1s cooperaci\u00f3n y con la utilizaci\u00f3n de la educaci\u00f3n como instrumento fundamental para afrontar tanto la emergencia actual como las transformaciones sociales que se recogen en la Agenda Internacional de Desarrollo. Al final del mismo, presentamos 15 propuestas quepuedan ayudar a la cooperaci\u00f3n espa\u00f1ola en esta incorporaci\u00f3n de la educaci\u00f3n a [&hellip;]","og_url":"https:\/\/www.entreculturas.org\/fr\/publicacion\/solidaridad-en-tiempos-de-crisis\/","og_site_name":"Entreculturas","article_publisher":"https:\/\/www.facebook.com\/entreculturas","article_modified_time":"2024-03-20T17:14:08+00:00","og_image":[{"width":800,"height":460,"url":"https:\/\/www.entreculturas.org\/wp-content\/uploads\/2020\/05\/captura_de_pantalla_2020-05-25_a_las_13.07.29.png","type":"image\/png"}],"twitter_card":"summary_large_image","twitter_site":"@Entreculturas","schema":{"@context":"https:\/\/schema.org","@graph":[{"@type":"WebPage","@id":"https:\/\/www.entreculturas.org\/fr\/publicacion\/solidaridad-en-tiempos-de-crisis\/","url":"https:\/\/www.entreculturas.org\/fr\/publicacion\/solidaridad-en-tiempos-de-crisis\/","name":"Solidaridad en tiempos de crisis - Entreculturas","isPartOf":{"@id":"https:\/\/www.entreculturas.org\/fr\/#website"},"primaryImageOfPage":{"@id":"https:\/\/www.entreculturas.org\/fr\/publicacion\/solidaridad-en-tiempos-de-crisis\/#primaryimage"},"image":{"@id":"https:\/\/www.entreculturas.org\/fr\/publicacion\/solidaridad-en-tiempos-de-crisis\/#primaryimage"},"thumbnailUrl":"https:\/\/www.entreculturas.org\/wp-content\/uploads\/2020\/05\/captura_de_pantalla_2020-05-25_a_las_13.07.29.png","datePublished":"2020-05-25T11:08:24+00:00","dateModified":"2024-03-20T17:14:08+00:00","breadcrumb":{"@id":"https:\/\/www.entreculturas.org\/fr\/publicacion\/solidaridad-en-tiempos-de-crisis\/#breadcrumb"},"inLanguage":"fr-FR","potentialAction":[{"@type":"ReadAction","target":["https:\/\/www.entreculturas.org\/fr\/publicacion\/solidaridad-en-tiempos-de-crisis\/"]}]},{"@type":"ImageObject","inLanguage":"fr-FR","@id":"https:\/\/www.entreculturas.org\/fr\/publicacion\/solidaridad-en-tiempos-de-crisis\/#primaryimage","url":"https:\/\/www.entreculturas.org\/wp-content\/uploads\/2020\/05\/captura_de_pantalla_2020-05-25_a_las_13.07.29.png","contentUrl":"https:\/\/www.entreculturas.org\/wp-content\/uploads\/2020\/05\/captura_de_pantalla_2020-05-25_a_las_13.07.29.png","width":800,"height":460,"caption":"captura_de_pantalla_2020-05-25_a_las_13"},{"@type":"BreadcrumbList","@id":"https:\/\/www.entreculturas.org\/fr\/publicacion\/solidaridad-en-tiempos-de-crisis\/#breadcrumb","itemListElement":[{"@type":"ListItem","position":1,"name":"Home","item":"https:\/\/www.entreculturas.org\/fr\/"},{"@type":"ListItem","position":2,"name":"Publicaciones","item":"https:\/\/www.entreculturas.org\/fr\/publicaciones\/"},{"@type":"ListItem","position":3,"name":"Solidaridad en tiempos de crisis"}]},{"@type":"WebSite","@id":"https:\/\/www.entreculturas.org\/fr\/#website","url":"https:\/\/www.entreculturas.org\/fr\/","name":"Entreculturas","description":"","publisher":{"@id":"https:\/\/www.entreculturas.org\/fr\/#organization"},"alternateName":"Entreculturas","potentialAction":[{"@type":"SearchAction","target":{"@type":"EntryPoint","urlTemplate":"https:\/\/www.entreculturas.org\/fr\/?s={search_term_string}"},"query-input":{"@type":"PropertyValueSpecification","valueRequired":true,"valueName":"search_term_string"}}],"inLanguage":"fr-FR"},{"@type":"Organization","@id":"https:\/\/www.entreculturas.org\/fr\/#organization","name":"Entreculturas","url":"https:\/\/www.entreculturas.org\/fr\/","logo":{"@type":"ImageObject","inLanguage":"fr-FR","@id":"https:\/\/www.entreculturas.org\/fr\/#\/schema\/logo\/image\/","url":"https:\/\/www.entreculturas.org\/wp-content\/uploads\/2025\/10\/ESP.svg","contentUrl":"https:\/\/www.entreculturas.org\/wp-content\/uploads\/2025\/10\/ESP.svg","caption":"Entreculturas"},"image":{"@id":"https:\/\/www.entreculturas.org\/fr\/#\/schema\/logo\/image\/"},"sameAs":["https:\/\/www.facebook.com\/entreculturas","https:\/\/x.com\/Entreculturas","https:\/\/www.instagram.com\/entreculturas\/","https:\/\/www.youtube.com\/user\/entreculturasvideo","https:\/\/www.linkedin.com\/company\/fundacion-entreculturas-ngdo\/","https:\/\/www.flickr.com\/photos\/98455522@N04\/albums\/"]}]}},"_links":{"self":[{"href":"https:\/\/www.entreculturas.org\/fr\/wp-json\/wp\/v2\/publicacion\/5536","targetHints":{"allow":["GET"]}}],"collection":[{"href":"https:\/\/www.entreculturas.org\/fr\/wp-json\/wp\/v2\/publicacion"}],"about":[{"href":"https:\/\/www.entreculturas.org\/fr\/wp-json\/wp\/v2\/types\/publicacion"}],"wp:featuredmedia":[{"embeddable":true,"href":"https:\/\/www.entreculturas.org\/fr\/wp-json\/wp\/v2\/media\/5540"}],"wp:attachment":[{"href":"https:\/\/www.entreculturas.org\/fr\/wp-json\/wp\/v2\/media?parent=5536"}],"wp:term":[{"taxonomy":"category","embeddable":true,"href":"https:\/\/www.entreculturas.org\/fr\/wp-json\/wp\/v2\/categories?post=5536"},{"taxonomy":"post_tag","embeddable":true,"href":"https:\/\/www.entreculturas.org\/fr\/wp-json\/wp\/v2\/tags?post=5536"},{"taxonomy":"cause","embeddable":true,"href":"https:\/\/www.entreculturas.org\/fr\/wp-json\/wp\/v2\/cause?post=5536"},{"taxonomy":"format","embeddable":true,"href":"https:\/\/www.entreculturas.org\/fr\/wp-json\/wp\/v2\/format?post=5536"}],"curies":[{"name":"wp","href":"https:\/\/api.w.org\/{rel}","templated":true}]}}