{"id":5352,"date":"2018-12-03T10:40:07","date_gmt":"2018-12-03T10:40:07","guid":{"rendered":"https:\/\/entreculturasi.wpenginepowered.com\/?publicaciones=dias-d-la-movilidad-forzosa-20182019"},"modified":"2024-04-22T12:48:28","modified_gmt":"2024-04-22T10:48:28","slug":"dias-d-la-movilidad-forzosa-20182019","status":"publish","type":"publicacion","link":"https:\/\/www.entreculturas.org\/fr\/publicacion\/dias-d-la-movilidad-forzosa-20182019\/","title":{"rendered":"D\u00edas D la Movilidad Forzosa 2018\/2019"},"content":{"rendered":"<p>Presentamos este nuevo D\u00eda D: un recurso educativo dise\u00f1ado para <strong>trabajar la realidad de las migraciones forzosas en el mundo<\/strong>, que puede ser utilizado tanto en el marco del <em>D\u00eda Internacional de las Personas Migrantes<\/em> (18 de diciembre), como del <em>D\u00eda Mundial de las Personas Refugiadas<\/em> (20 de junio).<\/p>\n<p>Esta unidad did\u00e1ctica en formato cartel recoge en su reverso <strong>4 propuestas did\u00e1cticas adaptadas por edades<\/strong> para acercar a grupos de j\u00f3venes de 4 a 18 a\u00f1os el concepto de movilidad forzosa. A trav\u00e9s de las distintas actividades los grupos podr\u00e1n reflexionar sobre las causas y las consecuencias de las migraciones forzosas en el mundo, identificando acciones que pueden poner en marcha para activar su importante rol ciudadano a la hora de promover una cultura de acogida en sus entornos.<\/p>\n\n\n<div class=\"wp-block-buttons is-layout-flex wp-block-buttons-is-layout-flex\">\n<div class=\"wp-block-button\"><a class=\"wp-block-button__link wp-element-button\" href=\"https:\/\/www.entreculturas.org\/wp-content\/uploads\/2019\/12\/diad_movilidad_forzosa.pdf\">descargar<\/a><\/div>\n<\/div>\n","protected":false},"excerpt":{"rendered":"<p>Presentamos este nuevo D\u00eda D: un recurso educativo dise\u00f1ado para trabajar la realidad de las migraciones forzosas en el mundo, que puede ser utilizado tanto en el marco del D\u00eda Internacional de las Personas Migrantes (18 de diciembre), como del D\u00eda Mundial de las Personas Refugiadas (20 de junio). Esta unidad did\u00e1ctica en formato cartel recoge en su reverso 4 propuestas did\u00e1cticas adaptadas por edades para acercar a grupos de j\u00f3venes de 4 a 18 a\u00f1os el concepto de movilidad forzosa. A trav\u00e9s de las distintas actividades los grupos podr\u00e1n reflexionar sobre las causas y las consecuencias de las migraciones forzosas en el mundo, identificando acciones que pueden poner en marcha para activar su importante rol ciudadano a la hora de promover una cultura de acogida en sus entornos.<\/p>\n","protected":false},"featured_media":5360,"template":"","format":[115],"categories":[12],"tags":[10],"cause":[129],"class_list":["post-5352","publicacion","type-publicacion","status-publish","has-post-thumbnail","hentry","category-recursos-educativos","tag-migracion-y-refugio","cause-migracion-y-refugio","format-recursos-educativos"],"acf":[],"yoast_head":"<!-- This site is optimized with the Yoast SEO Premium plugin v21.6 (Yoast SEO v27.5) - https:\/\/yoast.com\/product\/yoast-seo-premium-wordpress\/ -->\n<title>D\u00edas D la Movilidad Forzosa 2018\/2019 - Entreculturas<\/title>\n<meta name=\"robots\" content=\"index, follow, max-snippet:-1, max-image-preview:large, max-video-preview:-1\" \/>\n<link rel=\"canonical\" href=\"https:\/\/www.entreculturas.org\/fr\/publicacion\/dias-d-la-movilidad-forzosa-20182019\/\" \/>\n<meta property=\"og:locale\" content=\"fr_FR\" \/>\n<meta property=\"og:type\" content=\"article\" \/>\n<meta property=\"og:title\" content=\"D\u00edas D la Movilidad Forzosa 2018\/2019\" \/>\n<meta property=\"og:description\" content=\"Presentamos este nuevo D\u00eda D: un recurso educativo dise\u00f1ado para trabajar la realidad de las migraciones forzosas en el mundo, que puede ser utilizado tanto en el marco del D\u00eda Internacional de las Personas Migrantes (18 de diciembre), como del D\u00eda Mundial de las Personas Refugiadas (20 de junio). Esta unidad did\u00e1ctica en formato cartel recoge en su reverso 4 propuestas did\u00e1cticas adaptadas por edades para acercar a grupos de j\u00f3venes de 4 a 18 a\u00f1os el concepto de movilidad forzosa. A trav\u00e9s de las distintas actividades los grupos podr\u00e1n reflexionar sobre las causas y las consecuencias de las migraciones forzosas en el mundo, identificando acciones que pueden poner en marcha para activar su importante rol ciudadano a la hora de promover una cultura de acogida en sus entornos.\" \/>\n<meta property=\"og:url\" content=\"https:\/\/www.entreculturas.org\/fr\/publicacion\/dias-d-la-movilidad-forzosa-20182019\/\" \/>\n<meta property=\"og:site_name\" content=\"Entreculturas\" \/>\n<meta property=\"article:publisher\" content=\"https:\/\/www.facebook.com\/entreculturas\" \/>\n<meta property=\"article:modified_time\" content=\"2024-04-22T10:48:28+00:00\" \/>\n<meta property=\"og:image\" content=\"https:\/\/www.entreculturas.org\/wp-content\/uploads\/2018\/12\/dias_d_movilidad_forzosa_18-19-scaled-1.jpg\" \/>\n\t<meta property=\"og:image:width\" content=\"2560\" \/>\n\t<meta property=\"og:image:height\" content=\"1890\" \/>\n\t<meta property=\"og:image:type\" content=\"image\/jpeg\" \/>\n<meta name=\"twitter:card\" content=\"summary_large_image\" \/>\n<meta name=\"twitter:site\" content=\"@Entreculturas\" \/>\n<script type=\"application\/ld+json\" class=\"yoast-schema-graph\">{\"@context\":\"https:\\\/\\\/schema.org\",\"@graph\":[{\"@type\":\"WebPage\",\"@id\":\"https:\\\/\\\/www.entreculturas.org\\\/fr\\\/publicacion\\\/dias-d-la-movilidad-forzosa-20182019\\\/\",\"url\":\"https:\\\/\\\/www.entreculturas.org\\\/fr\\\/publicacion\\\/dias-d-la-movilidad-forzosa-20182019\\\/\",\"name\":\"D\u00edas D la Movilidad Forzosa 2018\\\/2019 - Entreculturas\",\"isPartOf\":{\"@id\":\"https:\\\/\\\/www.entreculturas.org\\\/fr\\\/#website\"},\"primaryImageOfPage\":{\"@id\":\"https:\\\/\\\/www.entreculturas.org\\\/fr\\\/publicacion\\\/dias-d-la-movilidad-forzosa-20182019\\\/#primaryimage\"},\"image\":{\"@id\":\"https:\\\/\\\/www.entreculturas.org\\\/fr\\\/publicacion\\\/dias-d-la-movilidad-forzosa-20182019\\\/#primaryimage\"},\"thumbnailUrl\":\"https:\\\/\\\/www.entreculturas.org\\\/wp-content\\\/uploads\\\/2018\\\/12\\\/dias_d_movilidad_forzosa_18-19-scaled-1.jpg\",\"datePublished\":\"2018-12-03T10:40:07+00:00\",\"dateModified\":\"2024-04-22T10:48:28+00:00\",\"breadcrumb\":{\"@id\":\"https:\\\/\\\/www.entreculturas.org\\\/fr\\\/publicacion\\\/dias-d-la-movilidad-forzosa-20182019\\\/#breadcrumb\"},\"inLanguage\":\"fr-FR\",\"potentialAction\":[{\"@type\":\"ReadAction\",\"target\":[\"https:\\\/\\\/www.entreculturas.org\\\/fr\\\/publicacion\\\/dias-d-la-movilidad-forzosa-20182019\\\/\"]}]},{\"@type\":\"ImageObject\",\"inLanguage\":\"fr-FR\",\"@id\":\"https:\\\/\\\/www.entreculturas.org\\\/fr\\\/publicacion\\\/dias-d-la-movilidad-forzosa-20182019\\\/#primaryimage\",\"url\":\"https:\\\/\\\/www.entreculturas.org\\\/wp-content\\\/uploads\\\/2018\\\/12\\\/dias_d_movilidad_forzosa_18-19-scaled-1.jpg\",\"contentUrl\":\"https:\\\/\\\/www.entreculturas.org\\\/wp-content\\\/uploads\\\/2018\\\/12\\\/dias_d_movilidad_forzosa_18-19-scaled-1.jpg\",\"width\":2560,\"height\":1890,\"caption\":\"D\u00edas D la Movilidad Forzosa 2018\\\/2019\"},{\"@type\":\"BreadcrumbList\",\"@id\":\"https:\\\/\\\/www.entreculturas.org\\\/fr\\\/publicacion\\\/dias-d-la-movilidad-forzosa-20182019\\\/#breadcrumb\",\"itemListElement\":[{\"@type\":\"ListItem\",\"position\":1,\"name\":\"Home\",\"item\":\"https:\\\/\\\/www.entreculturas.org\\\/fr\\\/\"},{\"@type\":\"ListItem\",\"position\":2,\"name\":\"Publicaciones\",\"item\":\"https:\\\/\\\/www.entreculturas.org\\\/fr\\\/publicaciones\\\/\"},{\"@type\":\"ListItem\",\"position\":3,\"name\":\"D\u00edas D la Movilidad Forzosa 2018\\\/2019\"}]},{\"@type\":\"WebSite\",\"@id\":\"https:\\\/\\\/www.entreculturas.org\\\/fr\\\/#website\",\"url\":\"https:\\\/\\\/www.entreculturas.org\\\/fr\\\/\",\"name\":\"Entreculturas\",\"description\":\"\",\"publisher\":{\"@id\":\"https:\\\/\\\/www.entreculturas.org\\\/fr\\\/#organization\"},\"alternateName\":\"Entreculturas\",\"potentialAction\":[{\"@type\":\"SearchAction\",\"target\":{\"@type\":\"EntryPoint\",\"urlTemplate\":\"https:\\\/\\\/www.entreculturas.org\\\/fr\\\/?s={search_term_string}\"},\"query-input\":{\"@type\":\"PropertyValueSpecification\",\"valueRequired\":true,\"valueName\":\"search_term_string\"}}],\"inLanguage\":\"fr-FR\"},{\"@type\":\"Organization\",\"@id\":\"https:\\\/\\\/www.entreculturas.org\\\/fr\\\/#organization\",\"name\":\"Entreculturas\",\"url\":\"https:\\\/\\\/www.entreculturas.org\\\/fr\\\/\",\"logo\":{\"@type\":\"ImageObject\",\"inLanguage\":\"fr-FR\",\"@id\":\"https:\\\/\\\/www.entreculturas.org\\\/fr\\\/#\\\/schema\\\/logo\\\/image\\\/\",\"url\":\"https:\\\/\\\/www.entreculturas.org\\\/wp-content\\\/uploads\\\/2025\\\/10\\\/ESP.svg\",\"contentUrl\":\"https:\\\/\\\/www.entreculturas.org\\\/wp-content\\\/uploads\\\/2025\\\/10\\\/ESP.svg\",\"caption\":\"Entreculturas\"},\"image\":{\"@id\":\"https:\\\/\\\/www.entreculturas.org\\\/fr\\\/#\\\/schema\\\/logo\\\/image\\\/\"},\"sameAs\":[\"https:\\\/\\\/www.facebook.com\\\/entreculturas\",\"https:\\\/\\\/x.com\\\/Entreculturas\",\"https:\\\/\\\/www.instagram.com\\\/entreculturas\\\/\",\"https:\\\/\\\/www.youtube.com\\\/user\\\/entreculturasvideo\",\"https:\\\/\\\/www.linkedin.com\\\/company\\\/fundacion-entreculturas-ngdo\\\/\",\"https:\\\/\\\/www.flickr.com\\\/photos\\\/98455522@N04\\\/albums\\\/\"]}]}<\/script>\n<!-- \/ Yoast SEO Premium plugin. -->","yoast_head_json":{"title":"D\u00edas D la Movilidad Forzosa 2018\/2019 - Entreculturas","robots":{"index":"index","follow":"follow","max-snippet":"max-snippet:-1","max-image-preview":"max-image-preview:large","max-video-preview":"max-video-preview:-1"},"canonical":"https:\/\/www.entreculturas.org\/fr\/publicacion\/dias-d-la-movilidad-forzosa-20182019\/","og_locale":"fr_FR","og_type":"article","og_title":"D\u00edas D la Movilidad Forzosa 2018\/2019","og_description":"Presentamos este nuevo D\u00eda D: un recurso educativo dise\u00f1ado para trabajar la realidad de las migraciones forzosas en el mundo, que puede ser utilizado tanto en el marco del D\u00eda Internacional de las Personas Migrantes (18 de diciembre), como del D\u00eda Mundial de las Personas Refugiadas (20 de junio). Esta unidad did\u00e1ctica en formato cartel recoge en su reverso 4 propuestas did\u00e1cticas adaptadas por edades para acercar a grupos de j\u00f3venes de 4 a 18 a\u00f1os el concepto de movilidad forzosa. A trav\u00e9s de las distintas actividades los grupos podr\u00e1n reflexionar sobre las causas y las consecuencias de las migraciones forzosas en el mundo, identificando acciones que pueden poner en marcha para activar su importante rol ciudadano a la hora de promover una cultura de acogida en sus entornos.","og_url":"https:\/\/www.entreculturas.org\/fr\/publicacion\/dias-d-la-movilidad-forzosa-20182019\/","og_site_name":"Entreculturas","article_publisher":"https:\/\/www.facebook.com\/entreculturas","article_modified_time":"2024-04-22T10:48:28+00:00","og_image":[{"width":2560,"height":1890,"url":"https:\/\/www.entreculturas.org\/wp-content\/uploads\/2018\/12\/dias_d_movilidad_forzosa_18-19-scaled-1.jpg","type":"image\/jpeg"}],"twitter_card":"summary_large_image","twitter_site":"@Entreculturas","schema":{"@context":"https:\/\/schema.org","@graph":[{"@type":"WebPage","@id":"https:\/\/www.entreculturas.org\/fr\/publicacion\/dias-d-la-movilidad-forzosa-20182019\/","url":"https:\/\/www.entreculturas.org\/fr\/publicacion\/dias-d-la-movilidad-forzosa-20182019\/","name":"D\u00edas D la Movilidad Forzosa 2018\/2019 - Entreculturas","isPartOf":{"@id":"https:\/\/www.entreculturas.org\/fr\/#website"},"primaryImageOfPage":{"@id":"https:\/\/www.entreculturas.org\/fr\/publicacion\/dias-d-la-movilidad-forzosa-20182019\/#primaryimage"},"image":{"@id":"https:\/\/www.entreculturas.org\/fr\/publicacion\/dias-d-la-movilidad-forzosa-20182019\/#primaryimage"},"thumbnailUrl":"https:\/\/www.entreculturas.org\/wp-content\/uploads\/2018\/12\/dias_d_movilidad_forzosa_18-19-scaled-1.jpg","datePublished":"2018-12-03T10:40:07+00:00","dateModified":"2024-04-22T10:48:28+00:00","breadcrumb":{"@id":"https:\/\/www.entreculturas.org\/fr\/publicacion\/dias-d-la-movilidad-forzosa-20182019\/#breadcrumb"},"inLanguage":"fr-FR","potentialAction":[{"@type":"ReadAction","target":["https:\/\/www.entreculturas.org\/fr\/publicacion\/dias-d-la-movilidad-forzosa-20182019\/"]}]},{"@type":"ImageObject","inLanguage":"fr-FR","@id":"https:\/\/www.entreculturas.org\/fr\/publicacion\/dias-d-la-movilidad-forzosa-20182019\/#primaryimage","url":"https:\/\/www.entreculturas.org\/wp-content\/uploads\/2018\/12\/dias_d_movilidad_forzosa_18-19-scaled-1.jpg","contentUrl":"https:\/\/www.entreculturas.org\/wp-content\/uploads\/2018\/12\/dias_d_movilidad_forzosa_18-19-scaled-1.jpg","width":2560,"height":1890,"caption":"D\u00edas D la Movilidad Forzosa 2018\/2019"},{"@type":"BreadcrumbList","@id":"https:\/\/www.entreculturas.org\/fr\/publicacion\/dias-d-la-movilidad-forzosa-20182019\/#breadcrumb","itemListElement":[{"@type":"ListItem","position":1,"name":"Home","item":"https:\/\/www.entreculturas.org\/fr\/"},{"@type":"ListItem","position":2,"name":"Publicaciones","item":"https:\/\/www.entreculturas.org\/fr\/publicaciones\/"},{"@type":"ListItem","position":3,"name":"D\u00edas D la Movilidad Forzosa 2018\/2019"}]},{"@type":"WebSite","@id":"https:\/\/www.entreculturas.org\/fr\/#website","url":"https:\/\/www.entreculturas.org\/fr\/","name":"Entreculturas","description":"","publisher":{"@id":"https:\/\/www.entreculturas.org\/fr\/#organization"},"alternateName":"Entreculturas","potentialAction":[{"@type":"SearchAction","target":{"@type":"EntryPoint","urlTemplate":"https:\/\/www.entreculturas.org\/fr\/?s={search_term_string}"},"query-input":{"@type":"PropertyValueSpecification","valueRequired":true,"valueName":"search_term_string"}}],"inLanguage":"fr-FR"},{"@type":"Organization","@id":"https:\/\/www.entreculturas.org\/fr\/#organization","name":"Entreculturas","url":"https:\/\/www.entreculturas.org\/fr\/","logo":{"@type":"ImageObject","inLanguage":"fr-FR","@id":"https:\/\/www.entreculturas.org\/fr\/#\/schema\/logo\/image\/","url":"https:\/\/www.entreculturas.org\/wp-content\/uploads\/2025\/10\/ESP.svg","contentUrl":"https:\/\/www.entreculturas.org\/wp-content\/uploads\/2025\/10\/ESP.svg","caption":"Entreculturas"},"image":{"@id":"https:\/\/www.entreculturas.org\/fr\/#\/schema\/logo\/image\/"},"sameAs":["https:\/\/www.facebook.com\/entreculturas","https:\/\/x.com\/Entreculturas","https:\/\/www.instagram.com\/entreculturas\/","https:\/\/www.youtube.com\/user\/entreculturasvideo","https:\/\/www.linkedin.com\/company\/fundacion-entreculturas-ngdo\/","https:\/\/www.flickr.com\/photos\/98455522@N04\/albums\/"]}]}},"_links":{"self":[{"href":"https:\/\/www.entreculturas.org\/fr\/wp-json\/wp\/v2\/publicacion\/5352","targetHints":{"allow":["GET"]}}],"collection":[{"href":"https:\/\/www.entreculturas.org\/fr\/wp-json\/wp\/v2\/publicacion"}],"about":[{"href":"https:\/\/www.entreculturas.org\/fr\/wp-json\/wp\/v2\/types\/publicacion"}],"wp:featuredmedia":[{"embeddable":true,"href":"https:\/\/www.entreculturas.org\/fr\/wp-json\/wp\/v2\/media\/5360"}],"wp:attachment":[{"href":"https:\/\/www.entreculturas.org\/fr\/wp-json\/wp\/v2\/media?parent=5352"}],"wp:term":[{"taxonomy":"category","embeddable":true,"href":"https:\/\/www.entreculturas.org\/fr\/wp-json\/wp\/v2\/categories?post=5352"},{"taxonomy":"post_tag","embeddable":true,"href":"https:\/\/www.entreculturas.org\/fr\/wp-json\/wp\/v2\/tags?post=5352"},{"taxonomy":"cause","embeddable":true,"href":"https:\/\/www.entreculturas.org\/fr\/wp-json\/wp\/v2\/cause?post=5352"},{"taxonomy":"format","embeddable":true,"href":"https:\/\/www.entreculturas.org\/fr\/wp-json\/wp\/v2\/format?post=5352"}],"curies":[{"name":"wp","href":"https:\/\/api.w.org\/{rel}","templated":true}]}}