{"id":5291,"date":"2018-06-25T09:02:52","date_gmt":"2018-06-25T09:02:52","guid":{"rendered":"https:\/\/entreculturasi.wpenginepowered.com\/?publicaciones=revista-entreculturas-no-70"},"modified":"2024-04-18T11:27:34","modified_gmt":"2024-04-18T09:27:34","slug":"revista-entreculturas-no-70","status":"publish","type":"publicacion","link":"https:\/\/www.entreculturas.org\/fr\/publicacion\/revista-entreculturas-no-70\/","title":{"rendered":"Revista Entreculturas n\u00ba 70"},"content":{"rendered":"<p>La edici\u00f3n de la revista de junio tiene como gran protagonista el D\u00eda Mundial de las Personas Refugiadas, que se conmemora cada 20 de junio. El ser humano, desde sus inicios, ha tendido a migrar a medida que lo exigi\u0301an las circunstancias para encontrar lugares con mejores condiciones para vivir. Sin embargo, en la actualidad, las personas que tienen que dejarlo todo atra\u0301s y salir de su pai\u0301s se encuentran con una respuesta hostil, de rechazo, una actitud que solo produce ma\u0301s vulnerabilidad, ma\u0301s precariedad y ma\u0301s sufrimiento.<\/p>\n<p>Desde Entreculturas hacemos frente a la hostilidad y el rechazo proponiendo solidaridad y hospitalidad, y asumiendo cuatro palabras- acoger, proteger, promover e integrar &#8211; que permitir\u00e1n construir sociedades de acogida y una ciudadan\u00eda sensible al dolor y al sufrimiento humano que generan los desplazamientos forzosos.<\/p>\n<p>Adem\u00e1s, a trav\u00e9s de este bolet\u00edn podr\u00e1s acercarte a la realidad que se vive en L\u00edbano y Venezuela, y conocer\u00e1s los testimonios de Juanita Bages- que ha participado en la segunda edici\u00f3n del proyecto Miradas que Migran-, Sergio Gonz\u00e1lez &#8211; delegado de Entreculturas en Vigo- y Roc\u00edo Garrido &#8211; VOLPA en Bolivia.&nbsp;<\/p>\n<p>&nbsp;<\/p>\n\n\n<div class=\"wp-block-buttons is-layout-flex wp-block-buttons-is-layout-flex\">\n<div class=\"wp-block-button\"><a class=\"wp-block-button__link wp-element-button\" href=\"https:\/\/www.entreculturas.org\/wp-content\/uploads\/2019\/11\/boletin70.pdf\">descargar<\/a><\/div>\n<\/div>\n","protected":false},"excerpt":{"rendered":"<p>La edici\u00f3n de la revista de junio tiene como gran protagonista el D\u00eda Mundial de las Personas Refugiadas, que se conmemora cada 20 de junio. El ser humano, desde sus inicios, ha tendido a migrar a medida que lo exigi\u0301an las circunstancias para encontrar lugares con mejores condiciones para vivir. Sin embargo, en la actualidad, las personas que tienen que dejarlo todo atra\u0301s y salir de su pai\u0301s se encuentran con una respuesta hostil, de rechazo, una actitud que solo produce ma\u0301s vulnerabilidad, ma\u0301s precariedad y ma\u0301s sufrimiento. Desde Entreculturas hacemos frente a la hostilidad y el rechazo proponiendo solidaridad y hospitalidad, y asumiendo cuatro palabras- acoger, proteger, promover e integrar &#8211; que permitir\u00e1n construir sociedades de acogida y una ciudadan\u00eda sensible al dolor y al sufrimiento humano que generan los desplazamientos forzosos. Adem\u00e1s, a trav\u00e9s de este bolet\u00edn podr\u00e1s acercarte a la realidad que se vive en L\u00edbano y [&hellip;]<\/p>\n","protected":false},"featured_media":5297,"template":"","format":[111],"categories":[11],"tags":[185],"cause":[129],"class_list":["post-5291","publicacion","type-publicacion","status-publish","has-post-thumbnail","hentry","category-revista-trimestral","tag-entreculturas","cause-migracion-y-refugio","format-revista-trimestral"],"acf":[],"yoast_head":"<!-- This site is optimized with the Yoast SEO Premium plugin v21.6 (Yoast SEO v27.5) - https:\/\/yoast.com\/product\/yoast-seo-premium-wordpress\/ -->\n<title>Revista Entreculturas n\u00ba 70 - Entreculturas<\/title>\n<meta name=\"robots\" content=\"index, follow, max-snippet:-1, max-image-preview:large, max-video-preview:-1\" \/>\n<link rel=\"canonical\" href=\"https:\/\/www.entreculturas.org\/fr\/publicacion\/revista-entreculturas-no-70\/\" \/>\n<meta property=\"og:locale\" content=\"fr_FR\" \/>\n<meta property=\"og:type\" content=\"article\" \/>\n<meta property=\"og:title\" content=\"Revista Entreculturas n\u00ba 70\" \/>\n<meta property=\"og:description\" content=\"La edici\u00f3n de la revista de junio tiene como gran protagonista el D\u00eda Mundial de las Personas Refugiadas, que se conmemora cada 20 de junio. El ser humano, desde sus inicios, ha tendido a migrar a medida que lo exigi\u0301an las circunstancias para encontrar lugares con mejores condiciones para vivir. Sin embargo, en la actualidad, las personas que tienen que dejarlo todo atra\u0301s y salir de su pai\u0301s se encuentran con una respuesta hostil, de rechazo, una actitud que solo produce ma\u0301s vulnerabilidad, ma\u0301s precariedad y ma\u0301s sufrimiento. Desde Entreculturas hacemos frente a la hostilidad y el rechazo proponiendo solidaridad y hospitalidad, y asumiendo cuatro palabras- acoger, proteger, promover e integrar &#8211; que permitir\u00e1n construir sociedades de acogida y una ciudadan\u00eda sensible al dolor y al sufrimiento humano que generan los desplazamientos forzosos. Adem\u00e1s, a trav\u00e9s de este bolet\u00edn podr\u00e1s acercarte a la realidad que se vive en L\u00edbano y [&hellip;]\" \/>\n<meta property=\"og:url\" content=\"https:\/\/www.entreculturas.org\/fr\/publicacion\/revista-entreculturas-no-70\/\" \/>\n<meta property=\"og:site_name\" content=\"Entreculturas\" \/>\n<meta property=\"article:publisher\" content=\"https:\/\/www.facebook.com\/entreculturas\" \/>\n<meta property=\"article:modified_time\" content=\"2024-04-18T09:27:34+00:00\" \/>\n<meta property=\"og:image\" content=\"https:\/\/www.entreculturas.org\/wp-content\/uploads\/2018\/06\/boletin70_portada.png\" \/>\n\t<meta property=\"og:image:width\" content=\"612\" \/>\n\t<meta property=\"og:image:height\" content=\"864\" \/>\n\t<meta property=\"og:image:type\" content=\"image\/png\" \/>\n<meta name=\"twitter:card\" content=\"summary_large_image\" \/>\n<meta name=\"twitter:site\" content=\"@Entreculturas\" \/>\n<script type=\"application\/ld+json\" class=\"yoast-schema-graph\">{\"@context\":\"https:\\\/\\\/schema.org\",\"@graph\":[{\"@type\":\"WebPage\",\"@id\":\"https:\\\/\\\/www.entreculturas.org\\\/fr\\\/publicacion\\\/revista-entreculturas-no-70\\\/\",\"url\":\"https:\\\/\\\/www.entreculturas.org\\\/fr\\\/publicacion\\\/revista-entreculturas-no-70\\\/\",\"name\":\"Revista Entreculturas n\u00ba 70 - Entreculturas\",\"isPartOf\":{\"@id\":\"https:\\\/\\\/www.entreculturas.org\\\/fr\\\/#website\"},\"primaryImageOfPage\":{\"@id\":\"https:\\\/\\\/www.entreculturas.org\\\/fr\\\/publicacion\\\/revista-entreculturas-no-70\\\/#primaryimage\"},\"image\":{\"@id\":\"https:\\\/\\\/www.entreculturas.org\\\/fr\\\/publicacion\\\/revista-entreculturas-no-70\\\/#primaryimage\"},\"thumbnailUrl\":\"https:\\\/\\\/www.entreculturas.org\\\/wp-content\\\/uploads\\\/2018\\\/06\\\/boletin70_portada.png\",\"datePublished\":\"2018-06-25T09:02:52+00:00\",\"dateModified\":\"2024-04-18T09:27:34+00:00\",\"breadcrumb\":{\"@id\":\"https:\\\/\\\/www.entreculturas.org\\\/fr\\\/publicacion\\\/revista-entreculturas-no-70\\\/#breadcrumb\"},\"inLanguage\":\"fr-FR\",\"potentialAction\":[{\"@type\":\"ReadAction\",\"target\":[\"https:\\\/\\\/www.entreculturas.org\\\/fr\\\/publicacion\\\/revista-entreculturas-no-70\\\/\"]}]},{\"@type\":\"ImageObject\",\"inLanguage\":\"fr-FR\",\"@id\":\"https:\\\/\\\/www.entreculturas.org\\\/fr\\\/publicacion\\\/revista-entreculturas-no-70\\\/#primaryimage\",\"url\":\"https:\\\/\\\/www.entreculturas.org\\\/wp-content\\\/uploads\\\/2018\\\/06\\\/boletin70_portada.png\",\"contentUrl\":\"https:\\\/\\\/www.entreculturas.org\\\/wp-content\\\/uploads\\\/2018\\\/06\\\/boletin70_portada.png\",\"width\":612,\"height\":864,\"caption\":\"boletin70_portada\"},{\"@type\":\"BreadcrumbList\",\"@id\":\"https:\\\/\\\/www.entreculturas.org\\\/fr\\\/publicacion\\\/revista-entreculturas-no-70\\\/#breadcrumb\",\"itemListElement\":[{\"@type\":\"ListItem\",\"position\":1,\"name\":\"Home\",\"item\":\"https:\\\/\\\/www.entreculturas.org\\\/fr\\\/\"},{\"@type\":\"ListItem\",\"position\":2,\"name\":\"Publicaciones\",\"item\":\"https:\\\/\\\/www.entreculturas.org\\\/fr\\\/publicaciones\\\/\"},{\"@type\":\"ListItem\",\"position\":3,\"name\":\"Revista Entreculturas n\u00ba 70\"}]},{\"@type\":\"WebSite\",\"@id\":\"https:\\\/\\\/www.entreculturas.org\\\/fr\\\/#website\",\"url\":\"https:\\\/\\\/www.entreculturas.org\\\/fr\\\/\",\"name\":\"Entreculturas\",\"description\":\"\",\"publisher\":{\"@id\":\"https:\\\/\\\/www.entreculturas.org\\\/fr\\\/#organization\"},\"alternateName\":\"Entreculturas\",\"potentialAction\":[{\"@type\":\"SearchAction\",\"target\":{\"@type\":\"EntryPoint\",\"urlTemplate\":\"https:\\\/\\\/www.entreculturas.org\\\/fr\\\/?s={search_term_string}\"},\"query-input\":{\"@type\":\"PropertyValueSpecification\",\"valueRequired\":true,\"valueName\":\"search_term_string\"}}],\"inLanguage\":\"fr-FR\"},{\"@type\":\"Organization\",\"@id\":\"https:\\\/\\\/www.entreculturas.org\\\/fr\\\/#organization\",\"name\":\"Entreculturas\",\"url\":\"https:\\\/\\\/www.entreculturas.org\\\/fr\\\/\",\"logo\":{\"@type\":\"ImageObject\",\"inLanguage\":\"fr-FR\",\"@id\":\"https:\\\/\\\/www.entreculturas.org\\\/fr\\\/#\\\/schema\\\/logo\\\/image\\\/\",\"url\":\"https:\\\/\\\/www.entreculturas.org\\\/wp-content\\\/uploads\\\/2025\\\/10\\\/ESP.svg\",\"contentUrl\":\"https:\\\/\\\/www.entreculturas.org\\\/wp-content\\\/uploads\\\/2025\\\/10\\\/ESP.svg\",\"caption\":\"Entreculturas\"},\"image\":{\"@id\":\"https:\\\/\\\/www.entreculturas.org\\\/fr\\\/#\\\/schema\\\/logo\\\/image\\\/\"},\"sameAs\":[\"https:\\\/\\\/www.facebook.com\\\/entreculturas\",\"https:\\\/\\\/x.com\\\/Entreculturas\",\"https:\\\/\\\/www.instagram.com\\\/entreculturas\\\/\",\"https:\\\/\\\/www.youtube.com\\\/user\\\/entreculturasvideo\",\"https:\\\/\\\/www.linkedin.com\\\/company\\\/fundacion-entreculturas-ngdo\\\/\",\"https:\\\/\\\/www.flickr.com\\\/photos\\\/98455522@N04\\\/albums\\\/\"]}]}<\/script>\n<!-- \/ Yoast SEO Premium plugin. -->","yoast_head_json":{"title":"Revista Entreculturas n\u00ba 70 - Entreculturas","robots":{"index":"index","follow":"follow","max-snippet":"max-snippet:-1","max-image-preview":"max-image-preview:large","max-video-preview":"max-video-preview:-1"},"canonical":"https:\/\/www.entreculturas.org\/fr\/publicacion\/revista-entreculturas-no-70\/","og_locale":"fr_FR","og_type":"article","og_title":"Revista Entreculturas n\u00ba 70","og_description":"La edici\u00f3n de la revista de junio tiene como gran protagonista el D\u00eda Mundial de las Personas Refugiadas, que se conmemora cada 20 de junio. El ser humano, desde sus inicios, ha tendido a migrar a medida que lo exigi\u0301an las circunstancias para encontrar lugares con mejores condiciones para vivir. Sin embargo, en la actualidad, las personas que tienen que dejarlo todo atra\u0301s y salir de su pai\u0301s se encuentran con una respuesta hostil, de rechazo, una actitud que solo produce ma\u0301s vulnerabilidad, ma\u0301s precariedad y ma\u0301s sufrimiento. Desde Entreculturas hacemos frente a la hostilidad y el rechazo proponiendo solidaridad y hospitalidad, y asumiendo cuatro palabras- acoger, proteger, promover e integrar &#8211; que permitir\u00e1n construir sociedades de acogida y una ciudadan\u00eda sensible al dolor y al sufrimiento humano que generan los desplazamientos forzosos. Adem\u00e1s, a trav\u00e9s de este bolet\u00edn podr\u00e1s acercarte a la realidad que se vive en L\u00edbano y [&hellip;]","og_url":"https:\/\/www.entreculturas.org\/fr\/publicacion\/revista-entreculturas-no-70\/","og_site_name":"Entreculturas","article_publisher":"https:\/\/www.facebook.com\/entreculturas","article_modified_time":"2024-04-18T09:27:34+00:00","og_image":[{"width":612,"height":864,"url":"https:\/\/www.entreculturas.org\/wp-content\/uploads\/2018\/06\/boletin70_portada.png","type":"image\/png"}],"twitter_card":"summary_large_image","twitter_site":"@Entreculturas","schema":{"@context":"https:\/\/schema.org","@graph":[{"@type":"WebPage","@id":"https:\/\/www.entreculturas.org\/fr\/publicacion\/revista-entreculturas-no-70\/","url":"https:\/\/www.entreculturas.org\/fr\/publicacion\/revista-entreculturas-no-70\/","name":"Revista Entreculturas n\u00ba 70 - Entreculturas","isPartOf":{"@id":"https:\/\/www.entreculturas.org\/fr\/#website"},"primaryImageOfPage":{"@id":"https:\/\/www.entreculturas.org\/fr\/publicacion\/revista-entreculturas-no-70\/#primaryimage"},"image":{"@id":"https:\/\/www.entreculturas.org\/fr\/publicacion\/revista-entreculturas-no-70\/#primaryimage"},"thumbnailUrl":"https:\/\/www.entreculturas.org\/wp-content\/uploads\/2018\/06\/boletin70_portada.png","datePublished":"2018-06-25T09:02:52+00:00","dateModified":"2024-04-18T09:27:34+00:00","breadcrumb":{"@id":"https:\/\/www.entreculturas.org\/fr\/publicacion\/revista-entreculturas-no-70\/#breadcrumb"},"inLanguage":"fr-FR","potentialAction":[{"@type":"ReadAction","target":["https:\/\/www.entreculturas.org\/fr\/publicacion\/revista-entreculturas-no-70\/"]}]},{"@type":"ImageObject","inLanguage":"fr-FR","@id":"https:\/\/www.entreculturas.org\/fr\/publicacion\/revista-entreculturas-no-70\/#primaryimage","url":"https:\/\/www.entreculturas.org\/wp-content\/uploads\/2018\/06\/boletin70_portada.png","contentUrl":"https:\/\/www.entreculturas.org\/wp-content\/uploads\/2018\/06\/boletin70_portada.png","width":612,"height":864,"caption":"boletin70_portada"},{"@type":"BreadcrumbList","@id":"https:\/\/www.entreculturas.org\/fr\/publicacion\/revista-entreculturas-no-70\/#breadcrumb","itemListElement":[{"@type":"ListItem","position":1,"name":"Home","item":"https:\/\/www.entreculturas.org\/fr\/"},{"@type":"ListItem","position":2,"name":"Publicaciones","item":"https:\/\/www.entreculturas.org\/fr\/publicaciones\/"},{"@type":"ListItem","position":3,"name":"Revista Entreculturas n\u00ba 70"}]},{"@type":"WebSite","@id":"https:\/\/www.entreculturas.org\/fr\/#website","url":"https:\/\/www.entreculturas.org\/fr\/","name":"Entreculturas","description":"","publisher":{"@id":"https:\/\/www.entreculturas.org\/fr\/#organization"},"alternateName":"Entreculturas","potentialAction":[{"@type":"SearchAction","target":{"@type":"EntryPoint","urlTemplate":"https:\/\/www.entreculturas.org\/fr\/?s={search_term_string}"},"query-input":{"@type":"PropertyValueSpecification","valueRequired":true,"valueName":"search_term_string"}}],"inLanguage":"fr-FR"},{"@type":"Organization","@id":"https:\/\/www.entreculturas.org\/fr\/#organization","name":"Entreculturas","url":"https:\/\/www.entreculturas.org\/fr\/","logo":{"@type":"ImageObject","inLanguage":"fr-FR","@id":"https:\/\/www.entreculturas.org\/fr\/#\/schema\/logo\/image\/","url":"https:\/\/www.entreculturas.org\/wp-content\/uploads\/2025\/10\/ESP.svg","contentUrl":"https:\/\/www.entreculturas.org\/wp-content\/uploads\/2025\/10\/ESP.svg","caption":"Entreculturas"},"image":{"@id":"https:\/\/www.entreculturas.org\/fr\/#\/schema\/logo\/image\/"},"sameAs":["https:\/\/www.facebook.com\/entreculturas","https:\/\/x.com\/Entreculturas","https:\/\/www.instagram.com\/entreculturas\/","https:\/\/www.youtube.com\/user\/entreculturasvideo","https:\/\/www.linkedin.com\/company\/fundacion-entreculturas-ngdo\/","https:\/\/www.flickr.com\/photos\/98455522@N04\/albums\/"]}]}},"_links":{"self":[{"href":"https:\/\/www.entreculturas.org\/fr\/wp-json\/wp\/v2\/publicacion\/5291","targetHints":{"allow":["GET"]}}],"collection":[{"href":"https:\/\/www.entreculturas.org\/fr\/wp-json\/wp\/v2\/publicacion"}],"about":[{"href":"https:\/\/www.entreculturas.org\/fr\/wp-json\/wp\/v2\/types\/publicacion"}],"wp:featuredmedia":[{"embeddable":true,"href":"https:\/\/www.entreculturas.org\/fr\/wp-json\/wp\/v2\/media\/5297"}],"wp:attachment":[{"href":"https:\/\/www.entreculturas.org\/fr\/wp-json\/wp\/v2\/media?parent=5291"}],"wp:term":[{"taxonomy":"category","embeddable":true,"href":"https:\/\/www.entreculturas.org\/fr\/wp-json\/wp\/v2\/categories?post=5291"},{"taxonomy":"post_tag","embeddable":true,"href":"https:\/\/www.entreculturas.org\/fr\/wp-json\/wp\/v2\/tags?post=5291"},{"taxonomy":"cause","embeddable":true,"href":"https:\/\/www.entreculturas.org\/fr\/wp-json\/wp\/v2\/cause?post=5291"},{"taxonomy":"format","embeddable":true,"href":"https:\/\/www.entreculturas.org\/fr\/wp-json\/wp\/v2\/format?post=5291"}],"curies":[{"name":"wp","href":"https:\/\/api.w.org\/{rel}","templated":true}]}}