{"id":4942,"date":"2017-02-06T15:16:36","date_gmt":"2017-02-06T15:16:36","guid":{"rendered":"https:\/\/entreculturasi.wpenginepowered.com\/?publicaciones=hacia-una-ciudadania-eco-global"},"modified":"2024-01-02T11:03:38","modified_gmt":"2024-01-02T10:03:38","slug":"hacia-una-ciudadania-eco-global","status":"publish","type":"publicacion","link":"https:\/\/www.entreculturas.org\/fr\/publicacion\/hacia-una-ciudadania-eco-global\/","title":{"rendered":"Hacia una ciudadan\u00eda eco-global"},"content":{"rendered":"<p>En este cuaderno se ofrece tres propuestas desde las que crear alternativas para labrar desde la educaci\u00f3n, una ciudadan\u00eda que sane la Tierra:<\/p>\n<p>1. Una propuesta \u00e9tica para cuestionarnos m\u00e1s all\u00e1 de lo evidente e ir a las causas\u00a0de fondo as\u00ed como las claves para reorientarnos.<\/p>\n<p>2. Una propuesta pol\u00edtica que nos da el marco y el recorrido de la acci\u00f3n para transitar como ciudadan\u00eda hacia 2030 y alcanzar los Objetivos de Desarrollo sostenible.<\/p>\n<p>3. Una propuesta pedag\u00f3gica como herramienta para una ciudadan\u00eda que se convierta en agente de la transici\u00f3n hacia nuevos modelos y estilos de vida comprometidos con la justicia y la sostenibilidad.<\/p>\n\n\n<div class=\"wp-block-buttons is-layout-flex wp-block-buttons-is-layout-flex\">\n<div class=\"wp-block-button\"><a class=\"wp-block-button__link wp-element-button\" href=\"https:\/\/www.entreculturas.org\/wp-content\/uploads\/2019\/12\/aulas_final_hacia_una_ciudadania_eco-global.pdf\" target=\"_blank\" rel=\"noreferrer noopener\">descargar<\/a><\/div>\n<\/div>\n","protected":false},"excerpt":{"rendered":"<p>En este cuaderno se ofrece tres propuestas desde las que crear alternativas para labrar desde la educaci\u00f3n, una ciudadan\u00eda que sane la Tierra: 1. Una propuesta \u00e9tica para cuestionarnos m\u00e1s all\u00e1 de lo evidente e ir a las causas\u00a0de fondo as\u00ed como las claves para reorientarnos. 2. Una propuesta pol\u00edtica que nos da el marco y el recorrido de la acci\u00f3n para transitar como ciudadan\u00eda hacia 2030 y alcanzar los Objetivos de Desarrollo sostenible. 3. Una propuesta pedag\u00f3gica como herramienta para una ciudadan\u00eda que se convierta en agente de la transici\u00f3n hacia nuevos modelos y estilos de vida comprometidos con la justicia y la sostenibilidad.<\/p>\n","protected":false},"featured_media":4949,"template":"","format":[115],"categories":[12],"tags":[256],"cause":[131,132],"class_list":["post-4942","publicacion","type-publicacion","status-publish","has-post-thumbnail","hentry","category-recursos-educativos","tag-justicia-socioambiental","cause-justicia-medioambiental","cause-participacion-y-ciudadania-global","format-recursos-educativos"],"acf":[],"yoast_head":"<!-- This site is optimized with the Yoast SEO Premium plugin v21.6 (Yoast SEO v27.5) - https:\/\/yoast.com\/product\/yoast-seo-premium-wordpress\/ -->\n<title>Hacia una ciudadan\u00eda eco-global - Entreculturas<\/title>\n<meta name=\"robots\" content=\"index, follow, max-snippet:-1, max-image-preview:large, max-video-preview:-1\" \/>\n<link rel=\"canonical\" href=\"https:\/\/www.entreculturas.org\/fr\/publicacion\/hacia-una-ciudadania-eco-global\/\" \/>\n<meta property=\"og:locale\" content=\"fr_FR\" \/>\n<meta property=\"og:type\" content=\"article\" \/>\n<meta property=\"og:title\" content=\"Hacia una ciudadan\u00eda eco-global\" \/>\n<meta property=\"og:description\" content=\"En este cuaderno se ofrece tres propuestas desde las que crear alternativas para labrar desde la educaci\u00f3n, una ciudadan\u00eda que sane la Tierra: 1. Una propuesta \u00e9tica para cuestionarnos m\u00e1s all\u00e1 de lo evidente e ir a las causas\u00a0de fondo as\u00ed como las claves para reorientarnos. 2. Una propuesta pol\u00edtica que nos da el marco y el recorrido de la acci\u00f3n para transitar como ciudadan\u00eda hacia 2030 y alcanzar los Objetivos de Desarrollo sostenible. 3. Una propuesta pedag\u00f3gica como herramienta para una ciudadan\u00eda que se convierta en agente de la transici\u00f3n hacia nuevos modelos y estilos de vida comprometidos con la justicia y la sostenibilidad.\" \/>\n<meta property=\"og:url\" content=\"https:\/\/www.entreculturas.org\/fr\/publicacion\/hacia-una-ciudadania-eco-global\/\" \/>\n<meta property=\"og:site_name\" content=\"Entreculturas\" \/>\n<meta property=\"article:publisher\" content=\"https:\/\/www.facebook.com\/entreculturas\" \/>\n<meta property=\"article:modified_time\" content=\"2024-01-02T10:03:38+00:00\" \/>\n<meta property=\"og:image\" content=\"https:\/\/www.entreculturas.org\/wp-content\/uploads\/2017\/02\/imagen1_2.png\" \/>\n\t<meta property=\"og:image:width\" content=\"435\" \/>\n\t<meta property=\"og:image:height\" content=\"612\" \/>\n\t<meta property=\"og:image:type\" content=\"image\/png\" \/>\n<meta name=\"twitter:card\" content=\"summary_large_image\" \/>\n<meta name=\"twitter:site\" content=\"@Entreculturas\" \/>\n<script type=\"application\/ld+json\" class=\"yoast-schema-graph\">{\"@context\":\"https:\\\/\\\/schema.org\",\"@graph\":[{\"@type\":\"WebPage\",\"@id\":\"https:\\\/\\\/www.entreculturas.org\\\/fr\\\/publicacion\\\/hacia-una-ciudadania-eco-global\\\/\",\"url\":\"https:\\\/\\\/www.entreculturas.org\\\/fr\\\/publicacion\\\/hacia-una-ciudadania-eco-global\\\/\",\"name\":\"Hacia una ciudadan\u00eda eco-global - Entreculturas\",\"isPartOf\":{\"@id\":\"https:\\\/\\\/www.entreculturas.org\\\/fr\\\/#website\"},\"primaryImageOfPage\":{\"@id\":\"https:\\\/\\\/www.entreculturas.org\\\/fr\\\/publicacion\\\/hacia-una-ciudadania-eco-global\\\/#primaryimage\"},\"image\":{\"@id\":\"https:\\\/\\\/www.entreculturas.org\\\/fr\\\/publicacion\\\/hacia-una-ciudadania-eco-global\\\/#primaryimage\"},\"thumbnailUrl\":\"https:\\\/\\\/www.entreculturas.org\\\/wp-content\\\/uploads\\\/2017\\\/02\\\/imagen1_2.png\",\"datePublished\":\"2017-02-06T15:16:36+00:00\",\"dateModified\":\"2024-01-02T10:03:38+00:00\",\"breadcrumb\":{\"@id\":\"https:\\\/\\\/www.entreculturas.org\\\/fr\\\/publicacion\\\/hacia-una-ciudadania-eco-global\\\/#breadcrumb\"},\"inLanguage\":\"fr-FR\",\"potentialAction\":[{\"@type\":\"ReadAction\",\"target\":[\"https:\\\/\\\/www.entreculturas.org\\\/fr\\\/publicacion\\\/hacia-una-ciudadania-eco-global\\\/\"]}]},{\"@type\":\"ImageObject\",\"inLanguage\":\"fr-FR\",\"@id\":\"https:\\\/\\\/www.entreculturas.org\\\/fr\\\/publicacion\\\/hacia-una-ciudadania-eco-global\\\/#primaryimage\",\"url\":\"https:\\\/\\\/www.entreculturas.org\\\/wp-content\\\/uploads\\\/2017\\\/02\\\/imagen1_2.png\",\"contentUrl\":\"https:\\\/\\\/www.entreculturas.org\\\/wp-content\\\/uploads\\\/2017\\\/02\\\/imagen1_2.png\",\"width\":435,\"height\":612,\"caption\":\"imagen1\"},{\"@type\":\"BreadcrumbList\",\"@id\":\"https:\\\/\\\/www.entreculturas.org\\\/fr\\\/publicacion\\\/hacia-una-ciudadania-eco-global\\\/#breadcrumb\",\"itemListElement\":[{\"@type\":\"ListItem\",\"position\":1,\"name\":\"Home\",\"item\":\"https:\\\/\\\/www.entreculturas.org\\\/fr\\\/\"},{\"@type\":\"ListItem\",\"position\":2,\"name\":\"Publicaciones\",\"item\":\"https:\\\/\\\/www.entreculturas.org\\\/fr\\\/publicaciones\\\/\"},{\"@type\":\"ListItem\",\"position\":3,\"name\":\"Hacia una ciudadan\u00eda eco-global\"}]},{\"@type\":\"WebSite\",\"@id\":\"https:\\\/\\\/www.entreculturas.org\\\/fr\\\/#website\",\"url\":\"https:\\\/\\\/www.entreculturas.org\\\/fr\\\/\",\"name\":\"Entreculturas\",\"description\":\"\",\"publisher\":{\"@id\":\"https:\\\/\\\/www.entreculturas.org\\\/fr\\\/#organization\"},\"alternateName\":\"Entreculturas\",\"potentialAction\":[{\"@type\":\"SearchAction\",\"target\":{\"@type\":\"EntryPoint\",\"urlTemplate\":\"https:\\\/\\\/www.entreculturas.org\\\/fr\\\/?s={search_term_string}\"},\"query-input\":{\"@type\":\"PropertyValueSpecification\",\"valueRequired\":true,\"valueName\":\"search_term_string\"}}],\"inLanguage\":\"fr-FR\"},{\"@type\":\"Organization\",\"@id\":\"https:\\\/\\\/www.entreculturas.org\\\/fr\\\/#organization\",\"name\":\"Entreculturas\",\"url\":\"https:\\\/\\\/www.entreculturas.org\\\/fr\\\/\",\"logo\":{\"@type\":\"ImageObject\",\"inLanguage\":\"fr-FR\",\"@id\":\"https:\\\/\\\/www.entreculturas.org\\\/fr\\\/#\\\/schema\\\/logo\\\/image\\\/\",\"url\":\"https:\\\/\\\/www.entreculturas.org\\\/wp-content\\\/uploads\\\/2025\\\/10\\\/ESP.svg\",\"contentUrl\":\"https:\\\/\\\/www.entreculturas.org\\\/wp-content\\\/uploads\\\/2025\\\/10\\\/ESP.svg\",\"caption\":\"Entreculturas\"},\"image\":{\"@id\":\"https:\\\/\\\/www.entreculturas.org\\\/fr\\\/#\\\/schema\\\/logo\\\/image\\\/\"},\"sameAs\":[\"https:\\\/\\\/www.facebook.com\\\/entreculturas\",\"https:\\\/\\\/x.com\\\/Entreculturas\",\"https:\\\/\\\/www.instagram.com\\\/entreculturas\\\/\",\"https:\\\/\\\/www.youtube.com\\\/user\\\/entreculturasvideo\",\"https:\\\/\\\/www.linkedin.com\\\/company\\\/fundacion-entreculturas-ngdo\\\/\",\"https:\\\/\\\/www.flickr.com\\\/photos\\\/98455522@N04\\\/albums\\\/\"]}]}<\/script>\n<!-- \/ Yoast SEO Premium plugin. -->","yoast_head_json":{"title":"Hacia una ciudadan\u00eda eco-global - Entreculturas","robots":{"index":"index","follow":"follow","max-snippet":"max-snippet:-1","max-image-preview":"max-image-preview:large","max-video-preview":"max-video-preview:-1"},"canonical":"https:\/\/www.entreculturas.org\/fr\/publicacion\/hacia-una-ciudadania-eco-global\/","og_locale":"fr_FR","og_type":"article","og_title":"Hacia una ciudadan\u00eda eco-global","og_description":"En este cuaderno se ofrece tres propuestas desde las que crear alternativas para labrar desde la educaci\u00f3n, una ciudadan\u00eda que sane la Tierra: 1. Una propuesta \u00e9tica para cuestionarnos m\u00e1s all\u00e1 de lo evidente e ir a las causas\u00a0de fondo as\u00ed como las claves para reorientarnos. 2. Una propuesta pol\u00edtica que nos da el marco y el recorrido de la acci\u00f3n para transitar como ciudadan\u00eda hacia 2030 y alcanzar los Objetivos de Desarrollo sostenible. 3. Una propuesta pedag\u00f3gica como herramienta para una ciudadan\u00eda que se convierta en agente de la transici\u00f3n hacia nuevos modelos y estilos de vida comprometidos con la justicia y la sostenibilidad.","og_url":"https:\/\/www.entreculturas.org\/fr\/publicacion\/hacia-una-ciudadania-eco-global\/","og_site_name":"Entreculturas","article_publisher":"https:\/\/www.facebook.com\/entreculturas","article_modified_time":"2024-01-02T10:03:38+00:00","og_image":[{"width":435,"height":612,"url":"https:\/\/www.entreculturas.org\/wp-content\/uploads\/2017\/02\/imagen1_2.png","type":"image\/png"}],"twitter_card":"summary_large_image","twitter_site":"@Entreculturas","schema":{"@context":"https:\/\/schema.org","@graph":[{"@type":"WebPage","@id":"https:\/\/www.entreculturas.org\/fr\/publicacion\/hacia-una-ciudadania-eco-global\/","url":"https:\/\/www.entreculturas.org\/fr\/publicacion\/hacia-una-ciudadania-eco-global\/","name":"Hacia una ciudadan\u00eda eco-global - Entreculturas","isPartOf":{"@id":"https:\/\/www.entreculturas.org\/fr\/#website"},"primaryImageOfPage":{"@id":"https:\/\/www.entreculturas.org\/fr\/publicacion\/hacia-una-ciudadania-eco-global\/#primaryimage"},"image":{"@id":"https:\/\/www.entreculturas.org\/fr\/publicacion\/hacia-una-ciudadania-eco-global\/#primaryimage"},"thumbnailUrl":"https:\/\/www.entreculturas.org\/wp-content\/uploads\/2017\/02\/imagen1_2.png","datePublished":"2017-02-06T15:16:36+00:00","dateModified":"2024-01-02T10:03:38+00:00","breadcrumb":{"@id":"https:\/\/www.entreculturas.org\/fr\/publicacion\/hacia-una-ciudadania-eco-global\/#breadcrumb"},"inLanguage":"fr-FR","potentialAction":[{"@type":"ReadAction","target":["https:\/\/www.entreculturas.org\/fr\/publicacion\/hacia-una-ciudadania-eco-global\/"]}]},{"@type":"ImageObject","inLanguage":"fr-FR","@id":"https:\/\/www.entreculturas.org\/fr\/publicacion\/hacia-una-ciudadania-eco-global\/#primaryimage","url":"https:\/\/www.entreculturas.org\/wp-content\/uploads\/2017\/02\/imagen1_2.png","contentUrl":"https:\/\/www.entreculturas.org\/wp-content\/uploads\/2017\/02\/imagen1_2.png","width":435,"height":612,"caption":"imagen1"},{"@type":"BreadcrumbList","@id":"https:\/\/www.entreculturas.org\/fr\/publicacion\/hacia-una-ciudadania-eco-global\/#breadcrumb","itemListElement":[{"@type":"ListItem","position":1,"name":"Home","item":"https:\/\/www.entreculturas.org\/fr\/"},{"@type":"ListItem","position":2,"name":"Publicaciones","item":"https:\/\/www.entreculturas.org\/fr\/publicaciones\/"},{"@type":"ListItem","position":3,"name":"Hacia una ciudadan\u00eda eco-global"}]},{"@type":"WebSite","@id":"https:\/\/www.entreculturas.org\/fr\/#website","url":"https:\/\/www.entreculturas.org\/fr\/","name":"Entreculturas","description":"","publisher":{"@id":"https:\/\/www.entreculturas.org\/fr\/#organization"},"alternateName":"Entreculturas","potentialAction":[{"@type":"SearchAction","target":{"@type":"EntryPoint","urlTemplate":"https:\/\/www.entreculturas.org\/fr\/?s={search_term_string}"},"query-input":{"@type":"PropertyValueSpecification","valueRequired":true,"valueName":"search_term_string"}}],"inLanguage":"fr-FR"},{"@type":"Organization","@id":"https:\/\/www.entreculturas.org\/fr\/#organization","name":"Entreculturas","url":"https:\/\/www.entreculturas.org\/fr\/","logo":{"@type":"ImageObject","inLanguage":"fr-FR","@id":"https:\/\/www.entreculturas.org\/fr\/#\/schema\/logo\/image\/","url":"https:\/\/www.entreculturas.org\/wp-content\/uploads\/2025\/10\/ESP.svg","contentUrl":"https:\/\/www.entreculturas.org\/wp-content\/uploads\/2025\/10\/ESP.svg","caption":"Entreculturas"},"image":{"@id":"https:\/\/www.entreculturas.org\/fr\/#\/schema\/logo\/image\/"},"sameAs":["https:\/\/www.facebook.com\/entreculturas","https:\/\/x.com\/Entreculturas","https:\/\/www.instagram.com\/entreculturas\/","https:\/\/www.youtube.com\/user\/entreculturasvideo","https:\/\/www.linkedin.com\/company\/fundacion-entreculturas-ngdo\/","https:\/\/www.flickr.com\/photos\/98455522@N04\/albums\/"]}]}},"_links":{"self":[{"href":"https:\/\/www.entreculturas.org\/fr\/wp-json\/wp\/v2\/publicacion\/4942","targetHints":{"allow":["GET"]}}],"collection":[{"href":"https:\/\/www.entreculturas.org\/fr\/wp-json\/wp\/v2\/publicacion"}],"about":[{"href":"https:\/\/www.entreculturas.org\/fr\/wp-json\/wp\/v2\/types\/publicacion"}],"wp:featuredmedia":[{"embeddable":true,"href":"https:\/\/www.entreculturas.org\/fr\/wp-json\/wp\/v2\/media\/4949"}],"wp:attachment":[{"href":"https:\/\/www.entreculturas.org\/fr\/wp-json\/wp\/v2\/media?parent=4942"}],"wp:term":[{"taxonomy":"category","embeddable":true,"href":"https:\/\/www.entreculturas.org\/fr\/wp-json\/wp\/v2\/categories?post=4942"},{"taxonomy":"post_tag","embeddable":true,"href":"https:\/\/www.entreculturas.org\/fr\/wp-json\/wp\/v2\/tags?post=4942"},{"taxonomy":"cause","embeddable":true,"href":"https:\/\/www.entreculturas.org\/fr\/wp-json\/wp\/v2\/cause?post=4942"},{"taxonomy":"format","embeddable":true,"href":"https:\/\/www.entreculturas.org\/fr\/wp-json\/wp\/v2\/format?post=4942"}],"curies":[{"name":"wp","href":"https:\/\/api.w.org\/{rel}","templated":true}]}}