{"id":4597,"date":"2015-12-21T12:06:07","date_gmt":"2015-12-21T12:06:07","guid":{"rendered":"https:\/\/entreculturasi.wpenginepowered.com\/?publicaciones=habilidades-democraticas-talleres-practicos-para-la-formacion-de-docentes"},"modified":"2024-03-22T11:56:22","modified_gmt":"2024-03-22T10:56:22","slug":"habilidades-democraticas-talleres-practicos-para-la-formacion-de-docentes","status":"publish","type":"publicacion","link":"https:\/\/www.entreculturas.org\/fr\/publicacion\/habilidades-democraticas-talleres-practicos-para-la-formacion-de-docentes\/","title":{"rendered":"Habilidades democr\u00e1ticas. Talleres Pr\u00e1cticos para la formaci\u00f3n de docentes"},"content":{"rendered":"<p>En esta publicaci\u00f3n os ofrecemos una serie de talleres pr\u00e1cticos que pretenden complementar lo trabajado en las<br \/>anteriores publicaciones formativas sobre habilidades democr\u00e1ticas (\u201cDerecho a la Educaci\u00f3n y participaci\u00f3n ciudadana\u201d y<br \/>\u201cCapacidades emocionales y sociales\u201d) y aplicarlo en la formaci\u00f3n de los y las docentes.&nbsp;<\/p>\n<p>En ella encontrar\u00e1s los siguientes talleres:<\/p>\n<p>&nbsp;<\/p>\n<p>M\u00d3DULO 0: DIN\u00c1MICAS Y RECURSOS PR\u00c1CTICOS PARA LA APERTURA Y CIERRE DE LOS TALLERES<\/p>\n<p>&nbsp;<\/p>\n<p>M\u00d3DULO 1: LOS OBJETIVOS DE DESARROLLO SOSTENIBLE: NUEVA AGENDA UNIVERSAL<br \/>Taller 1 Sobre el contexto global, la desigualdad, la pobreza, el medio ambiente y el derecho a la educaci\u00f3n como motor de cambio<br \/>Taller 2 Sobre los objetivos de desarrollo sostenible, la planificaci\u00f3n pol\u00edtica y la generaci\u00f3n de propuestas de acci\u00f3n y cambio<\/p>\n<p>&nbsp;<\/p>\n<p>M\u00d3DULO 2: HABILIDADES DEMOCR\u00c1TICAS PARA EL CAMBIO<br \/>Taller 3 Sobre la participaci\u00f3n democr\u00e1tica, el poder y la construcci\u00f3n de la ciudadan\u00eda<br \/>Taller 4 Sobre metodolog\u00edas que impulsan una educaci\u00f3n transformadora<\/p>\n<p>&nbsp;<\/p>\n<p>M\u00d3DULO 3:&nbsp;LAS CAPACIDADES SOCIO-AFECTIVAS<br \/>Taller 5 Trabajando la autoconciencia emocional y su relaci\u00f3n con la participaci\u00f3n ciudadana<br \/>Taller 6 La empat\u00eda y la escucha activa, claves para la comunicaci\u00f3n en un mundo globalizado<br \/>Taller 7 La gesti\u00f3n de la frustraci\u00f3n y la autoestima positiva en el ejercicio de la ciudadan\u00eda democr\u00e1tica<\/p>\n<p>&nbsp;<\/p>\n<p>M\u00d3DULO 4:&nbsp;EL GRUPO COMO ESPACIO AFECTIVO DE CRECIMIENTO, FORMACI\u00d3N Y PARTICIPACI\u00d3N SOCIAL<br \/>Taller 8 El grupo como espacio afectivo y los modelos de acompa\u00f1amiento docente en la Educaci\u00f3n Transformadora<br \/>Taller 9 Los roles individuales y la gesti\u00f3n positiva de conflictos en el grupo para construir ciudadan\u00eda global<\/p>\n","protected":false},"excerpt":{"rendered":"<p>En esta publicaci\u00f3n os ofrecemos una serie de talleres pr\u00e1cticos que pretenden complementar lo trabajado en lasanteriores publicaciones formativas sobre habilidades democr\u00e1ticas (\u201cDerecho a la Educaci\u00f3n y participaci\u00f3n ciudadana\u201d y\u201cCapacidades emocionales y sociales\u201d) y aplicarlo en la formaci\u00f3n de los y las docentes.&nbsp; En ella encontrar\u00e1s los siguientes talleres: &nbsp; M\u00d3DULO 0: DIN\u00c1MICAS Y RECURSOS PR\u00c1CTICOS PARA LA APERTURA Y CIERRE DE LOS TALLERES &nbsp; M\u00d3DULO 1: LOS OBJETIVOS DE DESARROLLO SOSTENIBLE: NUEVA AGENDA UNIVERSALTaller 1 Sobre el contexto global, la desigualdad, la pobreza, el medio ambiente y el derecho a la educaci\u00f3n como motor de cambioTaller 2 Sobre los objetivos de desarrollo sostenible, la planificaci\u00f3n pol\u00edtica y la generaci\u00f3n de propuestas de acci\u00f3n y cambio &nbsp; M\u00d3DULO 2: HABILIDADES DEMOCR\u00c1TICAS PARA EL CAMBIOTaller 3 Sobre la participaci\u00f3n democr\u00e1tica, el poder y la construcci\u00f3n de la ciudadan\u00edaTaller 4 Sobre metodolog\u00edas que impulsan una educaci\u00f3n transformadora &nbsp; M\u00d3DULO 3:&nbsp;LAS CAPACIDADES SOCIO-AFECTIVASTaller [&hellip;]<\/p>\n","protected":false},"featured_media":4601,"template":"","format":[115],"categories":[12],"tags":[8],"cause":[128],"class_list":["post-4597","publicacion","type-publicacion","status-publish","has-post-thumbnail","hentry","category-recursos-educativos","tag-participacion-y-ciudadania-global","cause-educacion","format-recursos-educativos"],"acf":[],"yoast_head":"<!-- This site is optimized with the Yoast SEO Premium plugin v21.6 (Yoast SEO v27.5) - https:\/\/yoast.com\/product\/yoast-seo-premium-wordpress\/ -->\n<title>Habilidades democr\u00e1ticas. Talleres Pr\u00e1cticos para la formaci\u00f3n de docentes - Entreculturas<\/title>\n<meta name=\"robots\" content=\"index, follow, max-snippet:-1, max-image-preview:large, max-video-preview:-1\" \/>\n<link rel=\"canonical\" href=\"https:\/\/www.entreculturas.org\/fr\/publicacion\/habilidades-democraticas-talleres-practicos-para-la-formacion-de-docentes\/\" \/>\n<meta property=\"og:locale\" content=\"fr_FR\" \/>\n<meta property=\"og:type\" content=\"article\" \/>\n<meta property=\"og:title\" content=\"Habilidades democr\u00e1ticas. Talleres Pr\u00e1cticos para la formaci\u00f3n de docentes\" \/>\n<meta property=\"og:description\" content=\"En esta publicaci\u00f3n os ofrecemos una serie de talleres pr\u00e1cticos que pretenden complementar lo trabajado en lasanteriores publicaciones formativas sobre habilidades democr\u00e1ticas (\u201cDerecho a la Educaci\u00f3n y participaci\u00f3n ciudadana\u201d y\u201cCapacidades emocionales y sociales\u201d) y aplicarlo en la formaci\u00f3n de los y las docentes.&nbsp; En ella encontrar\u00e1s los siguientes talleres: &nbsp; M\u00d3DULO 0: DIN\u00c1MICAS Y RECURSOS PR\u00c1CTICOS PARA LA APERTURA Y CIERRE DE LOS TALLERES &nbsp; M\u00d3DULO 1: LOS OBJETIVOS DE DESARROLLO SOSTENIBLE: NUEVA AGENDA UNIVERSALTaller 1 Sobre el contexto global, la desigualdad, la pobreza, el medio ambiente y el derecho a la educaci\u00f3n como motor de cambioTaller 2 Sobre los objetivos de desarrollo sostenible, la planificaci\u00f3n pol\u00edtica y la generaci\u00f3n de propuestas de acci\u00f3n y cambio &nbsp; M\u00d3DULO 2: HABILIDADES DEMOCR\u00c1TICAS PARA EL CAMBIOTaller 3 Sobre la participaci\u00f3n democr\u00e1tica, el poder y la construcci\u00f3n de la ciudadan\u00edaTaller 4 Sobre metodolog\u00edas que impulsan una educaci\u00f3n transformadora &nbsp; M\u00d3DULO 3:&nbsp;LAS CAPACIDADES SOCIO-AFECTIVASTaller [&hellip;]\" \/>\n<meta property=\"og:url\" content=\"https:\/\/www.entreculturas.org\/fr\/publicacion\/habilidades-democraticas-talleres-practicos-para-la-formacion-de-docentes\/\" \/>\n<meta property=\"og:site_name\" content=\"Entreculturas\" \/>\n<meta property=\"article:publisher\" content=\"https:\/\/www.facebook.com\/entreculturas\" \/>\n<meta property=\"article:modified_time\" content=\"2024-03-22T10:56:22+00:00\" \/>\n<meta property=\"og:image\" content=\"https:\/\/www.entreculturas.org\/wp-content\/uploads\/2015\/12\/talleres_docentes_cme.jpg\" \/>\n\t<meta property=\"og:image:width\" content=\"467\" \/>\n\t<meta property=\"og:image:height\" content=\"656\" \/>\n\t<meta property=\"og:image:type\" content=\"image\/jpeg\" \/>\n<meta name=\"twitter:card\" content=\"summary_large_image\" \/>\n<meta name=\"twitter:site\" content=\"@Entreculturas\" \/>\n<script type=\"application\/ld+json\" class=\"yoast-schema-graph\">{\"@context\":\"https:\\\/\\\/schema.org\",\"@graph\":[{\"@type\":\"WebPage\",\"@id\":\"https:\\\/\\\/www.entreculturas.org\\\/fr\\\/publicacion\\\/habilidades-democraticas-talleres-practicos-para-la-formacion-de-docentes\\\/\",\"url\":\"https:\\\/\\\/www.entreculturas.org\\\/fr\\\/publicacion\\\/habilidades-democraticas-talleres-practicos-para-la-formacion-de-docentes\\\/\",\"name\":\"Habilidades democr\u00e1ticas. Talleres Pr\u00e1cticos para la formaci\u00f3n de docentes - Entreculturas\",\"isPartOf\":{\"@id\":\"https:\\\/\\\/www.entreculturas.org\\\/fr\\\/#website\"},\"primaryImageOfPage\":{\"@id\":\"https:\\\/\\\/www.entreculturas.org\\\/fr\\\/publicacion\\\/habilidades-democraticas-talleres-practicos-para-la-formacion-de-docentes\\\/#primaryimage\"},\"image\":{\"@id\":\"https:\\\/\\\/www.entreculturas.org\\\/fr\\\/publicacion\\\/habilidades-democraticas-talleres-practicos-para-la-formacion-de-docentes\\\/#primaryimage\"},\"thumbnailUrl\":\"https:\\\/\\\/www.entreculturas.org\\\/wp-content\\\/uploads\\\/2015\\\/12\\\/talleres_docentes_cme.jpg\",\"datePublished\":\"2015-12-21T12:06:07+00:00\",\"dateModified\":\"2024-03-22T10:56:22+00:00\",\"breadcrumb\":{\"@id\":\"https:\\\/\\\/www.entreculturas.org\\\/fr\\\/publicacion\\\/habilidades-democraticas-talleres-practicos-para-la-formacion-de-docentes\\\/#breadcrumb\"},\"inLanguage\":\"fr-FR\",\"potentialAction\":[{\"@type\":\"ReadAction\",\"target\":[\"https:\\\/\\\/www.entreculturas.org\\\/fr\\\/publicacion\\\/habilidades-democraticas-talleres-practicos-para-la-formacion-de-docentes\\\/\"]}]},{\"@type\":\"ImageObject\",\"inLanguage\":\"fr-FR\",\"@id\":\"https:\\\/\\\/www.entreculturas.org\\\/fr\\\/publicacion\\\/habilidades-democraticas-talleres-practicos-para-la-formacion-de-docentes\\\/#primaryimage\",\"url\":\"https:\\\/\\\/www.entreculturas.org\\\/wp-content\\\/uploads\\\/2015\\\/12\\\/talleres_docentes_cme.jpg\",\"contentUrl\":\"https:\\\/\\\/www.entreculturas.org\\\/wp-content\\\/uploads\\\/2015\\\/12\\\/talleres_docentes_cme.jpg\",\"width\":467,\"height\":656,\"caption\":\"talleres_docentes_cme\"},{\"@type\":\"BreadcrumbList\",\"@id\":\"https:\\\/\\\/www.entreculturas.org\\\/fr\\\/publicacion\\\/habilidades-democraticas-talleres-practicos-para-la-formacion-de-docentes\\\/#breadcrumb\",\"itemListElement\":[{\"@type\":\"ListItem\",\"position\":1,\"name\":\"Home\",\"item\":\"https:\\\/\\\/www.entreculturas.org\\\/fr\\\/\"},{\"@type\":\"ListItem\",\"position\":2,\"name\":\"Publicaciones\",\"item\":\"https:\\\/\\\/www.entreculturas.org\\\/fr\\\/publicaciones\\\/\"},{\"@type\":\"ListItem\",\"position\":3,\"name\":\"Habilidades democr\u00e1ticas. Talleres Pr\u00e1cticos para la formaci\u00f3n de docentes\"}]},{\"@type\":\"WebSite\",\"@id\":\"https:\\\/\\\/www.entreculturas.org\\\/fr\\\/#website\",\"url\":\"https:\\\/\\\/www.entreculturas.org\\\/fr\\\/\",\"name\":\"Entreculturas\",\"description\":\"\",\"publisher\":{\"@id\":\"https:\\\/\\\/www.entreculturas.org\\\/fr\\\/#organization\"},\"alternateName\":\"Entreculturas\",\"potentialAction\":[{\"@type\":\"SearchAction\",\"target\":{\"@type\":\"EntryPoint\",\"urlTemplate\":\"https:\\\/\\\/www.entreculturas.org\\\/fr\\\/?s={search_term_string}\"},\"query-input\":{\"@type\":\"PropertyValueSpecification\",\"valueRequired\":true,\"valueName\":\"search_term_string\"}}],\"inLanguage\":\"fr-FR\"},{\"@type\":\"Organization\",\"@id\":\"https:\\\/\\\/www.entreculturas.org\\\/fr\\\/#organization\",\"name\":\"Entreculturas\",\"url\":\"https:\\\/\\\/www.entreculturas.org\\\/fr\\\/\",\"logo\":{\"@type\":\"ImageObject\",\"inLanguage\":\"fr-FR\",\"@id\":\"https:\\\/\\\/www.entreculturas.org\\\/fr\\\/#\\\/schema\\\/logo\\\/image\\\/\",\"url\":\"https:\\\/\\\/www.entreculturas.org\\\/wp-content\\\/uploads\\\/2025\\\/10\\\/ESP.svg\",\"contentUrl\":\"https:\\\/\\\/www.entreculturas.org\\\/wp-content\\\/uploads\\\/2025\\\/10\\\/ESP.svg\",\"caption\":\"Entreculturas\"},\"image\":{\"@id\":\"https:\\\/\\\/www.entreculturas.org\\\/fr\\\/#\\\/schema\\\/logo\\\/image\\\/\"},\"sameAs\":[\"https:\\\/\\\/www.facebook.com\\\/entreculturas\",\"https:\\\/\\\/x.com\\\/Entreculturas\",\"https:\\\/\\\/www.instagram.com\\\/entreculturas\\\/\",\"https:\\\/\\\/www.youtube.com\\\/user\\\/entreculturasvideo\",\"https:\\\/\\\/www.linkedin.com\\\/company\\\/fundacion-entreculturas-ngdo\\\/\",\"https:\\\/\\\/www.flickr.com\\\/photos\\\/98455522@N04\\\/albums\\\/\"]}]}<\/script>\n<!-- \/ Yoast SEO Premium plugin. -->","yoast_head_json":{"title":"Habilidades democr\u00e1ticas. Talleres Pr\u00e1cticos para la formaci\u00f3n de docentes - Entreculturas","robots":{"index":"index","follow":"follow","max-snippet":"max-snippet:-1","max-image-preview":"max-image-preview:large","max-video-preview":"max-video-preview:-1"},"canonical":"https:\/\/www.entreculturas.org\/fr\/publicacion\/habilidades-democraticas-talleres-practicos-para-la-formacion-de-docentes\/","og_locale":"fr_FR","og_type":"article","og_title":"Habilidades democr\u00e1ticas. Talleres Pr\u00e1cticos para la formaci\u00f3n de docentes","og_description":"En esta publicaci\u00f3n os ofrecemos una serie de talleres pr\u00e1cticos que pretenden complementar lo trabajado en lasanteriores publicaciones formativas sobre habilidades democr\u00e1ticas (\u201cDerecho a la Educaci\u00f3n y participaci\u00f3n ciudadana\u201d y\u201cCapacidades emocionales y sociales\u201d) y aplicarlo en la formaci\u00f3n de los y las docentes.&nbsp; En ella encontrar\u00e1s los siguientes talleres: &nbsp; M\u00d3DULO 0: DIN\u00c1MICAS Y RECURSOS PR\u00c1CTICOS PARA LA APERTURA Y CIERRE DE LOS TALLERES &nbsp; M\u00d3DULO 1: LOS OBJETIVOS DE DESARROLLO SOSTENIBLE: NUEVA AGENDA UNIVERSALTaller 1 Sobre el contexto global, la desigualdad, la pobreza, el medio ambiente y el derecho a la educaci\u00f3n como motor de cambioTaller 2 Sobre los objetivos de desarrollo sostenible, la planificaci\u00f3n pol\u00edtica y la generaci\u00f3n de propuestas de acci\u00f3n y cambio &nbsp; M\u00d3DULO 2: HABILIDADES DEMOCR\u00c1TICAS PARA EL CAMBIOTaller 3 Sobre la participaci\u00f3n democr\u00e1tica, el poder y la construcci\u00f3n de la ciudadan\u00edaTaller 4 Sobre metodolog\u00edas que impulsan una educaci\u00f3n transformadora &nbsp; M\u00d3DULO 3:&nbsp;LAS CAPACIDADES SOCIO-AFECTIVASTaller [&hellip;]","og_url":"https:\/\/www.entreculturas.org\/fr\/publicacion\/habilidades-democraticas-talleres-practicos-para-la-formacion-de-docentes\/","og_site_name":"Entreculturas","article_publisher":"https:\/\/www.facebook.com\/entreculturas","article_modified_time":"2024-03-22T10:56:22+00:00","og_image":[{"width":467,"height":656,"url":"https:\/\/www.entreculturas.org\/wp-content\/uploads\/2015\/12\/talleres_docentes_cme.jpg","type":"image\/jpeg"}],"twitter_card":"summary_large_image","twitter_site":"@Entreculturas","schema":{"@context":"https:\/\/schema.org","@graph":[{"@type":"WebPage","@id":"https:\/\/www.entreculturas.org\/fr\/publicacion\/habilidades-democraticas-talleres-practicos-para-la-formacion-de-docentes\/","url":"https:\/\/www.entreculturas.org\/fr\/publicacion\/habilidades-democraticas-talleres-practicos-para-la-formacion-de-docentes\/","name":"Habilidades democr\u00e1ticas. Talleres Pr\u00e1cticos para la formaci\u00f3n de docentes - Entreculturas","isPartOf":{"@id":"https:\/\/www.entreculturas.org\/fr\/#website"},"primaryImageOfPage":{"@id":"https:\/\/www.entreculturas.org\/fr\/publicacion\/habilidades-democraticas-talleres-practicos-para-la-formacion-de-docentes\/#primaryimage"},"image":{"@id":"https:\/\/www.entreculturas.org\/fr\/publicacion\/habilidades-democraticas-talleres-practicos-para-la-formacion-de-docentes\/#primaryimage"},"thumbnailUrl":"https:\/\/www.entreculturas.org\/wp-content\/uploads\/2015\/12\/talleres_docentes_cme.jpg","datePublished":"2015-12-21T12:06:07+00:00","dateModified":"2024-03-22T10:56:22+00:00","breadcrumb":{"@id":"https:\/\/www.entreculturas.org\/fr\/publicacion\/habilidades-democraticas-talleres-practicos-para-la-formacion-de-docentes\/#breadcrumb"},"inLanguage":"fr-FR","potentialAction":[{"@type":"ReadAction","target":["https:\/\/www.entreculturas.org\/fr\/publicacion\/habilidades-democraticas-talleres-practicos-para-la-formacion-de-docentes\/"]}]},{"@type":"ImageObject","inLanguage":"fr-FR","@id":"https:\/\/www.entreculturas.org\/fr\/publicacion\/habilidades-democraticas-talleres-practicos-para-la-formacion-de-docentes\/#primaryimage","url":"https:\/\/www.entreculturas.org\/wp-content\/uploads\/2015\/12\/talleres_docentes_cme.jpg","contentUrl":"https:\/\/www.entreculturas.org\/wp-content\/uploads\/2015\/12\/talleres_docentes_cme.jpg","width":467,"height":656,"caption":"talleres_docentes_cme"},{"@type":"BreadcrumbList","@id":"https:\/\/www.entreculturas.org\/fr\/publicacion\/habilidades-democraticas-talleres-practicos-para-la-formacion-de-docentes\/#breadcrumb","itemListElement":[{"@type":"ListItem","position":1,"name":"Home","item":"https:\/\/www.entreculturas.org\/fr\/"},{"@type":"ListItem","position":2,"name":"Publicaciones","item":"https:\/\/www.entreculturas.org\/fr\/publicaciones\/"},{"@type":"ListItem","position":3,"name":"Habilidades democr\u00e1ticas. Talleres Pr\u00e1cticos para la formaci\u00f3n de docentes"}]},{"@type":"WebSite","@id":"https:\/\/www.entreculturas.org\/fr\/#website","url":"https:\/\/www.entreculturas.org\/fr\/","name":"Entreculturas","description":"","publisher":{"@id":"https:\/\/www.entreculturas.org\/fr\/#organization"},"alternateName":"Entreculturas","potentialAction":[{"@type":"SearchAction","target":{"@type":"EntryPoint","urlTemplate":"https:\/\/www.entreculturas.org\/fr\/?s={search_term_string}"},"query-input":{"@type":"PropertyValueSpecification","valueRequired":true,"valueName":"search_term_string"}}],"inLanguage":"fr-FR"},{"@type":"Organization","@id":"https:\/\/www.entreculturas.org\/fr\/#organization","name":"Entreculturas","url":"https:\/\/www.entreculturas.org\/fr\/","logo":{"@type":"ImageObject","inLanguage":"fr-FR","@id":"https:\/\/www.entreculturas.org\/fr\/#\/schema\/logo\/image\/","url":"https:\/\/www.entreculturas.org\/wp-content\/uploads\/2025\/10\/ESP.svg","contentUrl":"https:\/\/www.entreculturas.org\/wp-content\/uploads\/2025\/10\/ESP.svg","caption":"Entreculturas"},"image":{"@id":"https:\/\/www.entreculturas.org\/fr\/#\/schema\/logo\/image\/"},"sameAs":["https:\/\/www.facebook.com\/entreculturas","https:\/\/x.com\/Entreculturas","https:\/\/www.instagram.com\/entreculturas\/","https:\/\/www.youtube.com\/user\/entreculturasvideo","https:\/\/www.linkedin.com\/company\/fundacion-entreculturas-ngdo\/","https:\/\/www.flickr.com\/photos\/98455522@N04\/albums\/"]}]}},"_links":{"self":[{"href":"https:\/\/www.entreculturas.org\/fr\/wp-json\/wp\/v2\/publicacion\/4597","targetHints":{"allow":["GET"]}}],"collection":[{"href":"https:\/\/www.entreculturas.org\/fr\/wp-json\/wp\/v2\/publicacion"}],"about":[{"href":"https:\/\/www.entreculturas.org\/fr\/wp-json\/wp\/v2\/types\/publicacion"}],"wp:featuredmedia":[{"embeddable":true,"href":"https:\/\/www.entreculturas.org\/fr\/wp-json\/wp\/v2\/media\/4601"}],"wp:attachment":[{"href":"https:\/\/www.entreculturas.org\/fr\/wp-json\/wp\/v2\/media?parent=4597"}],"wp:term":[{"taxonomy":"category","embeddable":true,"href":"https:\/\/www.entreculturas.org\/fr\/wp-json\/wp\/v2\/categories?post=4597"},{"taxonomy":"post_tag","embeddable":true,"href":"https:\/\/www.entreculturas.org\/fr\/wp-json\/wp\/v2\/tags?post=4597"},{"taxonomy":"cause","embeddable":true,"href":"https:\/\/www.entreculturas.org\/fr\/wp-json\/wp\/v2\/cause?post=4597"},{"taxonomy":"format","embeddable":true,"href":"https:\/\/www.entreculturas.org\/fr\/wp-json\/wp\/v2\/format?post=4597"}],"curies":[{"name":"wp","href":"https:\/\/api.w.org\/{rel}","templated":true}]}}