{"id":4097,"date":"2015-05-27T12:09:53","date_gmt":"2015-05-27T12:09:53","guid":{"rendered":"https:\/\/entreculturasi.wpenginepowered.com\/?publicaciones=retos-globales-por-la-justicia-de-la-compania-de-jesus"},"modified":"2023-12-10T16:24:51","modified_gmt":"2023-12-10T15:24:51","slug":"retos-globales-por-la-justicia-de-la-compania-de-jesus","status":"publish","type":"publicacion","link":"https:\/\/www.entreculturas.org\/fr\/publicacion\/retos-globales-por-la-justicia-de-la-compania-de-jesus\/","title":{"rendered":"Retos Globales por la Justicia de la Compa\u00f1\u00eda de Jes\u00fas"},"content":{"rendered":"<p>Desde la &uacute;ltima Congregaci&oacute;n de la Compa&ntilde;&iacute;a de Jes&uacute;s del a&ntilde;o 2008 un n&uacute;mero importante de instituciones de la Compa&ntilde;&iacute;a, comprometidas con el impulso de un mundo m&aacute;s humano y conscientes de la dimensi&oacute;n global de los fen&oacute;menos sociales, han tratado de formar redes internacionales que aboguen por la vida de los excluidos, es decir, Redes globales de advocacy ignaciano (GIAN). El advocacy ignaciano abarca un conjunto grande de actividades: el acompa&ntilde;amiento, el servicio cercano, la reflexi&oacute;n orante de la realidad, la investigaci&oacute;n rigurosa, la sensibilizaci&oacute;n, la movilizaci&oacute;n y el lobby y es por tanto intersectorial e interprovincial. En este tiempo se han venido conformando varias redes internacionales de advocacy ignaciano en torno a las siguientes tem&aacute;ticas: ecolog&iacute;a; paz y derechos humanos; derecho a la educaci&oacute;n de calidad; gobernanza de recursos naturales y minerales; migraciones y desplazados internos. En este n&uacute;mero presentamos la posici&oacute;n de cada una de estas redes. <\/p>\n<p><a href=\"https:\/\/www.entreculturas.org\/wp-content\/uploads\/2015\/05\/Retos-por-la-justicia.pdf\"> Archivo adjunto<\/a><\/p>\n","protected":false},"excerpt":{"rendered":"<p>Desde la &uacute;ltima Congregaci&oacute;n de la Compa&ntilde;&iacute;a de Jes&uacute;s del a&ntilde;o 2008 un n&uacute;mero importante de instituciones de la Compa&ntilde;&iacute;a, comprometidas con el impulso de un mundo m&aacute;s humano y conscientes de la dimensi&oacute;n global de los fen&oacute;menos sociales, han tratado de formar redes internacionales que aboguen por la vida de los excluidos, es decir, Redes globales de advocacy ignaciano (GIAN). El advocacy ignaciano abarca un conjunto grande de actividades: el acompa&ntilde;amiento, el servicio cercano, la reflexi&oacute;n orante de la realidad, la investigaci&oacute;n rigurosa, la sensibilizaci&oacute;n, la movilizaci&oacute;n y el lobby y es por tanto intersectorial e interprovincial. En este tiempo se han venido conformando varias redes internacionales de advocacy ignaciano en torno a las siguientes tem&aacute;ticas: ecolog&iacute;a; paz y derechos humanos; derecho a la educaci&oacute;n de calidad; gobernanza de recursos naturales y minerales; migraciones y desplazados internos. En este n&uacute;mero presentamos la posici&oacute;n de cada una de estas redes. [&hellip;]<\/p>\n","protected":false},"featured_media":4094,"template":"","format":[112],"categories":[18],"tags":[],"cause":[],"class_list":["post-4097","publicacion","type-publicacion","status-publish","has-post-thumbnail","hentry","category-estudios","format-estudios-e-informes"],"acf":[],"yoast_head":"<!-- This site is optimized with the Yoast SEO Premium plugin v21.6 (Yoast SEO v27.5) - https:\/\/yoast.com\/product\/yoast-seo-premium-wordpress\/ -->\n<title>Retos Globales por la Justicia de la Compa\u00f1\u00eda de Jes\u00fas - Entreculturas<\/title>\n<meta name=\"robots\" content=\"index, follow, max-snippet:-1, max-image-preview:large, max-video-preview:-1\" \/>\n<link rel=\"canonical\" href=\"https:\/\/www.entreculturas.org\/fr\/publicacion\/retos-globales-por-la-justicia-de-la-compania-de-jesus\/\" \/>\n<meta property=\"og:locale\" content=\"fr_FR\" \/>\n<meta property=\"og:type\" content=\"article\" \/>\n<meta property=\"og:title\" content=\"Retos Globales por la Justicia de la Compa\u00f1\u00eda de Jes\u00fas\" \/>\n<meta property=\"og:description\" content=\"Desde la &uacute;ltima Congregaci&oacute;n de la Compa&ntilde;&iacute;a de Jes&uacute;s del a&ntilde;o 2008 un n&uacute;mero importante de instituciones de la Compa&ntilde;&iacute;a, comprometidas con el impulso de un mundo m&aacute;s humano y conscientes de la dimensi&oacute;n global de los fen&oacute;menos sociales, han tratado de formar redes internacionales que aboguen por la vida de los excluidos, es decir, Redes globales de advocacy ignaciano (GIAN). El advocacy ignaciano abarca un conjunto grande de actividades: el acompa&ntilde;amiento, el servicio cercano, la reflexi&oacute;n orante de la realidad, la investigaci&oacute;n rigurosa, la sensibilizaci&oacute;n, la movilizaci&oacute;n y el lobby y es por tanto intersectorial e interprovincial. En este tiempo se han venido conformando varias redes internacionales de advocacy ignaciano en torno a las siguientes tem&aacute;ticas: ecolog&iacute;a; paz y derechos humanos; derecho a la educaci&oacute;n de calidad; gobernanza de recursos naturales y minerales; migraciones y desplazados internos. En este n&uacute;mero presentamos la posici&oacute;n de cada una de estas redes. [&hellip;]\" \/>\n<meta property=\"og:url\" content=\"https:\/\/www.entreculturas.org\/fr\/publicacion\/retos-globales-por-la-justicia-de-la-compania-de-jesus\/\" \/>\n<meta property=\"og:site_name\" content=\"Entreculturas\" \/>\n<meta property=\"article:publisher\" content=\"https:\/\/www.facebook.com\/entreculturas\" \/>\n<meta property=\"article:modified_time\" content=\"2023-12-10T15:24:51+00:00\" \/>\n<meta property=\"og:image\" content=\"https:\/\/www.entreculturas.org\/wp-content\/uploads\/2015\/05\/Sin-titulo-1.jpg\" \/>\n\t<meta property=\"og:image:width\" content=\"90\" \/>\n\t<meta property=\"og:image:height\" content=\"125\" \/>\n\t<meta property=\"og:image:type\" content=\"image\/jpeg\" \/>\n<meta name=\"twitter:card\" content=\"summary_large_image\" \/>\n<meta name=\"twitter:site\" content=\"@Entreculturas\" \/>\n<script type=\"application\/ld+json\" class=\"yoast-schema-graph\">{\"@context\":\"https:\\\/\\\/schema.org\",\"@graph\":[{\"@type\":\"WebPage\",\"@id\":\"https:\\\/\\\/www.entreculturas.org\\\/fr\\\/publicacion\\\/retos-globales-por-la-justicia-de-la-compania-de-jesus\\\/\",\"url\":\"https:\\\/\\\/www.entreculturas.org\\\/fr\\\/publicacion\\\/retos-globales-por-la-justicia-de-la-compania-de-jesus\\\/\",\"name\":\"Retos Globales por la Justicia de la Compa\u00f1\u00eda de Jes\u00fas - Entreculturas\",\"isPartOf\":{\"@id\":\"https:\\\/\\\/www.entreculturas.org\\\/fr\\\/#website\"},\"primaryImageOfPage\":{\"@id\":\"https:\\\/\\\/www.entreculturas.org\\\/fr\\\/publicacion\\\/retos-globales-por-la-justicia-de-la-compania-de-jesus\\\/#primaryimage\"},\"image\":{\"@id\":\"https:\\\/\\\/www.entreculturas.org\\\/fr\\\/publicacion\\\/retos-globales-por-la-justicia-de-la-compania-de-jesus\\\/#primaryimage\"},\"thumbnailUrl\":\"https:\\\/\\\/www.entreculturas.org\\\/wp-content\\\/uploads\\\/2015\\\/05\\\/Sin-titulo-1.jpg\",\"datePublished\":\"2015-05-27T12:09:53+00:00\",\"dateModified\":\"2023-12-10T15:24:51+00:00\",\"breadcrumb\":{\"@id\":\"https:\\\/\\\/www.entreculturas.org\\\/fr\\\/publicacion\\\/retos-globales-por-la-justicia-de-la-compania-de-jesus\\\/#breadcrumb\"},\"inLanguage\":\"fr-FR\",\"potentialAction\":[{\"@type\":\"ReadAction\",\"target\":[\"https:\\\/\\\/www.entreculturas.org\\\/fr\\\/publicacion\\\/retos-globales-por-la-justicia-de-la-compania-de-jesus\\\/\"]}]},{\"@type\":\"ImageObject\",\"inLanguage\":\"fr-FR\",\"@id\":\"https:\\\/\\\/www.entreculturas.org\\\/fr\\\/publicacion\\\/retos-globales-por-la-justicia-de-la-compania-de-jesus\\\/#primaryimage\",\"url\":\"https:\\\/\\\/www.entreculturas.org\\\/wp-content\\\/uploads\\\/2015\\\/05\\\/Sin-titulo-1.jpg\",\"contentUrl\":\"https:\\\/\\\/www.entreculturas.org\\\/wp-content\\\/uploads\\\/2015\\\/05\\\/Sin-titulo-1.jpg\",\"width\":90,\"height\":125},{\"@type\":\"BreadcrumbList\",\"@id\":\"https:\\\/\\\/www.entreculturas.org\\\/fr\\\/publicacion\\\/retos-globales-por-la-justicia-de-la-compania-de-jesus\\\/#breadcrumb\",\"itemListElement\":[{\"@type\":\"ListItem\",\"position\":1,\"name\":\"Home\",\"item\":\"https:\\\/\\\/www.entreculturas.org\\\/fr\\\/\"},{\"@type\":\"ListItem\",\"position\":2,\"name\":\"Publicaciones\",\"item\":\"https:\\\/\\\/www.entreculturas.org\\\/fr\\\/publicaciones\\\/\"},{\"@type\":\"ListItem\",\"position\":3,\"name\":\"Retos Globales por la Justicia de la Compa\u00f1\u00eda de Jes\u00fas\"}]},{\"@type\":\"WebSite\",\"@id\":\"https:\\\/\\\/www.entreculturas.org\\\/fr\\\/#website\",\"url\":\"https:\\\/\\\/www.entreculturas.org\\\/fr\\\/\",\"name\":\"Entreculturas\",\"description\":\"\",\"publisher\":{\"@id\":\"https:\\\/\\\/www.entreculturas.org\\\/fr\\\/#organization\"},\"alternateName\":\"Entreculturas\",\"potentialAction\":[{\"@type\":\"SearchAction\",\"target\":{\"@type\":\"EntryPoint\",\"urlTemplate\":\"https:\\\/\\\/www.entreculturas.org\\\/fr\\\/?s={search_term_string}\"},\"query-input\":{\"@type\":\"PropertyValueSpecification\",\"valueRequired\":true,\"valueName\":\"search_term_string\"}}],\"inLanguage\":\"fr-FR\"},{\"@type\":\"Organization\",\"@id\":\"https:\\\/\\\/www.entreculturas.org\\\/fr\\\/#organization\",\"name\":\"Entreculturas\",\"url\":\"https:\\\/\\\/www.entreculturas.org\\\/fr\\\/\",\"logo\":{\"@type\":\"ImageObject\",\"inLanguage\":\"fr-FR\",\"@id\":\"https:\\\/\\\/www.entreculturas.org\\\/fr\\\/#\\\/schema\\\/logo\\\/image\\\/\",\"url\":\"https:\\\/\\\/www.entreculturas.org\\\/wp-content\\\/uploads\\\/2025\\\/10\\\/ESP.svg\",\"contentUrl\":\"https:\\\/\\\/www.entreculturas.org\\\/wp-content\\\/uploads\\\/2025\\\/10\\\/ESP.svg\",\"caption\":\"Entreculturas\"},\"image\":{\"@id\":\"https:\\\/\\\/www.entreculturas.org\\\/fr\\\/#\\\/schema\\\/logo\\\/image\\\/\"},\"sameAs\":[\"https:\\\/\\\/www.facebook.com\\\/entreculturas\",\"https:\\\/\\\/x.com\\\/Entreculturas\",\"https:\\\/\\\/www.instagram.com\\\/entreculturas\\\/\",\"https:\\\/\\\/www.youtube.com\\\/user\\\/entreculturasvideo\",\"https:\\\/\\\/www.linkedin.com\\\/company\\\/fundacion-entreculturas-ngdo\\\/\",\"https:\\\/\\\/www.flickr.com\\\/photos\\\/98455522@N04\\\/albums\\\/\"]}]}<\/script>\n<!-- \/ Yoast SEO Premium plugin. -->","yoast_head_json":{"title":"Retos Globales por la Justicia de la Compa\u00f1\u00eda de Jes\u00fas - Entreculturas","robots":{"index":"index","follow":"follow","max-snippet":"max-snippet:-1","max-image-preview":"max-image-preview:large","max-video-preview":"max-video-preview:-1"},"canonical":"https:\/\/www.entreculturas.org\/fr\/publicacion\/retos-globales-por-la-justicia-de-la-compania-de-jesus\/","og_locale":"fr_FR","og_type":"article","og_title":"Retos Globales por la Justicia de la Compa\u00f1\u00eda de Jes\u00fas","og_description":"Desde la &uacute;ltima Congregaci&oacute;n de la Compa&ntilde;&iacute;a de Jes&uacute;s del a&ntilde;o 2008 un n&uacute;mero importante de instituciones de la Compa&ntilde;&iacute;a, comprometidas con el impulso de un mundo m&aacute;s humano y conscientes de la dimensi&oacute;n global de los fen&oacute;menos sociales, han tratado de formar redes internacionales que aboguen por la vida de los excluidos, es decir, Redes globales de advocacy ignaciano (GIAN). El advocacy ignaciano abarca un conjunto grande de actividades: el acompa&ntilde;amiento, el servicio cercano, la reflexi&oacute;n orante de la realidad, la investigaci&oacute;n rigurosa, la sensibilizaci&oacute;n, la movilizaci&oacute;n y el lobby y es por tanto intersectorial e interprovincial. En este tiempo se han venido conformando varias redes internacionales de advocacy ignaciano en torno a las siguientes tem&aacute;ticas: ecolog&iacute;a; paz y derechos humanos; derecho a la educaci&oacute;n de calidad; gobernanza de recursos naturales y minerales; migraciones y desplazados internos. En este n&uacute;mero presentamos la posici&oacute;n de cada una de estas redes. [&hellip;]","og_url":"https:\/\/www.entreculturas.org\/fr\/publicacion\/retos-globales-por-la-justicia-de-la-compania-de-jesus\/","og_site_name":"Entreculturas","article_publisher":"https:\/\/www.facebook.com\/entreculturas","article_modified_time":"2023-12-10T15:24:51+00:00","og_image":[{"width":90,"height":125,"url":"https:\/\/www.entreculturas.org\/wp-content\/uploads\/2015\/05\/Sin-titulo-1.jpg","type":"image\/jpeg"}],"twitter_card":"summary_large_image","twitter_site":"@Entreculturas","schema":{"@context":"https:\/\/schema.org","@graph":[{"@type":"WebPage","@id":"https:\/\/www.entreculturas.org\/fr\/publicacion\/retos-globales-por-la-justicia-de-la-compania-de-jesus\/","url":"https:\/\/www.entreculturas.org\/fr\/publicacion\/retos-globales-por-la-justicia-de-la-compania-de-jesus\/","name":"Retos Globales por la Justicia de la Compa\u00f1\u00eda de Jes\u00fas - Entreculturas","isPartOf":{"@id":"https:\/\/www.entreculturas.org\/fr\/#website"},"primaryImageOfPage":{"@id":"https:\/\/www.entreculturas.org\/fr\/publicacion\/retos-globales-por-la-justicia-de-la-compania-de-jesus\/#primaryimage"},"image":{"@id":"https:\/\/www.entreculturas.org\/fr\/publicacion\/retos-globales-por-la-justicia-de-la-compania-de-jesus\/#primaryimage"},"thumbnailUrl":"https:\/\/www.entreculturas.org\/wp-content\/uploads\/2015\/05\/Sin-titulo-1.jpg","datePublished":"2015-05-27T12:09:53+00:00","dateModified":"2023-12-10T15:24:51+00:00","breadcrumb":{"@id":"https:\/\/www.entreculturas.org\/fr\/publicacion\/retos-globales-por-la-justicia-de-la-compania-de-jesus\/#breadcrumb"},"inLanguage":"fr-FR","potentialAction":[{"@type":"ReadAction","target":["https:\/\/www.entreculturas.org\/fr\/publicacion\/retos-globales-por-la-justicia-de-la-compania-de-jesus\/"]}]},{"@type":"ImageObject","inLanguage":"fr-FR","@id":"https:\/\/www.entreculturas.org\/fr\/publicacion\/retos-globales-por-la-justicia-de-la-compania-de-jesus\/#primaryimage","url":"https:\/\/www.entreculturas.org\/wp-content\/uploads\/2015\/05\/Sin-titulo-1.jpg","contentUrl":"https:\/\/www.entreculturas.org\/wp-content\/uploads\/2015\/05\/Sin-titulo-1.jpg","width":90,"height":125},{"@type":"BreadcrumbList","@id":"https:\/\/www.entreculturas.org\/fr\/publicacion\/retos-globales-por-la-justicia-de-la-compania-de-jesus\/#breadcrumb","itemListElement":[{"@type":"ListItem","position":1,"name":"Home","item":"https:\/\/www.entreculturas.org\/fr\/"},{"@type":"ListItem","position":2,"name":"Publicaciones","item":"https:\/\/www.entreculturas.org\/fr\/publicaciones\/"},{"@type":"ListItem","position":3,"name":"Retos Globales por la Justicia de la Compa\u00f1\u00eda de Jes\u00fas"}]},{"@type":"WebSite","@id":"https:\/\/www.entreculturas.org\/fr\/#website","url":"https:\/\/www.entreculturas.org\/fr\/","name":"Entreculturas","description":"","publisher":{"@id":"https:\/\/www.entreculturas.org\/fr\/#organization"},"alternateName":"Entreculturas","potentialAction":[{"@type":"SearchAction","target":{"@type":"EntryPoint","urlTemplate":"https:\/\/www.entreculturas.org\/fr\/?s={search_term_string}"},"query-input":{"@type":"PropertyValueSpecification","valueRequired":true,"valueName":"search_term_string"}}],"inLanguage":"fr-FR"},{"@type":"Organization","@id":"https:\/\/www.entreculturas.org\/fr\/#organization","name":"Entreculturas","url":"https:\/\/www.entreculturas.org\/fr\/","logo":{"@type":"ImageObject","inLanguage":"fr-FR","@id":"https:\/\/www.entreculturas.org\/fr\/#\/schema\/logo\/image\/","url":"https:\/\/www.entreculturas.org\/wp-content\/uploads\/2025\/10\/ESP.svg","contentUrl":"https:\/\/www.entreculturas.org\/wp-content\/uploads\/2025\/10\/ESP.svg","caption":"Entreculturas"},"image":{"@id":"https:\/\/www.entreculturas.org\/fr\/#\/schema\/logo\/image\/"},"sameAs":["https:\/\/www.facebook.com\/entreculturas","https:\/\/x.com\/Entreculturas","https:\/\/www.instagram.com\/entreculturas\/","https:\/\/www.youtube.com\/user\/entreculturasvideo","https:\/\/www.linkedin.com\/company\/fundacion-entreculturas-ngdo\/","https:\/\/www.flickr.com\/photos\/98455522@N04\/albums\/"]}]}},"_links":{"self":[{"href":"https:\/\/www.entreculturas.org\/fr\/wp-json\/wp\/v2\/publicacion\/4097","targetHints":{"allow":["GET"]}}],"collection":[{"href":"https:\/\/www.entreculturas.org\/fr\/wp-json\/wp\/v2\/publicacion"}],"about":[{"href":"https:\/\/www.entreculturas.org\/fr\/wp-json\/wp\/v2\/types\/publicacion"}],"wp:featuredmedia":[{"embeddable":true,"href":"https:\/\/www.entreculturas.org\/fr\/wp-json\/wp\/v2\/media\/4094"}],"wp:attachment":[{"href":"https:\/\/www.entreculturas.org\/fr\/wp-json\/wp\/v2\/media?parent=4097"}],"wp:term":[{"taxonomy":"category","embeddable":true,"href":"https:\/\/www.entreculturas.org\/fr\/wp-json\/wp\/v2\/categories?post=4097"},{"taxonomy":"post_tag","embeddable":true,"href":"https:\/\/www.entreculturas.org\/fr\/wp-json\/wp\/v2\/tags?post=4097"},{"taxonomy":"cause","embeddable":true,"href":"https:\/\/www.entreculturas.org\/fr\/wp-json\/wp\/v2\/cause?post=4097"},{"taxonomy":"format","embeddable":true,"href":"https:\/\/www.entreculturas.org\/fr\/wp-json\/wp\/v2\/format?post=4097"}],"curies":[{"name":"wp","href":"https:\/\/api.w.org\/{rel}","templated":true}]}}