{"id":3822,"date":"2015-05-27T12:09:53","date_gmt":"2015-05-27T12:09:53","guid":{"rendered":"https:\/\/entreculturasi.wpenginepowered.com\/?publicaciones=cuadernillo_aulas4"},"modified":"2024-03-25T16:24:50","modified_gmt":"2024-03-25T15:24:50","slug":"cuadernillo_aulas4","status":"publish","type":"publicacion","link":"https:\/\/www.entreculturas.org\/fr\/publicacion\/cuadernillo_aulas4\/","title":{"rendered":"Cuadernillo n\u00ba4 de \u201cAulas que cambian el mundo\u201d. Participaci\u00f3n: un cambio de modelo"},"content":{"rendered":"<p>Educar para la participaci\u00f3n supone, desde nuestro punto de vista, educar para una ciudadan\u00eda capaz de construir otro mundo posible en el que creemos. Un reto as\u00ed no se puede afrontar sin hacer algunos ajustes y algunos cambios profundos en el modelo educativo. En este cuaderno se\u00f1alamos algunos de ellos, muchos de los cuales est\u00e1n poni\u00e9ndose en pr\u00e1ctica por personas pioneras, con una firme vocaci\u00f3n educativa y un entusiasmo y dedicaci\u00f3n admirable.<\/p>\n<p>\u00a0<\/p>\n\n\n<div class=\"wp-block-buttons is-layout-flex wp-block-buttons-is-layout-flex\">\n<div class=\"wp-block-button\"><a class=\"wp-block-button__link wp-element-button\" href=\"https:\/\/www.entreculturas.org\/wp-content\/uploads\/2015\/05\/Aulas_participacion.pdf\" target=\"_blank\" rel=\"noreferrer noopener\">DESCARGAR<\/a><\/div>\n<\/div>\n","protected":false},"excerpt":{"rendered":"<p>Educar para la participaci\u00f3n supone, desde nuestro punto de vista, educar para una ciudadan\u00eda capaz de construir otro mundo posible en el que creemos. Un reto as\u00ed no se puede afrontar sin hacer algunos ajustes y algunos cambios profundos en el modelo educativo. En este cuaderno se\u00f1alamos algunos de ellos, muchos de los cuales est\u00e1n poni\u00e9ndose en pr\u00e1ctica por personas pioneras, con una firme vocaci\u00f3n educativa y un entusiasmo y dedicaci\u00f3n admirable. \u00a0<\/p>\n","protected":false},"featured_media":3820,"template":"","format":[115],"categories":[12],"tags":[8],"cause":[],"class_list":["post-3822","publicacion","type-publicacion","status-publish","has-post-thumbnail","hentry","category-recursos-educativos","tag-participacion-y-ciudadania-global","format-recursos-educativos"],"acf":[],"yoast_head":"<!-- This site is optimized with the Yoast SEO Premium plugin v21.6 (Yoast SEO v27.5) - https:\/\/yoast.com\/product\/yoast-seo-premium-wordpress\/ -->\n<title>Cuadernillo n\u00ba4 de \u201cAulas que cambian el mundo\u201d. Participaci\u00f3n: un cambio de modelo - Entreculturas<\/title>\n<meta name=\"robots\" content=\"index, follow, max-snippet:-1, max-image-preview:large, max-video-preview:-1\" \/>\n<link rel=\"canonical\" href=\"https:\/\/www.entreculturas.org\/fr\/publicacion\/cuadernillo_aulas4\/\" \/>\n<meta property=\"og:locale\" content=\"fr_FR\" \/>\n<meta property=\"og:type\" content=\"article\" \/>\n<meta property=\"og:title\" content=\"Cuadernillo n\u00ba4 de \u201cAulas que cambian el mundo\u201d. Participaci\u00f3n: un cambio de modelo\" \/>\n<meta property=\"og:description\" content=\"Educar para la participaci\u00f3n supone, desde nuestro punto de vista, educar para una ciudadan\u00eda capaz de construir otro mundo posible en el que creemos. Un reto as\u00ed no se puede afrontar sin hacer algunos ajustes y algunos cambios profundos en el modelo educativo. En este cuaderno se\u00f1alamos algunos de ellos, muchos de los cuales est\u00e1n poni\u00e9ndose en pr\u00e1ctica por personas pioneras, con una firme vocaci\u00f3n educativa y un entusiasmo y dedicaci\u00f3n admirable. \u00a0\" \/>\n<meta property=\"og:url\" content=\"https:\/\/www.entreculturas.org\/fr\/publicacion\/cuadernillo_aulas4\/\" \/>\n<meta property=\"og:site_name\" content=\"Entreculturas\" \/>\n<meta property=\"article:publisher\" content=\"https:\/\/www.facebook.com\/entreculturas\" \/>\n<meta property=\"article:modified_time\" content=\"2024-03-25T15:24:50+00:00\" \/>\n<meta property=\"og:image\" content=\"https:\/\/www.entreculturas.org\/wp-content\/uploads\/2015\/05\/Aulas4.jpg\" \/>\n\t<meta property=\"og:image:width\" content=\"90\" \/>\n\t<meta property=\"og:image:height\" content=\"125\" \/>\n\t<meta property=\"og:image:type\" content=\"image\/jpeg\" \/>\n<meta name=\"twitter:card\" content=\"summary_large_image\" \/>\n<meta name=\"twitter:site\" content=\"@Entreculturas\" \/>\n<script type=\"application\/ld+json\" class=\"yoast-schema-graph\">{\"@context\":\"https:\\\/\\\/schema.org\",\"@graph\":[{\"@type\":\"WebPage\",\"@id\":\"https:\\\/\\\/www.entreculturas.org\\\/fr\\\/publicacion\\\/cuadernillo_aulas4\\\/\",\"url\":\"https:\\\/\\\/www.entreculturas.org\\\/fr\\\/publicacion\\\/cuadernillo_aulas4\\\/\",\"name\":\"Cuadernillo n\u00ba4 de \u201cAulas que cambian el mundo\u201d. Participaci\u00f3n: un cambio de modelo - Entreculturas\",\"isPartOf\":{\"@id\":\"https:\\\/\\\/www.entreculturas.org\\\/fr\\\/#website\"},\"primaryImageOfPage\":{\"@id\":\"https:\\\/\\\/www.entreculturas.org\\\/fr\\\/publicacion\\\/cuadernillo_aulas4\\\/#primaryimage\"},\"image\":{\"@id\":\"https:\\\/\\\/www.entreculturas.org\\\/fr\\\/publicacion\\\/cuadernillo_aulas4\\\/#primaryimage\"},\"thumbnailUrl\":\"https:\\\/\\\/www.entreculturas.org\\\/wp-content\\\/uploads\\\/2015\\\/05\\\/Aulas4.jpg\",\"datePublished\":\"2015-05-27T12:09:53+00:00\",\"dateModified\":\"2024-03-25T15:24:50+00:00\",\"breadcrumb\":{\"@id\":\"https:\\\/\\\/www.entreculturas.org\\\/fr\\\/publicacion\\\/cuadernillo_aulas4\\\/#breadcrumb\"},\"inLanguage\":\"fr-FR\",\"potentialAction\":[{\"@type\":\"ReadAction\",\"target\":[\"https:\\\/\\\/www.entreculturas.org\\\/fr\\\/publicacion\\\/cuadernillo_aulas4\\\/\"]}]},{\"@type\":\"ImageObject\",\"inLanguage\":\"fr-FR\",\"@id\":\"https:\\\/\\\/www.entreculturas.org\\\/fr\\\/publicacion\\\/cuadernillo_aulas4\\\/#primaryimage\",\"url\":\"https:\\\/\\\/www.entreculturas.org\\\/wp-content\\\/uploads\\\/2015\\\/05\\\/Aulas4.jpg\",\"contentUrl\":\"https:\\\/\\\/www.entreculturas.org\\\/wp-content\\\/uploads\\\/2015\\\/05\\\/Aulas4.jpg\",\"width\":90,\"height\":125},{\"@type\":\"BreadcrumbList\",\"@id\":\"https:\\\/\\\/www.entreculturas.org\\\/fr\\\/publicacion\\\/cuadernillo_aulas4\\\/#breadcrumb\",\"itemListElement\":[{\"@type\":\"ListItem\",\"position\":1,\"name\":\"Home\",\"item\":\"https:\\\/\\\/www.entreculturas.org\\\/fr\\\/\"},{\"@type\":\"ListItem\",\"position\":2,\"name\":\"Publicaciones\",\"item\":\"https:\\\/\\\/www.entreculturas.org\\\/fr\\\/publicaciones\\\/\"},{\"@type\":\"ListItem\",\"position\":3,\"name\":\"Cuadernillo n\u00ba4 de \u201cAulas que cambian el mundo\u201d. Participaci\u00f3n: un cambio de modelo\"}]},{\"@type\":\"WebSite\",\"@id\":\"https:\\\/\\\/www.entreculturas.org\\\/fr\\\/#website\",\"url\":\"https:\\\/\\\/www.entreculturas.org\\\/fr\\\/\",\"name\":\"Entreculturas\",\"description\":\"\",\"publisher\":{\"@id\":\"https:\\\/\\\/www.entreculturas.org\\\/fr\\\/#organization\"},\"alternateName\":\"Entreculturas\",\"potentialAction\":[{\"@type\":\"SearchAction\",\"target\":{\"@type\":\"EntryPoint\",\"urlTemplate\":\"https:\\\/\\\/www.entreculturas.org\\\/fr\\\/?s={search_term_string}\"},\"query-input\":{\"@type\":\"PropertyValueSpecification\",\"valueRequired\":true,\"valueName\":\"search_term_string\"}}],\"inLanguage\":\"fr-FR\"},{\"@type\":\"Organization\",\"@id\":\"https:\\\/\\\/www.entreculturas.org\\\/fr\\\/#organization\",\"name\":\"Entreculturas\",\"url\":\"https:\\\/\\\/www.entreculturas.org\\\/fr\\\/\",\"logo\":{\"@type\":\"ImageObject\",\"inLanguage\":\"fr-FR\",\"@id\":\"https:\\\/\\\/www.entreculturas.org\\\/fr\\\/#\\\/schema\\\/logo\\\/image\\\/\",\"url\":\"https:\\\/\\\/www.entreculturas.org\\\/wp-content\\\/uploads\\\/2025\\\/10\\\/ESP.svg\",\"contentUrl\":\"https:\\\/\\\/www.entreculturas.org\\\/wp-content\\\/uploads\\\/2025\\\/10\\\/ESP.svg\",\"caption\":\"Entreculturas\"},\"image\":{\"@id\":\"https:\\\/\\\/www.entreculturas.org\\\/fr\\\/#\\\/schema\\\/logo\\\/image\\\/\"},\"sameAs\":[\"https:\\\/\\\/www.facebook.com\\\/entreculturas\",\"https:\\\/\\\/x.com\\\/Entreculturas\",\"https:\\\/\\\/www.instagram.com\\\/entreculturas\\\/\",\"https:\\\/\\\/www.youtube.com\\\/user\\\/entreculturasvideo\",\"https:\\\/\\\/www.linkedin.com\\\/company\\\/fundacion-entreculturas-ngdo\\\/\",\"https:\\\/\\\/www.flickr.com\\\/photos\\\/98455522@N04\\\/albums\\\/\"]}]}<\/script>\n<!-- \/ Yoast SEO Premium plugin. -->","yoast_head_json":{"title":"Cuadernillo n\u00ba4 de \u201cAulas que cambian el mundo\u201d. Participaci\u00f3n: un cambio de modelo - Entreculturas","robots":{"index":"index","follow":"follow","max-snippet":"max-snippet:-1","max-image-preview":"max-image-preview:large","max-video-preview":"max-video-preview:-1"},"canonical":"https:\/\/www.entreculturas.org\/fr\/publicacion\/cuadernillo_aulas4\/","og_locale":"fr_FR","og_type":"article","og_title":"Cuadernillo n\u00ba4 de \u201cAulas que cambian el mundo\u201d. Participaci\u00f3n: un cambio de modelo","og_description":"Educar para la participaci\u00f3n supone, desde nuestro punto de vista, educar para una ciudadan\u00eda capaz de construir otro mundo posible en el que creemos. Un reto as\u00ed no se puede afrontar sin hacer algunos ajustes y algunos cambios profundos en el modelo educativo. En este cuaderno se\u00f1alamos algunos de ellos, muchos de los cuales est\u00e1n poni\u00e9ndose en pr\u00e1ctica por personas pioneras, con una firme vocaci\u00f3n educativa y un entusiasmo y dedicaci\u00f3n admirable. \u00a0","og_url":"https:\/\/www.entreculturas.org\/fr\/publicacion\/cuadernillo_aulas4\/","og_site_name":"Entreculturas","article_publisher":"https:\/\/www.facebook.com\/entreculturas","article_modified_time":"2024-03-25T15:24:50+00:00","og_image":[{"width":90,"height":125,"url":"https:\/\/www.entreculturas.org\/wp-content\/uploads\/2015\/05\/Aulas4.jpg","type":"image\/jpeg"}],"twitter_card":"summary_large_image","twitter_site":"@Entreculturas","schema":{"@context":"https:\/\/schema.org","@graph":[{"@type":"WebPage","@id":"https:\/\/www.entreculturas.org\/fr\/publicacion\/cuadernillo_aulas4\/","url":"https:\/\/www.entreculturas.org\/fr\/publicacion\/cuadernillo_aulas4\/","name":"Cuadernillo n\u00ba4 de \u201cAulas que cambian el mundo\u201d. Participaci\u00f3n: un cambio de modelo - Entreculturas","isPartOf":{"@id":"https:\/\/www.entreculturas.org\/fr\/#website"},"primaryImageOfPage":{"@id":"https:\/\/www.entreculturas.org\/fr\/publicacion\/cuadernillo_aulas4\/#primaryimage"},"image":{"@id":"https:\/\/www.entreculturas.org\/fr\/publicacion\/cuadernillo_aulas4\/#primaryimage"},"thumbnailUrl":"https:\/\/www.entreculturas.org\/wp-content\/uploads\/2015\/05\/Aulas4.jpg","datePublished":"2015-05-27T12:09:53+00:00","dateModified":"2024-03-25T15:24:50+00:00","breadcrumb":{"@id":"https:\/\/www.entreculturas.org\/fr\/publicacion\/cuadernillo_aulas4\/#breadcrumb"},"inLanguage":"fr-FR","potentialAction":[{"@type":"ReadAction","target":["https:\/\/www.entreculturas.org\/fr\/publicacion\/cuadernillo_aulas4\/"]}]},{"@type":"ImageObject","inLanguage":"fr-FR","@id":"https:\/\/www.entreculturas.org\/fr\/publicacion\/cuadernillo_aulas4\/#primaryimage","url":"https:\/\/www.entreculturas.org\/wp-content\/uploads\/2015\/05\/Aulas4.jpg","contentUrl":"https:\/\/www.entreculturas.org\/wp-content\/uploads\/2015\/05\/Aulas4.jpg","width":90,"height":125},{"@type":"BreadcrumbList","@id":"https:\/\/www.entreculturas.org\/fr\/publicacion\/cuadernillo_aulas4\/#breadcrumb","itemListElement":[{"@type":"ListItem","position":1,"name":"Home","item":"https:\/\/www.entreculturas.org\/fr\/"},{"@type":"ListItem","position":2,"name":"Publicaciones","item":"https:\/\/www.entreculturas.org\/fr\/publicaciones\/"},{"@type":"ListItem","position":3,"name":"Cuadernillo n\u00ba4 de \u201cAulas que cambian el mundo\u201d. Participaci\u00f3n: un cambio de modelo"}]},{"@type":"WebSite","@id":"https:\/\/www.entreculturas.org\/fr\/#website","url":"https:\/\/www.entreculturas.org\/fr\/","name":"Entreculturas","description":"","publisher":{"@id":"https:\/\/www.entreculturas.org\/fr\/#organization"},"alternateName":"Entreculturas","potentialAction":[{"@type":"SearchAction","target":{"@type":"EntryPoint","urlTemplate":"https:\/\/www.entreculturas.org\/fr\/?s={search_term_string}"},"query-input":{"@type":"PropertyValueSpecification","valueRequired":true,"valueName":"search_term_string"}}],"inLanguage":"fr-FR"},{"@type":"Organization","@id":"https:\/\/www.entreculturas.org\/fr\/#organization","name":"Entreculturas","url":"https:\/\/www.entreculturas.org\/fr\/","logo":{"@type":"ImageObject","inLanguage":"fr-FR","@id":"https:\/\/www.entreculturas.org\/fr\/#\/schema\/logo\/image\/","url":"https:\/\/www.entreculturas.org\/wp-content\/uploads\/2025\/10\/ESP.svg","contentUrl":"https:\/\/www.entreculturas.org\/wp-content\/uploads\/2025\/10\/ESP.svg","caption":"Entreculturas"},"image":{"@id":"https:\/\/www.entreculturas.org\/fr\/#\/schema\/logo\/image\/"},"sameAs":["https:\/\/www.facebook.com\/entreculturas","https:\/\/x.com\/Entreculturas","https:\/\/www.instagram.com\/entreculturas\/","https:\/\/www.youtube.com\/user\/entreculturasvideo","https:\/\/www.linkedin.com\/company\/fundacion-entreculturas-ngdo\/","https:\/\/www.flickr.com\/photos\/98455522@N04\/albums\/"]}]}},"_links":{"self":[{"href":"https:\/\/www.entreculturas.org\/fr\/wp-json\/wp\/v2\/publicacion\/3822","targetHints":{"allow":["GET"]}}],"collection":[{"href":"https:\/\/www.entreculturas.org\/fr\/wp-json\/wp\/v2\/publicacion"}],"about":[{"href":"https:\/\/www.entreculturas.org\/fr\/wp-json\/wp\/v2\/types\/publicacion"}],"wp:featuredmedia":[{"embeddable":true,"href":"https:\/\/www.entreculturas.org\/fr\/wp-json\/wp\/v2\/media\/3820"}],"wp:attachment":[{"href":"https:\/\/www.entreculturas.org\/fr\/wp-json\/wp\/v2\/media?parent=3822"}],"wp:term":[{"taxonomy":"category","embeddable":true,"href":"https:\/\/www.entreculturas.org\/fr\/wp-json\/wp\/v2\/categories?post=3822"},{"taxonomy":"post_tag","embeddable":true,"href":"https:\/\/www.entreculturas.org\/fr\/wp-json\/wp\/v2\/tags?post=3822"},{"taxonomy":"cause","embeddable":true,"href":"https:\/\/www.entreculturas.org\/fr\/wp-json\/wp\/v2\/cause?post=3822"},{"taxonomy":"format","embeddable":true,"href":"https:\/\/www.entreculturas.org\/fr\/wp-json\/wp\/v2\/format?post=3822"}],"curies":[{"name":"wp","href":"https:\/\/api.w.org\/{rel}","templated":true}]}}