{"id":35393,"date":"2024-11-08T12:24:45","date_gmt":"2024-11-08T11:24:45","guid":{"rendered":"https:\/\/www.entreculturas.org\/?post_type=publicacion&#038;p=35393"},"modified":"2025-06-13T08:59:55","modified_gmt":"2025-06-13T06:59:55","slug":"resiliencia-comunitaria-en-emergencias","status":"publish","type":"publicacion","link":"https:\/\/www.entreculturas.org\/fr\/publicacion\/resiliencia-comunitaria-en-emergencias\/","title":{"rendered":"Resiliencia comunitaria en emergencias"},"content":{"rendered":"\n<p><\/p>\n\n\n\n<p>La Red Xavier (XN), constituida como fundaci\u00f3n en 2004, es una asociaci\u00f3n internacional de misi\u00f3n y desarrollo en la que 14 organizaciones jesuitas de todo el mundo trabajan desde la fe para promover la justicia social y aportar transformaci\u00f3n. Es la primera red de este tipo en el mundo jesuita, creada con el sencillo principio de que uni\u00e9ndonos podemos conseguir m\u00e1s.<\/p>\n\n\n\n<p><\/p>\n\n\n\n<p>A trav\u00e9s de uno de los cuatro grupos de trabajo (Emergencias, EWG), como Red Xavier se da respuesta a grandes emergencias y crisis humanitarias en todo el mundo. Una situaci\u00f3n provocada por un desastre natural o humano que tiene efectos terribles en las personas y comunidades donde las organizaciones jesuitas prestan su servicio.<br><br>Durante estos a\u00f1os ha desarrollado, implementado y profesionalizado un protocolo de emergencia que gu\u00eda el trabajo desde los primeros pasos de la respuesta de emergencia hasta la fase de salida, donde apoyamos al socio local en la transici\u00f3n hacia una etapa diferente de acompa\u00f1amiento a la poblaci\u00f3n en el nuevo contexto. Durante esta d\u00e9cada hemos definido nuestro camino, identificado nuestros principios y descubierto cu\u00e1l es el valor a\u00f1adido de nuestras intervenciones.<\/p>\n\n\n\n<p><\/p>\n\n\n\n<div class=\"wp-block-buttons is-layout-flex wp-container-core-buttons-is-layout-168ce233 wp-block-buttons-is-layout-flex\">\n<div class=\"wp-block-button\"><a class=\"wp-block-button__link wp-element-button\" href=\"https:\/\/www.entreculturas.org\/wp-content\/uploads\/2025\/06\/Community-Resilience.pdf\" target=\"_blank\" rel=\"noreferrer noopener\">DESCARGAR<\/a><\/div>\n<\/div>\n\n\n\n<div style=\"height:19px\" aria-hidden=\"true\" class=\"wp-block-spacer\"><\/div>\n\n\n\n<p><\/p>\n","protected":false},"excerpt":{"rendered":"<p>La Red Xavier (XN), constituida como fundaci\u00f3n en 2004, es una asociaci\u00f3n internacional de misi\u00f3n y desarrollo en la que 14 organizaciones jesuitas de todo el mundo trabajan desde la fe para promover la justicia social y aportar transformaci\u00f3n. Es la primera red de este tipo en el mundo jesuita, creada con el sencillo principio de que uni\u00e9ndonos podemos conseguir m\u00e1s. A trav\u00e9s de uno de los cuatro grupos de trabajo (Emergencias, EWG), como Red Xavier se da respuesta a grandes emergencias y crisis humanitarias en todo el mundo. Una situaci\u00f3n provocada por un desastre natural o humano que tiene efectos terribles en las personas y comunidades donde las organizaciones jesuitas prestan su servicio. Durante estos a\u00f1os ha desarrollado, implementado y profesionalizado un protocolo de emergencia que gu\u00eda el trabajo desde los primeros pasos de la respuesta de emergencia hasta la fase de salida, donde apoyamos al socio local en [&hellip;]<\/p>\n","protected":false},"featured_media":35395,"template":"","format":[113],"categories":[17],"tags":[],"cause":[],"class_list":["post-35393","publicacion","type-publicacion","status-publish","has-post-thumbnail","hentry","category-evaluaciones","format-evaluaciones"],"acf":[],"yoast_head":"<!-- This site is optimized with the Yoast SEO Premium plugin v21.6 (Yoast SEO v27.5) - https:\/\/yoast.com\/product\/yoast-seo-premium-wordpress\/ -->\n<title>Resiliencia comunitaria en emergencias - Entreculturas<\/title>\n<meta name=\"description\" content=\"A trav\u00e9s de uno de los cuatro grupos de trabajo se da respuesta a grandes emergencias y crisis humanitarias en todo el mundo.\" \/>\n<meta name=\"robots\" content=\"index, follow, max-snippet:-1, max-image-preview:large, max-video-preview:-1\" \/>\n<link rel=\"canonical\" href=\"https:\/\/www.entreculturas.org\/fr\/publicacion\/resiliencia-comunitaria-en-emergencias\/\" \/>\n<meta property=\"og:locale\" content=\"fr_FR\" \/>\n<meta property=\"og:type\" content=\"article\" \/>\n<meta property=\"og:title\" content=\"Resiliencia comunitaria en emergencias\" \/>\n<meta property=\"og:description\" content=\"A trav\u00e9s de uno de los cuatro grupos de trabajo se da respuesta a grandes emergencias y crisis humanitarias en todo el mundo.\" \/>\n<meta property=\"og:url\" content=\"https:\/\/www.entreculturas.org\/fr\/publicacion\/resiliencia-comunitaria-en-emergencias\/\" \/>\n<meta property=\"og:site_name\" content=\"Entreculturas\" \/>\n<meta property=\"article:publisher\" content=\"https:\/\/www.facebook.com\/entreculturas\" \/>\n<meta property=\"article:modified_time\" content=\"2025-06-13T06:59:55+00:00\" \/>\n<meta property=\"og:image\" content=\"https:\/\/www.entreculturas.org\/wp-content\/uploads\/2024\/11\/Community-Resilience_page-0001.jpg\" \/>\n\t<meta property=\"og:image:width\" content=\"1241\" \/>\n\t<meta property=\"og:image:height\" content=\"1754\" \/>\n\t<meta property=\"og:image:type\" content=\"image\/jpeg\" \/>\n<meta name=\"twitter:card\" content=\"summary_large_image\" \/>\n<meta name=\"twitter:site\" content=\"@Entreculturas\" \/>\n<script type=\"application\/ld+json\" class=\"yoast-schema-graph\">{\"@context\":\"https:\\\/\\\/schema.org\",\"@graph\":[{\"@type\":\"WebPage\",\"@id\":\"https:\\\/\\\/www.entreculturas.org\\\/fr\\\/publicacion\\\/resiliencia-comunitaria-en-emergencias\\\/\",\"url\":\"https:\\\/\\\/www.entreculturas.org\\\/fr\\\/publicacion\\\/resiliencia-comunitaria-en-emergencias\\\/\",\"name\":\"Resiliencia comunitaria en emergencias - Entreculturas\",\"isPartOf\":{\"@id\":\"https:\\\/\\\/www.entreculturas.org\\\/fr\\\/#website\"},\"primaryImageOfPage\":{\"@id\":\"https:\\\/\\\/www.entreculturas.org\\\/fr\\\/publicacion\\\/resiliencia-comunitaria-en-emergencias\\\/#primaryimage\"},\"image\":{\"@id\":\"https:\\\/\\\/www.entreculturas.org\\\/fr\\\/publicacion\\\/resiliencia-comunitaria-en-emergencias\\\/#primaryimage\"},\"thumbnailUrl\":\"https:\\\/\\\/www.entreculturas.org\\\/wp-content\\\/uploads\\\/2024\\\/11\\\/Community-Resilience_page-0001.jpg\",\"datePublished\":\"2024-11-08T11:24:45+00:00\",\"dateModified\":\"2025-06-13T06:59:55+00:00\",\"description\":\"A trav\u00e9s de uno de los cuatro grupos de trabajo se da respuesta a grandes emergencias y crisis humanitarias en todo el mundo.\",\"breadcrumb\":{\"@id\":\"https:\\\/\\\/www.entreculturas.org\\\/fr\\\/publicacion\\\/resiliencia-comunitaria-en-emergencias\\\/#breadcrumb\"},\"inLanguage\":\"fr-FR\",\"potentialAction\":[{\"@type\":\"ReadAction\",\"target\":[\"https:\\\/\\\/www.entreculturas.org\\\/fr\\\/publicacion\\\/resiliencia-comunitaria-en-emergencias\\\/\"]}]},{\"@type\":\"ImageObject\",\"inLanguage\":\"fr-FR\",\"@id\":\"https:\\\/\\\/www.entreculturas.org\\\/fr\\\/publicacion\\\/resiliencia-comunitaria-en-emergencias\\\/#primaryimage\",\"url\":\"https:\\\/\\\/www.entreculturas.org\\\/wp-content\\\/uploads\\\/2024\\\/11\\\/Community-Resilience_page-0001.jpg\",\"contentUrl\":\"https:\\\/\\\/www.entreculturas.org\\\/wp-content\\\/uploads\\\/2024\\\/11\\\/Community-Resilience_page-0001.jpg\",\"width\":1241,\"height\":1754,\"caption\":\"Emergencias\"},{\"@type\":\"BreadcrumbList\",\"@id\":\"https:\\\/\\\/www.entreculturas.org\\\/fr\\\/publicacion\\\/resiliencia-comunitaria-en-emergencias\\\/#breadcrumb\",\"itemListElement\":[{\"@type\":\"ListItem\",\"position\":1,\"name\":\"Home\",\"item\":\"https:\\\/\\\/www.entreculturas.org\\\/fr\\\/\"},{\"@type\":\"ListItem\",\"position\":2,\"name\":\"Publicaciones\",\"item\":\"https:\\\/\\\/www.entreculturas.org\\\/fr\\\/publicaciones\\\/\"},{\"@type\":\"ListItem\",\"position\":3,\"name\":\"Resiliencia comunitaria en emergencias\"}]},{\"@type\":\"WebSite\",\"@id\":\"https:\\\/\\\/www.entreculturas.org\\\/fr\\\/#website\",\"url\":\"https:\\\/\\\/www.entreculturas.org\\\/fr\\\/\",\"name\":\"Entreculturas\",\"description\":\"\",\"publisher\":{\"@id\":\"https:\\\/\\\/www.entreculturas.org\\\/fr\\\/#organization\"},\"alternateName\":\"Entreculturas\",\"potentialAction\":[{\"@type\":\"SearchAction\",\"target\":{\"@type\":\"EntryPoint\",\"urlTemplate\":\"https:\\\/\\\/www.entreculturas.org\\\/fr\\\/?s={search_term_string}\"},\"query-input\":{\"@type\":\"PropertyValueSpecification\",\"valueRequired\":true,\"valueName\":\"search_term_string\"}}],\"inLanguage\":\"fr-FR\"},{\"@type\":\"Organization\",\"@id\":\"https:\\\/\\\/www.entreculturas.org\\\/fr\\\/#organization\",\"name\":\"Entreculturas\",\"url\":\"https:\\\/\\\/www.entreculturas.org\\\/fr\\\/\",\"logo\":{\"@type\":\"ImageObject\",\"inLanguage\":\"fr-FR\",\"@id\":\"https:\\\/\\\/www.entreculturas.org\\\/fr\\\/#\\\/schema\\\/logo\\\/image\\\/\",\"url\":\"https:\\\/\\\/www.entreculturas.org\\\/wp-content\\\/uploads\\\/2025\\\/10\\\/ESP.svg\",\"contentUrl\":\"https:\\\/\\\/www.entreculturas.org\\\/wp-content\\\/uploads\\\/2025\\\/10\\\/ESP.svg\",\"caption\":\"Entreculturas\"},\"image\":{\"@id\":\"https:\\\/\\\/www.entreculturas.org\\\/fr\\\/#\\\/schema\\\/logo\\\/image\\\/\"},\"sameAs\":[\"https:\\\/\\\/www.facebook.com\\\/entreculturas\",\"https:\\\/\\\/x.com\\\/Entreculturas\",\"https:\\\/\\\/www.instagram.com\\\/entreculturas\\\/\",\"https:\\\/\\\/www.youtube.com\\\/user\\\/entreculturasvideo\",\"https:\\\/\\\/www.linkedin.com\\\/company\\\/fundacion-entreculturas-ngdo\\\/\",\"https:\\\/\\\/www.flickr.com\\\/photos\\\/98455522@N04\\\/albums\\\/\"]}]}<\/script>\n<!-- \/ Yoast SEO Premium plugin. -->","yoast_head_json":{"title":"Resiliencia comunitaria en emergencias - Entreculturas","description":"A trav\u00e9s de uno de los cuatro grupos de trabajo se da respuesta a grandes emergencias y crisis humanitarias en todo el mundo.","robots":{"index":"index","follow":"follow","max-snippet":"max-snippet:-1","max-image-preview":"max-image-preview:large","max-video-preview":"max-video-preview:-1"},"canonical":"https:\/\/www.entreculturas.org\/fr\/publicacion\/resiliencia-comunitaria-en-emergencias\/","og_locale":"fr_FR","og_type":"article","og_title":"Resiliencia comunitaria en emergencias","og_description":"A trav\u00e9s de uno de los cuatro grupos de trabajo se da respuesta a grandes emergencias y crisis humanitarias en todo el mundo.","og_url":"https:\/\/www.entreculturas.org\/fr\/publicacion\/resiliencia-comunitaria-en-emergencias\/","og_site_name":"Entreculturas","article_publisher":"https:\/\/www.facebook.com\/entreculturas","article_modified_time":"2025-06-13T06:59:55+00:00","og_image":[{"width":1241,"height":1754,"url":"https:\/\/www.entreculturas.org\/wp-content\/uploads\/2024\/11\/Community-Resilience_page-0001.jpg","type":"image\/jpeg"}],"twitter_card":"summary_large_image","twitter_site":"@Entreculturas","schema":{"@context":"https:\/\/schema.org","@graph":[{"@type":"WebPage","@id":"https:\/\/www.entreculturas.org\/fr\/publicacion\/resiliencia-comunitaria-en-emergencias\/","url":"https:\/\/www.entreculturas.org\/fr\/publicacion\/resiliencia-comunitaria-en-emergencias\/","name":"Resiliencia comunitaria en emergencias - Entreculturas","isPartOf":{"@id":"https:\/\/www.entreculturas.org\/fr\/#website"},"primaryImageOfPage":{"@id":"https:\/\/www.entreculturas.org\/fr\/publicacion\/resiliencia-comunitaria-en-emergencias\/#primaryimage"},"image":{"@id":"https:\/\/www.entreculturas.org\/fr\/publicacion\/resiliencia-comunitaria-en-emergencias\/#primaryimage"},"thumbnailUrl":"https:\/\/www.entreculturas.org\/wp-content\/uploads\/2024\/11\/Community-Resilience_page-0001.jpg","datePublished":"2024-11-08T11:24:45+00:00","dateModified":"2025-06-13T06:59:55+00:00","description":"A trav\u00e9s de uno de los cuatro grupos de trabajo se da respuesta a grandes emergencias y crisis humanitarias en todo el mundo.","breadcrumb":{"@id":"https:\/\/www.entreculturas.org\/fr\/publicacion\/resiliencia-comunitaria-en-emergencias\/#breadcrumb"},"inLanguage":"fr-FR","potentialAction":[{"@type":"ReadAction","target":["https:\/\/www.entreculturas.org\/fr\/publicacion\/resiliencia-comunitaria-en-emergencias\/"]}]},{"@type":"ImageObject","inLanguage":"fr-FR","@id":"https:\/\/www.entreculturas.org\/fr\/publicacion\/resiliencia-comunitaria-en-emergencias\/#primaryimage","url":"https:\/\/www.entreculturas.org\/wp-content\/uploads\/2024\/11\/Community-Resilience_page-0001.jpg","contentUrl":"https:\/\/www.entreculturas.org\/wp-content\/uploads\/2024\/11\/Community-Resilience_page-0001.jpg","width":1241,"height":1754,"caption":"Emergencias"},{"@type":"BreadcrumbList","@id":"https:\/\/www.entreculturas.org\/fr\/publicacion\/resiliencia-comunitaria-en-emergencias\/#breadcrumb","itemListElement":[{"@type":"ListItem","position":1,"name":"Home","item":"https:\/\/www.entreculturas.org\/fr\/"},{"@type":"ListItem","position":2,"name":"Publicaciones","item":"https:\/\/www.entreculturas.org\/fr\/publicaciones\/"},{"@type":"ListItem","position":3,"name":"Resiliencia comunitaria en emergencias"}]},{"@type":"WebSite","@id":"https:\/\/www.entreculturas.org\/fr\/#website","url":"https:\/\/www.entreculturas.org\/fr\/","name":"Entreculturas","description":"","publisher":{"@id":"https:\/\/www.entreculturas.org\/fr\/#organization"},"alternateName":"Entreculturas","potentialAction":[{"@type":"SearchAction","target":{"@type":"EntryPoint","urlTemplate":"https:\/\/www.entreculturas.org\/fr\/?s={search_term_string}"},"query-input":{"@type":"PropertyValueSpecification","valueRequired":true,"valueName":"search_term_string"}}],"inLanguage":"fr-FR"},{"@type":"Organization","@id":"https:\/\/www.entreculturas.org\/fr\/#organization","name":"Entreculturas","url":"https:\/\/www.entreculturas.org\/fr\/","logo":{"@type":"ImageObject","inLanguage":"fr-FR","@id":"https:\/\/www.entreculturas.org\/fr\/#\/schema\/logo\/image\/","url":"https:\/\/www.entreculturas.org\/wp-content\/uploads\/2025\/10\/ESP.svg","contentUrl":"https:\/\/www.entreculturas.org\/wp-content\/uploads\/2025\/10\/ESP.svg","caption":"Entreculturas"},"image":{"@id":"https:\/\/www.entreculturas.org\/fr\/#\/schema\/logo\/image\/"},"sameAs":["https:\/\/www.facebook.com\/entreculturas","https:\/\/x.com\/Entreculturas","https:\/\/www.instagram.com\/entreculturas\/","https:\/\/www.youtube.com\/user\/entreculturasvideo","https:\/\/www.linkedin.com\/company\/fundacion-entreculturas-ngdo\/","https:\/\/www.flickr.com\/photos\/98455522@N04\/albums\/"]}]}},"_links":{"self":[{"href":"https:\/\/www.entreculturas.org\/fr\/wp-json\/wp\/v2\/publicacion\/35393","targetHints":{"allow":["GET"]}}],"collection":[{"href":"https:\/\/www.entreculturas.org\/fr\/wp-json\/wp\/v2\/publicacion"}],"about":[{"href":"https:\/\/www.entreculturas.org\/fr\/wp-json\/wp\/v2\/types\/publicacion"}],"wp:featuredmedia":[{"embeddable":true,"href":"https:\/\/www.entreculturas.org\/fr\/wp-json\/wp\/v2\/media\/35395"}],"wp:attachment":[{"href":"https:\/\/www.entreculturas.org\/fr\/wp-json\/wp\/v2\/media?parent=35393"}],"wp:term":[{"taxonomy":"category","embeddable":true,"href":"https:\/\/www.entreculturas.org\/fr\/wp-json\/wp\/v2\/categories?post=35393"},{"taxonomy":"post_tag","embeddable":true,"href":"https:\/\/www.entreculturas.org\/fr\/wp-json\/wp\/v2\/tags?post=35393"},{"taxonomy":"cause","embeddable":true,"href":"https:\/\/www.entreculturas.org\/fr\/wp-json\/wp\/v2\/cause?post=35393"},{"taxonomy":"format","embeddable":true,"href":"https:\/\/www.entreculturas.org\/fr\/wp-json\/wp\/v2\/format?post=35393"}],"curies":[{"name":"wp","href":"https:\/\/api.w.org\/{rel}","templated":true}]}}