{"id":3187,"date":"2015-05-27T12:09:53","date_gmt":"2015-05-27T12:09:53","guid":{"rendered":"https:\/\/entreculturasi.wpenginepowered.com\/?publicaciones=peru_un_ano_despues_del_terremoto"},"modified":"2023-12-10T13:12:59","modified_gmt":"2023-12-10T12:12:59","slug":"peru_un_ano_despues_del_terremoto","status":"publish","type":"publicacion","link":"https:\/\/www.entreculturas.org\/fr\/publicacion\/peru_un_ano_despues_del_terremoto\/","title":{"rendered":"Per\u00fa, un a\u00f1o despu\u00e9s del terremoto"},"content":{"rendered":"<p>El 15 de agosto de 2007, un terremoto sacudi&oacute; Per&uacute;. Casas, colegios e infraestructuras quedaron derruidas. Centenares de personas resultaron heridas y 500 fallecidas. La poblaci&oacute;n espa&ntilde;ola se volc&oacute; con los ciudadanos de Pisco, Ica y Chinca, las ciudades m&aacute;s afectadas. Gracias a ello, Entreculturas ha podido reconstruir varios colegios que ahora, un a&ntilde;o despu&eacute;s, permiten a miles de alumnos y alumnas volver a la escuela. Con este v&iacute;deo queremos dar las gracias a todas aquellas personas que han colaborado para devolver a Per&uacute; un pu&ntilde;ado de esperanza.<\/p>\n<p><a href=\"\/files\/video\/VideoPeru.avi\"> Archivo adjunto<\/a><\/p>\n","protected":false},"excerpt":{"rendered":"<p>El 15 de agosto de 2007, un terremoto sacudi&oacute; Per&uacute;. Casas, colegios e infraestructuras quedaron derruidas. Centenares de personas resultaron heridas y 500 fallecidas. La poblaci&oacute;n espa&ntilde;ola se volc&oacute; con los ciudadanos de Pisco, Ica y Chinca, las ciudades m&aacute;s afectadas. Gracias a ello, Entreculturas ha podido reconstruir varios colegios que ahora, un a&ntilde;o despu&eacute;s, permiten a miles de alumnos y alumnas volver a la escuela. Con este v&iacute;deo queremos dar las gracias a todas aquellas personas que han colaborado para devolver a Per&uacute; un pu&ntilde;ado de esperanza. Archivo adjunto<\/p>\n","protected":false},"featured_media":3179,"template":"","format":[112],"categories":[18],"tags":[],"cause":[128],"class_list":["post-3187","publicacion","type-publicacion","status-publish","has-post-thumbnail","hentry","category-estudios","cause-educacion","format-estudios-e-informes"],"acf":[],"yoast_head":"<!-- This site is optimized with the Yoast SEO Premium plugin v21.6 (Yoast SEO v27.5) - https:\/\/yoast.com\/product\/yoast-seo-premium-wordpress\/ -->\n<title>Per\u00fa, un a\u00f1o despu\u00e9s del terremoto - Entreculturas<\/title>\n<meta name=\"robots\" content=\"index, follow, max-snippet:-1, max-image-preview:large, max-video-preview:-1\" \/>\n<link rel=\"canonical\" href=\"https:\/\/www.entreculturas.org\/fr\/publicacion\/peru_un_ano_despues_del_terremoto\/\" \/>\n<meta property=\"og:locale\" content=\"fr_FR\" \/>\n<meta property=\"og:type\" content=\"article\" \/>\n<meta property=\"og:title\" content=\"Per\u00fa, un a\u00f1o despu\u00e9s del terremoto\" \/>\n<meta property=\"og:description\" content=\"El 15 de agosto de 2007, un terremoto sacudi&oacute; Per&uacute;. Casas, colegios e infraestructuras quedaron derruidas. Centenares de personas resultaron heridas y 500 fallecidas. La poblaci&oacute;n espa&ntilde;ola se volc&oacute; con los ciudadanos de Pisco, Ica y Chinca, las ciudades m&aacute;s afectadas. Gracias a ello, Entreculturas ha podido reconstruir varios colegios que ahora, un a&ntilde;o despu&eacute;s, permiten a miles de alumnos y alumnas volver a la escuela. Con este v&iacute;deo queremos dar las gracias a todas aquellas personas que han colaborado para devolver a Per&uacute; un pu&ntilde;ado de esperanza. Archivo adjunto\" \/>\n<meta property=\"og:url\" content=\"https:\/\/www.entreculturas.org\/fr\/publicacion\/peru_un_ano_despues_del_terremoto\/\" \/>\n<meta property=\"og:site_name\" content=\"Entreculturas\" \/>\n<meta property=\"article:publisher\" content=\"https:\/\/www.facebook.com\/entreculturas\" \/>\n<meta property=\"article:modified_time\" content=\"2023-12-10T12:12:59+00:00\" \/>\n<meta property=\"og:image\" content=\"https:\/\/www.entreculturas.org\/wp-content\/uploads\/2015\/05\/VideoPeru.jpg\" \/>\n\t<meta property=\"og:image:width\" content=\"90\" \/>\n\t<meta property=\"og:image:height\" content=\"125\" \/>\n\t<meta property=\"og:image:type\" content=\"image\/jpeg\" \/>\n<meta name=\"twitter:card\" content=\"summary_large_image\" \/>\n<meta name=\"twitter:site\" content=\"@Entreculturas\" \/>\n<script type=\"application\/ld+json\" class=\"yoast-schema-graph\">{\"@context\":\"https:\\\/\\\/schema.org\",\"@graph\":[{\"@type\":\"WebPage\",\"@id\":\"https:\\\/\\\/www.entreculturas.org\\\/fr\\\/publicacion\\\/peru_un_ano_despues_del_terremoto\\\/\",\"url\":\"https:\\\/\\\/www.entreculturas.org\\\/fr\\\/publicacion\\\/peru_un_ano_despues_del_terremoto\\\/\",\"name\":\"Per\u00fa, un a\u00f1o despu\u00e9s del terremoto - Entreculturas\",\"isPartOf\":{\"@id\":\"https:\\\/\\\/www.entreculturas.org\\\/fr\\\/#website\"},\"primaryImageOfPage\":{\"@id\":\"https:\\\/\\\/www.entreculturas.org\\\/fr\\\/publicacion\\\/peru_un_ano_despues_del_terremoto\\\/#primaryimage\"},\"image\":{\"@id\":\"https:\\\/\\\/www.entreculturas.org\\\/fr\\\/publicacion\\\/peru_un_ano_despues_del_terremoto\\\/#primaryimage\"},\"thumbnailUrl\":\"https:\\\/\\\/www.entreculturas.org\\\/wp-content\\\/uploads\\\/2015\\\/05\\\/VideoPeru.jpg\",\"datePublished\":\"2015-05-27T12:09:53+00:00\",\"dateModified\":\"2023-12-10T12:12:59+00:00\",\"breadcrumb\":{\"@id\":\"https:\\\/\\\/www.entreculturas.org\\\/fr\\\/publicacion\\\/peru_un_ano_despues_del_terremoto\\\/#breadcrumb\"},\"inLanguage\":\"fr-FR\",\"potentialAction\":[{\"@type\":\"ReadAction\",\"target\":[\"https:\\\/\\\/www.entreculturas.org\\\/fr\\\/publicacion\\\/peru_un_ano_despues_del_terremoto\\\/\"]}]},{\"@type\":\"ImageObject\",\"inLanguage\":\"fr-FR\",\"@id\":\"https:\\\/\\\/www.entreculturas.org\\\/fr\\\/publicacion\\\/peru_un_ano_despues_del_terremoto\\\/#primaryimage\",\"url\":\"https:\\\/\\\/www.entreculturas.org\\\/wp-content\\\/uploads\\\/2015\\\/05\\\/VideoPeru.jpg\",\"contentUrl\":\"https:\\\/\\\/www.entreculturas.org\\\/wp-content\\\/uploads\\\/2015\\\/05\\\/VideoPeru.jpg\",\"width\":90,\"height\":125},{\"@type\":\"BreadcrumbList\",\"@id\":\"https:\\\/\\\/www.entreculturas.org\\\/fr\\\/publicacion\\\/peru_un_ano_despues_del_terremoto\\\/#breadcrumb\",\"itemListElement\":[{\"@type\":\"ListItem\",\"position\":1,\"name\":\"Home\",\"item\":\"https:\\\/\\\/www.entreculturas.org\\\/fr\\\/\"},{\"@type\":\"ListItem\",\"position\":2,\"name\":\"Publicaciones\",\"item\":\"https:\\\/\\\/www.entreculturas.org\\\/fr\\\/publicaciones\\\/\"},{\"@type\":\"ListItem\",\"position\":3,\"name\":\"Per\u00fa, un a\u00f1o despu\u00e9s del terremoto\"}]},{\"@type\":\"WebSite\",\"@id\":\"https:\\\/\\\/www.entreculturas.org\\\/fr\\\/#website\",\"url\":\"https:\\\/\\\/www.entreculturas.org\\\/fr\\\/\",\"name\":\"Entreculturas\",\"description\":\"\",\"publisher\":{\"@id\":\"https:\\\/\\\/www.entreculturas.org\\\/fr\\\/#organization\"},\"alternateName\":\"Entreculturas\",\"potentialAction\":[{\"@type\":\"SearchAction\",\"target\":{\"@type\":\"EntryPoint\",\"urlTemplate\":\"https:\\\/\\\/www.entreculturas.org\\\/fr\\\/?s={search_term_string}\"},\"query-input\":{\"@type\":\"PropertyValueSpecification\",\"valueRequired\":true,\"valueName\":\"search_term_string\"}}],\"inLanguage\":\"fr-FR\"},{\"@type\":\"Organization\",\"@id\":\"https:\\\/\\\/www.entreculturas.org\\\/fr\\\/#organization\",\"name\":\"Entreculturas\",\"url\":\"https:\\\/\\\/www.entreculturas.org\\\/fr\\\/\",\"logo\":{\"@type\":\"ImageObject\",\"inLanguage\":\"fr-FR\",\"@id\":\"https:\\\/\\\/www.entreculturas.org\\\/fr\\\/#\\\/schema\\\/logo\\\/image\\\/\",\"url\":\"https:\\\/\\\/www.entreculturas.org\\\/wp-content\\\/uploads\\\/2025\\\/10\\\/ESP.svg\",\"contentUrl\":\"https:\\\/\\\/www.entreculturas.org\\\/wp-content\\\/uploads\\\/2025\\\/10\\\/ESP.svg\",\"caption\":\"Entreculturas\"},\"image\":{\"@id\":\"https:\\\/\\\/www.entreculturas.org\\\/fr\\\/#\\\/schema\\\/logo\\\/image\\\/\"},\"sameAs\":[\"https:\\\/\\\/www.facebook.com\\\/entreculturas\",\"https:\\\/\\\/x.com\\\/Entreculturas\",\"https:\\\/\\\/www.instagram.com\\\/entreculturas\\\/\",\"https:\\\/\\\/www.youtube.com\\\/user\\\/entreculturasvideo\",\"https:\\\/\\\/www.linkedin.com\\\/company\\\/fundacion-entreculturas-ngdo\\\/\",\"https:\\\/\\\/www.flickr.com\\\/photos\\\/98455522@N04\\\/albums\\\/\"]}]}<\/script>\n<!-- \/ Yoast SEO Premium plugin. -->","yoast_head_json":{"title":"Per\u00fa, un a\u00f1o despu\u00e9s del terremoto - Entreculturas","robots":{"index":"index","follow":"follow","max-snippet":"max-snippet:-1","max-image-preview":"max-image-preview:large","max-video-preview":"max-video-preview:-1"},"canonical":"https:\/\/www.entreculturas.org\/fr\/publicacion\/peru_un_ano_despues_del_terremoto\/","og_locale":"fr_FR","og_type":"article","og_title":"Per\u00fa, un a\u00f1o despu\u00e9s del terremoto","og_description":"El 15 de agosto de 2007, un terremoto sacudi&oacute; Per&uacute;. Casas, colegios e infraestructuras quedaron derruidas. Centenares de personas resultaron heridas y 500 fallecidas. La poblaci&oacute;n espa&ntilde;ola se volc&oacute; con los ciudadanos de Pisco, Ica y Chinca, las ciudades m&aacute;s afectadas. Gracias a ello, Entreculturas ha podido reconstruir varios colegios que ahora, un a&ntilde;o despu&eacute;s, permiten a miles de alumnos y alumnas volver a la escuela. Con este v&iacute;deo queremos dar las gracias a todas aquellas personas que han colaborado para devolver a Per&uacute; un pu&ntilde;ado de esperanza. Archivo adjunto","og_url":"https:\/\/www.entreculturas.org\/fr\/publicacion\/peru_un_ano_despues_del_terremoto\/","og_site_name":"Entreculturas","article_publisher":"https:\/\/www.facebook.com\/entreculturas","article_modified_time":"2023-12-10T12:12:59+00:00","og_image":[{"width":90,"height":125,"url":"https:\/\/www.entreculturas.org\/wp-content\/uploads\/2015\/05\/VideoPeru.jpg","type":"image\/jpeg"}],"twitter_card":"summary_large_image","twitter_site":"@Entreculturas","schema":{"@context":"https:\/\/schema.org","@graph":[{"@type":"WebPage","@id":"https:\/\/www.entreculturas.org\/fr\/publicacion\/peru_un_ano_despues_del_terremoto\/","url":"https:\/\/www.entreculturas.org\/fr\/publicacion\/peru_un_ano_despues_del_terremoto\/","name":"Per\u00fa, un a\u00f1o despu\u00e9s del terremoto - Entreculturas","isPartOf":{"@id":"https:\/\/www.entreculturas.org\/fr\/#website"},"primaryImageOfPage":{"@id":"https:\/\/www.entreculturas.org\/fr\/publicacion\/peru_un_ano_despues_del_terremoto\/#primaryimage"},"image":{"@id":"https:\/\/www.entreculturas.org\/fr\/publicacion\/peru_un_ano_despues_del_terremoto\/#primaryimage"},"thumbnailUrl":"https:\/\/www.entreculturas.org\/wp-content\/uploads\/2015\/05\/VideoPeru.jpg","datePublished":"2015-05-27T12:09:53+00:00","dateModified":"2023-12-10T12:12:59+00:00","breadcrumb":{"@id":"https:\/\/www.entreculturas.org\/fr\/publicacion\/peru_un_ano_despues_del_terremoto\/#breadcrumb"},"inLanguage":"fr-FR","potentialAction":[{"@type":"ReadAction","target":["https:\/\/www.entreculturas.org\/fr\/publicacion\/peru_un_ano_despues_del_terremoto\/"]}]},{"@type":"ImageObject","inLanguage":"fr-FR","@id":"https:\/\/www.entreculturas.org\/fr\/publicacion\/peru_un_ano_despues_del_terremoto\/#primaryimage","url":"https:\/\/www.entreculturas.org\/wp-content\/uploads\/2015\/05\/VideoPeru.jpg","contentUrl":"https:\/\/www.entreculturas.org\/wp-content\/uploads\/2015\/05\/VideoPeru.jpg","width":90,"height":125},{"@type":"BreadcrumbList","@id":"https:\/\/www.entreculturas.org\/fr\/publicacion\/peru_un_ano_despues_del_terremoto\/#breadcrumb","itemListElement":[{"@type":"ListItem","position":1,"name":"Home","item":"https:\/\/www.entreculturas.org\/fr\/"},{"@type":"ListItem","position":2,"name":"Publicaciones","item":"https:\/\/www.entreculturas.org\/fr\/publicaciones\/"},{"@type":"ListItem","position":3,"name":"Per\u00fa, un a\u00f1o despu\u00e9s del terremoto"}]},{"@type":"WebSite","@id":"https:\/\/www.entreculturas.org\/fr\/#website","url":"https:\/\/www.entreculturas.org\/fr\/","name":"Entreculturas","description":"","publisher":{"@id":"https:\/\/www.entreculturas.org\/fr\/#organization"},"alternateName":"Entreculturas","potentialAction":[{"@type":"SearchAction","target":{"@type":"EntryPoint","urlTemplate":"https:\/\/www.entreculturas.org\/fr\/?s={search_term_string}"},"query-input":{"@type":"PropertyValueSpecification","valueRequired":true,"valueName":"search_term_string"}}],"inLanguage":"fr-FR"},{"@type":"Organization","@id":"https:\/\/www.entreculturas.org\/fr\/#organization","name":"Entreculturas","url":"https:\/\/www.entreculturas.org\/fr\/","logo":{"@type":"ImageObject","inLanguage":"fr-FR","@id":"https:\/\/www.entreculturas.org\/fr\/#\/schema\/logo\/image\/","url":"https:\/\/www.entreculturas.org\/wp-content\/uploads\/2025\/10\/ESP.svg","contentUrl":"https:\/\/www.entreculturas.org\/wp-content\/uploads\/2025\/10\/ESP.svg","caption":"Entreculturas"},"image":{"@id":"https:\/\/www.entreculturas.org\/fr\/#\/schema\/logo\/image\/"},"sameAs":["https:\/\/www.facebook.com\/entreculturas","https:\/\/x.com\/Entreculturas","https:\/\/www.instagram.com\/entreculturas\/","https:\/\/www.youtube.com\/user\/entreculturasvideo","https:\/\/www.linkedin.com\/company\/fundacion-entreculturas-ngdo\/","https:\/\/www.flickr.com\/photos\/98455522@N04\/albums\/"]}]}},"_links":{"self":[{"href":"https:\/\/www.entreculturas.org\/fr\/wp-json\/wp\/v2\/publicacion\/3187","targetHints":{"allow":["GET"]}}],"collection":[{"href":"https:\/\/www.entreculturas.org\/fr\/wp-json\/wp\/v2\/publicacion"}],"about":[{"href":"https:\/\/www.entreculturas.org\/fr\/wp-json\/wp\/v2\/types\/publicacion"}],"wp:featuredmedia":[{"embeddable":true,"href":"https:\/\/www.entreculturas.org\/fr\/wp-json\/wp\/v2\/media\/3179"}],"wp:attachment":[{"href":"https:\/\/www.entreculturas.org\/fr\/wp-json\/wp\/v2\/media?parent=3187"}],"wp:term":[{"taxonomy":"category","embeddable":true,"href":"https:\/\/www.entreculturas.org\/fr\/wp-json\/wp\/v2\/categories?post=3187"},{"taxonomy":"post_tag","embeddable":true,"href":"https:\/\/www.entreculturas.org\/fr\/wp-json\/wp\/v2\/tags?post=3187"},{"taxonomy":"cause","embeddable":true,"href":"https:\/\/www.entreculturas.org\/fr\/wp-json\/wp\/v2\/cause?post=3187"},{"taxonomy":"format","embeddable":true,"href":"https:\/\/www.entreculturas.org\/fr\/wp-json\/wp\/v2\/format?post=3187"}],"curies":[{"name":"wp","href":"https:\/\/api.w.org\/{rel}","templated":true}]}}