{"id":3145,"date":"2015-05-27T12:09:53","date_gmt":"2015-05-27T12:09:53","guid":{"rendered":"https:\/\/entreculturasi.wpenginepowered.com\/?publicaciones=una_vision_de_genero_es_de_justicia"},"modified":"2024-10-17T15:05:40","modified_gmt":"2024-10-17T13:05:40","slug":"una_vision_de_genero_es_de_justicia","status":"publish","type":"publicacion","link":"https:\/\/www.entreculturas.org\/fr\/publicacion\/una_vision_de_genero_es_de_justicia\/","title":{"rendered":"Una visi\u00f3n de g\u00e9nero&#8230; es de justicia"},"content":{"rendered":"\n<p>La campa\u00f1a \u00ab\u00a0Mu\u00e9vete por la Igualdad, es de justicia\u00a0\u00bb, organizada por Ayuda en Acci\u00f3n, Entreculturas e InteRed y apoyada por la Agencia Espa\u00f1ola de Cooperaci\u00f3n Internacional y Desarrollo (AECID), ha elaborado este cuaderno con la intenci\u00f3n de formar y sensibilizar sobre la situaci\u00f3n de discriminaci\u00f3n en la que viven las mujeres y el trabajo que realizan en todos los \u00e1mbitos y lugares por mejorar sus condiciones de vida y hacer valer sus derechos. El objetivo principal de la campa\u00f1a es promover el ejercicio de una ciudadan\u00eda no sexista con capacidad de influencia en el fomento del cumplimiento de los acuerdos de la Plataforma de Beijing y ODM en las pol\u00edticas del Gobierno espa\u00f1ol en materia de cooperaci\u00f3n al desarrollo. Recibe informaci\u00f3n registr\u00e1ndote en <a href=\"https:\/\/www.mueveteporlaigualdad.org\" target=\"_blank\" rel=\"noopener\">www.mueveteporlaigualdad.org<\/a><\/p>\n\n\n\n<div style=\"height:10px\" aria-hidden=\"true\" class=\"wp-block-spacer\"><\/div>\n\n\n\n<ul class=\"wp-block-list\">\n<li><a href=\"https:\/\/www.entreculturas.org\/wp-content\/uploads\/2015\/05\/genero_gallego_1.pdf\" target=\"_blank\" rel=\"noopener\">Descargar en Gallego<\/a><\/li>\n\n\n\n<li><a href=\"https:\/\/www.entreculturas.org\/wp-content\/uploads\/2015\/05\/genero_valenciano_2.pdf\" target=\"_blank\" rel=\"noopener\">Descargar en Valenciano<\/a><\/li>\n<\/ul>\n\n\n\n<div style=\"height:15px\" aria-hidden=\"true\" class=\"wp-block-spacer\"><\/div>\n\n\n\n<div class=\"wp-block-buttons is-layout-flex wp-block-buttons-is-layout-flex\">\n<div class=\"wp-block-button\"><a class=\"wp-block-button__link wp-element-button\" href=\"https:\/\/www.entreculturas.org\/wp-content\/uploads\/2015\/05\/Genero.pdf\" target=\"_blank\" rel=\"noreferrer noopener\">DESCARGAR<\/a><\/div>\n<\/div>\n\n\n\n<p><a href=\"https:\/\/www.mueveteporlaigualdad.org\" target=\"_blank\" rel=\"noopener\"><\/a><\/p>\n","protected":false},"excerpt":{"rendered":"<p>La campa\u00f1a \u00ab\u00a0Mu\u00e9vete por la Igualdad, es de justicia\u00a0\u00bb, organizada por Ayuda en Acci\u00f3n, Entreculturas e InteRed y apoyada por la Agencia Espa\u00f1ola de Cooperaci\u00f3n Internacional y Desarrollo (AECID), ha elaborado este cuaderno con la intenci\u00f3n de formar y sensibilizar sobre la situaci\u00f3n de discriminaci\u00f3n en la que viven las mujeres y el trabajo que realizan en todos los \u00e1mbitos y lugares por mejorar sus condiciones de vida y hacer valer sus derechos. El objetivo principal de la campa\u00f1a es promover el ejercicio de una ciudadan\u00eda no sexista con capacidad de influencia en el fomento del cumplimiento de los acuerdos de la Plataforma de Beijing y ODM en las pol\u00edticas del Gobierno espa\u00f1ol en materia de cooperaci\u00f3n al desarrollo. Recibe informaci\u00f3n registr\u00e1ndote en www.mueveteporlaigualdad.org<\/p>\n","protected":false},"featured_media":34196,"template":"","format":[112,115],"categories":[18],"tags":[],"cause":[130],"class_list":["post-3145","publicacion","type-publicacion","status-publish","has-post-thumbnail","hentry","category-estudios","cause-genero","format-estudios-e-informes","format-recursos-educativos"],"acf":[],"yoast_head":"<!-- This site is optimized with the Yoast SEO Premium plugin v21.6 (Yoast SEO v27.5) - https:\/\/yoast.com\/product\/yoast-seo-premium-wordpress\/ -->\n<title>Una visi\u00f3n de g\u00e9nero... es de justicia - Entreculturas<\/title>\n<meta name=\"robots\" content=\"index, follow, max-snippet:-1, max-image-preview:large, max-video-preview:-1\" \/>\n<link rel=\"canonical\" href=\"https:\/\/www.entreculturas.org\/fr\/publicacion\/una_vision_de_genero_es_de_justicia\/\" \/>\n<meta property=\"og:locale\" content=\"fr_FR\" \/>\n<meta property=\"og:type\" content=\"article\" \/>\n<meta property=\"og:title\" content=\"Una visi\u00f3n de g\u00e9nero... es de justicia\" \/>\n<meta property=\"og:description\" content=\"La campa\u00f1a \u00ab\u00a0Mu\u00e9vete por la Igualdad, es de justicia\u00a0\u00bb, organizada por Ayuda en Acci\u00f3n, Entreculturas e InteRed y apoyada por la Agencia Espa\u00f1ola de Cooperaci\u00f3n Internacional y Desarrollo (AECID), ha elaborado este cuaderno con la intenci\u00f3n de formar y sensibilizar sobre la situaci\u00f3n de discriminaci\u00f3n en la que viven las mujeres y el trabajo que realizan en todos los \u00e1mbitos y lugares por mejorar sus condiciones de vida y hacer valer sus derechos. El objetivo principal de la campa\u00f1a es promover el ejercicio de una ciudadan\u00eda no sexista con capacidad de influencia en el fomento del cumplimiento de los acuerdos de la Plataforma de Beijing y ODM en las pol\u00edticas del Gobierno espa\u00f1ol en materia de cooperaci\u00f3n al desarrollo. Recibe informaci\u00f3n registr\u00e1ndote en www.mueveteporlaigualdad.org\" \/>\n<meta property=\"og:url\" content=\"https:\/\/www.entreculturas.org\/fr\/publicacion\/una_vision_de_genero_es_de_justicia\/\" \/>\n<meta property=\"og:site_name\" content=\"Entreculturas\" \/>\n<meta property=\"article:publisher\" content=\"https:\/\/www.facebook.com\/entreculturas\" \/>\n<meta property=\"article:modified_time\" content=\"2024-10-17T13:05:40+00:00\" \/>\n<meta property=\"og:image\" content=\"https:\/\/www.entreculturas.org\/wp-content\/uploads\/2015\/05\/vision-genero-justicia.png\" \/>\n\t<meta property=\"og:image:width\" content=\"559\" \/>\n\t<meta property=\"og:image:height\" content=\"711\" \/>\n\t<meta property=\"og:image:type\" content=\"image\/png\" \/>\n<meta name=\"twitter:card\" content=\"summary_large_image\" \/>\n<meta name=\"twitter:site\" content=\"@Entreculturas\" \/>\n<script type=\"application\/ld+json\" class=\"yoast-schema-graph\">{\"@context\":\"https:\\\/\\\/schema.org\",\"@graph\":[{\"@type\":\"WebPage\",\"@id\":\"https:\\\/\\\/www.entreculturas.org\\\/fr\\\/publicacion\\\/una_vision_de_genero_es_de_justicia\\\/\",\"url\":\"https:\\\/\\\/www.entreculturas.org\\\/fr\\\/publicacion\\\/una_vision_de_genero_es_de_justicia\\\/\",\"name\":\"Una visi\u00f3n de g\u00e9nero... es de justicia - Entreculturas\",\"isPartOf\":{\"@id\":\"https:\\\/\\\/www.entreculturas.org\\\/fr\\\/#website\"},\"primaryImageOfPage\":{\"@id\":\"https:\\\/\\\/www.entreculturas.org\\\/fr\\\/publicacion\\\/una_vision_de_genero_es_de_justicia\\\/#primaryimage\"},\"image\":{\"@id\":\"https:\\\/\\\/www.entreculturas.org\\\/fr\\\/publicacion\\\/una_vision_de_genero_es_de_justicia\\\/#primaryimage\"},\"thumbnailUrl\":\"https:\\\/\\\/www.entreculturas.org\\\/wp-content\\\/uploads\\\/2015\\\/05\\\/vision-genero-justicia.png\",\"datePublished\":\"2015-05-27T12:09:53+00:00\",\"dateModified\":\"2024-10-17T13:05:40+00:00\",\"breadcrumb\":{\"@id\":\"https:\\\/\\\/www.entreculturas.org\\\/fr\\\/publicacion\\\/una_vision_de_genero_es_de_justicia\\\/#breadcrumb\"},\"inLanguage\":\"fr-FR\",\"potentialAction\":[{\"@type\":\"ReadAction\",\"target\":[\"https:\\\/\\\/www.entreculturas.org\\\/fr\\\/publicacion\\\/una_vision_de_genero_es_de_justicia\\\/\"]}]},{\"@type\":\"ImageObject\",\"inLanguage\":\"fr-FR\",\"@id\":\"https:\\\/\\\/www.entreculturas.org\\\/fr\\\/publicacion\\\/una_vision_de_genero_es_de_justicia\\\/#primaryimage\",\"url\":\"https:\\\/\\\/www.entreculturas.org\\\/wp-content\\\/uploads\\\/2015\\\/05\\\/vision-genero-justicia.png\",\"contentUrl\":\"https:\\\/\\\/www.entreculturas.org\\\/wp-content\\\/uploads\\\/2015\\\/05\\\/vision-genero-justicia.png\",\"width\":559,\"height\":711},{\"@type\":\"BreadcrumbList\",\"@id\":\"https:\\\/\\\/www.entreculturas.org\\\/fr\\\/publicacion\\\/una_vision_de_genero_es_de_justicia\\\/#breadcrumb\",\"itemListElement\":[{\"@type\":\"ListItem\",\"position\":1,\"name\":\"Home\",\"item\":\"https:\\\/\\\/www.entreculturas.org\\\/fr\\\/\"},{\"@type\":\"ListItem\",\"position\":2,\"name\":\"Publicaciones\",\"item\":\"https:\\\/\\\/www.entreculturas.org\\\/fr\\\/publicaciones\\\/\"},{\"@type\":\"ListItem\",\"position\":3,\"name\":\"Una visi\u00f3n de g\u00e9nero&#8230; es de justicia\"}]},{\"@type\":\"WebSite\",\"@id\":\"https:\\\/\\\/www.entreculturas.org\\\/fr\\\/#website\",\"url\":\"https:\\\/\\\/www.entreculturas.org\\\/fr\\\/\",\"name\":\"Entreculturas\",\"description\":\"\",\"publisher\":{\"@id\":\"https:\\\/\\\/www.entreculturas.org\\\/fr\\\/#organization\"},\"alternateName\":\"Entreculturas\",\"potentialAction\":[{\"@type\":\"SearchAction\",\"target\":{\"@type\":\"EntryPoint\",\"urlTemplate\":\"https:\\\/\\\/www.entreculturas.org\\\/fr\\\/?s={search_term_string}\"},\"query-input\":{\"@type\":\"PropertyValueSpecification\",\"valueRequired\":true,\"valueName\":\"search_term_string\"}}],\"inLanguage\":\"fr-FR\"},{\"@type\":\"Organization\",\"@id\":\"https:\\\/\\\/www.entreculturas.org\\\/fr\\\/#organization\",\"name\":\"Entreculturas\",\"url\":\"https:\\\/\\\/www.entreculturas.org\\\/fr\\\/\",\"logo\":{\"@type\":\"ImageObject\",\"inLanguage\":\"fr-FR\",\"@id\":\"https:\\\/\\\/www.entreculturas.org\\\/fr\\\/#\\\/schema\\\/logo\\\/image\\\/\",\"url\":\"https:\\\/\\\/www.entreculturas.org\\\/wp-content\\\/uploads\\\/2025\\\/10\\\/ESP.svg\",\"contentUrl\":\"https:\\\/\\\/www.entreculturas.org\\\/wp-content\\\/uploads\\\/2025\\\/10\\\/ESP.svg\",\"caption\":\"Entreculturas\"},\"image\":{\"@id\":\"https:\\\/\\\/www.entreculturas.org\\\/fr\\\/#\\\/schema\\\/logo\\\/image\\\/\"},\"sameAs\":[\"https:\\\/\\\/www.facebook.com\\\/entreculturas\",\"https:\\\/\\\/x.com\\\/Entreculturas\",\"https:\\\/\\\/www.instagram.com\\\/entreculturas\\\/\",\"https:\\\/\\\/www.youtube.com\\\/user\\\/entreculturasvideo\",\"https:\\\/\\\/www.linkedin.com\\\/company\\\/fundacion-entreculturas-ngdo\\\/\",\"https:\\\/\\\/www.flickr.com\\\/photos\\\/98455522@N04\\\/albums\\\/\"]}]}<\/script>\n<!-- \/ Yoast SEO Premium plugin. -->","yoast_head_json":{"title":"Una visi\u00f3n de g\u00e9nero... es de justicia - Entreculturas","robots":{"index":"index","follow":"follow","max-snippet":"max-snippet:-1","max-image-preview":"max-image-preview:large","max-video-preview":"max-video-preview:-1"},"canonical":"https:\/\/www.entreculturas.org\/fr\/publicacion\/una_vision_de_genero_es_de_justicia\/","og_locale":"fr_FR","og_type":"article","og_title":"Una visi\u00f3n de g\u00e9nero... es de justicia","og_description":"La campa\u00f1a \u00ab\u00a0Mu\u00e9vete por la Igualdad, es de justicia\u00a0\u00bb, organizada por Ayuda en Acci\u00f3n, Entreculturas e InteRed y apoyada por la Agencia Espa\u00f1ola de Cooperaci\u00f3n Internacional y Desarrollo (AECID), ha elaborado este cuaderno con la intenci\u00f3n de formar y sensibilizar sobre la situaci\u00f3n de discriminaci\u00f3n en la que viven las mujeres y el trabajo que realizan en todos los \u00e1mbitos y lugares por mejorar sus condiciones de vida y hacer valer sus derechos. El objetivo principal de la campa\u00f1a es promover el ejercicio de una ciudadan\u00eda no sexista con capacidad de influencia en el fomento del cumplimiento de los acuerdos de la Plataforma de Beijing y ODM en las pol\u00edticas del Gobierno espa\u00f1ol en materia de cooperaci\u00f3n al desarrollo. Recibe informaci\u00f3n registr\u00e1ndote en www.mueveteporlaigualdad.org","og_url":"https:\/\/www.entreculturas.org\/fr\/publicacion\/una_vision_de_genero_es_de_justicia\/","og_site_name":"Entreculturas","article_publisher":"https:\/\/www.facebook.com\/entreculturas","article_modified_time":"2024-10-17T13:05:40+00:00","og_image":[{"width":559,"height":711,"url":"https:\/\/www.entreculturas.org\/wp-content\/uploads\/2015\/05\/vision-genero-justicia.png","type":"image\/png"}],"twitter_card":"summary_large_image","twitter_site":"@Entreculturas","schema":{"@context":"https:\/\/schema.org","@graph":[{"@type":"WebPage","@id":"https:\/\/www.entreculturas.org\/fr\/publicacion\/una_vision_de_genero_es_de_justicia\/","url":"https:\/\/www.entreculturas.org\/fr\/publicacion\/una_vision_de_genero_es_de_justicia\/","name":"Una visi\u00f3n de g\u00e9nero... es de justicia - Entreculturas","isPartOf":{"@id":"https:\/\/www.entreculturas.org\/fr\/#website"},"primaryImageOfPage":{"@id":"https:\/\/www.entreculturas.org\/fr\/publicacion\/una_vision_de_genero_es_de_justicia\/#primaryimage"},"image":{"@id":"https:\/\/www.entreculturas.org\/fr\/publicacion\/una_vision_de_genero_es_de_justicia\/#primaryimage"},"thumbnailUrl":"https:\/\/www.entreculturas.org\/wp-content\/uploads\/2015\/05\/vision-genero-justicia.png","datePublished":"2015-05-27T12:09:53+00:00","dateModified":"2024-10-17T13:05:40+00:00","breadcrumb":{"@id":"https:\/\/www.entreculturas.org\/fr\/publicacion\/una_vision_de_genero_es_de_justicia\/#breadcrumb"},"inLanguage":"fr-FR","potentialAction":[{"@type":"ReadAction","target":["https:\/\/www.entreculturas.org\/fr\/publicacion\/una_vision_de_genero_es_de_justicia\/"]}]},{"@type":"ImageObject","inLanguage":"fr-FR","@id":"https:\/\/www.entreculturas.org\/fr\/publicacion\/una_vision_de_genero_es_de_justicia\/#primaryimage","url":"https:\/\/www.entreculturas.org\/wp-content\/uploads\/2015\/05\/vision-genero-justicia.png","contentUrl":"https:\/\/www.entreculturas.org\/wp-content\/uploads\/2015\/05\/vision-genero-justicia.png","width":559,"height":711},{"@type":"BreadcrumbList","@id":"https:\/\/www.entreculturas.org\/fr\/publicacion\/una_vision_de_genero_es_de_justicia\/#breadcrumb","itemListElement":[{"@type":"ListItem","position":1,"name":"Home","item":"https:\/\/www.entreculturas.org\/fr\/"},{"@type":"ListItem","position":2,"name":"Publicaciones","item":"https:\/\/www.entreculturas.org\/fr\/publicaciones\/"},{"@type":"ListItem","position":3,"name":"Una visi\u00f3n de g\u00e9nero&#8230; es de justicia"}]},{"@type":"WebSite","@id":"https:\/\/www.entreculturas.org\/fr\/#website","url":"https:\/\/www.entreculturas.org\/fr\/","name":"Entreculturas","description":"","publisher":{"@id":"https:\/\/www.entreculturas.org\/fr\/#organization"},"alternateName":"Entreculturas","potentialAction":[{"@type":"SearchAction","target":{"@type":"EntryPoint","urlTemplate":"https:\/\/www.entreculturas.org\/fr\/?s={search_term_string}"},"query-input":{"@type":"PropertyValueSpecification","valueRequired":true,"valueName":"search_term_string"}}],"inLanguage":"fr-FR"},{"@type":"Organization","@id":"https:\/\/www.entreculturas.org\/fr\/#organization","name":"Entreculturas","url":"https:\/\/www.entreculturas.org\/fr\/","logo":{"@type":"ImageObject","inLanguage":"fr-FR","@id":"https:\/\/www.entreculturas.org\/fr\/#\/schema\/logo\/image\/","url":"https:\/\/www.entreculturas.org\/wp-content\/uploads\/2025\/10\/ESP.svg","contentUrl":"https:\/\/www.entreculturas.org\/wp-content\/uploads\/2025\/10\/ESP.svg","caption":"Entreculturas"},"image":{"@id":"https:\/\/www.entreculturas.org\/fr\/#\/schema\/logo\/image\/"},"sameAs":["https:\/\/www.facebook.com\/entreculturas","https:\/\/x.com\/Entreculturas","https:\/\/www.instagram.com\/entreculturas\/","https:\/\/www.youtube.com\/user\/entreculturasvideo","https:\/\/www.linkedin.com\/company\/fundacion-entreculturas-ngdo\/","https:\/\/www.flickr.com\/photos\/98455522@N04\/albums\/"]}]}},"_links":{"self":[{"href":"https:\/\/www.entreculturas.org\/fr\/wp-json\/wp\/v2\/publicacion\/3145","targetHints":{"allow":["GET"]}}],"collection":[{"href":"https:\/\/www.entreculturas.org\/fr\/wp-json\/wp\/v2\/publicacion"}],"about":[{"href":"https:\/\/www.entreculturas.org\/fr\/wp-json\/wp\/v2\/types\/publicacion"}],"wp:featuredmedia":[{"embeddable":true,"href":"https:\/\/www.entreculturas.org\/fr\/wp-json\/wp\/v2\/media\/34196"}],"wp:attachment":[{"href":"https:\/\/www.entreculturas.org\/fr\/wp-json\/wp\/v2\/media?parent=3145"}],"wp:term":[{"taxonomy":"category","embeddable":true,"href":"https:\/\/www.entreculturas.org\/fr\/wp-json\/wp\/v2\/categories?post=3145"},{"taxonomy":"post_tag","embeddable":true,"href":"https:\/\/www.entreculturas.org\/fr\/wp-json\/wp\/v2\/tags?post=3145"},{"taxonomy":"cause","embeddable":true,"href":"https:\/\/www.entreculturas.org\/fr\/wp-json\/wp\/v2\/cause?post=3145"},{"taxonomy":"format","embeddable":true,"href":"https:\/\/www.entreculturas.org\/fr\/wp-json\/wp\/v2\/format?post=3145"}],"curies":[{"name":"wp","href":"https:\/\/api.w.org\/{rel}","templated":true}]}}