{"id":9438,"date":"2023-11-16T11:42:01","date_gmt":"2023-11-16T10:42:01","guid":{"rendered":"https:\/\/www.entreculturas.org\/noticia\/la-pobreza-infantil-es-un-asunto-que-escapa-por-completo-de-los-limites-ideologicos-o\/"},"modified":"2024-01-18T15:03:27","modified_gmt":"2024-01-18T14:03:27","slug":"la-pobreza-infantil-es-un-asunto-que-escapa-por-completo-de-los-limites-ideologicos-o","status":"publish","type":"podcast","link":"https:\/\/www.entreculturas.org\/fr\/podcast\/la-pobreza-infantil-es-un-asunto-que-escapa-por-completo-de-los-limites-ideologicos-o\/","title":{"rendered":"\u00ab\u00a0La pobreza infantil es un asunto que escapa por completo de los l\u00edmites ideol\u00f3gicos o partidistas tradicionales\u00a0\u00bb"},"content":{"rendered":"<p>Esta semana en Voces por una Causa, la escritora<strong> Julia Navarro conversa con Gonzalo Fanjul, experto en pobreza, desarrollo, migraci\u00f3n<\/strong>, adem\u00e1s de director de investigaciones de la <strong><a href=\"https:\/\/porcausa.org\/\">Fundaci\u00f3n porCausa<\/a><\/strong>. Con \u00e9l, nos acercamos, en el marco del D\u00eda Mundial de la Infancia, que se celebra el pr\u00f3ximo 20 de noviembre, a la realidad de la pobreza infantil y sus consecuencias, que no solamente afectan a ni\u00f1os, ni\u00f1as y adolescentes, sino tambi\u00e9n a toda la sociedad en su conjunto.<\/p>\n<p>Gonzalo se\u00f1ala que la pobreza infantil afecta tambi\u00e9n a los pa\u00edses con econom\u00edas avanzadas, en donde su presencia en la agenda pol\u00edtica y medi\u00e1tica es escasa o inexistente. Este es el caso de Espa\u00f1a, afirma Gonzalo, cuya sociedad <strong>\u201cdesconoce la envergadura de esta realidad\u201d<\/strong> que afecta a 1 de cada 3 ni\u00f1os, ni\u00f1as o adolescentes. Un dato que para Gonzalo es \u201cinmoral e intolerable desde un punto de vista \u00e9tico porque es castigar a una parte de la poblaci\u00f3n que no tiene la capacidad de defenderse\u201d.<\/p>\n<p>Desde el punto de vista econ\u00f3mico, Gonzalo recalca que la pobreza infantil en Espa\u00f1a tambi\u00e9n supone \u201cun disparo en el pie y una estupidez monumental, ya que condena a la sociedad a niveles bajos de productividad y a niveles educativos muy inferiores del potencial que deber\u00edamos tener\u201d. En palabras de Gonzalo, \u201cla pobreza infantil es un ejemplo de un asunto que<strong> escapa por completo de los l\u00edmites ideol\u00f3gicos o partidistas tradicionales<\/strong>, ya que no tengo la menor duda de que todos los partidos pol\u00edticos tienen el mismo inter\u00e9s en superar esta situaci\u00f3n\u201d.<\/p>\n<p>Gonzalo tambi\u00e9n profundiza en las posibles recetas para abordar \u201cel drama de la pobreza infantil\u201d, se\u00f1alando que \u201cen parte la soluci\u00f3n es econ\u00f3mica, ya que <strong>hay que invertir mucho m\u00e1s en educaci\u00f3n y en protecci\u00f3n social<\/strong>\u201d. Del mismo modo, Gonzalo acaba destacando el importante papel que tienen las escuelas en la respuesta \u201cal grave problema de malnutrici\u00f3n que hay en Espa\u00f1a relacionada con el sobrepeso y la obesidad que sufre la infancia en determinados a\u00f1os clave para su desarrollo\u201d.<\/p>\n<p>Por \u00faltimo, adem\u00e1s de abordar la pobreza infantil, Gonzalo arroja luz sobre las migraciones, calific\u00e1ndolas como \u201cuna de las mejores noticias que puede recibir una sociedad de destino\u201d. En este sentido, Gonzalo tambi\u00e9n se\u00f1ala que <strong>el modelo migratorio actual \u201ces inmoral por muchas razones<\/strong>, pero tambi\u00e9n idiota desde el punto de vista econ\u00f3mico y demogr\u00e1fico\u201d, defendiendo que \u201cuna reforma radical del sistema que lo haga m\u00e1s justo e inteligente beneficiar\u00eda a todas las partes involucradas en el proceso migratorio\u201d.<\/p>\n<p><strong>\u2018Voces por una Causa\u2019 es el podcast semanal de Entreculturas<\/strong>. Los programas se emiten todos los jueves en nuestro canal de <a href=\"https:\/\/www.youtube.com\/c\/EntreculturasOrg915902672\">Youtube<\/a>, en <a href=\"https:\/\/open.spotify.com\/show\/6dS5JsqnsWrnHL1gwead1A\">Spotify<\/a>, en <a href=\"https:\/\/www.ivoox.com\/perfil-entreculturas_a8_listener_28185270_1.html\">Ivoox<\/a>, y en <a href=\"https:\/\/podcasts.apple.com\/us\/podcast\/entreculturas-voces-por-una-causa\/id1621485462\">Apple Podcast<\/a>.<\/p>\n","protected":false},"excerpt":{"rendered":"<p>Esta semana en Voces por una Causa, la escritora Julia Navarro conversa con Gonzalo Fanjul, experto en pobreza, desarrollo, migraci\u00f3n, adem\u00e1s de director de investigaciones de la Fundaci\u00f3n porCausa. Con \u00e9l, nos acercamos, en el marco del D\u00eda Mundial de la Infancia, que se celebra el pr\u00f3ximo 20 de noviembre, a la realidad de la pobreza infantil y sus consecuencias, que no solamente afectan a ni\u00f1os, ni\u00f1as y adolescentes, sino tambi\u00e9n a toda la sociedad en su conjunto.<\/p>\n","protected":false},"featured_media":9439,"template":"podcast-imagen-sin-banner","meta":{"_acf_changed":false},"categories":[728],"tags":[],"class_list":["post-9438","podcast","type-podcast","status-publish","has-post-thumbnail","hentry","category-sin-categorizar"],"acf":[],"yoast_head":"<!-- This site is optimized with the Yoast SEO Premium plugin v21.6 (Yoast SEO v27.5) - https:\/\/yoast.com\/product\/yoast-seo-premium-wordpress\/ -->\n<title>&quot;La pobreza infantil es un asunto que escapa por completo de los l\u00edmites ideol\u00f3gicos o partidistas tradicionales&quot; - Entreculturas<\/title>\n<meta name=\"robots\" content=\"index, follow, max-snippet:-1, max-image-preview:large, max-video-preview:-1\" \/>\n<link rel=\"canonical\" href=\"https:\/\/www.entreculturas.org\/fr\/podcast\/la-pobreza-infantil-es-un-asunto-que-escapa-por-completo-de-los-limites-ideologicos-o\/\" \/>\n<meta property=\"og:locale\" content=\"fr_FR\" \/>\n<meta property=\"og:type\" content=\"article\" \/>\n<meta property=\"og:title\" content=\"&quot;La pobreza infantil es un asunto que escapa por completo de los l\u00edmites ideol\u00f3gicos o partidistas tradicionales&quot;\" \/>\n<meta property=\"og:description\" content=\"Esta semana en Voces por una Causa, la escritora Julia Navarro conversa con Gonzalo Fanjul, experto en pobreza, desarrollo, migraci\u00f3n, adem\u00e1s de director de investigaciones de la Fundaci\u00f3n porCausa. Con \u00e9l, nos acercamos, en el marco del D\u00eda Mundial de la Infancia, que se celebra el pr\u00f3ximo 20 de noviembre, a la realidad de la pobreza infantil y sus consecuencias, que no solamente afectan a ni\u00f1os, ni\u00f1as y adolescentes, sino tambi\u00e9n a toda la sociedad en su conjunto.\" \/>\n<meta property=\"og:url\" content=\"https:\/\/www.entreculturas.org\/fr\/podcast\/la-pobreza-infantil-es-un-asunto-que-escapa-por-completo-de-los-limites-ideologicos-o\/\" \/>\n<meta property=\"og:site_name\" content=\"Entreculturas\" \/>\n<meta property=\"article:publisher\" content=\"https:\/\/www.facebook.com\/entreculturas\" \/>\n<meta property=\"article:modified_time\" content=\"2024-01-18T14:03:27+00:00\" \/>\n<meta property=\"og:image\" content=\"https:\/\/www.entreculturas.org\/wp-content\/uploads\/2023\/12\/web_-_fanjul_-_buena.jpg\" \/>\n\t<meta property=\"og:image:width\" content=\"1920\" \/>\n\t<meta property=\"og:image:height\" content=\"1080\" \/>\n\t<meta property=\"og:image:type\" content=\"image\/jpeg\" \/>\n<meta name=\"twitter:card\" content=\"summary_large_image\" \/>\n<meta name=\"twitter:site\" content=\"@Entreculturas\" \/>\n<script type=\"application\/ld+json\" class=\"yoast-schema-graph\">{\"@context\":\"https:\\\/\\\/schema.org\",\"@graph\":[{\"@type\":\"WebPage\",\"@id\":\"https:\\\/\\\/www.entreculturas.org\\\/fr\\\/podcast\\\/la-pobreza-infantil-es-un-asunto-que-escapa-por-completo-de-los-limites-ideologicos-o\\\/\",\"url\":\"https:\\\/\\\/www.entreculturas.org\\\/fr\\\/podcast\\\/la-pobreza-infantil-es-un-asunto-que-escapa-por-completo-de-los-limites-ideologicos-o\\\/\",\"name\":\"\\\"La pobreza infantil es un asunto que escapa por completo de los l\u00edmites ideol\u00f3gicos o partidistas tradicionales\\\" - Entreculturas\",\"isPartOf\":{\"@id\":\"https:\\\/\\\/www.entreculturas.org\\\/fr\\\/#website\"},\"primaryImageOfPage\":{\"@id\":\"https:\\\/\\\/www.entreculturas.org\\\/fr\\\/podcast\\\/la-pobreza-infantil-es-un-asunto-que-escapa-por-completo-de-los-limites-ideologicos-o\\\/#primaryimage\"},\"image\":{\"@id\":\"https:\\\/\\\/www.entreculturas.org\\\/fr\\\/podcast\\\/la-pobreza-infantil-es-un-asunto-que-escapa-por-completo-de-los-limites-ideologicos-o\\\/#primaryimage\"},\"thumbnailUrl\":\"https:\\\/\\\/www.entreculturas.org\\\/wp-content\\\/uploads\\\/2023\\\/12\\\/web_-_fanjul_-_buena.jpg\",\"datePublished\":\"2023-11-16T10:42:01+00:00\",\"dateModified\":\"2024-01-18T14:03:27+00:00\",\"breadcrumb\":{\"@id\":\"https:\\\/\\\/www.entreculturas.org\\\/fr\\\/podcast\\\/la-pobreza-infantil-es-un-asunto-que-escapa-por-completo-de-los-limites-ideologicos-o\\\/#breadcrumb\"},\"inLanguage\":\"fr-FR\",\"potentialAction\":[{\"@type\":\"ReadAction\",\"target\":[\"https:\\\/\\\/www.entreculturas.org\\\/fr\\\/podcast\\\/la-pobreza-infantil-es-un-asunto-que-escapa-por-completo-de-los-limites-ideologicos-o\\\/\"]}]},{\"@type\":\"ImageObject\",\"inLanguage\":\"fr-FR\",\"@id\":\"https:\\\/\\\/www.entreculturas.org\\\/fr\\\/podcast\\\/la-pobreza-infantil-es-un-asunto-que-escapa-por-completo-de-los-limites-ideologicos-o\\\/#primaryimage\",\"url\":\"https:\\\/\\\/www.entreculturas.org\\\/wp-content\\\/uploads\\\/2023\\\/12\\\/web_-_fanjul_-_buena.jpg\",\"contentUrl\":\"https:\\\/\\\/www.entreculturas.org\\\/wp-content\\\/uploads\\\/2023\\\/12\\\/web_-_fanjul_-_buena.jpg\",\"width\":1920,\"height\":1080,\"caption\":\"web_-_fanjul_-_buena\"},{\"@type\":\"BreadcrumbList\",\"@id\":\"https:\\\/\\\/www.entreculturas.org\\\/fr\\\/podcast\\\/la-pobreza-infantil-es-un-asunto-que-escapa-por-completo-de-los-limites-ideologicos-o\\\/#breadcrumb\",\"itemListElement\":[{\"@type\":\"ListItem\",\"position\":1,\"name\":\"Home\",\"item\":\"https:\\\/\\\/www.entreculturas.org\\\/fr\\\/\"},{\"@type\":\"ListItem\",\"position\":2,\"name\":\"Podcast Julia Navarro\",\"item\":\"https:\\\/\\\/www.entreculturas.org\\\/fr\\\/podcasts\\\/\"},{\"@type\":\"ListItem\",\"position\":3,\"name\":\"\u00ab\u00a0La pobreza infantil es un asunto que escapa por completo de los l\u00edmites ideol\u00f3gicos o partidistas tradicionales\u00a0\u00bb\"}]},{\"@type\":\"WebSite\",\"@id\":\"https:\\\/\\\/www.entreculturas.org\\\/fr\\\/#website\",\"url\":\"https:\\\/\\\/www.entreculturas.org\\\/fr\\\/\",\"name\":\"Entreculturas\",\"description\":\"\",\"publisher\":{\"@id\":\"https:\\\/\\\/www.entreculturas.org\\\/fr\\\/#organization\"},\"alternateName\":\"Entreculturas\",\"potentialAction\":[{\"@type\":\"SearchAction\",\"target\":{\"@type\":\"EntryPoint\",\"urlTemplate\":\"https:\\\/\\\/www.entreculturas.org\\\/fr\\\/?s={search_term_string}\"},\"query-input\":{\"@type\":\"PropertyValueSpecification\",\"valueRequired\":true,\"valueName\":\"search_term_string\"}}],\"inLanguage\":\"fr-FR\"},{\"@type\":\"Organization\",\"@id\":\"https:\\\/\\\/www.entreculturas.org\\\/fr\\\/#organization\",\"name\":\"Entreculturas\",\"url\":\"https:\\\/\\\/www.entreculturas.org\\\/fr\\\/\",\"logo\":{\"@type\":\"ImageObject\",\"inLanguage\":\"fr-FR\",\"@id\":\"https:\\\/\\\/www.entreculturas.org\\\/fr\\\/#\\\/schema\\\/logo\\\/image\\\/\",\"url\":\"https:\\\/\\\/www.entreculturas.org\\\/wp-content\\\/uploads\\\/2025\\\/10\\\/ESP.svg\",\"contentUrl\":\"https:\\\/\\\/www.entreculturas.org\\\/wp-content\\\/uploads\\\/2025\\\/10\\\/ESP.svg\",\"caption\":\"Entreculturas\"},\"image\":{\"@id\":\"https:\\\/\\\/www.entreculturas.org\\\/fr\\\/#\\\/schema\\\/logo\\\/image\\\/\"},\"sameAs\":[\"https:\\\/\\\/www.facebook.com\\\/entreculturas\",\"https:\\\/\\\/x.com\\\/Entreculturas\",\"https:\\\/\\\/www.instagram.com\\\/entreculturas\\\/\",\"https:\\\/\\\/www.youtube.com\\\/user\\\/entreculturasvideo\",\"https:\\\/\\\/www.linkedin.com\\\/company\\\/fundacion-entreculturas-ngdo\\\/\",\"https:\\\/\\\/www.flickr.com\\\/photos\\\/98455522@N04\\\/albums\\\/\"]}]}<\/script>\n<!-- \/ Yoast SEO Premium plugin. -->","yoast_head_json":{"title":"\"La pobreza infantil es un asunto que escapa por completo de los l\u00edmites ideol\u00f3gicos o partidistas tradicionales\" - Entreculturas","robots":{"index":"index","follow":"follow","max-snippet":"max-snippet:-1","max-image-preview":"max-image-preview:large","max-video-preview":"max-video-preview:-1"},"canonical":"https:\/\/www.entreculturas.org\/fr\/podcast\/la-pobreza-infantil-es-un-asunto-que-escapa-por-completo-de-los-limites-ideologicos-o\/","og_locale":"fr_FR","og_type":"article","og_title":"\"La pobreza infantil es un asunto que escapa por completo de los l\u00edmites ideol\u00f3gicos o partidistas tradicionales\"","og_description":"Esta semana en Voces por una Causa, la escritora Julia Navarro conversa con Gonzalo Fanjul, experto en pobreza, desarrollo, migraci\u00f3n, adem\u00e1s de director de investigaciones de la Fundaci\u00f3n porCausa. Con \u00e9l, nos acercamos, en el marco del D\u00eda Mundial de la Infancia, que se celebra el pr\u00f3ximo 20 de noviembre, a la realidad de la pobreza infantil y sus consecuencias, que no solamente afectan a ni\u00f1os, ni\u00f1as y adolescentes, sino tambi\u00e9n a toda la sociedad en su conjunto.","og_url":"https:\/\/www.entreculturas.org\/fr\/podcast\/la-pobreza-infantil-es-un-asunto-que-escapa-por-completo-de-los-limites-ideologicos-o\/","og_site_name":"Entreculturas","article_publisher":"https:\/\/www.facebook.com\/entreculturas","article_modified_time":"2024-01-18T14:03:27+00:00","og_image":[{"width":1920,"height":1080,"url":"https:\/\/www.entreculturas.org\/wp-content\/uploads\/2023\/12\/web_-_fanjul_-_buena.jpg","type":"image\/jpeg"}],"twitter_card":"summary_large_image","twitter_site":"@Entreculturas","schema":{"@context":"https:\/\/schema.org","@graph":[{"@type":"WebPage","@id":"https:\/\/www.entreculturas.org\/fr\/podcast\/la-pobreza-infantil-es-un-asunto-que-escapa-por-completo-de-los-limites-ideologicos-o\/","url":"https:\/\/www.entreculturas.org\/fr\/podcast\/la-pobreza-infantil-es-un-asunto-que-escapa-por-completo-de-los-limites-ideologicos-o\/","name":"\"La pobreza infantil es un asunto que escapa por completo de los l\u00edmites ideol\u00f3gicos o partidistas tradicionales\" - Entreculturas","isPartOf":{"@id":"https:\/\/www.entreculturas.org\/fr\/#website"},"primaryImageOfPage":{"@id":"https:\/\/www.entreculturas.org\/fr\/podcast\/la-pobreza-infantil-es-un-asunto-que-escapa-por-completo-de-los-limites-ideologicos-o\/#primaryimage"},"image":{"@id":"https:\/\/www.entreculturas.org\/fr\/podcast\/la-pobreza-infantil-es-un-asunto-que-escapa-por-completo-de-los-limites-ideologicos-o\/#primaryimage"},"thumbnailUrl":"https:\/\/www.entreculturas.org\/wp-content\/uploads\/2023\/12\/web_-_fanjul_-_buena.jpg","datePublished":"2023-11-16T10:42:01+00:00","dateModified":"2024-01-18T14:03:27+00:00","breadcrumb":{"@id":"https:\/\/www.entreculturas.org\/fr\/podcast\/la-pobreza-infantil-es-un-asunto-que-escapa-por-completo-de-los-limites-ideologicos-o\/#breadcrumb"},"inLanguage":"fr-FR","potentialAction":[{"@type":"ReadAction","target":["https:\/\/www.entreculturas.org\/fr\/podcast\/la-pobreza-infantil-es-un-asunto-que-escapa-por-completo-de-los-limites-ideologicos-o\/"]}]},{"@type":"ImageObject","inLanguage":"fr-FR","@id":"https:\/\/www.entreculturas.org\/fr\/podcast\/la-pobreza-infantil-es-un-asunto-que-escapa-por-completo-de-los-limites-ideologicos-o\/#primaryimage","url":"https:\/\/www.entreculturas.org\/wp-content\/uploads\/2023\/12\/web_-_fanjul_-_buena.jpg","contentUrl":"https:\/\/www.entreculturas.org\/wp-content\/uploads\/2023\/12\/web_-_fanjul_-_buena.jpg","width":1920,"height":1080,"caption":"web_-_fanjul_-_buena"},{"@type":"BreadcrumbList","@id":"https:\/\/www.entreculturas.org\/fr\/podcast\/la-pobreza-infantil-es-un-asunto-que-escapa-por-completo-de-los-limites-ideologicos-o\/#breadcrumb","itemListElement":[{"@type":"ListItem","position":1,"name":"Home","item":"https:\/\/www.entreculturas.org\/fr\/"},{"@type":"ListItem","position":2,"name":"Podcast Julia Navarro","item":"https:\/\/www.entreculturas.org\/fr\/podcasts\/"},{"@type":"ListItem","position":3,"name":"\u00ab\u00a0La pobreza infantil es un asunto que escapa por completo de los l\u00edmites ideol\u00f3gicos o partidistas tradicionales\u00a0\u00bb"}]},{"@type":"WebSite","@id":"https:\/\/www.entreculturas.org\/fr\/#website","url":"https:\/\/www.entreculturas.org\/fr\/","name":"Entreculturas","description":"","publisher":{"@id":"https:\/\/www.entreculturas.org\/fr\/#organization"},"alternateName":"Entreculturas","potentialAction":[{"@type":"SearchAction","target":{"@type":"EntryPoint","urlTemplate":"https:\/\/www.entreculturas.org\/fr\/?s={search_term_string}"},"query-input":{"@type":"PropertyValueSpecification","valueRequired":true,"valueName":"search_term_string"}}],"inLanguage":"fr-FR"},{"@type":"Organization","@id":"https:\/\/www.entreculturas.org\/fr\/#organization","name":"Entreculturas","url":"https:\/\/www.entreculturas.org\/fr\/","logo":{"@type":"ImageObject","inLanguage":"fr-FR","@id":"https:\/\/www.entreculturas.org\/fr\/#\/schema\/logo\/image\/","url":"https:\/\/www.entreculturas.org\/wp-content\/uploads\/2025\/10\/ESP.svg","contentUrl":"https:\/\/www.entreculturas.org\/wp-content\/uploads\/2025\/10\/ESP.svg","caption":"Entreculturas"},"image":{"@id":"https:\/\/www.entreculturas.org\/fr\/#\/schema\/logo\/image\/"},"sameAs":["https:\/\/www.facebook.com\/entreculturas","https:\/\/x.com\/Entreculturas","https:\/\/www.instagram.com\/entreculturas\/","https:\/\/www.youtube.com\/user\/entreculturasvideo","https:\/\/www.linkedin.com\/company\/fundacion-entreculturas-ngdo\/","https:\/\/www.flickr.com\/photos\/98455522@N04\/albums\/"]}]}},"_links":{"self":[{"href":"https:\/\/www.entreculturas.org\/fr\/wp-json\/wp\/v2\/podcast\/9438","targetHints":{"allow":["GET"]}}],"collection":[{"href":"https:\/\/www.entreculturas.org\/fr\/wp-json\/wp\/v2\/podcast"}],"about":[{"href":"https:\/\/www.entreculturas.org\/fr\/wp-json\/wp\/v2\/types\/podcast"}],"wp:featuredmedia":[{"embeddable":true,"href":"https:\/\/www.entreculturas.org\/fr\/wp-json\/wp\/v2\/media\/9439"}],"wp:attachment":[{"href":"https:\/\/www.entreculturas.org\/fr\/wp-json\/wp\/v2\/media?parent=9438"}],"wp:term":[{"taxonomy":"category","embeddable":true,"href":"https:\/\/www.entreculturas.org\/fr\/wp-json\/wp\/v2\/categories?post=9438"},{"taxonomy":"post_tag","embeddable":true,"href":"https:\/\/www.entreculturas.org\/fr\/wp-json\/wp\/v2\/tags?post=9438"}],"curies":[{"name":"wp","href":"https:\/\/api.w.org\/{rel}","templated":true}]}}