{"id":9378,"date":"2023-10-04T10:38:11","date_gmt":"2023-10-04T08:38:11","guid":{"rendered":"https:\/\/www.entreculturas.org\/noticia\/la-educacion-en-contextos-de-emergencia-tiene-el-potencial-de-salvar-muchas-vidas-de-ninos\/"},"modified":"2024-01-18T14:54:15","modified_gmt":"2024-01-18T13:54:15","slug":"la-educacion-en-contextos-de-emergencia-tiene-el-potencial-de-salvar-muchas-vidas-de-ninos","status":"publish","type":"podcast","link":"https:\/\/www.entreculturas.org\/fr\/podcast\/la-educacion-en-contextos-de-emergencia-tiene-el-potencial-de-salvar-muchas-vidas-de-ninos\/","title":{"rendered":"\u00ab\u00a0La educaci\u00f3n en contextos de emergencia tiene el potencial de salvar muchas vidas de ni\u00f1os, ni\u00f1as y adolescentes al devolverles la esperanza en el futuro\u201d"},"content":{"rendered":"<\/p>\n<p>Esta semana en Voces por una Causa,<strong> la escritora Julia Navarro conversa con Daniela Bruni, especialista en educaci\u00f3n en contextos de emergencias de JRS<\/strong>, el Servicio Jesuita a Refugiados, que ha trabajado durante m\u00e1s de 20 a\u00f1os en diferentes organismos internacionales de Naciones Unidas. Con ella, nos acercamos, en el D\u00eda Mundial del Docente, a la dura realidad educativa que experimentan millones de ni\u00f1os, ni\u00f1as y adolescentes que viven en pa\u00edses que sufren crisis humanitarias.<\/p>\n<p>En este cap\u00edtulo de nuestro podcast, Daniela nos habla de la educaci\u00f3n en emergencia como \u201cun derecho humano fundamental que debe ser parte de la respuesta humanitaria al igual que los alimentos o los servicios sanitarios\u201d. Tambi\u00e9n se\u00f1ala que esta educaci\u00f3n \u201cha demostrado ser un <strong>factor clave para la protecci\u00f3n de la infancia en estos contextos<\/strong>, ya que tiene el potencial de salvar vidas y de restablecer un cierto nivel de normalidad al permitirles mirar hacia el futuro con esperanza\u201d.&nbsp;&nbsp;<\/p>\n<p>Adem\u00e1s, Daniela y Julia profundizan en las emergencias humanitarias que en la actualidad existen en \u00c1frica y en sus diferentes causas: \u201cEn los \u00faltimos 20 a\u00f1os las crisis en el continente han adquirido caracter\u00edsticas nuevas y dram\u00e1ticas provocadas por la pobreza, los conflictos, la inseguridad alimentaria, la escasez de agua, las epidemias, la corrupci\u00f3n, la mala gobernanza y el impacto en el cambio clim\u00e1tico. Daniela se detiene en esta \u00faltima causa, ya que <strong>\u201cen muchos pa\u00edses el cambio clim\u00e1tico est\u00e1 transformando emergencias ocasionales en eventos catastr\u00f3ficos casi diarios<\/strong> como terremotos, sequ\u00edas o inundaciones\u201d.<\/p>\n<p>Por \u00faltimo, Daniela pone el foco en los diferentes proyectos que&nbsp;el JRS tienen en \u00c1frica con el fin de garantizar la <strong>educaci\u00f3n inclusiva en contexto de emergencia<\/strong>. \u201cSomos los \u00fanicos en el continente que ofrecemos servicios de integraci\u00f3n sensorial en las escuelas que permite desarrollar todas las capacidades de los ni\u00f1os, ni\u00f1as y adolescentes con discapacidad\u201d.&nbsp;<\/p>\n<p><strong>\u2018Voces por una Causa\u2019 es el podcast semanal de Entreculturas<\/strong>. Los programas se emiten todos los jueves en nuestro canal de <a href=\"https:\/\/www.youtube.com\/c\/EntreculturasOrg915902672\">Youtube<\/a>, en <a href=\"https:\/\/open.spotify.com\/show\/6dS5JsqnsWrnHL1gwead1A\">Spotify<\/a>, en <a href=\"https:\/\/www.ivoox.com\/perfil-entreculturas_a8_listener_28185270_1.html\">Ivoox<\/a>, y en <a href=\"https:\/\/podcasts.apple.com\/us\/podcast\/entreculturas-voces-por-una-causa\/id1621485462\">Apple Podcast<\/a>.<\/p>\n","protected":false},"excerpt":{"rendered":"<p>Esta semana en Voces por una Causa, la escritora Julia Navarro conversa con Daniela Bruni, especialista en educaci\u00f3n en contextos de emergencias de JRS, el Servicio Jesuita a Refugiados, que ha trabajado durante m\u00e1s de 20 a\u00f1os en diferentes organismos internacionales de Naciones Unidas. Con ella, nos acercamos, en el D\u00eda Mundial del Docente, a la dura realidad educativa que experimentan millones de ni\u00f1os, ni\u00f1as y adolescentes que viven en pa\u00edses que sufren crisis humanitarias.<\/p>\n","protected":false},"featured_media":9379,"template":"podcast-imagen-sin-banner","meta":{"_acf_changed":false},"categories":[728],"tags":[],"class_list":["post-9378","podcast","type-podcast","status-publish","has-post-thumbnail","hentry","category-sin-categorizar"],"acf":[],"yoast_head":"<!-- This site is optimized with the Yoast SEO Premium plugin v21.6 (Yoast SEO v27.5) - https:\/\/yoast.com\/product\/yoast-seo-premium-wordpress\/ -->\n<title>&quot;La educaci\u00f3n en contextos de emergencia tiene el potencial de salvar muchas vidas de ni\u00f1os, ni\u00f1as y adolescentes al devolverles la esperanza en el futuro\u201d - Entreculturas<\/title>\n<meta name=\"robots\" content=\"index, follow, max-snippet:-1, max-image-preview:large, max-video-preview:-1\" \/>\n<link rel=\"canonical\" href=\"https:\/\/www.entreculturas.org\/fr\/podcast\/la-educacion-en-contextos-de-emergencia-tiene-el-potencial-de-salvar-muchas-vidas-de-ninos\/\" \/>\n<meta property=\"og:locale\" content=\"fr_FR\" \/>\n<meta property=\"og:type\" content=\"article\" \/>\n<meta property=\"og:title\" content=\"&quot;La educaci\u00f3n en contextos de emergencia tiene el potencial de salvar muchas vidas de ni\u00f1os, ni\u00f1as y adolescentes al devolverles la esperanza en el futuro\u201d\" \/>\n<meta property=\"og:description\" content=\"Esta semana en Voces por una Causa, la escritora Julia Navarro conversa con Daniela Bruni, especialista en educaci\u00f3n en contextos de emergencias de JRS, el Servicio Jesuita a Refugiados, que ha trabajado durante m\u00e1s de 20 a\u00f1os en diferentes organismos internacionales de Naciones Unidas. Con ella, nos acercamos, en el D\u00eda Mundial del Docente, a la dura realidad educativa que experimentan millones de ni\u00f1os, ni\u00f1as y adolescentes que viven en pa\u00edses que sufren crisis humanitarias.\" \/>\n<meta property=\"og:url\" content=\"https:\/\/www.entreculturas.org\/fr\/podcast\/la-educacion-en-contextos-de-emergencia-tiene-el-potencial-de-salvar-muchas-vidas-de-ninos\/\" \/>\n<meta property=\"og:site_name\" content=\"Entreculturas\" \/>\n<meta property=\"article:publisher\" content=\"https:\/\/www.facebook.com\/entreculturas\" \/>\n<meta property=\"article:modified_time\" content=\"2024-01-18T13:54:15+00:00\" \/>\n<meta property=\"og:image\" content=\"https:\/\/www.entreculturas.org\/wp-content\/uploads\/2023\/12\/web_-_daniela.jpg\" \/>\n\t<meta property=\"og:image:width\" content=\"1920\" \/>\n\t<meta property=\"og:image:height\" content=\"1080\" \/>\n\t<meta property=\"og:image:type\" content=\"image\/jpeg\" \/>\n<meta name=\"twitter:card\" content=\"summary_large_image\" \/>\n<meta name=\"twitter:site\" content=\"@Entreculturas\" \/>\n<script type=\"application\/ld+json\" class=\"yoast-schema-graph\">{\"@context\":\"https:\\\/\\\/schema.org\",\"@graph\":[{\"@type\":\"WebPage\",\"@id\":\"https:\\\/\\\/www.entreculturas.org\\\/fr\\\/podcast\\\/la-educacion-en-contextos-de-emergencia-tiene-el-potencial-de-salvar-muchas-vidas-de-ninos\\\/\",\"url\":\"https:\\\/\\\/www.entreculturas.org\\\/fr\\\/podcast\\\/la-educacion-en-contextos-de-emergencia-tiene-el-potencial-de-salvar-muchas-vidas-de-ninos\\\/\",\"name\":\"\\\"La educaci\u00f3n en contextos de emergencia tiene el potencial de salvar muchas vidas de ni\u00f1os, ni\u00f1as y adolescentes al devolverles la esperanza en el futuro\u201d - Entreculturas\",\"isPartOf\":{\"@id\":\"https:\\\/\\\/www.entreculturas.org\\\/fr\\\/#website\"},\"primaryImageOfPage\":{\"@id\":\"https:\\\/\\\/www.entreculturas.org\\\/fr\\\/podcast\\\/la-educacion-en-contextos-de-emergencia-tiene-el-potencial-de-salvar-muchas-vidas-de-ninos\\\/#primaryimage\"},\"image\":{\"@id\":\"https:\\\/\\\/www.entreculturas.org\\\/fr\\\/podcast\\\/la-educacion-en-contextos-de-emergencia-tiene-el-potencial-de-salvar-muchas-vidas-de-ninos\\\/#primaryimage\"},\"thumbnailUrl\":\"https:\\\/\\\/www.entreculturas.org\\\/wp-content\\\/uploads\\\/2023\\\/12\\\/web_-_daniela.jpg\",\"datePublished\":\"2023-10-04T08:38:11+00:00\",\"dateModified\":\"2024-01-18T13:54:15+00:00\",\"breadcrumb\":{\"@id\":\"https:\\\/\\\/www.entreculturas.org\\\/fr\\\/podcast\\\/la-educacion-en-contextos-de-emergencia-tiene-el-potencial-de-salvar-muchas-vidas-de-ninos\\\/#breadcrumb\"},\"inLanguage\":\"fr-FR\",\"potentialAction\":[{\"@type\":\"ReadAction\",\"target\":[\"https:\\\/\\\/www.entreculturas.org\\\/fr\\\/podcast\\\/la-educacion-en-contextos-de-emergencia-tiene-el-potencial-de-salvar-muchas-vidas-de-ninos\\\/\"]}]},{\"@type\":\"ImageObject\",\"inLanguage\":\"fr-FR\",\"@id\":\"https:\\\/\\\/www.entreculturas.org\\\/fr\\\/podcast\\\/la-educacion-en-contextos-de-emergencia-tiene-el-potencial-de-salvar-muchas-vidas-de-ninos\\\/#primaryimage\",\"url\":\"https:\\\/\\\/www.entreculturas.org\\\/wp-content\\\/uploads\\\/2023\\\/12\\\/web_-_daniela.jpg\",\"contentUrl\":\"https:\\\/\\\/www.entreculturas.org\\\/wp-content\\\/uploads\\\/2023\\\/12\\\/web_-_daniela.jpg\",\"width\":1920,\"height\":1080,\"caption\":\"web_-_daniela\"},{\"@type\":\"BreadcrumbList\",\"@id\":\"https:\\\/\\\/www.entreculturas.org\\\/fr\\\/podcast\\\/la-educacion-en-contextos-de-emergencia-tiene-el-potencial-de-salvar-muchas-vidas-de-ninos\\\/#breadcrumb\",\"itemListElement\":[{\"@type\":\"ListItem\",\"position\":1,\"name\":\"Home\",\"item\":\"https:\\\/\\\/www.entreculturas.org\\\/fr\\\/\"},{\"@type\":\"ListItem\",\"position\":2,\"name\":\"Podcast Julia Navarro\",\"item\":\"https:\\\/\\\/www.entreculturas.org\\\/fr\\\/podcasts\\\/\"},{\"@type\":\"ListItem\",\"position\":3,\"name\":\"\u00ab\u00a0La educaci\u00f3n en contextos de emergencia tiene el potencial de salvar muchas vidas de ni\u00f1os, ni\u00f1as y adolescentes al devolverles la esperanza en el futuro\u201d\"}]},{\"@type\":\"WebSite\",\"@id\":\"https:\\\/\\\/www.entreculturas.org\\\/fr\\\/#website\",\"url\":\"https:\\\/\\\/www.entreculturas.org\\\/fr\\\/\",\"name\":\"Entreculturas\",\"description\":\"\",\"publisher\":{\"@id\":\"https:\\\/\\\/www.entreculturas.org\\\/fr\\\/#organization\"},\"alternateName\":\"Entreculturas\",\"potentialAction\":[{\"@type\":\"SearchAction\",\"target\":{\"@type\":\"EntryPoint\",\"urlTemplate\":\"https:\\\/\\\/www.entreculturas.org\\\/fr\\\/?s={search_term_string}\"},\"query-input\":{\"@type\":\"PropertyValueSpecification\",\"valueRequired\":true,\"valueName\":\"search_term_string\"}}],\"inLanguage\":\"fr-FR\"},{\"@type\":\"Organization\",\"@id\":\"https:\\\/\\\/www.entreculturas.org\\\/fr\\\/#organization\",\"name\":\"Entreculturas\",\"url\":\"https:\\\/\\\/www.entreculturas.org\\\/fr\\\/\",\"logo\":{\"@type\":\"ImageObject\",\"inLanguage\":\"fr-FR\",\"@id\":\"https:\\\/\\\/www.entreculturas.org\\\/fr\\\/#\\\/schema\\\/logo\\\/image\\\/\",\"url\":\"https:\\\/\\\/www.entreculturas.org\\\/wp-content\\\/uploads\\\/2025\\\/10\\\/ESP.svg\",\"contentUrl\":\"https:\\\/\\\/www.entreculturas.org\\\/wp-content\\\/uploads\\\/2025\\\/10\\\/ESP.svg\",\"caption\":\"Entreculturas\"},\"image\":{\"@id\":\"https:\\\/\\\/www.entreculturas.org\\\/fr\\\/#\\\/schema\\\/logo\\\/image\\\/\"},\"sameAs\":[\"https:\\\/\\\/www.facebook.com\\\/entreculturas\",\"https:\\\/\\\/x.com\\\/Entreculturas\",\"https:\\\/\\\/www.instagram.com\\\/entreculturas\\\/\",\"https:\\\/\\\/www.youtube.com\\\/user\\\/entreculturasvideo\",\"https:\\\/\\\/www.linkedin.com\\\/company\\\/fundacion-entreculturas-ngdo\\\/\",\"https:\\\/\\\/www.flickr.com\\\/photos\\\/98455522@N04\\\/albums\\\/\"]}]}<\/script>\n<!-- \/ Yoast SEO Premium plugin. -->","yoast_head_json":{"title":"\"La educaci\u00f3n en contextos de emergencia tiene el potencial de salvar muchas vidas de ni\u00f1os, ni\u00f1as y adolescentes al devolverles la esperanza en el futuro\u201d - Entreculturas","robots":{"index":"index","follow":"follow","max-snippet":"max-snippet:-1","max-image-preview":"max-image-preview:large","max-video-preview":"max-video-preview:-1"},"canonical":"https:\/\/www.entreculturas.org\/fr\/podcast\/la-educacion-en-contextos-de-emergencia-tiene-el-potencial-de-salvar-muchas-vidas-de-ninos\/","og_locale":"fr_FR","og_type":"article","og_title":"\"La educaci\u00f3n en contextos de emergencia tiene el potencial de salvar muchas vidas de ni\u00f1os, ni\u00f1as y adolescentes al devolverles la esperanza en el futuro\u201d","og_description":"Esta semana en Voces por una Causa, la escritora Julia Navarro conversa con Daniela Bruni, especialista en educaci\u00f3n en contextos de emergencias de JRS, el Servicio Jesuita a Refugiados, que ha trabajado durante m\u00e1s de 20 a\u00f1os en diferentes organismos internacionales de Naciones Unidas. Con ella, nos acercamos, en el D\u00eda Mundial del Docente, a la dura realidad educativa que experimentan millones de ni\u00f1os, ni\u00f1as y adolescentes que viven en pa\u00edses que sufren crisis humanitarias.","og_url":"https:\/\/www.entreculturas.org\/fr\/podcast\/la-educacion-en-contextos-de-emergencia-tiene-el-potencial-de-salvar-muchas-vidas-de-ninos\/","og_site_name":"Entreculturas","article_publisher":"https:\/\/www.facebook.com\/entreculturas","article_modified_time":"2024-01-18T13:54:15+00:00","og_image":[{"width":1920,"height":1080,"url":"https:\/\/www.entreculturas.org\/wp-content\/uploads\/2023\/12\/web_-_daniela.jpg","type":"image\/jpeg"}],"twitter_card":"summary_large_image","twitter_site":"@Entreculturas","schema":{"@context":"https:\/\/schema.org","@graph":[{"@type":"WebPage","@id":"https:\/\/www.entreculturas.org\/fr\/podcast\/la-educacion-en-contextos-de-emergencia-tiene-el-potencial-de-salvar-muchas-vidas-de-ninos\/","url":"https:\/\/www.entreculturas.org\/fr\/podcast\/la-educacion-en-contextos-de-emergencia-tiene-el-potencial-de-salvar-muchas-vidas-de-ninos\/","name":"\"La educaci\u00f3n en contextos de emergencia tiene el potencial de salvar muchas vidas de ni\u00f1os, ni\u00f1as y adolescentes al devolverles la esperanza en el futuro\u201d - Entreculturas","isPartOf":{"@id":"https:\/\/www.entreculturas.org\/fr\/#website"},"primaryImageOfPage":{"@id":"https:\/\/www.entreculturas.org\/fr\/podcast\/la-educacion-en-contextos-de-emergencia-tiene-el-potencial-de-salvar-muchas-vidas-de-ninos\/#primaryimage"},"image":{"@id":"https:\/\/www.entreculturas.org\/fr\/podcast\/la-educacion-en-contextos-de-emergencia-tiene-el-potencial-de-salvar-muchas-vidas-de-ninos\/#primaryimage"},"thumbnailUrl":"https:\/\/www.entreculturas.org\/wp-content\/uploads\/2023\/12\/web_-_daniela.jpg","datePublished":"2023-10-04T08:38:11+00:00","dateModified":"2024-01-18T13:54:15+00:00","breadcrumb":{"@id":"https:\/\/www.entreculturas.org\/fr\/podcast\/la-educacion-en-contextos-de-emergencia-tiene-el-potencial-de-salvar-muchas-vidas-de-ninos\/#breadcrumb"},"inLanguage":"fr-FR","potentialAction":[{"@type":"ReadAction","target":["https:\/\/www.entreculturas.org\/fr\/podcast\/la-educacion-en-contextos-de-emergencia-tiene-el-potencial-de-salvar-muchas-vidas-de-ninos\/"]}]},{"@type":"ImageObject","inLanguage":"fr-FR","@id":"https:\/\/www.entreculturas.org\/fr\/podcast\/la-educacion-en-contextos-de-emergencia-tiene-el-potencial-de-salvar-muchas-vidas-de-ninos\/#primaryimage","url":"https:\/\/www.entreculturas.org\/wp-content\/uploads\/2023\/12\/web_-_daniela.jpg","contentUrl":"https:\/\/www.entreculturas.org\/wp-content\/uploads\/2023\/12\/web_-_daniela.jpg","width":1920,"height":1080,"caption":"web_-_daniela"},{"@type":"BreadcrumbList","@id":"https:\/\/www.entreculturas.org\/fr\/podcast\/la-educacion-en-contextos-de-emergencia-tiene-el-potencial-de-salvar-muchas-vidas-de-ninos\/#breadcrumb","itemListElement":[{"@type":"ListItem","position":1,"name":"Home","item":"https:\/\/www.entreculturas.org\/fr\/"},{"@type":"ListItem","position":2,"name":"Podcast Julia Navarro","item":"https:\/\/www.entreculturas.org\/fr\/podcasts\/"},{"@type":"ListItem","position":3,"name":"\u00ab\u00a0La educaci\u00f3n en contextos de emergencia tiene el potencial de salvar muchas vidas de ni\u00f1os, ni\u00f1as y adolescentes al devolverles la esperanza en el futuro\u201d"}]},{"@type":"WebSite","@id":"https:\/\/www.entreculturas.org\/fr\/#website","url":"https:\/\/www.entreculturas.org\/fr\/","name":"Entreculturas","description":"","publisher":{"@id":"https:\/\/www.entreculturas.org\/fr\/#organization"},"alternateName":"Entreculturas","potentialAction":[{"@type":"SearchAction","target":{"@type":"EntryPoint","urlTemplate":"https:\/\/www.entreculturas.org\/fr\/?s={search_term_string}"},"query-input":{"@type":"PropertyValueSpecification","valueRequired":true,"valueName":"search_term_string"}}],"inLanguage":"fr-FR"},{"@type":"Organization","@id":"https:\/\/www.entreculturas.org\/fr\/#organization","name":"Entreculturas","url":"https:\/\/www.entreculturas.org\/fr\/","logo":{"@type":"ImageObject","inLanguage":"fr-FR","@id":"https:\/\/www.entreculturas.org\/fr\/#\/schema\/logo\/image\/","url":"https:\/\/www.entreculturas.org\/wp-content\/uploads\/2025\/10\/ESP.svg","contentUrl":"https:\/\/www.entreculturas.org\/wp-content\/uploads\/2025\/10\/ESP.svg","caption":"Entreculturas"},"image":{"@id":"https:\/\/www.entreculturas.org\/fr\/#\/schema\/logo\/image\/"},"sameAs":["https:\/\/www.facebook.com\/entreculturas","https:\/\/x.com\/Entreculturas","https:\/\/www.instagram.com\/entreculturas\/","https:\/\/www.youtube.com\/user\/entreculturasvideo","https:\/\/www.linkedin.com\/company\/fundacion-entreculturas-ngdo\/","https:\/\/www.flickr.com\/photos\/98455522@N04\/albums\/"]}]}},"_links":{"self":[{"href":"https:\/\/www.entreculturas.org\/fr\/wp-json\/wp\/v2\/podcast\/9378","targetHints":{"allow":["GET"]}}],"collection":[{"href":"https:\/\/www.entreculturas.org\/fr\/wp-json\/wp\/v2\/podcast"}],"about":[{"href":"https:\/\/www.entreculturas.org\/fr\/wp-json\/wp\/v2\/types\/podcast"}],"wp:featuredmedia":[{"embeddable":true,"href":"https:\/\/www.entreculturas.org\/fr\/wp-json\/wp\/v2\/media\/9379"}],"wp:attachment":[{"href":"https:\/\/www.entreculturas.org\/fr\/wp-json\/wp\/v2\/media?parent=9378"}],"wp:term":[{"taxonomy":"category","embeddable":true,"href":"https:\/\/www.entreculturas.org\/fr\/wp-json\/wp\/v2\/categories?post=9378"},{"taxonomy":"post_tag","embeddable":true,"href":"https:\/\/www.entreculturas.org\/fr\/wp-json\/wp\/v2\/tags?post=9378"}],"curies":[{"name":"wp","href":"https:\/\/api.w.org\/{rel}","templated":true}]}}